{"id":12023,"date":"2021-03-04T18:54:17","date_gmt":"2021-03-04T16:54:17","guid":{"rendered":"https:\/\/granada.salesianos.edu\/colegio\/?page_id=12023"},"modified":"2026-03-05T15:20:59","modified_gmt":"2026-03-05T13:20:59","slug":"escolarizacion-2","status":"publish","type":"page","link":"https:\/\/granada.salesianos.edu\/colegio\/escolarizacion-2\/","title":{"rendered":"Escolarizaci\u00f3n"},"content":{"rendered":"<div id=\"fb-root\"><\/div>\n<p>[et_pb_section fb_built=\u00bb1&#8243; fullwidth=\u00bbon\u00bb next_background_color=\u00bb#ffffff\u00bb _builder_version=\u00bb4.27.4&#8243; background_image=\u00bbhttps:\/\/granada.salesianos.edu\/colegio\/wp-content\/uploads\/sites\/2\/2020\/02\/fondo_novedades_web.png\u00bb bottom_divider_style=\u00bbasymmetric2&#8243; global_module=\u00bb20660&#8243; saved_tabs=\u00bball\u00bb global_colors_info=\u00bb{}\u00bb][et_pb_fullwidth_header title=\u00bb@ET-DC@eyJkeW5hbWljIjp0cnVlLCJjb250ZW50IjoicG9zdF90aXRsZSIsInNldHRpbmdzIjp7ImJlZm9yZSI6IiIsImFmdGVyIjoiIn19@\u00bb title_font_color=\u00bb#ffffff\u00bb content_max_width_tablet=\u00bb88%\u00bb content_max_width_phone=\u00bb79%\u00bb content_max_width_last_edited=\u00bbon|phone\u00bb admin_label=\u00bbT\u00edtulo de anchura completa\u00bb module_class=\u00bbpagina-imagen-cabecera\u00bb _builder_version=\u00bb4.27.4&#8243; _dynamic_attributes=\u00bbtitle\u00bb title_text_color=\u00bb#ffffff\u00bb title_font_size=\u00bb40px\u00bb background_color=\u00bbrgba(255, 255, 255, 0)\u00bb background_enable_image=\u00bboff\u00bb background_position=\u00bbbottom_left\u00bb transform_translate=\u00bb91px|91px\u00bb max_width_tablet=\u00bb50px\u00bb min_height=\u00bb329px\u00bb custom_padding=\u00bb||127px|||\u00bb background_url=\u00bbhttps:\/\/alicante.salesianos.edu\/colegio\/wp-content\/uploads\/sites\/2\/2017\/03\/Captura-de-pantalla-2017-03-21-a-las-17.25.56.png\u00bb global_colors_info=\u00bb{}\u00bb button_one_text_size__hover_enabled=\u00bboff\u00bb button_one_text_size__hover=\u00bbnull\u00bb button_two_text_size__hover_enabled=\u00bboff\u00bb button_two_text_size__hover=\u00bbnull\u00bb button_one_text_color__hover_enabled=\u00bboff\u00bb button_one_text_color__hover=\u00bbnull\u00bb button_two_text_color__hover_enabled=\u00bboff\u00bb button_two_text_color__hover=\u00bbnull\u00bb button_one_border_width__hover_enabled=\u00bboff\u00bb button_one_border_width__hover=\u00bbnull\u00bb button_two_border_width__hover_enabled=\u00bboff\u00bb button_two_border_width__hover=\u00bbnull\u00bb button_one_border_color__hover_enabled=\u00bboff\u00bb button_one_border_color__hover=\u00bbnull\u00bb button_two_border_color__hover_enabled=\u00bboff\u00bb button_two_border_color__hover=\u00bbnull\u00bb button_one_border_radius__hover_enabled=\u00bboff\u00bb button_one_border_radius__hover=\u00bbnull\u00bb button_two_border_radius__hover_enabled=\u00bboff\u00bb button_two_border_radius__hover=\u00bbnull\u00bb button_one_letter_spacing__hover_enabled=\u00bboff\u00bb button_one_letter_spacing__hover=\u00bbnull\u00bb button_two_letter_spacing__hover_enabled=\u00bboff\u00bb button_two_letter_spacing__hover=\u00bbnull\u00bb button_one_bg_color__hover_enabled=\u00bboff\u00bb button_one_bg_color__hover=\u00bbnull\u00bb button_two_bg_color__hover_enabled=\u00bboff\u00bb button_two_bg_color__hover=\u00bbnull\u00bb][\/et_pb_fullwidth_header][\/et_pb_section][et_pb_section fb_built=\u00bb1&#8243; disabled_on=\u00bboff|off|off\u00bb module_class=\u00bbpagina-seccion-contenido\u00bb _builder_version=\u00bb4.16&#8243; custom_padding=\u00bb0%|||\u00bb global_colors_info=\u00bb{}\u00bb][et_pb_row module_class=\u00bbpagina-texto\u00bb _builder_version=\u00bb4.16&#8243; background_size=\u00bbinitial\u00bb background_position=\u00bbtop_left\u00bb background_repeat=\u00bbrepeat\u00bb custom_margin=\u00bb25px|||\u00bb custom_padding=\u00bb30px|0px|0px|0px\u00bb global_colors_info=\u00bb{}\u00bb][et_pb_column type=\u00bb4_4&#8243; _builder_version=\u00bb4.16&#8243; custom_padding=\u00bb|||\u00bb global_colors_info=\u00bb{}\u00bb custom_padding__hover=\u00bb|||\u00bb][et_pb_text _builder_version=\u00bb4.18.0&#8243; header_font_size=\u00bb32px\u00bb header_2_font_size=\u00bb35px\u00bb global_colors_info=\u00bb{}\u00bb]<\/p>\n<h1 style=\"text-align: center;\">INFORMACI\u00d3N DE ESCOLARIZACI\u00d3N<\/h1>\n<h2 style=\"text-align: center;\">\u00a0<\/h2>\n<p>[\/et_pb_text][\/et_pb_column][\/et_pb_row][et_pb_row module_class=\u00bbpagina-texto\u00bb _builder_version=\u00bb4.16&#8243; background_size=\u00bbinitial\u00bb background_position=\u00bbtop_left\u00bb background_repeat=\u00bbrepeat\u00bb custom_margin=\u00bb25px|||\u00bb custom_padding=\u00bb0px|0px|0px|0px\u00bb global_colors_info=\u00bb{}\u00bb][et_pb_column type=\u00bb4_4&#8243; _builder_version=\u00bb4.16&#8243; custom_padding=\u00bb|||\u00bb global_colors_info=\u00bb{}\u00bb custom_padding__hover=\u00bb|||\u00bb][et_pb_text _builder_version=\u00bb4.20.0&#8243; text_font_size=\u00bb16px\u00bb background_size=\u00bbinitial\u00bb background_position=\u00bbtop_left\u00bb background_repeat=\u00bbrepeat\u00bb border_style=\u00bbsolid\u00bb global_colors_info=\u00bb{}\u00bb]<\/p>\n<p style=\"text-align: justify;\"><strong>Aqu\u00ed podr\u00e1s conocer todas las novedades sobre el\u00a0proceso de escolarizaci\u00f3n y la informaci\u00f3n necesaria para solicitar plaza en nuestro centro. Ven a conocernos, \u00a1Te estamos esperando!<\/strong><\/p>\n<p style=\"text-align: justify;\"><span style=\"color: #e02b20;\"><strong>Horario de secretaria:\u00a0lunes a viernes de 9:00h a 14:00h y martes tarde de 16:00 a 18:00h.<\/strong><\/span><\/p>\n<p style=\"text-align: center;\"><strong>Para cualquier consulta os atendemos en el tel\u00e9fono <span style=\"color: #e02b20;\">958 132 740<\/span> o en el <span style=\"color: #e02b20;\">958 811 611<\/span><\/strong><\/p>\n<p>[\/et_pb_text][et_pb_image src=\u00bbhttps:\/\/granada.salesianos.edu\/colegio\/wp-content\/uploads\/sites\/2\/2026\/03\/Captura-de-pantalla-2026-03-05-a-las-14.17.43.png\u00bb title_text=\u00bbCaptura de pantalla 2026-03-05 a las 14.17.43&#8243; _builder_version=\u00bb4.27.5&#8243; _module_preset=\u00bbdefault\u00bb hover_enabled=\u00bb0&#8243; global_colors_info=\u00bb{}\u00bb disabled_on=\u00bboff|off|off\u00bb sticky_enabled=\u00bb0&#8243;][\/et_pb_image][et_pb_button button_url=\u00bbhttps:\/\/www.juntadeandalucia.es\/educacion\/secretariavirtual\/accesoTramite\/543\/\u00bb button_text=\u00bbD\u00d3NDE HACER MI SOLICITUD\u00bb disabled_on=\u00bboff|off|off\u00bb _builder_version=\u00bb4.27.4&#8243; _module_preset=\u00bbdefault\u00bb custom_button=\u00bbon\u00bb button_text_size=\u00bb36px\u00bb button_text_color=\u00bb#FFFFFF\u00bb button_bg_color=\u00bb#E02B20&#8243; button_border_width=\u00bb0px\u00bb button_border_radius=\u00bb35px\u00bb button_letter_spacing=\u00bb11px\u00bb button_icon_placement=\u00bbleft\u00bb custom_margin=\u00bb|5px||114px|false|false\u00bb button_text_shadow_style=\u00bbpreset2&#8243; box_shadow_style=\u00bbpreset1&#8243; box_shadow_horizontal=\u00bb47px\u00bb box_shadow_color=\u00bb#FFFFFF\u00bb global_colors_info=\u00bb{}\u00bb][\/et_pb_button][et_pb_blurb title=\u00bb\u00bfQuieres venir a conocernos?\u00bb url=\u00bbhttps:\/\/granada.salesianos.edu\/colegio\/jornadas-pa-general\/\u00bb use_icon=\u00bbon\u00bb font_icon=\u00bb&#xe08b;||divi||400&#8243; image_icon_background_color=\u00bb#ffffff\u00bb image_icon_width=\u00bb59px\u00bb _builder_version=\u00bb4.20.0&#8243; header_font_size=\u00bb16px\u00bb background_size=\u00bbinitial\u00bb background_position=\u00bbtop_left\u00bb background_repeat=\u00bbrepeat\u00bb image_icon_custom_padding=\u00bb25px|25px|25px|25px|false|false\u00bb text_orientation=\u00bbcenter\u00bb max_width_tablet=\u00bb50px\u00bb animation=\u00bboff\u00bb link_option_url=\u00bbhttps:\/\/granada.salesianos.edu\/colegio\/jornadas-pa-general\/\u00bb border_radii_image=\u00bbon|100%|100%|100%|100%\u00bb border_width_all_image=\u00bb3px\u00bb border_color_all_image=\u00bb#636a70&#8243; border_style=\u00bbsolid\u00bb icon_font_size=\u00bb59px\u00bb use_circle=\u00bbon\u00bb use_circle_border=\u00bbon\u00bb circle_border_color=\u00bb#636a70&#8243; circle_color=\u00bb#ffffff\u00bb locked=\u00bboff\u00bb global_colors_info=\u00bb{}\u00bb image_icon_background_color__sticky_enabled=\u00bb#dc001b\u00bb image_icon_background_color__sticky=\u00bb#dc001b\u00bb]<\/p>\n<p><strong>D\u00e9janos tus datos y nos pondremos en contacto contigo.<\/strong><\/p>\n<p>[\/et_pb_blurb][\/et_pb_column][\/et_pb_row][et_pb_row _builder_version=\u00bb4.23.1&#8243; _module_preset=\u00bbdefault\u00bb global_colors_info=\u00bb{}\u00bb][et_pb_column type=\u00bb4_4&#8243; _builder_version=\u00bb4.23.1&#8243; _module_preset=\u00bbdefault\u00bb global_colors_info=\u00bb{}\u00bb][et_pb_image src=\u00bbhttps:\/\/granada.salesianos.edu\/colegio\/wp-content\/uploads\/sites\/2\/2026\/03\/WhatsApp-Image-2026-03-05-at-10.44.50.jpeg\u00bb title_text=\u00bbWhatsApp Image 2026-03-05 at 10.44.50&#8243; disabled_on=\u00bboff|off|off\u00bb _builder_version=\u00bb4.27.5&#8243; _module_preset=\u00bbdefault\u00bb hover_enabled=\u00bb0&#8243; global_colors_info=\u00bb{}\u00bb sticky_enabled=\u00bb0&#8243;][\/et_pb_image][\/et_pb_column][\/et_pb_row][\/et_pb_section][et_pb_section fb_built=\u00bb1&#8243; custom_padding_last_edited=\u00bbon|phone\u00bb next_background_color=\u00bb#ffffff\u00bb disabled_on=\u00bboff|off|off\u00bb _builder_version=\u00bb4.16&#8243; background_color=\u00bb#d6d6d6&#8243; background_enable_image=\u00bboff\u00bb custom_padding=\u00bb36px|0px|122px|0px|false|false\u00bb custom_padding_tablet=\u00bb||140px\u00bb custom_padding_phone=\u00bb\u00bb bottom_divider_style=\u00bbslant2&#8243; locked=\u00bboff\u00bb global_colors_info=\u00bb{}\u00bb][et_pb_row column_structure=\u00bb1_3,1_3,1_3&#8243; _builder_version=\u00bb4.16&#8243; custom_margin=\u00bb2px||20px||false|false\u00bb custom_padding=\u00bb0px|0px|0px|0px\u00bb global_colors_info=\u00bb{}\u00bb][et_pb_column type=\u00bb1_3&#8243; _builder_version=\u00bb4.16&#8243; custom_padding=\u00bb|||\u00bb global_colors_info=\u00bb{}\u00bb custom_padding__hover=\u00bb|||\u00bb][et_pb_blurb title=\u00bbCalendario de escolarizaci\u00f3n\u00bb url=\u00bbhttps:\/\/www.juntadeandalucia.es\/educacion\/portales\/web\/escolarizacion\/infantil-a-bachillerato\/calendario\u00bb url_new_window=\u00bbon\u00bb use_icon=\u00bbon\u00bb font_icon=\u00bb&#xe023;||divi||400&#8243; image_icon_width=\u00bb66px\u00bb content_max_width=\u00bb825px\u00bb _builder_version=\u00bb4.20.0&#8243; header_level=\u00bbh3&#8243; header_font=\u00bb|300|||||||\u00bb header_font_size=\u00bb21px\u00bb body_font=\u00bb||||||||\u00bb body_font_size=\u00bb15px\u00bb body_line_height=\u00bb1.3em\u00bb text_orientation=\u00bbcenter\u00bb custom_padding=\u00bb||10px|\u00bb link_option_url=\u00bbhttps:\/\/www.juntadeandalucia.es\/educacion\/portales\/web\/escolarizacion\/infantil-a-bachillerato\/calendario\u00bb icon_font_size=\u00bb66px\u00bb locked=\u00bboff\u00bb global_colors_info=\u00bb{}\u00bb]<\/p>\n<p>En este enlace podr\u00e1s descargar la informaci\u00f3n sobre los plazos del proceso de escolarizaci\u00f3n.<\/p>\n<p>[\/et_pb_blurb][\/et_pb_column][et_pb_column type=\u00bb1_3&#8243; _builder_version=\u00bb4.16&#8243; custom_padding=\u00bb|||\u00bb global_colors_info=\u00bb{}\u00bb custom_padding__hover=\u00bb|||\u00bb][et_pb_blurb title=\u00bbSolicitud Presencial \u00bb url=\u00bbhttps:\/\/www.juntadeandalucia.es\/educacion\/portales\/web\/escolarizacion\/infantil-a-bachillerato\/impresos\u00bb url_new_window=\u00bbon\u00bb use_icon=\u00bbon\u00bb font_icon=\u00bb&#x68;||divi||400&#8243; image_icon_width=\u00bb66px\u00bb content_max_width=\u00bb825px\u00bb _builder_version=\u00bb4.20.0&#8243; header_level=\u00bbh3&#8243; header_font=\u00bb|300|||||||\u00bb header_font_size=\u00bb21px\u00bb body_font=\u00bb||||||||\u00bb body_font_size=\u00bb15px\u00bb body_line_height=\u00bb1.3em\u00bb text_orientation=\u00bbcenter\u00bb custom_padding=\u00bb||10px|\u00bb link_option_url=\u00bbhttps:\/\/www.juntadeandalucia.es\/educacion\/portales\/web\/escolarizacion\/infantil-a-bachillerato\/impresos\u00bb link_option_url_new_window=\u00bbon\u00bb icon_font_size=\u00bb66px\u00bb locked=\u00bboff\u00bb global_colors_info=\u00bb{}\u00bb]<\/p>\n<p>Aqu\u00ed puedes descargar la solicitud. Una vez cumplimentada, deber\u00e1s pres\u00e9ntarla en el centro educativo. Tambi\u00e9n puedes recoger la solicitud en secretar\u00eda.\u00a0<\/p>\n<p>[\/et_pb_blurb][\/et_pb_column][et_pb_column type=\u00bb1_3&#8243; _builder_version=\u00bb4.16&#8243; custom_padding=\u00bb|||\u00bb global_colors_info=\u00bb{}\u00bb custom_padding__hover=\u00bb|||\u00bb][et_pb_blurb title=\u00bbSolicitud telem\u00e1tica\u00bb url=\u00bbhttps:\/\/www.juntadeandalucia.es\/educacion\/secretariavirtual\/accesoTramite\/543\/\u00bb url_new_window=\u00bbon\u00bb use_icon=\u00bbon\u00bb font_icon=\u00bb&#x6c;||divi||400&#8243; image_icon_width=\u00bb66px\u00bb content_max_width=\u00bb825px\u00bb _builder_version=\u00bb4.24.2&#8243; header_level=\u00bbh3&#8243; header_font=\u00bb|300|||||||\u00bb header_font_size=\u00bb21px\u00bb body_font=\u00bb||||||||\u00bb body_font_size=\u00bb15px\u00bb body_line_height=\u00bb1.3em\u00bb text_orientation=\u00bbcenter\u00bb custom_padding=\u00bb||10px|\u00bb link_option_url=\u00bbhttps:\/\/www.juntadeandalucia.es\/educacion\/secretariavirtual\/accesoTramite\/543\/\u00bb link_option_url_new_window=\u00bbon\u00bb icon_font_size=\u00bb66px\u00bb locked=\u00bboff\u00bb global_colors_info=\u00bb{}\u00bb]<\/p>\n<p>Realiza tu solicitud de forma telem\u00e1tica a trav\u00e9s de la web de la Junta de Andaluc\u00eda.\u00a0Es necesario certificado digital o Clave IANDE.<\/p>\n<p>La clave IANDE se puede obtener en la secretar\u00eda del centro.\u00a0Si necesitas ayuda puedes pasar por secretar\u00eda y te asesoraremos.<\/p>\n<p><strong>Nuestro c\u00f3digo de centro es: 18003612<\/strong><\/p>\n<p>[\/et_pb_blurb][\/et_pb_column][\/et_pb_row][et_pb_row make_equal=\u00bbon\u00bb disabled_on=\u00bbon|on|on\u00bb _builder_version=\u00bb4.16&#8243; custom_margin=\u00bb0px|auto||auto|false|false\u00bb disabled=\u00bbon\u00bb global_colors_info=\u00bb{}\u00bb][et_pb_column type=\u00bb4_4&#8243; _builder_version=\u00bb4.16&#8243; global_colors_info=\u00bb{}\u00bb][et_pb_divider show_divider=\u00bboff\u00bb _builder_version=\u00bb4.16&#8243; global_colors_info=\u00bb{}\u00bb][\/et_pb_divider][\/et_pb_column][\/et_pb_row][et_pb_row column_structure=\u00bb1_3,1_3,1_3&#8243; _builder_version=\u00bb4.16&#8243; custom_margin=\u00bb0px||||false|false\u00bb custom_padding=\u00bb0px|0px|0px|0px\u00bb global_colors_info=\u00bb{}\u00bb][et_pb_column type=\u00bb1_3&#8243; _builder_version=\u00bb4.16&#8243; custom_padding=\u00bb|||\u00bb global_colors_info=\u00bb{}\u00bb custom_padding__hover=\u00bb|||\u00bb][et_pb_blurb title=\u00bbPortal de escolarizaci\u00f3n\u00bb url=\u00bbhttps:\/\/www.juntadeandalucia.es\/educacion\/portales\/web\/escolarizacion\u00bb url_new_window=\u00bbon\u00bb use_icon=\u00bbon\u00bb font_icon=\u00bb&#xe057;||divi||400&#8243; image_icon_width=\u00bb66px\u00bb content_max_width=\u00bb825px\u00bb _builder_version=\u00bb4.20.0&#8243; header_level=\u00bbh3&#8243; header_font=\u00bb|300|||||||\u00bb header_font_size=\u00bb21px\u00bb body_font=\u00bb||||||||\u00bb body_font_size=\u00bb15px\u00bb body_line_height=\u00bb1.3em\u00bb text_orientation=\u00bbcenter\u00bb custom_padding=\u00bb||10px|\u00bb link_option_url=\u00bbhttps:\/\/www.juntadeandalucia.es\/educacion\/portales\/web\/escolarizacion\u00bb link_option_url_new_window=\u00bbon\u00bb icon_font_size=\u00bb66px\u00bb locked=\u00bboff\u00bb global_colors_info=\u00bb{}\u00bb]<\/p>\n<p>Desde aqu\u00ed podr\u00e1s acceder al portal de la Junta de Andaluc\u00eda con toda la informaci\u00f3n sobre el proceso de escolarizaci\u00f3n.<\/p>\n<p>[\/et_pb_blurb][\/et_pb_column][et_pb_column type=\u00bb1_3&#8243; _builder_version=\u00bb4.16&#8243; custom_padding=\u00bb|||\u00bb global_colors_info=\u00bb{}\u00bb custom_padding__hover=\u00bb|||\u00bb][et_pb_blurb title=\u00bbAutobaremo\u00bb url=\u00bbhttps:\/\/www.juntadeandalucia.es\/educacion\/portales\/web\/escolarizacion\/infantil-a-bachillerato\/autobaremo\u00bb url_new_window=\u00bbon\u00bb use_icon=\u00bbon\u00bb font_icon=\u00bb&#xe0ee;||divi||400&#8243; image_icon_width=\u00bb66px\u00bb content_max_width=\u00bb825px\u00bb _builder_version=\u00bb4.20.0&#8243; header_level=\u00bbh3&#8243; header_font=\u00bb|300|||||||\u00bb header_font_size=\u00bb21px\u00bb body_font=\u00bb||||||||\u00bb body_font_size=\u00bb15px\u00bb body_line_height=\u00bb1.3em\u00bb text_orientation=\u00bbcenter\u00bb custom_padding=\u00bb||10px|\u00bb link_option_url=\u00bbhttps:\/\/www.juntadeandalucia.es\/educacion\/portales\/web\/escolarizacion\/infantil-a-bachillerato\/autobaremo\u00bb icon_font_size=\u00bb66px\u00bb locked=\u00bboff\u00bb global_colors_info=\u00bb{}\u00bb]<\/p>\n<p>Acceso a la web de la Consejer\u00eda de Educaci\u00f3n de la Junta de Andaluc\u00eda, donde puedes hacer un baremo de cara al proceso de admisi\u00f3n en el Centro.<\/p>\n<p>[\/et_pb_blurb][\/et_pb_column][et_pb_column type=\u00bb1_3&#8243; _builder_version=\u00bb4.16&#8243; custom_padding=\u00bb|||\u00bb global_colors_info=\u00bb{}\u00bb custom_padding__hover=\u00bb|||\u00bb][et_pb_blurb title=\u00bb\u00c1reas de influencia\u00bb url=\u00bbhttps:\/\/www.juntadeandalucia.es\/educacion\/educasig\/escolarizacion\/\u00bb url_new_window=\u00bbon\u00bb use_icon=\u00bbon\u00bb font_icon=\u00bb&#xe01d;||divi||400&#8243; image_icon_width=\u00bb66px\u00bb content_max_width=\u00bb825px\u00bb _builder_version=\u00bb4.20.0&#8243; header_level=\u00bbh3&#8243; header_font=\u00bb|300|||||||\u00bb header_font_size=\u00bb21px\u00bb body_font=\u00bb||||||||\u00bb body_font_size=\u00bb15px\u00bb body_line_height=\u00bb1.3em\u00bb text_orientation=\u00bbcenter\u00bb custom_padding=\u00bb||10px|\u00bb link_option_url=\u00bbhttps:\/\/www.juntadeandalucia.es\/educacion\/educasig\/escolarizacion\/\u00bb link_option_url_new_window=\u00bbon\u00bb icon_font_size=\u00bb66px\u00bb locked=\u00bboff\u00bb global_colors_info=\u00bb{}\u00bb]<\/p>\n<p>En este enlace podr\u00e1s conocer el \u00e1rea de influencia de nuestro colegio.<\/p>\n<p>[\/et_pb_blurb][\/et_pb_column][\/et_pb_row][\/et_pb_section][et_pb_section fb_built=\u00bb1&#8243; _builder_version=\u00bb4.16&#8243; global_colors_info=\u00bb{}\u00bb][et_pb_row _builder_version=\u00bb4.16&#8243; custom_padding=\u00bb26.1875px|0px|0px|0px\u00bb global_colors_info=\u00bb{}\u00bb][et_pb_column type=\u00bb4_4&#8243; _builder_version=\u00bb4.16&#8243; custom_padding=\u00bb|||\u00bb global_colors_info=\u00bb{}\u00bb custom_padding__hover=\u00bb|||\u00bb][et_pb_text _builder_version=\u00bb4.16&#8243; text_font=\u00bbLato Light||||\u00bb text_text_color=\u00bb#e02b20&#8243; text_font_size=\u00bb30px\u00bb header_font=\u00bb||||||||\u00bb header_2_font=\u00bbLato|300|||||||\u00bb header_2_font_size=\u00bb28px\u00bb custom_margin=\u00bb||30px|\u00bb global_colors_info=\u00bb{}\u00bb]<\/p>\n<h2>Te puede interesar&#8230;<\/h2>\n<p>[\/et_pb_text][\/et_pb_column][\/et_pb_row][et_pb_row column_structure=\u00bb1_5,1_5,1_5,1_5,1_5&#8243; _builder_version=\u00bb4.16&#8243; custom_padding=\u00bb0px|0px|20px|0px\u00bb global_colors_info=\u00bb{}\u00bb][et_pb_column type=\u00bb1_5&#8243; _builder_version=\u00bb4.16&#8243; custom_padding=\u00bb|||\u00bb global_colors_info=\u00bb{}\u00bb custom_padding__hover=\u00bb|||\u00bb][et_pb_blurb title=\u00bbCon\u00f3cenos\u00bb url=\u00bbhttps:\/\/granada.salesianos.edu\/colegio\/admisiones\/\u00bb use_icon=\u00bbon\u00bb font_icon=\u00bb&#xe104;||divi||400&#8243; image_icon_background_color=\u00bb#ffffff\u00bb image_icon_width=\u00bb59px\u00bb _builder_version=\u00bb4.16&#8243; header_font_size=\u00bb16px\u00bb background_size=\u00bbinitial\u00bb background_position=\u00bbtop_left\u00bb background_repeat=\u00bbrepeat\u00bb image_icon_custom_padding=\u00bb25px|25px|25px|25px|false|false\u00bb text_orientation=\u00bbcenter\u00bb max_width_tablet=\u00bb50px\u00bb animation=\u00bboff\u00bb link_option_url=\u00bbhttps:\/\/granada.salesianos.edu\/colegio\/admisiones\/\u00bb border_radii_image=\u00bbon|100%|100%|100%|100%\u00bb border_width_all_image=\u00bb3px\u00bb border_color_all_image=\u00bb#636a70&#8243; border_style=\u00bbsolid\u00bb icon_font_size=\u00bb59px\u00bb use_circle=\u00bbon\u00bb use_circle_border=\u00bbon\u00bb circle_border_color=\u00bb#636a70&#8243; circle_color=\u00bb#ffffff\u00bb global_colors_info=\u00bb{}\u00bb image_icon_background_color__sticky_enabled=\u00bb#dc001b\u00bb image_icon_background_color__sticky=\u00bb#dc001b\u00bb][\/et_pb_blurb][\/et_pb_column][et_pb_column type=\u00bb1_5&#8243; _builder_version=\u00bb4.16&#8243; custom_padding=\u00bb|||\u00bb global_colors_info=\u00bb{}\u00bb custom_padding__hover=\u00bb|||\u00bb][et_pb_blurb title=\u00bbOferta Educativa\u00bb url=\u00bbhttps:\/\/granada.salesianos.edu\/colegio\/oferta-educativa\/\u00bb use_icon=\u00bbon\u00bb font_icon=\u00bb&#xe022;||divi||400&#8243; image_icon_background_color=\u00bb#ffffff\u00bb image_icon_width=\u00bb59px\u00bb _builder_version=\u00bb4.16&#8243; header_font_size=\u00bb16px\u00bb background_size=\u00bbinitial\u00bb background_position=\u00bbtop_left\u00bb background_repeat=\u00bbrepeat\u00bb image_icon_custom_padding=\u00bb25px|25px|25px|25px|false|false\u00bb text_orientation=\u00bbcenter\u00bb max_width_tablet=\u00bb50px\u00bb animation=\u00bboff\u00bb link_option_url=\u00bbhttps:\/\/granada.salesianos.edu\/colegio\/oferta-educativa\/\u00bb border_radii_image=\u00bbon|100%|100%|100%|100%\u00bb border_width_all_image=\u00bb3px\u00bb border_color_all_image=\u00bb#636a70&#8243; border_style=\u00bbsolid\u00bb icon_font_size=\u00bb59px\u00bb use_circle=\u00bbon\u00bb use_circle_border=\u00bbon\u00bb circle_border_color=\u00bb#636a70&#8243; circle_color=\u00bb#ffffff\u00bb global_colors_info=\u00bb{}\u00bb image_icon_background_color__sticky_enabled=\u00bb#dc001b\u00bb image_icon_background_color__sticky=\u00bb#dc001b\u00bb][\/et_pb_blurb][\/et_pb_column][et_pb_column type=\u00bb1_5&#8243; _builder_version=\u00bb4.16&#8243; custom_padding=\u00bb|||\u00bb global_colors_info=\u00bb{}\u00bb custom_padding__hover=\u00bb|||\u00bb][et_pb_blurb title=\u00bbConcierta una cita\u00bb url=\u00bbhttps:\/\/granada.salesianos.edu\/colegio\/jornadas-pa-general\/\u00bb use_icon=\u00bbon\u00bb font_icon=\u00bb&#xe08b;||divi||400&#8243; image_icon_background_color=\u00bb#ffffff\u00bb image_icon_width=\u00bb59px\u00bb _builder_version=\u00bb4.16&#8243; header_font_size=\u00bb16px\u00bb background_size=\u00bbinitial\u00bb background_position=\u00bbtop_left\u00bb background_repeat=\u00bbrepeat\u00bb image_icon_custom_padding=\u00bb25px|25px|25px|25px|false|false\u00bb text_orientation=\u00bbcenter\u00bb max_width_tablet=\u00bb50px\u00bb animation=\u00bboff\u00bb link_option_url=\u00bbhttps:\/\/granada.salesianos.edu\/colegio\/jornadas-pa-general\/\u00bb border_radii_image=\u00bbon|100%|100%|100%|100%\u00bb border_width_all_image=\u00bb3px\u00bb border_color_all_image=\u00bb#636a70&#8243; border_style=\u00bbsolid\u00bb icon_font_size=\u00bb59px\u00bb use_circle=\u00bbon\u00bb use_circle_border=\u00bbon\u00bb circle_border_color=\u00bb#636a70&#8243; circle_color=\u00bb#ffffff\u00bb global_colors_info=\u00bb{}\u00bb image_icon_background_color__sticky_enabled=\u00bb#dc001b\u00bb image_icon_background_color__sticky=\u00bb#dc001b\u00bb][\/et_pb_blurb][\/et_pb_column][et_pb_column type=\u00bb1_5&#8243; _builder_version=\u00bb4.16&#8243; custom_padding=\u00bb|||\u00bb global_colors_info=\u00bb{}\u00bb custom_padding__hover=\u00bb|||\u00bb][et_pb_blurb title=\u00bbInstalaciones\u00bb url=\u00bbhttps:\/\/granada.salesianos.edu\/colegio\/instalaciones-2\/\u00bb use_icon=\u00bbon\u00bb font_icon=\u00bb&#xe0ef;||divi||400&#8243; image_icon_background_color=\u00bb#ffffff\u00bb image_icon_width=\u00bb59px\u00bb _builder_version=\u00bb4.16&#8243; header_font_size=\u00bb16px\u00bb background_size=\u00bbinitial\u00bb background_position=\u00bbtop_left\u00bb background_repeat=\u00bbrepeat\u00bb image_icon_custom_padding=\u00bb25px|25px|25px|25px|false|false\u00bb text_orientation=\u00bbcenter\u00bb max_width_tablet=\u00bb50px\u00bb animation=\u00bboff\u00bb link_option_url=\u00bbhttps:\/\/granada.salesianos.edu\/colegio\/instalaciones\/\u00bb border_radii_image=\u00bbon|100%|100%|100%|100%\u00bb border_width_all_image=\u00bb3px\u00bb border_color_all_image=\u00bb#636a70&#8243; border_style=\u00bbsolid\u00bb icon_font_size=\u00bb59px\u00bb use_circle=\u00bbon\u00bb use_circle_border=\u00bbon\u00bb circle_border_color=\u00bb#636a70&#8243; circle_color=\u00bb#ffffff\u00bb global_colors_info=\u00bb{}\u00bb image_icon_background_color__sticky_enabled=\u00bb#dc001b\u00bb image_icon_background_color__sticky=\u00bb#dc001b\u00bb][\/et_pb_blurb][\/et_pb_column][et_pb_column type=\u00bb1_5&#8243; _builder_version=\u00bb4.16&#8243; custom_padding=\u00bb|||\u00bb global_colors_info=\u00bb{}\u00bb custom_padding__hover=\u00bb|||\u00bb][et_pb_blurb title=\u00bbContactar\u00bb url=\u00bbhttps:\/\/granada.salesianos.edu\/contactar\/\u00bb use_icon=\u00bbon\u00bb font_icon=\u00bb&#xe00b;||divi||400&#8243; image_icon_background_color=\u00bb#ffffff\u00bb image_icon_width=\u00bb59px\u00bb _builder_version=\u00bb4.16&#8243; header_font_size=\u00bb16px\u00bb background_size=\u00bbinitial\u00bb background_position=\u00bbtop_left\u00bb background_repeat=\u00bbrepeat\u00bb image_icon_custom_padding=\u00bb25px|25px|25px|25px|false|false\u00bb text_orientation=\u00bbcenter\u00bb max_width_tablet=\u00bb50px\u00bb animation=\u00bboff\u00bb link_option_url=\u00bbhttps:\/\/granada.salesianos.edu\/contactar\/\u00bb border_radii_image=\u00bbon|100%|100%|100%|100%\u00bb border_width_all_image=\u00bb3px\u00bb border_color_all_image=\u00bb#636a70&#8243; border_style=\u00bbsolid\u00bb icon_font_size=\u00bb59px\u00bb use_circle=\u00bbon\u00bb use_circle_border=\u00bbon\u00bb circle_border_color=\u00bb#636a70&#8243; circle_color=\u00bb#ffffff\u00bb global_colors_info=\u00bb{}\u00bb image_icon_background_color__sticky_enabled=\u00bb#dc001b\u00bb image_icon_background_color__sticky=\u00bb#dc001b\u00bb][\/et_pb_blurb][\/et_pb_column][\/et_pb_row][\/et_pb_section]<\/p>\n","protected":false},"excerpt":{"rendered":"<p>Aqu\u00ed podr\u00e1s conocer toda la informaci\u00f3n necesaria para solicitar plaza en nuestro centro. Ven a conocernos, \u00a1Te estamos esperando!<\/p>\n","protected":false},"author":2,"featured_media":0,"parent":0,"menu_order":0,"comment_status":"closed","ping_status":"closed","template":"","meta":{"_et_pb_use_builder":"on","_et_pb_old_content":"","_et_gb_content_width":"","footnotes":""},"class_list":["post-12023","page","type-page","status-publish","hentry"],"yoast_head":"<!-- This site is optimized with the Yoast SEO plugin v28.3 - https:\/\/yoast.com\/product\/yoast-seo-wordpress\/ -->\n<title>Escolarizaci\u00f3n - Colegio Salesiano San Juan Bosco<\/title>\n<meta name=\"description\" content=\"Aqu\u00ed podr\u00e1s conocer todas las novedades sobre el\u00a0proceso de escolarizaci\u00f3n, admisi\u00f3n y la informaci\u00f3n para solicitar plaza en nuestro centro.\" \/>\n<meta name=\"robots\" content=\"index, follow, max-snippet:-1, max-image-preview:large, max-video-preview:-1\" \/>\n<link rel=\"canonical\" href=\"https:\/\/granada.salesianos.edu\/colegio\/escolarizacion-2\/\" \/>\n<meta property=\"og:locale\" content=\"es_ES\" \/>\n<meta property=\"og:type\" content=\"article\" \/>\n<meta property=\"og:title\" content=\"Escolarizaci\u00f3n - Colegio Salesiano San Juan Bosco\" \/>\n<meta property=\"og:description\" content=\"Aqu\u00ed podr\u00e1s conocer toda la informaci\u00f3n necesaria para solicitar plaza en nuestro centro. Ven a conocernos, \u00a1Te estamos esperando!\" \/>\n<meta property=\"og:url\" content=\"https:\/\/granada.salesianos.edu\/colegio\/escolarizacion-2\/\" \/>\n<meta property=\"og:site_name\" content=\"Colegio Salesiano\" \/>\n<meta property=\"article:publisher\" content=\"https:\/\/www.facebook.com\/SalesianosGR\/\" \/>\n<meta property=\"article:modified_time\" content=\"2026-03-05T13:20:59+00:00\" \/>\n<meta name=\"twitter:card\" content=\"summary_large_image\" \/>\n<meta name=\"twitter:site\" content=\"@GranadaSDB\" \/>\n<meta name=\"twitter:label1\" content=\"Tiempo de lectura\" \/>\n\t<meta name=\"twitter:data1\" content=\"2 minutos\" \/>\n<script type=\"application\/ld+json\" class=\"yoast-schema-graph\">{\"@context\":\"https:\\\/\\\/schema.org\",\"@graph\":[{\"@type\":\"WebPage\",\"@id\":\"https:\\\/\\\/granada.salesianos.edu\\\/colegio\\\/escolarizacion-2\\\/\",\"url\":\"https:\\\/\\\/granada.salesianos.edu\\\/colegio\\\/escolarizacion-2\\\/\",\"name\":\"Escolarizaci\u00f3n - Colegio Salesiano San Juan Bosco\",\"isPartOf\":{\"@id\":\"https:\\\/\\\/granada.salesianos.edu\\\/colegio\\\/#website\"},\"datePublished\":\"2021-03-04T16:54:17+00:00\",\"dateModified\":\"2026-03-05T13:20:59+00:00\",\"description\":\"Aqu\u00ed podr\u00e1s conocer todas las novedades sobre el\u00a0proceso de escolarizaci\u00f3n, admisi\u00f3n y la informaci\u00f3n para solicitar plaza en nuestro centro.\",\"breadcrumb\":{\"@id\":\"https:\\\/\\\/granada.salesianos.edu\\\/colegio\\\/escolarizacion-2\\\/#breadcrumb\"},\"inLanguage\":\"es\",\"potentialAction\":[{\"@type\":\"ReadAction\",\"target\":[\"https:\\\/\\\/granada.salesianos.edu\\\/colegio\\\/escolarizacion-2\\\/\"]}]},{\"@type\":\"BreadcrumbList\",\"@id\":\"https:\\\/\\\/granada.salesianos.edu\\\/colegio\\\/escolarizacion-2\\\/#breadcrumb\",\"itemListElement\":[{\"@type\":\"ListItem\",\"position\":1,\"name\":\"Portada\",\"item\":\"https:\\\/\\\/granada.salesianos.edu\\\/colegio\\\/\"},{\"@type\":\"ListItem\",\"position\":2,\"name\":\"Escolarizaci\u00f3n\"}]},{\"@type\":\"WebSite\",\"@id\":\"https:\\\/\\\/granada.salesianos.edu\\\/colegio\\\/#website\",\"url\":\"https:\\\/\\\/granada.salesianos.edu\\\/colegio\\\/\",\"name\":\"Colegio Salesiano\",\"description\":\"P\u00e1gina oficial de Salesianos Granada San Juan Bosco\",\"publisher\":{\"@id\":\"https:\\\/\\\/granada.salesianos.edu\\\/colegio\\\/#organization\"},\"potentialAction\":[{\"@type\":\"SearchAction\",\"target\":{\"@type\":\"EntryPoint\",\"urlTemplate\":\"https:\\\/\\\/granada.salesianos.edu\\\/colegio\\\/?s={search_term_string}\"},\"query-input\":{\"@type\":\"PropertyValueSpecification\",\"valueRequired\":true,\"valueName\":\"search_term_string\"}}],\"inLanguage\":\"es\"},{\"@type\":\"Organization\",\"@id\":\"https:\\\/\\\/granada.salesianos.edu\\\/colegio\\\/#organization\",\"name\":\"Colegio Salesiano San Juan Bosco Granada\",\"url\":\"https:\\\/\\\/granada.salesianos.edu\\\/colegio\\\/\",\"logo\":{\"@type\":\"ImageObject\",\"inLanguage\":\"es\",\"@id\":\"https:\\\/\\\/granada.salesianos.edu\\\/colegio\\\/#\\\/schema\\\/logo\\\/image\\\/\",\"url\":\"https:\\\/\\\/granada.salesianos.edu\\\/colegio\\\/wp-content\\\/uploads\\\/sites\\\/2\\\/2021\\\/01\\\/GRANADAobraVN2.jpg\",\"contentUrl\":\"https:\\\/\\\/granada.salesianos.edu\\\/colegio\\\/wp-content\\\/uploads\\\/sites\\\/2\\\/2021\\\/01\\\/GRANADAobraVN2.jpg\",\"width\":2113,\"height\":1894,\"caption\":\"Colegio Salesiano San Juan Bosco Granada\"},\"image\":{\"@id\":\"https:\\\/\\\/granada.salesianos.edu\\\/colegio\\\/#\\\/schema\\\/logo\\\/image\\\/\"},\"sameAs\":[\"https:\\\/\\\/www.facebook.com\\\/SalesianosGR\\\/\",\"https:\\\/\\\/x.com\\\/GranadaSDB\",\"https:\\\/\\\/www.instagram.com\\\/salesianosgranada\\\/\",\"https:\\\/\\\/www.youtube.com\\\/channel\\\/UChkpZuhCf4Y5rYIcFT3CNxw?view_as=subscriber\"]}]}<\/script>\n<!-- \/ Yoast SEO plugin. -->","yoast_head_json":{"title":"Escolarizaci\u00f3n - Colegio Salesiano San Juan Bosco","description":"Aqu\u00ed podr\u00e1s conocer todas las novedades sobre el\u00a0proceso de escolarizaci\u00f3n, admisi\u00f3n y la informaci\u00f3n para solicitar plaza en nuestro centro.","robots":{"index":"index","follow":"follow","max-snippet":"max-snippet:-1","max-image-preview":"max-image-preview:large","max-video-preview":"max-video-preview:-1"},"canonical":"https:\/\/granada.salesianos.edu\/colegio\/escolarizacion-2\/","og_locale":"es_ES","og_type":"article","og_title":"Escolarizaci\u00f3n - Colegio Salesiano San Juan Bosco","og_description":"Aqu\u00ed podr\u00e1s conocer toda la informaci\u00f3n necesaria para solicitar plaza en nuestro centro. Ven a conocernos, \u00a1Te estamos esperando!","og_url":"https:\/\/granada.salesianos.edu\/colegio\/escolarizacion-2\/","og_site_name":"Colegio Salesiano","article_publisher":"https:\/\/www.facebook.com\/SalesianosGR\/","article_modified_time":"2026-03-05T13:20:59+00:00","twitter_card":"summary_large_image","twitter_site":"@GranadaSDB","twitter_misc":{"Tiempo de lectura":"2 minutos"},"schema":{"@context":"https:\/\/schema.org","@graph":[{"@type":"WebPage","@id":"https:\/\/granada.salesianos.edu\/colegio\/escolarizacion-2\/","url":"https:\/\/granada.salesianos.edu\/colegio\/escolarizacion-2\/","name":"Escolarizaci\u00f3n - Colegio Salesiano San Juan Bosco","isPartOf":{"@id":"https:\/\/granada.salesianos.edu\/colegio\/#website"},"datePublished":"2021-03-04T16:54:17+00:00","dateModified":"2026-03-05T13:20:59+00:00","description":"Aqu\u00ed podr\u00e1s conocer todas las novedades sobre el\u00a0proceso de escolarizaci\u00f3n, admisi\u00f3n y la informaci\u00f3n para solicitar plaza en nuestro centro.","breadcrumb":{"@id":"https:\/\/granada.salesianos.edu\/colegio\/escolarizacion-2\/#breadcrumb"},"inLanguage":"es","potentialAction":[{"@type":"ReadAction","target":["https:\/\/granada.salesianos.edu\/colegio\/escolarizacion-2\/"]}]},{"@type":"BreadcrumbList","@id":"https:\/\/granada.salesianos.edu\/colegio\/escolarizacion-2\/#breadcrumb","itemListElement":[{"@type":"ListItem","position":1,"name":"Portada","item":"https:\/\/granada.salesianos.edu\/colegio\/"},{"@type":"ListItem","position":2,"name":"Escolarizaci\u00f3n"}]},{"@type":"WebSite","@id":"https:\/\/granada.salesianos.edu\/colegio\/#website","url":"https:\/\/granada.salesianos.edu\/colegio\/","name":"Colegio Salesiano","description":"P\u00e1gina oficial de Salesianos Granada San Juan Bosco","publisher":{"@id":"https:\/\/granada.salesianos.edu\/colegio\/#organization"},"potentialAction":[{"@type":"SearchAction","target":{"@type":"EntryPoint","urlTemplate":"https:\/\/granada.salesianos.edu\/colegio\/?s={search_term_string}"},"query-input":{"@type":"PropertyValueSpecification","valueRequired":true,"valueName":"search_term_string"}}],"inLanguage":"es"},{"@type":"Organization","@id":"https:\/\/granada.salesianos.edu\/colegio\/#organization","name":"Colegio Salesiano San Juan Bosco Granada","url":"https:\/\/granada.salesianos.edu\/colegio\/","logo":{"@type":"ImageObject","inLanguage":"es","@id":"https:\/\/granada.salesianos.edu\/colegio\/#\/schema\/logo\/image\/","url":"https:\/\/granada.salesianos.edu\/colegio\/wp-content\/uploads\/sites\/2\/2021\/01\/GRANADAobraVN2.jpg","contentUrl":"https:\/\/granada.salesianos.edu\/colegio\/wp-content\/uploads\/sites\/2\/2021\/01\/GRANADAobraVN2.jpg","width":2113,"height":1894,"caption":"Colegio Salesiano San Juan Bosco Granada"},"image":{"@id":"https:\/\/granada.salesianos.edu\/colegio\/#\/schema\/logo\/image\/"},"sameAs":["https:\/\/www.facebook.com\/SalesianosGR\/","https:\/\/x.com\/GranadaSDB","https:\/\/www.instagram.com\/salesianosgranada\/","https:\/\/www.youtube.com\/channel\/UChkpZuhCf4Y5rYIcFT3CNxw?view_as=subscriber"]}]}},"_links":{"self":[{"href":"https:\/\/granada.salesianos.edu\/colegio\/wp-json\/wp\/v2\/pages\/12023","targetHints":{"allow":["GET"]}}],"collection":[{"href":"https:\/\/granada.salesianos.edu\/colegio\/wp-json\/wp\/v2\/pages"}],"about":[{"href":"https:\/\/granada.salesianos.edu\/colegio\/wp-json\/wp\/v2\/types\/page"}],"author":[{"embeddable":true,"href":"https:\/\/granada.salesianos.edu\/colegio\/wp-json\/wp\/v2\/users\/2"}],"replies":[{"embeddable":true,"href":"https:\/\/granada.salesianos.edu\/colegio\/wp-json\/wp\/v2\/comments?post=12023"}],"version-history":[{"count":69,"href":"https:\/\/granada.salesianos.edu\/colegio\/wp-json\/wp\/v2\/pages\/12023\/revisions"}],"predecessor-version":[{"id":115575,"href":"https:\/\/granada.salesianos.edu\/colegio\/wp-json\/wp\/v2\/pages\/12023\/revisions\/115575"}],"wp:attachment":[{"href":"https:\/\/granada.salesianos.edu\/colegio\/wp-json\/wp\/v2\/media?parent=12023"}],"curies":[{"name":"wp","href":"https:\/\/api.w.org\/{rel}","templated":true}]}}