{"id":12529,"date":"2021-05-26T12:06:22","date_gmt":"2021-05-26T10:06:22","guid":{"rendered":"https:\/\/granada.salesianos.edu\/colegio\/?page_id=12529"},"modified":"2026-09-01T18:16:47","modified_gmt":"2026-09-01T16:16:47","slug":"iniciosalesianos","status":"publish","type":"page","link":"https:\/\/granada.salesianos.edu\/colegio\/","title":{"rendered":"Inicio"},"content":{"rendered":"<div id=\"fb-root\"><\/div>\n<p>[et_pb_section fb_built=\u00bb1&#8243; fullwidth=\u00bbon\u00bb next_background_color=\u00bb#000000&#8243; disabled_on=\u00bbon|off|off\u00bb _builder_version=\u00bb4.27.4&#8243; background_color=\u00bbrgba(255,255,255,0)\u00bb custom_padding=\u00bb0px|0px|0px|0px\u00bb bottom_divider_style=\u00bbcurve\u00bb bottom_divider_height=\u00bb34px\u00bb bottom_divider_repeat=\u00bb1x\u00bb transparent_background=\u00bbon\u00bb global_colors_info=\u00bb{}\u00bb][et_pb_fullwidth_slider show_image_video_mobile=\u00bbon\u00bb use_bg_overlay=\u00bboff\u00bb use_text_overlay=\u00bboff\u00bb admin_label=\u00bbPortada (Deslizador)\u00bb _builder_version=\u00bb4.27.6&#8243; vertical_offset_tablet=\u00bb0&#8243; horizontal_offset_tablet=\u00bb0&#8243; min_height=\u00bb519.4px\u00bb custom_padding=\u00bb|0px||||\u00bb auto=\u00bbon\u00bb hover_enabled=\u00bb0&#8243; z_index_tablet=\u00bb500&#8243; header_text_shadow_horizontal_length_tablet=\u00bb0px\u00bb header_text_shadow_vertical_length_tablet=\u00bb0px\u00bb header_text_shadow_blur_strength_tablet=\u00bb1px\u00bb body_text_shadow_horizontal_length_tablet=\u00bb0px\u00bb body_text_shadow_vertical_length_tablet=\u00bb0px\u00bb body_text_shadow_blur_strength_tablet=\u00bb1px\u00bb body_link_text_shadow_horizontal_length_tablet=\u00bb0px\u00bb body_link_text_shadow_vertical_length_tablet=\u00bb0px\u00bb body_link_text_shadow_blur_strength_tablet=\u00bb1px\u00bb body_ul_text_shadow_horizontal_length_tablet=\u00bb0px\u00bb body_ul_text_shadow_vertical_length_tablet=\u00bb0px\u00bb body_ul_text_shadow_blur_strength_tablet=\u00bb1px\u00bb body_ol_text_shadow_horizontal_length_tablet=\u00bb0px\u00bb body_ol_text_shadow_vertical_length_tablet=\u00bb0px\u00bb body_ol_text_shadow_blur_strength_tablet=\u00bb1px\u00bb body_quote_text_shadow_horizontal_length_tablet=\u00bb0px\u00bb body_quote_text_shadow_vertical_length_tablet=\u00bb0px\u00bb body_quote_text_shadow_blur_strength_tablet=\u00bb1px\u00bb button_text_shadow_horizontal_length_tablet=\u00bb0px\u00bb button_text_shadow_vertical_length_tablet=\u00bb0px\u00bb button_text_shadow_blur_strength_tablet=\u00bb1px\u00bb box_shadow_horizontal_tablet=\u00bb0px\u00bb box_shadow_vertical_tablet=\u00bb0px\u00bb box_shadow_blur_tablet=\u00bb40px\u00bb box_shadow_spread_tablet=\u00bb0px\u00bb box_shadow_horizontal_image_tablet=\u00bb0px\u00bb box_shadow_vertical_image_tablet=\u00bb0px\u00bb box_shadow_blur_image_tablet=\u00bb40px\u00bb box_shadow_spread_image_tablet=\u00bb0px\u00bb box_shadow_horizontal_button_tablet=\u00bb0px\u00bb box_shadow_vertical_button_tablet=\u00bb0px\u00bb box_shadow_blur_button_tablet=\u00bb40px\u00bb box_shadow_spread_button_tablet=\u00bb0px\u00bb text_shadow_horizontal_length_tablet=\u00bb0px\u00bb text_shadow_vertical_length_tablet=\u00bb0px\u00bb text_shadow_blur_strength_tablet=\u00bb1px\u00bb saved_tabs=\u00bball\u00bb global_colors_info=\u00bb{}\u00bb button_text_size__hover_enabled=\u00bboff\u00bb button_text_size__hover=\u00bbnull\u00bb button_one_text_size__hover_enabled=\u00bboff\u00bb button_one_text_size__hover=\u00bbnull\u00bb button_two_text_size__hover_enabled=\u00bboff\u00bb button_two_text_size__hover=\u00bbnull\u00bb button_text_color__hover_enabled=\u00bboff\u00bb button_text_color__hover=\u00bbnull\u00bb button_one_text_color__hover_enabled=\u00bboff\u00bb button_one_text_color__hover=\u00bbnull\u00bb button_two_text_color__hover_enabled=\u00bboff\u00bb button_two_text_color__hover=\u00bbnull\u00bb button_border_width__hover_enabled=\u00bboff\u00bb button_border_width__hover=\u00bbnull\u00bb button_one_border_width__hover_enabled=\u00bboff\u00bb button_one_border_width__hover=\u00bbnull\u00bb button_two_border_width__hover_enabled=\u00bboff\u00bb button_two_border_width__hover=\u00bbnull\u00bb button_border_color__hover_enabled=\u00bboff\u00bb button_border_color__hover=\u00bbnull\u00bb button_one_border_color__hover_enabled=\u00bboff\u00bb button_one_border_color__hover=\u00bbnull\u00bb button_two_border_color__hover_enabled=\u00bboff\u00bb button_two_border_color__hover=\u00bbnull\u00bb button_border_radius__hover_enabled=\u00bboff\u00bb button_border_radius__hover=\u00bbnull\u00bb button_one_border_radius__hover_enabled=\u00bboff\u00bb button_one_border_radius__hover=\u00bbnull\u00bb button_two_border_radius__hover_enabled=\u00bboff\u00bb button_two_border_radius__hover=\u00bbnull\u00bb button_letter_spacing__hover_enabled=\u00bboff\u00bb button_letter_spacing__hover=\u00bbnull\u00bb button_one_letter_spacing__hover_enabled=\u00bboff\u00bb button_one_letter_spacing__hover=\u00bbnull\u00bb button_two_letter_spacing__hover_enabled=\u00bboff\u00bb button_two_letter_spacing__hover=\u00bbnull\u00bb button_bg_color__hover_enabled=\u00bboff\u00bb button_bg_color__hover=\u00bbnull\u00bb button_one_bg_color__hover_enabled=\u00bboff\u00bb button_one_bg_color__hover=\u00bbnull\u00bb button_two_bg_color__hover_enabled=\u00bboff\u00bb button_two_bg_color__hover=\u00bbnull\u00bb sticky_enabled=\u00bb0&#8243;][et_pb_slide _builder_version=\u00bb4.27.6&#8243; _module_preset=\u00bbdefault\u00bb background_color=\u00bbRGBA(255,255,255,0)\u00bb background_enable_color=\u00bbon\u00bb background_video_mp4=\u00bbhttps:\/\/granada.salesianos.edu\/colegio\/wp-content\/uploads\/sites\/2\/2026\/09\/Logo_ESP_ESTC.mp4&#8243; background_enable_video_mp4=\u00bbon\u00bb hover_enabled=\u00bb0&#8243; global_colors_info=\u00bb{}\u00bb sticky_transition=\u00bbon\u00bb title_text=\u00bbLogo_ESP_ESTC\u00bb sticky_enabled=\u00bb0&#8243;][\/et_pb_slide][et_pb_slide button_link=\u00bbhttps:\/\/granada.salesianos.edu\/colegio\/extraescolares\/\u00bb admin_title=\u00bbExtraescolares 2&#8243; _builder_version=\u00bb4.27.4&#8243; _module_preset=\u00bbdefault\u00bb background_image=\u00bbhttps:\/\/granada.salesianos.edu\/colegio\/wp-content\/uploads\/sites\/2\/2025\/10\/3-scaled.jpg\u00bb background_enable_image=\u00bbon\u00bb link_option_url=\u00bbhttps:\/\/granada.salesianos.edu\/colegio\/extraescolares\/\u00bb global_colors_info=\u00bb{}\u00bb sticky_transition=\u00bbon\u00bb][\/et_pb_slide][et_pb_slide heading=\u00bbSalesianos Granada\u00bb button_text=\u00bbSaludo del Director del Colegio\u00bb button_link=\u00bbhttps:\/\/granada.salesianos.edu\/colegio\/saludo-del-director\/\u00bb image=\u00bbhttps:\/\/alicante.salesianos.edu\/wp-content\/uploads\/2017\/09\/logo_salesianos_portada-miin.png\u00bb use_bg_overlay=\u00bbon\u00bb use_text_overlay=\u00bboff\u00bb _builder_version=\u00bb4.27.4&#8243; header_font_size=\u00bb49px\u00bb body_font=\u00bbCalligraffitti||||\u00bb body_font_size=\u00bb34px\u00bb body_line_height=\u00bb1.1em\u00bb background_image=\u00bbhttps:\/\/granada.salesianos.edu\/colegio\/wp-content\/uploads\/sites\/2\/2017\/12\/Salesianos.jpg\u00bb custom_button=\u00bbon\u00bb button_text_size=\u00bb30px\u00bb button_text_color=\u00bb#ffffff\u00bb button_bg_color=\u00bb#bb0020&#8243; button_border_width=\u00bb0px\u00bb button_border_color=\u00bb#ffffff\u00bb button_border_radius=\u00bb3px\u00bb button_font=\u00bbAmatic SC|on|||\u00bb button_use_icon=\u00bbon\u00bb button_on_hover=\u00bbon\u00bb link_option_url=\u00bbhttps:\/\/granada.salesianos.edu\/colegio\/saludo-del-director\/\u00bb header_font_size_tablet=\u00bb49px\u00bb header_font_size_phone=\u00bb49px\u00bb body_font_size_tablet=\u00bb34px\u00bb body_font_size_phone=\u00bb34px\u00bb body_line_height_tablet=\u00bb1.1em\u00bb body_line_height_phone=\u00bb1.1em\u00bb button_text_size_tablet=\u00bb30px\u00bb button_text_size_phone=\u00bb30px\u00bb inline_fonts=\u00bbAmaranth\u00bb global_colors_info=\u00bb{}\u00bb sticky_transition=\u00bbon\u00bb]<\/p>\n<p style=\"text-align: center;\"><span style=\"font-size: xx-large;\"><em><span style=\"font-family: Almarai; font-weight: normal;\">Educamos con el coraz\u00f3n<\/span><\/em><\/span><\/p>\n<p>[\/et_pb_slide][et_pb_slide heading=\u00bbM\u00faltiples ramas\u00bb button_text=\u00bbDescubre el MJS en Granada\u00bb button_link=\u00bbhttps:\/\/granada.salesianos.edu\/centrojuvenil\/\u00bb image=\u00bbhttps:\/\/alicante.salesianos.edu\/wp-content\/uploads\/2017\/08\/logo_movimiento_juvenil_salesiano_portada-min.png\u00bb use_bg_overlay=\u00bbon\u00bb _builder_version=\u00bb4.27.4&#8243; header_font_size=\u00bb50px\u00bb body_font_size=\u00bb30px\u00bb background_image=\u00bbhttps:\/\/alicante.salesianos.edu\/wp-content\/uploads\/2017\/08\/portada_arbol_mjs-min.jpg\u00bb custom_button=\u00bbon\u00bb button_text_size=\u00bb30px\u00bb button_text_color=\u00bb#ffffff\u00bb button_bg_color=\u00bb#ff234f\u00bb button_border_width=\u00bb0px\u00bb button_font=\u00bbAmatic SC|on|||\u00bb global_colors_info=\u00bb{}\u00bb sticky_transition=\u00bbon\u00bb]<\/p>\n<p>Mismas raices<\/p>\n<p>[\/et_pb_slide][et_pb_slide button_text=\u00bbRESERVA TU CITA\u00bb button_link=\u00bbhttps:\/\/granada.salesianos.edu\/colegio\/jornadas-pa-general\/\u00bb admin_title=\u00bbPuertas abiertas\u00bb _builder_version=\u00bb4.27.4&#8243; _module_preset=\u00bbdefault\u00bb header_level=\u00bbh1&#8243; body_text_align=\u00bbcenter\u00bb body_font_size=\u00bb53px\u00bb background_color=\u00bb#FFFFFF\u00bb background_enable_color=\u00bbon\u00bb background_image=\u00bbhttps:\/\/granada.salesianos.edu\/colegio\/wp-content\/uploads\/sites\/2\/2025\/02\/MMQE-2025_banner-web.png\u00bb background_enable_image=\u00bbon\u00bb background_size=\u00bbcontain\u00bb custom_button=\u00bbon\u00bb button_text_size=\u00bb35px\u00bb button_text_color=\u00bb#FFFFFF\u00bb button_bg_color=\u00bb#E02B20&#8243; button_border_width=\u00bb0px\u00bb button_border_color=\u00bb#000000&#8243; button_border_radius=\u00bb38px\u00bb button_letter_spacing=\u00bb0px\u00bb button_font=\u00bb||||||||\u00bb button_use_icon=\u00bboff\u00bb button_alignment=\u00bbright\u00bb button_custom_margin=\u00bb69px||-70px||false|false\u00bb background_layout=\u00bblight\u00bb custom_padding=\u00bb131px|0px|0px|30px|false|false\u00bb link_option_url=\u00bbhttps:\/\/granada.salesianos.edu\/colegio\/jornadas-pa-general\/\u00bb button_text_shadow_style=\u00bbpreset1&#8243; text_shadow_style=\u00bbpreset1&#8243; global_colors_info=\u00bb{}\u00bb sticky_transition=\u00bbon\u00bb][\/et_pb_slide][\/et_pb_fullwidth_slider][\/et_pb_section][et_pb_section fb_built=\u00bb1&#8243; fullwidth=\u00bbon\u00bb next_background_color=\u00bb#ffffff\u00bb disabled_on=\u00bboff|on|on\u00bb _builder_version=\u00bb4.27.4&#8243; background_color=\u00bbrgba(255,255,255,0)\u00bb custom_padding=\u00bb0px|0px|0px|0px\u00bb bottom_divider_style=\u00bbcurve\u00bb bottom_divider_height=\u00bb34px\u00bb bottom_divider_repeat=\u00bb1x\u00bb transparent_background=\u00bbon\u00bb global_colors_info=\u00bb{}\u00bb][et_pb_fullwidth_slider show_image_video_mobile=\u00bbon\u00bb use_bg_overlay=\u00bboff\u00bb use_text_overlay=\u00bboff\u00bb admin_label=\u00bbPortada (Deslizador)\u00bb _builder_version=\u00bb4.27.4&#8243; vertical_offset_tablet=\u00bb0&#8243; horizontal_offset_tablet=\u00bb0&#8243; min_height=\u00bb519.4px\u00bb custom_padding=\u00bb|0px||||\u00bb auto=\u00bbon\u00bb z_index_tablet=\u00bb500&#8243; header_text_shadow_horizontal_length_tablet=\u00bb0px\u00bb header_text_shadow_vertical_length_tablet=\u00bb0px\u00bb header_text_shadow_blur_strength_tablet=\u00bb1px\u00bb body_text_shadow_horizontal_length_tablet=\u00bb0px\u00bb body_text_shadow_vertical_length_tablet=\u00bb0px\u00bb body_text_shadow_blur_strength_tablet=\u00bb1px\u00bb body_link_text_shadow_horizontal_length_tablet=\u00bb0px\u00bb body_link_text_shadow_vertical_length_tablet=\u00bb0px\u00bb body_link_text_shadow_blur_strength_tablet=\u00bb1px\u00bb body_ul_text_shadow_horizontal_length_tablet=\u00bb0px\u00bb body_ul_text_shadow_vertical_length_tablet=\u00bb0px\u00bb body_ul_text_shadow_blur_strength_tablet=\u00bb1px\u00bb body_ol_text_shadow_horizontal_length_tablet=\u00bb0px\u00bb body_ol_text_shadow_vertical_length_tablet=\u00bb0px\u00bb body_ol_text_shadow_blur_strength_tablet=\u00bb1px\u00bb body_quote_text_shadow_horizontal_length_tablet=\u00bb0px\u00bb body_quote_text_shadow_vertical_length_tablet=\u00bb0px\u00bb body_quote_text_shadow_blur_strength_tablet=\u00bb1px\u00bb button_text_shadow_horizontal_length_tablet=\u00bb0px\u00bb button_text_shadow_vertical_length_tablet=\u00bb0px\u00bb button_text_shadow_blur_strength_tablet=\u00bb1px\u00bb box_shadow_horizontal_tablet=\u00bb0px\u00bb box_shadow_vertical_tablet=\u00bb0px\u00bb box_shadow_blur_tablet=\u00bb40px\u00bb box_shadow_spread_tablet=\u00bb0px\u00bb box_shadow_horizontal_image_tablet=\u00bb0px\u00bb box_shadow_vertical_image_tablet=\u00bb0px\u00bb box_shadow_blur_image_tablet=\u00bb40px\u00bb box_shadow_spread_image_tablet=\u00bb0px\u00bb box_shadow_horizontal_button_tablet=\u00bb0px\u00bb box_shadow_vertical_button_tablet=\u00bb0px\u00bb box_shadow_blur_button_tablet=\u00bb40px\u00bb box_shadow_spread_button_tablet=\u00bb0px\u00bb text_shadow_horizontal_length_tablet=\u00bb0px\u00bb text_shadow_vertical_length_tablet=\u00bb0px\u00bb text_shadow_blur_strength_tablet=\u00bb1px\u00bb saved_tabs=\u00bball\u00bb global_colors_info=\u00bb{}\u00bb button_text_size__hover_enabled=\u00bboff\u00bb button_text_size__hover=\u00bbnull\u00bb button_one_text_size__hover_enabled=\u00bboff\u00bb button_one_text_size__hover=\u00bbnull\u00bb button_two_text_size__hover_enabled=\u00bboff\u00bb button_two_text_size__hover=\u00bbnull\u00bb button_text_color__hover_enabled=\u00bboff\u00bb button_text_color__hover=\u00bbnull\u00bb button_one_text_color__hover_enabled=\u00bboff\u00bb button_one_text_color__hover=\u00bbnull\u00bb button_two_text_color__hover_enabled=\u00bboff\u00bb button_two_text_color__hover=\u00bbnull\u00bb button_border_width__hover_enabled=\u00bboff\u00bb button_border_width__hover=\u00bbnull\u00bb button_one_border_width__hover_enabled=\u00bboff\u00bb button_one_border_width__hover=\u00bbnull\u00bb button_two_border_width__hover_enabled=\u00bboff\u00bb button_two_border_width__hover=\u00bbnull\u00bb button_border_color__hover_enabled=\u00bboff\u00bb button_border_color__hover=\u00bbnull\u00bb button_one_border_color__hover_enabled=\u00bboff\u00bb button_one_border_color__hover=\u00bbnull\u00bb button_two_border_color__hover_enabled=\u00bboff\u00bb button_two_border_color__hover=\u00bbnull\u00bb button_border_radius__hover_enabled=\u00bboff\u00bb button_border_radius__hover=\u00bbnull\u00bb button_one_border_radius__hover_enabled=\u00bboff\u00bb button_one_border_radius__hover=\u00bbnull\u00bb button_two_border_radius__hover_enabled=\u00bboff\u00bb button_two_border_radius__hover=\u00bbnull\u00bb button_letter_spacing__hover_enabled=\u00bboff\u00bb button_letter_spacing__hover=\u00bbnull\u00bb button_one_letter_spacing__hover_enabled=\u00bboff\u00bb button_one_letter_spacing__hover=\u00bbnull\u00bb button_two_letter_spacing__hover_enabled=\u00bboff\u00bb button_two_letter_spacing__hover=\u00bbnull\u00bb button_bg_color__hover_enabled=\u00bboff\u00bb button_bg_color__hover=\u00bbnull\u00bb button_one_bg_color__hover_enabled=\u00bboff\u00bb button_one_bg_color__hover=\u00bbnull\u00bb button_two_bg_color__hover_enabled=\u00bboff\u00bb button_two_bg_color__hover=\u00bbnull\u00bb][et_pb_slide heading=\u00bbPUERTAS ABIERTAS\u00bb button_text=\u00bbRESERVA TU CITA\u00bb button_link=\u00bbhttps:\/\/granada.salesianos.edu\/colegio\/jornadas-pa-general\/\u00bb _builder_version=\u00bb4.27.4&#8243; _module_preset=\u00bbdefault\u00bb header_level=\u00bbh1&#8243; header_text_align=\u00bbcenter\u00bb header_text_color=\u00bb#E02B20&#8243; header_font_size=\u00bb28px\u00bb header_letter_spacing=\u00bb0px\u00bb background_enable_color=\u00bboff\u00bb background_image=\u00bbhttps:\/\/granada.salesianos.edu\/colegio\/wp-content\/uploads\/sites\/2\/2026\/01\/Captura-de-pantalla-2026-01-19-a-las-8.51.48.png\u00bb background_enable_image=\u00bbon\u00bb custom_button=\u00bbon\u00bb button_text_size=\u00bb39px\u00bb button_text_color=\u00bb#FFFFFF\u00bb button_bg_color=\u00bb#E02B20&#8243; button_border_width=\u00bb0px\u00bb button_border_radius=\u00bb36px\u00bb button_icon_placement=\u00bbleft\u00bb button_alignment=\u00bbright\u00bb button_custom_margin=\u00bb489px||106px|-29px|false|false\u00bb text_orientation=\u00bbcenter\u00bb link_option_url=\u00bbhttps:\/\/granada.salesianos.edu\/colegio\/jornadas-pa-general\/\u00bb button_text_size_tablet=\u00bb39px\u00bb button_text_size_phone=\u00bb20px\u00bb button_text_size_last_edited=\u00bbon|phone\u00bb header_text_shadow_style=\u00bbpreset1&#8243; header_text_shadow_horizontal_length=\u00bb0.03em\u00bb border_radii_image_tablet=\u00bb\u00bb border_radii_image_phone=\u00bb\u00bb border_radii_image_last_edited=\u00bbon|phone\u00bb global_colors_info=\u00bb{}\u00bb sticky_transition=\u00bbon\u00bb][\/et_pb_slide][et_pb_slide heading=\u00bbCAMPA\u00d1A PASTORAL\u00bb button_text=\u00bbClics\u00bb image=\u00bbhttps:\/\/granada.salesianos.edu\/colegio\/wp-content\/uploads\/sites\/2\/2026\/01\/gemini-2.5-flash-image_transforma_esta_imagen_para_visionar_el_movil-0-1.jpg\u00bb _builder_version=\u00bb4.27.4&#8243; _module_preset=\u00bbdefault\u00bb header_level=\u00bbh1&#8243; header_text_color=\u00bb#E02B20&#8243; background_color=\u00bb#FFFFFF\u00bb background_enable_color=\u00bbon\u00bb global_colors_info=\u00bb{}\u00bb sticky_transition=\u00bbon\u00bb][\/et_pb_slide][et_pb_slide heading=\u00bbSalesianos Granada\u00bb button_text=\u00bbSaludo del Director del Colegio\u00bb button_link=\u00bbhttps:\/\/granada.salesianos.edu\/colegio\/saludo-del-director\/\u00bb image=\u00bbhttps:\/\/alicante.salesianos.edu\/wp-content\/uploads\/2017\/09\/logo_salesianos_portada-miin.png\u00bb use_bg_overlay=\u00bbon\u00bb use_text_overlay=\u00bboff\u00bb _builder_version=\u00bb4.27.4&#8243; header_font_size=\u00bb49px\u00bb body_font=\u00bbCalligraffitti||||\u00bb body_font_size=\u00bb34px\u00bb body_line_height=\u00bb1.1em\u00bb background_image=\u00bbhttps:\/\/granada.salesianos.edu\/colegio\/wp-content\/uploads\/sites\/2\/2017\/12\/Salesianos.jpg\u00bb custom_button=\u00bbon\u00bb button_text_size=\u00bb30px\u00bb button_text_color=\u00bb#ffffff\u00bb button_bg_color=\u00bb#bb0020&#8243; button_border_width=\u00bb0px\u00bb button_border_color=\u00bb#ffffff\u00bb button_border_radius=\u00bb3px\u00bb button_font=\u00bbAmatic SC|on|||\u00bb button_use_icon=\u00bbon\u00bb button_on_hover=\u00bbon\u00bb link_option_url=\u00bbhttps:\/\/granada.salesianos.edu\/colegio\/saludo-del-director\/\u00bb header_font_size_tablet=\u00bb49px\u00bb header_font_size_phone=\u00bb49px\u00bb body_font_size_tablet=\u00bb34px\u00bb body_font_size_phone=\u00bb34px\u00bb body_line_height_tablet=\u00bb1.1em\u00bb body_line_height_phone=\u00bb1.1em\u00bb button_text_size_tablet=\u00bb30px\u00bb button_text_size_phone=\u00bb30px\u00bb inline_fonts=\u00bbAmaranth\u00bb global_colors_info=\u00bb{}\u00bb sticky_transition=\u00bbon\u00bb]<\/p>\n<p style=\"text-align: center;\"><span style=\"font-size: xx-large;\"><em><span style=\"font-family: Almarai; font-weight: normal;\">Educamos con el coraz\u00f3n<\/span><\/em><\/span><\/p>\n<p>[\/et_pb_slide][et_pb_slide heading=\u00bbM\u00faltiples ramas\u00bb button_text=\u00bbDescubre el MJS en Granada\u00bb button_link=\u00bbhttps:\/\/granada.salesianos.edu\/centrojuvenil\/\u00bb image=\u00bbhttps:\/\/alicante.salesianos.edu\/wp-content\/uploads\/2017\/08\/logo_movimiento_juvenil_salesiano_portada-min.png\u00bb use_bg_overlay=\u00bbon\u00bb _builder_version=\u00bb4.27.4&#8243; header_font_size=\u00bb50px\u00bb body_font_size=\u00bb30px\u00bb background_image=\u00bbhttps:\/\/alicante.salesianos.edu\/wp-content\/uploads\/2017\/08\/portada_arbol_mjs-min.jpg\u00bb custom_button=\u00bbon\u00bb button_text_size=\u00bb30px\u00bb button_text_color=\u00bb#ffffff\u00bb button_bg_color=\u00bb#ff234f\u00bb button_border_width=\u00bb0px\u00bb button_font=\u00bbAmatic SC|on|||\u00bb global_colors_info=\u00bb{}\u00bb sticky_transition=\u00bbon\u00bb]<\/p>\n<p>Mismas raices<\/p>\n<p>[\/et_pb_slide][et_pb_slide button_text=\u00bbCONOCE NUESTRA OFERTA\u00bb button_link=\u00bbhttps:\/\/granada.salesianos.edu\/colegio\/extraescolares\/\u00bb image=\u00bbhttps:\/\/granada.salesianos.edu\/colegio\/wp-content\/uploads\/sites\/2\/2026\/01\/gemini-2.5-flash-image_adapta_esta_imagen_a_formato_2_3_para_visionar_en_movil-0.jpg\u00bb _builder_version=\u00bb4.27.4&#8243; _module_preset=\u00bbdefault\u00bb background_color=\u00bb#FFFFFF\u00bb background_enable_color=\u00bbon\u00bb custom_button=\u00bbon\u00bb button_text_color=\u00bb#FFFFFF\u00bb button_bg_color=\u00bb#E02B20&#8243; button_border_radius=\u00bb23px\u00bb button_alignment=\u00bbcenter\u00bb button_custom_margin=\u00bb-44px||6px||false|false\u00bb link_option_url=\u00bbhttps:\/\/granada.salesianos.edu\/colegio\/extraescolares\/\u00bb global_colors_info=\u00bb{}\u00bb sticky_transition=\u00bbon\u00bb][\/et_pb_slide][\/et_pb_fullwidth_slider][\/et_pb_section][et_pb_section fb_built=\u00bb1&#8243; disabled_on=\u00bboff|off|off\u00bb module_id=\u00bbportada\u00bb _builder_version=\u00bb4.16&#8243; custom_padding=\u00bb0px|0px|0px|0px\u00bb collapsed=\u00bboff\u00bb global_colors_info=\u00bb{}\u00bb][et_pb_row disabled_on=\u00bbon|on|on\u00bb _builder_version=\u00bb4.18.0&#8243; _module_preset=\u00bbdefault\u00bb disabled=\u00bbon\u00bb global_colors_info=\u00bb{}\u00bb][et_pb_column type=\u00bb4_4&#8243; _builder_version=\u00bb4.17.4&#8243; _module_preset=\u00bbdefault\u00bb global_colors_info=\u00bb{}\u00bb][et_pb_text _builder_version=\u00bb4.25.1&#8243; custom_margin=\u00bb60px||||false|false\u00bb locked=\u00bboff\u00bb global_colors_info=\u00bb{}\u00bb]<\/p>\n<h4 style=\"text-align: center;\"><span style=\"color: #333333; font-size: x-large;\"><strong>LIBROS CURSO 23-24<\/strong><\/span><\/h4>\n<p>[\/et_pb_text][et_pb_divider divider_weight=\u00bb2px\u00bb _builder_version=\u00bb4.16&#8243; width=\u00bb66%\u00bb custom_margin=\u00bb-17px|||181px|false|false\u00bb custom_margin_tablet=\u00bb|||105px|false|false\u00bb custom_margin_phone=\u00bb|||64px|false|false\u00bb custom_margin_last_edited=\u00bbon|tablet\u00bb locked=\u00bboff\u00bb global_colors_info=\u00bb{}\u00bb][\/et_pb_divider][\/et_pb_column][\/et_pb_row][et_pb_row _builder_version=\u00bb4.16&#8243; locked=\u00bboff\u00bb global_colors_info=\u00bb{}\u00bb][et_pb_column type=\u00bb4_4&#8243; _builder_version=\u00bb4.16&#8243; global_colors_info=\u00bb{}\u00bb][et_pb_text disabled_on=\u00bbon|on|on\u00bb admin_label=\u00bbTexto\u00bb _builder_version=\u00bb4.27.4&#8243; background_color=\u00bb#e02b20&#8243; width=\u00bb100%\u00bb min_height=\u00bb50px\u00bb custom_margin=\u00bb-2px|||||\u00bb custom_padding=\u00bb8px||0px|28px||\u00bb disabled=\u00bbon\u00bb inline_fonts=\u00bbAbril Fatface\u00bb global_colors_info=\u00bb{}\u00bb]<\/p>\n<h2 style=\"text-align: center;\"><span style=\"font-size: x-large;\"><em><span style=\"color: #ffffff;\"><span style=\"font-family: inherit;\">Descubre por qu\u00e9 estudiar en Salesianos Granada<\/span><\/span><\/em><\/span><\/h2>\n<p>[\/et_pb_text][et_pb_text _builder_version=\u00bb4.27.4&#8243; background_color=\u00bb#ffffff\u00bb custom_padding=\u00bb1px||0px|||\u00bb link_option_url=\u00bbhttps:\/\/granada.salesianos.edu\/colegio\/75aniversario\/\u00bb border_width_all=\u00bb2px\u00bb border_color_all=\u00bb#e02b20&#8243; global_colors_info=\u00bb{}\u00bb]<\/p>\n<h2 style=\"text-align: center;\"><em><span style=\"font-size: x-large;\">M\u00e1s de 75 A\u00f1os de Historia en Granada. Identidad Salesiana<\/span><\/em><\/h2>\n<p>[\/et_pb_text][et_pb_text _builder_version=\u00bb4.27.4&#8243; custom_margin=\u00bb60px||||false|false\u00bb global_colors_info=\u00bb{}\u00bb]<\/p>\n<h4 style=\"text-align: center;\"><span style=\"color: #333333; font-size: x-large;\"><strong>OFERTA EDUCATIVA\u00a0<\/strong><\/span><\/h4>\n<p>[\/et_pb_text][et_pb_divider divider_weight=\u00bb2px\u00bb _builder_version=\u00bb4.16&#8243; width=\u00bb66%\u00bb custom_margin=\u00bb-17px|||181px|false|false\u00bb custom_margin_tablet=\u00bb|||105px|false|false\u00bb custom_margin_phone=\u00bb|||64px|false|false\u00bb custom_margin_last_edited=\u00bbon|tablet\u00bb global_colors_info=\u00bb{}\u00bb][\/et_pb_divider][et_pb_text disabled_on=\u00bbon|on|on\u00bb _builder_version=\u00bb4.27.4&#8243; text_orientation=\u00bbcenter\u00bb custom_margin=\u00bb-22px||||false|false\u00bb custom_padding=\u00bb0px||||false|false\u00bb disabled=\u00bbon\u00bb global_colors_info=\u00bb{}\u00bb]<\/p>\n<div class=\"page\" title=\"Page 4\">\n<div class=\"section\">\n<div class=\"layoutArea\">\n<div class=\"column\">\n<p><span style=\"font-size: large;\"><em>En Salesianos Granada ofrecemos las siguientes etapas educativas:<\/em><\/span><\/p>\n<\/div>\n<\/div>\n<\/div>\n<\/div>\n<p>[\/et_pb_text][\/et_pb_column][\/et_pb_row][et_pb_row column_structure=\u00bb1_3,1_3,1_3&#8243; _builder_version=\u00bb4.27.4&#8243; background_enable_color=\u00bboff\u00bb use_background_color_gradient=\u00bbon\u00bb background_color_gradient_type=\u00bbelliptical\u00bb background_color_gradient_stops=\u00bb#e02b20 0%|#ffffff 65%\u00bb background_size=\u00bbinitial\u00bb background_position=\u00bbtop_left\u00bb background_repeat=\u00bbrepeat\u00bb min_height=\u00bb384.1px\u00bb custom_margin=\u00bb-21px||||false|false\u00bb custom_padding=\u00bb27px||0px|||\u00bb locked=\u00bboff\u00bb global_colors_info=\u00bb{}\u00bb][et_pb_column type=\u00bb1_3&#8243; _builder_version=\u00bb4.16&#8243; custom_padding=\u00bb|||\u00bb global_colors_info=\u00bb{}\u00bb custom_padding__hover=\u00bb|||\u00bb][et_pb_image src=\u00bbhttps:\/\/granada.salesianos.edu\/colegio\/wp-content\/uploads\/sites\/2\/2021\/06\/infantil-1.jpeg\u00bb _builder_version=\u00bb4.27.4&#8243; border_radii=\u00bbon|31px|31px|31px|31px\u00bb border_color_all=\u00bb#0c71c3&#8243; border_width_bottom=\u00bb50px\u00bb border_color_bottom=\u00bb#e02b20&#8243; box_shadow_style=\u00bbpreset2&#8243; box_shadow_horizontal=\u00bb16px\u00bb global_colors_info=\u00bb{}\u00bb][\/et_pb_image][et_pb_text _builder_version=\u00bb4.16&#8243; custom_margin=\u00bb-54px||||false|false\u00bb custom_margin_tablet=\u00bb\u00bb custom_margin_phone=\u00bb\u00bb custom_margin_last_edited=\u00bbon|tablet\u00bb link_option_url=\u00bbhttps:\/\/granada.salesianos.edu\/colegio\/infantil\/\u00bb text_text_shadow_style=\u00bbpreset1&#8243; global_colors_info=\u00bb{}\u00bb]<\/p>\n<h4 style=\"text-align: center;\"><span style=\"color: #ffffff;\"><strong>EDUCACI\u00d3N INFANTIL\u00a0<\/strong><\/span><\/h4>\n<p>[\/et_pb_text][\/et_pb_column][et_pb_column type=\u00bb1_3&#8243; _builder_version=\u00bb4.16&#8243; custom_padding=\u00bb|||\u00bb global_colors_info=\u00bb{}\u00bb custom_padding__hover=\u00bb|||\u00bb][et_pb_image src=\u00bbhttps:\/\/granada.salesianos.edu\/colegio\/wp-content\/uploads\/sites\/2\/2021\/06\/primaria-1-scaled.jpg\u00bb _builder_version=\u00bb4.27.4&#8243; height=\u00bb251px\u00bb custom_margin=\u00bb||25px||false|false\u00bb border_radii=\u00bboff|31px|31px|31px|31px\u00bb border_color_all=\u00bb#0c71c3&#8243; border_width_bottom=\u00bb50px\u00bb border_color_bottom=\u00bb#e02b20&#8243; box_shadow_style=\u00bbpreset2&#8243; box_shadow_horizontal=\u00bb16px\u00bb global_colors_info=\u00bb{}\u00bb][\/et_pb_image][et_pb_text _builder_version=\u00bb4.16&#8243; min_height=\u00bb3px\u00bb custom_margin=\u00bb-63px||-30px||false|false\u00bb link_option_url=\u00bbhttps:\/\/granada.salesianos.edu\/colegio\/primaria\/\u00bb text_text_shadow_style=\u00bbpreset1&#8243; global_colors_info=\u00bb{}\u00bb]<\/p>\n<h4 style=\"text-align: center;\"><span style=\"color: #ffffff;\"><strong>EDUCACI\u00d3N PRIMARIA\u00a0<\/strong><\/span><\/h4>\n<p>[\/et_pb_text][\/et_pb_column][et_pb_column type=\u00bb1_3&#8243; _builder_version=\u00bb4.16&#8243; global_colors_info=\u00bb{}\u00bb][et_pb_image src=\u00bbhttps:\/\/granada.salesianos.edu\/colegio\/wp-content\/uploads\/sites\/2\/2018\/04\/IMG_2293.jpeg\u00bb _builder_version=\u00bb4.27.4&#8243; width=\u00bb100%\u00bb max_width=\u00bb100%\u00bb min_height=\u00bb253px\u00bb custom_margin_tablet=\u00bb\u00bb custom_margin_phone=\u00bb28px||||false|false\u00bb custom_margin_last_edited=\u00bbon|tablet\u00bb border_radii=\u00bbon|31px|31px|31px|31px\u00bb border_color_all=\u00bb#0c71c3&#8243; border_width_bottom=\u00bb50px\u00bb border_color_bottom=\u00bb#e02b20&#8243; box_shadow_style=\u00bbpreset2&#8243; box_shadow_horizontal=\u00bb16px\u00bb global_colors_info=\u00bb{}\u00bb][\/et_pb_image][et_pb_text _builder_version=\u00bb4.16&#8243; custom_margin=\u00bb-54px|1px|-17px||false|false\u00bb link_option_url=\u00bbhttps:\/\/granada.salesianos.edu\/colegio\/eso\/\u00bb text_text_shadow_style=\u00bbpreset1&#8243; global_colors_info=\u00bb{}\u00bb]<\/p>\n<h4 style=\"text-align: center;\"><span style=\"color: #ffffff; font-size: large;\"><strong>ESO\u00a0<\/strong><\/span><\/h4>\n<p>[\/et_pb_text][\/et_pb_column][\/et_pb_row][et_pb_row column_structure=\u00bb1_3,1_3,1_3&#8243; _builder_version=\u00bb4.27.4&#8243; use_background_color_gradient=\u00bbon\u00bb background_color_gradient_type=\u00bbelliptical\u00bb background_color_gradient_stops=\u00bb#e02b20 0%|#ffffff 62%\u00bb background_size=\u00bbinitial\u00bb background_position=\u00bbtop_left\u00bb background_repeat=\u00bbrepeat\u00bb min_height=\u00bb384.1px\u00bb custom_margin=\u00bb18px||||false|false\u00bb custom_padding=\u00bb27px||0px|||\u00bb locked=\u00bboff\u00bb global_colors_info=\u00bb{}\u00bb][et_pb_column type=\u00bb1_3&#8243; _builder_version=\u00bb4.16&#8243; custom_padding=\u00bb|||\u00bb global_colors_info=\u00bb{}\u00bb custom_padding__hover=\u00bb|||\u00bb][et_pb_image src=\u00bbhttps:\/\/granada.salesianos.edu\/colegio\/wp-content\/uploads\/sites\/2\/2018\/06\/IMG-20180518-WA0019-1.jpg\u00bb _builder_version=\u00bb4.27.4&#8243; border_radii=\u00bbon|31px|31px|31px|31px\u00bb border_color_all=\u00bb#0c71c3&#8243; border_width_bottom=\u00bb50px\u00bb border_color_bottom=\u00bb#e02b20&#8243; box_shadow_style=\u00bbpreset2&#8243; box_shadow_horizontal=\u00bb16px\u00bb global_colors_info=\u00bb{}\u00bb][\/et_pb_image][et_pb_text _builder_version=\u00bb4.16&#8243; custom_margin=\u00bb-51px||||false|false\u00bb custom_margin_tablet=\u00bb\u00bb custom_margin_phone=\u00bb-63px||||false|false\u00bb custom_margin_last_edited=\u00bbon|phone\u00bb link_option_url=\u00bbhttps:\/\/granada.salesianos.edu\/colegio\/fpbe\/\u00bb text_text_shadow_style=\u00bbpreset1&#8243; global_colors_info=\u00bb{}\u00bb]<\/p>\n<h4 style=\"text-align: center;\"><span style=\"color: #ffffff;\"><strong>F.P.B ELECTRICIDAD<\/strong><\/span><\/h4>\n<p>[\/et_pb_text][\/et_pb_column][et_pb_column type=\u00bb1_3&#8243; _builder_version=\u00bb4.16&#8243; custom_padding=\u00bb|||\u00bb global_colors_info=\u00bb{}\u00bb custom_padding__hover=\u00bb|||\u00bb][et_pb_image src=\u00bbhttps:\/\/granada.salesianos.edu\/colegio\/wp-content\/uploads\/sites\/2\/2021\/06\/BACH4.jpg\u00bb url=\u00bbhttps:\/\/granada.salesianos.edu\/colegio\/bachillerato-concertado\/\u00bb url_new_window=\u00bbon\u00bb _builder_version=\u00bb4.27.4&#8243; height=\u00bb251px\u00bb border_radii=\u00bbon|31px|31px|31px|31px\u00bb border_color_all=\u00bb#0c71c3&#8243; border_width_bottom=\u00bb50px\u00bb border_color_bottom=\u00bb#e02b20&#8243; box_shadow_style=\u00bbpreset2&#8243; box_shadow_horizontal=\u00bb16px\u00bb global_colors_info=\u00bb{}\u00bb][\/et_pb_image][et_pb_text _builder_version=\u00bb4.27.2&#8243; custom_margin=\u00bb-52px||-30px||false|false\u00bb custom_margin_tablet=\u00bb\u00bb custom_margin_phone=\u00bb\u00bb custom_margin_last_edited=\u00bbon|phone\u00bb link_option_url=\u00bbhttps:\/\/granada.salesianos.edu\/colegio\/bachillerato-concertado\/\u00bb text_text_shadow_style=\u00bbpreset1&#8243; global_colors_info=\u00bb{}\u00bb]<\/p>\n<h4 style=\"text-align: center;\"><span style=\"color: #ffffff;\"><strong>BACHILLERATO CONCERTADO<\/strong><\/span><\/h4>\n<p>[\/et_pb_text][\/et_pb_column][et_pb_column type=\u00bb1_3&#8243; _builder_version=\u00bb4.16&#8243; global_colors_info=\u00bb{}\u00bb][et_pb_image src=\u00bbhttps:\/\/granada.salesianos.edu\/colegio\/wp-content\/uploads\/sites\/2\/2021\/06\/GRADOS-scaled.jpg\u00bb _builder_version=\u00bb4.27.4&#8243; width=\u00bb100%\u00bb max_width=\u00bb100%\u00bb min_height=\u00bb253px\u00bb custom_margin_tablet=\u00bb\u00bb custom_margin_phone=\u00bb23px||||false|false\u00bb custom_margin_last_edited=\u00bbon|phone\u00bb border_radii=\u00bbon|31px|31px|31px|31px\u00bb border_color_all=\u00bb#0c71c3&#8243; border_width_bottom=\u00bb50px\u00bb border_color_bottom=\u00bb#e02b20&#8243; box_shadow_style=\u00bbpreset2&#8243; box_shadow_horizontal=\u00bb16px\u00bb global_colors_info=\u00bb{}\u00bb][\/et_pb_image][et_pb_text disabled_on=\u00bboff|off|off\u00bb _builder_version=\u00bb4.27.4&#8243; custom_margin=\u00bb-52px||||false|false\u00bb custom_margin_tablet=\u00bb\u00bb custom_margin_phone=\u00bb-62px||||false|false\u00bb custom_margin_last_edited=\u00bbon|phone\u00bb link_option_url=\u00bbhttps:\/\/granada.salesianos.edu\/colegio\/ciclos-formativos\/\u00bb text_text_shadow_style=\u00bbpreset1&#8243; global_colors_info=\u00bb{}\u00bb]<\/p>\n<h4 style=\"text-align: center;\"><span style=\"color: #ffffff; font-size: large;\"><strong>FORMACI\u00d3N PROFESIONAL\u00a0<\/strong><\/span><\/h4>\n<p>[\/et_pb_text][\/et_pb_column][\/et_pb_row][et_pb_row _builder_version=\u00bb4.27.4&#8243; _module_preset=\u00bbdefault\u00bb global_colors_info=\u00bb{}\u00bb][et_pb_column type=\u00bb4_4&#8243; _builder_version=\u00bb4.27.4&#8243; _module_preset=\u00bbdefault\u00bb global_colors_info=\u00bb{}\u00bb][et_pb_image src=\u00bbhttps:\/\/granada.salesianos.edu\/colegio\/wp-content\/uploads\/sites\/2\/2025\/10\/imagen-metodologia-2.jpg\u00bb title_text=\u00bbimagen metodologia\u00bb _builder_version=\u00bb4.27.4&#8243; _module_preset=\u00bbdefault\u00bb box_shadow_style=\u00bbpreset2&#8243; global_colors_info=\u00bb{}\u00bb][\/et_pb_image][\/et_pb_column][\/et_pb_row][et_pb_row disabled_on=\u00bbon|on|on\u00bb _builder_version=\u00bb4.27.4&#8243; disabled=\u00bbon\u00bb global_colors_info=\u00bb{}\u00bb][et_pb_column type=\u00bb4_4&#8243; _builder_version=\u00bb4.16&#8243; global_colors_info=\u00bb{}\u00bb][et_pb_text _builder_version=\u00bb4.27.4&#8243; global_colors_info=\u00bb{}\u00bb]<\/p>\n<div class=\"page\" title=\"Page 2\">\n<div class=\"section\">\n<div class=\"layoutArea\">\n<div class=\"column\">\n<p><span style=\"font-size: large;\"><em>En Salesianos Granada podra\u0301s descubrir una escuela en constante movimiento que crece junto a los jo\u0301venes apostando por nuevas metodologi\u0301as y nuevas tecnologi\u0301as donde el acompan\u0303amiento al alumnado nos hace diferentes.<\/em><\/span><\/p>\n<\/div>\n<\/div>\n<\/div>\n<\/div>\n<p>[\/et_pb_text][\/et_pb_column][\/et_pb_row][et_pb_row column_structure=\u00bb1_4,1_4,1_4,1_4&#8243; use_custom_gutter=\u00bbon\u00bb make_equal=\u00bbon\u00bb disabled_on=\u00bbon|on|on\u00bb _builder_version=\u00bb4.27.4&#8243; custom_padding=\u00bb||||false|false\u00bb border_width_right=\u00bb26px\u00bb border_color_right=\u00bb#e5e5e5&#8243; border_width_left=\u00bb26px\u00bb border_color_left=\u00bbrgba(219,219,219,0.77)\u00bb disabled=\u00bbon\u00bb global_colors_info=\u00bb{}\u00bb][et_pb_column type=\u00bb1_4&#8243; _builder_version=\u00bb4.16&#8243; global_colors_info=\u00bb{}\u00bb][et_pb_text _builder_version=\u00bb4.16&#8243; width=\u00bb99%\u00bb min_height=\u00bb100px\u00bb custom_margin=\u00bb|-13px||||\u00bb global_colors_info=\u00bb{}\u00bb]<\/p>\n<h4><span style=\"font-size: medium; color: #000000;\">Educaci\u00f3n en Valores<\/span><\/h4>\n<p><span style=\"font-size: small;\">Nuestra misi\u00f3n es hacer de nuestro alumnado \u00abbuenos cristianos y honrados ciudadanos\u00bb. Para ello, creemos que la educaci\u00f3n cristiana y en valores es imprescindible para su formaci\u00f3n.<\/span><br \/>\n[\/et_pb_text][et_pb_text _builder_version=\u00bb4.16&#8243; min_height=\u00bb100px\u00bb custom_margin=\u00bb|-13px||||\u00bb global_colors_info=\u00bb{}\u00bb]<\/p>\n<p><strong><span style=\"font-size: medium; color: #000000;\">Bachillerato Concertado<\/span><\/strong><\/p>\n<p><span style=\"font-size: small;\">Al igual que las etapas de Primaria, E.S.O y Ciclos Formativos, nuestro Bachillerato es una educaci\u00f3n concertada.<\/span><\/p>\n<p>[\/et_pb_text][et_pb_text _builder_version=\u00bb4.16&#8243; min_height=\u00bb145px\u00bb custom_margin=\u00bb-14px|-13px|||false|false\u00bb global_colors_info=\u00bb{}\u00bb]<\/p>\n<p><strong><span style=\"font-size: medium; color: #000000;\">Ense\u00f1anza de Idiomas<\/span><\/strong><\/p>\n<p><span style=\"font-size: small;\">Os presentamos una escuela abierta al pluriling\u00fcismo, a Europa y al mundo. Promovemos la ense\u00f1anza de las lenguas, los intercambios y la pr\u00e1cticas formativas en otros pa\u00edses.<\/span><\/p>\n<p>[\/et_pb_text][et_pb_text _builder_version=\u00bb4.16&#8243; min_height=\u00bb100px\u00bb custom_margin=\u00bb-17px|-13px|||false|false\u00bb custom_padding=\u00bb16px||||false|false\u00bb global_colors_info=\u00bb{}\u00bb]<\/p>\n<p><strong><span style=\"font-size: medium; color: #000000;\">Cuidado del Planeta<\/span><\/strong><\/p>\n<p><span style=\"font-size: small;\">Desde las edades m\u00e1s tempranas ense\u00f1amos a nuestro alumnado a convivir y proteger nuestro planeta a trav\u00e9s de actividades relacionadas con el ecologismo, programas y el cuidado de nuestro huerto.<\/span><\/p>\n<p>[\/et_pb_text][\/et_pb_column][et_pb_column type=\u00bb1_4&#8243; _builder_version=\u00bb4.16&#8243; global_colors_info=\u00bb{}\u00bb][et_pb_image src=\u00bbhttps:\/\/granada.salesianos.edu\/colegio\/wp-content\/uploads\/sites\/2\/2021\/05\/VALORES-scaled.jpg\u00bb _builder_version=\u00bb4.16&#8243; width=\u00bb40%\u00bb custom_margin=\u00bb38px||||false|false\u00bb global_colors_info=\u00bb{}\u00bb][\/et_pb_image][et_pb_image src=\u00bbhttps:\/\/granada.salesianos.edu\/colegio\/wp-content\/uploads\/sites\/2\/2021\/05\/BACH-scaled.jpg\u00bb _builder_version=\u00bb4.16&#8243; width=\u00bb40%\u00bb custom_margin=\u00bb48px||||false|false\u00bb global_colors_info=\u00bb{}\u00bb][\/et_pb_image][et_pb_image src=\u00bbhttps:\/\/granada.salesianos.edu\/colegio\/wp-content\/uploads\/sites\/2\/2021\/05\/IDIOMAS2-scaled.jpg\u00bb _builder_version=\u00bb4.16&#8243; width=\u00bb40%\u00bb custom_margin=\u00bb45px||||false|false\u00bb global_colors_info=\u00bb{}\u00bb][\/et_pb_image][et_pb_image src=\u00bbhttps:\/\/granada.salesianos.edu\/colegio\/wp-content\/uploads\/sites\/2\/2021\/05\/PLANETA-scaled.jpg\u00bb _builder_version=\u00bb4.16&#8243; width=\u00bb40%\u00bb custom_margin=\u00bb69px||||false|false\u00bb global_colors_info=\u00bb{}\u00bb][\/et_pb_image][\/et_pb_column][et_pb_column type=\u00bb1_4&#8243; _builder_version=\u00bb4.16&#8243; global_colors_info=\u00bb{}\u00bb][et_pb_text _builder_version=\u00bb4.16&#8243; min_height=\u00bb100px\u00bb custom_margin=\u00bb|-13px||||\u00bb global_colors_info=\u00bb{}\u00bb]<\/p>\n<h4><strong><span style=\"font-size: medium; color: #000000;\">Nuevas Metodolog\u00edas<\/span><\/strong><\/h4>\n<p><span style=\"font-size: small;\">Fomentamos, a trav\u00e9s de diferentes metodolog\u00edas, la participaci\u00f3n del alumnado, su curiosidad y creatividad. Promovemos la autonom\u00eda, la cultura del esfuerzo y el trabajo cooperativo.<\/span><\/p>\n<h4><span style=\"font-size: small;\">\u200b<\/span><\/h4>\n<p>[\/et_pb_text][et_pb_text _builder_version=\u00bb4.16&#8243; min_height=\u00bb145px\u00bb custom_margin=\u00bb-49px|-13px|||false|false\u00bb custom_padding=\u00bb16px||||false|false\u00bb global_colors_info=\u00bb{}\u00bb]<strong><span style=\"font-size: medium; color: #000000;\">Formaci\u00f3n Profesional Dual<\/span><\/strong><\/p>\n<p><span style=\"font-size: small;\">Descubre la Formaci\u00f3n Profesional Dual de las familias de Electricidad y Electr\u00f3nica y Administraci\u00f3n y Gesti\u00f3n. Empieza a conocer desde los inicios el funcionamiento de las empresas.\u00a0<\/span><br \/>\n[\/et_pb_text][et_pb_text _builder_version=\u00bb4.16&#8243; min_height=\u00bb145px\u00bb custom_margin=\u00bb-24px|-13px|||false|false\u00bb custom_padding=\u00bb16px||||false|false\u00bb global_colors_info=\u00bb{}\u00bb]<\/p>\n<p><strong><span style=\"font-size: medium; color: #000000;\">Profesorado Comprometido<\/span><\/strong><\/p>\n<p><span style=\"font-size: small;\">El alumnado cuenta con el apoyo tanto de su tutor como del resto del profesorado que participan activamente en el crecimiento de los j\u00f3venes.\u00a0<\/span><\/p>\n<p>[\/et_pb_text][et_pb_text _builder_version=\u00bb4.16&#8243; min_height=\u00bb145px\u00bb custom_margin=\u00bb-27px|-13px|||false|false\u00bb custom_padding=\u00bb16px||||false|false\u00bb global_colors_info=\u00bb{}\u00bb]<strong><span style=\"font-size: medium; color: #000000;\">H\u00e1bitos de Vida Saludable\u00a0<\/span><\/strong><\/p>\n<p><span style=\"font-size: small;\">Nos preocupamos por la alimentaci\u00f3n de nuestro alumnado. Por este motivo, el men\u00fa del comedor est\u00e1 pensado para ser sano y equilibrado. Adem\u00e1s, estamos trabajando con varios proyectos que potencia h\u00e1bitos de vida saludable.\u00a0<\/span><br \/>\n[\/et_pb_text][\/et_pb_column][et_pb_column type=\u00bb1_4&#8243; _builder_version=\u00bb4.16&#8243; global_colors_info=\u00bb{}\u00bb][et_pb_image src=\u00bbhttps:\/\/granada.salesianos.edu\/colegio\/wp-content\/uploads\/sites\/2\/2021\/06\/robot-scaled.jpg\u00bb _builder_version=\u00bb4.16&#8243; width=\u00bb40%\u00bb custom_margin=\u00bb31px||||false|false\u00bb global_colors_info=\u00bb{}\u00bb][\/et_pb_image][et_pb_image src=\u00bbhttps:\/\/granada.salesianos.edu\/colegio\/wp-content\/uploads\/sites\/2\/2021\/06\/fpdual-scaled.jpg\u00bb _builder_version=\u00bb4.16&#8243; width=\u00bb40%\u00bb custom_margin=\u00bb55px||||false|false\u00bb global_colors_info=\u00bb{}\u00bb][\/et_pb_image][et_pb_image src=\u00bbhttps:\/\/granada.salesianos.edu\/colegio\/wp-content\/uploads\/sites\/2\/2021\/06\/profes-scaled.jpg\u00bb _builder_version=\u00bb4.16&#8243; width=\u00bb40%\u00bb custom_margin=\u00bb45px||||false|false\u00bb global_colors_info=\u00bb{}\u00bb][\/et_pb_image][et_pb_image src=\u00bbhttps:\/\/granada.salesianos.edu\/colegio\/wp-content\/uploads\/sites\/2\/2021\/06\/saludable-scaled.jpg\u00bb _builder_version=\u00bb4.16&#8243; width=\u00bb40%\u00bb custom_margin=\u00bb56px||||false|false\u00bb global_colors_info=\u00bb{}\u00bb][\/et_pb_image][\/et_pb_column][\/et_pb_row][et_pb_row _builder_version=\u00bb4.20.0&#8243; custom_margin=\u00bb||||false|false\u00bb locked=\u00bboff\u00bb global_colors_info=\u00bb{}\u00bb][et_pb_column type=\u00bb4_4&#8243; _builder_version=\u00bb4.16&#8243; global_colors_info=\u00bb{}\u00bb][et_pb_text _builder_version=\u00bb4.16&#8243; custom_margin=\u00bb60px||||false|false\u00bb global_colors_info=\u00bb{}\u00bb]<\/p>\n<h4 style=\"text-align: center;\"><span style=\"color: #333333; font-size: x-large;\"><strong>ACTUALIDAD<\/strong><\/span><\/h4>\n<p>[\/et_pb_text][et_pb_divider divider_weight=\u00bb2px\u00bb _builder_version=\u00bb4.16&#8243; width=\u00bb66%\u00bb custom_margin=\u00bb-17px|||181px|false|false\u00bb custom_margin_tablet=\u00bb\u00bb custom_margin_phone=\u00bb|||68px|false|false\u00bb custom_margin_last_edited=\u00bbon|phone\u00bb global_colors_info=\u00bb{}\u00bb][\/et_pb_divider][et_pb_text disabled_on=\u00bbon|on|on\u00bb _builder_version=\u00bb4.27.4&#8243; text_orientation=\u00bbcenter\u00bb custom_margin=\u00bb-22px||||false|false\u00bb custom_padding=\u00bb0px||||false|false\u00bb disabled=\u00bbon\u00bb global_colors_info=\u00bb{}\u00bb]<\/p>\n<div class=\"page\" title=\"Page 4\">\n<div class=\"section\">\n<div class=\"layoutArea\">\n<div class=\"column\">\n<p><span style=\"font-size: large;\"><em>Aqu\u00ed podr\u00e1s saber las \u00faltimas noticias, conocer todos los proyectos de nuestro alumnado y novedades en Redes Sociales.\u00a0<\/em><\/span><\/p>\n<\/div>\n<\/div>\n<\/div>\n<\/div>\n<p>[\/et_pb_text][\/et_pb_column][\/et_pb_row][et_pb_row _builder_version=\u00bb4.16&#8243; custom_margin=\u00bb-19px||||false|false\u00bb global_colors_info=\u00bb{}\u00bb][et_pb_column type=\u00bb4_4&#8243; _builder_version=\u00bb4.16&#8243; global_colors_info=\u00bb{}\u00bb][et_pb_text admin_label=\u00bbNoticias de la casa (Texto)\u00bb _builder_version=\u00bb4.16&#8243; text_font=\u00bbArial||||\u00bb text_text_color=\u00bb#636a70&#8243; text_font_size=\u00bb22&#8243; text_line_height=\u00bb1.6em\u00bb header_font=\u00bbArial||||\u00bb header_text_color=\u00bb#636a70&#8243; header_font_size=\u00bb46px\u00bb background_size=\u00bbinitial\u00bb background_position=\u00bbtop_left\u00bb background_repeat=\u00bbrepeat\u00bb custom_margin=\u00bb||25px|\u00bb custom_padding=\u00bb|||\u00bb saved_tabs=\u00bball\u00bb global_colors_info=\u00bb{}\u00bb]<\/p>\n<p class=\"\"><strong>Noticias de la Casa<\/strong><strong><img loading=\"lazy\" decoding=\"async\" class=\"wp-image-1598 alignleft\" src=\"https:\/\/alicante.salesianos.edu\/wp-content\/uploads\/2017\/03\/Captura-de-pantalla-2017-05-24-a-las-13.27.09.png\" alt=\"\" width=\"29\" height=\"30\" \/><\/strong><\/p>\n<p>[\/et_pb_text][et_pb_blog fullwidth=\u00bboff\u00bb posts_number=\u00bb3&#8243; include_categories=\u00bb11,12,13,1,10,27,19,20,21,26,22,25,30,28,23&#8243; meta_date=\u00bbj M, Y\u00bb show_more=\u00bbon\u00bb show_author=\u00bboff\u00bb show_categories=\u00bboff\u00bb show_comments=\u00bbon\u00bb show_pagination=\u00bboff\u00bb use_overlay=\u00bbon\u00bb overlay_icon_color=\u00bb#e02b20&#8243; disabled_on=\u00bboff|on|off\u00bb admin_label=\u00bbUltimas noticias (Blog)\u00bb _builder_version=\u00bb4.27.4&#8243; header_font=\u00bb|on|||\u00bb header_text_color=\u00bb#c9361c\u00bb header_font_size=\u00bb16&#8243; header_line_height=\u00bb1.2em\u00bb body_font=\u00bb||||\u00bb body_font_size=\u00bb12px\u00bb body_line_height=\u00bb1.5em\u00bb meta_font=\u00bb||on||\u00bb meta_font_size=\u00bb12&#8243; meta_line_height=\u00bb1.5em\u00bb animation_style=\u00bbfold\u00bb body_font_size_last_edited=\u00bboff|\u00bb pagination_font_size_tablet=\u00bb51&#8243; pagination_line_height_tablet=\u00bb2&#8243; border_radii=\u00bbon|17px|17px|17px|17px\u00bb border_width_all=\u00bb0px\u00bb border_color_all_fullwidth=\u00bb#d8d8d8&#8243; box_shadow_style=\u00bbpreset2&#8243; box_shadow_horizontal=\u00bb8px\u00bb box_shadow_spread=\u00bb-4px\u00bb use_border_color=\u00bbon\u00bb saved_tabs=\u00bball\u00bb global_colors_info=\u00bb{}\u00bb][\/et_pb_blog][et_pb_button button_url=\u00bbhttps:\/\/granada.salesianos.edu\/noticias\/\u00bb button_text=\u00bbVer todas las noticias\u00bb button_alignment=\u00bbright\u00bb admin_label=\u00bbColegio\u00bb _builder_version=\u00bb4.27.4&#8243; custom_button=\u00bbon\u00bb button_text_size=\u00bb19px\u00bb button_text_color=\u00bb#dc001b\u00bb button_border_width=\u00bb1px\u00bb button_border_color=\u00bb#dc001b\u00bb button_border_radius=\u00bb100px\u00bb button_font=\u00bb||||\u00bb button_icon=\u00bb&#x35;||divi||400&#8243; background_layout=\u00bbdark\u00bb custom_margin_tablet=\u00bb\u00bb custom_margin_phone=\u00bb|53px||0px|false|false\u00bb custom_margin_last_edited=\u00bbon|phone\u00bb global_colors_info=\u00bb{}\u00bb button_text_size__hover_enabled=\u00bboff\u00bb button_text_size__hover=\u00bbnull\u00bb button_one_text_size__hover_enabled=\u00bboff\u00bb button_one_text_size__hover=\u00bbnull\u00bb button_two_text_size__hover_enabled=\u00bboff\u00bb button_two_text_size__hover=\u00bbnull\u00bb button_text_color__hover_enabled=\u00bboff\u00bb button_text_color__hover=\u00bbnull\u00bb button_one_text_color__hover_enabled=\u00bboff\u00bb button_one_text_color__hover=\u00bbnull\u00bb button_two_text_color__hover_enabled=\u00bboff\u00bb button_two_text_color__hover=\u00bbnull\u00bb button_border_width__hover_enabled=\u00bboff\u00bb button_border_width__hover=\u00bbnull\u00bb button_one_border_width__hover_enabled=\u00bboff\u00bb button_one_border_width__hover=\u00bbnull\u00bb button_two_border_width__hover_enabled=\u00bboff\u00bb button_two_border_width__hover=\u00bbnull\u00bb button_border_color__hover_enabled=\u00bboff\u00bb button_border_color__hover=\u00bbnull\u00bb button_one_border_color__hover_enabled=\u00bboff\u00bb button_one_border_color__hover=\u00bbnull\u00bb button_two_border_color__hover_enabled=\u00bboff\u00bb button_two_border_color__hover=\u00bbnull\u00bb button_border_radius__hover_enabled=\u00bboff\u00bb button_border_radius__hover=\u00bbnull\u00bb button_one_border_radius__hover_enabled=\u00bboff\u00bb button_one_border_radius__hover=\u00bbnull\u00bb button_two_border_radius__hover_enabled=\u00bboff\u00bb button_two_border_radius__hover=\u00bbnull\u00bb button_letter_spacing__hover_enabled=\u00bboff\u00bb button_letter_spacing__hover=\u00bbnull\u00bb button_one_letter_spacing__hover_enabled=\u00bboff\u00bb button_one_letter_spacing__hover=\u00bbnull\u00bb button_two_letter_spacing__hover_enabled=\u00bboff\u00bb button_two_letter_spacing__hover=\u00bbnull\u00bb button_bg_color__hover_enabled=\u00bboff\u00bb button_bg_color__hover=\u00bbnull\u00bb button_one_bg_color__hover_enabled=\u00bboff\u00bb button_one_bg_color__hover=\u00bbnull\u00bb button_two_bg_color__hover_enabled=\u00bboff\u00bb button_two_bg_color__hover=\u00bbnull\u00bb][\/et_pb_button][\/et_pb_column][\/et_pb_row][et_pb_row column_structure=\u00bb1_2,1_2&#8243; _builder_version=\u00bb4.27.4&#8243; min_height=\u00bb1024.8px\u00bb height=\u00bb1000px\u00bb max_height=\u00bb1000px\u00bb custom_padding=\u00bb||0px||false|false\u00bb global_colors_info=\u00bb{}\u00bb][et_pb_column type=\u00bb1_2&#8243; _builder_version=\u00bb4.16&#8243; global_colors_info=\u00bb{}\u00bb][et_pb_text admin_label=\u00bbDestacado (Texto)\u00bb _builder_version=\u00bb4.16&#8243; text_font=\u00bbArial||||\u00bb text_text_color=\u00bb#636a70&#8243; text_font_size=\u00bb22&#8243; text_line_height=\u00bb1.6em\u00bb header_font=\u00bbArial||||\u00bb header_text_color=\u00bb#636a70&#8243; header_font_size=\u00bb46px\u00bb background_size=\u00bbinitial\u00bb background_position=\u00bbtop_left\u00bb background_repeat=\u00bbrepeat\u00bb global_colors_info=\u00bb{}\u00bb]<\/p>\n<p class=\"\"><strong>DESTACADO<\/strong><strong><img loading=\"lazy\" decoding=\"async\" class=\"wp-image-1598 alignleft\" src=\"https:\/\/alicante.salesianos.edu\/wp-content\/uploads\/2017\/07\/destacados.png\" alt=\"\" width=\"29\" height=\"30\" \/><\/strong><\/p>\n<p>[\/et_pb_text][et_pb_image src=\u00bbhttps:\/\/granada.salesianos.edu\/colegio\/wp-content\/uploads\/sites\/2\/2021\/09\/es_cofinanciado_por_la_union_europea_pos.png\u00bb url=\u00bbhttps:\/\/granada.salesianos.edu\/colegio\/erasmus\/\u00bb url_new_window=\u00bbon\u00bb align=\u00bbcenter\u00bb align_tablet=\u00bbcenter\u00bb align_phone=\u00bb\u00bb align_last_edited=\u00bbon|desktop\u00bb disabled_on=\u00bboff|off|off\u00bb _builder_version=\u00bb4.16&#8243; width=\u00bb83%\u00bb max_width=\u00bb88%\u00bb custom_margin=\u00bb-13px|||7px|false|false\u00bb animation_style=\u00bbslide\u00bb animation_direction=\u00bbleft\u00bb animation_duration=\u00bb500ms\u00bb animation_intensity_slide=\u00bb10%\u00bb border_width_all=\u00bb1px\u00bb global_colors_info=\u00bb{}\u00bb][\/et_pb_image][et_pb_image src=\u00bbhttps:\/\/granada.salesianos.edu\/colegio\/wp-content\/uploads\/sites\/2\/2018\/06\/cabecerapaginaprincipal.jpg\u00bb url=\u00bbhttps:\/\/granada.salesianos.edu\/colegio\/erasmus\/\u00bb url_new_window=\u00bbon\u00bb align=\u00bbcenter\u00bb align_tablet=\u00bbcenter\u00bb align_phone=\u00bb\u00bb align_last_edited=\u00bbon|desktop\u00bb disabled_on=\u00bboff|off|off\u00bb _builder_version=\u00bb4.16&#8243; width=\u00bb83%\u00bb custom_margin=\u00bb-13px|||7px|false|false\u00bb animation_style=\u00bbslide\u00bb animation_direction=\u00bbleft\u00bb animation_duration=\u00bb500ms\u00bb animation_intensity_slide=\u00bb10%\u00bb border_width_all=\u00bb1px\u00bb global_colors_info=\u00bb{}\u00bb][\/et_pb_image][et_pb_image src=\u00bbhttps:\/\/granada.salesianos.edu\/colegio\/wp-content\/uploads\/sites\/2\/2020\/06\/ALIANZAVERDEDBOSCO.jpeg\u00bb url=\u00bbhttps:\/\/donboscogreen.org\/es\/\u00bb url_new_window=\u00bbon\u00bb align=\u00bbcenter\u00bb align_tablet=\u00bbcenter\u00bb align_phone=\u00bb\u00bb align_last_edited=\u00bbon|desktop\u00bb disabled_on=\u00bboff|off|off\u00bb _builder_version=\u00bb4.16&#8243; vertical_offset_tablet=\u00bb0&#8243; horizontal_offset_tablet=\u00bb0&#8243; width=\u00bb83%\u00bb max_width=\u00bb93%\u00bb custom_margin=\u00bb-13px|||8px|false|false\u00bb animation_style=\u00bbslide\u00bb animation_direction=\u00bbleft\u00bb animation_duration=\u00bb500ms\u00bb animation_intensity_slide=\u00bb10%\u00bb z_index_tablet=\u00bb0&#8243; border_width_all=\u00bb1px\u00bb box_shadow_horizontal_tablet=\u00bb0px\u00bb box_shadow_vertical_tablet=\u00bb0px\u00bb box_shadow_blur_tablet=\u00bb40px\u00bb box_shadow_spread_tablet=\u00bb0px\u00bb global_colors_info=\u00bb{}\u00bb][\/et_pb_image][et_pb_image src=\u00bbhttps:\/\/granada.salesianos.edu\/colegio\/wp-content\/uploads\/sites\/2\/2021\/10\/aesece.jpeg\u00bb url=\u00bbhttps:\/\/donboscogreen.org\/es\/\u00bb url_new_window=\u00bbon\u00bb align=\u00bbcenter\u00bb align_tablet=\u00bbcenter\u00bb align_phone=\u00bb\u00bb align_last_edited=\u00bbon|desktop\u00bb disabled_on=\u00bboff|off|off\u00bb _builder_version=\u00bb4.16&#8243; vertical_offset_tablet=\u00bb0&#8243; horizontal_offset_tablet=\u00bb0&#8243; width=\u00bb83%\u00bb max_width=\u00bb93%\u00bb custom_margin=\u00bb-13px|||8px|false|false\u00bb animation_style=\u00bbslide\u00bb animation_direction=\u00bbleft\u00bb animation_duration=\u00bb500ms\u00bb animation_intensity_slide=\u00bb10%\u00bb z_index_tablet=\u00bb0&#8243; border_width_all=\u00bb1px\u00bb box_shadow_horizontal_tablet=\u00bb0px\u00bb box_shadow_vertical_tablet=\u00bb0px\u00bb box_shadow_blur_tablet=\u00bb40px\u00bb box_shadow_spread_tablet=\u00bb0px\u00bb global_colors_info=\u00bb{}\u00bb][\/et_pb_image][et_pb_video src=\u00bbhttps:\/\/www.youtube.com\/watch?v=tLxJ-dSYgH0&#038;feature=youtu.be\u00bb image_src=\u00bb\/\/i.ytimg.com\/vi\/tLxJ-dSYgH0\/hqdefault.jpg\u00bb disabled_on=\u00bbon|on|on\u00bb _builder_version=\u00bb4.27.4&#8243; width=\u00bb79%\u00bb custom_margin=\u00bb-10px|5px||8px|false|false\u00bb border_width_all=\u00bb1px\u00bb disabled=\u00bbon\u00bb global_colors_info=\u00bb{}\u00bb][\/et_pb_video][\/et_pb_column][et_pb_column type=\u00bb1_2&#8243; _builder_version=\u00bb4.16&#8243; global_colors_info=\u00bb{}\u00bb][et_pb_text admin_label=\u00bbRedes sociales (Texto)\u00bb _builder_version=\u00bb4.16&#8243; text_font=\u00bbArial||||\u00bb text_text_color=\u00bb#636a70&#8243; text_font_size=\u00bb22&#8243; text_line_height=\u00bb1.6em\u00bb header_font=\u00bbArial||||\u00bb header_text_color=\u00bb#636a70&#8243; header_font_size=\u00bb46px\u00bb background_size=\u00bbinitial\u00bb background_position=\u00bbtop_left\u00bb background_repeat=\u00bbrepeat\u00bb global_colors_info=\u00bb{}\u00bb]<\/p>\n<p class=\"\"><strong>Redes sociales<\/strong><strong><img loading=\"lazy\" decoding=\"async\" class=\"wp-image-1598 alignleft\" src=\"https:\/\/alicante.salesianos.edu\/wp-content\/uploads\/2017\/07\/redes_sociales.png\" alt=\"\" width=\"29\" height=\"30\" \/><\/strong><\/p>\n<p>[\/et_pb_text][et_pb_social_media_follow _builder_version=\u00bb4.16&#8243; border_radii=\u00bbon|100%|100%|100%|100%\u00bb link_shape=\u00bbcircle\u00bb global_colors_info=\u00bb{}\u00bb][et_pb_social_media_follow_network social_network=\u00bbfacebook\u00bb url=\u00bbhttps:\/\/www.facebook.com\/SalesianosGR\/\u00bb _builder_version=\u00bb4.16&#8243; background_color=\u00bb#3b5998&#8243; bg_color=\u00bb#3b5998&#8243; global_colors_info=\u00bb{}\u00bb follow_button=\u00bboff\u00bb url_new_window=\u00bbon\u00bb]facebook[\/et_pb_social_media_follow_network][et_pb_social_media_follow_network social_network=\u00bbtwitter\u00bb url=\u00bbhttps:\/\/twitter.com\/GranadaSDB\u00bb _builder_version=\u00bb4.22.2&#8243; background_color=\u00bb#000000&#8243; bg_color=\u00bb#00aced\u00bb global_colors_info=\u00bb{}\u00bb follow_button=\u00bboff\u00bb url_new_window=\u00bbon\u00bb]twitter[\/et_pb_social_media_follow_network][et_pb_social_media_follow_network social_network=\u00bbinstagram\u00bb url=\u00bbhttps:\/\/www.instagram.com\/salesianosgranada\/\u00bb _builder_version=\u00bb4.16&#8243; background_color=\u00bb#517fa4&#8243; bg_color=\u00bb#517fa4&#8243; global_colors_info=\u00bb{}\u00bb follow_button=\u00bboff\u00bb url_new_window=\u00bbon\u00bb]instagram[\/et_pb_social_media_follow_network][et_pb_social_media_follow_network social_network=\u00bbyoutube\u00bb url=\u00bbhttps:\/\/www.youtube.com\/channel\/UChkpZuhCf4Y5rYIcFT3CNxw?view_as=subscriber\u00bb _builder_version=\u00bb4.16&#8243; background_color=\u00bb#a82400&#8243; bg_color=\u00bb#a82400&#8243; global_colors_info=\u00bb{}\u00bb follow_button=\u00bboff\u00bb url_new_window=\u00bbon\u00bb]youtube[\/et_pb_social_media_follow_network][\/et_pb_social_media_follow][et_pb_divider show_divider=\u00bboff\u00bb disabled_on=\u00bbon|on|off\u00bb _builder_version=\u00bb4.27.4&#8243; height=\u00bb7px\u00bb global_colors_info=\u00bb{}\u00bb][\/et_pb_divider][et_pb_code disabled_on=\u00bboff|off|off\u00bb admin_label=\u00bbFacebook (C\u00f3digo)\u00bb _builder_version=\u00bb4.27.4&#8243; width_tablet=\u00bb\u00bb width_phone=\u00bb100%\u00bb width_last_edited=\u00bbon|phone\u00bb max_width=\u00bb100%\u00bb min_height=\u00bb604px\u00bb min_height_tablet=\u00bb1000px\u00bb min_height_phone=\u00bb1000px\u00bb min_height_last_edited=\u00bbon|phone\u00bb height=\u00bb1000px\u00bb max_height=\u00bb1000px\u00bb custom_margin=\u00bb0px|-51px||-37px|false|false\u00bb custom_padding=\u00bb0px||0px||false|false\u00bb locked=\u00bboff\u00bb global_colors_info=\u00bb{}\u00bb]<div class=\"fb-page\" data-href=\"https:\/\/www.facebook.com\/SalesianosGR\/\" data-width=\"750\" data-height=\"500\" data-tabs=\"timeline\" data-hide-cover=\"true\" data-show-facepile=\"false\" data-hide-cta=\"false\" data-small-header=\"true\" data-adapt-container-width=\"true\"><\/div>[\/et_pb_code][et_pb_code disabled_on=\u00bbon|on|on\u00bb admin_label=\u00bbTwitter (C\u00f3digo)\u00bb _builder_version=\u00bb4.27.4&#8243; disabled=\u00bbon\u00bb locked=\u00bboff\u00bb global_colors_info=\u00bb{}\u00bb]<a class=\"twitter-timeline\" data-lang=\"es\" data-width=\"750\" data-height=\"582\" href=\"https:\/\/twitter.com\/GranadaSDB\"><\/a> <script async src=\"\/\/platform.twitter.com\/widgets.js\" charset=\"utf-8\"><\/script>[\/et_pb_code][\/et_pb_column][\/et_pb_row][et_pb_row _builder_version=\u00bb4.27.4&#8243; custom_margin=\u00bb-89px||||false|false\u00bb locked=\u00bboff\u00bb global_colors_info=\u00bb{}\u00bb][et_pb_column type=\u00bb4_4&#8243; _builder_version=\u00bb4.16&#8243; global_colors_info=\u00bb{}\u00bb][et_pb_text _builder_version=\u00bb4.27.4&#8243; custom_margin=\u00bb-72px||||false|false\u00bb custom_margin_tablet=\u00bb-152px||||false|false\u00bb custom_margin_phone=\u00bb-442px||28px||false|false\u00bb custom_margin_last_edited=\u00bbon|phone\u00bb global_colors_info=\u00bb{}\u00bb]<\/p>\n<h4 style=\"text-align: center;\"><span style=\"color: #333333; font-size: x-large;\"><strong>PREMIOS Y RECONOCIMIENTOS<\/strong><\/span><\/h4>\n<p>[\/et_pb_text][et_pb_divider divider_weight=\u00bb2px\u00bb _builder_version=\u00bb4.16&#8243; width=\u00bb66%\u00bb custom_margin=\u00bb-17px|||181px|false|false\u00bb custom_margin_tablet=\u00bb\u00bb custom_margin_phone=\u00bb-17px|||63px|false|false\u00bb custom_margin_last_edited=\u00bbon|phone\u00bb global_colors_info=\u00bb{}\u00bb][\/et_pb_divider][et_pb_text _builder_version=\u00bb4.16&#8243; text_orientation=\u00bbcenter\u00bb custom_margin=\u00bb-22px||||false|false\u00bb custom_padding=\u00bb0px||||false|false\u00bb global_colors_info=\u00bb{}\u00bb]<\/p>\n<div class=\"page\" title=\"Page 4\">\n<div class=\"section\">\n<div class=\"layoutArea\">\n<div class=\"column\">\n<p><span style=\"font-size: large;\"><em>Queremos que conozc\u00e1is algunas actividades por las que nuestro alumnado y profesorado han conseguido una menci\u00f3n importante. <\/em><\/span><\/p>\n<\/div>\n<\/div>\n<\/div>\n<\/div>\n<p>[\/et_pb_text][et_pb_gallery gallery_ids=\u00bb115384,13249,12205,13262,13250,13251,13261,13252,13253,13254,13255&#8243; _builder_version=\u00bb4.27.5&#8243; border_radii=\u00bbon|11px|11px|11px|11px\u00bb global_colors_info=\u00bb{}\u00bb][\/et_pb_gallery][\/et_pb_column][\/et_pb_row][et_pb_row column_structure=\u00bb1_5,1_5,1_5,1_5,1_5&#8243; column_padding_mobile=\u00bbon\u00bb module_id=\u00bbportada-web-salesianas\u00bb module_class=\u00bbcinco-columnas et_pb_row_fullwidth et_pb_row_fullwidth et_pb_row_fullwidth et_pb_row_fullwidth et_pb_row_fullwidth et_pb_row_fullwidth et_pb_row_fullwidth et_pb_row_fullwidth et_pb_row_fullwidth et_pb_row_fullwidth et_pb_row_fullwidth et_pb_row_fullwidth et_pb_row_fullwidth et_pb_row_fullwidth et_pb_row_fullwidth et_pb_row_fullwidth\u00bb _builder_version=\u00bb4.27.4&#8243; background_color=\u00bb#D6D6D6&#8243; background_size=\u00bbinitial\u00bb background_position=\u00bbtop_left\u00bb background_repeat=\u00bbrepeat\u00bb transform_scale=\u00bb104%|104%\u00bb width=\u00bb100%\u00bb width_tablet=\u00bb80%\u00bb width_phone=\u00bb\u00bb width_last_edited=\u00bbon|desktop\u00bb max_width=\u00bb1467%\u00bb max_width_tablet=\u00bb80%\u00bb max_width_phone=\u00bb\u00bb max_width_last_edited=\u00bbon|desktop\u00bb min_height=\u00bb300.1px\u00bb custom_margin=\u00bb-45px||||false|false\u00bb custom_padding=\u00bb44px||||false|false\u00bb make_fullwidth=\u00bbon\u00bb global_colors_info=\u00bb{}\u00bb][et_pb_column type=\u00bb1_5&#8243; _builder_version=\u00bb4.27.4&#8243; _module_preset=\u00bbdefault\u00bb global_colors_info=\u00bb{}\u00bb][et_pb_image src=\u00bbhttps:\/\/granada.salesianos.edu\/colegio\/wp-content\/uploads\/sites\/2\/2025\/10\/logoSalesianosWeb.png\u00bb title_text=\u00bblogoSalesianosWeb\u00bb force_fullwidth=\u00bbon\u00bb show_bottom_space_tablet=\u00bb\u00bb show_bottom_space_phone=\u00bb\u00bb show_bottom_space_last_edited=\u00bbon|phone\u00bb _builder_version=\u00bb4.27.4&#8243; _module_preset=\u00bbdefault\u00bb background_image=\u00bbhttps:\/\/granada.salesianos.edu\/colegio\/wp-content\/uploads\/sites\/2\/2025\/10\/logoSalesianosWeb.png\u00bb transform_scale=\u00bb120%|120%\u00bb min_height=\u00bb100px\u00bb min_height_tablet=\u00bb100px\u00bb min_height_phone=\u00bb100px\u00bb min_height_last_edited=\u00bbon|desktop\u00bb height=\u00bb100px\u00bb max_height=\u00bb100px\u00bb custom_margin=\u00bb50px|-20px|-10px|199px|false|false\u00bb custom_margin_tablet=\u00bb90px|-20px|-10px|199px|false|false\u00bb custom_margin_phone=\u00bb-6px|73px||34px|false|false\u00bb custom_margin_last_edited=\u00bbon|phone\u00bb custom_padding=\u00bb|51px||45px|false|false\u00bb background_last_edited=\u00bbon|phone\u00bb background_enable_image_phone=\u00bboff\u00bb global_colors_info=\u00bb{}\u00bb][\/et_pb_image][\/et_pb_column][et_pb_column type=\u00bb1_5&#8243; _builder_version=\u00bb4.16&#8243; background_position=\u00bbtop_left\u00bb custom_padding=\u00bb|||\u00bb global_colors_info=\u00bb{}\u00bb custom_padding__hover=\u00bb|||\u00bb][et_pb_text _builder_version=\u00bb4.27.4&#8243; _module_preset=\u00bbdefault\u00bb text_font_size=\u00bb7px\u00bb transform_scale=\u00bb210%|210%\u00bb custom_margin=\u00bb51px|||206px|false|false\u00bb custom_margin_tablet=\u00bb51px|||109px|false|false\u00bb custom_margin_phone=\u00bb57px||-19px|141px|false|false\u00bb custom_margin_last_edited=\u00bbon|phone\u00bb global_colors_info=\u00bb{}\u00bb]<\/p>\n<p><strong>EDUCACI\u00d3N<\/strong><\/p>\n<p><a href=\"https:\/\/granada.salesianos.edu\/colegio\/infantil\/\">Infantil<\/a><\/p>\n<p><a href=\"https:\/\/granada.salesianos.edu\/colegio\/primaria\/\">Primaria<\/a><\/p>\n<p><a href=\"https:\/\/granada.salesianos.edu\/colegio\/eso\/\">Eso<\/a><\/p>\n<p><a href=\"https:\/\/granada.salesianos.edu\/colegio\/bachillerato-concertado\/\">Bachillerato<\/a><\/p>\n<p><a href=\"https:\/\/granada.salesianos.edu\/colegio\/ciclos-formativos\/\">FP<\/a><\/p>\n<p>[\/et_pb_text][\/et_pb_column][et_pb_column type=\u00bb1_5&#8243; _builder_version=\u00bb4.27.4&#8243; _module_preset=\u00bbdefault\u00bb global_colors_info=\u00bb{}\u00bb][et_pb_text _builder_version=\u00bb4.27.4&#8243; _module_preset=\u00bbdefault\u00bb text_font_size=\u00bb7px\u00bb transform_scale=\u00bb208%|208%\u00bb transform_origin=\u00bb100%|0%\u00bb width=\u00bb100%\u00bb custom_margin=\u00bb-2px|||94px|false|false\u00bb custom_margin_tablet=\u00bb-2px|||-47px|false|false\u00bb custom_margin_phone=\u00bb43px|97px|8px|217px|false|false\u00bb custom_margin_last_edited=\u00bbon|phone\u00bb custom_padding=\u00bb|0px||0px||\u00bb global_colors_info=\u00bb{}\u00bb]<\/p>\n<p><strong>SALESIANOS<\/strong><\/p>\n<p><a href=\"http:\/\/sdb.org\/es\/\" target=\"_blank\" rel=\"noopener\">Salesianos en el mundo<\/a><\/p>\n<p><a href=\"http:\/\/www.donbosco.es\">Salesianos en Espa\u00f1a<\/a><\/p>\n<p><a href=\"http:\/\/www.salesianos.edu\">Inspector\u00eda<\/a><\/p>\n<p><a href=\"http:\/\/boletin-salesiano.com\/\">Bolet\u00edn Salesiano<\/a><\/p>\n<p>[\/et_pb_text][\/et_pb_column][et_pb_column type=\u00bb1_5&#8243; _builder_version=\u00bb4.27.4&#8243; _module_preset=\u00bbdefault\u00bb global_colors_info=\u00bb{}\u00bb][et_pb_text _builder_version=\u00bb4.27.4&#8243; _module_preset=\u00bbdefault\u00bb text_font_size=\u00bb9px\u00bb transform_scale=\u00bb156%|156%\u00bb custom_margin=\u00bb32px||-16px|-81px|false|false\u00bb custom_margin_tablet=\u00bb84px||-8px|162px|false|false\u00bb custom_margin_phone=\u00bb110px||-8px|97px|false|false\u00bb custom_margin_last_edited=\u00bbon|phone\u00bb global_colors_info=\u00bb{}\u00bb]<\/p>\n<p><strong>SERVICIOS<\/strong><\/p>\n<p><a href=\"https:\/\/granada.salesianos.edu\/colegio\/escolarizacion\/\">Inscripci\u00f3n<\/a><\/p>\n<p><a href=\"https:\/\/salesianos.viterbit.site\/\">Bolsa de Trabajo<\/a><\/p>\n<p><a href=\"https:\/\/granada.salesianos.edu\/colegio\/comedor\/\">Comedor<\/a><\/p>\n<p><a href=\"https:\/\/granada.salesianos.edu\/colegio\/extraescolares\/\">Extraescolar<\/a><\/p>\n<p>[\/et_pb_text][\/et_pb_column][et_pb_column type=\u00bb1_5&#8243; _builder_version=\u00bb4.27.4&#8243; _module_preset=\u00bbdefault\u00bb global_colors_info=\u00bb{}\u00bb][et_pb_text _builder_version=\u00bb4.27.4&#8243; _module_preset=\u00bbdefault\u00bb text_font_size=\u00bb2px\u00bb transform_scale=\u00bb690%|690%\u00bb custom_margin=\u00bb99px||-17px|-90px|false|false\u00bb custom_margin_tablet=\u00bb111px|||-20px|false|false\u00bb custom_margin_phone=\u00bb83px||46px|-4px|false|false\u00bb custom_margin_last_edited=\u00bbon|phone\u00bb custom_padding=\u00bb||6px|25px|false|false\u00bb global_colors_info=\u00bb{}\u00bb]<\/p>\n<p style=\"text-align: center;\"><strong>CONTACTO<\/strong><\/p>\n<p style=\"text-align: center;\">Calle Almu\u00f1ecar, 9. 18007 Granada.<\/p>\n<p style=\"text-align: center;\">673 613 427 \/ 958 81 16 11<\/p>\n<p style=\"text-align: center;\">secretaria.granadasjb@salesianos.edu<\/p>\n<p>&nbsp;<\/p>\n<p>[\/et_pb_text][\/et_pb_column][\/et_pb_row][\/et_pb_section]<\/p>\n","protected":false},"excerpt":{"rendered":"<p>Educamos con el coraz\u00f3nMismas raicesEducamos con el coraz\u00f3nMismas raicesLIBROS CURSO 23-24Descubre por qu\u00e9 estudiar en Salesianos GranadaM\u00e1s de 75 A\u00f1os de Historia en Granada. Identidad SalesianaOFERTA EDUCATIVA\u00a0 En Salesianos Granada ofrecemos las siguientes etapas educativas: EDUCACI\u00d3N INFANTIL\u00a0 EDUCACI\u00d3N PRIMARIA\u00a0 ESO\u00a0 F.P.B ELECTRICIDAD BACHILLERATO CONCERTADOFORMACI\u00d3N PROFESIONAL\u00a0 En Salesianos Granada podra\u0301s descubrir una escuela en constante movimiento [&hellip;]<\/p>\n","protected":false},"author":2,"featured_media":0,"parent":0,"menu_order":0,"comment_status":"closed","ping_status":"closed","template":"","meta":{"_et_pb_use_builder":"on","_et_pb_old_content":"","_et_gb_content_width":"","footnotes":""},"class_list":["post-12529","page","type-page","status-publish","hentry"],"yoast_head":"<!-- This site is optimized with the Yoast SEO plugin v28.3 - https:\/\/yoast.com\/product\/yoast-seo-wordpress\/ -->\n<title>Inicio - Colegio Salesiano<\/title>\n<meta name=\"robots\" content=\"index, follow, max-snippet:-1, max-image-preview:large, max-video-preview:-1\" \/>\n<link rel=\"canonical\" href=\"https:\/\/granada.salesianos.edu\/colegio\/\" \/>\n<meta property=\"og:locale\" content=\"es_ES\" \/>\n<meta property=\"og:type\" content=\"article\" \/>\n<meta property=\"og:title\" content=\"Inicio - Colegio Salesiano\" \/>\n<meta property=\"og:description\" content=\"Educamos con el coraz\u00f3nMismas raicesEducamos con el coraz\u00f3nMismas raicesLIBROS CURSO 23-24Descubre por qu\u00e9 estudiar en Salesianos GranadaM\u00e1s de 75 A\u00f1os de Historia en Granada. Identidad SalesianaOFERTA EDUCATIVA\u00a0 En Salesianos Granada ofrecemos las siguientes etapas educativas: EDUCACI\u00d3N INFANTIL\u00a0 EDUCACI\u00d3N PRIMARIA\u00a0 ESO\u00a0 F.P.B ELECTRICIDAD BACHILLERATO CONCERTADOFORMACI\u00d3N PROFESIONAL\u00a0 En Salesianos Granada podra\u0301s descubrir una escuela en constante movimiento [&hellip;]\" \/>\n<meta property=\"og:url\" content=\"https:\/\/granada.salesianos.edu\/colegio\/\" \/>\n<meta property=\"og:site_name\" content=\"Colegio Salesiano\" \/>\n<meta property=\"article:publisher\" content=\"https:\/\/www.facebook.com\/SalesianosGR\/\" \/>\n<meta property=\"article:modified_time\" content=\"2026-09-01T16:16:47+00:00\" \/>\n<meta property=\"og:image\" content=\"https:\/\/alicante.salesianos.edu\/wp-content\/uploads\/2017\/03\/Captura-de-pantalla-2017-05-24-a-las-13.27.09.png\" \/>\n<meta name=\"twitter:card\" content=\"summary_large_image\" \/>\n<meta name=\"twitter:site\" content=\"@GranadaSDB\" \/>\n<meta name=\"twitter:label1\" content=\"Tiempo de lectura\" \/>\n\t<meta name=\"twitter:data1\" content=\"9 minutos\" \/>\n<script type=\"application\/ld+json\" class=\"yoast-schema-graph\">{\"@context\":\"https:\\\/\\\/schema.org\",\"@graph\":[{\"@type\":\"WebPage\",\"@id\":\"https:\\\/\\\/granada.salesianos.edu\\\/colegio\\\/\",\"url\":\"https:\\\/\\\/granada.salesianos.edu\\\/colegio\\\/\",\"name\":\"Inicio - Colegio Salesiano\",\"isPartOf\":{\"@id\":\"https:\\\/\\\/granada.salesianos.edu\\\/colegio\\\/#website\"},\"primaryImageOfPage\":{\"@id\":\"https:\\\/\\\/granada.salesianos.edu\\\/colegio\\\/#primaryimage\"},\"image\":{\"@id\":\"https:\\\/\\\/granada.salesianos.edu\\\/colegio\\\/#primaryimage\"},\"thumbnailUrl\":\"https:\\\/\\\/alicante.salesianos.edu\\\/wp-content\\\/uploads\\\/2017\\\/03\\\/Captura-de-pantalla-2017-05-24-a-las-13.27.09.png\",\"datePublished\":\"2021-05-26T10:06:22+00:00\",\"dateModified\":\"2026-09-01T16:16:47+00:00\",\"breadcrumb\":{\"@id\":\"https:\\\/\\\/granada.salesianos.edu\\\/colegio\\\/#breadcrumb\"},\"inLanguage\":\"es\",\"potentialAction\":[{\"@type\":\"ReadAction\",\"target\":[\"https:\\\/\\\/granada.salesianos.edu\\\/colegio\\\/\"]}]},{\"@type\":\"ImageObject\",\"inLanguage\":\"es\",\"@id\":\"https:\\\/\\\/granada.salesianos.edu\\\/colegio\\\/#primaryimage\",\"url\":\"https:\\\/\\\/alicante.salesianos.edu\\\/wp-content\\\/uploads\\\/2017\\\/03\\\/Captura-de-pantalla-2017-05-24-a-las-13.27.09.png\",\"contentUrl\":\"https:\\\/\\\/alicante.salesianos.edu\\\/wp-content\\\/uploads\\\/2017\\\/03\\\/Captura-de-pantalla-2017-05-24-a-las-13.27.09.png\"},{\"@type\":\"BreadcrumbList\",\"@id\":\"https:\\\/\\\/granada.salesianos.edu\\\/colegio\\\/#breadcrumb\",\"itemListElement\":[{\"@type\":\"ListItem\",\"position\":1,\"name\":\"Portada\",\"item\":\"https:\\\/\\\/granada.salesianos.edu\\\/colegio\\\/\"},{\"@type\":\"ListItem\",\"position\":2,\"name\":\"Inicio\"}]},{\"@type\":\"WebSite\",\"@id\":\"https:\\\/\\\/granada.salesianos.edu\\\/colegio\\\/#website\",\"url\":\"https:\\\/\\\/granada.salesianos.edu\\\/colegio\\\/\",\"name\":\"Colegio Salesiano\",\"description\":\"P\u00e1gina oficial de Salesianos Granada San Juan Bosco\",\"publisher\":{\"@id\":\"https:\\\/\\\/granada.salesianos.edu\\\/colegio\\\/#organization\"},\"potentialAction\":[{\"@type\":\"SearchAction\",\"target\":{\"@type\":\"EntryPoint\",\"urlTemplate\":\"https:\\\/\\\/granada.salesianos.edu\\\/colegio\\\/?s={search_term_string}\"},\"query-input\":{\"@type\":\"PropertyValueSpecification\",\"valueRequired\":true,\"valueName\":\"search_term_string\"}}],\"inLanguage\":\"es\"},{\"@type\":\"Organization\",\"@id\":\"https:\\\/\\\/granada.salesianos.edu\\\/colegio\\\/#organization\",\"name\":\"Colegio Salesiano San Juan Bosco Granada\",\"url\":\"https:\\\/\\\/granada.salesianos.edu\\\/colegio\\\/\",\"logo\":{\"@type\":\"ImageObject\",\"inLanguage\":\"es\",\"@id\":\"https:\\\/\\\/granada.salesianos.edu\\\/colegio\\\/#\\\/schema\\\/logo\\\/image\\\/\",\"url\":\"https:\\\/\\\/granada.salesianos.edu\\\/colegio\\\/wp-content\\\/uploads\\\/sites\\\/2\\\/2021\\\/01\\\/GRANADAobraVN2.jpg\",\"contentUrl\":\"https:\\\/\\\/granada.salesianos.edu\\\/colegio\\\/wp-content\\\/uploads\\\/sites\\\/2\\\/2021\\\/01\\\/GRANADAobraVN2.jpg\",\"width\":2113,\"height\":1894,\"caption\":\"Colegio Salesiano San Juan Bosco Granada\"},\"image\":{\"@id\":\"https:\\\/\\\/granada.salesianos.edu\\\/colegio\\\/#\\\/schema\\\/logo\\\/image\\\/\"},\"sameAs\":[\"https:\\\/\\\/www.facebook.com\\\/SalesianosGR\\\/\",\"https:\\\/\\\/x.com\\\/GranadaSDB\",\"https:\\\/\\\/www.instagram.com\\\/salesianosgranada\\\/\",\"https:\\\/\\\/www.youtube.com\\\/channel\\\/UChkpZuhCf4Y5rYIcFT3CNxw?view_as=subscriber\"]}]}<\/script>\n<!-- \/ Yoast SEO plugin. -->","yoast_head_json":{"title":"Inicio - Colegio Salesiano","robots":{"index":"index","follow":"follow","max-snippet":"max-snippet:-1","max-image-preview":"max-image-preview:large","max-video-preview":"max-video-preview:-1"},"canonical":"https:\/\/granada.salesianos.edu\/colegio\/","og_locale":"es_ES","og_type":"article","og_title":"Inicio - Colegio Salesiano","og_description":"Educamos con el coraz\u00f3nMismas raicesEducamos con el coraz\u00f3nMismas raicesLIBROS CURSO 23-24Descubre por qu\u00e9 estudiar en Salesianos GranadaM\u00e1s de 75 A\u00f1os de Historia en Granada. Identidad SalesianaOFERTA EDUCATIVA\u00a0 En Salesianos Granada ofrecemos las siguientes etapas educativas: EDUCACI\u00d3N INFANTIL\u00a0 EDUCACI\u00d3N PRIMARIA\u00a0 ESO\u00a0 F.P.B ELECTRICIDAD BACHILLERATO CONCERTADOFORMACI\u00d3N PROFESIONAL\u00a0 En Salesianos Granada podra\u0301s descubrir una escuela en constante movimiento [&hellip;]","og_url":"https:\/\/granada.salesianos.edu\/colegio\/","og_site_name":"Colegio Salesiano","article_publisher":"https:\/\/www.facebook.com\/SalesianosGR\/","article_modified_time":"2026-09-01T16:16:47+00:00","og_image":[{"url":"https:\/\/alicante.salesianos.edu\/wp-content\/uploads\/2017\/03\/Captura-de-pantalla-2017-05-24-a-las-13.27.09.png","type":"","width":"","height":""}],"twitter_card":"summary_large_image","twitter_site":"@GranadaSDB","twitter_misc":{"Tiempo de lectura":"9 minutos"},"schema":{"@context":"https:\/\/schema.org","@graph":[{"@type":"WebPage","@id":"https:\/\/granada.salesianos.edu\/colegio\/","url":"https:\/\/granada.salesianos.edu\/colegio\/","name":"Inicio - Colegio Salesiano","isPartOf":{"@id":"https:\/\/granada.salesianos.edu\/colegio\/#website"},"primaryImageOfPage":{"@id":"https:\/\/granada.salesianos.edu\/colegio\/#primaryimage"},"image":{"@id":"https:\/\/granada.salesianos.edu\/colegio\/#primaryimage"},"thumbnailUrl":"https:\/\/alicante.salesianos.edu\/wp-content\/uploads\/2017\/03\/Captura-de-pantalla-2017-05-24-a-las-13.27.09.png","datePublished":"2021-05-26T10:06:22+00:00","dateModified":"2026-09-01T16:16:47+00:00","breadcrumb":{"@id":"https:\/\/granada.salesianos.edu\/colegio\/#breadcrumb"},"inLanguage":"es","potentialAction":[{"@type":"ReadAction","target":["https:\/\/granada.salesianos.edu\/colegio\/"]}]},{"@type":"ImageObject","inLanguage":"es","@id":"https:\/\/granada.salesianos.edu\/colegio\/#primaryimage","url":"https:\/\/alicante.salesianos.edu\/wp-content\/uploads\/2017\/03\/Captura-de-pantalla-2017-05-24-a-las-13.27.09.png","contentUrl":"https:\/\/alicante.salesianos.edu\/wp-content\/uploads\/2017\/03\/Captura-de-pantalla-2017-05-24-a-las-13.27.09.png"},{"@type":"BreadcrumbList","@id":"https:\/\/granada.salesianos.edu\/colegio\/#breadcrumb","itemListElement":[{"@type":"ListItem","position":1,"name":"Portada","item":"https:\/\/granada.salesianos.edu\/colegio\/"},{"@type":"ListItem","position":2,"name":"Inicio"}]},{"@type":"WebSite","@id":"https:\/\/granada.salesianos.edu\/colegio\/#website","url":"https:\/\/granada.salesianos.edu\/colegio\/","name":"Colegio Salesiano","description":"P\u00e1gina oficial de Salesianos Granada San Juan Bosco","publisher":{"@id":"https:\/\/granada.salesianos.edu\/colegio\/#organization"},"potentialAction":[{"@type":"SearchAction","target":{"@type":"EntryPoint","urlTemplate":"https:\/\/granada.salesianos.edu\/colegio\/?s={search_term_string}"},"query-input":{"@type":"PropertyValueSpecification","valueRequired":true,"valueName":"search_term_string"}}],"inLanguage":"es"},{"@type":"Organization","@id":"https:\/\/granada.salesianos.edu\/colegio\/#organization","name":"Colegio Salesiano San Juan Bosco Granada","url":"https:\/\/granada.salesianos.edu\/colegio\/","logo":{"@type":"ImageObject","inLanguage":"es","@id":"https:\/\/granada.salesianos.edu\/colegio\/#\/schema\/logo\/image\/","url":"https:\/\/granada.salesianos.edu\/colegio\/wp-content\/uploads\/sites\/2\/2021\/01\/GRANADAobraVN2.jpg","contentUrl":"https:\/\/granada.salesianos.edu\/colegio\/wp-content\/uploads\/sites\/2\/2021\/01\/GRANADAobraVN2.jpg","width":2113,"height":1894,"caption":"Colegio Salesiano San Juan Bosco Granada"},"image":{"@id":"https:\/\/granada.salesianos.edu\/colegio\/#\/schema\/logo\/image\/"},"sameAs":["https:\/\/www.facebook.com\/SalesianosGR\/","https:\/\/x.com\/GranadaSDB","https:\/\/www.instagram.com\/salesianosgranada\/","https:\/\/www.youtube.com\/channel\/UChkpZuhCf4Y5rYIcFT3CNxw?view_as=subscriber"]}]}},"_links":{"self":[{"href":"https:\/\/granada.salesianos.edu\/colegio\/wp-json\/wp\/v2\/pages\/12529","targetHints":{"allow":["GET"]}}],"collection":[{"href":"https:\/\/granada.salesianos.edu\/colegio\/wp-json\/wp\/v2\/pages"}],"about":[{"href":"https:\/\/granada.salesianos.edu\/colegio\/wp-json\/wp\/v2\/types\/page"}],"author":[{"embeddable":true,"href":"https:\/\/granada.salesianos.edu\/colegio\/wp-json\/wp\/v2\/users\/2"}],"replies":[{"embeddable":true,"href":"https:\/\/granada.salesianos.edu\/colegio\/wp-json\/wp\/v2\/comments?post=12529"}],"version-history":[{"count":293,"href":"https:\/\/granada.salesianos.edu\/colegio\/wp-json\/wp\/v2\/pages\/12529\/revisions"}],"predecessor-version":[{"id":115704,"href":"https:\/\/granada.salesianos.edu\/colegio\/wp-json\/wp\/v2\/pages\/12529\/revisions\/115704"}],"wp:attachment":[{"href":"https:\/\/granada.salesianos.edu\/colegio\/wp-json\/wp\/v2\/media?parent=12529"}],"curies":[{"name":"wp","href":"https:\/\/api.w.org\/{rel}","templated":true}]}}