{"id":12580,"date":"2021-05-27T12:15:42","date_gmt":"2021-05-27T10:15:42","guid":{"rendered":"https:\/\/granada.salesianos.edu\/colegio\/?page_id=12580"},"modified":"2026-01-15T20:39:22","modified_gmt":"2026-01-15T18:39:22","slug":"instalacioneselectricas","status":"publish","type":"page","link":"https:\/\/granada.salesianos.edu\/colegio\/instalacioneselectricas\/","title":{"rendered":"Grado Medio Instalaciones El\u00e9ctricas y Autom\u00e1ticas"},"content":{"rendered":"<div id=\"fb-root\"><\/div>\n<p>[et_pb_section fb_built=\u00bb1&#8243; fullwidth=\u00bbon\u00bb next_background_color=\u00bb#ffffff\u00bb _builder_version=\u00bb4.27.4&#8243; background_image=\u00bbhttps:\/\/granada.salesianos.edu\/colegio\/wp-content\/uploads\/sites\/2\/2020\/02\/fondo_novedades_web.png\u00bb bottom_divider_style=\u00bbasymmetric2&#8243; global_module=\u00bb20660&#8243; saved_tabs=\u00bball\u00bb global_colors_info=\u00bb{}\u00bb][et_pb_fullwidth_header title=\u00bb@ET-DC@eyJkeW5hbWljIjp0cnVlLCJjb250ZW50IjoicG9zdF90aXRsZSIsInNldHRpbmdzIjp7ImJlZm9yZSI6IiIsImFmdGVyIjoiIn19@\u00bb title_font_color=\u00bb#ffffff\u00bb content_max_width_tablet=\u00bb88%\u00bb content_max_width_phone=\u00bb79%\u00bb content_max_width_last_edited=\u00bbon|phone\u00bb admin_label=\u00bbT\u00edtulo de anchura completa\u00bb module_class=\u00bbpagina-imagen-cabecera\u00bb _builder_version=\u00bb4.27.4&#8243; _dynamic_attributes=\u00bbtitle\u00bb title_text_color=\u00bb#ffffff\u00bb title_font_size=\u00bb40px\u00bb background_color=\u00bbrgba(255, 255, 255, 0)\u00bb background_enable_image=\u00bboff\u00bb background_position=\u00bbbottom_left\u00bb transform_translate=\u00bb91px|91px\u00bb max_width_tablet=\u00bb50px\u00bb min_height=\u00bb329px\u00bb custom_padding=\u00bb||127px|||\u00bb background_url=\u00bbhttps:\/\/alicante.salesianos.edu\/colegio\/wp-content\/uploads\/sites\/2\/2017\/03\/Captura-de-pantalla-2017-03-21-a-las-17.25.56.png\u00bb global_colors_info=\u00bb{}\u00bb button_one_text_size__hover_enabled=\u00bboff\u00bb button_one_text_size__hover=\u00bbnull\u00bb button_two_text_size__hover_enabled=\u00bboff\u00bb button_two_text_size__hover=\u00bbnull\u00bb button_one_text_color__hover_enabled=\u00bboff\u00bb button_one_text_color__hover=\u00bbnull\u00bb button_two_text_color__hover_enabled=\u00bboff\u00bb button_two_text_color__hover=\u00bbnull\u00bb button_one_border_width__hover_enabled=\u00bboff\u00bb button_one_border_width__hover=\u00bbnull\u00bb button_two_border_width__hover_enabled=\u00bboff\u00bb button_two_border_width__hover=\u00bbnull\u00bb button_one_border_color__hover_enabled=\u00bboff\u00bb button_one_border_color__hover=\u00bbnull\u00bb button_two_border_color__hover_enabled=\u00bboff\u00bb button_two_border_color__hover=\u00bbnull\u00bb button_one_border_radius__hover_enabled=\u00bboff\u00bb button_one_border_radius__hover=\u00bbnull\u00bb button_two_border_radius__hover_enabled=\u00bboff\u00bb button_two_border_radius__hover=\u00bbnull\u00bb button_one_letter_spacing__hover_enabled=\u00bboff\u00bb button_one_letter_spacing__hover=\u00bbnull\u00bb button_two_letter_spacing__hover_enabled=\u00bboff\u00bb button_two_letter_spacing__hover=\u00bbnull\u00bb button_one_bg_color__hover_enabled=\u00bboff\u00bb button_one_bg_color__hover=\u00bbnull\u00bb button_two_bg_color__hover_enabled=\u00bboff\u00bb button_two_bg_color__hover=\u00bbnull\u00bb][\/et_pb_fullwidth_header][\/et_pb_section][et_pb_section fb_built=\u00bb1&#8243; module_class=\u00bbpagina-seccion-contenido\u00bb _builder_version=\u00bb4.27.4&#8243; min_height=\u00bb2350px\u00bb custom_margin=\u00bb75px||||false|false\u00bb custom_padding=\u00bb0%|||\u00bb global_colors_info=\u00bb{}\u00bb][et_pb_row _builder_version=\u00bb4.16&#8243; min_height=\u00bb393px\u00bb custom_margin=\u00bb-56px|auto||auto||\u00bb global_colors_info=\u00bb{}\u00bb][et_pb_column type=\u00bb4_4&#8243; _builder_version=\u00bb4.16&#8243; global_colors_info=\u00bb{}\u00bb][et_pb_text _builder_version=\u00bb4.16&#8243; custom_padding=\u00bb0px||0px|||\u00bb global_colors_info=\u00bb{}\u00bb]<\/p>\n<h1 style=\"text-align: center;\"><span style=\"color: #4f4b4b;\"><strong><span style=\"font-size: xx-large;\"><span style=\"font-family: inherit;\">Estudios que preparan para el futuro<\/span><\/span><\/strong><\/span><\/h1>\n<h4 style=\"text-align: center;\"><span style=\"font-size: large; color: #808080;\"><em>\u00a0\u201cSi hici\u00e9ramos todas las cosas de las que somos capaces, nos asombrar\u00edamos literalmente\u201d. Thomas Edison<\/em><\/span><\/h4>\n<p>&nbsp;<\/p>\n<p>[\/et_pb_text][et_pb_divider divider_weight=\u00bb2px\u00bb _builder_version=\u00bb4.16&#8243; width=\u00bb85%\u00bb module_alignment=\u00bbcenter\u00bb custom_margin=\u00bb-56px||||false|false\u00bb custom_padding=\u00bb2px||2px|||\u00bb global_colors_info=\u00bb{}\u00bb][\/et_pb_divider][\/et_pb_column][\/et_pb_row][et_pb_row column_structure=\u00bb3_5,2_5&#8243; _builder_version=\u00bb4.27.4&#8243; max_width=\u00bb1347px\u00bb min_height=\u00bb381px\u00bb custom_margin=\u00bb-254px|auto||auto|false|false\u00bb custom_padding=\u00bb||0px|||\u00bb global_colors_info=\u00bb{}\u00bb][et_pb_column type=\u00bb3_5&#8243; _builder_version=\u00bb4.16&#8243; global_colors_info=\u00bb{}\u00bb][et_pb_image src=\u00bbhttps:\/\/granada.salesianos.edu\/colegio\/wp-content\/uploads\/sites\/2\/2024\/06\/Captura-de-pantalla-2024-06-14-a-las-17.16.50.png\u00bb title_text=\u00bbCaptura de pantalla 2024-06-14 a las 17.16.50&#8243; show_bottom_space=\u00bboff\u00bb _builder_version=\u00bb4.27.4&#8243; width=\u00bb62%\u00bb min_height=\u00bb161px\u00bb custom_margin=\u00bb-24px|||306px|false|false\u00bb custom_margin_tablet=\u00bb|2px||43px|false|false\u00bb custom_margin_phone=\u00bb|||26px|false|false\u00bb custom_margin_last_edited=\u00bbon|desktop\u00bb custom_padding=\u00bb36px||||false|false\u00bb global_colors_info=\u00bb{}\u00bb][\/et_pb_image][\/et_pb_column][et_pb_column type=\u00bb2_5&#8243; _builder_version=\u00bb4.16&#8243; global_colors_info=\u00bb{}\u00bb][et_pb_text _builder_version=\u00bb4.16&#8243; min_height=\u00bb290px\u00bb global_colors_info=\u00bb{}\u00bb]<\/p>\n<h4><span style=\"font-size: x-large;\"><strong>\u00bfQu\u00e9 vas a aprender en esta Formaci\u00f3n Profesional?<\/strong><\/span><\/h4>\n<p><span>Montar y mantener infraestructuras de telecomunicaci\u00f3n, instalaciones el\u00e9ctricas de baja tensi\u00f3n, m\u00e1quinas el\u00e9ctricas y sistemas automatizados. Ser\u00e1s capaz de:<\/span><\/p>\n<ul>\n<li>Configurar y calcular instalaciones y equipos.<\/li>\n<li>Montar los elementos componentes de redes de distribuci\u00f3n de baja tensi\u00f3n y elementos auxiliares.<\/li>\n<li>Montar los equipos y canalizaciones asociados a las instalaciones el\u00e9ctricas y automatizadas e infraestructuras de telecomunicaciones en edificios.<\/li>\n<li>Instalar y mantener m\u00e1quinas el\u00e9ctricas rotativas y est\u00e1ticas.<\/li>\n<li>Mantener y reparar instalaciones y equipos.<\/li>\n<li>Establecer la log\u00edstica asociada al montaje y mantenimiento.<\/li>\n<li>Elaborar presupuestos, documentaci\u00f3n t\u00e9cnica y documentaci\u00f3n administrativa.<\/li>\n<li>Verificar el funcionamiento de la instalaci\u00f3n.<\/li>\n<\/ul>\n<p>&nbsp;<\/p>\n<p>[\/et_pb_text][\/et_pb_column][\/et_pb_row][et_pb_row column_structure=\u00bb1_3,1_3,1_3&#8243; _builder_version=\u00bb4.16&#8243; background_size=\u00bbinitial\u00bb background_position=\u00bbtop_left\u00bb background_repeat=\u00bbrepeat\u00bb min_height=\u00bb104.4px\u00bb custom_margin=\u00bb39px|auto||auto|false|false\u00bb custom_margin_tablet=\u00bb\u00bb custom_margin_phone=\u00bb-14px|auto||auto|false|false\u00bb custom_margin_last_edited=\u00bbon|phone\u00bb custom_padding=\u00bb27px||0px|||\u00bb global_colors_info=\u00bb{}\u00bb][et_pb_column type=\u00bb1_3&#8243; _builder_version=\u00bb4.16&#8243; custom_padding=\u00bb|||\u00bb global_colors_info=\u00bb{}\u00bb custom_padding__hover=\u00bb|||\u00bb][et_pb_blurb title=\u00bbFECHAS IMPORTANTES\u00bb use_icon=\u00bbon\u00bb font_icon=\u00bb&#xe023;||divi||400&#8243; _builder_version=\u00bb4.16&#8243; header_text_align=\u00bbcenter\u00bb global_colors_info=\u00bb{}\u00bb][\/et_pb_blurb][\/et_pb_column][et_pb_column type=\u00bb1_3&#8243; _builder_version=\u00bb4.16&#8243; custom_padding=\u00bb|||\u00bb global_colors_info=\u00bb{}\u00bb custom_padding__hover=\u00bb|||\u00bb][et_pb_blurb title=\u00bbLIBROS Y MATERIALES\u00bb url=\u00bbhttps:\/\/drive.google.com\/file\/d\/1b2DctavlBoMnvbqV7DrU1POuKrn9RW6F\/view?usp=share_link\u00bb use_icon=\u00bbon\u00bb font_icon=\u00bb&#xe086;||divi||400&#8243; _builder_version=\u00bb4.27.4&#8243; header_text_align=\u00bbcenter\u00bb global_colors_info=\u00bb{}\u00bb][\/et_pb_blurb][\/et_pb_column][et_pb_column type=\u00bb1_3&#8243; _builder_version=\u00bb4.16&#8243; custom_padding=\u00bb|||\u00bb global_colors_info=\u00bb{}\u00bb custom_padding__hover=\u00bb|||\u00bb][et_pb_blurb title=\u00bbPROYECTO INTERDISCIPLINAR\u00bb use_icon=\u00bbon\u00bb font_icon=\u00bb&#xe007;||divi||400&#8243; _builder_version=\u00bb4.16&#8243; header_text_align=\u00bbcenter\u00bb global_colors_info=\u00bb{}\u00bb][\/et_pb_blurb][\/et_pb_column][\/et_pb_row][et_pb_row column_structure=\u00bb3_5,2_5&#8243; _builder_version=\u00bb4.16&#8243; min_height=\u00bb261.7px\u00bb custom_margin=\u00bb45px|auto|-371px|auto|false|false\u00bb custom_padding=\u00bb||0px|1px||\u00bb global_colors_info=\u00bb{}\u00bb][et_pb_column type=\u00bb3_5&#8243; _builder_version=\u00bb4.16&#8243; global_colors_info=\u00bb{}\u00bb][et_pb_tabs _builder_version=\u00bb4.16&#8243; min_height=\u00bb266px\u00bb border_radii=\u00bbon|10px|10px|10px|10px\u00bb box_shadow_style=\u00bbpreset1&#8243; box_shadow_color=\u00bb#000000&#8243; global_colors_info=\u00bb{}\u00bb][et_pb_tab title=\u00bb\u00bfC\u00f3mo acceder?\u00bb _builder_version=\u00bb4.16&#8243; global_colors_info=\u00bb{}\u00bb]<\/p>\n<p>Acceso<strong>\u00a0directo<\/strong>:<\/p>\n<ul>\n<li>Estar en posesi\u00f3n del\u00a0<strong>t\u00edtulo de Graduado en Educaci\u00f3n Secundaria Obligatoria<\/strong>o de un nivel acad\u00e9mico superior.<\/li>\n<li>Estar en posesi\u00f3n de un T\u00edtulo Profesional B\u00e1sico (Formaci\u00f3n Profesional B\u00e1sica).<\/li>\n<li>Estar en posesi\u00f3n de un t\u00edtulo de T\u00e9cnico o de T\u00e9cnico Auxiliar o equivalente a efectos acad\u00e9micos.<\/li>\n<li>Haber superado el segundo curso del Bachillerato Unificado y Polivalente (BUP).<\/li>\n<li>Haber superado la prueba de acceso a la Universidad para mayores de 25 a\u00f1os.<\/li>\n<\/ul>\n<p>Acceso mediante<strong>\u00a0prueba<\/strong>\u00a0(para quienes no tengan alguno de los requisitos anteriores)<\/p>\n<ul>\n<li>Haber superado la prueba de acceso a ciclos formativos de grado medio (se requerir\u00e1 tener, al menos, diecisiete a\u00f1os, cumplidos en el a\u00f1o de realizaci\u00f3n de la prueba).<\/li>\n<\/ul>\n<p>[\/et_pb_tab][et_pb_tab title=\u00bbSalidas profesionales\u00bb _builder_version=\u00bb4.16&#8243; global_colors_info=\u00bb{}\u00bb]<\/p>\n<ul>\n<li>Instalador-mantenedor electricista.<\/li>\n<li>Electricista de construcci\u00f3n.<\/li>\n<li>Electricista industrial.<\/li>\n<li>Electricista de mantenimiento.<\/li>\n<li>Instalador-mantenedor de sistemas dom\u00f3ticos.<\/li>\n<li>Instalador-mantenedor de antenas.<\/li>\n<li>Instalador de telecomunicaciones en edificios de viviendas.<\/li>\n<li>Instalador-mantenedor de equipos e instalaciones telef\u00f3nicas.<\/li>\n<li>Montador de instalaciones de energ\u00eda solar fotovoltaica.<\/li>\n<\/ul>\n<p>[\/et_pb_tab][et_pb_tab title=\u00bbSalidas acad\u00e9micas\u00bb _builder_version=\u00bb4.16&#8243; global_colors_info=\u00bb{}\u00bb]<\/p>\n<p><strong>Trabajar<\/strong><\/p>\n<ul>\n<li>En el montaje y el mantenimiento de infraestructuras de telecomunicaci\u00f3n en edificios, m\u00e1quinas el\u00e9ctricas, sistemas automatizados, instalaciones el\u00e9ctricas de baja tensi\u00f3n y sistemas dom\u00f3ticos.<\/li>\n<\/ul>\n<p><strong>Seguir estudiando<\/strong><\/p>\n<ul>\n<li>Cursos de especializaci\u00f3n profesional<\/li>\n<li>Otro ciclo de Formaci\u00f3n Profesional con la posibilidad de establecer convalidaciones de m\u00f3dulos profesionales de acuerdo a la normativa vigente.<\/li>\n<li>El Bachillerato en cualquiera de sus modalidades<\/li>\n<li><strong>Preparaci\u00f3n de las Pruebas de Evaluaci\u00f3n de Bachillerato (\u00fanicamente las asignaturas troncales)<\/strong><\/li>\n<\/ul>\n<p>[\/et_pb_tab][\/et_pb_tabs][\/et_pb_column][et_pb_column type=\u00bb2_5&#8243; _builder_version=\u00bb4.16&#8243; global_colors_info=\u00bb{}\u00bb][et_pb_video src=\u00bbhttps:\/\/www.youtube.com\/watch?v=Rt_HOWQV4os\u00bb _builder_version=\u00bb4.16&#8243; custom_margin=\u00bb57px||||false|false\u00bb global_colors_info=\u00bb{}\u00bb][\/et_pb_video][\/et_pb_column][\/et_pb_row][et_pb_row _builder_version=\u00bb4.16&#8243; background_size=\u00bbinitial\u00bb background_position=\u00bbtop_left\u00bb background_repeat=\u00bbrepeat\u00bb min_height=\u00bb535.3px\u00bb custom_margin=\u00bb296px|auto||auto||\u00bb custom_padding=\u00bb0px|||||\u00bb global_colors_info=\u00bb{}\u00bb][et_pb_column type=\u00bb4_4&#8243; _builder_version=\u00bb4.16&#8243; custom_padding=\u00bb|||\u00bb global_colors_info=\u00bb{}\u00bb custom_padding__hover=\u00bb|||\u00bb][et_pb_text _builder_version=\u00bb4.16&#8243; min_height=\u00bb80px\u00bb custom_margin=\u00bb52px||||false|false\u00bb custom_padding=\u00bb2px|||||\u00bb global_colors_info=\u00bb{}\u00bb]<\/p>\n<h4 style=\"text-align: center;\"><span style=\"color: #4f4b4b; font-size: x-large;\"><strong>FORMACI\u00d3N PROFESIONAL DUAL<\/strong><\/span><\/h4>\n<h3 style=\"text-align: center;\"><span style=\"font-size: large;\"><strong><span style=\"color: #808080;\"><em>Una modalidad donde entrar\u00e1s en el mundo laboral combinando la formaci\u00f3n en el Centro y en empresa.<\/em><\/span><\/strong><\/span><\/h3>\n<p>[\/et_pb_text][et_pb_divider color=\u00bb#e02b20&#8243; divider_weight=\u00bb2px\u00bb _builder_version=\u00bb4.16&#8243; max_width=\u00bb85%\u00bb module_alignment=\u00bbcenter\u00bb custom_margin=\u00bb-30px|||||\u00bb global_colors_info=\u00bb{}\u00bb][\/et_pb_divider][et_pb_text _builder_version=\u00bb4.16&#8243; custom_padding=\u00bb|0px||||\u00bb global_colors_info=\u00bb{}\u00bb]<\/p>\n<p style=\"text-align: center;\">La\u00a0<strong>Formaci\u00f3n Profesional Dual <\/strong>es una modalidad que consiste en\u00a0<strong>combinar la formaci\u00f3n en empresas y en el centro escolar<\/strong>. Se trata de una oportunidad en el proceso de ense\u00f1anza que mejora el aprendizaje del alumnado; as\u00ed desde el primer momento podr\u00e1 tener contacto con el mundo laboral, adem\u00e1s de conocer y desempe\u00f1ar su futuro trabajo. Se trata, en definitiva, de un <strong>aprendizaje innovador <\/strong>donde las<strong> empresas apoyan <\/strong>de una manera muy directa a la formaci\u00f3n de sus<strong> futuros trabajadores.\u00a0<\/strong><\/p>\n<p>&nbsp;<\/p>\n<p>[\/et_pb_text][et_pb_gallery gallery_ids=\u00bb12969,12968,12966,12955,12961,12960,12959,12958,12964,12965,12967,12962,12954,12951,12952,12957,12956,12963,12953&#8243; show_title_and_caption=\u00bboff\u00bb _builder_version=\u00bb4.16&#8243; custom_margin=\u00bb-36px||||false|false\u00bb custom_padding=\u00bb||0px|||\u00bb global_colors_info=\u00bb{}\u00bb][\/et_pb_gallery][et_pb_text _builder_version=\u00bb4.16&#8243; min_height=\u00bb38px\u00bb custom_margin=\u00bb10px||215px||false|false\u00bb custom_padding=\u00bb1px||0px|||\u00bb global_colors_info=\u00bb{}\u00bb]<\/p>\n<h4 style=\"text-align: center;\"><span style=\"color: #4f4b4b; font-size: x-large;\"><strong>M\u00d3DULOS PROFESIONALES<\/strong><\/span><\/h4>\n<h3 style=\"text-align: center;\"><em><span style=\"font-size: large;\"><span style=\"color: #808080;\">Descubre las materias que estudiar\u00e1s en este Grado Medio de la familia de electricidad<\/span><\/span><\/em><\/h3>\n<p>[\/et_pb_text][et_pb_image src=\u00bbhttps:\/\/granada.salesianos.edu\/colegio\/wp-content\/uploads\/sites\/2\/2026\/01\/WhatsApp-Image-2026-01-15-at-19.27.09-1.jpeg\u00bb title_text=\u00bbWhatsApp Image 2026-01-15 at 19.27.09 (1)\u00bb disabled_on=\u00bboff|off|on\u00bb _builder_version=\u00bb4.27.4&#8243; _module_preset=\u00bbdefault\u00bb custom_margin_tablet=\u00bb\u00bb custom_margin_phone=\u00bb-199px||-11px||false|false\u00bb custom_margin_last_edited=\u00bbon|phone\u00bb global_colors_info=\u00bb{}\u00bb][\/et_pb_image][et_pb_divider divider_weight=\u00bb2px\u00bb _builder_version=\u00bb4.27.4&#8243; width=\u00bb85%\u00bb module_alignment=\u00bbcenter\u00bb custom_margin=\u00bb-221px||3px|||\u00bb custom_margin_tablet=\u00bb-221px||3px|||\u00bb custom_margin_phone=\u00bb-487px||||false|false\u00bb custom_margin_last_edited=\u00bbon|phone\u00bb custom_padding=\u00bb||26px|||\u00bb global_colors_info=\u00bb{}\u00bb][\/et_pb_divider][et_pb_text disabled_on=\u00bbon|off|off\u00bb admin_label=\u00bbTexto\u00bb _builder_version=\u00bb4.27.4&#8243; width=\u00bb82.4%\u00bb width_tablet=\u00bb100%\u00bb width_phone=\u00bb100%\u00bb width_last_edited=\u00bbon|desktop\u00bb max_width=\u00bb100%\u00bb module_alignment=\u00bbcenter\u00bb min_height=\u00bb574px\u00bb custom_margin=\u00bb-20px||-40px|156px|false|false\u00bb custom_padding=\u00bb|112px|22px|0px||\u00bb module_alignment_tablet=\u00bb\u00bb module_alignment_phone=\u00bbleft\u00bb module_alignment_last_edited=\u00bbon|phone\u00bb border_radii=\u00bbon|10px|10px|10px|10px\u00bb box_shadow_style=\u00bbpreset2&#8243; global_colors_info=\u00bb{}\u00bb]<\/p>\n<table class=\" aligncenter\" style=\"width: 965px; height: 854px;\">\n<tbody>\n<tr style=\"height: 60px;\">\n<td style=\"text-align: center; width: 617px; height: 60px;\"><span style=\"color: #ff0000;\"><strong>PRIMER CURSO<\/strong><\/span><\/td>\n<td style=\"width: 121px; height: 60px;\"><strong>SEMANALES<\/strong><\/td>\n<td style=\"width: 81px; height: 60px;\"><strong>TOTALES<\/strong><\/td>\n<\/tr>\n<tr style=\"height: 53px;\">\n<td style=\"text-align: center; width: 617px; height: 53px;\"><strong>Automatismos industriales<\/strong><\/td>\n<td style=\"width: 121px; height: 53px;\">8<\/td>\n<td style=\"width: 81px; height: 53px;\">256<\/td>\n<\/tr>\n<tr style=\"height: 55px;\">\n<td style=\"text-align: center; width: 617px; height: 55px;\"><strong>Electr\u00f3nica<\/strong><\/td>\n<td style=\"width: 121px; height: 55px;\">3<\/td>\n<td style=\"width: 81px; height: 55px;\">96<\/td>\n<\/tr>\n<tr style=\"height: 53px;\">\n<td style=\"text-align: center; width: 617px; height: 53px;\"><strong>Electrotecnia<\/strong><\/td>\n<td style=\"width: 121px; height: 53px;\">6<\/td>\n<td style=\"width: 81px; height: 53px;\">192<\/td>\n<\/tr>\n<tr style=\"height: 51px;\">\n<td style=\"text-align: center; width: 617px; height: 51px;\"><strong>Itinerario para la empleabilidad I<\/strong><\/td>\n<td style=\"width: 121px; height: 51px;\">3<\/td>\n<td style=\"width: 81px; height: 51px;\">96<\/td>\n<\/tr>\n<tr style=\"height: 50px;\">\n<td style=\"text-align: center; width: 617px; height: 50px;\"><strong>Instalaciones el\u00e9ctricas interiores<\/strong><\/td>\n<td style=\"width: 121px; height: 50px;\">8<\/td>\n<td style=\"width: 81px; height: 50px;\">256<\/td>\n<\/tr>\n<tr style=\"height: 50px;\">\n<td style=\"text-align: center; width: 617px; height: 50px;\"><b>Digitalizaci\u00f3n aplicada al sistema productivo\u00a0<\/b><strong><br \/><\/strong><\/td>\n<td style=\"width: 121px; height: 50px;\">1<\/td>\n<td style=\"width: 81px; height: 50px;\">32<\/td>\n<\/tr>\n<tr style=\"height: 52px;\">\n<td style=\"text-align: center; width: 617px; height: 52px;\"><b>Sostenibilidad aplicada al sistema productivo\u00a0<\/b><b><br \/><\/b><\/td>\n<td style=\"width: 121px; height: 52px;\">1<\/td>\n<td style=\"width: 81px; height: 52px;\">32<\/td>\n<\/tr>\n<tr style=\"height: 39px;\">\n<td style=\"width: 617px; height: 39px;\">\n<p style=\"text-align: center;\"><span style=\"color: #ff0000;\"><strong>SEGUNDO CURSO<\/strong><\/span><\/p>\n<\/td>\n<td style=\"width: 121px; height: 39px;\"><strong>SEMANALES<\/strong><\/td>\n<td style=\"width: 81px; height: 39px;\"><strong>TOTALES<\/strong><\/td>\n<\/tr>\n<tr style=\"height: 2px;\">\n<td style=\"width: 617px; height: 2px;\">\n<p style=\"text-align: center;\"><strong>Itinerario\u00a0personal para la empleabilidad II<\/strong><\/p>\n<\/td>\n<td style=\"width: 121px; height: 2px;\">3<\/td>\n<td style=\"width: 81px; height: 2px;\">105<\/td>\n<\/tr>\n<tr style=\"height: 51px;\">\n<td style=\"width: 617px; height: 51px;\">\n<p style=\"text-align: center;\"><strong>Proyecto intermodular<\/strong><\/p>\n<\/td>\n<td style=\"width: 121px; height: 51px;\">2<\/td>\n<td style=\"width: 81px; height: 51px;\">70<\/td>\n<\/tr>\n<tr style=\"height: 50px;\">\n<td style=\"width: 617px; height: 50px;\">\n<p style=\"text-align: center;\"><strong>Ingl\u00e9s profesional<\/strong><\/p>\n<\/td>\n<td style=\"width: 121px; height: 50px;\">2<\/td>\n<td style=\"width: 81px; height: 50px;\">70<\/td>\n<\/tr>\n<tr style=\"height: 51px;\">\n<td style=\"width: 617px; height: 51px;\">\n<p style=\"text-align: center;\"><strong>Optativa<\/strong><\/p>\n<\/td>\n<td style=\"width: 121px; height: 51px;\">3<\/td>\n<td style=\"width: 81px; height: 51px;\">105<\/td>\n<\/tr>\n<tr style=\"height: 51px;\">\n<td style=\"width: 617px; height: 51px;\">\n<p style=\"text-align: center;\"><strong>Infraestructuras comunes de telecomunicaci\u00f3n en viviendas y edificios<\/strong><\/p>\n<\/td>\n<td style=\"width: 121px; height: 51px;\">4<\/td>\n<td style=\"width: 81px; height: 51px;\">140<\/td>\n<\/tr>\n<tr style=\"height: 51px;\">\n<td style=\"width: 617px; height: 51px;\">\n<p style=\"text-align: center;\"><strong>Instalaciones de distribuci\u00f3n<\/strong><\/p>\n<\/td>\n<td style=\"width: 121px; height: 51px;\">5<\/td>\n<td style=\"width: 81px; height: 51px;\">175<\/td>\n<\/tr>\n<tr style=\"height: 51px;\">\n<td style=\"width: 617px; height: 51px;\">\n<p style=\"text-align: center;\"><strong>Instalaciones dom\u00f3ticas<\/strong><\/p>\n<\/td>\n<td style=\"width: 121px; height: 51px;\">4<\/td>\n<td style=\"width: 81px; height: 51px;\">140<\/td>\n<\/tr>\n<tr style=\"height: 33px;\">\n<td style=\"width: 617px; height: 33px;\">\n<p style=\"text-align: center;\"><strong>Instalaciones solares fotovoltaicas<\/strong><\/p>\n<\/td>\n<td style=\"width: 121px; height: 33px;\">2<\/td>\n<td style=\"width: 81px; height: 33px;\">70<\/td>\n<\/tr>\n<tr style=\"height: 51px;\">\n<td style=\"width: 617px; height: 51px;\"><strong>\u00a0 \u00a0 \u00a0 \u00a0 \u00a0 \u00a0 \u00a0 \u00a0 \u00a0 \u00a0 \u00a0 \u00a0 \u00a0 \u00a0 \u00a0 \u00a0 \u00a0 \u00a0 \u00a0 \u00a0 \u00a0 \u00a0 \u00a0 \u00a0 \u00a0 \u00a0 \u00a0 \u00a0 \u00a0 \u00a0M\u00e1quinas el\u00e9ctricas<\/strong><\/td>\n<td style=\"width: 121px; height: 51px;\">5<\/td>\n<td style=\"width: 81px; height: 51px;\">175<\/td>\n<\/tr>\n<\/tbody>\n<\/table>\n<p>&nbsp;<\/p>\n<p>[\/et_pb_text][\/et_pb_column][\/et_pb_row][et_pb_row _builder_version=\u00bb4.27.4&#8243; custom_margin_tablet=\u00bb\u00bb custom_margin_phone=\u00bb363px||||false|false\u00bb custom_margin_last_edited=\u00bbon|phone\u00bb hover_enabled=\u00bb0&#8243; global_colors_info=\u00bb{}\u00bb sticky_enabled=\u00bb0&#8243;][et_pb_column type=\u00bb4_4&#8243; _builder_version=\u00bb4.16&#8243; global_colors_info=\u00bb{}\u00bb][et_pb_text _builder_version=\u00bb4.16&#8243; custom_margin=\u00bb55px||||false|false\u00bb custom_padding=\u00bb||0px|||\u00bb global_colors_info=\u00bb{}\u00bb]<\/p>\n<p style=\"text-align: center;\"><span style=\"font-size: x-large;\"><strong><span style=\"color: #4f4b4b;\">\u00bfPOR QU\u00c9 ESTUDIAR UN CICLO FORMATIVO?<\/span><\/strong><\/span><\/p>\n<h4 style=\"text-align: center;\"><span style=\"color: #808080;\"><i><span style=\"font-size: large;\">Encuentra en la Formaci\u00f3n\u00a0Profesional\u00a0la manera de estudiar lo que m\u00e1s te gusta y de la manera m\u00e1s pr\u00e1ctica.<\/span>\u00a0<\/i><\/span><\/h4>\n<p>[\/et_pb_text][et_pb_divider divider_weight=\u00bb2px\u00bb _builder_version=\u00bb4.16&#8243; width=\u00bb85%\u00bb module_alignment=\u00bbcenter\u00bb custom_margin=\u00bb-22px||3px||false|false\u00bb custom_padding=\u00bb||26px|||\u00bb global_colors_info=\u00bb{}\u00bb][\/et_pb_divider][\/et_pb_column][\/et_pb_row][et_pb_row column_structure=\u00bb1_2,1_2&#8243; _builder_version=\u00bb4.16&#8243; background_color=\u00bb#f4f4f4&#8243; custom_margin=\u00bb-60px||||false|false\u00bb border_radii=\u00bbon|8px|8px|8px|8px\u00bb global_colors_info=\u00bb{}\u00bb][et_pb_column type=\u00bb1_2&#8243; _builder_version=\u00bb4.16&#8243; global_colors_info=\u00bb{}\u00bb][et_pb_blurb use_icon=\u00bbon\u00bb font_icon=\u00bb&#xe035;||divi||400&#8243; _builder_version=\u00bb4.16&#8243; global_colors_info=\u00bb{}\u00bb]<\/p>\n<p style=\"text-align: center;\"><strong>\u00a0FORMACI\u00d3N PR\u00c1CTICA<\/strong><\/p>\n<p style=\"text-align: center;\">La formaci\u00f3n establecida en el conjunto de m\u00f3dulos profesionales del T\u00edtulo garantiza el nivel de conocimiento exigido en el carn\u00e9 de Instalador Autorizado en baja tensi\u00f3n, tanto en la Categor\u00eda b\u00e1sica como en la de especialista.<\/p>\n<p>[\/et_pb_blurb][\/et_pb_column][et_pb_column type=\u00bb1_2&#8243; _builder_version=\u00bb4.16&#8243; global_colors_info=\u00bb{}\u00bb][et_pb_blurb use_icon=\u00bbon\u00bb font_icon=\u00bb&#xe00e;||divi||400&#8243; _builder_version=\u00bb4.16&#8243; global_colors_info=\u00bb{}\u00bb]<\/p>\n<p style=\"text-align: center;\"><strong>INSERCI\u00d3N LABORAL<\/strong><\/p>\n<p style=\"text-align: center;\">La Formaci\u00f3n Profesional se trata de unos estudios motivadores donde podr\u00e1s encontrar una salida \u00f3ptima para la incorporaci\u00f3n laboral, donde tus estudios tendr\u00e1n una aplicaci\u00f3n real. Adem\u00e1s, el perfil de t\u00e9cnico cada vez est\u00e1 m\u00e1s demandado por las empresas.<\/p>\n<p>[\/et_pb_blurb][\/et_pb_column][\/et_pb_row][et_pb_row _builder_version=\u00bb4.16&#8243; min_height=\u00bb127px\u00bb custom_margin=\u00bb-127px|auto||auto|false|false\u00bb custom_padding=\u00bb170px|||||\u00bb global_colors_info=\u00bb{}\u00bb][et_pb_column type=\u00bb4_4&#8243; _builder_version=\u00bb4.16&#8243; global_colors_info=\u00bb{}\u00bb][et_pb_gallery gallery_ids=\u00bb19050,19051,19052,19053,19054,19055,19056,19077,19076,19081,19080,19079,19078,13337,12673,13339,13338,13331,13333,13334,12671,12672,19095,19094,19093,19092&#8243; show_title_and_caption=\u00bboff\u00bb _builder_version=\u00bb4.25.1&#8243; global_colors_info=\u00bb{}\u00bb][\/et_pb_gallery][\/et_pb_column][\/et_pb_row][\/et_pb_section]<\/p>\n","protected":false},"excerpt":{"rendered":"<p>Estudios que preparan para el futuro \u00a0\u201cSi hici\u00e9ramos todas las cosas de las que somos capaces, nos asombrar\u00edamos literalmente\u201d. Thomas Edison &nbsp;\u00bfQu\u00e9 vas a aprender en esta Formaci\u00f3n Profesional? Montar y mantener infraestructuras de telecomunicaci\u00f3n, instalaciones el\u00e9ctricas de baja tensi\u00f3n, m\u00e1quinas el\u00e9ctricas y sistemas automatizados. Ser\u00e1s capaz de: Configurar y calcular instalaciones y equipos. Montar [&hellip;]<\/p>\n","protected":false},"author":2,"featured_media":0,"parent":0,"menu_order":0,"comment_status":"closed","ping_status":"closed","template":"","meta":{"_et_pb_use_builder":"on","_et_pb_old_content":"","_et_gb_content_width":"","footnotes":""},"class_list":["post-12580","page","type-page","status-publish","hentry"],"yoast_head":"<!-- This site is optimized with the Yoast SEO plugin v28.4 - https:\/\/yoast.com\/product\/yoast-seo-wordpress\/ -->\n<title>Grado Medio Instalaciones El\u00e9ctricas y Autom\u00e1ticas - Colegio Salesiano<\/title>\n<meta name=\"robots\" content=\"index, follow, max-snippet:-1, max-image-preview:large, max-video-preview:-1\" \/>\n<link rel=\"canonical\" href=\"https:\/\/granada.salesianos.edu\/colegio\/instalacioneselectricas\/\" \/>\n<meta property=\"og:locale\" content=\"es_ES\" \/>\n<meta property=\"og:type\" content=\"article\" \/>\n<meta property=\"og:title\" content=\"Grado Medio Instalaciones El\u00e9ctricas y Autom\u00e1ticas - Colegio Salesiano\" \/>\n<meta property=\"og:description\" content=\"Estudios que preparan para el futuro \u00a0\u201cSi hici\u00e9ramos todas las cosas de las que somos capaces, nos asombrar\u00edamos literalmente\u201d. Thomas Edison &nbsp;\u00bfQu\u00e9 vas a aprender en esta Formaci\u00f3n Profesional? Montar y mantener infraestructuras de telecomunicaci\u00f3n, instalaciones el\u00e9ctricas de baja tensi\u00f3n, m\u00e1quinas el\u00e9ctricas y sistemas automatizados. Ser\u00e1s capaz de: Configurar y calcular instalaciones y equipos. Montar [&hellip;]\" \/>\n<meta property=\"og:url\" content=\"https:\/\/granada.salesianos.edu\/colegio\/instalacioneselectricas\/\" \/>\n<meta property=\"og:site_name\" content=\"Colegio Salesiano\" \/>\n<meta property=\"article:publisher\" content=\"https:\/\/www.facebook.com\/SalesianosGR\/\" \/>\n<meta property=\"article:modified_time\" content=\"2026-01-15T18:39:22+00:00\" \/>\n<meta name=\"twitter:card\" content=\"summary_large_image\" \/>\n<meta name=\"twitter:site\" content=\"@GranadaSDB\" \/>\n<meta name=\"twitter:label1\" content=\"Tiempo de lectura\" \/>\n\t<meta name=\"twitter:data1\" content=\"13 minutos\" \/>\n<script type=\"application\/ld+json\" class=\"yoast-schema-graph\">{\"@context\":\"https:\\\/\\\/schema.org\",\"@graph\":[{\"@type\":\"WebPage\",\"@id\":\"https:\\\/\\\/granada.salesianos.edu\\\/colegio\\\/instalacioneselectricas\\\/\",\"url\":\"https:\\\/\\\/granada.salesianos.edu\\\/colegio\\\/instalacioneselectricas\\\/\",\"name\":\"Grado Medio Instalaciones El\u00e9ctricas y Autom\u00e1ticas - Colegio Salesiano\",\"isPartOf\":{\"@id\":\"https:\\\/\\\/granada.salesianos.edu\\\/colegio\\\/#website\"},\"datePublished\":\"2021-05-27T10:15:42+00:00\",\"dateModified\":\"2026-01-15T18:39:22+00:00\",\"breadcrumb\":{\"@id\":\"https:\\\/\\\/granada.salesianos.edu\\\/colegio\\\/instalacioneselectricas\\\/#breadcrumb\"},\"inLanguage\":\"es\",\"potentialAction\":[{\"@type\":\"ReadAction\",\"target\":[\"https:\\\/\\\/granada.salesianos.edu\\\/colegio\\\/instalacioneselectricas\\\/\"]}]},{\"@type\":\"BreadcrumbList\",\"@id\":\"https:\\\/\\\/granada.salesianos.edu\\\/colegio\\\/instalacioneselectricas\\\/#breadcrumb\",\"itemListElement\":[{\"@type\":\"ListItem\",\"position\":1,\"name\":\"Portada\",\"item\":\"https:\\\/\\\/granada.salesianos.edu\\\/colegio\\\/\"},{\"@type\":\"ListItem\",\"position\":2,\"name\":\"Grado Medio Instalaciones El\u00e9ctricas y Autom\u00e1ticas\"}]},{\"@type\":\"WebSite\",\"@id\":\"https:\\\/\\\/granada.salesianos.edu\\\/colegio\\\/#website\",\"url\":\"https:\\\/\\\/granada.salesianos.edu\\\/colegio\\\/\",\"name\":\"Colegio Salesiano\",\"description\":\"P\u00e1gina oficial de Salesianos Granada San Juan Bosco\",\"publisher\":{\"@id\":\"https:\\\/\\\/granada.salesianos.edu\\\/colegio\\\/#organization\"},\"potentialAction\":[{\"@type\":\"SearchAction\",\"target\":{\"@type\":\"EntryPoint\",\"urlTemplate\":\"https:\\\/\\\/granada.salesianos.edu\\\/colegio\\\/?s={search_term_string}\"},\"query-input\":{\"@type\":\"PropertyValueSpecification\",\"valueRequired\":true,\"valueName\":\"search_term_string\"}}],\"inLanguage\":\"es\"},{\"@type\":\"Organization\",\"@id\":\"https:\\\/\\\/granada.salesianos.edu\\\/colegio\\\/#organization\",\"name\":\"Colegio Salesiano San Juan Bosco Granada\",\"url\":\"https:\\\/\\\/granada.salesianos.edu\\\/colegio\\\/\",\"logo\":{\"@type\":\"ImageObject\",\"inLanguage\":\"es\",\"@id\":\"https:\\\/\\\/granada.salesianos.edu\\\/colegio\\\/#\\\/schema\\\/logo\\\/image\\\/\",\"url\":\"https:\\\/\\\/granada.salesianos.edu\\\/colegio\\\/wp-content\\\/uploads\\\/sites\\\/2\\\/2021\\\/01\\\/GRANADAobraVN2.jpg\",\"contentUrl\":\"https:\\\/\\\/granada.salesianos.edu\\\/colegio\\\/wp-content\\\/uploads\\\/sites\\\/2\\\/2021\\\/01\\\/GRANADAobraVN2.jpg\",\"width\":2113,\"height\":1894,\"caption\":\"Colegio Salesiano San Juan Bosco Granada\"},\"image\":{\"@id\":\"https:\\\/\\\/granada.salesianos.edu\\\/colegio\\\/#\\\/schema\\\/logo\\\/image\\\/\"},\"sameAs\":[\"https:\\\/\\\/www.facebook.com\\\/SalesianosGR\\\/\",\"https:\\\/\\\/x.com\\\/GranadaSDB\",\"https:\\\/\\\/www.instagram.com\\\/salesianosgranada\\\/\",\"https:\\\/\\\/www.youtube.com\\\/channel\\\/UChkpZuhCf4Y5rYIcFT3CNxw?view_as=subscriber\"]}]}<\/script>\n<!-- \/ Yoast SEO plugin. -->","yoast_head_json":{"title":"Grado Medio Instalaciones El\u00e9ctricas y Autom\u00e1ticas - Colegio Salesiano","robots":{"index":"index","follow":"follow","max-snippet":"max-snippet:-1","max-image-preview":"max-image-preview:large","max-video-preview":"max-video-preview:-1"},"canonical":"https:\/\/granada.salesianos.edu\/colegio\/instalacioneselectricas\/","og_locale":"es_ES","og_type":"article","og_title":"Grado Medio Instalaciones El\u00e9ctricas y Autom\u00e1ticas - Colegio Salesiano","og_description":"Estudios que preparan para el futuro \u00a0\u201cSi hici\u00e9ramos todas las cosas de las que somos capaces, nos asombrar\u00edamos literalmente\u201d. Thomas Edison &nbsp;\u00bfQu\u00e9 vas a aprender en esta Formaci\u00f3n Profesional? Montar y mantener infraestructuras de telecomunicaci\u00f3n, instalaciones el\u00e9ctricas de baja tensi\u00f3n, m\u00e1quinas el\u00e9ctricas y sistemas automatizados. Ser\u00e1s capaz de: Configurar y calcular instalaciones y equipos. Montar [&hellip;]","og_url":"https:\/\/granada.salesianos.edu\/colegio\/instalacioneselectricas\/","og_site_name":"Colegio Salesiano","article_publisher":"https:\/\/www.facebook.com\/SalesianosGR\/","article_modified_time":"2026-01-15T18:39:22+00:00","twitter_card":"summary_large_image","twitter_site":"@GranadaSDB","twitter_misc":{"Tiempo de lectura":"13 minutos"},"schema":{"@context":"https:\/\/schema.org","@graph":[{"@type":"WebPage","@id":"https:\/\/granada.salesianos.edu\/colegio\/instalacioneselectricas\/","url":"https:\/\/granada.salesianos.edu\/colegio\/instalacioneselectricas\/","name":"Grado Medio Instalaciones El\u00e9ctricas y Autom\u00e1ticas - Colegio Salesiano","isPartOf":{"@id":"https:\/\/granada.salesianos.edu\/colegio\/#website"},"datePublished":"2021-05-27T10:15:42+00:00","dateModified":"2026-01-15T18:39:22+00:00","breadcrumb":{"@id":"https:\/\/granada.salesianos.edu\/colegio\/instalacioneselectricas\/#breadcrumb"},"inLanguage":"es","potentialAction":[{"@type":"ReadAction","target":["https:\/\/granada.salesianos.edu\/colegio\/instalacioneselectricas\/"]}]},{"@type":"BreadcrumbList","@id":"https:\/\/granada.salesianos.edu\/colegio\/instalacioneselectricas\/#breadcrumb","itemListElement":[{"@type":"ListItem","position":1,"name":"Portada","item":"https:\/\/granada.salesianos.edu\/colegio\/"},{"@type":"ListItem","position":2,"name":"Grado Medio Instalaciones El\u00e9ctricas y Autom\u00e1ticas"}]},{"@type":"WebSite","@id":"https:\/\/granada.salesianos.edu\/colegio\/#website","url":"https:\/\/granada.salesianos.edu\/colegio\/","name":"Colegio Salesiano","description":"P\u00e1gina oficial de Salesianos Granada San Juan Bosco","publisher":{"@id":"https:\/\/granada.salesianos.edu\/colegio\/#organization"},"potentialAction":[{"@type":"SearchAction","target":{"@type":"EntryPoint","urlTemplate":"https:\/\/granada.salesianos.edu\/colegio\/?s={search_term_string}"},"query-input":{"@type":"PropertyValueSpecification","valueRequired":true,"valueName":"search_term_string"}}],"inLanguage":"es"},{"@type":"Organization","@id":"https:\/\/granada.salesianos.edu\/colegio\/#organization","name":"Colegio Salesiano San Juan Bosco Granada","url":"https:\/\/granada.salesianos.edu\/colegio\/","logo":{"@type":"ImageObject","inLanguage":"es","@id":"https:\/\/granada.salesianos.edu\/colegio\/#\/schema\/logo\/image\/","url":"https:\/\/granada.salesianos.edu\/colegio\/wp-content\/uploads\/sites\/2\/2021\/01\/GRANADAobraVN2.jpg","contentUrl":"https:\/\/granada.salesianos.edu\/colegio\/wp-content\/uploads\/sites\/2\/2021\/01\/GRANADAobraVN2.jpg","width":2113,"height":1894,"caption":"Colegio Salesiano San Juan Bosco Granada"},"image":{"@id":"https:\/\/granada.salesianos.edu\/colegio\/#\/schema\/logo\/image\/"},"sameAs":["https:\/\/www.facebook.com\/SalesianosGR\/","https:\/\/x.com\/GranadaSDB","https:\/\/www.instagram.com\/salesianosgranada\/","https:\/\/www.youtube.com\/channel\/UChkpZuhCf4Y5rYIcFT3CNxw?view_as=subscriber"]}]}},"_links":{"self":[{"href":"https:\/\/granada.salesianos.edu\/colegio\/wp-json\/wp\/v2\/pages\/12580","targetHints":{"allow":["GET"]}}],"collection":[{"href":"https:\/\/granada.salesianos.edu\/colegio\/wp-json\/wp\/v2\/pages"}],"about":[{"href":"https:\/\/granada.salesianos.edu\/colegio\/wp-json\/wp\/v2\/types\/page"}],"author":[{"embeddable":true,"href":"https:\/\/granada.salesianos.edu\/colegio\/wp-json\/wp\/v2\/users\/2"}],"replies":[{"embeddable":true,"href":"https:\/\/granada.salesianos.edu\/colegio\/wp-json\/wp\/v2\/comments?post=12580"}],"version-history":[{"count":66,"href":"https:\/\/granada.salesianos.edu\/colegio\/wp-json\/wp\/v2\/pages\/12580\/revisions"}],"predecessor-version":[{"id":21734,"href":"https:\/\/granada.salesianos.edu\/colegio\/wp-json\/wp\/v2\/pages\/12580\/revisions\/21734"}],"wp:attachment":[{"href":"https:\/\/granada.salesianos.edu\/colegio\/wp-json\/wp\/v2\/media?parent=12580"}],"curies":[{"name":"wp","href":"https:\/\/api.w.org\/{rel}","templated":true}]}}