{"id":12874,"date":"2021-06-07T09:24:41","date_gmt":"2021-06-07T07:24:41","guid":{"rendered":"https:\/\/granada.salesianos.edu\/colegio\/?page_id=12874"},"modified":"2026-01-15T21:08:33","modified_gmt":"2026-01-15T19:08:33","slug":"realizacionaudivisuales","status":"publish","type":"page","link":"https:\/\/granada.salesianos.edu\/colegio\/realizacionaudivisuales\/","title":{"rendered":"Grado Superior Realizaci\u00f3n de Proyectos Audiovisuales y Espect\u00e1culos"},"content":{"rendered":"<div id=\"fb-root\"><\/div>\n<p>[et_pb_section fb_built=\u00bb1&#8243; fullwidth=\u00bbon\u00bb next_background_color=\u00bb#ffffff\u00bb _builder_version=\u00bb4.27.4&#8243; background_image=\u00bbhttps:\/\/granada.salesianos.edu\/colegio\/wp-content\/uploads\/sites\/2\/2020\/02\/fondo_novedades_web.png\u00bb bottom_divider_style=\u00bbasymmetric2&#8243; global_module=\u00bb20660&#8243; saved_tabs=\u00bball\u00bb global_colors_info=\u00bb{}\u00bb][et_pb_fullwidth_header title=\u00bb@ET-DC@eyJkeW5hbWljIjp0cnVlLCJjb250ZW50IjoicG9zdF90aXRsZSIsInNldHRpbmdzIjp7ImJlZm9yZSI6IiIsImFmdGVyIjoiIn19@\u00bb title_font_color=\u00bb#ffffff\u00bb content_max_width_tablet=\u00bb88%\u00bb content_max_width_phone=\u00bb79%\u00bb content_max_width_last_edited=\u00bbon|phone\u00bb admin_label=\u00bbT\u00edtulo de anchura completa\u00bb module_class=\u00bbpagina-imagen-cabecera\u00bb _builder_version=\u00bb4.27.4&#8243; _dynamic_attributes=\u00bbtitle\u00bb title_text_color=\u00bb#ffffff\u00bb title_font_size=\u00bb40px\u00bb background_color=\u00bbrgba(255, 255, 255, 0)\u00bb background_enable_image=\u00bboff\u00bb background_position=\u00bbbottom_left\u00bb transform_translate=\u00bb91px|91px\u00bb max_width_tablet=\u00bb50px\u00bb min_height=\u00bb329px\u00bb custom_padding=\u00bb||127px|||\u00bb background_url=\u00bbhttps:\/\/alicante.salesianos.edu\/colegio\/wp-content\/uploads\/sites\/2\/2017\/03\/Captura-de-pantalla-2017-03-21-a-las-17.25.56.png\u00bb global_colors_info=\u00bb{}\u00bb button_one_text_size__hover_enabled=\u00bboff\u00bb button_one_text_size__hover=\u00bbnull\u00bb button_two_text_size__hover_enabled=\u00bboff\u00bb button_two_text_size__hover=\u00bbnull\u00bb button_one_text_color__hover_enabled=\u00bboff\u00bb button_one_text_color__hover=\u00bbnull\u00bb button_two_text_color__hover_enabled=\u00bboff\u00bb button_two_text_color__hover=\u00bbnull\u00bb button_one_border_width__hover_enabled=\u00bboff\u00bb button_one_border_width__hover=\u00bbnull\u00bb button_two_border_width__hover_enabled=\u00bboff\u00bb button_two_border_width__hover=\u00bbnull\u00bb button_one_border_color__hover_enabled=\u00bboff\u00bb button_one_border_color__hover=\u00bbnull\u00bb button_two_border_color__hover_enabled=\u00bboff\u00bb button_two_border_color__hover=\u00bbnull\u00bb button_one_border_radius__hover_enabled=\u00bboff\u00bb button_one_border_radius__hover=\u00bbnull\u00bb button_two_border_radius__hover_enabled=\u00bboff\u00bb button_two_border_radius__hover=\u00bbnull\u00bb button_one_letter_spacing__hover_enabled=\u00bboff\u00bb button_one_letter_spacing__hover=\u00bbnull\u00bb button_two_letter_spacing__hover_enabled=\u00bboff\u00bb button_two_letter_spacing__hover=\u00bbnull\u00bb button_one_bg_color__hover_enabled=\u00bboff\u00bb button_one_bg_color__hover=\u00bbnull\u00bb button_two_bg_color__hover_enabled=\u00bboff\u00bb button_two_bg_color__hover=\u00bbnull\u00bb][\/et_pb_fullwidth_header][\/et_pb_section][et_pb_section fb_built=\u00bb1&#8243; module_class=\u00bbpagina-seccion-contenido\u00bb _builder_version=\u00bb4.27.4&#8243; min_height=\u00bb2350px\u00bb custom_margin=\u00bb51px||||false|false\u00bb custom_padding=\u00bb0%|||\u00bb global_colors_info=\u00bb{}\u00bb][et_pb_row _builder_version=\u00bb4.16&#8243; min_height=\u00bb393px\u00bb custom_margin=\u00bb-56px|auto||auto||\u00bb global_colors_info=\u00bb{}\u00bb][et_pb_column type=\u00bb4_4&#8243; _builder_version=\u00bb4.16&#8243; global_colors_info=\u00bb{}\u00bb][et_pb_text _builder_version=\u00bb4.16&#8243; custom_padding=\u00bb0px||0px|||\u00bb global_colors_info=\u00bb{}\u00bb]<\/p>\n<h1 style=\"text-align: center;\"><span style=\"color: #4f4b4b;\"><strong><span style=\"font-size: xx-large;\"><span style=\"font-family: inherit;\">Estudios para desarrollar toda tu creatividad<\/span><\/span><\/strong><\/span><\/h1>\n<h4 style=\"text-align: center;\"><span style=\"font-size: large; color: #808080;\"><em>\u00a0\u201cElige un trabajo que te guste y no tendr\u00e1s que trabajar ni un d\u00eda de tu vida\u201d. Confucio<\/em><\/span><\/h4>\n<p>[\/et_pb_text][et_pb_divider divider_weight=\u00bb2px\u00bb _builder_version=\u00bb4.16&#8243; width=\u00bb85%\u00bb module_alignment=\u00bbcenter\u00bb custom_margin=\u00bb-56px||||false|false\u00bb custom_margin_tablet=\u00bb-36px||||false|false\u00bb custom_margin_phone=\u00bb-36px||||false|false\u00bb custom_margin_last_edited=\u00bbon|tablet\u00bb custom_padding=\u00bb2px||2px|||\u00bb global_colors_info=\u00bb{}\u00bb][\/et_pb_divider][\/et_pb_column][\/et_pb_row][et_pb_row column_structure=\u00bb2_5,3_5&#8243; _builder_version=\u00bb4.27.4&#8243; max_width=\u00bb1333px\u00bb min_height=\u00bb381px\u00bb custom_margin=\u00bb-254px|auto||auto|false|false\u00bb custom_padding=\u00bb||0px|||\u00bb global_colors_info=\u00bb{}\u00bb][et_pb_column type=\u00bb2_5&#8243; _builder_version=\u00bb4.16&#8243; global_colors_info=\u00bb{}\u00bb][et_pb_text _builder_version=\u00bb4.27.4&#8243; min_height=\u00bb290px\u00bb custom_margin=\u00bb38px||||false|false\u00bb global_colors_info=\u00bb{}\u00bb]<\/p>\n<h4><span style=\"font-size: x-large;\"><strong>\u00bfQu\u00e9 vas a aprender en esta Formaci\u00f3n Profesional?<\/strong><\/span><\/h4>\n<ul>\n<li>Determinar las caracter\u00edsticas formales y expresivas de los proyectos de realizaci\u00f3n de audiovisuales y espect\u00e1culos y eventos, para su realizaci\u00f3n audiovisual o esc\u00e9nica.<\/li>\n<li>Determinar las caracter\u00edsticas del personal t\u00e9cnico y art\u00edstico, y de los recursos t\u00e9cnicos, materiales, y esc\u00e9nicos necesarios para la puesta en marcha del proyecto de realizaci\u00f3n de audiovisuales o de espect\u00e1culos y eventos.<\/li>\n<li>Planificar el proceso de trabajo del proyecto audiovisual o de espect\u00e1culo y de eventos en consonancia con el plan general de producci\u00f3n.<\/li>\n<li>Coordinar la disponibilidad de los recursos t\u00e9cnicos, materiales y esc\u00e9nicos durante los ensayos, registro, emisi\u00f3n o representaci\u00f3n esc\u00e9nica, asegurando la aplicaci\u00f3n del plan de trabajo.<\/li>\n<li>Coordinar y dirigir el trabajo del personal t\u00e9cnico y art\u00edstico durante los ensayos, registro, emisi\u00f3n, postproducci\u00f3n o representaci\u00f3n esc\u00e9nica, asegurando la aplicaci\u00f3n del plan de trabajo, y reforzando la labor del director o realizador audiovisual y del director del espect\u00e1culo o evento.<\/li>\n<li>Coordinar los procesos completos de montaje\/edici\u00f3n y postproducci\u00f3n de programas audiovisuales planificando las operaciones, preparando materiales y efectos, y realizando el montaje y la postproducci\u00f3n hasta la obtenci\u00f3n del m\u00e1ster definitivo.<\/li>\n<\/ul>\n<p>[\/et_pb_text][\/et_pb_column][et_pb_column type=\u00bb3_5&#8243; _builder_version=\u00bb4.16&#8243; global_colors_info=\u00bb{}\u00bb][et_pb_image src=\u00bbhttps:\/\/granada.salesianos.edu\/colegio\/wp-content\/uploads\/sites\/2\/2024\/06\/Captura-de-pantalla-2024-06-14-a-las-17.27.52.png\u00bb title_text=\u00bbCaptura de pantalla 2024-06-14 a las 17.27.52&#8243; _builder_version=\u00bb4.27.4&#8243; transform_scale_tablet=\u00bb\u00bb transform_scale_phone=\u00bb86%|86%\u00bb transform_scale_last_edited=\u00bbon|phone\u00bb transform_translate_tablet=\u00bb\u00bb transform_translate_phone=\u00bb\u00bb transform_translate_last_edited=\u00bbon|phone\u00bb transform_rotate_tablet=\u00bb\u00bb transform_rotate_phone=\u00bb\u00bb transform_rotate_last_edited=\u00bbon|phone\u00bb transform_skew_tablet=\u00bb\u00bb transform_skew_phone=\u00bb\u00bb transform_skew_last_edited=\u00bbon|phone\u00bb transform_origin_tablet=\u00bb\u00bb transform_origin_phone=\u00bb\u00bb transform_origin_last_edited=\u00bbon|phone\u00bb transform_styles_last_edited=\u00bbon|phone\u00bb width_tablet=\u00bb\u00bb width_phone=\u00bb100%\u00bb width_last_edited=\u00bbon|phone\u00bb min_height=\u00bb404px\u00bb custom_margin=\u00bb-7px|||52px|false|false\u00bb custom_margin_tablet=\u00bb-7px|||52px|false|false\u00bb custom_margin_phone=\u00bb|||-7px|false|false\u00bb custom_margin_last_edited=\u00bbon|phone\u00bb hover_enabled=\u00bb0&#8243; transform_styles_tablet=\u00bb\u00bb transform_styles_phone=\u00bb\u00bb module_alignment_tablet=\u00bb\u00bb module_alignment_phone=\u00bbleft\u00bb module_alignment_last_edited=\u00bbon|phone\u00bb global_colors_info=\u00bb{}\u00bb width=\u00bb65%\u00bb sticky_enabled=\u00bb0&#8243;][\/et_pb_image][\/et_pb_column][\/et_pb_row][et_pb_row column_structure=\u00bb1_6,1_6,1_6,1_6,1_6,1_6&#8243; _builder_version=\u00bb4.16&#8243; background_size=\u00bbinitial\u00bb background_position=\u00bbtop_left\u00bb background_repeat=\u00bbrepeat\u00bb min_height=\u00bb104.4px\u00bb custom_margin=\u00bb-7px|auto||auto|false|false\u00bb custom_padding=\u00bb27px||0px|||\u00bb global_colors_info=\u00bb{}\u00bb][et_pb_column type=\u00bb1_6&#8243; _builder_version=\u00bb4.16&#8243; custom_padding=\u00bb|||\u00bb global_colors_info=\u00bb{}\u00bb custom_padding__hover=\u00bb|||\u00bb][et_pb_blurb title=\u00bbINSTALACIONES\u00bb url=\u00bbhttps:\/\/granada.salesianos.edu\/colegio\/instalaciones-2\/\u00bb use_icon=\u00bbon\u00bb font_icon=\u00bb&#xe00f;||divi||400&#8243; _builder_version=\u00bb4.16&#8243; header_text_align=\u00bbcenter\u00bb global_colors_info=\u00bb{}\u00bb][\/et_pb_blurb][\/et_pb_column][et_pb_column type=\u00bb1_6&#8243; _builder_version=\u00bb4.16&#8243; custom_padding=\u00bb|||\u00bb global_colors_info=\u00bb{}\u00bb custom_padding__hover=\u00bb|||\u00bb][et_pb_blurb title=\u00bbFORMACI\u00d3N EN EMPRESAS\u00bb use_icon=\u00bbon\u00bb font_icon=\u00bb&#xe0ef;||divi||400&#8243; _builder_version=\u00bb4.16&#8243; header_text_align=\u00bbcenter\u00bb global_colors_info=\u00bb{}\u00bb][\/et_pb_blurb][\/et_pb_column][et_pb_column type=\u00bb1_6&#8243; _builder_version=\u00bb4.16&#8243; custom_padding=\u00bb|||\u00bb global_colors_info=\u00bb{}\u00bb custom_padding__hover=\u00bb|||\u00bb][et_pb_blurb title=\u00bbTRABAJO POR PROYECTOS\u00bb use_icon=\u00bbon\u00bb font_icon=\u00bb&#xe007;||divi||400&#8243; _builder_version=\u00bb4.16&#8243; header_text_align=\u00bbcenter\u00bb global_colors_info=\u00bb{}\u00bb][\/et_pb_blurb][\/et_pb_column][et_pb_column type=\u00bb1_6&#8243; _builder_version=\u00bb4.16&#8243; custom_padding=\u00bb|||\u00bb global_colors_info=\u00bb{}\u00bb custom_padding__hover=\u00bb|||\u00bb][et_pb_blurb title=\u00bbPR\u00c1CTICAS EN EL EXTRANJERO\u00bb url=\u00bbhttps:\/\/granada.salesianos.edu\/colegio\/erasmus\/\u00bb use_icon=\u00bbon\u00bb font_icon=\u00bb&#xe0e2;||divi||400&#8243; _builder_version=\u00bb4.16&#8243; text_orientation=\u00bbcenter\u00bb global_colors_info=\u00bb{}\u00bb][\/et_pb_blurb][\/et_pb_column][et_pb_column type=\u00bb1_6&#8243; _builder_version=\u00bb4.16&#8243; custom_padding=\u00bb|||\u00bb global_colors_info=\u00bb{}\u00bb custom_padding__hover=\u00bb|||\u00bb][et_pb_blurb title=\u00bbFECHAS IMPORTANTES\u00bb use_icon=\u00bbon\u00bb font_icon=\u00bb&#xe023;||divi||400&#8243; _builder_version=\u00bb4.16&#8243; text_orientation=\u00bbcenter\u00bb global_colors_info=\u00bb{}\u00bb][\/et_pb_blurb][\/et_pb_column][et_pb_column type=\u00bb1_6&#8243; _builder_version=\u00bb4.16&#8243; custom_padding=\u00bb|||\u00bb global_colors_info=\u00bb{}\u00bb custom_padding__hover=\u00bb|||\u00bb][et_pb_blurb title=\u00bbLIBROS Y MATERIALES\u00bb url=\u00bbhttps:\/\/drive.google.com\/file\/d\/1jN8EGc4lXKY9CFqP8VtmBAU7osVKv_bA\/view?usp=share_link\u00bb use_icon=\u00bbon\u00bb font_icon=\u00bb&#xe086;||divi||400&#8243; _builder_version=\u00bb4.27.4&#8243; header_text_align=\u00bbcenter\u00bb locked=\u00bboff\u00bb global_colors_info=\u00bb{}\u00bb][\/et_pb_blurb][\/et_pb_column][\/et_pb_row][et_pb_row column_structure=\u00bb3_5,2_5&#8243; _builder_version=\u00bb4.16&#8243; min_height=\u00bb261.7px\u00bb custom_margin=\u00bb7px|auto|-371px|auto|false|false\u00bb custom_padding=\u00bb||0px|1px||\u00bb global_colors_info=\u00bb{}\u00bb][et_pb_column type=\u00bb3_5&#8243; _builder_version=\u00bb4.16&#8243; global_colors_info=\u00bb{}\u00bb][et_pb_tabs _builder_version=\u00bb4.16&#8243; min_height=\u00bb266px\u00bb border_radii=\u00bbon|10px|10px|10px|10px\u00bb box_shadow_style=\u00bbpreset1&#8243; box_shadow_color=\u00bb#000000&#8243; global_colors_info=\u00bb{}\u00bb][et_pb_tab title=\u00bb\u00bfC\u00f3mo acceder?\u00bb _builder_version=\u00bb4.16&#8243; global_colors_info=\u00bb{}\u00bb]Acceso\u00a0<strong>directo<\/strong>:<\/p>\n<ul>\n<li>Estar en posesi\u00f3n del T\u00edtulo de Bachiller, o de un certificado acreditativo de haber superado todas las materias del Bachillerato.<\/li>\n<li>Estar en posesi\u00f3n del T\u00edtulo de Bachillerato Unificado Polivalente (BUP).<\/li>\n<li>Haber superado el segundo curso de cualquier modalidad de Bachillerato experimental.<\/li>\n<li>Estar en posesi\u00f3n de un T\u00edtulo de T\u00e9cnico (Formaci\u00f3n Profesional de Grado Medio)<\/li>\n<\/ul>\n<ul>\n<li>Estar en posesi\u00f3n de un T\u00edtulo de T\u00e9cnico Superior, T\u00e9cnico Especialista o equivalente a efectos acad\u00e9micos.<\/li>\n<li>Haber superado el Curso de Orientaci\u00f3n Universitaria (COU).<\/li>\n<li>Estar en posesi\u00f3n de cualquier Titulaci\u00f3n Universitaria o equivalente.<\/li>\n<\/ul>\n<p>Acceso mediante<strong>\u00a0prueba<\/strong>\u00a0(para quienes no tengan alguno de los requisitos anteriores) Haber superado la prueba de acceso a ciclos formativos de grado superior (se requiere tener al menos 19 a\u00f1os en el a\u00f1o que se realiza la prueba o 18 para quienes poseen el t\u00edtulo de T\u00e9cnico).\u00a0Haber superado la prueba de acceso a la Universidad para mayores de 25 a\u00f1os.[\/et_pb_tab][et_pb_tab title=\u00bbSalidas profesionales\u00bb _builder_version=\u00bb4.16&#8243; global_colors_info=\u00bb{}\u00bb]Podr\u00e1s trabajar como:<\/p>\n<ul>\n<li>Ayudante de direcci\u00f3n en cine<\/li>\n<li>Ayudante de realizaci\u00f3n de v\u00eddeo.<\/li>\n<li>Ayudante de realizaci\u00f3n de televisi\u00f3n.<\/li>\n<li>Montador de cine.<\/li>\n<li>Editor montador de v\u00eddeo.<\/li>\n<li>Jefe de regidur\u00eda.<\/li>\n<li>Regidor de espect\u00e1culos en vivo.<\/li>\n<li>Regidor de eventos.<\/li>\n<li>Regidor de paredes<\/li>\n<\/ul>\n<p>[\/et_pb_tab][et_pb_tab title=\u00bbSalidas acad\u00e9micas\u00bb _builder_version=\u00bb4.16&#8243; global_colors_info=\u00bb{}\u00bb]<strong>Seguir estudiando:<\/strong><\/p>\n<ul>\n<li>Cursos de especializaci\u00f3n profesional.<\/li>\n<li>Otro Ciclo de Formaci\u00f3n Profesional con la posibilidad de establecer convalidaciones de m\u00f3dulos profesionales de acuerdo a la normativa vigente.<\/li>\n<li><strong>Preparaci\u00f3n de las Pruebas de Evaluaci\u00f3n de Bachillerato (\u00fanicamente las asignaturas troncales)<\/strong><\/li>\n<li>Ense\u00f1anzas Universitarias con la posibilidad de establecer convalidaciones de acuerdo con la normativa vigente<\/li>\n<\/ul>\n<p>[\/et_pb_tab][\/et_pb_tabs][\/et_pb_column][et_pb_column type=\u00bb2_5&#8243; _builder_version=\u00bb4.16&#8243; global_colors_info=\u00bb{}\u00bb][et_pb_video src=\u00bbhttps:\/\/www.youtube.com\/watch?v=yYlNNBkavMA\u00bb _builder_version=\u00bb4.16&#8243; custom_margin=\u00bb90px||||false|false\u00bb custom_margin_tablet=\u00bb55px||||false|false\u00bb custom_margin_phone=\u00bb52px||||false|false\u00bb custom_margin_last_edited=\u00bbon|tablet\u00bb global_colors_info=\u00bb{}\u00bb][\/et_pb_video][\/et_pb_column][\/et_pb_row][et_pb_row _builder_version=\u00bb4.16&#8243; background_size=\u00bbinitial\u00bb background_position=\u00bbtop_left\u00bb background_repeat=\u00bbrepeat\u00bb min_height=\u00bb579.3px\u00bb custom_margin=\u00bb296px|auto||auto||\u00bb custom_padding=\u00bb0px|||||\u00bb global_colors_info=\u00bb{}\u00bb][et_pb_column type=\u00bb4_4&#8243; _builder_version=\u00bb4.16&#8243; custom_padding=\u00bb|||\u00bb global_colors_info=\u00bb{}\u00bb custom_padding__hover=\u00bb|||\u00bb][et_pb_text _builder_version=\u00bb4.27.4&#8243; min_height=\u00bb80px\u00bb custom_margin=\u00bb63px||||false|false\u00bb custom_padding=\u00bb2px|||||\u00bb global_colors_info=\u00bb{}\u00bb]<\/p>\n<h4 style=\"text-align: center;\"><span style=\"color: #4f4b4b; font-size: x-large;\"><strong>FORMACI\u00d3N PROFESIONAL DUAL<\/strong><\/span><\/h4>\n<h3 style=\"text-align: center;\"><span style=\"font-size: large;\"><strong><span style=\"color: #808080;\"><em>Una modalidad donde entrar\u00e1s en el mundo laboral combinando la formaci\u00f3n en el Centro y en la empresa.<\/em><\/span><\/strong><\/span><\/h3>\n<p>[\/et_pb_text][et_pb_divider color=\u00bb#e02b20&#8243; divider_weight=\u00bb2px\u00bb _builder_version=\u00bb4.16&#8243; max_width=\u00bb85%\u00bb module_alignment=\u00bbcenter\u00bb custom_margin=\u00bb-30px|||||\u00bb global_colors_info=\u00bb{}\u00bb][\/et_pb_divider][et_pb_text _builder_version=\u00bb4.27.4&#8243; custom_padding=\u00bb|0px||||\u00bb global_colors_info=\u00bb{}\u00bb]<\/p>\n<p style=\"text-align: center;\">La <strong>Formaci\u00f3n Profesional Dual<\/strong> es una modalidad que consiste en <strong>combinar la formaci\u00f3n en empresas y en el centro escolar<\/strong>. Se trata de una oportunidad en el proceso de ense\u00f1anza que mejora el aprendizaje del alumnado; as\u00ed desde el primer momento podr\u00e1 tener contacto con todo el mundo laboral, adem\u00e1s de conocer y desempe\u00f1ar su futuro trabajo. Se trata, en definitiva, de un <strong>aprendizaje innovador<\/strong> donde las <strong>empresas apoyan<\/strong> de una manera muy directa a la formaci\u00f3n de sus <strong>futuros trabajadores.<\/strong><\/p>\n<p>[\/et_pb_text][et_pb_gallery gallery_ids=\u00bb7977,12972,12885,12980,12985,12981,7941,12977,7976,12976,12979,12974,12988,7964,7943,12973,7975,12978,12983,12984&#8243; show_title_and_caption=\u00bboff\u00bb _builder_version=\u00bb4.16&#8243; custom_margin=\u00bb17px||||false|false\u00bb custom_padding=\u00bb||0px|||\u00bb global_colors_info=\u00bb{}\u00bb][\/et_pb_gallery][et_pb_text _builder_version=\u00bb4.16&#8243; min_height=\u00bb38px\u00bb custom_margin=\u00bb10px||215px||false|false\u00bb custom_padding=\u00bb1px||0px|||\u00bb global_colors_info=\u00bb{}\u00bb]<\/p>\n<h4 style=\"text-align: center;\"><span style=\"color: #4f4b4b; font-size: x-large;\"><strong>M\u00d3DULOS PROFESIONALES<\/strong><\/span><\/h4>\n<h3 style=\"text-align: center;\"><em><span style=\"font-size: large;\"><span style=\"color: #808080;\">Descubre las materias que estudiar\u00e1s en este Grado Superior de la familia de imagen y sonido<\/span><\/span><\/em><\/h3>\n<p>[\/et_pb_text][et_pb_divider divider_weight=\u00bb2px\u00bb _builder_version=\u00bb4.16&#8243; width=\u00bb85%\u00bb module_alignment=\u00bbcenter\u00bb custom_margin=\u00bb-221px||3px|||\u00bb custom_padding=\u00bb||26px|||\u00bb global_colors_info=\u00bb{}\u00bb][\/et_pb_divider][et_pb_image src=\u00bbhttps:\/\/granada.salesianos.edu\/colegio\/wp-content\/uploads\/sites\/2\/2026\/01\/WhatsApp-Image-2026-01-15-at-19.30.44-1.jpeg\u00bb title_text=\u00bbWhatsApp Image 2026-01-15 at 19.30.44 (1)\u00bb disabled_on=\u00bboff|off|on\u00bb _builder_version=\u00bb4.27.4&#8243; _module_preset=\u00bbdefault\u00bb global_colors_info=\u00bb{}\u00bb][\/et_pb_image][et_pb_text disabled_on=\u00bbon|off|off\u00bb admin_label=\u00bbTexto\u00bb _builder_version=\u00bb4.27.4&#8243; width=\u00bb82.4%\u00bb width_tablet=\u00bb100%\u00bb width_phone=\u00bb\u00bb width_last_edited=\u00bbon|tablet\u00bb max_width=\u00bb100%\u00bb module_alignment=\u00bbcenter\u00bb min_height=\u00bb956px\u00bb custom_margin=\u00bb-20px|137px|2px|156px|false|false\u00bb custom_padding=\u00bb|112px|22px|0px||\u00bb border_radii=\u00bbon|10px|10px|10px|10px\u00bb box_shadow_style=\u00bbpreset2&#8243; global_colors_info=\u00bb{}\u00bb]<\/p>\n<table class=\" aligncenter\" style=\"width: 965px; height: 906px;\">\n<tbody>\n<tr style=\"height: 60px;\">\n<td style=\"text-align: center; width: 617px; height: 60px;\"><span style=\"color: #ff0000;\"><strong>PRIMER CURSO<\/strong><\/span><\/td>\n<td style=\"width: 121px; height: 60px;\"><strong>SEMANALES<\/strong><\/td>\n<td style=\"width: 81px; height: 60px;\"><strong>TOTALES<\/strong><\/td>\n<\/tr>\n<tr style=\"height: 53px;\">\n<td style=\"text-align: center; width: 617px; height: 53px;\"><strong>Medios t\u00e9cnicos audiovisuales y esc\u00e9nicos<\/strong><\/td>\n<td style=\"width: 121px; height: 53px;\">6<\/td>\n<td style=\"width: 81px; height: 53px;\">192<\/td>\n<\/tr>\n<tr style=\"height: 55px;\">\n<td style=\"text-align: center; width: 617px; height: 55px;\"><strong>Planificaci\u00f3n de la realizaci\u00f3n en cine y v\u00eddeo<\/strong><\/td>\n<td style=\"width: 121px; height: 55px;\">4<\/td>\n<td style=\"width: 81px; height: 55px;\">128<\/td>\n<\/tr>\n<tr style=\"height: 53px;\">\n<td style=\"text-align: center; width: 617px; height: 53px;\"><strong>Planificaci\u00f3n de la realizaci\u00f3n en televisi\u00f3n<\/strong><\/td>\n<td style=\"width: 121px; height: 53px;\">6<\/td>\n<td style=\"width: 81px; height: 53px;\">192<\/td>\n<\/tr>\n<tr style=\"height: 51px;\">\n<td style=\"text-align: center; width: 617px; height: 51px;\"><strong>Planificaci\u00f3n de la regidur\u00eda de espect\u00e1culos y eventos<\/strong><\/td>\n<td style=\"width: 121px; height: 51px;\">4<\/td>\n<td style=\"width: 81px; height: 51px;\">128<\/td>\n<\/tr>\n<tr style=\"height: 56px;\">\n<td style=\"text-align: center; width: 617px; height: 56px;\"><strong>Itinerario para la empleabilidaid I<\/strong><\/td>\n<td style=\"width: 121px; height: 56px;\">3<\/td>\n<td style=\"width: 81px; height: 56px;\">96<\/td>\n<\/tr>\n<tr style=\"height: 58px;\">\n<td style=\"text-align: center; width: 617px; height: 58px;\"><strong>Planificaci\u00f3n del montaje y postproducci\u00f3n de audiovisuales<\/strong><\/td>\n<td style=\"width: 121px; height: 58px;\">5<\/td>\n<td style=\"width: 81px; height: 58px;\">160<\/td>\n<\/tr>\n<tr style=\"height: 41px;\">\n<td style=\"text-align: center; width: 617px; height: 41px;\"><strong>Digitalizaci\u00f3n aplicada al sistema productivo<\/strong><\/td>\n<td style=\"width: 121px; height: 41px;\">1<\/td>\n<td style=\"width: 81px; height: 41px;\">32<\/td>\n<\/tr>\n<tr style=\"height: 44px;\">\n<td style=\"text-align: center; width: 617px; height: 44px;\"><strong>Sostenibilidad aplicada al sistema productivo<\/strong><\/td>\n<td style=\"width: 121px; height: 44px;\">1<\/td>\n<td style=\"width: 81px; height: 44px;\">32<\/td>\n<\/tr>\n<tr style=\"height: 39px;\">\n<td style=\"width: 617px; height: 39px;\">\n<p style=\"text-align: center;\"><strong><span style=\"color: #ff0000;\">SEGUNDO CURSO<\/span><\/strong><\/p>\n<\/td>\n<td style=\"width: 121px; height: 39px;\"><strong>SEMANALES<\/strong><\/td>\n<td style=\"width: 81px; height: 39px;\"><strong>TOTALES<\/strong><\/td>\n<\/tr>\n<tr style=\"height: 2px;\">\n<td style=\"width: 617px; height: 2px;\">\n<p style=\"text-align: center;\"><strong>Itinerario para la empleabilidaid II<\/strong><\/p>\n<\/td>\n<td style=\"width: 121px; height: 2px;\">3<\/td>\n<td style=\"width: 81px; height: 2px;\">105<\/td>\n<\/tr>\n<tr style=\"height: 75px;\">\n<td style=\"width: 617px; height: 38px;\">\n<p style=\"text-align: center;\"><b>Optativa<\/b><\/p>\n<\/td>\n<td style=\"width: 121px; height: 38px;\">3<\/td>\n<td style=\"width: 81px; height: 38px;\">105<\/td>\n<\/tr>\n<tr style=\"height: 50px;\">\n<td style=\"width: 617px; height: 50px;\">\n<p style=\"text-align: center;\"><b>Ingl\u00e9s profesional<\/b><\/p>\n<\/td>\n<td style=\"width: 121px; height: 50px;\">2<\/td>\n<td style=\"width: 81px; height: 50px;\">70<\/td>\n<\/tr>\n<tr style=\"height: 10px;\">\n<td style=\"width: 617px; height: 52px;\"><b>\u00a0 \u00a0 \u00a0 \u00a0 \u00a0 \u00a0 \u00a0 \u00a0 \u00a0 \u00a0 \u00a0 \u00a0 \u00a0 \u00a0 \u00a0 \u00a0 \u00a0 \u00a0 \u00a0 \u00a0Procesos de la realizaci\u00f3n en cine y v\u00eddeo<\/b><\/td>\n<td style=\"width: 121px; height: 52px;\">4<\/td>\n<td style=\"width: 81px; height: 52px;\">140<\/td>\n<\/tr>\n<tr style=\"height: 51px;\">\n<td style=\"width: 617px; height: 51px;\">\n<p style=\"text-align: center;\"><strong>Procesos de la realizaci\u00f3n en tv<\/strong><\/p>\n<\/td>\n<td style=\"width: 121px; height: 51px;\">5<\/td>\n<td style=\"width: 81px; height: 51px;\">175<\/td>\n<\/tr>\n<tr style=\"height: 51px;\">\n<td style=\"width: 617px; height: 51px;\">\n<p style=\"text-align: center;\"><strong>Realizaci\u00f3n del montaje y postproducci\u00f3n de audiovisuales<\/strong><\/p>\n<\/td>\n<td style=\"width: 121px; height: 51px;\">6<\/td>\n<td style=\"width: 81px; height: 51px;\">210<\/td>\n<\/tr>\n<tr style=\"height: 51px;\">\n<td style=\"width: 617px; height: 51px;\">\n<p style=\"text-align: center;\"><b>Proyecto Intermodular de realizaci\u00f3n de proyectos audiovisuales y espect\u00e1culos<\/b><\/p>\n<\/td>\n<td style=\"width: 121px; height: 51px;\">2<\/td>\n<td style=\"width: 81px; height: 51px;\">70<\/td>\n<\/tr>\n<tr style=\"height: 51px;\">\n<td style=\"width: 617px; height: 51px;\">\n<p style=\"text-align: center;\"><strong>Procesos de regidur\u00eda de espect\u00e1culos y eventos<\/strong><\/p>\n<\/td>\n<td style=\"width: 121px; height: 51px;\">5<\/td>\n<td style=\"width: 81px; height: 51px;\">175<\/td>\n<\/tr>\n<tr style=\"height: 50px;\">\n<td style=\"width: 617px; height: 50px;\">\n<p style=\"text-align: center;\"><strong>\u00a0<\/strong><\/p>\n<\/td>\n<td style=\"width: 121px; height: 50px;\">\u00a0<\/td>\n<td style=\"width: 81px; height: 50px;\">\u00a0<\/td>\n<\/tr>\n<\/tbody>\n<\/table>\n<p>[\/et_pb_text][\/et_pb_column][\/et_pb_row][et_pb_row _builder_version=\u00bb4.27.4&#8243; custom_margin=\u00bb-1px||||false|false\u00bb custom_margin_tablet=\u00bb\u00bb custom_margin_phone=\u00bb-89px||||false|false\u00bb custom_margin_last_edited=\u00bbon|phone\u00bb global_colors_info=\u00bb{}\u00bb][et_pb_column type=\u00bb4_4&#8243; _builder_version=\u00bb4.16&#8243; global_colors_info=\u00bb{}\u00bb][et_pb_text _builder_version=\u00bb4.16&#8243; custom_margin=\u00bb55px||||false|false\u00bb custom_margin_tablet=\u00bb\u00bb custom_margin_phone=\u00bb25px||||false|false\u00bb custom_margin_last_edited=\u00bbon|phone\u00bb custom_padding=\u00bb||0px|||\u00bb global_colors_info=\u00bb{}\u00bb]<\/p>\n<p style=\"text-align: center;\"><span style=\"font-size: x-large;\"><strong><span style=\"color: #4f4b4b;\">\u00bfPOR QU\u00c9 ESTUDIAR UN CICLO FORMATIVO?<\/span><\/strong><\/span><\/p>\n<h4 style=\"text-align: center;\"><span style=\"color: #808080;\"><i><span style=\"font-size: large;\">Encuentra en la Formaci\u00f3n\u00a0Profesional\u00a0la manera de estudiar lo que m\u00e1s te gusta y de la manera m\u00e1s pr\u00e1ctica.<\/span>\u00a0<\/i><\/span><\/h4>\n<p>[\/et_pb_text][et_pb_divider divider_weight=\u00bb2px\u00bb _builder_version=\u00bb4.16&#8243; width=\u00bb85%\u00bb module_alignment=\u00bbcenter\u00bb custom_margin=\u00bb-22px||3px||false|false\u00bb custom_padding=\u00bb||26px|||\u00bb global_colors_info=\u00bb{}\u00bb][\/et_pb_divider][\/et_pb_column][\/et_pb_row][et_pb_row column_structure=\u00bb1_2,1_2&#8243; _builder_version=\u00bb4.16&#8243; background_color=\u00bb#f4f4f4&#8243; custom_margin=\u00bb-60px||||false|false\u00bb border_radii=\u00bbon|8px|8px|8px|8px\u00bb global_colors_info=\u00bb{}\u00bb][et_pb_column type=\u00bb1_2&#8243; _builder_version=\u00bb4.16&#8243; global_colors_info=\u00bb{}\u00bb][et_pb_blurb use_icon=\u00bbon\u00bb font_icon=\u00bb&#xe024;||divi||400&#8243; _builder_version=\u00bb4.16&#8243; global_colors_info=\u00bb{}\u00bb]<\/p>\n<p style=\"text-align: center;\"><strong>\u00a0FORMACI\u00d3N PR\u00c1CTICA<\/strong><\/p>\n<p style=\"text-align: center;\"><strong>Los estudios de Formaci\u00f3n Profesional<\/strong>\u00a0son una gran combinaci\u00f3n de pr\u00e1ctica y adquisici\u00f3n de conocimientos<strong>.<\/strong> Esta metodolog\u00eda motiva al alumnado en el <strong>aprendizaje y adquisici\u00f3n de competencias;<\/strong>\u00a0pues est\u00e1n en un entorno participativo y creativo donde aprender\u00e1n desde idear proyectos audiovisuales hasta producirlos en su totalidad.<\/p>\n<p style=\"text-align: center;\">[\/et_pb_blurb][\/et_pb_column][et_pb_column type=\u00bb1_2&#8243; _builder_version=\u00bb4.16&#8243; global_colors_info=\u00bb{}\u00bb][et_pb_blurb use_icon=\u00bbon\u00bb font_icon=\u00bb&#xe00e;||divi||400&#8243; _builder_version=\u00bb4.16&#8243; global_colors_info=\u00bb{}\u00bb]<\/p>\n<p style=\"text-align: center;\"><strong>INSERCI\u00d3N LABORAL<\/strong><\/p>\n<p style=\"text-align: center;\">La Formaci\u00f3n Profesional se trata de unos estudios motivadores donde podr\u00e1s encontrar una salida \u00f3ptima para la incorporaci\u00f3n laboral, donde tus estudios tendr\u00e1n una aplicaci\u00f3n real. Adem\u00e1s, el perfil de t\u00e9cnico cada vez est\u00e1 m\u00e1s demandado por las empresas.<\/p>\n<p style=\"text-align: center;\">[\/et_pb_blurb][\/et_pb_column][\/et_pb_row][et_pb_row _builder_version=\u00bb4.16&#8243; min_height=\u00bb127px\u00bb custom_margin=\u00bb-127px|auto||auto|false|false\u00bb custom_padding=\u00bb170px|||||\u00bb global_colors_info=\u00bb{}\u00bb][et_pb_column type=\u00bb4_4&#8243; _builder_version=\u00bb4.16&#8243; global_colors_info=\u00bb{}\u00bb][et_pb_gallery gallery_ids=\u00bb19039,19038,19042,19028,10749,11997,10784,11996,19027,19029,19030,19031,19036,10515,8767,8765,19037,8771,19044,19045&#8243; show_title_and_caption=\u00bboff\u00bb _builder_version=\u00bb4.25.1&#8243; global_colors_info=\u00bb{}\u00bb][\/et_pb_gallery][\/et_pb_column][\/et_pb_row][\/et_pb_section]<\/p>\n","protected":false},"excerpt":{"rendered":"<p>Estudios para desarrollar toda tu creatividad \u00a0\u201cElige un trabajo que te guste y no tendr\u00e1s que trabajar ni un d\u00eda de tu vida\u201d. Confucio \u00bfQu\u00e9 vas a aprender en esta Formaci\u00f3n Profesional? Determinar las caracter\u00edsticas formales y expresivas de los proyectos de realizaci\u00f3n de audiovisuales y espect\u00e1culos y eventos, para su realizaci\u00f3n audiovisual o esc\u00e9nica. [&hellip;]<\/p>\n","protected":false},"author":2,"featured_media":0,"parent":0,"menu_order":0,"comment_status":"closed","ping_status":"closed","template":"","meta":{"_et_pb_use_builder":"on","_et_pb_old_content":"","_et_gb_content_width":"","footnotes":""},"class_list":["post-12874","page","type-page","status-publish","hentry"],"yoast_head":"<!-- This site is optimized with the Yoast SEO plugin v28.4 - https:\/\/yoast.com\/product\/yoast-seo-wordpress\/ -->\n<title>Grado Superior Realizaci\u00f3n de Proyectos Audiovisuales y Espect\u00e1culos - Colegio Salesiano<\/title>\n<meta name=\"robots\" content=\"index, follow, max-snippet:-1, max-image-preview:large, max-video-preview:-1\" \/>\n<link rel=\"canonical\" href=\"https:\/\/granada.salesianos.edu\/colegio\/realizacionaudivisuales\/\" \/>\n<meta property=\"og:locale\" content=\"es_ES\" \/>\n<meta property=\"og:type\" content=\"article\" \/>\n<meta property=\"og:title\" content=\"Grado Superior Realizaci\u00f3n de Proyectos Audiovisuales y Espect\u00e1culos - Colegio Salesiano\" \/>\n<meta property=\"og:description\" content=\"Estudios para desarrollar toda tu creatividad \u00a0\u201cElige un trabajo que te guste y no tendr\u00e1s que trabajar ni un d\u00eda de tu vida\u201d. Confucio \u00bfQu\u00e9 vas a aprender en esta Formaci\u00f3n Profesional? Determinar las caracter\u00edsticas formales y expresivas de los proyectos de realizaci\u00f3n de audiovisuales y espect\u00e1culos y eventos, para su realizaci\u00f3n audiovisual o esc\u00e9nica. [&hellip;]\" \/>\n<meta property=\"og:url\" content=\"https:\/\/granada.salesianos.edu\/colegio\/realizacionaudivisuales\/\" \/>\n<meta property=\"og:site_name\" content=\"Colegio Salesiano\" \/>\n<meta property=\"article:publisher\" content=\"https:\/\/www.facebook.com\/SalesianosGR\/\" \/>\n<meta property=\"article:modified_time\" content=\"2026-01-15T19:08:33+00:00\" \/>\n<meta name=\"twitter:card\" content=\"summary_large_image\" \/>\n<meta name=\"twitter:site\" content=\"@GranadaSDB\" \/>\n<meta name=\"twitter:label1\" content=\"Tiempo de lectura\" \/>\n\t<meta name=\"twitter:data1\" content=\"13 minutos\" \/>\n<script type=\"application\/ld+json\" class=\"yoast-schema-graph\">{\"@context\":\"https:\\\/\\\/schema.org\",\"@graph\":[{\"@type\":\"WebPage\",\"@id\":\"https:\\\/\\\/granada.salesianos.edu\\\/colegio\\\/realizacionaudivisuales\\\/\",\"url\":\"https:\\\/\\\/granada.salesianos.edu\\\/colegio\\\/realizacionaudivisuales\\\/\",\"name\":\"Grado Superior Realizaci\u00f3n de Proyectos Audiovisuales y Espect\u00e1culos - Colegio Salesiano\",\"isPartOf\":{\"@id\":\"https:\\\/\\\/granada.salesianos.edu\\\/colegio\\\/#website\"},\"datePublished\":\"2021-06-07T07:24:41+00:00\",\"dateModified\":\"2026-01-15T19:08:33+00:00\",\"breadcrumb\":{\"@id\":\"https:\\\/\\\/granada.salesianos.edu\\\/colegio\\\/realizacionaudivisuales\\\/#breadcrumb\"},\"inLanguage\":\"es\",\"potentialAction\":[{\"@type\":\"ReadAction\",\"target\":[\"https:\\\/\\\/granada.salesianos.edu\\\/colegio\\\/realizacionaudivisuales\\\/\"]}]},{\"@type\":\"BreadcrumbList\",\"@id\":\"https:\\\/\\\/granada.salesianos.edu\\\/colegio\\\/realizacionaudivisuales\\\/#breadcrumb\",\"itemListElement\":[{\"@type\":\"ListItem\",\"position\":1,\"name\":\"Portada\",\"item\":\"https:\\\/\\\/granada.salesianos.edu\\\/colegio\\\/\"},{\"@type\":\"ListItem\",\"position\":2,\"name\":\"Grado Superior Realizaci\u00f3n de Proyectos Audiovisuales y Espect\u00e1culos\"}]},{\"@type\":\"WebSite\",\"@id\":\"https:\\\/\\\/granada.salesianos.edu\\\/colegio\\\/#website\",\"url\":\"https:\\\/\\\/granada.salesianos.edu\\\/colegio\\\/\",\"name\":\"Colegio Salesiano\",\"description\":\"P\u00e1gina oficial de Salesianos Granada San Juan Bosco\",\"publisher\":{\"@id\":\"https:\\\/\\\/granada.salesianos.edu\\\/colegio\\\/#organization\"},\"potentialAction\":[{\"@type\":\"SearchAction\",\"target\":{\"@type\":\"EntryPoint\",\"urlTemplate\":\"https:\\\/\\\/granada.salesianos.edu\\\/colegio\\\/?s={search_term_string}\"},\"query-input\":{\"@type\":\"PropertyValueSpecification\",\"valueRequired\":true,\"valueName\":\"search_term_string\"}}],\"inLanguage\":\"es\"},{\"@type\":\"Organization\",\"@id\":\"https:\\\/\\\/granada.salesianos.edu\\\/colegio\\\/#organization\",\"name\":\"Colegio Salesiano San Juan Bosco Granada\",\"url\":\"https:\\\/\\\/granada.salesianos.edu\\\/colegio\\\/\",\"logo\":{\"@type\":\"ImageObject\",\"inLanguage\":\"es\",\"@id\":\"https:\\\/\\\/granada.salesianos.edu\\\/colegio\\\/#\\\/schema\\\/logo\\\/image\\\/\",\"url\":\"https:\\\/\\\/granada.salesianos.edu\\\/colegio\\\/wp-content\\\/uploads\\\/sites\\\/2\\\/2021\\\/01\\\/GRANADAobraVN2.jpg\",\"contentUrl\":\"https:\\\/\\\/granada.salesianos.edu\\\/colegio\\\/wp-content\\\/uploads\\\/sites\\\/2\\\/2021\\\/01\\\/GRANADAobraVN2.jpg\",\"width\":2113,\"height\":1894,\"caption\":\"Colegio Salesiano San Juan Bosco Granada\"},\"image\":{\"@id\":\"https:\\\/\\\/granada.salesianos.edu\\\/colegio\\\/#\\\/schema\\\/logo\\\/image\\\/\"},\"sameAs\":[\"https:\\\/\\\/www.facebook.com\\\/SalesianosGR\\\/\",\"https:\\\/\\\/x.com\\\/GranadaSDB\",\"https:\\\/\\\/www.instagram.com\\\/salesianosgranada\\\/\",\"https:\\\/\\\/www.youtube.com\\\/channel\\\/UChkpZuhCf4Y5rYIcFT3CNxw?view_as=subscriber\"]}]}<\/script>\n<!-- \/ Yoast SEO plugin. -->","yoast_head_json":{"title":"Grado Superior Realizaci\u00f3n de Proyectos Audiovisuales y Espect\u00e1culos - Colegio Salesiano","robots":{"index":"index","follow":"follow","max-snippet":"max-snippet:-1","max-image-preview":"max-image-preview:large","max-video-preview":"max-video-preview:-1"},"canonical":"https:\/\/granada.salesianos.edu\/colegio\/realizacionaudivisuales\/","og_locale":"es_ES","og_type":"article","og_title":"Grado Superior Realizaci\u00f3n de Proyectos Audiovisuales y Espect\u00e1culos - Colegio Salesiano","og_description":"Estudios para desarrollar toda tu creatividad \u00a0\u201cElige un trabajo que te guste y no tendr\u00e1s que trabajar ni un d\u00eda de tu vida\u201d. Confucio \u00bfQu\u00e9 vas a aprender en esta Formaci\u00f3n Profesional? Determinar las caracter\u00edsticas formales y expresivas de los proyectos de realizaci\u00f3n de audiovisuales y espect\u00e1culos y eventos, para su realizaci\u00f3n audiovisual o esc\u00e9nica. [&hellip;]","og_url":"https:\/\/granada.salesianos.edu\/colegio\/realizacionaudivisuales\/","og_site_name":"Colegio Salesiano","article_publisher":"https:\/\/www.facebook.com\/SalesianosGR\/","article_modified_time":"2026-01-15T19:08:33+00:00","twitter_card":"summary_large_image","twitter_site":"@GranadaSDB","twitter_misc":{"Tiempo de lectura":"13 minutos"},"schema":{"@context":"https:\/\/schema.org","@graph":[{"@type":"WebPage","@id":"https:\/\/granada.salesianos.edu\/colegio\/realizacionaudivisuales\/","url":"https:\/\/granada.salesianos.edu\/colegio\/realizacionaudivisuales\/","name":"Grado Superior Realizaci\u00f3n de Proyectos Audiovisuales y Espect\u00e1culos - Colegio Salesiano","isPartOf":{"@id":"https:\/\/granada.salesianos.edu\/colegio\/#website"},"datePublished":"2021-06-07T07:24:41+00:00","dateModified":"2026-01-15T19:08:33+00:00","breadcrumb":{"@id":"https:\/\/granada.salesianos.edu\/colegio\/realizacionaudivisuales\/#breadcrumb"},"inLanguage":"es","potentialAction":[{"@type":"ReadAction","target":["https:\/\/granada.salesianos.edu\/colegio\/realizacionaudivisuales\/"]}]},{"@type":"BreadcrumbList","@id":"https:\/\/granada.salesianos.edu\/colegio\/realizacionaudivisuales\/#breadcrumb","itemListElement":[{"@type":"ListItem","position":1,"name":"Portada","item":"https:\/\/granada.salesianos.edu\/colegio\/"},{"@type":"ListItem","position":2,"name":"Grado Superior Realizaci\u00f3n de Proyectos Audiovisuales y Espect\u00e1culos"}]},{"@type":"WebSite","@id":"https:\/\/granada.salesianos.edu\/colegio\/#website","url":"https:\/\/granada.salesianos.edu\/colegio\/","name":"Colegio Salesiano","description":"P\u00e1gina oficial de Salesianos Granada San Juan Bosco","publisher":{"@id":"https:\/\/granada.salesianos.edu\/colegio\/#organization"},"potentialAction":[{"@type":"SearchAction","target":{"@type":"EntryPoint","urlTemplate":"https:\/\/granada.salesianos.edu\/colegio\/?s={search_term_string}"},"query-input":{"@type":"PropertyValueSpecification","valueRequired":true,"valueName":"search_term_string"}}],"inLanguage":"es"},{"@type":"Organization","@id":"https:\/\/granada.salesianos.edu\/colegio\/#organization","name":"Colegio Salesiano San Juan Bosco Granada","url":"https:\/\/granada.salesianos.edu\/colegio\/","logo":{"@type":"ImageObject","inLanguage":"es","@id":"https:\/\/granada.salesianos.edu\/colegio\/#\/schema\/logo\/image\/","url":"https:\/\/granada.salesianos.edu\/colegio\/wp-content\/uploads\/sites\/2\/2021\/01\/GRANADAobraVN2.jpg","contentUrl":"https:\/\/granada.salesianos.edu\/colegio\/wp-content\/uploads\/sites\/2\/2021\/01\/GRANADAobraVN2.jpg","width":2113,"height":1894,"caption":"Colegio Salesiano San Juan Bosco Granada"},"image":{"@id":"https:\/\/granada.salesianos.edu\/colegio\/#\/schema\/logo\/image\/"},"sameAs":["https:\/\/www.facebook.com\/SalesianosGR\/","https:\/\/x.com\/GranadaSDB","https:\/\/www.instagram.com\/salesianosgranada\/","https:\/\/www.youtube.com\/channel\/UChkpZuhCf4Y5rYIcFT3CNxw?view_as=subscriber"]}]}},"_links":{"self":[{"href":"https:\/\/granada.salesianos.edu\/colegio\/wp-json\/wp\/v2\/pages\/12874","targetHints":{"allow":["GET"]}}],"collection":[{"href":"https:\/\/granada.salesianos.edu\/colegio\/wp-json\/wp\/v2\/pages"}],"about":[{"href":"https:\/\/granada.salesianos.edu\/colegio\/wp-json\/wp\/v2\/types\/page"}],"author":[{"embeddable":true,"href":"https:\/\/granada.salesianos.edu\/colegio\/wp-json\/wp\/v2\/users\/2"}],"replies":[{"embeddable":true,"href":"https:\/\/granada.salesianos.edu\/colegio\/wp-json\/wp\/v2\/comments?post=12874"}],"version-history":[{"count":45,"href":"https:\/\/granada.salesianos.edu\/colegio\/wp-json\/wp\/v2\/pages\/12874\/revisions"}],"predecessor-version":[{"id":21761,"href":"https:\/\/granada.salesianos.edu\/colegio\/wp-json\/wp\/v2\/pages\/12874\/revisions\/21761"}],"wp:attachment":[{"href":"https:\/\/granada.salesianos.edu\/colegio\/wp-json\/wp\/v2\/media?parent=12874"}],"curies":[{"name":"wp","href":"https:\/\/api.w.org\/{rel}","templated":true}]}}