{"id":12928,"date":"2021-06-07T08:53:06","date_gmt":"2021-06-07T06:53:06","guid":{"rendered":"https:\/\/granada.salesianos.edu\/colegio\/?page_id=12928"},"modified":"2026-01-15T20:53:06","modified_gmt":"2026-01-15T18:53:06","slug":"vdjs","status":"publish","type":"page","link":"https:\/\/granada.salesianos.edu\/colegio\/vdjs\/","title":{"rendered":"Grado Medio V\u00eddeo Disc-Jockey y Sonido"},"content":{"rendered":"<div id=\"fb-root\"><\/div>\n<p>[et_pb_section fb_built=\u00bb1&#8243; fullwidth=\u00bbon\u00bb next_background_color=\u00bb#ffffff\u00bb _builder_version=\u00bb4.27.4&#8243; background_image=\u00bbhttps:\/\/granada.salesianos.edu\/colegio\/wp-content\/uploads\/sites\/2\/2020\/02\/fondo_novedades_web.png\u00bb bottom_divider_style=\u00bbasymmetric2&#8243; global_module=\u00bb20660&#8243; saved_tabs=\u00bball\u00bb global_colors_info=\u00bb{}\u00bb][et_pb_fullwidth_header title=\u00bb@ET-DC@eyJkeW5hbWljIjp0cnVlLCJjb250ZW50IjoicG9zdF90aXRsZSIsInNldHRpbmdzIjp7ImJlZm9yZSI6IiIsImFmdGVyIjoiIn19@\u00bb title_font_color=\u00bb#ffffff\u00bb content_max_width_tablet=\u00bb88%\u00bb content_max_width_phone=\u00bb79%\u00bb content_max_width_last_edited=\u00bbon|phone\u00bb admin_label=\u00bbT\u00edtulo de anchura completa\u00bb module_class=\u00bbpagina-imagen-cabecera\u00bb _builder_version=\u00bb4.27.4&#8243; _dynamic_attributes=\u00bbtitle\u00bb title_text_color=\u00bb#ffffff\u00bb title_font_size=\u00bb40px\u00bb background_color=\u00bbrgba(255, 255, 255, 0)\u00bb background_enable_image=\u00bboff\u00bb background_position=\u00bbbottom_left\u00bb transform_translate=\u00bb91px|91px\u00bb max_width_tablet=\u00bb50px\u00bb min_height=\u00bb329px\u00bb custom_padding=\u00bb||127px|||\u00bb background_url=\u00bbhttps:\/\/alicante.salesianos.edu\/colegio\/wp-content\/uploads\/sites\/2\/2017\/03\/Captura-de-pantalla-2017-03-21-a-las-17.25.56.png\u00bb global_colors_info=\u00bb{}\u00bb button_one_text_size__hover_enabled=\u00bboff\u00bb button_one_text_size__hover=\u00bbnull\u00bb button_two_text_size__hover_enabled=\u00bboff\u00bb button_two_text_size__hover=\u00bbnull\u00bb button_one_text_color__hover_enabled=\u00bboff\u00bb button_one_text_color__hover=\u00bbnull\u00bb button_two_text_color__hover_enabled=\u00bboff\u00bb button_two_text_color__hover=\u00bbnull\u00bb button_one_border_width__hover_enabled=\u00bboff\u00bb button_one_border_width__hover=\u00bbnull\u00bb button_two_border_width__hover_enabled=\u00bboff\u00bb button_two_border_width__hover=\u00bbnull\u00bb button_one_border_color__hover_enabled=\u00bboff\u00bb button_one_border_color__hover=\u00bbnull\u00bb button_two_border_color__hover_enabled=\u00bboff\u00bb button_two_border_color__hover=\u00bbnull\u00bb button_one_border_radius__hover_enabled=\u00bboff\u00bb button_one_border_radius__hover=\u00bbnull\u00bb button_two_border_radius__hover_enabled=\u00bboff\u00bb button_two_border_radius__hover=\u00bbnull\u00bb button_one_letter_spacing__hover_enabled=\u00bboff\u00bb button_one_letter_spacing__hover=\u00bbnull\u00bb button_two_letter_spacing__hover_enabled=\u00bboff\u00bb button_two_letter_spacing__hover=\u00bbnull\u00bb button_one_bg_color__hover_enabled=\u00bboff\u00bb button_one_bg_color__hover=\u00bbnull\u00bb button_two_bg_color__hover_enabled=\u00bboff\u00bb button_two_bg_color__hover=\u00bbnull\u00bb][\/et_pb_fullwidth_header][\/et_pb_section][et_pb_section fb_built=\u00bb1&#8243; module_class=\u00bbpagina-seccion-contenido\u00bb _builder_version=\u00bb4.27.4&#8243; min_height=\u00bb2350px\u00bb custom_margin=\u00bb72px||||false|false\u00bb custom_padding=\u00bb0%|||\u00bb global_colors_info=\u00bb{}\u00bb][et_pb_row _builder_version=\u00bb4.16&#8243; min_height=\u00bb393px\u00bb custom_margin=\u00bb-56px|auto||auto||\u00bb global_colors_info=\u00bb{}\u00bb][et_pb_column type=\u00bb4_4&#8243; _builder_version=\u00bb4.16&#8243; global_colors_info=\u00bb{}\u00bb][et_pb_text _builder_version=\u00bb4.16&#8243; custom_padding=\u00bb0px||0px|||\u00bb global_colors_info=\u00bb{}\u00bb]<\/p>\n<h1 style=\"text-align: center;\"><span style=\"color: #4f4b4b;\"><strong><span style=\"font-size: xx-large;\"><span style=\"font-family: inherit;\">Encuentra los estudios que m\u00e1s te inspiren para tu futuro<\/span><\/span><\/strong><\/span><\/h1>\n<h4 style=\"text-align: center;\"><span style=\"font-size: large; color: #808080;\"><em>\u00a0\u201cLa imaginaci\u00f3n crea la realidad\u201d. Richard Wagner<\/em><\/span><\/h4>\n<p>&nbsp;<\/p>\n<p>[\/et_pb_text][et_pb_divider divider_weight=\u00bb2px\u00bb _builder_version=\u00bb4.16&#8243; width=\u00bb85%\u00bb module_alignment=\u00bbcenter\u00bb custom_margin=\u00bb-56px||||false|false\u00bb custom_padding=\u00bb2px||2px|||\u00bb global_colors_info=\u00bb{}\u00bb][\/et_pb_divider][\/et_pb_column][\/et_pb_row][et_pb_row column_structure=\u00bb1_2,1_2&#8243; _builder_version=\u00bb4.27.4&#8243; max_width=\u00bb1353px\u00bb min_height=\u00bb381px\u00bb custom_margin=\u00bb-254px|auto||auto|false|false\u00bb custom_padding=\u00bb||0px|||\u00bb global_colors_info=\u00bb{}\u00bb][et_pb_column type=\u00bb1_2&#8243; _builder_version=\u00bb4.16&#8243; global_colors_info=\u00bb{}\u00bb][et_pb_text _builder_version=\u00bb4.16&#8243; min_height=\u00bb290px\u00bb global_colors_info=\u00bb{}\u00bb]<\/p>\n<h4><span style=\"font-size: x-large;\"><strong>\u00bfQu\u00e9 vas a aprender en esta Formaci\u00f3n Profesional?<\/strong><\/span><\/h4>\n<ul>\n<li>Definir la forma y el contenido de sesiones de animaci\u00f3n musical y visual destinadas al p\u00fablico en directo o en emisoras de radio.<\/li>\n<li><span style=\"font-size: 14px;\">Determinar los medios humanos y materiales precisos para la realizaci\u00f3n de sesiones de animaci\u00f3n musical y visual.<\/span><\/li>\n<li>Mantener actualizado el cat\u00e1logo de recursos musicales y visuales empleados en sesiones de animaci\u00f3n musical y visual.<\/li>\n<li>Captar, editar y preparar archivos musicales y visuales, de imagen fija y m\u00f3vil, adaptados a los gustos del p\u00fablico y a la estructura prevista de las sesiones de animaci\u00f3n, en sala o en emisora de radio.<\/li>\n<li>Planificar y operar la iluminaci\u00f3n en las sesiones de animaci\u00f3n musical y visual en directo, sintonizando con la tipolog\u00eda y expectativas del p\u00fablico de la sala.<\/li>\n<li>Montar, conexionar y desmontar equipos de sonido, imagen e iluminaci\u00f3n en proyectos de sonido y de animaci\u00f3n musical y visual.<\/li>\n<li>Realizar la mezcla directa, edici\u00f3n, grabaci\u00f3n y reproducci\u00f3n en todo tipo de proyectos de sonido, siguiendo instrucciones de t\u00e9cnicos de nivel superior.<\/li>\n<li>Mezclar, en directo, los componentes musicales y los de imagen fija y m\u00f3vil de la sesi\u00f3n de animaci\u00f3n, seg\u00fan la planificaci\u00f3n previa, realizando cambios.<\/li>\n<\/ul>\n<p>&nbsp;<\/p>\n<p>[\/et_pb_text][\/et_pb_column][et_pb_column type=\u00bb1_2&#8243; _builder_version=\u00bb4.16&#8243; global_colors_info=\u00bb{}\u00bb][et_pb_image src=\u00bbhttps:\/\/granada.salesianos.edu\/colegio\/wp-content\/uploads\/sites\/2\/2024\/06\/Captura-de-pantalla-2024-06-14-a-las-13.06.32.png\u00bb title_text=\u00bbCaptura de pantalla 2024-06-14 a las 13.06.32&#8243; _builder_version=\u00bb4.27.4&#8243; width=\u00bb77%\u00bb min_height=\u00bb404px\u00bb custom_margin=\u00bb-60px||||false|false\u00bb custom_padding=\u00bb22px||||false|false\u00bb hover_enabled=\u00bb0&#8243; global_colors_info=\u00bb{}\u00bb width_last_edited=\u00bbon|phone\u00bb width_phone=\u00bb100%\u00bb module_alignment=\u00bbcenter\u00bb module_alignment_last_edited=\u00bbon|phone\u00bb module_alignment_phone=\u00bbcenter\u00bb transform_scale=\u00bb106%|106%\u00bb transform_styles_last_edited=\u00bbon|phone\u00bb transform_scale_last_edited=\u00bbon|phone\u00bb transform_translate_last_edited=\u00bbon|phone\u00bb transform_rotate_last_edited=\u00bbon|phone\u00bb transform_skew_last_edited=\u00bbon|phone\u00bb transform_origin_last_edited=\u00bbon|phone\u00bb transform_scale_phone=\u00bb118%|118%\u00bb sticky_enabled=\u00bb0&#8243; width_tablet=\u00bb77%\u00bb module_alignment_tablet=\u00bbcenter\u00bb transform_scale_tablet=\u00bb106%|106%\u00bb][\/et_pb_image][\/et_pb_column][\/et_pb_row][et_pb_row column_structure=\u00bb1_6,1_6,1_6,1_6,1_6,1_6&#8243; _builder_version=\u00bb4.16&#8243; background_size=\u00bbinitial\u00bb background_position=\u00bbtop_left\u00bb background_repeat=\u00bbrepeat\u00bb min_height=\u00bb104.4px\u00bb custom_margin=\u00bb-4px|auto||auto|false|false\u00bb custom_padding=\u00bb27px||0px|||\u00bb global_colors_info=\u00bb{}\u00bb][et_pb_column type=\u00bb1_6&#8243; _builder_version=\u00bb4.16&#8243; custom_padding=\u00bb|||\u00bb global_colors_info=\u00bb{}\u00bb custom_padding__hover=\u00bb|||\u00bb][\/et_pb_column][et_pb_column type=\u00bb1_6&#8243; _builder_version=\u00bb4.27.4&#8243; _module_preset=\u00bbdefault\u00bb global_colors_info=\u00bb{}\u00bb][et_pb_blurb title=\u00bbINSTALACIONES\u00bb url=\u00bbhttps:\/\/granada.salesianos.edu\/colegio\/instalaciones\/\u00bb use_icon=\u00bbon\u00bb font_icon=\u00bb&#xe07f;||divi||400&#8243; _builder_version=\u00bb4.16&#8243; header_text_align=\u00bbcenter\u00bb global_colors_info=\u00bb{}\u00bb][\/et_pb_blurb][\/et_pb_column][et_pb_column type=\u00bb1_6&#8243; _builder_version=\u00bb4.16&#8243; custom_padding=\u00bb|||\u00bb global_colors_info=\u00bb{}\u00bb custom_padding__hover=\u00bb|||\u00bb][et_pb_blurb title=\u00bbPROYECTO INTERDISCIPLINAR\u00bb use_icon=\u00bbon\u00bb font_icon=\u00bb&#xe007;||divi||400&#8243; _builder_version=\u00bb4.16&#8243; header_text_align=\u00bbcenter\u00bb global_colors_info=\u00bb{}\u00bb][\/et_pb_blurb][\/et_pb_column][et_pb_column type=\u00bb1_6&#8243; _builder_version=\u00bb4.16&#8243; custom_padding=\u00bb|||\u00bb global_colors_info=\u00bb{}\u00bb custom_padding__hover=\u00bb|||\u00bb][et_pb_blurb title=\u00bbLIBROS Y MATERIALES\u00bb url=\u00bbhttps:\/\/drive.google.com\/file\/d\/1jN8EGc4lXKY9CFqP8VtmBAU7osVKv_bA\/view?usp=share_link\u00bb use_icon=\u00bbon\u00bb font_icon=\u00bb&#xe086;||divi||400&#8243; _builder_version=\u00bb4.27.4&#8243; header_text_align=\u00bbcenter\u00bb locked=\u00bboff\u00bb global_colors_info=\u00bb{}\u00bb][\/et_pb_blurb][\/et_pb_column][et_pb_column type=\u00bb1_6&#8243; _builder_version=\u00bb4.16&#8243; custom_padding=\u00bb|||\u00bb global_colors_info=\u00bb{}\u00bb custom_padding__hover=\u00bb|||\u00bb][et_pb_blurb title=\u00bbFECHAS IMPORTANTES\u00bb use_icon=\u00bbon\u00bb font_icon=\u00bb&#xe023;||divi||400&#8243; _builder_version=\u00bb4.16&#8243; header_text_align=\u00bbcenter\u00bb global_colors_info=\u00bb{}\u00bb][\/et_pb_blurb][\/et_pb_column][et_pb_column type=\u00bb1_6&#8243; _builder_version=\u00bb4.16&#8243; custom_padding=\u00bb|||\u00bb global_colors_info=\u00bb{}\u00bb custom_padding__hover=\u00bb|||\u00bb][\/et_pb_column][\/et_pb_row][et_pb_row column_structure=\u00bb3_5,2_5&#8243; _builder_version=\u00bb4.16&#8243; min_height=\u00bb261.7px\u00bb custom_margin=\u00bb45px|auto|-371px|auto|false|false\u00bb custom_padding=\u00bb||0px|1px||\u00bb global_colors_info=\u00bb{}\u00bb][et_pb_column type=\u00bb3_5&#8243; _builder_version=\u00bb4.16&#8243; global_colors_info=\u00bb{}\u00bb][et_pb_tabs _builder_version=\u00bb4.16&#8243; min_height=\u00bb266px\u00bb border_radii=\u00bbon|10px|10px|10px|10px\u00bb box_shadow_style=\u00bbpreset1&#8243; box_shadow_color=\u00bb#000000&#8243; global_colors_info=\u00bb{}\u00bb][et_pb_tab title=\u00bb\u00bfC\u00f3mo acceder?\u00bb _builder_version=\u00bb4.16&#8243; global_colors_info=\u00bb{}\u00bb]<\/p>\n<p>Acceso<strong>\u00a0directo<\/strong>:<\/p>\n<ul>\n<li>Estar en posesi\u00f3n del\u00a0<strong>t\u00edtulo de Graduado en Educaci\u00f3n Secundaria Obligatoria<\/strong>o de un nivel acad\u00e9mico superior.<\/li>\n<li>Estar en posesi\u00f3n de un T\u00edtulo Profesional B\u00e1sico (Formaci\u00f3n Profesional B\u00e1sica).<\/li>\n<li>Estar en posesi\u00f3n de un t\u00edtulo de T\u00e9cnico o de T\u00e9cnico Auxiliar o equivalente a efectos acad\u00e9micos.<\/li>\n<li>Haber superado el segundo curso del Bachillerato Unificado y Polivalente (BUP).<\/li>\n<li>Haber superado la prueba de acceso a la Universidad para mayores de 25 a\u00f1os.<\/li>\n<\/ul>\n<p>Acceso mediante<strong>\u00a0prueba<\/strong>\u00a0(para quienes no tengan alguno de los requisitos anteriores)<\/p>\n<ul>\n<li>Haber superado la prueba de acceso a ciclos formativos de grado medio (se requerir\u00e1 tener, al menos, diecisiete a\u00f1os, cumplidos en el a\u00f1o de realizaci\u00f3n de la prueba).<\/li>\n<\/ul>\n<p>[\/et_pb_tab][et_pb_tab title=\u00bbSalidas profesionales\u00bb _builder_version=\u00bb4.16&#8243; global_colors_info=\u00bb{}\u00bb]<\/p>\n<p><strong>Trabajar como :<\/strong><\/p>\n<ul>\n<li>Ayudante de sonido en televisi\u00f3n.<\/li>\n<li>Microfonista de cine y v\u00eddeo.<\/li>\n<li>Microfonista de conciertos musicales.<\/li>\n<li>Microfonista de espect\u00e1culos esc\u00e9nicos.<\/li>\n<li>Ayudante de montaje de sonido en cine.<\/li>\n<li>Disc-jockey.<\/li>\n<li>Video-jockey.<\/li>\n<li>Video Disc-jockey.<\/li>\n<li>Light-jockey.<\/li>\n<li>Retocador\/a fotogr\u00e1fico digital<\/li>\n<\/ul>\n<p>&nbsp;<\/p>\n<p>[\/et_pb_tab][et_pb_tab title=\u00bbSalidas acad\u00e9micas\u00bb _builder_version=\u00bb4.16&#8243; global_colors_info=\u00bb{}\u00bb]<strong style=\"font-family: arial, helvetica; font-size: 14px;\">Seguir estudiando<\/strong><\/p>\n<ul>\n<li>Cursos de especializaci\u00f3n profesional<\/li>\n<li>Otro ciclo de Formaci\u00f3n Profesional con la posibilidad de establecer convalidaciones de m\u00f3dulos profesionales de acuerdo a la normativa vigente.<\/li>\n<li>El Bachillerato en cualquiera de sus modalidades<\/li>\n<li><strong>Preparaci\u00f3n de las Pruebas de Evaluaci\u00f3n de Bachillerato (\u00fanicamente las asignaturas troncales)<\/strong><\/li>\n<\/ul>\n<p>[\/et_pb_tab][\/et_pb_tabs][\/et_pb_column][et_pb_column type=\u00bb2_5&#8243; _builder_version=\u00bb4.16&#8243; global_colors_info=\u00bb{}\u00bb][et_pb_video src=\u00bbhttps:\/\/www.youtube.com\/watch?v=yYlNNBkavMA\u00bb _builder_version=\u00bb4.16&#8243; custom_margin=\u00bb63px||||false|false\u00bb global_colors_info=\u00bb{}\u00bb][\/et_pb_video][\/et_pb_column][\/et_pb_row][et_pb_row _builder_version=\u00bb4.16&#8243; background_size=\u00bbinitial\u00bb background_position=\u00bbtop_left\u00bb background_repeat=\u00bbrepeat\u00bb min_height=\u00bb535.3px\u00bb custom_margin=\u00bb296px|auto||auto||\u00bb custom_padding=\u00bb0px|||||\u00bb global_colors_info=\u00bb{}\u00bb][et_pb_column type=\u00bb4_4&#8243; _builder_version=\u00bb4.16&#8243; custom_padding=\u00bb|||\u00bb global_colors_info=\u00bb{}\u00bb custom_padding__hover=\u00bb|||\u00bb][et_pb_text _builder_version=\u00bb4.27.4&#8243; min_height=\u00bb80px\u00bb custom_margin=\u00bb54px||||false|false\u00bb custom_padding=\u00bb2px|||||\u00bb global_colors_info=\u00bb{}\u00bb]<\/p>\n<h4 style=\"text-align: center;\"><span style=\"color: #4f4b4b; font-size: x-large;\"><strong>FORMACI\u00d3N PROFESIONAL DUAL<\/strong><\/span><\/h4>\n<h3 style=\"text-align: center;\"><span style=\"font-size: large;\"><strong><span style=\"color: #808080;\"><em>Una modalidad donde entrar\u00e1s en el mundo laboral combinando la formaci\u00f3n en el Centro y en la empresa.<\/em><\/span><\/strong><\/span><\/h3>\n<p>[\/et_pb_text][et_pb_divider color=\u00bb#e02b20&#8243; divider_weight=\u00bb2px\u00bb _builder_version=\u00bb4.16&#8243; max_width=\u00bb85%\u00bb module_alignment=\u00bbcenter\u00bb custom_margin=\u00bb-30px|||||\u00bb global_colors_info=\u00bb{}\u00bb][\/et_pb_divider][et_pb_text _builder_version=\u00bb4.27.4&#8243; custom_padding=\u00bb|0px||||\u00bb global_colors_info=\u00bb{}\u00bb]<\/p>\n<p style=\"text-align: center;\">La <strong>Formaci\u00f3n Profesional Dual<\/strong> es una modalidad que consiste en <strong>combinar la formaci\u00f3n en empresas y en el centro escolar<\/strong>. Se trata de una oportunidad en el proceso de ense\u00f1anza que mejora el aprendizaje del alumnado; as\u00ed desde el primer momento podr\u00e1 tener contacto con todo el mundo laboral, adem\u00e1s de conocer y desempe\u00f1ar su futuro trabajo. Se trata, en definitiva, de un <strong>aprendizaje innovador<\/strong> donde las <strong>empresas apoyan<\/strong> de una manera muy directa a la formaci\u00f3n de sus <strong>futuros trabajadores.<\/strong><\/p>\n<p>&nbsp;<\/p>\n<p>[\/et_pb_text][et_pb_gallery gallery_ids=\u00bb13011,13016,13017,13015,13014,13010,13012,13013,13018,13019&#8243; show_title_and_caption=\u00bboff\u00bb _builder_version=\u00bb4.16&#8243; min_height=\u00bb304.4px\u00bb custom_margin=\u00bb-36px||||false|false\u00bb custom_padding=\u00bb||0px|||\u00bb global_colors_info=\u00bb{}\u00bb][\/et_pb_gallery][et_pb_text _builder_version=\u00bb4.16&#8243; min_height=\u00bb38px\u00bb custom_margin=\u00bb-37px||215px||false|false\u00bb custom_padding=\u00bb1px||0px|||\u00bb hover_enabled=\u00bb0&#8243; global_colors_info=\u00bb{}\u00bb sticky_enabled=\u00bb0&#8243;]<\/p>\n<h4 style=\"text-align: center;\"><span style=\"color: #4f4b4b; font-size: x-large;\"><strong>M\u00d3DULOS PROFESIONALES<\/strong><\/span><\/h4>\n<h3 style=\"text-align: center;\"><span style=\"color: #808080; font-size: large;\"><i>Descubre las materias que estudiar\u00e1s en este Grado Medio de la familia de\u00a0<\/i><span style=\"caret-color: #808080;\"><i>imagen<\/i><\/span><i>\u00a0y sonido<\/i><\/span><\/h3>\n<p>[\/et_pb_text][et_pb_divider divider_weight=\u00bb2px\u00bb _builder_version=\u00bb4.16&#8243; width=\u00bb85%\u00bb module_alignment=\u00bbcenter\u00bb custom_margin=\u00bb-221px||3px|||\u00bb custom_padding=\u00bb||26px|||\u00bb global_colors_info=\u00bb{}\u00bb][\/et_pb_divider][et_pb_image src=\u00bbhttps:\/\/granada.salesianos.edu\/colegio\/wp-content\/uploads\/sites\/2\/2026\/01\/WhatsApp-Image-2026-01-15-at-19.30.44-2.jpeg\u00bb _builder_version=\u00bb4.27.4&#8243; _module_preset=\u00bbdefault\u00bb title_text=\u00bbWhatsApp Image 2026-01-15 at 19.30.44 (2)\u00bb disabled_on=\u00bboff|off|on\u00bb hover_enabled=\u00bb0&#8243; sticky_enabled=\u00bb0&#8243;][\/et_pb_image][et_pb_text disabled_on=\u00bbon|off|off\u00bb admin_label=\u00bbTexto\u00bb _builder_version=\u00bb4.27.4&#8243; width=\u00bb82.4%\u00bb width_tablet=\u00bb100%\u00bb width_phone=\u00bb\u00bb width_last_edited=\u00bbon|tablet\u00bb max_width=\u00bb100%\u00bb module_alignment=\u00bbcenter\u00bb min_height=\u00bb901px\u00bb height=\u00bb733px\u00bb max_height=\u00bb689px\u00bb custom_margin=\u00bb-20px||121px|156px|false|false\u00bb custom_padding=\u00bb|112px|22px|0px||\u00bb border_radii=\u00bbon|10px|10px|10px|10px\u00bb box_shadow_style=\u00bbpreset2&#8243; global_colors_info=\u00bb{}\u00bb]<\/p>\n<p>&nbsp;<\/p>\n<table class=\" aligncenter\" style=\"width: 965px; height: 776px;\">\n<tbody>\n<tr style=\"height: 60px;\">\n<td style=\"text-align: center; width: 617px; height: 60px;\"><span style=\"color: #ff0000;\"><strong>PRIMER CURSO<\/strong><\/span><\/td>\n<td style=\"width: 121px; height: 60px;\"><strong>SEMANALES<\/strong><\/td>\n<td style=\"width: 81px; height: 60px;\"><strong>TOTALES<\/strong><\/td>\n<\/tr>\n<tr style=\"height: 53px;\">\n<td style=\"text-align: center; width: 617px; height: 53px;\"><b>instalaci\u00f3n y montajes de equipos de sonido<\/b><\/td>\n<td style=\"width: 121px; height: 53px;\">7<\/td>\n<td style=\"width: 81px; height: 53px;\">224<\/td>\n<\/tr>\n<tr style=\"height: 55px;\">\n<td style=\"text-align: center; width: 617px; height: 55px;\"><b>Preparaciones de sesiones de v\u00eddeo disc-jockey<\/b><\/td>\n<td style=\"width: 121px; height: 55px;\">5<\/td>\n<td style=\"width: 81px; height: 55px;\">160<\/td>\n<\/tr>\n<tr style=\"height: 53px;\">\n<td style=\"text-align: center; width: 617px; height: 53px;\"><b>Captaci\u00f3n y grabaci\u00f3n de sonido<\/b><\/td>\n<td style=\"width: 121px; height: 53px;\">6<\/td>\n<td style=\"width: 81px; height: 53px;\">192<\/td>\n<\/tr>\n<tr style=\"height: 51px;\">\n<td style=\"text-align: center; width: 617px; height: 51px;\"><strong>Itinerario para la empleabilidad I<\/strong><\/td>\n<td style=\"width: 121px; height: 51px;\">3<\/td>\n<td style=\"width: 81px; height: 51px;\">96<\/td>\n<\/tr>\n<tr style=\"height: 50px;\">\n<td style=\"text-align: center; width: 617px; height: 50px;\"><b>Toma y edici\u00f3n digital de imagen<\/b><\/td>\n<td style=\"width: 121px; height: 50px;\">7<\/td>\n<td style=\"width: 81px; height: 50px;\">224<\/td>\n<\/tr>\n<tr style=\"height: 49px;\">\n<td style=\"text-align: center; width: 617px; height: 49px;\"><b>Sostenibilidad aplicada al sistema productivo<\/b><\/td>\n<td style=\"width: 121px; height: 49px;\">1<\/td>\n<td style=\"width: 81px; height: 49px;\">32<\/td>\n<\/tr>\n<tr style=\"height: 10px;\">\n<td style=\"text-align: center; width: 617px; height: 10px;\"><b>Digitalizaci\u00f3n aplicada al sistema productivo\u00a0<\/b><\/td>\n<td style=\"width: 121px; height: 10px;\">1<\/td>\n<td style=\"width: 81px; height: 10px;\">32<\/td>\n<\/tr>\n<tr style=\"height: 39px;\">\n<td style=\"width: 617px; height: 39px;\">\n<p style=\"text-align: center;\"><span style=\"color: #ff0000;\"><strong>SEGUNDO CURSO<\/strong><\/span><\/p>\n<\/td>\n<td style=\"width: 121px; height: 39px;\"><strong>SEMANALES<\/strong><\/td>\n<td style=\"width: 81px; height: 39px;\"><strong>TOTALES<\/strong><\/td>\n<\/tr>\n<tr style=\"height: 2px;\">\n<td style=\"width: 617px; height: 2px;\">\n<p style=\"text-align: center;\"><b>Animaci\u00f3n musical en vivo<\/b><\/p>\n<\/td>\n<td style=\"width: 121px; height: 2px;\">6<\/td>\n<td style=\"width: 81px; height: 2px;\">210<\/td>\n<\/tr>\n<tr style=\"height: 51px;\">\n<td style=\"width: 617px; height: 51px;\">\n<p style=\"text-align: center;\"><strong>Formaci\u00f3n en centros de trabajo<\/strong><\/p>\n<\/td>\n<td style=\"width: 121px; height: 51px;\">0<\/td>\n<td style=\"width: 81px; height: 51px;\">410<\/td>\n<\/tr>\n<tr style=\"height: 51px;\">\n<td style=\"width: 617px; height: 51px;\">\n<p style=\"text-align: center;\"><strong>Optativa<\/strong><\/p>\n<\/td>\n<td style=\"width: 121px; height: 51px;\">3<\/td>\n<td style=\"width: 81px; height: 51px;\">105<\/td>\n<\/tr>\n<tr style=\"height: 51px;\">\n<td style=\"width: 617px; height: 51px;\">\n<p style=\"text-align: center;\"><b>Animaci\u00f3n visual en vivo<\/b><\/p>\n<\/td>\n<td style=\"width: 121px; height: 51px;\">6<\/td>\n<td style=\"width: 81px; height: 51px;\">210<\/td>\n<\/tr>\n<tr style=\"height: 50px;\">\n<td style=\"width: 617px; height: 50px;\">\n<p style=\"text-align: center;\"><b>Ingl\u00e9s\u00a0Profesional\u00a0<\/b><\/p>\n<\/td>\n<td style=\"width: 121px; height: 50px;\">2<\/td>\n<td style=\"width: 81px; height: 50px;\">70<\/td>\n<\/tr>\n<tr style=\"height: 50px;\">\n<td style=\"width: 617px; height: 50px;\">\n<p style=\"text-align: center;\"><b>Proyecto Intermodular<\/b><\/p>\n<\/td>\n<td style=\"width: 121px; height: 50px;\">2<\/td>\n<td style=\"width: 81px; height: 50px;\">70<\/td>\n<\/tr>\n<tr style=\"height: 51px;\">\n<td style=\"width: 617px; height: 51px;\">\n<p style=\"text-align: center;\"><b>Control, edici\u00f3n y mezcla de sonido<\/b><\/p>\n<\/td>\n<td style=\"width: 121px; height: 51px;\">8<\/td>\n<td style=\"width: 81px; height: 51px;\">280<\/td>\n<\/tr>\n<tr style=\"height: 50px;\">\n<td style=\"width: 617px; height: 50px;\">\n<p style=\"text-align: center;\"><b>Proyecto Intermodular<\/b><\/p>\n<\/td>\n<td style=\"width: 121px; height: 50px;\">\u00a0<\/td>\n<td style=\"width: 81px; height: 50px;\">\u00a0<\/td>\n<\/tr>\n<\/tbody>\n<\/table>\n<p>&nbsp;<\/p>\n<p>&nbsp;<\/p>\n<p>[\/et_pb_text][\/et_pb_column][\/et_pb_row][et_pb_row _builder_version=\u00bb4.27.4&#8243; custom_margin=\u00bb-228px||||false|false\u00bb custom_margin_tablet=\u00bb\u00bb custom_margin_phone=\u00bb-105px||||false|false\u00bb custom_margin_last_edited=\u00bbon|phone\u00bb global_colors_info=\u00bb{}\u00bb][et_pb_column type=\u00bb4_4&#8243; _builder_version=\u00bb4.16&#8243; global_colors_info=\u00bb{}\u00bb][et_pb_text _builder_version=\u00bb4.16&#8243; custom_margin=\u00bb55px||||false|false\u00bb custom_padding=\u00bb||0px|||\u00bb global_colors_info=\u00bb{}\u00bb]<\/p>\n<p style=\"text-align: center;\"><span style=\"font-size: x-large;\"><strong><span style=\"color: #4f4b4b;\">\u00bfPOR QU\u00c9 ESTUDIAR UN CICLO FORMATIVO?<\/span><\/strong><\/span><\/p>\n<h4 style=\"text-align: center;\"><span style=\"color: #808080;\"><i><span style=\"font-size: large;\">Encuentra en la Formaci\u00f3n\u00a0Profesional\u00a0la manera de estudiar lo que m\u00e1s te gusta y de la manera m\u00e1s pr\u00e1ctica.<\/span>\u00a0<\/i><\/span><\/h4>\n<p>[\/et_pb_text][et_pb_divider divider_weight=\u00bb2px\u00bb _builder_version=\u00bb4.16&#8243; width=\u00bb85%\u00bb module_alignment=\u00bbcenter\u00bb custom_margin=\u00bb-22px||3px||false|false\u00bb custom_padding=\u00bb||26px|||\u00bb global_colors_info=\u00bb{}\u00bb][\/et_pb_divider][\/et_pb_column][\/et_pb_row][et_pb_row column_structure=\u00bb1_2,1_2&#8243; _builder_version=\u00bb4.16&#8243; background_color=\u00bb#f4f4f4&#8243; custom_margin=\u00bb-60px||||false|false\u00bb border_radii=\u00bbon|8px|8px|8px|8px\u00bb global_colors_info=\u00bb{}\u00bb][et_pb_column type=\u00bb1_2&#8243; _builder_version=\u00bb4.16&#8243; global_colors_info=\u00bb{}\u00bb][et_pb_blurb use_icon=\u00bbon\u00bb font_icon=\u00bb&#xe027;||divi||400&#8243; _builder_version=\u00bb4.16&#8243; global_colors_info=\u00bb{}\u00bb]<\/p>\n<p style=\"text-align: center;\"><strong>\u00a0FORMACI\u00d3N PR\u00c1CTICA<\/strong><\/p>\n<p style=\"text-align: center;\">La formaci\u00f3n establecida en el conjunto de m\u00f3dulos profesionales del T\u00edtulo garantiza que este profesional podr\u00e1 ejercer su actividad en el \u00e1mbito del sonido para producciones de cine, v\u00eddeo, televisi\u00f3n, multimedia, radio, industria discogr\u00e1fica, espect\u00e1culos e instalaciones fijas de sonorizaci\u00f3n en empresas \u00a0dedicadas a la producci\u00f3n de audiovisuales.<\/p>\n<p>[\/et_pb_blurb][\/et_pb_column][et_pb_column type=\u00bb1_2&#8243; _builder_version=\u00bb4.16&#8243; global_colors_info=\u00bb{}\u00bb][et_pb_blurb use_icon=\u00bbon\u00bb font_icon=\u00bb&#xe00e;||divi||400&#8243; _builder_version=\u00bb4.16&#8243; global_colors_info=\u00bb{}\u00bb]<\/p>\n<p style=\"text-align: center;\"><strong>INSERCI\u00d3N LABORAL<\/strong><\/p>\n<p style=\"text-align: center;\">La Formaci\u00f3n Profesional se trata de unos estudios motivadores donde podr\u00e1s encontrar una salida \u00f3ptima para la incorporaci\u00f3n laboral, donde tus estudios tendr\u00e1n una aplicaci\u00f3n real. Adem\u00e1s, el perfil de t\u00e9cnico cada vez est\u00e1 m\u00e1s demandado por las empresas.<\/p>\n<p>[\/et_pb_blurb][\/et_pb_column][\/et_pb_row][et_pb_row _builder_version=\u00bb4.16&#8243; min_height=\u00bb127px\u00bb custom_margin=\u00bb-127px|auto||auto|false|false\u00bb custom_padding=\u00bb170px|||||\u00bb global_colors_info=\u00bb{}\u00bb][et_pb_column type=\u00bb4_4&#8243; _builder_version=\u00bb4.16&#8243; global_colors_info=\u00bb{}\u00bb][et_pb_gallery gallery_ids=\u00bb19040,19034,19035,19027,19033,10784,8733,8732,13294,19071,8765,19032,19044,19043,19072,19073,19075,19074,19067,19065,19061,19068&#8243; show_title_and_caption=\u00bboff\u00bb _builder_version=\u00bb4.25.1&#8243; global_colors_info=\u00bb{}\u00bb][\/et_pb_gallery][\/et_pb_column][\/et_pb_row][\/et_pb_section]<\/p>\n","protected":false},"excerpt":{"rendered":"<p>Encuentra los estudios que m\u00e1s te inspiren para tu futuro \u00a0\u201cLa imaginaci\u00f3n crea la realidad\u201d. Richard Wagner &nbsp;\u00bfQu\u00e9 vas a aprender en esta Formaci\u00f3n Profesional? Definir la forma y el contenido de sesiones de animaci\u00f3n musical y visual destinadas al p\u00fablico en directo o en emisoras de radio. Determinar los medios humanos y materiales precisos [&hellip;]<\/p>\n","protected":false},"author":2,"featured_media":0,"parent":0,"menu_order":0,"comment_status":"closed","ping_status":"closed","template":"","meta":{"_et_pb_use_builder":"on","_et_pb_old_content":"","_et_gb_content_width":"","footnotes":""},"class_list":["post-12928","page","type-page","status-publish","hentry"],"yoast_head":"<!-- This site is optimized with the Yoast SEO plugin v28.4 - https:\/\/yoast.com\/product\/yoast-seo-wordpress\/ -->\n<title>Grado Medio V\u00eddeo Disc-Jockey y Sonido - Colegio Salesiano<\/title>\n<meta name=\"robots\" content=\"index, follow, max-snippet:-1, max-image-preview:large, max-video-preview:-1\" \/>\n<link rel=\"canonical\" href=\"https:\/\/granada.salesianos.edu\/colegio\/vdjs\/\" \/>\n<meta property=\"og:locale\" content=\"es_ES\" \/>\n<meta property=\"og:type\" content=\"article\" \/>\n<meta property=\"og:title\" content=\"Grado Medio V\u00eddeo Disc-Jockey y Sonido - Colegio Salesiano\" \/>\n<meta property=\"og:description\" content=\"Encuentra los estudios que m\u00e1s te inspiren para tu futuro \u00a0\u201cLa imaginaci\u00f3n crea la realidad\u201d. Richard Wagner &nbsp;\u00bfQu\u00e9 vas a aprender en esta Formaci\u00f3n Profesional? Definir la forma y el contenido de sesiones de animaci\u00f3n musical y visual destinadas al p\u00fablico en directo o en emisoras de radio. Determinar los medios humanos y materiales precisos [&hellip;]\" \/>\n<meta property=\"og:url\" content=\"https:\/\/granada.salesianos.edu\/colegio\/vdjs\/\" \/>\n<meta property=\"og:site_name\" content=\"Colegio Salesiano\" \/>\n<meta property=\"article:publisher\" content=\"https:\/\/www.facebook.com\/SalesianosGR\/\" \/>\n<meta property=\"article:modified_time\" content=\"2026-01-15T18:53:06+00:00\" \/>\n<meta name=\"twitter:card\" content=\"summary_large_image\" \/>\n<meta name=\"twitter:site\" content=\"@GranadaSDB\" \/>\n<meta name=\"twitter:label1\" content=\"Tiempo de lectura\" \/>\n\t<meta name=\"twitter:data1\" content=\"11 minutos\" \/>\n<script type=\"application\/ld+json\" class=\"yoast-schema-graph\">{\"@context\":\"https:\\\/\\\/schema.org\",\"@graph\":[{\"@type\":\"WebPage\",\"@id\":\"https:\\\/\\\/granada.salesianos.edu\\\/colegio\\\/vdjs\\\/\",\"url\":\"https:\\\/\\\/granada.salesianos.edu\\\/colegio\\\/vdjs\\\/\",\"name\":\"Grado Medio V\u00eddeo Disc-Jockey y Sonido - Colegio Salesiano\",\"isPartOf\":{\"@id\":\"https:\\\/\\\/granada.salesianos.edu\\\/colegio\\\/#website\"},\"datePublished\":\"2021-06-07T06:53:06+00:00\",\"dateModified\":\"2026-01-15T18:53:06+00:00\",\"breadcrumb\":{\"@id\":\"https:\\\/\\\/granada.salesianos.edu\\\/colegio\\\/vdjs\\\/#breadcrumb\"},\"inLanguage\":\"es\",\"potentialAction\":[{\"@type\":\"ReadAction\",\"target\":[\"https:\\\/\\\/granada.salesianos.edu\\\/colegio\\\/vdjs\\\/\"]}]},{\"@type\":\"BreadcrumbList\",\"@id\":\"https:\\\/\\\/granada.salesianos.edu\\\/colegio\\\/vdjs\\\/#breadcrumb\",\"itemListElement\":[{\"@type\":\"ListItem\",\"position\":1,\"name\":\"Portada\",\"item\":\"https:\\\/\\\/granada.salesianos.edu\\\/colegio\\\/\"},{\"@type\":\"ListItem\",\"position\":2,\"name\":\"Grado Medio V\u00eddeo Disc-Jockey y Sonido\"}]},{\"@type\":\"WebSite\",\"@id\":\"https:\\\/\\\/granada.salesianos.edu\\\/colegio\\\/#website\",\"url\":\"https:\\\/\\\/granada.salesianos.edu\\\/colegio\\\/\",\"name\":\"Colegio Salesiano\",\"description\":\"P\u00e1gina oficial de Salesianos Granada San Juan Bosco\",\"publisher\":{\"@id\":\"https:\\\/\\\/granada.salesianos.edu\\\/colegio\\\/#organization\"},\"potentialAction\":[{\"@type\":\"SearchAction\",\"target\":{\"@type\":\"EntryPoint\",\"urlTemplate\":\"https:\\\/\\\/granada.salesianos.edu\\\/colegio\\\/?s={search_term_string}\"},\"query-input\":{\"@type\":\"PropertyValueSpecification\",\"valueRequired\":true,\"valueName\":\"search_term_string\"}}],\"inLanguage\":\"es\"},{\"@type\":\"Organization\",\"@id\":\"https:\\\/\\\/granada.salesianos.edu\\\/colegio\\\/#organization\",\"name\":\"Colegio Salesiano San Juan Bosco Granada\",\"url\":\"https:\\\/\\\/granada.salesianos.edu\\\/colegio\\\/\",\"logo\":{\"@type\":\"ImageObject\",\"inLanguage\":\"es\",\"@id\":\"https:\\\/\\\/granada.salesianos.edu\\\/colegio\\\/#\\\/schema\\\/logo\\\/image\\\/\",\"url\":\"https:\\\/\\\/granada.salesianos.edu\\\/colegio\\\/wp-content\\\/uploads\\\/sites\\\/2\\\/2021\\\/01\\\/GRANADAobraVN2.jpg\",\"contentUrl\":\"https:\\\/\\\/granada.salesianos.edu\\\/colegio\\\/wp-content\\\/uploads\\\/sites\\\/2\\\/2021\\\/01\\\/GRANADAobraVN2.jpg\",\"width\":2113,\"height\":1894,\"caption\":\"Colegio Salesiano San Juan Bosco Granada\"},\"image\":{\"@id\":\"https:\\\/\\\/granada.salesianos.edu\\\/colegio\\\/#\\\/schema\\\/logo\\\/image\\\/\"},\"sameAs\":[\"https:\\\/\\\/www.facebook.com\\\/SalesianosGR\\\/\",\"https:\\\/\\\/x.com\\\/GranadaSDB\",\"https:\\\/\\\/www.instagram.com\\\/salesianosgranada\\\/\",\"https:\\\/\\\/www.youtube.com\\\/channel\\\/UChkpZuhCf4Y5rYIcFT3CNxw?view_as=subscriber\"]}]}<\/script>\n<!-- \/ Yoast SEO plugin. -->","yoast_head_json":{"title":"Grado Medio V\u00eddeo Disc-Jockey y Sonido - Colegio Salesiano","robots":{"index":"index","follow":"follow","max-snippet":"max-snippet:-1","max-image-preview":"max-image-preview:large","max-video-preview":"max-video-preview:-1"},"canonical":"https:\/\/granada.salesianos.edu\/colegio\/vdjs\/","og_locale":"es_ES","og_type":"article","og_title":"Grado Medio V\u00eddeo Disc-Jockey y Sonido - Colegio Salesiano","og_description":"Encuentra los estudios que m\u00e1s te inspiren para tu futuro \u00a0\u201cLa imaginaci\u00f3n crea la realidad\u201d. Richard Wagner &nbsp;\u00bfQu\u00e9 vas a aprender en esta Formaci\u00f3n Profesional? Definir la forma y el contenido de sesiones de animaci\u00f3n musical y visual destinadas al p\u00fablico en directo o en emisoras de radio. Determinar los medios humanos y materiales precisos [&hellip;]","og_url":"https:\/\/granada.salesianos.edu\/colegio\/vdjs\/","og_site_name":"Colegio Salesiano","article_publisher":"https:\/\/www.facebook.com\/SalesianosGR\/","article_modified_time":"2026-01-15T18:53:06+00:00","twitter_card":"summary_large_image","twitter_site":"@GranadaSDB","twitter_misc":{"Tiempo de lectura":"11 minutos"},"schema":{"@context":"https:\/\/schema.org","@graph":[{"@type":"WebPage","@id":"https:\/\/granada.salesianos.edu\/colegio\/vdjs\/","url":"https:\/\/granada.salesianos.edu\/colegio\/vdjs\/","name":"Grado Medio V\u00eddeo Disc-Jockey y Sonido - Colegio Salesiano","isPartOf":{"@id":"https:\/\/granada.salesianos.edu\/colegio\/#website"},"datePublished":"2021-06-07T06:53:06+00:00","dateModified":"2026-01-15T18:53:06+00:00","breadcrumb":{"@id":"https:\/\/granada.salesianos.edu\/colegio\/vdjs\/#breadcrumb"},"inLanguage":"es","potentialAction":[{"@type":"ReadAction","target":["https:\/\/granada.salesianos.edu\/colegio\/vdjs\/"]}]},{"@type":"BreadcrumbList","@id":"https:\/\/granada.salesianos.edu\/colegio\/vdjs\/#breadcrumb","itemListElement":[{"@type":"ListItem","position":1,"name":"Portada","item":"https:\/\/granada.salesianos.edu\/colegio\/"},{"@type":"ListItem","position":2,"name":"Grado Medio V\u00eddeo Disc-Jockey y Sonido"}]},{"@type":"WebSite","@id":"https:\/\/granada.salesianos.edu\/colegio\/#website","url":"https:\/\/granada.salesianos.edu\/colegio\/","name":"Colegio Salesiano","description":"P\u00e1gina oficial de Salesianos Granada San Juan Bosco","publisher":{"@id":"https:\/\/granada.salesianos.edu\/colegio\/#organization"},"potentialAction":[{"@type":"SearchAction","target":{"@type":"EntryPoint","urlTemplate":"https:\/\/granada.salesianos.edu\/colegio\/?s={search_term_string}"},"query-input":{"@type":"PropertyValueSpecification","valueRequired":true,"valueName":"search_term_string"}}],"inLanguage":"es"},{"@type":"Organization","@id":"https:\/\/granada.salesianos.edu\/colegio\/#organization","name":"Colegio Salesiano San Juan Bosco Granada","url":"https:\/\/granada.salesianos.edu\/colegio\/","logo":{"@type":"ImageObject","inLanguage":"es","@id":"https:\/\/granada.salesianos.edu\/colegio\/#\/schema\/logo\/image\/","url":"https:\/\/granada.salesianos.edu\/colegio\/wp-content\/uploads\/sites\/2\/2021\/01\/GRANADAobraVN2.jpg","contentUrl":"https:\/\/granada.salesianos.edu\/colegio\/wp-content\/uploads\/sites\/2\/2021\/01\/GRANADAobraVN2.jpg","width":2113,"height":1894,"caption":"Colegio Salesiano San Juan Bosco Granada"},"image":{"@id":"https:\/\/granada.salesianos.edu\/colegio\/#\/schema\/logo\/image\/"},"sameAs":["https:\/\/www.facebook.com\/SalesianosGR\/","https:\/\/x.com\/GranadaSDB","https:\/\/www.instagram.com\/salesianosgranada\/","https:\/\/www.youtube.com\/channel\/UChkpZuhCf4Y5rYIcFT3CNxw?view_as=subscriber"]}]}},"_links":{"self":[{"href":"https:\/\/granada.salesianos.edu\/colegio\/wp-json\/wp\/v2\/pages\/12928","targetHints":{"allow":["GET"]}}],"collection":[{"href":"https:\/\/granada.salesianos.edu\/colegio\/wp-json\/wp\/v2\/pages"}],"about":[{"href":"https:\/\/granada.salesianos.edu\/colegio\/wp-json\/wp\/v2\/types\/page"}],"author":[{"embeddable":true,"href":"https:\/\/granada.salesianos.edu\/colegio\/wp-json\/wp\/v2\/users\/2"}],"replies":[{"embeddable":true,"href":"https:\/\/granada.salesianos.edu\/colegio\/wp-json\/wp\/v2\/comments?post=12928"}],"version-history":[{"count":43,"href":"https:\/\/granada.salesianos.edu\/colegio\/wp-json\/wp\/v2\/pages\/12928\/revisions"}],"predecessor-version":[{"id":21744,"href":"https:\/\/granada.salesianos.edu\/colegio\/wp-json\/wp\/v2\/pages\/12928\/revisions\/21744"}],"wp:attachment":[{"href":"https:\/\/granada.salesianos.edu\/colegio\/wp-json\/wp\/v2\/media?parent=12928"}],"curies":[{"name":"wp","href":"https:\/\/api.w.org\/{rel}","templated":true}]}}