{"id":12929,"date":"2021-06-07T09:08:45","date_gmt":"2021-06-07T07:08:45","guid":{"rendered":"https:\/\/granada.salesianos.edu\/colegio\/?page_id=12929"},"modified":"2026-02-02T22:05:20","modified_gmt":"2026-02-02T20:05:20","slug":"administracionyfinanzas","status":"publish","type":"page","link":"https:\/\/granada.salesianos.edu\/colegio\/administracionyfinanzas\/","title":{"rendered":"Grado Superior Administraci\u00f3n y Finanzas"},"content":{"rendered":"<div id=\"fb-root\"><\/div>\n<p>[et_pb_section fb_built=\u00bb1&#8243; fullwidth=\u00bbon\u00bb next_background_color=\u00bb#ffffff\u00bb _builder_version=\u00bb4.27.4&#8243; background_image=\u00bbhttps:\/\/granada.salesianos.edu\/colegio\/wp-content\/uploads\/sites\/2\/2020\/02\/fondo_novedades_web.png\u00bb bottom_divider_style=\u00bbasymmetric2&#8243; global_module=\u00bb20660&#8243; saved_tabs=\u00bball\u00bb global_colors_info=\u00bb{}\u00bb][et_pb_fullwidth_header title=\u00bb@ET-DC@eyJkeW5hbWljIjp0cnVlLCJjb250ZW50IjoicG9zdF90aXRsZSIsInNldHRpbmdzIjp7ImJlZm9yZSI6IiIsImFmdGVyIjoiIn19@\u00bb title_font_color=\u00bb#ffffff\u00bb content_max_width_tablet=\u00bb88%\u00bb content_max_width_phone=\u00bb79%\u00bb content_max_width_last_edited=\u00bbon|phone\u00bb admin_label=\u00bbT\u00edtulo de anchura completa\u00bb module_class=\u00bbpagina-imagen-cabecera\u00bb _builder_version=\u00bb4.27.4&#8243; _dynamic_attributes=\u00bbtitle\u00bb title_text_color=\u00bb#ffffff\u00bb title_font_size=\u00bb40px\u00bb background_color=\u00bbrgba(255, 255, 255, 0)\u00bb background_enable_image=\u00bboff\u00bb background_position=\u00bbbottom_left\u00bb transform_translate=\u00bb91px|91px\u00bb max_width_tablet=\u00bb50px\u00bb min_height=\u00bb329px\u00bb custom_padding=\u00bb||127px|||\u00bb background_url=\u00bbhttps:\/\/alicante.salesianos.edu\/colegio\/wp-content\/uploads\/sites\/2\/2017\/03\/Captura-de-pantalla-2017-03-21-a-las-17.25.56.png\u00bb global_colors_info=\u00bb{}\u00bb button_one_text_size__hover_enabled=\u00bboff\u00bb button_one_text_size__hover=\u00bbnull\u00bb button_two_text_size__hover_enabled=\u00bboff\u00bb button_two_text_size__hover=\u00bbnull\u00bb button_one_text_color__hover_enabled=\u00bboff\u00bb button_one_text_color__hover=\u00bbnull\u00bb button_two_text_color__hover_enabled=\u00bboff\u00bb button_two_text_color__hover=\u00bbnull\u00bb button_one_border_width__hover_enabled=\u00bboff\u00bb button_one_border_width__hover=\u00bbnull\u00bb button_two_border_width__hover_enabled=\u00bboff\u00bb button_two_border_width__hover=\u00bbnull\u00bb button_one_border_color__hover_enabled=\u00bboff\u00bb button_one_border_color__hover=\u00bbnull\u00bb button_two_border_color__hover_enabled=\u00bboff\u00bb button_two_border_color__hover=\u00bbnull\u00bb button_one_border_radius__hover_enabled=\u00bboff\u00bb button_one_border_radius__hover=\u00bbnull\u00bb button_two_border_radius__hover_enabled=\u00bboff\u00bb button_two_border_radius__hover=\u00bbnull\u00bb button_one_letter_spacing__hover_enabled=\u00bboff\u00bb button_one_letter_spacing__hover=\u00bbnull\u00bb button_two_letter_spacing__hover_enabled=\u00bboff\u00bb button_two_letter_spacing__hover=\u00bbnull\u00bb button_one_bg_color__hover_enabled=\u00bboff\u00bb button_one_bg_color__hover=\u00bbnull\u00bb button_two_bg_color__hover_enabled=\u00bboff\u00bb button_two_bg_color__hover=\u00bbnull\u00bb][\/et_pb_fullwidth_header][\/et_pb_section][et_pb_section fb_built=\u00bb1&#8243; module_class=\u00bbpagina-seccion-contenido\u00bb _builder_version=\u00bb4.27.4&#8243; min_height=\u00bb2350px\u00bb custom_margin=\u00bb65px||||false|false\u00bb custom_padding=\u00bb0%|||\u00bb global_colors_info=\u00bb{}\u00bb][et_pb_row _builder_version=\u00bb4.16&#8243; min_height=\u00bb393px\u00bb custom_margin=\u00bb-56px|auto||auto||\u00bb global_colors_info=\u00bb{}\u00bb][et_pb_column type=\u00bb4_4&#8243; _builder_version=\u00bb4.16&#8243; global_colors_info=\u00bb{}\u00bb][et_pb_text _builder_version=\u00bb4.16&#8243; custom_padding=\u00bb0px||0px|||\u00bb global_colors_info=\u00bb{}\u00bb]<\/p>\n<h1 style=\"text-align: center;\"><span style=\"color: #4f4b4b;\"><strong><span style=\"font-size: xx-large;\"><span style=\"font-family: inherit;\">Estudios que preparan para el futuro<\/span><\/span><\/strong><\/span><\/h1>\n<h4 style=\"text-align: center;\"><span style=\"font-size: large; color: #808080;\"><em>\u00a0\u201cDonde hay una empresa de \u00e9xito, alguien tom\u00f3 alguna vez una decisi\u00f3n valiente\u201d. Peter Drucker<\/em><\/span><\/h4>\n<p>&nbsp;<br \/>\n[\/et_pb_text][et_pb_divider divider_weight=\u00bb2px\u00bb _builder_version=\u00bb4.16&#8243; width=\u00bb85%\u00bb module_alignment=\u00bbcenter\u00bb custom_margin=\u00bb-56px||||false|false\u00bb custom_padding=\u00bb2px||2px|||\u00bb global_colors_info=\u00bb{}\u00bb][\/et_pb_divider][\/et_pb_column][\/et_pb_row][et_pb_row column_structure=\u00bb2_5,3_5&#8243; _builder_version=\u00bb4.27.4&#8243; max_width=\u00bb1323px\u00bb min_height=\u00bb381px\u00bb custom_margin=\u00bb-254px|auto||auto|false|false\u00bb custom_padding=\u00bb||0px|||\u00bb global_colors_info=\u00bb{}\u00bb][et_pb_column type=\u00bb2_5&#8243; _builder_version=\u00bb4.16&#8243; global_colors_info=\u00bb{}\u00bb][et_pb_image src=\u00bbhttps:\/\/granada.salesianos.edu\/colegio\/wp-content\/uploads\/sites\/2\/2024\/06\/Captura-de-pantalla-2024-06-14-a-las-17.26.07-1.png\u00bb title_text=\u00bbCaptura de pantalla 2024-06-14 a las 17.26.07&#8243; _builder_version=\u00bb4.27.4&#8243; transform_scale_tablet=\u00bb\u00bb transform_scale_phone=\u00bb90%|90%\u00bb transform_scale_last_edited=\u00bbon|phone\u00bb transform_translate_tablet=\u00bb\u00bb transform_translate_phone=\u00bb\u00bb transform_translate_last_edited=\u00bbon|phone\u00bb transform_rotate_tablet=\u00bb\u00bb transform_rotate_phone=\u00bb\u00bb transform_rotate_last_edited=\u00bbon|phone\u00bb transform_skew_tablet=\u00bb\u00bb transform_skew_phone=\u00bb\u00bb transform_skew_last_edited=\u00bbon|phone\u00bb transform_origin_tablet=\u00bb\u00bb transform_origin_phone=\u00bb\u00bb transform_origin_last_edited=\u00bbon|phone\u00bb transform_styles_last_edited=\u00bbon|phone\u00bb width=\u00bb93%\u00bb width_tablet=\u00bb93%\u00bb width_phone=\u00bb93%\u00bb width_last_edited=\u00bbon|phone\u00bb module_alignment=\u00bbleft\u00bb min_height=\u00bb404px\u00bb custom_margin=\u00bb-29px|-82px||66px|false|false\u00bb custom_margin_tablet=\u00bb-29px|-82px||66px|false|false\u00bb custom_margin_phone=\u00bb6px|-82px|8px|-24px|false|false\u00bb custom_margin_last_edited=\u00bbon|phone\u00bb transform_styles_tablet=\u00bb\u00bb transform_styles_phone=\u00bb\u00bb module_alignment_tablet=\u00bbleft\u00bb module_alignment_phone=\u00bbleft\u00bb module_alignment_last_edited=\u00bbon|phone\u00bb global_colors_info=\u00bb{}\u00bb][\/et_pb_image][\/et_pb_column][et_pb_column type=\u00bb3_5&#8243; _builder_version=\u00bb4.16&#8243; global_colors_info=\u00bb{}\u00bb][et_pb_text _builder_version=\u00bb4.27.4&#8243; width=\u00bb92.5%\u00bb min_height=\u00bb307px\u00bb custom_margin=\u00bb-10px||||false|false\u00bb custom_margin_tablet=\u00bb-10px||||false|false\u00bb custom_margin_phone=\u00bb33px||11px||false|false\u00bb custom_margin_last_edited=\u00bbon|phone\u00bb custom_padding=\u00bb|||61px||\u00bb global_colors_info=\u00bb{}\u00bb]<\/p>\n<h4><span style=\"font-size: x-large;\"><strong>\u00bfQu\u00e9 vas a aprender en esta Formaci\u00f3n Profesional?<\/strong><\/span><\/h4>\n<ul>\n<li>Tramitar documentos o comunicaciones internas o externas en los circuitos de informaci\u00f3n de la empresa.<\/li>\n<li>Elaborar documentos y comunicaciones a partir de \u00f3rdenes recibidas, informaci\u00f3n obtenida y\/o necesidades detectadas.<\/li>\n<li>Clasificar, registrar y archivar comunicaciones y documentos seg\u00fan las t\u00e9cnicas apropiadas y los par\u00e1metros establecidos en la empresa.<\/li>\n<li>Gestionar los procesos de tramitaci\u00f3n administrativa empresarial en relaci\u00f3n a las \u00e1reas comercial, financiera, contable y fiscal.<\/li>\n<li>Realizar la gesti\u00f3n contable y fiscal de la empresa, seg\u00fan los procesos y procedimientos administrativos aplicando la normativa vigente.<\/li>\n<li>Supervisar la gesti\u00f3n de tesorer\u00eda, la captaci\u00f3n de recursos financieros y el estudio de viabilidad de proyectos de inversi\u00f3n.<\/li>\n<li>Organizar y supervisar la gesti\u00f3n administrativa de personal de la empresa, ajust\u00e1ndose a la normativa laboral vigente y protocolos establecidos.<\/li>\n<li>Realizar la gesti\u00f3n administrativa de los procesos comerciales, llevando a cabo las tareas de documentaci\u00f3n y las actividades de negociaci\u00f3n con proveedores<\/li>\n<li>Tramitar y realizar la gesti\u00f3n administrativa en la presentaci\u00f3n de documentos en diferentes organismos y administraciones p\u00fablicas en plazo.<\/li>\n<\/ul>\n<p>&nbsp;<\/p>\n<p>[\/et_pb_text][\/et_pb_column][\/et_pb_row][et_pb_row column_structure=\u00bb1_5,1_5,1_5,1_5,1_5&#8243; _builder_version=\u00bb4.16&#8243; background_size=\u00bbinitial\u00bb background_position=\u00bbtop_left\u00bb background_repeat=\u00bbrepeat\u00bb min_height=\u00bb104.4px\u00bb custom_margin=\u00bb-8px|auto||auto|false|false\u00bb custom_padding=\u00bb27px||0px|||\u00bb global_colors_info=\u00bb{}\u00bb][et_pb_column type=\u00bb1_5&#8243; _builder_version=\u00bb4.16&#8243; custom_padding=\u00bb|||\u00bb global_colors_info=\u00bb{}\u00bb custom_padding__hover=\u00bb|||\u00bb][et_pb_blurb title=\u00bbFORMACI\u00d3N DUAL\u00bb url=\u00bbhttps:\/\/granada.salesianos.edu\/colegio\/fp-dual\/\u00bb use_icon=\u00bbon\u00bb font_icon=\u00bb&#xe0ef;||divi||400&#8243; _builder_version=\u00bb4.27.4&#8243; header_text_align=\u00bbcenter\u00bb transform_scale=\u00bb112%|112%\u00bb custom_margin=\u00bb10px||||false|false\u00bb global_colors_info=\u00bb{}\u00bb][\/et_pb_blurb][\/et_pb_column][et_pb_column type=\u00bb1_5&#8243; _builder_version=\u00bb4.16&#8243; custom_padding=\u00bb|||\u00bb global_colors_info=\u00bb{}\u00bb custom_padding__hover=\u00bb|||\u00bb][et_pb_blurb title=\u00bbLIBROS Y MATERIALES\u00bb url=\u00bbhttps:\/\/drive.google.com\/file\/d\/1B1PlYw9zfsjTvl5hkwA7ObTMXKkaIER8\/view?usp=sharing\u00bb use_icon=\u00bbon\u00bb font_icon=\u00bb&#xe086;||divi||400&#8243; _builder_version=\u00bb4.27.4&#8243; header_text_align=\u00bbcenter\u00bb link_option_url=\u00bbhttps:\/\/drive.google.com\/file\/d\/1B1PlYw9zfsjTvl5hkwA7ObTMXKkaIER8\/view?usp=sharing\u00bb global_colors_info=\u00bb{}\u00bb][\/et_pb_blurb][\/et_pb_column][et_pb_column type=\u00bb1_5&#8243; _builder_version=\u00bb4.16&#8243; custom_padding=\u00bb|||\u00bb global_colors_info=\u00bb{}\u00bb custom_padding__hover=\u00bb|||\u00bb][et_pb_blurb title=\u00bbPROYECTO INTERDISCIPLINAR\u00bb use_icon=\u00bbon\u00bb font_icon=\u00bb&#xe007;||divi||400&#8243; _builder_version=\u00bb4.16&#8243; header_text_align=\u00bbcenter\u00bb global_colors_info=\u00bb{}\u00bb][\/et_pb_blurb][\/et_pb_column][et_pb_column type=\u00bb1_5&#8243; _builder_version=\u00bb4.16&#8243; custom_padding=\u00bb|||\u00bb global_colors_info=\u00bb{}\u00bb custom_padding__hover=\u00bb|||\u00bb][et_pb_blurb title=\u00bbPR\u00c1CTICAS EN EL EXTRANJERO\u00bb url=\u00bbhttps:\/\/granada.salesianos.edu\/colegio\/erasmus\/\u00bb use_icon=\u00bbon\u00bb font_icon=\u00bb&#xe0e2;||divi||400&#8243; _builder_version=\u00bb4.16&#8243; header_text_align=\u00bbcenter\u00bb global_colors_info=\u00bb{}\u00bb][\/et_pb_blurb][\/et_pb_column][et_pb_column type=\u00bb1_5&#8243; _builder_version=\u00bb4.16&#8243; custom_padding=\u00bb|||\u00bb global_colors_info=\u00bb{}\u00bb custom_padding__hover=\u00bb|||\u00bb][et_pb_blurb title=\u00bbFECHAS IMPORTANTES\u00bb use_icon=\u00bbon\u00bb font_icon=\u00bb&#xe023;||divi||400&#8243; _builder_version=\u00bb4.16&#8243; header_text_align=\u00bbcenter\u00bb global_colors_info=\u00bb{}\u00bb][\/et_pb_blurb][\/et_pb_column][\/et_pb_row][et_pb_row _builder_version=\u00bb4.16&#8243; min_height=\u00bb261.7px\u00bb custom_margin=\u00bb45px|auto|-371px|auto|false|false\u00bb custom_padding=\u00bb||0px|1px||\u00bb global_colors_info=\u00bb{}\u00bb][et_pb_column type=\u00bb4_4&#8243; _builder_version=\u00bb4.16&#8243; global_colors_info=\u00bb{}\u00bb][et_pb_tabs _builder_version=\u00bb4.16&#8243; min_height=\u00bb266px\u00bb custom_padding=\u00bb||0px|||\u00bb border_radii=\u00bbon|10px|10px|10px|10px\u00bb box_shadow_style=\u00bbpreset1&#8243; box_shadow_color=\u00bb#000000&#8243; global_colors_info=\u00bb{}\u00bb][et_pb_tab title=\u00bb\u00bfC\u00f3mo acceder?\u00bb _builder_version=\u00bb4.16&#8243; global_colors_info=\u00bb{}\u00bb]<\/p>\n<ul>\n<li>Estar en posesi\u00f3n del T\u00edtulo de Bachiller, o de un certificado acreditativo de haber superado todas las materias del Bachillerato.<\/li>\n<li>Estar en posesi\u00f3n del T\u00edtulo de Bachillerato Unificado Polivalente (BUP).<\/li>\n<li>Haber superado el segundo curso de cualquier modalidad de Bachillerato experimental.<\/li>\n<li>Estar en posesi\u00f3n de un T\u00edtulo de T\u00e9cnico (Formaci\u00f3n Profesional de Grado Medio)<\/li>\n<\/ul>\n<p>Acceso\u00a0<strong>directo<\/strong>:<\/p>\n<ul>\n<li>Estar en posesi\u00f3n de un T\u00edtulo de T\u00e9cnico Superior, T\u00e9cnico Especialista o equivalente a efectos acad\u00e9micos.<\/li>\n<li>Haber superado el Curso de Orientaci\u00f3n Universitaria (COU).<\/li>\n<li>Estar en posesi\u00f3n de cualquier Titulaci\u00f3n Universitaria o equivalente<\/li>\n<\/ul>\n<p>[\/et_pb_tab][et_pb_tab title=\u00bbSalidas profesionales\u00bb _builder_version=\u00bb4.16&#8243; global_colors_info=\u00bb{}\u00bb]Trabajar como:<\/p>\n<ul>\n<li>Administrativo de oficina.<\/li>\n<li>Administrativo comercial.<\/li>\n<li>Administrativo financiero.<\/li>\n<li>Administrativo contable.<\/li>\n<li>Administrativo de log\u00edstica.<\/li>\n<li>Administrativo de banca y de seguros.<\/li>\n<li>Administrativo de recursos humanos.<\/li>\n<li>Administrativo de la Administraci\u00f3n p\u00fablica.<\/li>\n<li>Administrativo de asesor\u00edas jur\u00eddicas, contables, laborales, fiscales o gestor\u00edas.<\/li>\n<li>T\u00e9cnico en gesti\u00f3n de cobros.<\/li>\n<li>Responsable de atenci\u00f3n al cliente<\/li>\n<\/ul>\n<p>[\/et_pb_tab][et_pb_tab title=\u00bbSalidas acad\u00e9micas\u00bb _builder_version=\u00bb4.16&#8243; global_colors_info=\u00bb{}\u00bb]<strong>Seguir estudiando:<\/strong><\/p>\n<ul>\n<li>Cursos de especializaci\u00f3n profesional.<\/li>\n<li>Otro Ciclo de Formaci\u00f3n Profesional con la posibilidad de establecer convalidaciones de m\u00f3dulos profesionales de acuerdo a la normativa vigente.<\/li>\n<li><strong>Preparaci\u00f3n de las Pruebas de Evaluaci\u00f3n de Bachillerato (\u00fanicamente las asignaturas troncales)<\/strong><\/li>\n<li>Ense\u00f1anzas Universitarias con la posibilidad de establecer convalidaciones de acuerdo con la normativa vigente<\/li>\n<\/ul>\n<p>[\/et_pb_tab][\/et_pb_tabs][\/et_pb_column][\/et_pb_row][et_pb_row _builder_version=\u00bb4.16&#8243; background_size=\u00bbinitial\u00bb background_position=\u00bbtop_left\u00bb background_repeat=\u00bbrepeat\u00bb min_height=\u00bb557.3px\u00bb custom_margin=\u00bb248px|auto||auto||\u00bb custom_padding=\u00bb0px|||||\u00bb global_colors_info=\u00bb{}\u00bb][et_pb_column type=\u00bb4_4&#8243; _builder_version=\u00bb4.16&#8243; custom_padding=\u00bb|||\u00bb global_colors_info=\u00bb{}\u00bb custom_padding__hover=\u00bb|||\u00bb][et_pb_text _builder_version=\u00bb4.16&#8243; min_height=\u00bb80px\u00bb custom_margin=\u00bb70px||||false|false\u00bb custom_padding=\u00bb2px|||||\u00bb global_colors_info=\u00bb{}\u00bb]<\/p>\n<h4 style=\"text-align: center;\"><span style=\"color: #4f4b4b; font-size: x-large;\"><strong>FORMACI\u00d3N PROFESIONAL DUAL<\/strong><\/span><\/h4>\n<h3 style=\"text-align: center;\"><span style=\"font-size: large;\"><strong><span style=\"color: #808080;\"><em>Una modalidad donde entrar\u00e1s en el mundo laboral combinando la formaci\u00f3n en el Centro y en empresa.<\/em><\/span><\/strong><\/span><\/h3>\n<p>[\/et_pb_text][et_pb_divider color=\u00bb#e02b20&#8243; divider_weight=\u00bb2px\u00bb _builder_version=\u00bb4.16&#8243; max_width=\u00bb85%\u00bb module_alignment=\u00bbcenter\u00bb custom_margin=\u00bb-30px|||||\u00bb global_colors_info=\u00bb{}\u00bb][\/et_pb_divider][et_pb_text _builder_version=\u00bb4.16&#8243; custom_padding=\u00bb|0px||||\u00bb global_colors_info=\u00bb{}\u00bb]<\/p>\n<p style=\"text-align: center;\">La\u00a0<strong>Formaci\u00f3n Profesional Dual <\/strong>es una modalidad que consiste en\u00a0<strong>combinar la formaci\u00f3n en empresas y en el centro escolar<\/strong>. Se trata de una oportunidad en el proceso de ense\u00f1anza que mejora el aprendizaje del alumnado; as\u00ed desde el primer momento podr\u00e1 tener contacto con el mundo laboral, adem\u00e1s de conocer y desempe\u00f1ar su futuro trabajo. Se trata, en definitiva, de un <strong>aprendizaje innovador <\/strong>donde las<strong> empresas apoyan <\/strong>de una manera muy directa a la formaci\u00f3n de sus<strong> futuros trabajadores.\u00a0<\/strong><\/p>\n<p>&nbsp;<br \/>\n[\/et_pb_text][et_pb_gallery gallery_ids=\u00bb12998,12999,13000,12968&#8243; show_title_and_caption=\u00bboff\u00bb _builder_version=\u00bb4.16&#8243; custom_margin=\u00bb-36px||||false|false\u00bb custom_padding=\u00bb||0px|||\u00bb global_colors_info=\u00bb{}\u00bb][\/et_pb_gallery][et_pb_text _builder_version=\u00bb4.16&#8243; min_height=\u00bb38px\u00bb custom_margin=\u00bb-56px||215px||false|false\u00bb custom_padding=\u00bb1px||0px|||\u00bb global_colors_info=\u00bb{}\u00bb]<\/p>\n<h4 style=\"text-align: center;\"><span style=\"color: #4f4b4b; font-size: x-large;\"><strong>M\u00d3DULOS PROFESIONALES<\/strong><\/span><\/h4>\n<h3 style=\"text-align: center;\"><em><span style=\"font-size: large;\"><span style=\"color: #808080;\">Descubre las materias que estudiar\u00e1s en este Grado Superior de la familia de\u00a0<\/span><\/span><\/em><span style=\"color: #808080; font-size: large;\"><span style=\"caret-color: #808080;\"><i>administraci\u00f3n.<\/i><\/span><\/span><\/h3>\n<p>[\/et_pb_text][et_pb_divider divider_weight=\u00bb2px\u00bb _builder_version=\u00bb4.16&#8243; width=\u00bb85%\u00bb module_alignment=\u00bbcenter\u00bb custom_margin=\u00bb-221px||3px|||\u00bb custom_padding=\u00bb||26px|||\u00bb global_colors_info=\u00bb{}\u00bb][\/et_pb_divider][et_pb_image src=\u00bbhttps:\/\/granada.salesianos.edu\/colegio\/wp-content\/uploads\/sites\/2\/2026\/01\/WhatsApp-Image-2026-01-15-at-19.27.09.jpeg\u00bb title_text=\u00bbWhatsApp Image 2026-01-15 at 19.27.09&#8243; disabled_on=\u00bboff|off|on\u00bb _builder_version=\u00bb4.27.4&#8243; _module_preset=\u00bbdefault\u00bb global_colors_info=\u00bb{}\u00bb][\/et_pb_image][et_pb_text disabled_on=\u00bbon|off|off\u00bb admin_label=\u00bbTexto\u00bb _builder_version=\u00bb4.27.4&#8243; width=\u00bb82.4%\u00bb width_tablet=\u00bb100%\u00bb width_phone=\u00bb\u00bb width_last_edited=\u00bbon|tablet\u00bb max_width=\u00bb100%\u00bb module_alignment=\u00bbcenter\u00bb min_height=\u00bb1011px\u00bb custom_margin=\u00bb-20px||-40px|156px|false|false\u00bb custom_padding=\u00bb|112px|22px|0px||\u00bb border_radii=\u00bbon|10px|10px|10px|10px\u00bb box_shadow_style=\u00bbpreset2&#8243; global_colors_info=\u00bb{}\u00bb]<\/p>\n<p>7<\/p>\n<table class=\" aligncenter\" style=\"width: 965px; height: 910px;\">\n<tbody>\n<tr style=\"height: 60px;\">\n<td style=\"text-align: center; width: 617px; height: 60px;\"><span style=\"color: #ff0000;\"><strong>PRIMER CURSO<\/strong><\/span><\/td>\n<td style=\"width: 121px; height: 60px;\"><strong>SEMANALES<\/strong><\/td>\n<td style=\"width: 81px; height: 60px;\"><strong>TOTALES<\/strong><\/td>\n<\/tr>\n<tr style=\"height: 53px;\">\n<td style=\"text-align: center; width: 617px; height: 53px;\"><b>Comunicaci\u00f3n y atenci\u00f3n al cliente<\/b><\/td>\n<td style=\"width: 121px; height: 53px;\">4<\/td>\n<td style=\"width: 81px; height: 53px;\">128<\/td>\n<\/tr>\n<tr style=\"height: 55px;\">\n<td style=\"text-align: center; width: 617px; height: 55px;\"><b>Gesti\u00f3n de la documentaci\u00f3n jur\u00eddica y empresarial\u00a0<\/b><\/td>\n<td style=\"width: 121px; height: 55px;\">3<\/td>\n<td style=\"width: 81px; height: 55px;\">96<\/td>\n<\/tr>\n<tr style=\"height: 53px;\">\n<td style=\"text-align: center; width: 617px; height: 53px;\"><b>Ingl\u00e9s Profesional<\/b><\/td>\n<td style=\"width: 121px; height: 53px;\">4<\/td>\n<td style=\"width: 81px; height: 53px;\">128<\/td>\n<\/tr>\n<tr style=\"height: 51px;\">\n<td style=\"text-align: center; width: 617px; height: 51px;\"><strong>Itinerario para la empleabilidad I<\/strong><\/td>\n<td style=\"width: 121px; height: 51px;\">3<\/td>\n<td style=\"width: 81px; height: 51px;\">96<\/td>\n<\/tr>\n<tr style=\"height: 50px;\">\n<td style=\"text-align: center; width: 617px; height: 50px;\"><b>Ofim\u00e1tica y proceso de la informaci\u00f3n<\/b><\/td>\n<td style=\"width: 121px; height: 50px;\">6<\/td>\n<td style=\"width: 81px; height: 50px;\">192<\/td>\n<\/tr>\n<tr style=\"height: 50px;\">\n<td style=\"text-align: center; width: 617px; height: 50px;\"><b>Proceso integral de la actividad comercial\u00a0<\/b><\/td>\n<td style=\"width: 121px; height: 50px;\">5<\/td>\n<td style=\"width: 81px; height: 50px;\">160<\/td>\n<\/tr>\n<tr style=\"height: 50px;\">\n<td style=\"text-align: center; width: 617px; height: 50px;\"><b>Recursos humanos y responsabilidad social corporativa<\/b><\/td>\n<td style=\"width: 121px; height: 50px;\">3<\/td>\n<td style=\"width: 81px; height: 50px;\">96<\/td>\n<\/tr>\n<tr style=\"height: 48px;\">\n<td style=\"text-align: center; width: 617px; height: 48px;\"><b>Sostenibilidad aplicada al sistema productivo<\/b><\/td>\n<td style=\"width: 121px; height: 48px;\">1<\/td>\n<td style=\"width: 81px; height: 48px;\">32<\/td>\n<\/tr>\n<tr style=\"height: 60px;\">\n<td style=\"text-align: center; width: 617px; height: 60px;\"><b>Digitalizaci\u00f3n aplicada al sistema productivo<\/b><\/td>\n<td style=\"width: 121px; height: 60px;\">1<\/td>\n<td style=\"width: 81px; height: 60px;\">32<\/td>\n<\/tr>\n<tr style=\"height: 39px;\">\n<td style=\"width: 617px; height: 39px;\">\n<p style=\"text-align: center;\"><span style=\"color: #ff0000;\"><strong>SEGUNDO CURSO<\/strong><\/span><\/p>\n<\/td>\n<td style=\"width: 121px; height: 39px;\"><strong>SEMANALES<\/strong><\/td>\n<td style=\"width: 81px; height: 39px;\"><strong>TOTALES<\/strong><\/td>\n<\/tr>\n<tr style=\"height: 2px;\">\n<td style=\"width: 617px; height: 2px;\">\n<p style=\"text-align: center;\"><b>Contabilidad y fiscalidad\u00a0<\/b><\/p>\n<\/td>\n<td style=\"width: 121px; height: 2px;\">5<\/td>\n<td style=\"width: 81px; height: 2px;\">175<\/td>\n<\/tr>\n<tr style=\"height: 51px;\">\n<td style=\"width: 617px; height: 51px;\">\n<p style=\"text-align: center;\"><strong>Itinerario personal para la empleabilidad II<\/strong><\/p>\n<\/td>\n<td style=\"width: 121px; height: 51px;\">3<\/td>\n<td style=\"width: 81px; height: 51px;\">105<\/td>\n<\/tr>\n<tr style=\"height: 51px;\">\n<td style=\"width: 617px; height: 51px;\">\n<p style=\"text-align: center;\"><strong>Optativa<\/strong><\/p>\n<\/td>\n<td style=\"width: 121px; height: 51px;\">3<\/td>\n<td style=\"width: 81px; height: 51px;\">105<\/td>\n<\/tr>\n<tr style=\"height: 51px;\">\n<td style=\"width: 617px; height: 51px;\">\n<p style=\"text-align: center;\"><b>Gesti\u00f3n de recursos humanos<\/b><\/p>\n<\/td>\n<td style=\"width: 121px; height: 51px;\">3<\/td>\n<td style=\"width: 81px; height: 51px;\">105<\/td>\n<\/tr>\n<tr style=\"height: 51px;\">\n<td style=\"width: 617px; height: 51px;\">\n<p style=\"text-align: center;\"><b>Gesti\u00f3n financiera<\/b><\/p>\n<\/td>\n<td style=\"width: 121px; height: 51px;\">5<\/td>\n<td style=\"width: 81px; height: 51px;\">175<\/td>\n<\/tr>\n<tr style=\"height: 51px;\">\n<td style=\"width: 617px; height: 51px;\">\n<p style=\"text-align: center;\"><b>Gesti\u00f3n log\u00edstica y comercial\u00a0<\/b><\/p>\n<\/td>\n<td style=\"width: 121px; height: 51px;\">4<\/td>\n<td style=\"width: 81px; height: 51px;\">140<\/td>\n<\/tr>\n<tr style=\"height: 33px;\">\n<td style=\"width: 617px; height: 33px;\">\n<p style=\"text-align: center;\"><b>Proyecto Intermodular de administraci\u00f3n y\u00a0finanzas<\/b><\/p>\n<\/td>\n<td style=\"width: 121px; height: 33px;\">2<\/td>\n<td style=\"width: 81px; height: 33px;\">70<\/td>\n<\/tr>\n<tr style=\"height: 51px;\">\n<td style=\"width: 617px; height: 51px;\"><b>\u00a0 \u00a0 \u00a0 \u00a0 \u00a0 \u00a0 \u00a0 \u00a0 \u00a0 \u00a0 \u00a0 \u00a0 \u00a0 \u00a0 \u00a0 \u00a0 \u00a0 \u00a0 \u00a0 \u00a0 \u00a0 \u00a0 \u00a0 \u00a0 \u00a0 \u00a0 Simulaci\u00f3n empresarial\u00a0<\/b><\/td>\n<td style=\"width: 121px; height: 51px;\">5<\/td>\n<td style=\"width: 81px; height: 51px;\">175<\/td>\n<\/tr>\n<\/tbody>\n<\/table>\n<p>[\/et_pb_text][\/et_pb_column][\/et_pb_row][et_pb_row _builder_version=\u00bb4.27.4&#8243; custom_margin=\u00bb72px||||false|false\u00bb global_colors_info=\u00bb{}\u00bb][et_pb_column type=\u00bb4_4&#8243; _builder_version=\u00bb4.16&#8243; global_colors_info=\u00bb{}\u00bb][et_pb_text _builder_version=\u00bb4.16&#8243; custom_margin=\u00bb55px||||false|false\u00bb custom_margin_tablet=\u00bb\u00bb custom_margin_phone=\u00bb-24px||||false|false\u00bb custom_margin_last_edited=\u00bbon|phone\u00bb custom_padding=\u00bb||0px|||\u00bb global_colors_info=\u00bb{}\u00bb]<\/p>\n<p style=\"text-align: center;\"><span style=\"font-size: x-large;\"><strong><span style=\"color: #4f4b4b;\">\u00bfPOR QU\u00c9 ESTUDIAR UN CICLO FORMATIVO?<\/span><\/strong><\/span><\/p>\n<h4 style=\"text-align: center;\"><span style=\"color: #808080;\"><i><span style=\"font-size: large;\">Encuentra en la Formaci\u00f3n\u00a0Profesional\u00a0la manera de estudiar lo que m\u00e1s te gusta y de la manera m\u00e1s pr\u00e1ctica.<\/span>\u00a0<\/i><\/span><\/h4>\n<p>[\/et_pb_text][et_pb_divider divider_weight=\u00bb2px\u00bb _builder_version=\u00bb4.16&#8243; width=\u00bb85%\u00bb module_alignment=\u00bbcenter\u00bb custom_margin=\u00bb-22px||3px||false|false\u00bb custom_padding=\u00bb||26px|||\u00bb global_colors_info=\u00bb{}\u00bb][\/et_pb_divider][\/et_pb_column][\/et_pb_row][et_pb_row column_structure=\u00bb1_2,1_2&#8243; _builder_version=\u00bb4.16&#8243; background_color=\u00bb#f4f4f4&#8243; custom_margin=\u00bb-60px||||false|false\u00bb border_radii=\u00bbon|8px|8px|8px|8px\u00bb global_colors_info=\u00bb{}\u00bb][et_pb_column type=\u00bb1_2&#8243; _builder_version=\u00bb4.16&#8243; global_colors_info=\u00bb{}\u00bb][et_pb_blurb use_icon=\u00bbon\u00bb font_icon=\u00bb&#xe021;||divi||400&#8243; _builder_version=\u00bb4.16&#8243; global_colors_info=\u00bb{}\u00bb]<\/p>\n<p style=\"text-align: center;\"><strong>\u00a0FORMACI\u00d3N PR\u00c1CTICA<\/strong><\/p>\n<p style=\"text-align: center;\">La formaci\u00f3n establecida en el conjunto de m\u00f3dulos profesionales del T\u00edtulo garantiza que este profesional podr\u00e1 ejercer su actividad \u00a0en \u00a0empresas y \u00a0administraciones p\u00fablicas, desempe\u00f1ando tareas administrativas en gesti\u00f3n y asesoramiento en las \u00e1reas laboral, comercial, contable y fiscal de estas.<\/p>\n<p>[\/et_pb_blurb][\/et_pb_column][et_pb_column type=\u00bb1_2&#8243; _builder_version=\u00bb4.16&#8243; global_colors_info=\u00bb{}\u00bb][et_pb_blurb use_icon=\u00bbon\u00bb font_icon=\u00bb&#xe00e;||divi||400&#8243; _builder_version=\u00bb4.16&#8243; global_colors_info=\u00bb{}\u00bb]<\/p>\n<p style=\"text-align: center;\"><strong>INSERCI\u00d3N LABORAL<\/strong><\/p>\n<p style=\"text-align: center;\">La Formaci\u00f3n Profesional se trata de unos estudios motivadores donde podr\u00e1s encontrar una salida \u00f3ptima para la incorporaci\u00f3n laboral, donde tus estudios tendr\u00e1n una aplicaci\u00f3n real. Adem\u00e1s, el perfil de t\u00e9cnico cada vez est\u00e1 m\u00e1s demandado por las empresas.<\/p>\n<p>[\/et_pb_blurb][\/et_pb_column][\/et_pb_row][et_pb_row _builder_version=\u00bb4.16&#8243; min_height=\u00bb127px\u00bb custom_margin=\u00bb-127px|auto||auto|false|false\u00bb custom_padding=\u00bb170px|||||\u00bb global_colors_info=\u00bb{}\u00bb][et_pb_column type=\u00bb4_4&#8243; _builder_version=\u00bb4.16&#8243; global_colors_info=\u00bb{}\u00bb][et_pb_gallery gallery_ids=\u00bb19121,19122,19101,19100,19089,19088,13325,8753,8752,13326,19102,8755,8756,13324,19090,8751,8754&#8243; show_title_and_caption=\u00bboff\u00bb _builder_version=\u00bb4.25.1&#8243; global_colors_info=\u00bb{}\u00bb][\/et_pb_gallery][\/et_pb_column][\/et_pb_row][\/et_pb_section]<\/p>\n","protected":false},"excerpt":{"rendered":"<p>Estudios que preparan para el futuro \u00a0\u201cDonde hay una empresa de \u00e9xito, alguien tom\u00f3 alguna vez una decisi\u00f3n valiente\u201d. Peter Drucker &nbsp; \u00bfQu\u00e9 vas a aprender en esta Formaci\u00f3n Profesional? Tramitar documentos o comunicaciones internas o externas en los circuitos de informaci\u00f3n de la empresa. Elaborar documentos y comunicaciones a partir de \u00f3rdenes recibidas, informaci\u00f3n [&hellip;]<\/p>\n","protected":false},"author":2,"featured_media":0,"parent":0,"menu_order":0,"comment_status":"closed","ping_status":"closed","template":"","meta":{"_et_pb_use_builder":"on","_et_pb_old_content":"","_et_gb_content_width":"","footnotes":""},"class_list":["post-12929","page","type-page","status-publish","hentry"],"yoast_head":"<!-- This site is optimized with the Yoast SEO plugin v28.4 - https:\/\/yoast.com\/product\/yoast-seo-wordpress\/ -->\n<title>Grado Superior Administraci\u00f3n y Finanzas - Colegio Salesiano<\/title>\n<meta name=\"robots\" content=\"index, follow, max-snippet:-1, max-image-preview:large, max-video-preview:-1\" \/>\n<link rel=\"canonical\" href=\"https:\/\/granada.salesianos.edu\/colegio\/administracionyfinanzas\/\" \/>\n<meta property=\"og:locale\" content=\"es_ES\" \/>\n<meta property=\"og:type\" content=\"article\" \/>\n<meta property=\"og:title\" content=\"Grado Superior Administraci\u00f3n y Finanzas - Colegio Salesiano\" \/>\n<meta property=\"og:description\" content=\"Estudios que preparan para el futuro \u00a0\u201cDonde hay una empresa de \u00e9xito, alguien tom\u00f3 alguna vez una decisi\u00f3n valiente\u201d. Peter Drucker &nbsp; \u00bfQu\u00e9 vas a aprender en esta Formaci\u00f3n Profesional? Tramitar documentos o comunicaciones internas o externas en los circuitos de informaci\u00f3n de la empresa. Elaborar documentos y comunicaciones a partir de \u00f3rdenes recibidas, informaci\u00f3n [&hellip;]\" \/>\n<meta property=\"og:url\" content=\"https:\/\/granada.salesianos.edu\/colegio\/administracionyfinanzas\/\" \/>\n<meta property=\"og:site_name\" content=\"Colegio Salesiano\" \/>\n<meta property=\"article:publisher\" content=\"https:\/\/www.facebook.com\/SalesianosGR\/\" \/>\n<meta property=\"article:modified_time\" content=\"2026-02-02T20:05:20+00:00\" \/>\n<meta name=\"twitter:card\" content=\"summary_large_image\" \/>\n<meta name=\"twitter:site\" content=\"@GranadaSDB\" \/>\n<meta name=\"twitter:label1\" content=\"Tiempo de lectura\" \/>\n\t<meta name=\"twitter:data1\" content=\"9 minutos\" \/>\n<script type=\"application\/ld+json\" class=\"yoast-schema-graph\">{\"@context\":\"https:\\\/\\\/schema.org\",\"@graph\":[{\"@type\":\"WebPage\",\"@id\":\"https:\\\/\\\/granada.salesianos.edu\\\/colegio\\\/administracionyfinanzas\\\/\",\"url\":\"https:\\\/\\\/granada.salesianos.edu\\\/colegio\\\/administracionyfinanzas\\\/\",\"name\":\"Grado Superior Administraci\u00f3n y Finanzas - Colegio Salesiano\",\"isPartOf\":{\"@id\":\"https:\\\/\\\/granada.salesianos.edu\\\/colegio\\\/#website\"},\"datePublished\":\"2021-06-07T07:08:45+00:00\",\"dateModified\":\"2026-02-02T20:05:20+00:00\",\"breadcrumb\":{\"@id\":\"https:\\\/\\\/granada.salesianos.edu\\\/colegio\\\/administracionyfinanzas\\\/#breadcrumb\"},\"inLanguage\":\"es\",\"potentialAction\":[{\"@type\":\"ReadAction\",\"target\":[\"https:\\\/\\\/granada.salesianos.edu\\\/colegio\\\/administracionyfinanzas\\\/\"]}]},{\"@type\":\"BreadcrumbList\",\"@id\":\"https:\\\/\\\/granada.salesianos.edu\\\/colegio\\\/administracionyfinanzas\\\/#breadcrumb\",\"itemListElement\":[{\"@type\":\"ListItem\",\"position\":1,\"name\":\"Portada\",\"item\":\"https:\\\/\\\/granada.salesianos.edu\\\/colegio\\\/\"},{\"@type\":\"ListItem\",\"position\":2,\"name\":\"Grado Superior Administraci\u00f3n y Finanzas\"}]},{\"@type\":\"WebSite\",\"@id\":\"https:\\\/\\\/granada.salesianos.edu\\\/colegio\\\/#website\",\"url\":\"https:\\\/\\\/granada.salesianos.edu\\\/colegio\\\/\",\"name\":\"Colegio Salesiano\",\"description\":\"P\u00e1gina oficial de Salesianos Granada San Juan Bosco\",\"publisher\":{\"@id\":\"https:\\\/\\\/granada.salesianos.edu\\\/colegio\\\/#organization\"},\"potentialAction\":[{\"@type\":\"SearchAction\",\"target\":{\"@type\":\"EntryPoint\",\"urlTemplate\":\"https:\\\/\\\/granada.salesianos.edu\\\/colegio\\\/?s={search_term_string}\"},\"query-input\":{\"@type\":\"PropertyValueSpecification\",\"valueRequired\":true,\"valueName\":\"search_term_string\"}}],\"inLanguage\":\"es\"},{\"@type\":\"Organization\",\"@id\":\"https:\\\/\\\/granada.salesianos.edu\\\/colegio\\\/#organization\",\"name\":\"Colegio Salesiano San Juan Bosco Granada\",\"url\":\"https:\\\/\\\/granada.salesianos.edu\\\/colegio\\\/\",\"logo\":{\"@type\":\"ImageObject\",\"inLanguage\":\"es\",\"@id\":\"https:\\\/\\\/granada.salesianos.edu\\\/colegio\\\/#\\\/schema\\\/logo\\\/image\\\/\",\"url\":\"https:\\\/\\\/granada.salesianos.edu\\\/colegio\\\/wp-content\\\/uploads\\\/sites\\\/2\\\/2021\\\/01\\\/GRANADAobraVN2.jpg\",\"contentUrl\":\"https:\\\/\\\/granada.salesianos.edu\\\/colegio\\\/wp-content\\\/uploads\\\/sites\\\/2\\\/2021\\\/01\\\/GRANADAobraVN2.jpg\",\"width\":2113,\"height\":1894,\"caption\":\"Colegio Salesiano San Juan Bosco Granada\"},\"image\":{\"@id\":\"https:\\\/\\\/granada.salesianos.edu\\\/colegio\\\/#\\\/schema\\\/logo\\\/image\\\/\"},\"sameAs\":[\"https:\\\/\\\/www.facebook.com\\\/SalesianosGR\\\/\",\"https:\\\/\\\/x.com\\\/GranadaSDB\",\"https:\\\/\\\/www.instagram.com\\\/salesianosgranada\\\/\",\"https:\\\/\\\/www.youtube.com\\\/channel\\\/UChkpZuhCf4Y5rYIcFT3CNxw?view_as=subscriber\"]}]}<\/script>\n<!-- \/ Yoast SEO plugin. -->","yoast_head_json":{"title":"Grado Superior Administraci\u00f3n y Finanzas - Colegio Salesiano","robots":{"index":"index","follow":"follow","max-snippet":"max-snippet:-1","max-image-preview":"max-image-preview:large","max-video-preview":"max-video-preview:-1"},"canonical":"https:\/\/granada.salesianos.edu\/colegio\/administracionyfinanzas\/","og_locale":"es_ES","og_type":"article","og_title":"Grado Superior Administraci\u00f3n y Finanzas - Colegio Salesiano","og_description":"Estudios que preparan para el futuro \u00a0\u201cDonde hay una empresa de \u00e9xito, alguien tom\u00f3 alguna vez una decisi\u00f3n valiente\u201d. Peter Drucker &nbsp; \u00bfQu\u00e9 vas a aprender en esta Formaci\u00f3n Profesional? Tramitar documentos o comunicaciones internas o externas en los circuitos de informaci\u00f3n de la empresa. Elaborar documentos y comunicaciones a partir de \u00f3rdenes recibidas, informaci\u00f3n [&hellip;]","og_url":"https:\/\/granada.salesianos.edu\/colegio\/administracionyfinanzas\/","og_site_name":"Colegio Salesiano","article_publisher":"https:\/\/www.facebook.com\/SalesianosGR\/","article_modified_time":"2026-02-02T20:05:20+00:00","twitter_card":"summary_large_image","twitter_site":"@GranadaSDB","twitter_misc":{"Tiempo de lectura":"9 minutos"},"schema":{"@context":"https:\/\/schema.org","@graph":[{"@type":"WebPage","@id":"https:\/\/granada.salesianos.edu\/colegio\/administracionyfinanzas\/","url":"https:\/\/granada.salesianos.edu\/colegio\/administracionyfinanzas\/","name":"Grado Superior Administraci\u00f3n y Finanzas - Colegio Salesiano","isPartOf":{"@id":"https:\/\/granada.salesianos.edu\/colegio\/#website"},"datePublished":"2021-06-07T07:08:45+00:00","dateModified":"2026-02-02T20:05:20+00:00","breadcrumb":{"@id":"https:\/\/granada.salesianos.edu\/colegio\/administracionyfinanzas\/#breadcrumb"},"inLanguage":"es","potentialAction":[{"@type":"ReadAction","target":["https:\/\/granada.salesianos.edu\/colegio\/administracionyfinanzas\/"]}]},{"@type":"BreadcrumbList","@id":"https:\/\/granada.salesianos.edu\/colegio\/administracionyfinanzas\/#breadcrumb","itemListElement":[{"@type":"ListItem","position":1,"name":"Portada","item":"https:\/\/granada.salesianos.edu\/colegio\/"},{"@type":"ListItem","position":2,"name":"Grado Superior Administraci\u00f3n y Finanzas"}]},{"@type":"WebSite","@id":"https:\/\/granada.salesianos.edu\/colegio\/#website","url":"https:\/\/granada.salesianos.edu\/colegio\/","name":"Colegio Salesiano","description":"P\u00e1gina oficial de Salesianos Granada San Juan Bosco","publisher":{"@id":"https:\/\/granada.salesianos.edu\/colegio\/#organization"},"potentialAction":[{"@type":"SearchAction","target":{"@type":"EntryPoint","urlTemplate":"https:\/\/granada.salesianos.edu\/colegio\/?s={search_term_string}"},"query-input":{"@type":"PropertyValueSpecification","valueRequired":true,"valueName":"search_term_string"}}],"inLanguage":"es"},{"@type":"Organization","@id":"https:\/\/granada.salesianos.edu\/colegio\/#organization","name":"Colegio Salesiano San Juan Bosco Granada","url":"https:\/\/granada.salesianos.edu\/colegio\/","logo":{"@type":"ImageObject","inLanguage":"es","@id":"https:\/\/granada.salesianos.edu\/colegio\/#\/schema\/logo\/image\/","url":"https:\/\/granada.salesianos.edu\/colegio\/wp-content\/uploads\/sites\/2\/2021\/01\/GRANADAobraVN2.jpg","contentUrl":"https:\/\/granada.salesianos.edu\/colegio\/wp-content\/uploads\/sites\/2\/2021\/01\/GRANADAobraVN2.jpg","width":2113,"height":1894,"caption":"Colegio Salesiano San Juan Bosco Granada"},"image":{"@id":"https:\/\/granada.salesianos.edu\/colegio\/#\/schema\/logo\/image\/"},"sameAs":["https:\/\/www.facebook.com\/SalesianosGR\/","https:\/\/x.com\/GranadaSDB","https:\/\/www.instagram.com\/salesianosgranada\/","https:\/\/www.youtube.com\/channel\/UChkpZuhCf4Y5rYIcFT3CNxw?view_as=subscriber"]}]}},"_links":{"self":[{"href":"https:\/\/granada.salesianos.edu\/colegio\/wp-json\/wp\/v2\/pages\/12929","targetHints":{"allow":["GET"]}}],"collection":[{"href":"https:\/\/granada.salesianos.edu\/colegio\/wp-json\/wp\/v2\/pages"}],"about":[{"href":"https:\/\/granada.salesianos.edu\/colegio\/wp-json\/wp\/v2\/types\/page"}],"author":[{"embeddable":true,"href":"https:\/\/granada.salesianos.edu\/colegio\/wp-json\/wp\/v2\/users\/2"}],"replies":[{"embeddable":true,"href":"https:\/\/granada.salesianos.edu\/colegio\/wp-json\/wp\/v2\/comments?post=12929"}],"version-history":[{"count":36,"href":"https:\/\/granada.salesianos.edu\/colegio\/wp-json\/wp\/v2\/pages\/12929\/revisions"}],"predecessor-version":[{"id":115468,"href":"https:\/\/granada.salesianos.edu\/colegio\/wp-json\/wp\/v2\/pages\/12929\/revisions\/115468"}],"wp:attachment":[{"href":"https:\/\/granada.salesianos.edu\/colegio\/wp-json\/wp\/v2\/media?parent=12929"}],"curies":[{"name":"wp","href":"https:\/\/api.w.org\/{rel}","templated":true}]}}