{"id":13026,"date":"2021-06-07T09:27:02","date_gmt":"2021-06-07T07:27:02","guid":{"rendered":"https:\/\/granada.salesianos.edu\/colegio\/?page_id=13026"},"modified":"2026-01-15T20:55:34","modified_gmt":"2026-01-15T18:55:34","slug":"fpbe","status":"publish","type":"page","link":"https:\/\/granada.salesianos.edu\/colegio\/fpbe\/","title":{"rendered":"FPB en Electricidad"},"content":{"rendered":"<div id=\"fb-root\"><\/div>\n<p>[et_pb_section fb_built=\u00bb1&#8243; fullwidth=\u00bbon\u00bb next_background_color=\u00bb#ffffff\u00bb _builder_version=\u00bb4.27.4&#8243; background_image=\u00bbhttps:\/\/granada.salesianos.edu\/colegio\/wp-content\/uploads\/sites\/2\/2020\/02\/fondo_novedades_web.png\u00bb bottom_divider_style=\u00bbasymmetric2&#8243; global_module=\u00bb20660&#8243; saved_tabs=\u00bball\u00bb global_colors_info=\u00bb{}\u00bb][et_pb_fullwidth_header title=\u00bb@ET-DC@eyJkeW5hbWljIjp0cnVlLCJjb250ZW50IjoicG9zdF90aXRsZSIsInNldHRpbmdzIjp7ImJlZm9yZSI6IiIsImFmdGVyIjoiIn19@\u00bb title_font_color=\u00bb#ffffff\u00bb content_max_width_tablet=\u00bb88%\u00bb content_max_width_phone=\u00bb79%\u00bb content_max_width_last_edited=\u00bbon|phone\u00bb admin_label=\u00bbT\u00edtulo de anchura completa\u00bb module_class=\u00bbpagina-imagen-cabecera\u00bb _builder_version=\u00bb4.27.4&#8243; _dynamic_attributes=\u00bbtitle\u00bb title_text_color=\u00bb#ffffff\u00bb title_font_size=\u00bb40px\u00bb background_color=\u00bbrgba(255, 255, 255, 0)\u00bb background_enable_image=\u00bboff\u00bb background_position=\u00bbbottom_left\u00bb transform_translate=\u00bb91px|91px\u00bb max_width_tablet=\u00bb50px\u00bb min_height=\u00bb329px\u00bb custom_padding=\u00bb||127px|||\u00bb background_url=\u00bbhttps:\/\/alicante.salesianos.edu\/colegio\/wp-content\/uploads\/sites\/2\/2017\/03\/Captura-de-pantalla-2017-03-21-a-las-17.25.56.png\u00bb global_colors_info=\u00bb{}\u00bb button_one_text_size__hover_enabled=\u00bboff\u00bb button_one_text_size__hover=\u00bbnull\u00bb button_two_text_size__hover_enabled=\u00bboff\u00bb button_two_text_size__hover=\u00bbnull\u00bb button_one_text_color__hover_enabled=\u00bboff\u00bb button_one_text_color__hover=\u00bbnull\u00bb button_two_text_color__hover_enabled=\u00bboff\u00bb button_two_text_color__hover=\u00bbnull\u00bb button_one_border_width__hover_enabled=\u00bboff\u00bb button_one_border_width__hover=\u00bbnull\u00bb button_two_border_width__hover_enabled=\u00bboff\u00bb button_two_border_width__hover=\u00bbnull\u00bb button_one_border_color__hover_enabled=\u00bboff\u00bb button_one_border_color__hover=\u00bbnull\u00bb button_two_border_color__hover_enabled=\u00bboff\u00bb button_two_border_color__hover=\u00bbnull\u00bb button_one_border_radius__hover_enabled=\u00bboff\u00bb button_one_border_radius__hover=\u00bbnull\u00bb button_two_border_radius__hover_enabled=\u00bboff\u00bb button_two_border_radius__hover=\u00bbnull\u00bb button_one_letter_spacing__hover_enabled=\u00bboff\u00bb button_one_letter_spacing__hover=\u00bbnull\u00bb button_two_letter_spacing__hover_enabled=\u00bboff\u00bb button_two_letter_spacing__hover=\u00bbnull\u00bb button_one_bg_color__hover_enabled=\u00bboff\u00bb button_one_bg_color__hover=\u00bbnull\u00bb button_two_bg_color__hover_enabled=\u00bboff\u00bb button_two_bg_color__hover=\u00bbnull\u00bb][\/et_pb_fullwidth_header][\/et_pb_section][et_pb_section fb_built=\u00bb1&#8243; module_class=\u00bbpagina-seccion-contenido\u00bb _builder_version=\u00bb4.27.4&#8243; min_height=\u00bb2350px\u00bb custom_margin=\u00bb56px||||false|false\u00bb custom_padding=\u00bb0%|||\u00bb global_colors_info=\u00bb{}\u00bb][et_pb_row _builder_version=\u00bb4.16&#8243; min_height=\u00bb393px\u00bb custom_margin=\u00bb-56px|auto||auto||\u00bb global_colors_info=\u00bb{}\u00bb][et_pb_column type=\u00bb4_4&#8243; _builder_version=\u00bb4.16&#8243; global_colors_info=\u00bb{}\u00bb][et_pb_text _builder_version=\u00bb4.16&#8243; custom_padding=\u00bb0px||0px|||\u00bb global_colors_info=\u00bb{}\u00bb]<\/p>\n<h1 style=\"text-align: center;\"><span style=\"color: #4f4b4b;\"><strong><span style=\"font-size: xx-large;\"><span style=\"font-family: inherit;\">Estudios que preparan para el futuro<\/span><\/span><\/strong><\/span><\/h1>\n<h4 style=\"text-align: center;\"><span style=\"font-size: large; color: #808080;\"><em>\u00a0\u201cSi hici\u00e9ramos todas las cosas de las que somos capaces, nos asombrar\u00edamos literalmente\u201d. Thomas Edison<\/em><\/span><\/h4>\n<p>&nbsp;<\/p>\n<p>[\/et_pb_text][et_pb_divider divider_weight=\u00bb2px\u00bb _builder_version=\u00bb4.16&#8243; width=\u00bb85%\u00bb module_alignment=\u00bbcenter\u00bb custom_margin=\u00bb-56px||||false|false\u00bb custom_padding=\u00bb2px||2px|||\u00bb global_colors_info=\u00bb{}\u00bb][\/et_pb_divider][\/et_pb_column][\/et_pb_row][et_pb_row column_structure=\u00bb2_5,3_5&#8243; _builder_version=\u00bb4.16&#8243; min_height=\u00bb381px\u00bb custom_margin=\u00bb-254px|auto||auto|false|false\u00bb custom_padding=\u00bb||0px|||\u00bb global_colors_info=\u00bb{}\u00bb][et_pb_column type=\u00bb2_5&#8243; _builder_version=\u00bb4.16&#8243; global_colors_info=\u00bb{}\u00bb][et_pb_image src=\u00bbhttps:\/\/granada.salesianos.edu\/colegio\/wp-content\/uploads\/sites\/2\/2024\/06\/Captura-de-pantalla-2024-06-14-a-las-13.06.19.png\u00bb title_text=\u00bbCaptura de pantalla 2024-06-14 a las 13.06.19&#8243; _builder_version=\u00bb4.25.1&#8243; width=\u00bb100%\u00bb module_alignment=\u00bbcenter\u00bb min_height=\u00bb468px\u00bb height=\u00bb100px\u00bb max_height=\u00bb1000px\u00bb custom_margin=\u00bb5px|6px|||false|false\u00bb global_colors_info=\u00bb{}\u00bb][\/et_pb_image][\/et_pb_column][et_pb_column type=\u00bb3_5&#8243; _builder_version=\u00bb4.16&#8243; global_colors_info=\u00bb{}\u00bb][et_pb_text _builder_version=\u00bb4.16&#8243; min_height=\u00bb290px\u00bb global_colors_info=\u00bb{}\u00bb]<\/p>\n<h4><span style=\"font-size: x-large;\"><strong>\u00bfQu\u00e9 vas a aprender en esta Formaci\u00f3n Profesional?<\/strong><\/span><\/h4>\n<ul>\n<li><span style=\"font-size: 14px;\">Montar canalizaciones y tubos en condiciones de calidad y seguridad y siguiendo el procedimiento establecido.<\/span><\/li>\n<li><span style=\"font-size: 14px;\"><span>Acopiar los materiales y herramientas para acometer la ejecuci\u00f3n del montaje o del mantenimiento en instalaciones el\u00e9ctricas de baja tensi\u00f3n, dom\u00f3ticas y de telecomunicaciones<\/span><\/span><\/li>\n<li><span style=\"font-size: 14px;\">Tender el cableado en instalaciones el\u00e9ctricas de baja tensi\u00f3n y dom\u00f3ticas en edificios.<\/span><\/li>\n<li><span style=\"font-size: 14px;\">Montar equipos y otros elementos auxiliares de las instalaciones electrot\u00e9cnicas.<\/span><\/li>\n<li><span style=\"font-size: 14px;\">Aplicar t\u00e9cnicas de mecanizado y uni\u00f3n para el mantenimiento y montaje de instalaciones.<\/span><\/li>\n<li><span style=\"font-size: 14px;\">Realizar pruebas y verificaciones b\u00e1sicas, tanto funcionales como reglamentarias de las instalaciones.<\/span><\/li>\n<li><span style=\"font-size: 14px;\">Realizar operaciones auxiliares de mantenimiento y reparaci\u00f3n de equipos.<\/span><\/li>\n<li><span style=\"font-size: 14px;\">Aplicar los protocolos de calidad y seguridad ambiental.<\/span><\/li>\n<li><span style=\"font-size: 14px;\">Cumplir las especificaciones establecidas en el plan de prevenci\u00f3n de riesgos laborales.<\/span><\/li>\n<li><span style=\"font-size: 14px;\">Realizar las tareas de su responsabilidad tanto individualmente como en equipo.<\/span><\/li>\n<li><span style=\"font-size: 14px;\">Adquirir h\u00e1bitos de responsabilidad y autonom\u00eda basados en la pr\u00e1ctica de valores,<\/span><\/li>\n<li><span style=\"font-size: 14px;\">Desarrollar h\u00e1bitos y valores acordes con la conservaci\u00f3n y sostenibilidad del patrimonio natural.<\/span><\/li>\n<li><span style=\"font-size: 14px;\">Valorar las diferentes manifestaciones art\u00edsticas y culturales de forma fundamentada.<\/span><\/li>\n<li><span style=\"font-size: 14px;\">Comunicarse en diferentes situaciones laborales o sociales utilizando recursos ling\u00fc\u00edsticos con precisi\u00f3n y claridad, tanto de la propia lengua como de alguna lengua extranjera.<\/span><\/li>\n<li><span style=\"font-size: 14px;\">Resolver problemas predecibles relacionados con su entorno social y productivo.<\/span><\/li>\n<\/ul>\n<div class=\"et_pb_toggle_content clearfix\"><\/div>\n<p>&nbsp;<\/p>\n<p>[\/et_pb_text][\/et_pb_column][\/et_pb_row][et_pb_row _builder_version=\u00bb4.16&#8243; custom_margin=\u00bb-61px||||false|false\u00bb global_colors_info=\u00bb{}\u00bb][et_pb_column type=\u00bb4_4&#8243; _builder_version=\u00bb4.16&#8243; global_colors_info=\u00bb{}\u00bb][et_pb_text _builder_version=\u00bb4.16&#8243; custom_margin=\u00bb7px||||false|false\u00bb custom_padding=\u00bb||0px|||\u00bb global_colors_info=\u00bb{}\u00bb]<\/p>\n<p style=\"text-align: center;\"><span style=\"font-size: x-large;\"><strong><span style=\"color: #4f4b4b;\">\u00bfPOR QU\u00c9 ESTUDIAR UNA FORMACI\u00d3N PROFESIONAL B\u00c1SICA?<\/span><\/strong><\/span><\/p>\n<h4 style=\"text-align: center;\"><span style=\"color: #808080;\"><i><span style=\"font-size: large;\">Encuentra en la Formaci\u00f3n\u00a0Profesional\u00a0la manera de estudiar lo que m\u00e1s te gusta y de la manera m\u00e1s pr\u00e1ctica.<\/span>\u00a0<\/i><\/span><\/h4>\n<p>[\/et_pb_text][et_pb_divider divider_weight=\u00bb2px\u00bb _builder_version=\u00bb4.16&#8243; width=\u00bb85%\u00bb module_alignment=\u00bbcenter\u00bb custom_margin=\u00bb-22px||3px||false|false\u00bb custom_padding=\u00bb||26px|||\u00bb global_colors_info=\u00bb{}\u00bb][\/et_pb_divider][\/et_pb_column][\/et_pb_row][et_pb_row column_structure=\u00bb1_2,1_2&#8243; _builder_version=\u00bb4.16&#8243; background_color=\u00bb#f4f4f4&#8243; custom_margin=\u00bb-60px||||false|false\u00bb border_radii=\u00bbon|8px|8px|8px|8px\u00bb global_colors_info=\u00bb{}\u00bb][et_pb_column type=\u00bb1_2&#8243; _builder_version=\u00bb4.16&#8243; global_colors_info=\u00bb{}\u00bb][et_pb_blurb use_icon=\u00bbon\u00bb font_icon=\u00bb&#xe08b;||divi||400&#8243; _builder_version=\u00bb4.16&#8243; global_colors_info=\u00bb{}\u00bb]<\/p>\n<p style=\"text-align: center;\"><strong>\u00a0ACOMPA\u00d1AMIENTO PERSONAL<\/strong><\/p>\n<p style=\"text-align: center;\">Hacemos un seguimiento y acompa\u00f1amiento al alumno y a su familia durante todo el proceso educativo. La coordinaci\u00f3n de nuestro sistema educativo \u201ccasa-escuela\u201d nos lleva a trabajar con el alumno,\u00a0 tanto en lo educativo como en su proceso por afianzar la autoestima , con el fin de obtener los mejores resultados posibles y una formaci\u00f3n humana en valores que le sirva en su futuro educativo y laboral. La pastoral escolar tambi\u00e9n est\u00e1 presente a diario en nuestras aulas creando una comunidad educativa que va m\u00e1s all\u00e1 de lo meramente formativo.<\/p>\n<p>[\/et_pb_blurb][et_pb_blurb use_icon=\u00bbon\u00bb font_icon=\u00bb&#xe00c;||divi||400&#8243; _builder_version=\u00bb4.16&#8243; global_colors_info=\u00bb{}\u00bb]<\/p>\n<p style=\"text-align: center;\"><strong>\u00a0METODOLOG\u00cdAS INNOVADORAS<\/strong><\/p>\n<p style=\"text-align: center;\">Trabajamos con proyectos pastoral integrador en todo as las \u00e1reas del curr\u00edculum . Entre las metodolog\u00edas son destacables: el aprendizaje basado en proyectos, uso de comebooks en cable, flipped classroom, trabajo cooperativo y de diversas plataformas digitales para reforzar el aprendizaje.<\/p>\n<p>[\/et_pb_blurb][\/et_pb_column][et_pb_column type=\u00bb1_2&#8243; _builder_version=\u00bb4.16&#8243; global_colors_info=\u00bb{}\u00bb][et_pb_blurb use_icon=\u00bbon\u00bb font_icon=\u00bb&#xe107;||divi||400&#8243; _builder_version=\u00bb4.16&#8243; global_colors_info=\u00bb{}\u00bb]<\/p>\n<p style=\"text-align: center;\"><strong>CURRICULUM INTEGRADO<\/strong><\/p>\n<p style=\"text-align: center;\">Nuestro curr\u00edculum est\u00e1 formado por m\u00f3dulos. Unos de ellos son de aprendizaje espec\u00edfico de ls materias que tienen que ver con la rama de electricidad en las que se desarrollan tanto contenidos te\u00f3ricos como pr\u00e1cticos. Por otro lado, tanto en el primer como en el segundo curso se imparten dos \u00e1mbitos de conocimiento en el que se trabaja las materias comunes con ESO lo que posibilita que el alumnado pueda alcanzar el t\u00edtulo de Educaci\u00f3n Secundaria Obligatoria.\u00a0<\/p>\n<p>[\/et_pb_blurb][et_pb_blurb use_icon=\u00bbon\u00bb font_icon=\u00bb&#xe035;||divi||400&#8243; _builder_version=\u00bb4.16&#8243; global_colors_info=\u00bb{}\u00bb]<\/p>\n<p style=\"text-align: center;\"><strong>\u00a0FORMACI\u00d3N EN CENTROS DE TRABAJO\u00a0<\/strong><\/p>\n<p style=\"text-align: center;\">Durante los dos a\u00f1o de formaci\u00f3n se realizan a diario pr\u00e1cticas en talleres. una vez superados todos los m\u00f3dulos, el alumnado realiza unas pr\u00e1cticas en empresa durante el segundo curso en las que pone en en pr\u00e1ctica todo lo aprendido. Adem\u00e1s, ese primer contacto con el mundo laboral est\u00e1 autorizado por los profesores que hacen un seguimiento y acompa\u00f1amiento durante todo el proceso.\u00a0<\/p>\n<p>[\/et_pb_blurb][\/et_pb_column][\/et_pb_row][et_pb_row column_structure=\u00bb3_5,2_5&#8243; _builder_version=\u00bb4.16&#8243; min_height=\u00bb190.3px\u00bb height=\u00bb477px\u00bb custom_margin=\u00bb45px|auto|-371px|auto|false|false\u00bb custom_padding=\u00bb||0px|1px||\u00bb global_colors_info=\u00bb{}\u00bb][et_pb_column type=\u00bb3_5&#8243; _builder_version=\u00bb4.16&#8243; global_colors_info=\u00bb{}\u00bb][et_pb_tabs _builder_version=\u00bb4.16&#8243; min_height=\u00bb266px\u00bb border_radii=\u00bbon|10px|10px|10px|10px\u00bb box_shadow_style=\u00bbpreset1&#8243; box_shadow_color=\u00bb#000000&#8243; global_colors_info=\u00bb{}\u00bb][et_pb_tab title=\u00bb\u00bfC\u00f3mo acceder?\u00bb _builder_version=\u00bb4.16&#8243; global_colors_info=\u00bb{}\u00bb]<\/p>\n<p>El acceso a los ciclos de Formaci\u00f3n Profesional B\u00e1sica requerir\u00e1 el cumplimiento simult\u00e1neo de las siguientes condiciones:<\/p>\n<p>&nbsp;<\/p>\n<ul>\n<li>Tener cumplidos quince a\u00f1os, o cumplirlos durante el a\u00f1o natural en curso, y no superar los diecisiete a\u00f1os de edad en el momento del acceso o durante el a\u00f1o natural en curso<\/li>\n<li>Haber cursado el primer ciclo de Educaci\u00f3n Secundaria Obligatoria o, excepcionalmente, haber cursado el segundo curso de la Educaci\u00f3n Secundaria Obligatoria.<\/li>\n<li>Haber propuesto el equipo docente a los padres, madres o tutores legales la incorporaci\u00f3n del alumno o alumna a un ciclo de Formaci\u00f3n Profesional B\u00e1sica.<\/li>\n<\/ul>\n<p>[\/et_pb_tab][et_pb_tab title=\u00bbSalidas profesionales\u00bb _builder_version=\u00bb4.16&#8243; global_colors_info=\u00bb{}\u00bb]<\/p>\n<p><strong>Trabajar como:<\/strong>\u00a0<\/p>\n<ul>\n<li>Operario de instalaciones el\u00e9ctricas de baja tensi\u00f3n.<\/li>\n<li>Ayudante de montador de antenas receptoras\/ televisi\u00f3n sat\u00e9lites.<\/li>\n<li>Ayudante de instalador y reparador de equipos telef\u00f3nicos y telegr\u00e1ficos.<\/li>\n<li>Ayudante de instalador de equipos y sistemas de comunicaci\u00f3n.<\/li>\n<li>Ayudante de instalador reparador de instalaciones telef\u00f3nicas.<\/li>\n<li>Pe\u00f3n de la industria de producci\u00f3n y distribuci\u00f3n de energ\u00eda el\u00e9ctrica.<\/li>\n<li>Ayudante de montador de sistemas microinform\u00e1ticos<\/li>\n<\/ul>\n<p>[\/et_pb_tab][et_pb_tab title=\u00bbSalidas acad\u00e9micas\u00bb _builder_version=\u00bb4.16&#8243; global_colors_info=\u00bb{}\u00bb]<\/p>\n<p><strong>Seguir estudiando:<\/strong><\/p>\n<ul>\n<li>Un ciclo formativo de grado medio (Este t\u00edtulo tendr\u00e1 preferencia para la admisi\u00f3n a todos los t\u00edtulos de grado medio de las familias profesionales de Electricidad y Electr\u00f3nica, Inform\u00e1tica y Comunicaciones, Fabricaci\u00f3n Mec\u00e1nica, Instalaci\u00f3n y Mantenimiento, Energ\u00eda y Agua, Industrias Extractivas. Mar\u00edtimo-Pesquera, Qu\u00edmica, Transporte y Mantenimiento de Veh\u00edculos, Madera, Mueble y Corcho y Edificaci\u00f3n y Obra Civil).<\/li>\n<\/ul>\n<p>[\/et_pb_tab][\/et_pb_tabs][\/et_pb_column][et_pb_column type=\u00bb2_5&#8243; _builder_version=\u00bb4.16&#8243; global_colors_info=\u00bb{}\u00bb][et_pb_video src=\u00bbhttps:\/\/www.youtube.com\/watch?v=Rt_HOWQV4os\u00bb _builder_version=\u00bb4.16&#8243; custom_margin=\u00bb50px||||false|false\u00bb global_colors_info=\u00bb{}\u00bb][\/et_pb_video][\/et_pb_column][\/et_pb_row][et_pb_row column_structure=\u00bb1_4,1_4,1_4,1_4&#8243; _builder_version=\u00bb4.16&#8243; min_height=\u00bb330px\u00bb custom_margin=\u00bb414px|auto||auto|false|false\u00bb global_colors_info=\u00bb{}\u00bb][et_pb_column type=\u00bb1_4&#8243; _builder_version=\u00bb4.16&#8243; global_colors_info=\u00bb{}\u00bb][et_pb_blurb title=\u00bbPR\u00c1CTICAS EN EMPRESAS\u00bb use_icon=\u00bbon\u00bb font_icon=\u00bb&#xe0ef;||divi||400&#8243; _builder_version=\u00bb4.16&#8243; text_orientation=\u00bbcenter\u00bb custom_margin=\u00bb-115px||||false|false\u00bb custom_margin_tablet=\u00bb-5px||||false|false\u00bb custom_margin_phone=\u00bb-15px||||false|false\u00bb custom_margin_last_edited=\u00bbon|desktop\u00bb global_colors_info=\u00bb{}\u00bb][\/et_pb_blurb][\/et_pb_column][et_pb_column type=\u00bb1_4&#8243; _builder_version=\u00bb4.16&#8243; global_colors_info=\u00bb{}\u00bb][et_pb_blurb title=\u00bbLIBROS Y MATERIALES\u00bb url=\u00bbhttps:\/\/drive.google.com\/file\/d\/1b2DctavlBoMnvbqV7DrU1POuKrn9RW6F\/view?usp=share_link\u00bb use_icon=\u00bbon\u00bb font_icon=\u00bb&#xe086;||divi||400&#8243; _builder_version=\u00bb4.27.4&#8243; text_orientation=\u00bbcenter\u00bb custom_margin=\u00bb-115px||||false|false\u00bb custom_margin_tablet=\u00bb-4px||||false|false\u00bb custom_margin_phone=\u00bb\u00bb custom_margin_last_edited=\u00bbon|desktop\u00bb global_colors_info=\u00bb{}\u00bb][\/et_pb_blurb][\/et_pb_column][et_pb_column type=\u00bb1_4&#8243; _builder_version=\u00bb4.16&#8243; global_colors_info=\u00bb{}\u00bb][et_pb_blurb title=\u00bbABP\u00bb use_icon=\u00bbon\u00bb font_icon=\u00bb&#xe007;||divi||400&#8243; _builder_version=\u00bb4.16&#8243; text_orientation=\u00bbcenter\u00bb custom_margin=\u00bb-115px||||false|false\u00bb custom_margin_tablet=\u00bb-20px||||false|false\u00bb custom_margin_phone=\u00bb\u00bb custom_margin_last_edited=\u00bbon|desktop\u00bb global_colors_info=\u00bb{}\u00bb][\/et_pb_blurb][\/et_pb_column][et_pb_column type=\u00bb1_4&#8243; _builder_version=\u00bb4.16&#8243; global_colors_info=\u00bb{}\u00bb][et_pb_blurb title=\u00bbFECHAS IMPORTANTES\u00bb use_icon=\u00bbon\u00bb font_icon=\u00bb&#xe023;||divi||400&#8243; _builder_version=\u00bb4.16&#8243; text_orientation=\u00bbcenter\u00bb custom_margin=\u00bb-115px||||false|false\u00bb custom_margin_tablet=\u00bb-14px||||false|false\u00bb custom_margin_phone=\u00bb\u00bb custom_margin_last_edited=\u00bbon|tablet\u00bb global_colors_info=\u00bb{}\u00bb][\/et_pb_blurb][\/et_pb_column][\/et_pb_row][et_pb_row _builder_version=\u00bb4.16&#8243; background_size=\u00bbinitial\u00bb background_position=\u00bbtop_left\u00bb background_repeat=\u00bbrepeat\u00bb min_height=\u00bb535.3px\u00bb custom_margin=\u00bb296px|auto||auto||\u00bb custom_padding=\u00bb0px|||||\u00bb global_colors_info=\u00bb{}\u00bb][et_pb_column type=\u00bb4_4&#8243; _builder_version=\u00bb4.16&#8243; custom_padding=\u00bb|||\u00bb global_colors_info=\u00bb{}\u00bb custom_padding__hover=\u00bb|||\u00bb][et_pb_text _builder_version=\u00bb4.16&#8243; min_height=\u00bb80px\u00bb custom_margin=\u00bb-489px||||false|false\u00bb custom_margin_tablet=\u00bb-327px||||false|false\u00bb custom_margin_phone=\u00bb-265px||||false|false\u00bb custom_margin_last_edited=\u00bbon|desktop\u00bb custom_padding=\u00bb2px|||||\u00bb global_colors_info=\u00bb{}\u00bb]<\/p>\n<h4 style=\"text-align: center;\"><span style=\"color: #4f4b4b; font-size: x-large;\"><strong>FORMACI\u00d3N PR\u00c1CTICA EN EMPRESAS<\/strong><\/span><\/h4>\n<h3 style=\"text-align: center;\"><strong><i style=\"color: #808080; font-size: large;\">Donde podr\u00e1s realizar tu primer contacto con el mundo laboral poniendo en pr\u00e1ctica lo aprendido<\/i><\/strong><\/h3>\n<p>[\/et_pb_text][et_pb_divider color=\u00bb#e02b20&#8243; divider_weight=\u00bb2px\u00bb _builder_version=\u00bb4.16&#8243; max_width=\u00bb85%\u00bb module_alignment=\u00bbcenter\u00bb custom_margin=\u00bb-30px|||||\u00bb global_colors_info=\u00bb{}\u00bb][\/et_pb_divider][et_pb_gallery gallery_ids=\u00bb12969,12968,12966,12955,12961,12960,12959,12958,12964,12965,12967,12962,12954,12951,12952,12957,12956,12963,12953&#8243; show_title_and_caption=\u00bboff\u00bb _builder_version=\u00bb4.16&#8243; custom_margin=\u00bb46px||||false|false\u00bb custom_padding=\u00bb||0px|||\u00bb global_colors_info=\u00bb{}\u00bb][\/et_pb_gallery][et_pb_text _builder_version=\u00bb4.16&#8243; min_height=\u00bb38px\u00bb custom_margin=\u00bb-25px||215px||false|false\u00bb custom_padding=\u00bb1px||0px|||\u00bb global_colors_info=\u00bb{}\u00bb]<\/p>\n<h4 style=\"text-align: center;\"><span style=\"color: #4f4b4b; font-size: x-large;\"><strong>M\u00d3DULOS PROFESIONALES<\/strong><\/span><\/h4>\n<h3 style=\"text-align: center;\"><em><span style=\"font-size: large;\"><span style=\"color: #808080;\">Descubre las materias que estudiar\u00e1s en este Grado Medio de la familia de electricidad<\/span><\/span><\/em><\/h3>\n<p>[\/et_pb_text][et_pb_divider divider_weight=\u00bb2px\u00bb _builder_version=\u00bb4.16&#8243; width=\u00bb85%\u00bb module_alignment=\u00bbcenter\u00bb custom_margin=\u00bb-221px||3px|||\u00bb custom_padding=\u00bb||26px|||\u00bb global_colors_info=\u00bb{}\u00bb][\/et_pb_divider][et_pb_image src=\u00bbhttps:\/\/granada.salesianos.edu\/colegio\/wp-content\/uploads\/sites\/2\/2026\/01\/WhatsApp-Image-2026-01-15-at-19.30.44.jpeg\u00bb _builder_version=\u00bb4.27.4&#8243; _module_preset=\u00bbdefault\u00bb title_text=\u00bbWhatsApp Image 2026-01-15 at 19.30.44&#8243; hover_enabled=\u00bb0&#8243; sticky_enabled=\u00bb0&#8243; disabled_on=\u00bboff|off|on\u00bb][\/et_pb_image][et_pb_text disabled_on=\u00bbon|off|off\u00bb admin_label=\u00bbTexto\u00bb _builder_version=\u00bb4.27.4&#8243; width=\u00bb82.4%\u00bb width_tablet=\u00bb100%\u00bb width_phone=\u00bb\u00bb width_last_edited=\u00bbon|tablet\u00bb max_width=\u00bb100%\u00bb module_alignment=\u00bbcenter\u00bb min_height=\u00bb574px\u00bb max_height=\u00bb749px\u00bb custom_margin=\u00bb-20px||-40px|156px|false|false\u00bb custom_padding=\u00bb|112px|22px|0px||\u00bb border_radii=\u00bbon|10px|10px|10px|10px\u00bb box_shadow_style=\u00bbpreset2&#8243; global_colors_info=\u00bb{}\u00bb]<\/p>\n<p>&nbsp;<\/p>\n<table class=\" aligncenter\" style=\"width: 965px; height: 698px;\">\n<tbody>\n<tr style=\"height: 60px;\">\n<td style=\"text-align: center; width: 617px; height: 60px;\"><span style=\"color: #ff0000;\"><strong>PRIMER CURSO<\/strong><\/span><\/td>\n<td style=\"width: 121px; height: 60px;\"><strong>SEMANALES<\/strong><\/td>\n<td style=\"width: 81px; height: 60px;\"><strong>TOTALES<\/strong><\/td>\n<\/tr>\n<tr style=\"height: 53px;\">\n<td style=\"text-align: center; width: 617px; height: 53px;\"><b>Ciencias aplicadas I<\/b><\/td>\n<td style=\"width: 121px; height: 53px;\">4<\/td>\n<td style=\"width: 81px; height: 53px;\">128<\/td>\n<\/tr>\n<tr style=\"height: 55px;\">\n<td style=\"text-align: center; width: 617px; height: 55px;\"><b>Comunicaci\u00f3n y Ciencias sociales I<\/b><\/td>\n<td style=\"width: 121px; height: 55px;\">6<\/td>\n<td style=\"width: 81px; height: 55px;\">192<\/td>\n<\/tr>\n<tr style=\"height: 53px;\">\n<td style=\"text-align: center; width: 617px; height: 53px;\"><strong>Equipos el\u00e9ctricos y electr\u00f3nicos<\/strong><\/td>\n<td style=\"width: 121px; height: 53px;\">6<\/td>\n<td style=\"width: 81px; height: 53px;\">192<\/td>\n<\/tr>\n<tr style=\"height: 51px;\">\n<td style=\"text-align: center; width: 617px; height: 51px;\"><b>Instalaciones el\u00e9ctricas y dom\u00f3ticas<\/b><\/td>\n<td style=\"width: 121px; height: 51px;\">10<\/td>\n<td style=\"width: 81px; height: 51px;\">320<\/td>\n<\/tr>\n<tr style=\"height: 53px;\">\n<td style=\"text-align: center; width: 617px; height: 53px;\"><b>Itinerario\u00a0personal\u00a0<\/b><\/td>\n<td style=\"width: 121px; height: 53px;\">3<\/td>\n<td style=\"width: 81px; height: 53px;\">96<\/td>\n<\/tr>\n<tr style=\"height: 50px;\">\n<td style=\"text-align: center; width: 617px; height: 50px;\"><b>Tutor\u00eda FPB 1\u00ba<\/b><\/td>\n<td style=\"width: 121px; height: 50px;\">1<\/td>\n<td style=\"width: 81px; height: 50px;\">32<\/td>\n<\/tr>\n<tr style=\"height: 39px;\">\n<td style=\"width: 617px; height: 39px;\">\n<p style=\"text-align: center;\"><span style=\"color: #ff0000;\"><strong>SEGUNDO CURSO<\/strong><\/span><\/p>\n<\/td>\n<td style=\"width: 121px; height: 39px;\"><strong>SEMANALES<\/strong><\/td>\n<td style=\"width: 81px; height: 39px;\"><strong>TOTALES<\/strong><\/td>\n<\/tr>\n<tr style=\"height: 2px;\">\n<td style=\"width: 617px; height: 2px;\">\n<p style=\"text-align: center;\"><b>Ciencias aplicadas II<\/b><\/p>\n<\/td>\n<td style=\"width: 121px; height: 2px;\">4<\/td>\n<td style=\"width: 81px; height: 2px;\">140<\/td>\n<\/tr>\n<tr style=\"height: 51px;\">\n<td style=\"width: 617px; height: 51px;\">\n<p style=\"text-align: center;\"><b>Comunicaci\u00f3n y Ciencias sociales II<\/b><\/p>\n<\/td>\n<td style=\"width: 121px; height: 51px;\">5<\/td>\n<td style=\"width: 81px; height: 51px;\">175<\/td>\n<\/tr>\n<tr style=\"height: 51px;\">\n<td style=\"width: 617px; height: 51px;\">\n<p style=\"text-align: center;\"><b>Instalaciones de Telecomunicaciones<\/b><\/p>\n<\/td>\n<td style=\"width: 121px; height: 51px;\">10<\/td>\n<td style=\"width: 81px; height: 51px;\">350<\/td>\n<\/tr>\n<tr style=\"height: 51px;\">\n<td style=\"width: 617px; height: 54px;\">\n<p style=\"text-align: center;\"><strong>Instalaci\u00f3n y\u00a0mantenimiento de datos para\u00a0transmisi\u00f3n de datos<\/strong><\/p>\n<\/td>\n<td style=\"width: 121px; height: 54px;\">8<\/td>\n<td style=\"width: 81px; height: 54px;\">280<\/td>\n<\/tr>\n<tr style=\"height: 51px;\">\n<td style=\"width: 617px; height: 51px;\">\n<p style=\"text-align: center;\"><strong>Proyecto Intermodular de Aprendizaje colaborativo<\/strong><\/p>\n<\/td>\n<td style=\"width: 121px; height: 51px;\">2<\/td>\n<td style=\"width: 81px; height: 51px;\">70<\/td>\n<\/tr>\n<tr style=\"height: 51px;\">\n<td style=\"width: 617px; height: 51px;\">\n<p style=\"text-align: center;\"><b>Tutor\u00eda FPB 2\u00ba<\/b><\/p>\n<\/td>\n<td style=\"width: 121px; height: 51px;\">1<\/td>\n<td style=\"width: 81px; height: 51px;\">35<\/td>\n<\/tr>\n<\/tbody>\n<\/table>\n<p>[\/et_pb_text][\/et_pb_column][\/et_pb_row][et_pb_row _builder_version=\u00bb4.16&#8243; min_height=\u00bb127px\u00bb custom_margin=\u00bb-102px|auto||auto|false|false\u00bb custom_margin_tablet=\u00bb\u00bb custom_margin_phone=\u00bb-174px|auto||auto|false|false\u00bb custom_margin_last_edited=\u00bbon|desktop\u00bb custom_padding=\u00bb170px|||||\u00bb global_colors_info=\u00bb{}\u00bb][et_pb_column type=\u00bb4_4&#8243; _builder_version=\u00bb4.16&#8243; global_colors_info=\u00bb{}\u00bb][et_pb_gallery gallery_ids=\u00bb19026,19025,19023,19022,19021,19020,19019,13304,19024,13306,13303&#8243; show_title_and_caption=\u00bboff\u00bb _builder_version=\u00bb4.25.1&#8243; global_colors_info=\u00bb{}\u00bb][\/et_pb_gallery][\/et_pb_column][\/et_pb_row][\/et_pb_section]<\/p>\n","protected":false},"excerpt":{"rendered":"<p>Estudios que preparan para el futuro \u00a0\u201cSi hici\u00e9ramos todas las cosas de las que somos capaces, nos asombrar\u00edamos literalmente\u201d. Thomas Edison &nbsp;\u00bfQu\u00e9 vas a aprender en esta Formaci\u00f3n Profesional? Montar canalizaciones y tubos en condiciones de calidad y seguridad y siguiendo el procedimiento establecido. Acopiar los materiales y herramientas para acometer la ejecuci\u00f3n del montaje [&hellip;]<\/p>\n","protected":false},"author":2,"featured_media":0,"parent":0,"menu_order":0,"comment_status":"closed","ping_status":"closed","template":"","meta":{"_et_pb_use_builder":"on","_et_pb_old_content":"","_et_gb_content_width":"","footnotes":""},"class_list":["post-13026","page","type-page","status-publish","hentry"],"yoast_head":"<!-- This site is optimized with the Yoast SEO plugin v28.4 - https:\/\/yoast.com\/product\/yoast-seo-wordpress\/ -->\n<title>FPB en Electricidad - Colegio Salesiano<\/title>\n<meta name=\"robots\" content=\"index, follow, max-snippet:-1, max-image-preview:large, max-video-preview:-1\" \/>\n<link rel=\"canonical\" href=\"https:\/\/granada.salesianos.edu\/colegio\/fpbe\/\" \/>\n<meta property=\"og:locale\" content=\"es_ES\" \/>\n<meta property=\"og:type\" content=\"article\" \/>\n<meta property=\"og:title\" content=\"FPB en Electricidad - Colegio Salesiano\" \/>\n<meta property=\"og:description\" content=\"Estudios que preparan para el futuro \u00a0\u201cSi hici\u00e9ramos todas las cosas de las que somos capaces, nos asombrar\u00edamos literalmente\u201d. Thomas Edison &nbsp;\u00bfQu\u00e9 vas a aprender en esta Formaci\u00f3n Profesional? Montar canalizaciones y tubos en condiciones de calidad y seguridad y siguiendo el procedimiento establecido. Acopiar los materiales y herramientas para acometer la ejecuci\u00f3n del montaje [&hellip;]\" \/>\n<meta property=\"og:url\" content=\"https:\/\/granada.salesianos.edu\/colegio\/fpbe\/\" \/>\n<meta property=\"og:site_name\" content=\"Colegio Salesiano\" \/>\n<meta property=\"article:publisher\" content=\"https:\/\/www.facebook.com\/SalesianosGR\/\" \/>\n<meta property=\"article:modified_time\" content=\"2026-01-15T18:55:34+00:00\" \/>\n<meta name=\"twitter:card\" content=\"summary_large_image\" \/>\n<meta name=\"twitter:site\" content=\"@GranadaSDB\" \/>\n<meta name=\"twitter:label1\" content=\"Tiempo de lectura\" \/>\n\t<meta name=\"twitter:data1\" content=\"11 minutos\" \/>\n<script type=\"application\/ld+json\" class=\"yoast-schema-graph\">{\"@context\":\"https:\\\/\\\/schema.org\",\"@graph\":[{\"@type\":\"WebPage\",\"@id\":\"https:\\\/\\\/granada.salesianos.edu\\\/colegio\\\/fpbe\\\/\",\"url\":\"https:\\\/\\\/granada.salesianos.edu\\\/colegio\\\/fpbe\\\/\",\"name\":\"FPB en Electricidad - Colegio Salesiano\",\"isPartOf\":{\"@id\":\"https:\\\/\\\/granada.salesianos.edu\\\/colegio\\\/#website\"},\"datePublished\":\"2021-06-07T07:27:02+00:00\",\"dateModified\":\"2026-01-15T18:55:34+00:00\",\"breadcrumb\":{\"@id\":\"https:\\\/\\\/granada.salesianos.edu\\\/colegio\\\/fpbe\\\/#breadcrumb\"},\"inLanguage\":\"es\",\"potentialAction\":[{\"@type\":\"ReadAction\",\"target\":[\"https:\\\/\\\/granada.salesianos.edu\\\/colegio\\\/fpbe\\\/\"]}]},{\"@type\":\"BreadcrumbList\",\"@id\":\"https:\\\/\\\/granada.salesianos.edu\\\/colegio\\\/fpbe\\\/#breadcrumb\",\"itemListElement\":[{\"@type\":\"ListItem\",\"position\":1,\"name\":\"Portada\",\"item\":\"https:\\\/\\\/granada.salesianos.edu\\\/colegio\\\/\"},{\"@type\":\"ListItem\",\"position\":2,\"name\":\"FPB en Electricidad\"}]},{\"@type\":\"WebSite\",\"@id\":\"https:\\\/\\\/granada.salesianos.edu\\\/colegio\\\/#website\",\"url\":\"https:\\\/\\\/granada.salesianos.edu\\\/colegio\\\/\",\"name\":\"Colegio Salesiano\",\"description\":\"P\u00e1gina oficial de Salesianos Granada San Juan Bosco\",\"publisher\":{\"@id\":\"https:\\\/\\\/granada.salesianos.edu\\\/colegio\\\/#organization\"},\"potentialAction\":[{\"@type\":\"SearchAction\",\"target\":{\"@type\":\"EntryPoint\",\"urlTemplate\":\"https:\\\/\\\/granada.salesianos.edu\\\/colegio\\\/?s={search_term_string}\"},\"query-input\":{\"@type\":\"PropertyValueSpecification\",\"valueRequired\":true,\"valueName\":\"search_term_string\"}}],\"inLanguage\":\"es\"},{\"@type\":\"Organization\",\"@id\":\"https:\\\/\\\/granada.salesianos.edu\\\/colegio\\\/#organization\",\"name\":\"Colegio Salesiano San Juan Bosco Granada\",\"url\":\"https:\\\/\\\/granada.salesianos.edu\\\/colegio\\\/\",\"logo\":{\"@type\":\"ImageObject\",\"inLanguage\":\"es\",\"@id\":\"https:\\\/\\\/granada.salesianos.edu\\\/colegio\\\/#\\\/schema\\\/logo\\\/image\\\/\",\"url\":\"https:\\\/\\\/granada.salesianos.edu\\\/colegio\\\/wp-content\\\/uploads\\\/sites\\\/2\\\/2021\\\/01\\\/GRANADAobraVN2.jpg\",\"contentUrl\":\"https:\\\/\\\/granada.salesianos.edu\\\/colegio\\\/wp-content\\\/uploads\\\/sites\\\/2\\\/2021\\\/01\\\/GRANADAobraVN2.jpg\",\"width\":2113,\"height\":1894,\"caption\":\"Colegio Salesiano San Juan Bosco Granada\"},\"image\":{\"@id\":\"https:\\\/\\\/granada.salesianos.edu\\\/colegio\\\/#\\\/schema\\\/logo\\\/image\\\/\"},\"sameAs\":[\"https:\\\/\\\/www.facebook.com\\\/SalesianosGR\\\/\",\"https:\\\/\\\/x.com\\\/GranadaSDB\",\"https:\\\/\\\/www.instagram.com\\\/salesianosgranada\\\/\",\"https:\\\/\\\/www.youtube.com\\\/channel\\\/UChkpZuhCf4Y5rYIcFT3CNxw?view_as=subscriber\"]}]}<\/script>\n<!-- \/ Yoast SEO plugin. -->","yoast_head_json":{"title":"FPB en Electricidad - Colegio Salesiano","robots":{"index":"index","follow":"follow","max-snippet":"max-snippet:-1","max-image-preview":"max-image-preview:large","max-video-preview":"max-video-preview:-1"},"canonical":"https:\/\/granada.salesianos.edu\/colegio\/fpbe\/","og_locale":"es_ES","og_type":"article","og_title":"FPB en Electricidad - Colegio Salesiano","og_description":"Estudios que preparan para el futuro \u00a0\u201cSi hici\u00e9ramos todas las cosas de las que somos capaces, nos asombrar\u00edamos literalmente\u201d. Thomas Edison &nbsp;\u00bfQu\u00e9 vas a aprender en esta Formaci\u00f3n Profesional? Montar canalizaciones y tubos en condiciones de calidad y seguridad y siguiendo el procedimiento establecido. Acopiar los materiales y herramientas para acometer la ejecuci\u00f3n del montaje [&hellip;]","og_url":"https:\/\/granada.salesianos.edu\/colegio\/fpbe\/","og_site_name":"Colegio Salesiano","article_publisher":"https:\/\/www.facebook.com\/SalesianosGR\/","article_modified_time":"2026-01-15T18:55:34+00:00","twitter_card":"summary_large_image","twitter_site":"@GranadaSDB","twitter_misc":{"Tiempo de lectura":"11 minutos"},"schema":{"@context":"https:\/\/schema.org","@graph":[{"@type":"WebPage","@id":"https:\/\/granada.salesianos.edu\/colegio\/fpbe\/","url":"https:\/\/granada.salesianos.edu\/colegio\/fpbe\/","name":"FPB en Electricidad - Colegio Salesiano","isPartOf":{"@id":"https:\/\/granada.salesianos.edu\/colegio\/#website"},"datePublished":"2021-06-07T07:27:02+00:00","dateModified":"2026-01-15T18:55:34+00:00","breadcrumb":{"@id":"https:\/\/granada.salesianos.edu\/colegio\/fpbe\/#breadcrumb"},"inLanguage":"es","potentialAction":[{"@type":"ReadAction","target":["https:\/\/granada.salesianos.edu\/colegio\/fpbe\/"]}]},{"@type":"BreadcrumbList","@id":"https:\/\/granada.salesianos.edu\/colegio\/fpbe\/#breadcrumb","itemListElement":[{"@type":"ListItem","position":1,"name":"Portada","item":"https:\/\/granada.salesianos.edu\/colegio\/"},{"@type":"ListItem","position":2,"name":"FPB en Electricidad"}]},{"@type":"WebSite","@id":"https:\/\/granada.salesianos.edu\/colegio\/#website","url":"https:\/\/granada.salesianos.edu\/colegio\/","name":"Colegio Salesiano","description":"P\u00e1gina oficial de Salesianos Granada San Juan Bosco","publisher":{"@id":"https:\/\/granada.salesianos.edu\/colegio\/#organization"},"potentialAction":[{"@type":"SearchAction","target":{"@type":"EntryPoint","urlTemplate":"https:\/\/granada.salesianos.edu\/colegio\/?s={search_term_string}"},"query-input":{"@type":"PropertyValueSpecification","valueRequired":true,"valueName":"search_term_string"}}],"inLanguage":"es"},{"@type":"Organization","@id":"https:\/\/granada.salesianos.edu\/colegio\/#organization","name":"Colegio Salesiano San Juan Bosco Granada","url":"https:\/\/granada.salesianos.edu\/colegio\/","logo":{"@type":"ImageObject","inLanguage":"es","@id":"https:\/\/granada.salesianos.edu\/colegio\/#\/schema\/logo\/image\/","url":"https:\/\/granada.salesianos.edu\/colegio\/wp-content\/uploads\/sites\/2\/2021\/01\/GRANADAobraVN2.jpg","contentUrl":"https:\/\/granada.salesianos.edu\/colegio\/wp-content\/uploads\/sites\/2\/2021\/01\/GRANADAobraVN2.jpg","width":2113,"height":1894,"caption":"Colegio Salesiano San Juan Bosco Granada"},"image":{"@id":"https:\/\/granada.salesianos.edu\/colegio\/#\/schema\/logo\/image\/"},"sameAs":["https:\/\/www.facebook.com\/SalesianosGR\/","https:\/\/x.com\/GranadaSDB","https:\/\/www.instagram.com\/salesianosgranada\/","https:\/\/www.youtube.com\/channel\/UChkpZuhCf4Y5rYIcFT3CNxw?view_as=subscriber"]}]}},"_links":{"self":[{"href":"https:\/\/granada.salesianos.edu\/colegio\/wp-json\/wp\/v2\/pages\/13026","targetHints":{"allow":["GET"]}}],"collection":[{"href":"https:\/\/granada.salesianos.edu\/colegio\/wp-json\/wp\/v2\/pages"}],"about":[{"href":"https:\/\/granada.salesianos.edu\/colegio\/wp-json\/wp\/v2\/types\/page"}],"author":[{"embeddable":true,"href":"https:\/\/granada.salesianos.edu\/colegio\/wp-json\/wp\/v2\/users\/2"}],"replies":[{"embeddable":true,"href":"https:\/\/granada.salesianos.edu\/colegio\/wp-json\/wp\/v2\/comments?post=13026"}],"version-history":[{"count":33,"href":"https:\/\/granada.salesianos.edu\/colegio\/wp-json\/wp\/v2\/pages\/13026\/revisions"}],"predecessor-version":[{"id":21746,"href":"https:\/\/granada.salesianos.edu\/colegio\/wp-json\/wp\/v2\/pages\/13026\/revisions\/21746"}],"wp:attachment":[{"href":"https:\/\/granada.salesianos.edu\/colegio\/wp-json\/wp\/v2\/media?parent=13026"}],"curies":[{"name":"wp","href":"https:\/\/api.w.org\/{rel}","templated":true}]}}