{"id":13704,"date":"2021-06-27T17:31:22","date_gmt":"2021-06-27T15:31:22","guid":{"rendered":"https:\/\/granada.salesianos.edu\/colegio\/?page_id=13704"},"modified":"2026-07-15T11:46:58","modified_gmt":"2026-07-15T09:46:58","slug":"infantil","status":"publish","type":"page","link":"https:\/\/granada.salesianos.edu\/colegio\/infantil\/","title":{"rendered":"Educaci\u00f3n Infantil"},"content":{"rendered":"<div id=\"fb-root\"><\/div>\n<p>[et_pb_section fb_built=\u00bb1&#8243; module_class=\u00bbpagina-seccion-contenido\u00bb _builder_version=\u00bb4.16&#8243; min_height=\u00bb2771.4px\u00bb custom_margin=\u00bb-61px|||||\u00bb custom_padding=\u00bb0%|||\u00bb global_colors_info=\u00bb{}\u00bb][et_pb_row _builder_version=\u00bb4.27.5&#8243; width=\u00bb100%\u00bb min_height=\u00bb321px\u00bb custom_margin=\u00bb171px|-105px||69px|false|false\u00bb custom_margin_tablet=\u00bb171px|25px||69px|false|false\u00bb custom_margin_phone=\u00bb171px|25px||69px|false|false\u00bb custom_margin_last_edited=\u00bbon|desktop\u00bb custom_padding=\u00bb0px|||||\u00bb global_colors_info=\u00bb{}\u00bb][et_pb_column type=\u00bb4_4&#8243; _builder_version=\u00bb4.16&#8243; custom_padding=\u00bb|||\u00bb global_colors_info=\u00bb{}\u00bb custom_padding__hover=\u00bb|||\u00bb][et_pb_text _builder_version=\u00bb4.27.5&#8243; width_tablet=\u00bb86%\u00bb width_phone=\u00bb81%\u00bb width_last_edited=\u00bbon|tablet\u00bb custom_margin=\u00bb-76px|-430px|22px|130px|false|false\u00bb custom_margin_tablet=\u00bb-76px|-74px|24px|-26px|false|false\u00bb custom_margin_phone=\u00bb-76px|-74px|18px|-36px|false|false\u00bb custom_margin_last_edited=\u00bbon|phone\u00bb custom_padding=\u00bb10px|||4px||\u00bb global_colors_info=\u00bb{}\u00bb]<\/p>\n<p style=\"text-align: center;\"><strong><span style=\"color: #4f4b4b; font-size: xx-large;\">Educaci\u00f3n Infantil: Un viaje a trav\u00e9s del conocimiento y la felicidad<\/span><\/strong><\/p>\n<h2 style=\"text-align: center;\"><strong><em><span style=\"color: #808080;\">\u00a0\u00abEl mejor medio para hacer buenos a los ni\u00f1os es hacerlos felices\u00bb <\/span><\/em><span style=\"color: #808080;\">Oscar Wilde<\/span><em><span style=\"color: #808080;\">.<\/span><\/em><\/strong><\/h2>\n<p>&nbsp;<\/p>\n<p>[\/et_pb_text][et_pb_divider divider_weight=\u00bb2px\u00bb _builder_version=\u00bb4.27.5&#8243; width=\u00bb66%\u00bb custom_margin=\u00bb-51px|-33px||464px|false|false\u00bb custom_margin_tablet=\u00bb||3px|56px|false|false\u00bb custom_margin_phone=\u00bb|||-9px|false|false\u00bb custom_margin_last_edited=\u00bbon|phone\u00bb global_colors_info=\u00bb{}\u00bb][\/et_pb_divider][\/et_pb_column][\/et_pb_row][et_pb_row _builder_version=\u00bb4.16&#8243; min_height=\u00bb98.2px\u00bb custom_margin=\u00bb-308px||||false|false\u00bb global_colors_info=\u00bb{}\u00bb][et_pb_column type=\u00bb4_4&#8243; _builder_version=\u00bb4.16&#8243; global_colors_info=\u00bb{}\u00bb][et_pb_testimonial author=\u00bbTeresa Marzo\u00bb job_title=\u00bbJefa de estudios de Infantil y Primaria\u00bb portrait_url=\u00bbhttps:\/\/granada.salesianos.edu\/colegio\/wp-content\/uploads\/sites\/2\/2021\/09\/TFA4502-scaled.jpg\u00bb _builder_version=\u00bb4.27.5&#8243; body_text_align=\u00bbjustify\u00bb author_text_color=\u00bb#494949&#8243; position_text_color=\u00bb#494949&#8243; background_size=\u00bbinitial\u00bb background_position=\u00bbtop_left\u00bb background_repeat=\u00bbrepeat\u00bb background_layout=\u00bbdark\u00bb width=\u00bb94%\u00bb custom_margin=\u00bb35px|||17px|false|false\u00bb custom_margin_tablet=\u00bb||22px||false|false\u00bb custom_margin_phone=\u00bb||36px||false|false\u00bb custom_margin_last_edited=\u00bbon|desktop\u00bb border_radii=\u00bbon|7px|7px|7px|7px\u00bb box_shadow_style=\u00bbpreset1&#8243; locked=\u00bboff\u00bb global_colors_info=\u00bb{}\u00bb]<\/p>\n<p style=\"text-align: justify;\"><span style=\"color: #494949;\">Me llamo Teresa Marzo<strong>, soy Jefa de Estudios de Infantil y Primaria<\/strong>. Todos nacemos con unas determinadas potencialidades. Que las capacidades se desarrollen en mayor o menor grado depende, sobre todo, de los est\u00edmulos que el ni\u00f1o o la ni\u00f1a reciba, tanto de los adultos como de su entorno. Esta explicaci\u00f3n permite comprender mejor los efectos positivos de la estimulaci\u00f3n infantil sobre el desarrollo del cerebro del ni\u00f1o o la ni\u00f1a y nuestra misi\u00f3n. La <strong>Educaci\u00f3n Infantil ha de basarse en la estimulaci\u00f3n precisa<\/strong> para conformar adecuadamente el sistema nervioso de nuestros peque\u00f1os, que poseen una gran plasticidad neuronal.\u00a0<\/span><\/p>\n<p style=\"text-align: justify;\"><span style=\"color: #494949;\">Los primeros a\u00f1os de la vida del ni\u00f1o, <strong>desde el nacimiento hasta los 6\/7 a\u00f1os de edad, ponen los cimientos para un crecimiento saludable y armonioso<\/strong>. Se trata de un per\u00edodo marcado por un r\u00e1pido crecimiento y por cambios que se ven influenciados por su entorno. Estas influencias pueden ser positivas o negativas, determinando, en gran medida, c\u00f3mo ser\u00e1 el futuro adulto, las futuras generaciones y la sociedad. <strong>El cuidado y la educaci\u00f3n de los ni\u00f1os peque\u00f1os, mediante una acci\u00f3n integrada adecuada, se convierte en nuestra pasi\u00f3n y objeto de nuestro trabajo.<\/strong><\/span><\/p>\n<p>[\/et_pb_testimonial][\/et_pb_column][\/et_pb_row][et_pb_row _builder_version=\u00bb4.16&#8243; min_height=\u00bb98.2px\u00bb custom_margin=\u00bb-93px||||false|false\u00bb global_colors_info=\u00bb{}\u00bb][et_pb_column type=\u00bb4_4&#8243; _builder_version=\u00bb4.16&#8243; global_colors_info=\u00bb{}\u00bb][et_pb_text _builder_version=\u00bb4.16&#8243; custom_margin=\u00bb60px||||false|false\u00bb custom_margin_tablet=\u00bb14px||||false|false\u00bb custom_margin_phone=\u00bb8px||||false|false\u00bb custom_margin_last_edited=\u00bbon|tablet\u00bb global_colors_info=\u00bb{}\u00bb]<\/p>\n<h4 style=\"text-align: center;\"><span style=\"color: #4f4b4b; font-size: x-large;\"><strong>INFANTIL BILING\u00dcE<\/strong><\/span><\/h4>\n<p>[\/et_pb_text][et_pb_divider divider_weight=\u00bb2px\u00bb _builder_version=\u00bb4.27.4&#8243; width=\u00bb66%\u00bb custom_margin=\u00bb-17px|||181px|false|false\u00bb custom_margin_tablet=\u00bb-37px|||105px|false|false\u00bb custom_margin_phone=\u00bb|||56px|false|false\u00bb custom_margin_last_edited=\u00bbon|phone\u00bb global_colors_info=\u00bb{}\u00bb][\/et_pb_divider][\/et_pb_column][\/et_pb_row][et_pb_row column_structure=\u00bb1_2,1_2&#8243; module_class=\u00bbpagina-texto\u00bb _builder_version=\u00bb4.16&#8243; background_size=\u00bbinitial\u00bb background_position=\u00bbtop_left\u00bb background_repeat=\u00bbrepeat\u00bb custom_margin=\u00bb-31px||||false|false\u00bb custom_padding=\u00bb25px||23px|\u00bb locked=\u00bboff\u00bb global_colors_info=\u00bb{}\u00bb][et_pb_column type=\u00bb1_2&#8243; _builder_version=\u00bb4.16&#8243; custom_padding=\u00bb|||\u00bb global_colors_info=\u00bb{}\u00bb custom_padding__hover=\u00bb|||\u00bb][et_pb_text _builder_version=\u00bb4.16&#8243; background_color=\u00bb#ffffff\u00bb text_orientation=\u00bbjustified\u00bb custom_padding=\u00bb||0px|||\u00bb global_colors_info=\u00bb{}\u00bb]<\/p>\n<p style=\"text-align: justify;\"><span style=\"color: #494949;\">Nuestro centro acoge el\u00a0<strong>2\u00ba ciclo de Educaci\u00f3n Infantil<\/strong>. Es una\u00a0<strong>etapa privada biling\u00fce<\/strong>\u00a0que consta de <strong>3 aulas, <\/strong>distribuidas en 3 cursos con\u00a0<strong>1 l\u00ednea de 3, 4 y 5 a\u00f1os<\/strong>.<\/span><\/p>\n<p style=\"text-align: justify;\"><span style=\"color: #494949;\">La educaci\u00f3n de los ni\u00f1os y ni\u00f1as en los primeros a\u00f1os escolares es\u00a0<strong>decisiva para su futuro emocional, afectivo, cognitivo y psicomotor<\/strong>, es por ello que esta etapa es una de las m\u00e1s importantes en la vida de una persona. En nuestro colegio les ayudamos a desarrollar todas sus potencialidades con un\u00a0<strong>enfoque globalizador<\/strong>, donde el alumnado es\u00a0<strong>protagonista de su aprendizaje<\/strong>, y siempre\u00a0<strong>respetando el ritmo madurativo de cada ni\u00f1o\/a<\/strong>.<span style=\"font-size: 14px; text-align: left;\">\u00a0<\/span><\/span><\/p>\n<p style=\"text-align: justify;\"><span style=\"color: #494949;\">Nuestro deseo es\u00a0<strong>educar a la persona en su globalidad<\/strong>\u00a0y no solo en el aspecto cognitivo, atendiendo en todo momento a la\u00a0<strong>diversidad<\/strong>\u00a0de nuestro alumnado. En este sentido contamos con un\u00a0<strong>aula de apoyo a la integraci\u00f3n<\/strong>\u00a0y\u00a0<strong>logopeda<\/strong>.<span style=\"font-size: 14px; text-align: left;\">\u00a0<\/span><\/span><\/p>\n<p><span style=\"color: #494949;\"><strong>Nuestra metodolog\u00eda gira en torno a programas propios de Estimulaci\u00f3n Temprana<\/strong>, centrados en todas y cada una de las \u00e1reas de aprendizaje. Nuestro profesorado gu\u00eda el aprendizaje del alumnado hacia\u00a0el desarrollo pleno de sus\u00a0capacidades, en un entorno afectivo y l\u00fadico. Favorecemos el desarrollo cognitivo de los ni\u00f1os.<span style=\"font-size: 14px;\">\u00a0<\/span><\/span><\/p>\n<p><span style=\"color: #494949;\"><strong>Nuestros resultados muestran ni\u00f1os m\u00e1s seguros, m\u00e1s curiosos y despiertos, m\u00e1s<\/strong><strong>\u00a0<\/strong><strong>inteligentes y, en definitiva, ni<\/strong><strong>\u00f1<\/strong><strong>os m<\/strong><strong>\u00e1<\/strong><strong>s felices.<\/strong><\/span><\/p>\n<p>[\/et_pb_text][\/et_pb_column][et_pb_column type=\u00bb1_2&#8243; _builder_version=\u00bb4.16&#8243; custom_padding=\u00bb|||\u00bb global_colors_info=\u00bb{}\u00bb custom_padding__hover=\u00bb|||\u00bb][et_pb_video src=\u00bbhttps:\/\/youtu.be\/hql6Vx1aIG4&#8243; _builder_version=\u00bb4.16&#8243; custom_margin=\u00bb39px||||false|false\u00bb global_colors_info=\u00bb{}\u00bb][\/et_pb_video][\/et_pb_column][\/et_pb_row][et_pb_row _builder_version=\u00bb4.20.0&#8243; min_height=\u00bb98.2px\u00bb custom_margin=\u00bb||||false|false\u00bb global_colors_info=\u00bb{}\u00bb][et_pb_column type=\u00bb4_4&#8243; _builder_version=\u00bb4.16&#8243; global_colors_info=\u00bb{}\u00bb][et_pb_divider show_divider=\u00bboff\u00bb _builder_version=\u00bb4.20.0&#8243; width=\u00bb66%\u00bb custom_margin=\u00bb-17px|||181px|false|false\u00bb custom_margin_tablet=\u00bb-37px|||105px|false|false\u00bb custom_margin_phone=\u00bb|||64px|false|false\u00bb custom_margin_last_edited=\u00bbon|phone\u00bb global_colors_info=\u00bb{}\u00bb][\/et_pb_divider][et_pb_text _builder_version=\u00bb4.18.0&#8243; custom_margin=\u00bb60px||||false|false\u00bb custom_margin_tablet=\u00bb14px||||false|false\u00bb custom_margin_phone=\u00bb8px||||false|false\u00bb custom_margin_last_edited=\u00bbon|tablet\u00bb global_colors_info=\u00bb{}\u00bb]<\/p>\n<h4 style=\"text-align: center;\"><span style=\"color: #4f4b4b; font-size: x-large;\"><strong>\u00bfY QU\u00c9 OPINAN NUESTRAS FAMILIAS?<\/strong><\/span><\/h4>\n<p>[\/et_pb_text][et_pb_divider divider_weight=\u00bb2px\u00bb _builder_version=\u00bb4.27.4&#8243; width=\u00bb66%\u00bb custom_margin=\u00bb-17px|||181px|false|false\u00bb custom_margin_tablet=\u00bb-37px|||105px|false|false\u00bb custom_margin_phone=\u00bb|||50px|false|false\u00bb custom_margin_last_edited=\u00bbon|phone\u00bb global_colors_info=\u00bb{}\u00bb][\/et_pb_divider][\/et_pb_column][\/et_pb_row][et_pb_row column_structure=\u00bb1_2,1_2&#8243; module_class=\u00bbpagina-texto\u00bb _builder_version=\u00bb4.16&#8243; background_size=\u00bbinitial\u00bb background_position=\u00bbtop_left\u00bb background_repeat=\u00bbrepeat\u00bb custom_margin=\u00bb-31px||||false|false\u00bb custom_padding=\u00bb25px||23px|\u00bb locked=\u00bboff\u00bb global_colors_info=\u00bb{}\u00bb][et_pb_column type=\u00bb1_2&#8243; _builder_version=\u00bb4.16&#8243; custom_padding=\u00bb|||\u00bb global_colors_info=\u00bb{}\u00bb custom_padding__hover=\u00bb|||\u00bb][et_pb_code _builder_version=\u00bb4.20.0&#8243; _module_preset=\u00bbdefault\u00bb global_colors_info=\u00bb{}\u00bb]<iframe loading=\"lazy\" width=\"560\" height=\"315\" src=\"https:\/\/www.youtube.com\/embed\/p9gUxejGjds\" title=\"YouTube video player\" frameborder=\"0\" allow=\"accelerometer; autoplay; clipboard-write; encrypted-media; gyroscope; picture-in-picture; web-share\" allowfullscreen><\/iframe>[\/et_pb_code][\/et_pb_column][et_pb_column type=\u00bb1_2&#8243; _builder_version=\u00bb4.16&#8243; custom_padding=\u00bb|||\u00bb global_colors_info=\u00bb{}\u00bb custom_padding__hover=\u00bb|||\u00bb][et_pb_text _builder_version=\u00bb4.18.0&#8243; background_color=\u00bb#ffffff\u00bb text_orientation=\u00bbjustified\u00bb custom_padding=\u00bb||0px|||\u00bb global_colors_info=\u00bb{}\u00bb]<\/p>\n<p style=\"text-align: justify;\"><strong>La elecci\u00f3n del centro escolar de tu hijo o hija es una decisi\u00f3n muy importante, y que sin duda marcar\u00e1 su futuro. Sabemos que no es f\u00e1cil, y por eso nos esforzamos al m\u00e1ximo para\u00a0acompa\u00f1arte\u00a0y\u00a0ayudarte\u00a0en este proceso.\u00a0<\/strong><\/p>\n<p style=\"text-align: justify;\"><strong>Pero \u00bfpor qu\u00e9 comenzar la etapa escolar de tu hijo o hija en Salesianos Granada? Nuestras familias te lo cuentan<\/strong><\/p>\n<p>[\/et_pb_text][et_pb_blurb title=\u00bbFORMULARIO CITA PREVIA\u00bb use_icon=\u00bbon\u00bb font_icon=\u00bb&#x68;||divi||400&#8243; icon_placement=\u00bbleft\u00bb image_icon_width=\u00bb72px\u00bb _builder_version=\u00bb4.20.0&#8243; header_level=\u00bbh2&#8243; body_text_color=\u00bb#E02B20&#8243; text_orientation=\u00bbcenter\u00bb custom_margin=\u00bb11px||||false|false\u00bb link_option_url=\u00bbhttps:\/\/docs.google.com\/forms\/d\/e\/1FAIpQLSfSiTa_S_LlcU6aTTnQwFxONJkPl1MAKxu2a8FYMHijQW6QZA\/viewform?usp=sf_link\u00bb locked=\u00bboff\u00bb global_colors_info=\u00bb{}\u00bb]<\/p>\n<p>&nbsp;<\/p>\n<p><span style=\"color: #dc001b;\"><strong>D\u00e9janos tus datos y nos pondremos en contacto contigo.<\/strong><\/span><\/p>\n<p>[\/et_pb_blurb][\/et_pb_column][\/et_pb_row][et_pb_row _builder_version=\u00bb4.16&#8243; global_colors_info=\u00bb{}\u00bb][et_pb_column type=\u00bb4_4&#8243; _builder_version=\u00bb4.16&#8243; global_colors_info=\u00bb{}\u00bb][et_pb_text _builder_version=\u00bb4.16&#8243; global_colors_info=\u00bb{}\u00bb]<\/p>\n<p style=\"text-align: center;\"><span style=\"color: #4f4b4b; font-size: x-large;\"><strong>PARA SABER M\u00c1S SOBRE NOSOTROS<\/strong><\/span><\/p>\n<h3 style=\"text-align: center;\"><em><span style=\"color: #808080;\">Contamos con diferentes metodolog\u00edas para que nuestro alumnado aprenda de forma did\u00e1ctica y divertida<\/span><\/em><\/h3>\n<p>[\/et_pb_text][et_pb_divider divider_weight=\u00bb2px\u00bb _builder_version=\u00bb4.20.0&#8243; width=\u00bb67%\u00bb module_alignment=\u00bbcenter\u00bb custom_margin=\u00bb||||false|false\u00bb global_colors_info=\u00bb{}\u00bb][\/et_pb_divider][\/et_pb_column][\/et_pb_row][et_pb_row column_structure=\u00bb1_6,1_6,1_6,1_6,1_6,1_6&#8243; _builder_version=\u00bb4.16&#8243; background_color=\u00bb#f4f4f4&#8243; background_size=\u00bbinitial\u00bb background_position=\u00bbtop_left\u00bb background_repeat=\u00bbrepeat\u00bb min_height=\u00bb104.4px\u00bb custom_margin=\u00bb-8px|auto||auto|false|false\u00bb custom_padding=\u00bb27px||0px|||\u00bb border_radii=\u00bbon|5px|5px|5px|5px\u00bb locked=\u00bboff\u00bb global_colors_info=\u00bb{}\u00bb][et_pb_column type=\u00bb1_6&#8243; _builder_version=\u00bb4.16&#8243; custom_padding=\u00bb|||\u00bb global_colors_info=\u00bb{}\u00bb custom_padding__hover=\u00bb|||\u00bb][et_pb_blurb title=\u00bbIDIOMAS\u00bb url=\u00bbhttps:\/\/granada.salesianos.edu\/colegio\/plurilinguismo\/\u00bb use_icon=\u00bbon\u00bb font_icon=\u00bb&#xe0e2;||divi||400&#8243; _builder_version=\u00bb4.16&#8243; header_text_align=\u00bbcenter\u00bb global_colors_info=\u00bb{}\u00bb][\/et_pb_blurb][\/et_pb_column][et_pb_column type=\u00bb1_6&#8243; _builder_version=\u00bb4.16&#8243; custom_padding=\u00bb|||\u00bb global_colors_info=\u00bb{}\u00bb custom_padding__hover=\u00bb|||\u00bb][et_pb_blurb title=\u00bbTRABAJO POR PROYECTOS\u00bb url=\u00bbhttps:\/\/granada.salesianos.edu\/colegio\/trabajo-por-proyectos\/\u00bb use_icon=\u00bbon\u00bb font_icon=\u00bb&#xe007;||divi||400&#8243; _builder_version=\u00bb4.16&#8243; header_text_align=\u00bbcenter\u00bb global_colors_info=\u00bb{}\u00bb][\/et_pb_blurb][\/et_pb_column][et_pb_column type=\u00bb1_6&#8243; _builder_version=\u00bb4.16&#8243; custom_padding=\u00bb|||\u00bb global_colors_info=\u00bb{}\u00bb custom_padding__hover=\u00bb|||\u00bb][et_pb_blurb title=\u00bbROB\u00d3TICA\u00bb url=\u00bbhttps:\/\/granada.salesianos.edu\/colegio\/roboticaeducativa\/\u00bb use_icon=\u00bbon\u00bb font_icon=\u00bb&#xe038;||divi||400&#8243; _builder_version=\u00bb4.16&#8243; text_orientation=\u00bbcenter\u00bb global_colors_info=\u00bb{}\u00bb][\/et_pb_blurb][\/et_pb_column][et_pb_column type=\u00bb1_6&#8243; _builder_version=\u00bb4.16&#8243; custom_padding=\u00bb|||\u00bb global_colors_info=\u00bb{}\u00bb custom_padding__hover=\u00bb|||\u00bb][et_pb_blurb title=\u00bbEXCURSIONES Y SALIDAS\u00bb url=\u00bbhttps:\/\/granada.salesianos.edu\/colegio\/excursiones-y-salidas\/\u00bb use_icon=\u00bbon\u00bb font_icon=\u00bb&#xe01f;||divi||400&#8243; _builder_version=\u00bb4.16&#8243; header_text_align=\u00bbcenter\u00bb global_colors_info=\u00bb{}\u00bb][\/et_pb_blurb][\/et_pb_column][et_pb_column type=\u00bb1_6&#8243; _builder_version=\u00bb4.16&#8243; custom_padding=\u00bb|||\u00bb global_colors_info=\u00bb{}\u00bb custom_padding__hover=\u00bb|||\u00bb][et_pb_blurb title=\u00bbLIBROS Y MATERIALES\u00bb url=\u00bbhttps:\/\/drive.google.com\/file\/d\/1ZSMkwiVHxmVZlwksljzDFqyklxk1PfgR\/view?usp=sharing\u00bb use_icon=\u00bbon\u00bb font_icon=\u00bb&#xe086;||divi||400&#8243; _builder_version=\u00bb4.27.6&#8243; header_text_align=\u00bbcenter\u00bb link_option_url=\u00bbhttps:\/\/drive.google.com\/file\/d\/1ZSMkwiVHxmVZlwksljzDFqyklxk1PfgR\/view?usp=sharing\u00bb hover_enabled=\u00bb0&#8243; global_colors_info=\u00bb{}\u00bb sticky_enabled=\u00bb0&#8243;][\/et_pb_blurb][\/et_pb_column][et_pb_column type=\u00bb1_6&#8243; _builder_version=\u00bb4.16&#8243; custom_padding=\u00bb|||\u00bb global_colors_info=\u00bb{}\u00bb custom_padding__hover=\u00bb|||\u00bb][et_pb_blurb title=\u00bbFECHAS IMPORTANTES\u00bb use_icon=\u00bbon\u00bb font_icon=\u00bb&#xe023;||divi||400&#8243; _builder_version=\u00bb4.16&#8243; header_text_align=\u00bbcenter\u00bb global_colors_info=\u00bb{}\u00bb][\/et_pb_blurb][\/et_pb_column][\/et_pb_row][et_pb_row _builder_version=\u00bb4.16&#8243; global_colors_info=\u00bb{}\u00bb][et_pb_column type=\u00bb4_4&#8243; _builder_version=\u00bb4.16&#8243; global_colors_info=\u00bb{}\u00bb][et_pb_text _builder_version=\u00bb4.20.0&#8243; global_colors_info=\u00bb{}\u00bb]<\/p>\n<p style=\"text-align: center;\"><span style=\"color: #4f4b4b; font-size: x-large;\"><strong>\u00bfC\u00d3MO TRABAJAMOS?<\/strong><\/span><\/p>\n<h3 style=\"text-align: center;\"><em><span style=\"color: #808080;\">Contamos con diferentes herramientas para que nuestro alumnado y familias puedan obtener el mejor rendimiento.\u00a0 <\/span><\/em><\/h3>\n<p>[\/et_pb_text][et_pb_divider divider_weight=\u00bb2px\u00bb _builder_version=\u00bb4.20.0&#8243; width=\u00bb67%\u00bb module_alignment=\u00bbcenter\u00bb custom_margin=\u00bb||||false|false\u00bb global_colors_info=\u00bb{}\u00bb][\/et_pb_divider][\/et_pb_column][\/et_pb_row][et_pb_row column_structure=\u00bb1_3,2_3&#8243; module_class=\u00bbpagina-texto\u00bb _builder_version=\u00bb4.16&#8243; background_size=\u00bbinitial\u00bb background_position=\u00bbtop_left\u00bb background_repeat=\u00bbrepeat\u00bb custom_margin=\u00bb25px|||\u00bb custom_padding=\u00bb25px||23px|\u00bb locked=\u00bboff\u00bb global_colors_info=\u00bb{}\u00bb][et_pb_column type=\u00bb1_3&#8243; _builder_version=\u00bb4.16&#8243; custom_padding=\u00bb|||\u00bb global_colors_info=\u00bb{}\u00bb custom_padding__hover=\u00bb|||\u00bb][et_pb_image src=\u00bbhttps:\/\/granada.salesianos.edu\/colegio\/wp-content\/uploads\/sites\/2\/2020\/12\/educacion-vial-infantil-salesianos-granada-foto.jpeg\u00bb _builder_version=\u00bb4.16&#8243; global_colors_info=\u00bb{}\u00bb][\/et_pb_image][\/et_pb_column][et_pb_column type=\u00bb2_3&#8243; _builder_version=\u00bb4.16&#8243; custom_padding=\u00bb|||\u00bb global_colors_info=\u00bb{}\u00bb custom_padding__hover=\u00bb|||\u00bb][et_pb_tabs _builder_version=\u00bb4.20.0&#8243; body_text_align=\u00bbjustify\u00bb custom_margin=\u00bb34px||||false|false\u00bb animation_style=\u00bbfade\u00bb border_style=\u00bbsolid\u00bb global_colors_info=\u00bb{}\u00bb][et_pb_tab title=\u00bbDiversidad\u00bb _builder_version=\u00bb4.20.0&#8243; body_font=\u00bb||||\u00bb body_text_align=\u00bbjustify\u00bb tab_font=\u00bb||||\u00bb global_colors_info=\u00bb{}\u00bb]<\/p>\n<h2>\u00bfC\u00f3mo tratamos la diversidad?<\/h2>\n<p>Nuestro colegio es un\u00a0<strong>espacio abierto<\/strong>, d\u00f3nde tiene cabida todo el mundo y d\u00f3nde la\u00a0<strong>diversidad<\/strong>\u00a0de nuestro alumnado es\u00a0<strong>nuestra riqueza<\/strong>. En esta etapa contamos con un aula de apoyo a la integraci\u00f3n y logopeda.<\/p>\n<p style=\"text-align: justify;\"><a href=\"https:\/\/granada.salesianos.edu\/colegio\/departamentodeorientacion\/\">M\u00e1s informaci\u00f3n sobre nuestro Departamento de Orientaci\u00f3n.<\/a><\/p>\n<p>[\/et_pb_tab][et_pb_tab title=\u00bbInstalaciones\u00bb _builder_version=\u00bb4.16&#8243; body_font=\u00bb||||\u00bb body_text_align=\u00bbleft\u00bb tab_font=\u00bb||||\u00bb global_colors_info=\u00bb{}\u00bb]<\/p>\n<h2>\u00bfCon qu\u00e9 instalaciones contamos?<\/h2>\n<p style=\"text-align: justify;\">Para cubrir las necesidades esta etapa, contamos con unas aulas preparadas para que el alumnado pueda desarrollar todas las nuevas metodolog\u00edas que ofrecemos. Adem\u00e1s, el alumnado podr\u00e1 disfrutar de una zona recreativa con columpios y espacio suficiente para poder desarrollar la actividad f\u00edsica que necesita.<\/p>\n<p style=\"text-align: justify;\">Estas instalaciones se complementan con otras de car\u00e1cter general como \u00a0despachos de direcci\u00f3n, de jefatura de estudios, de Pastoral, sala de profesores, aula de apoyo, patios, aseos, iglesia, cafeter\u00eda, comedor, biblioteca y pistas deportivas.<\/p>\n<p style=\"text-align: justify;\"><a href=\"https:\/\/granada.salesianos.edu\/colegio\/instalaciones\/\">M\u00e1s informaci\u00f3n sobre nuestras instalaciones.<\/a><\/p>\n<p>[\/et_pb_tab][et_pb_tab title=\u00bbBiling\u00fcismo\u00bb _builder_version=\u00bb4.16&#8243; global_colors_info=\u00bb{}\u00bb]<\/p>\n<h2>\u00bfC\u00f3mo fomentamos la competencia en Idiomas?<\/h2>\n<p style=\"text-align: justify;\">La Etapa de Infantil es\u00a0<strong>biling\u00fce<\/strong>. Contamos con dos docentes con el nivel y la certificaci\u00f3n en ingl\u00e9s adecuada para atender al alumnado de nuestra etapa de Infantil. En concreto, estamos trabajando el biling\u00fcismo desde dos de los \u00e1mbitos que se imparten: Ingl\u00e9s (como asignatura) y desde el Entorno.<\/p>\n<p style=\"text-align: justify;\"><strong>A partir de los 3 a\u00f1os empleamos el ingl\u00e9s como lengua vehicular durante 5 horas semanales<\/strong>, existiendo una profesora de referencia con la m\u00e1s alta cualificaci\u00f3n.<\/p>\n<p style=\"text-align: justify;\">Mas informaci\u00f3n sobre nuestro <a href=\"https:\/\/granada.salesianos.edu\/colegio\/plurilinguismo\/\">Proyecto de Plurulinguismo.<\/a>\u00a0<\/p>\n<p>[\/et_pb_tab][et_pb_tab title=\u00bbFamilias\u00bb _builder_version=\u00bb4.16&#8243; body_font=\u00bb||||\u00bb body_text_align=\u00bbleft\u00bb tab_font=\u00bb||||\u00bb global_colors_info=\u00bb{}\u00bb]<\/p>\n<h2>\u00bfC\u00f3mo es la relaci\u00f3n con la familias y el entorno?<\/h2>\n<p style=\"text-align: justify;\">Somos un\u00a0<strong>colegio abierto<\/strong> a la comunidad, tanto a las familias como a nuestro entorno social e instituciones. A lo largo del curso, tenemos\u00a0<strong>dos reuniones con las familias en grupo<\/strong>: una a principio de curso y otra tras la primera evaluaci\u00f3n. Los tutores est\u00e1n a disposici\u00f3n de las familias para poder atenderlas cada vez que lo solicitan en\u00a0<strong>entrevistas individuales<\/strong>.<\/p>\n<p style=\"text-align: justify;\">La plataforma Qualitas Educativa (Qe) es un instrumento \u00e1gil, r\u00e1pido y efectivo que permite la\u00a0<strong>comunicaci\u00f3n directa con las familias<\/strong>, y tambi\u00e9n conocer las\u00a0<strong>incidencias<\/strong>\u00a0que suceden en el centro escolar a diario.<\/p>\n<p style=\"text-align: justify;\"><a href=\"https:\/\/granada.salesianos.edu\/colegio\/qefamilia\/\">M\u00e1s informaci\u00f3n sobre Qualitas Educativa.<\/a><\/p>\n<p>[\/et_pb_tab][et_pb_tab title=\u00bbMetodolog\u00edas\u00bb _builder_version=\u00bb4.16&#8243; global_colors_info=\u00bb{}\u00bb]Para conseguir nuestros objetivos apostamos por\u00a0<strong>metodolog\u00edas activas <\/strong>como:<\/p>\n<ul>\n<li><strong>Aprendizaje cooperativo.<\/strong><\/li>\n<li><strong>Trabajo por proyectos.<\/strong><\/li>\n<li><strong>Neuroeducaci\u00f3n.<\/strong><\/li>\n<li><strong>Inteligencias m\u00faltiples.<\/strong><\/li>\n<li><strong>Educaci\u00f3n emocional.<\/strong><\/li>\n<\/ul>\n<p>[\/et_pb_tab][\/et_pb_tabs][\/et_pb_column][\/et_pb_row][et_pb_row _builder_version=\u00bb4.16&#8243; global_colors_info=\u00bb{}\u00bb][et_pb_column type=\u00bb4_4&#8243; _builder_version=\u00bb4.16&#8243; global_colors_info=\u00bb{}\u00bb][et_pb_text _builder_version=\u00bb4.16&#8243; global_colors_info=\u00bb{}\u00bb]<\/p>\n<p style=\"text-align: center;\"><span style=\"color: #4f4b4b; font-size: x-large;\"><strong>PREGUNTAS FRECUENTES<\/strong><\/span><\/p>\n<h3 style=\"text-align: center;\"><em><span style=\"color: #808080;\">Intentamos resolver todas las dudas en el siguiente apartado.<\/span><\/em><\/h3>\n<p>[\/et_pb_text][et_pb_divider divider_weight=\u00bb2px\u00bb _builder_version=\u00bb4.20.0&#8243; width=\u00bb67%\u00bb module_alignment=\u00bbcenter\u00bb custom_margin=\u00bb||||false|false\u00bb global_colors_info=\u00bb{}\u00bb][\/et_pb_divider][\/et_pb_column][\/et_pb_row][et_pb_row column_structure=\u00bb3_5,2_5&#8243; _builder_version=\u00bb4.16&#8243; locked=\u00bboff\u00bb global_colors_info=\u00bb{}\u00bb][et_pb_column type=\u00bb3_5&#8243; _builder_version=\u00bb4.16&#8243; global_colors_info=\u00bb{}\u00bb][et_pb_toggle title=\u00bb\u00bfRealiza el centro Jornadas de Puertas Abiertas?\u00bb _builder_version=\u00bb4.20.0&#8243; title_text_color=\u00bb#e02b20&#8243; title_level=\u00bbh3&#8243; title_font_size=\u00bb24px\u00bb border_radii=\u00bbon|2px|2px|2px|2px\u00bb border_width_all=\u00bb2px\u00bb border_color_all=\u00bb#e02b20&#8243; global_colors_info=\u00bb{}\u00bb]<\/p>\n<p style=\"text-align: justify;\">Desde hace algunos a\u00f1os, el colegio abre sus puertas a aquellas familias que est\u00e9n interesadas en conocer nuestro\u00a0<a title=\"Proyecto Educativo\" href=\"https:\/\/granada.salesianos.edu\/colegio\/admisiones\/\" target=\"_blank\" rel=\"noopener noreferrer\"><strong>proyecto educativo<\/strong><\/a>\u00a0e\u00a0<a title=\"Instalaciones\" href=\"https:\/\/granada.salesianos.edu\/colegio\/instalaciones\/\" target=\"_blank\" rel=\"noopener noreferrer\"><strong>instalaciones<\/strong><\/a>. Cada a\u00f1o, estas jornadas mejoran y se perfeccionan y ni siquiera una pandemia puede impedir que las realicemos de la mejor forma posible.<\/p>\n<p style=\"text-align: justify;\">Publicaremos toda la informaci\u00f3n al respecto en nuestra\u00a0<strong>web<\/strong>\u00a0y\u00a0<strong>RRSS.\u00a0<a title=\"Jornadas de Puertas Abiertas\" href=\"https:\/\/granada.salesianos.edu\/colegio\/jornadas-pa-general\/\" target=\"_blank\" rel=\"noopener noreferrer\">M\u00e1s informaci\u00f3n sobre las Jornadas de Puertas Abiertas<\/a><\/strong><\/p>\n<p style=\"text-align: justify;\">No obstante, a lo largo de todo el curso, si quiere conocer nuestro Centro, s\u00f3lo tiene que ponerse en contacto con nosotros y concertaremos una cita con nuestro Jefe de Estudios.<\/p>\n<p>[\/et_pb_toggle][et_pb_toggle title=\u00bb\u00bfC\u00faal es nuestra metodolog\u00eda?\u00bb _builder_version=\u00bb4.20.0&#8243; title_text_color=\u00bb#e02b20&#8243; title_font_size=\u00bb24px\u00bb border_radii=\u00bbon|4px|4px|4px|4px\u00bb border_width_all=\u00bb2px\u00bb border_color_all=\u00bb#e02b20&#8243; global_colors_info=\u00bb{}\u00bb]<\/p>\n<p style=\"text-align: justify;\"><strong>Desde hace a\u00f1os, estamos trabajando por proyectos.<\/strong> Nos apoyamos en el material curricular de la editorial EDEB\u00c9. La experiencia acumulada durante estos a\u00f1os, facilita que nuestro alumnado no s\u00f3lo aprenda sino que sea un ejemplo de participaci\u00f3n entre escuela y familias.<\/p>\n<p>[\/et_pb_toggle][et_pb_toggle title=\u00bb\u00bfLlevan uniforme? \u00bfD\u00f3nde se compra?\u00bb _builder_version=\u00bb4.20.0&#8243; title_text_color=\u00bb#e02b20&#8243; title_font_size=\u00bb24px\u00bb border_radii=\u00bbon|3px|3px|3px|3px\u00bb border_width_all=\u00bb2px\u00bb border_color_all=\u00bb#e02b20&#8243; global_colors_info=\u00bb{}\u00bb]<\/p>\n<p style=\"text-align: justify;\">Si. Los alumnos deber\u00e1n venir con el uniforme ordinario, y los d\u00edas \u00a0que asisten al aula de Psicomotricidad, traer\u00e1n\u00a0ropa deportiva.<\/p>\n<p style=\"text-align: justify;\">Durante los meses de septiembre y junio los alumnos de Infantil podr\u00e1n venir todos d\u00edas con ropa deportiva.<\/p>\n<p style=\"text-align: justify;\">El uniforme y ropa deportiva lo podr\u00e1n adquirir en el Corte Ingl\u00e9s.\u00a0<a style=\"font-size: 14px;\" href=\"https:\/\/granada.salesianos.edu\/colegio\/uniformes\/\">Mas informaci\u00f3n sobre los uniformes.<\/a><\/p>\n<p>[\/et_pb_toggle][et_pb_toggle title=\u00bb\u00bfEs una etapa biling\u00fce?\u00bb _builder_version=\u00bb4.20.0&#8243; title_text_color=\u00bb#e02b20&#8243; title_font_size=\u00bb24px\u00bb border_radii=\u00bbon|3px|3px|3px|3px\u00bb border_width_all=\u00bb2px\u00bb border_color_all=\u00bb#e02b20&#8243; global_colors_info=\u00bb{}\u00bb]<\/p>\n<p style=\"text-align: justify;\"><strong>S\u00ed, nuestra infantil es biling\u00fce.<\/strong> En la etapa contamos con dos docentes con el nivel y la certificaci\u00f3n en ingl\u00e9s adecuada para atender al alumnado de nuestra etapa de Infantil. En concreto, estamos trabajando el biling\u00fcismo desde dos de los \u00e1mbitos que se imparten: Ingl\u00e9s (como asignatura) y desde el Entorno.<\/p>\n<p>[\/et_pb_toggle][et_pb_toggle title=\u00bb\u00bfC\u00faal es el horario de entradas y salidas?\u00bb _builder_version=\u00bb4.16&#8243; title_text_color=\u00bb#e02b20&#8243; title_font_size=\u00bb24px\u00bb border_radii=\u00bbon|3px|3px|3px|3px\u00bb border_width_all=\u00bb2px\u00bb border_color_all=\u00bb#e02b20&#8243; global_colors_info=\u00bb{}\u00bb]Este curso, siguiendo el Protocolo COVID del centro, hemos establecido tres turnos diferenciados (por niveles) de entradas y salidas cada 10&#8242;.<\/p>\n<p>Usamos una \u00fanica zona (diferenciada del resto de salidas y entradas) para este alumnado. El sistema est\u00e1 siendo \u00e1gil y seguro.<br \/>\n[\/et_pb_toggle][et_pb_toggle title=\u00bb\u00bfQu\u00e9 pasa si llego tarde?\u00bb _builder_version=\u00bb4.20.0&#8243; title_text_color=\u00bb#e02b20&#8243; title_font_size=\u00bb24px\u00bb border_radii=\u00bbon|3px|3px|3px|3px\u00bb border_width_all=\u00bb2px\u00bb border_color_all=\u00bb#e02b20&#8243; global_colors_info=\u00bb{}\u00bb]<\/p>\n<p style=\"text-align: justify;\">Dado que cada nivel entra en un horario diferente, hasta que la \u00faltima clase no ha llegado al aula no se considera que un alumno\/a llega tarde.<\/p>\n<p style=\"text-align: justify;\">Si un alumno\/a llega tarde, entrar\u00e1 por la zona de conserjer\u00eda, y ser\u00e1 acompa\u00f1ado hasta su aula ya que las familias no pueden acceder al centro.<\/p>\n<p>[\/et_pb_toggle][et_pb_toggle title=\u00bb\u00bfQu\u00e9 puede llevar mi hijo\/-a para almorzar?\u00bb disabled_on=\u00bbon|on|on\u00bb _builder_version=\u00bb4.20.0&#8243; title_text_color=\u00bb#e02b20&#8243; title_font_size=\u00bb24px\u00bb border_radii=\u00bbon|3px|3px|3px|3px\u00bb border_width_all=\u00bb2px\u00bb border_color_all=\u00bb#e02b20&#8243; disabled=\u00bbon\u00bb global_colors_info=\u00bb{}\u00bb]<\/p>\n<p><strong>Almuerzos sanos y variados<\/strong>, tales como frutas y peque\u00f1os bocadillos.\u00a0<strong>Evitaremos zumos y batidos<\/strong><span>\u00a0<\/span>por su alto contenido en az\u00facar. En su lugar pueden sacar su<span>\u00a0<\/span><strong>botella de agua<\/strong><span>\u00a0<\/span>para beber durante el almuerzo. Los<span>\u00a0<\/span><strong>viernes es el d\u00eda de la fruta<\/strong><span>\u00a0<\/span>por lo que todos traeremos<span>\u00a0<\/span><strong>fruta que ya hayan probado previamente en casa<\/strong>.<\/p>\n<p>Recomendamos utilizar<span>\u00a0<\/span><strong>cantimploras y botellas de agua reutilizables<\/strong>. Para transportar el almuerzo pueden llevar bolsas de tela, t\u00e1peres, envoltorios de tela reutilizables para el bocata\u2026 de esta manera evitaremos el papel de aluminio y pl\u00e1sticos de un solo uso.<\/p>\n<p>Con sencillas medidas como estas,<span>\u00a0<\/span><strong>estaremos ayudando a preservar el planeta<\/strong><span>\u00a0<\/span>que heredar\u00e1n el d\u00eda de ma\u00f1ana nuestros hijos e hijas, educ\u00e1ndoles con el ejemplo en el<span>\u00a0<\/span><strong>cuidado y respeto por el medio ambiente<\/strong>.<\/p>\n<p>[\/et_pb_toggle][\/et_pb_column][et_pb_column type=\u00bb2_5&#8243; _builder_version=\u00bb4.16&#8243; global_colors_info=\u00bb{}\u00bb][et_pb_button button_url=\u00bbhttps:\/\/granada.salesianos.edu\/colegio\/qefamilia\/\u00bb url_new_window=\u00bbon\u00bb button_text=\u00bbApp QE\u00bb _builder_version=\u00bb4.16&#8243; custom_button=\u00bbon\u00bb button_text_color=\u00bb#ffffff\u00bb button_bg_color=\u00bb#e02b20&#8243; button_border_width=\u00bb0px\u00bb button_border_radius=\u00bb6px\u00bb button_font=\u00bb||||\u00bb custom_margin=\u00bb43px||||false|false\u00bb global_colors_info=\u00bb{}\u00bb button_text_size__hover_enabled=\u00bboff\u00bb button_text_size__hover=\u00bbnull\u00bb button_one_text_size__hover_enabled=\u00bboff\u00bb button_one_text_size__hover=\u00bbnull\u00bb button_two_text_size__hover_enabled=\u00bboff\u00bb button_two_text_size__hover=\u00bbnull\u00bb button_text_color__hover_enabled=\u00bboff\u00bb button_text_color__hover=\u00bbnull\u00bb button_one_text_color__hover_enabled=\u00bboff\u00bb button_one_text_color__hover=\u00bbnull\u00bb button_two_text_color__hover_enabled=\u00bboff\u00bb button_two_text_color__hover=\u00bbnull\u00bb button_border_width__hover_enabled=\u00bboff\u00bb button_border_width__hover=\u00bbnull\u00bb button_one_border_width__hover_enabled=\u00bboff\u00bb button_one_border_width__hover=\u00bbnull\u00bb button_two_border_width__hover_enabled=\u00bboff\u00bb button_two_border_width__hover=\u00bbnull\u00bb button_border_color__hover_enabled=\u00bboff\u00bb button_border_color__hover=\u00bbnull\u00bb button_one_border_color__hover_enabled=\u00bboff\u00bb button_one_border_color__hover=\u00bbnull\u00bb button_two_border_color__hover_enabled=\u00bboff\u00bb button_two_border_color__hover=\u00bbnull\u00bb button_border_radius__hover_enabled=\u00bboff\u00bb button_border_radius__hover=\u00bbnull\u00bb button_one_border_radius__hover_enabled=\u00bboff\u00bb button_one_border_radius__hover=\u00bbnull\u00bb button_two_border_radius__hover_enabled=\u00bboff\u00bb button_two_border_radius__hover=\u00bbnull\u00bb button_letter_spacing__hover_enabled=\u00bboff\u00bb button_letter_spacing__hover=\u00bbnull\u00bb button_one_letter_spacing__hover_enabled=\u00bboff\u00bb button_one_letter_spacing__hover=\u00bbnull\u00bb button_two_letter_spacing__hover_enabled=\u00bboff\u00bb button_two_letter_spacing__hover=\u00bbnull\u00bb button_bg_color__hover_enabled=\u00bboff\u00bb button_bg_color__hover=\u00bbnull\u00bb button_one_bg_color__hover_enabled=\u00bboff\u00bb button_one_bg_color__hover=\u00bbnull\u00bb button_two_bg_color__hover_enabled=\u00bboff\u00bb button_two_bg_color__hover=\u00bbnull\u00bb][\/et_pb_button][et_pb_button button_url=\u00bbhttps:\/\/granada.salesianos.edu\/colegio\/departamentodeorientacion\/\u00bb url_new_window=\u00bbon\u00bb button_text=\u00bbDept. de Orientaci\u00f3n\u00bb admin_label=\u00bbBot\u00f3n\u00bb _builder_version=\u00bb4.16&#8243; custom_button=\u00bbon\u00bb button_text_color=\u00bb#ffffff\u00bb button_bg_color=\u00bb#e02b20&#8243; button_border_width=\u00bb0px\u00bb button_border_radius=\u00bb6px\u00bb global_colors_info=\u00bb{}\u00bb button_text_size__hover_enabled=\u00bboff\u00bb button_text_size__hover=\u00bbnull\u00bb button_one_text_size__hover_enabled=\u00bboff\u00bb button_one_text_size__hover=\u00bbnull\u00bb button_two_text_size__hover_enabled=\u00bboff\u00bb button_two_text_size__hover=\u00bbnull\u00bb button_text_color__hover_enabled=\u00bboff\u00bb button_text_color__hover=\u00bbnull\u00bb button_one_text_color__hover_enabled=\u00bboff\u00bb button_one_text_color__hover=\u00bbnull\u00bb button_two_text_color__hover_enabled=\u00bboff\u00bb button_two_text_color__hover=\u00bbnull\u00bb button_border_width__hover_enabled=\u00bboff\u00bb button_border_width__hover=\u00bbnull\u00bb button_one_border_width__hover_enabled=\u00bboff\u00bb button_one_border_width__hover=\u00bbnull\u00bb button_two_border_width__hover_enabled=\u00bboff\u00bb button_two_border_width__hover=\u00bbnull\u00bb button_border_color__hover_enabled=\u00bboff\u00bb button_border_color__hover=\u00bbnull\u00bb button_one_border_color__hover_enabled=\u00bboff\u00bb button_one_border_color__hover=\u00bbnull\u00bb button_two_border_color__hover_enabled=\u00bboff\u00bb button_two_border_color__hover=\u00bbnull\u00bb button_border_radius__hover_enabled=\u00bboff\u00bb button_border_radius__hover=\u00bbnull\u00bb button_one_border_radius__hover_enabled=\u00bboff\u00bb button_one_border_radius__hover=\u00bbnull\u00bb button_two_border_radius__hover_enabled=\u00bboff\u00bb button_two_border_radius__hover=\u00bbnull\u00bb button_letter_spacing__hover_enabled=\u00bboff\u00bb button_letter_spacing__hover=\u00bbnull\u00bb button_one_letter_spacing__hover_enabled=\u00bboff\u00bb button_one_letter_spacing__hover=\u00bbnull\u00bb button_two_letter_spacing__hover_enabled=\u00bboff\u00bb button_two_letter_spacing__hover=\u00bbnull\u00bb button_bg_color__hover_enabled=\u00bboff\u00bb button_bg_color__hover=\u00bbnull\u00bb button_one_bg_color__hover_enabled=\u00bboff\u00bb button_one_bg_color__hover=\u00bbnull\u00bb button_two_bg_color__hover_enabled=\u00bboff\u00bb button_two_bg_color__hover=\u00bbnull\u00bb][\/et_pb_button][et_pb_button button_url=\u00bbhttps:\/\/granada.salesianos.edu\/colegio\/comedor\/\u00bb url_new_window=\u00bbon\u00bb button_text=\u00bbComedor\u00bb _builder_version=\u00bb4.16&#8243; custom_button=\u00bbon\u00bb button_text_color=\u00bb#ffffff\u00bb button_bg_color=\u00bb#e02b20&#8243; button_border_width=\u00bb0px\u00bb button_border_radius=\u00bb6px\u00bb global_colors_info=\u00bb{}\u00bb button_text_size__hover_enabled=\u00bboff\u00bb button_text_size__hover=\u00bbnull\u00bb button_one_text_size__hover_enabled=\u00bboff\u00bb button_one_text_size__hover=\u00bbnull\u00bb button_two_text_size__hover_enabled=\u00bboff\u00bb button_two_text_size__hover=\u00bbnull\u00bb button_text_color__hover_enabled=\u00bboff\u00bb button_text_color__hover=\u00bbnull\u00bb button_one_text_color__hover_enabled=\u00bboff\u00bb button_one_text_color__hover=\u00bbnull\u00bb button_two_text_color__hover_enabled=\u00bboff\u00bb button_two_text_color__hover=\u00bbnull\u00bb button_border_width__hover_enabled=\u00bboff\u00bb button_border_width__hover=\u00bbnull\u00bb button_one_border_width__hover_enabled=\u00bboff\u00bb button_one_border_width__hover=\u00bbnull\u00bb button_two_border_width__hover_enabled=\u00bboff\u00bb button_two_border_width__hover=\u00bbnull\u00bb button_border_color__hover_enabled=\u00bboff\u00bb button_border_color__hover=\u00bbnull\u00bb button_one_border_color__hover_enabled=\u00bboff\u00bb button_one_border_color__hover=\u00bbnull\u00bb button_two_border_color__hover_enabled=\u00bboff\u00bb button_two_border_color__hover=\u00bbnull\u00bb button_border_radius__hover_enabled=\u00bboff\u00bb button_border_radius__hover=\u00bbnull\u00bb button_one_border_radius__hover_enabled=\u00bboff\u00bb button_one_border_radius__hover=\u00bbnull\u00bb button_two_border_radius__hover_enabled=\u00bboff\u00bb button_two_border_radius__hover=\u00bbnull\u00bb button_letter_spacing__hover_enabled=\u00bboff\u00bb button_letter_spacing__hover=\u00bbnull\u00bb button_one_letter_spacing__hover_enabled=\u00bboff\u00bb button_one_letter_spacing__hover=\u00bbnull\u00bb button_two_letter_spacing__hover_enabled=\u00bboff\u00bb button_two_letter_spacing__hover=\u00bbnull\u00bb button_bg_color__hover_enabled=\u00bboff\u00bb button_bg_color__hover=\u00bbnull\u00bb button_one_bg_color__hover_enabled=\u00bboff\u00bb button_one_bg_color__hover=\u00bbnull\u00bb button_two_bg_color__hover_enabled=\u00bboff\u00bb button_two_bg_color__hover=\u00bbnull\u00bb][\/et_pb_button][et_pb_button button_url=\u00bbhttps:\/\/granada.salesianos.edu\/colegio\/aulamatinalypermanencia\/\u00bb url_new_window=\u00bbon\u00bb button_text=\u00bbAula matinal y de permanencia\u00bb _builder_version=\u00bb4.16&#8243; custom_button=\u00bbon\u00bb button_text_color=\u00bb#ffffff\u00bb button_bg_color=\u00bb#e02b20&#8243; button_border_width=\u00bb0px\u00bb button_border_radius=\u00bb6px\u00bb global_colors_info=\u00bb{}\u00bb button_text_size__hover_enabled=\u00bboff\u00bb button_text_size__hover=\u00bbnull\u00bb button_one_text_size__hover_enabled=\u00bboff\u00bb button_one_text_size__hover=\u00bbnull\u00bb button_two_text_size__hover_enabled=\u00bboff\u00bb button_two_text_size__hover=\u00bbnull\u00bb button_text_color__hover_enabled=\u00bboff\u00bb button_text_color__hover=\u00bbnull\u00bb button_one_text_color__hover_enabled=\u00bboff\u00bb button_one_text_color__hover=\u00bbnull\u00bb button_two_text_color__hover_enabled=\u00bboff\u00bb button_two_text_color__hover=\u00bbnull\u00bb button_border_width__hover_enabled=\u00bboff\u00bb button_border_width__hover=\u00bbnull\u00bb button_one_border_width__hover_enabled=\u00bboff\u00bb button_one_border_width__hover=\u00bbnull\u00bb button_two_border_width__hover_enabled=\u00bboff\u00bb button_two_border_width__hover=\u00bbnull\u00bb button_border_color__hover_enabled=\u00bboff\u00bb button_border_color__hover=\u00bbnull\u00bb button_one_border_color__hover_enabled=\u00bboff\u00bb button_one_border_color__hover=\u00bbnull\u00bb button_two_border_color__hover_enabled=\u00bboff\u00bb button_two_border_color__hover=\u00bbnull\u00bb button_border_radius__hover_enabled=\u00bboff\u00bb button_border_radius__hover=\u00bbnull\u00bb button_one_border_radius__hover_enabled=\u00bboff\u00bb button_one_border_radius__hover=\u00bbnull\u00bb button_two_border_radius__hover_enabled=\u00bboff\u00bb button_two_border_radius__hover=\u00bbnull\u00bb button_letter_spacing__hover_enabled=\u00bboff\u00bb button_letter_spacing__hover=\u00bbnull\u00bb button_one_letter_spacing__hover_enabled=\u00bboff\u00bb button_one_letter_spacing__hover=\u00bbnull\u00bb button_two_letter_spacing__hover_enabled=\u00bboff\u00bb button_two_letter_spacing__hover=\u00bbnull\u00bb button_bg_color__hover_enabled=\u00bboff\u00bb button_bg_color__hover=\u00bbnull\u00bb button_one_bg_color__hover_enabled=\u00bboff\u00bb button_one_bg_color__hover=\u00bbnull\u00bb button_two_bg_color__hover_enabled=\u00bboff\u00bb button_two_bg_color__hover=\u00bbnull\u00bb][\/et_pb_button][et_pb_button button_url=\u00bbhttps:\/\/granada.salesianos.edu\/colegio\/uniformes\/\u00bb url_new_window=\u00bbon\u00bb button_text=\u00bbUniforme Escolar\u00bb _builder_version=\u00bb4.16&#8243; custom_button=\u00bbon\u00bb button_text_color=\u00bb#ffffff\u00bb button_bg_color=\u00bb#e02b20&#8243; button_border_width=\u00bb0px\u00bb button_border_radius=\u00bb6px\u00bb global_colors_info=\u00bb{}\u00bb button_text_size__hover_enabled=\u00bboff\u00bb button_text_size__hover=\u00bbnull\u00bb button_one_text_size__hover_enabled=\u00bboff\u00bb button_one_text_size__hover=\u00bbnull\u00bb button_two_text_size__hover_enabled=\u00bboff\u00bb button_two_text_size__hover=\u00bbnull\u00bb button_text_color__hover_enabled=\u00bboff\u00bb button_text_color__hover=\u00bbnull\u00bb button_one_text_color__hover_enabled=\u00bboff\u00bb button_one_text_color__hover=\u00bbnull\u00bb button_two_text_color__hover_enabled=\u00bboff\u00bb button_two_text_color__hover=\u00bbnull\u00bb button_border_width__hover_enabled=\u00bboff\u00bb button_border_width__hover=\u00bbnull\u00bb button_one_border_width__hover_enabled=\u00bboff\u00bb button_one_border_width__hover=\u00bbnull\u00bb button_two_border_width__hover_enabled=\u00bboff\u00bb button_two_border_width__hover=\u00bbnull\u00bb button_border_color__hover_enabled=\u00bboff\u00bb button_border_color__hover=\u00bbnull\u00bb button_one_border_color__hover_enabled=\u00bboff\u00bb button_one_border_color__hover=\u00bbnull\u00bb button_two_border_color__hover_enabled=\u00bboff\u00bb button_two_border_color__hover=\u00bbnull\u00bb button_border_radius__hover_enabled=\u00bboff\u00bb button_border_radius__hover=\u00bbnull\u00bb button_one_border_radius__hover_enabled=\u00bboff\u00bb button_one_border_radius__hover=\u00bbnull\u00bb button_two_border_radius__hover_enabled=\u00bboff\u00bb button_two_border_radius__hover=\u00bbnull\u00bb button_letter_spacing__hover_enabled=\u00bboff\u00bb button_letter_spacing__hover=\u00bbnull\u00bb button_one_letter_spacing__hover_enabled=\u00bboff\u00bb button_one_letter_spacing__hover=\u00bbnull\u00bb button_two_letter_spacing__hover_enabled=\u00bboff\u00bb button_two_letter_spacing__hover=\u00bbnull\u00bb button_bg_color__hover_enabled=\u00bboff\u00bb button_bg_color__hover=\u00bbnull\u00bb button_one_bg_color__hover_enabled=\u00bboff\u00bb button_one_bg_color__hover=\u00bbnull\u00bb button_two_bg_color__hover_enabled=\u00bboff\u00bb button_two_bg_color__hover=\u00bbnull\u00bb][\/et_pb_button][et_pb_button button_url=\u00bbhttps:\/\/granada.salesianos.edu\/colegio\/extraescolares\/\u00bb url_new_window=\u00bbon\u00bb button_text=\u00bbActividades extraescolares\u00bb _builder_version=\u00bb4.16&#8243; custom_button=\u00bbon\u00bb button_text_color=\u00bb#ffffff\u00bb button_bg_color=\u00bb#e02b20&#8243; button_border_width=\u00bb0px\u00bb button_border_radius=\u00bb6px\u00bb global_colors_info=\u00bb{}\u00bb button_text_size__hover_enabled=\u00bboff\u00bb button_text_size__hover=\u00bbnull\u00bb button_one_text_size__hover_enabled=\u00bboff\u00bb button_one_text_size__hover=\u00bbnull\u00bb button_two_text_size__hover_enabled=\u00bboff\u00bb button_two_text_size__hover=\u00bbnull\u00bb button_text_color__hover_enabled=\u00bboff\u00bb button_text_color__hover=\u00bbnull\u00bb button_one_text_color__hover_enabled=\u00bboff\u00bb button_one_text_color__hover=\u00bbnull\u00bb button_two_text_color__hover_enabled=\u00bboff\u00bb button_two_text_color__hover=\u00bbnull\u00bb button_border_width__hover_enabled=\u00bboff\u00bb button_border_width__hover=\u00bbnull\u00bb button_one_border_width__hover_enabled=\u00bboff\u00bb button_one_border_width__hover=\u00bbnull\u00bb button_two_border_width__hover_enabled=\u00bboff\u00bb button_two_border_width__hover=\u00bbnull\u00bb button_border_color__hover_enabled=\u00bboff\u00bb button_border_color__hover=\u00bbnull\u00bb button_one_border_color__hover_enabled=\u00bboff\u00bb button_one_border_color__hover=\u00bbnull\u00bb button_two_border_color__hover_enabled=\u00bboff\u00bb button_two_border_color__hover=\u00bbnull\u00bb button_border_radius__hover_enabled=\u00bboff\u00bb button_border_radius__hover=\u00bbnull\u00bb button_one_border_radius__hover_enabled=\u00bboff\u00bb button_one_border_radius__hover=\u00bbnull\u00bb button_two_border_radius__hover_enabled=\u00bboff\u00bb button_two_border_radius__hover=\u00bbnull\u00bb button_letter_spacing__hover_enabled=\u00bboff\u00bb button_letter_spacing__hover=\u00bbnull\u00bb button_one_letter_spacing__hover_enabled=\u00bboff\u00bb button_one_letter_spacing__hover=\u00bbnull\u00bb button_two_letter_spacing__hover_enabled=\u00bboff\u00bb button_two_letter_spacing__hover=\u00bbnull\u00bb button_bg_color__hover_enabled=\u00bboff\u00bb button_bg_color__hover=\u00bbnull\u00bb button_one_bg_color__hover_enabled=\u00bboff\u00bb button_one_bg_color__hover=\u00bbnull\u00bb button_two_bg_color__hover_enabled=\u00bboff\u00bb button_two_bg_color__hover=\u00bbnull\u00bb][\/et_pb_button][et_pb_button button_url=\u00bbhttps:\/\/granada.salesianos.edu\/colegio\/instalaciones-infantil\/\u00bb button_text=\u00bbInstalaciones\u00bb disabled_on=\u00bboff|off|off\u00bb _builder_version=\u00bb4.16&#8243; custom_button=\u00bbon\u00bb button_text_color=\u00bb#ffffff\u00bb button_bg_color=\u00bb#e02b20&#8243; button_border_width=\u00bb0px\u00bb button_border_radius=\u00bb6px\u00bb vertical_offset_tablet=\u00bb0&#8243; horizontal_offset_tablet=\u00bb0&#8243; z_index_tablet=\u00bb0&#8243; button_text_shadow_horizontal_length_tablet=\u00bb0px\u00bb button_text_shadow_vertical_length_tablet=\u00bb0px\u00bb button_text_shadow_blur_strength_tablet=\u00bb1px\u00bb box_shadow_horizontal_tablet=\u00bb0px\u00bb box_shadow_vertical_tablet=\u00bb0px\u00bb box_shadow_blur_tablet=\u00bb40px\u00bb box_shadow_spread_tablet=\u00bb0px\u00bb global_colors_info=\u00bb{}\u00bb button_text_size__hover_enabled=\u00bboff\u00bb button_text_size__hover=\u00bbnull\u00bb button_one_text_size__hover_enabled=\u00bboff\u00bb button_one_text_size__hover=\u00bbnull\u00bb button_two_text_size__hover_enabled=\u00bboff\u00bb button_two_text_size__hover=\u00bbnull\u00bb button_text_color__hover_enabled=\u00bboff\u00bb button_text_color__hover=\u00bbnull\u00bb button_one_text_color__hover_enabled=\u00bboff\u00bb button_one_text_color__hover=\u00bbnull\u00bb button_two_text_color__hover_enabled=\u00bboff\u00bb button_two_text_color__hover=\u00bbnull\u00bb button_border_width__hover_enabled=\u00bboff\u00bb button_border_width__hover=\u00bbnull\u00bb button_one_border_width__hover_enabled=\u00bboff\u00bb button_one_border_width__hover=\u00bbnull\u00bb button_two_border_width__hover_enabled=\u00bboff\u00bb button_two_border_width__hover=\u00bbnull\u00bb button_border_color__hover_enabled=\u00bboff\u00bb button_border_color__hover=\u00bbnull\u00bb button_one_border_color__hover_enabled=\u00bboff\u00bb button_one_border_color__hover=\u00bbnull\u00bb button_two_border_color__hover_enabled=\u00bboff\u00bb button_two_border_color__hover=\u00bbnull\u00bb button_border_radius__hover_enabled=\u00bboff\u00bb button_border_radius__hover=\u00bbnull\u00bb button_one_border_radius__hover_enabled=\u00bboff\u00bb button_one_border_radius__hover=\u00bbnull\u00bb button_two_border_radius__hover_enabled=\u00bboff\u00bb button_two_border_radius__hover=\u00bbnull\u00bb button_letter_spacing__hover_enabled=\u00bboff\u00bb button_letter_spacing__hover=\u00bbnull\u00bb button_one_letter_spacing__hover_enabled=\u00bboff\u00bb button_one_letter_spacing__hover=\u00bbnull\u00bb button_two_letter_spacing__hover_enabled=\u00bboff\u00bb button_two_letter_spacing__hover=\u00bbnull\u00bb button_bg_color__hover_enabled=\u00bboff\u00bb button_bg_color__hover=\u00bbnull\u00bb button_one_bg_color__hover_enabled=\u00bboff\u00bb button_one_bg_color__hover=\u00bbnull\u00bb button_two_bg_color__hover_enabled=\u00bboff\u00bb button_two_bg_color__hover=\u00bbnull\u00bb][\/et_pb_button][\/et_pb_column][\/et_pb_row][et_pb_row _builder_version=\u00bb4.16&#8243; background_size=\u00bbinitial\u00bb background_position=\u00bbtop_left\u00bb background_repeat=\u00bbrepeat\u00bb custom_margin=\u00bb25px|||\u00bb custom_padding=\u00bb25px|0px|5px|0px\u00bb locked=\u00bboff\u00bb global_colors_info=\u00bb{}\u00bb][et_pb_column type=\u00bb4_4&#8243; _builder_version=\u00bb4.16&#8243; background_position=\u00bbtop_left\u00bb custom_padding=\u00bb|||\u00bb global_colors_info=\u00bb{}\u00bb custom_padding__hover=\u00bb|||\u00bb][et_pb_text admin_label=\u00bbDestacado (Texto)\u00bb _builder_version=\u00bb4.16&#8243; text_font=\u00bbArial||||\u00bb text_text_color=\u00bb#636a70&#8243; text_font_size=\u00bb22&#8243; text_line_height=\u00bb1.6em\u00bb header_font=\u00bbArial||||\u00bb header_text_color=\u00bb#636a70&#8243; header_font_size=\u00bb46px\u00bb background_size=\u00bbinitial\u00bb background_position=\u00bbtop_left\u00bb background_repeat=\u00bbrepeat\u00bb global_colors_info=\u00bb{}\u00bb]<\/p>\n<p class=\"\"><strong>EDUCACI\u00d3N INFANTIL EN SALESIANOS GRANADA <\/strong><strong><img loading=\"lazy\" decoding=\"async\" class=\"wp-image-1598 alignleft\" src=\"https:\/\/alicante.salesianos.edu\/wp-content\/uploads\/2017\/07\/destacados.png\" alt=\"\" width=\"29\" height=\"30\" \/><\/strong><\/p>\n<p>[\/et_pb_text][\/et_pb_column][\/et_pb_row][et_pb_row column_structure=\u00bb1_2,1_2&#8243; _builder_version=\u00bb4.20.1&#8243; _module_preset=\u00bbdefault\u00bb global_colors_info=\u00bb{}\u00bb][et_pb_column type=\u00bb1_2&#8243; _builder_version=\u00bb4.20.1&#8243; _module_preset=\u00bbdefault\u00bb global_colors_info=\u00bb{}\u00bb][et_pb_video src=\u00bbhttps:\/\/youtu.be\/-wMhLnK-3vc\u00bb _builder_version=\u00bb4.20.1&#8243; _module_preset=\u00bbdefault\u00bb global_colors_info=\u00bb{}\u00bb][\/et_pb_video][\/et_pb_column][et_pb_column type=\u00bb1_2&#8243; _builder_version=\u00bb4.20.1&#8243; _module_preset=\u00bbdefault\u00bb global_colors_info=\u00bb{}\u00bb][et_pb_video src=\u00bbhttps:\/\/youtu.be\/OAoGFtQR3EQ\u00bb src_tablet=\u00bbhttps:\/\/youtu.be\/OAoGFtQR3EQ\u00bb src_phone=\u00bbhttps:\/\/youtu.be\/OAoGFtQR3EQ\u00bb src_last_edited=\u00bbon|desktop\u00bb _builder_version=\u00bb4.20.1&#8243; _module_preset=\u00bbdefault\u00bb global_colors_info=\u00bb{}\u00bb][\/et_pb_video][\/et_pb_column][\/et_pb_row][et_pb_row column_structure=\u00bb1_2,1_2&#8243; _builder_version=\u00bb4.16&#8243; locked=\u00bboff\u00bb global_colors_info=\u00bb{}\u00bb][et_pb_column type=\u00bb1_2&#8243; _builder_version=\u00bb4.16&#8243; global_colors_info=\u00bb{}\u00bb][et_pb_code _builder_version=\u00bb4.16&#8243; global_colors_info=\u00bb{}\u00bb]<iframe loading=\"lazy\" src=\"https:\/\/www.youtube.com\/embed\/UIbbGl4Wlpo\" width=\"560\" height=\"315\" frameborder=\"0\" allowfullscreen=\"allowfullscreen\"><\/iframe>[\/et_pb_code][et_pb_code _builder_version=\u00bb4.20.0&#8243; global_colors_info=\u00bb{}\u00bb]<iframe loading=\"lazy\" width=\"560\" height=\"315\" src=\"https:\/\/www.youtube.com\/embed\/IdclMn43IbM\" title=\"YouTube video player\" frameborder=\"0\" allow=\"accelerometer; autoplay; clipboard-write; encrypted-media; gyroscope; picture-in-picture; web-share\" allowfullscreen><\/iframe>[\/et_pb_code][\/et_pb_column][et_pb_column type=\u00bb1_2&#8243; _builder_version=\u00bb4.16&#8243; global_colors_info=\u00bb{}\u00bb][et_pb_code _builder_version=\u00bb4.16&#8243; global_colors_info=\u00bb{}\u00bb]<iframe loading=\"lazy\" src=\"https:\/\/www.youtube.com\/embed\/xHD2i8vRWas\" width=\"560\" height=\"315\" frameborder=\"0\" allowfullscreen=\"allowfullscreen\"><\/iframe>[\/et_pb_code][et_pb_code _builder_version=\u00bb4.16&#8243; global_colors_info=\u00bb{}\u00bb]<iframe loading=\"lazy\" src=\"https:\/\/www.youtube.com\/embed\/LhIP_OWSG_U\" width=\"560\" height=\"315\" frameborder=\"0\" allowfullscreen=\"allowfullscreen\"><\/iframe>[\/et_pb_code][\/et_pb_column][\/et_pb_row][et_pb_row _builder_version=\u00bb4.16&#8243; custom_margin=\u00bb-19px||||false|false\u00bb global_colors_info=\u00bb{}\u00bb][et_pb_column type=\u00bb4_4&#8243; _builder_version=\u00bb4.16&#8243; global_colors_info=\u00bb{}\u00bb][et_pb_text admin_label=\u00bbNoticias de la casa (Texto)\u00bb _builder_version=\u00bb4.18.0&#8243; text_font=\u00bbArial||||\u00bb text_text_color=\u00bb#636a70&#8243; text_font_size=\u00bb22&#8243; text_line_height=\u00bb1.6em\u00bb header_font=\u00bbArial||||\u00bb header_text_color=\u00bb#636a70&#8243; header_font_size=\u00bb46px\u00bb background_size=\u00bbinitial\u00bb background_position=\u00bbtop_left\u00bb background_repeat=\u00bbrepeat\u00bb custom_margin=\u00bb||25px|\u00bb custom_padding=\u00bb|||\u00bb saved_tabs=\u00bball\u00bb global_colors_info=\u00bb{}\u00bb]<\/p>\n<p class=\"\"><strong>Noticias de Infantil<\/strong><strong><img loading=\"lazy\" decoding=\"async\" class=\"wp-image-1598 alignleft\" src=\"https:\/\/alicante.salesianos.edu\/wp-content\/uploads\/2017\/03\/Captura-de-pantalla-2017-05-24-a-las-13.27.09.png\" alt=\"\" width=\"29\" height=\"30\" \/><\/strong><\/p>\n<p>[\/et_pb_text][et_pb_blog fullwidth=\u00bboff\u00bb posts_number=\u00bb3&#8243; include_categories=\u00bb26&#8243; meta_date=\u00bbj M, Y\u00bb show_more=\u00bbon\u00bb show_author=\u00bboff\u00bb show_categories=\u00bboff\u00bb use_overlay=\u00bbon\u00bb overlay_icon_color=\u00bb#e02b20&#8243; disabled_on=\u00bboff|on|off\u00bb admin_label=\u00bbUltimas noticias (Blog)\u00bb _builder_version=\u00bb4.18.0&#8243; header_font=\u00bb|on|||\u00bb header_text_color=\u00bb#c9361c\u00bb header_font_size=\u00bb22px\u00bb header_line_height=\u00bb1.2em\u00bb body_font=\u00bb||||\u00bb body_font_size=\u00bb12px\u00bb body_line_height=\u00bb1.5em\u00bb meta_font=\u00bb||on||\u00bb meta_font_size=\u00bb12&#8243; meta_line_height=\u00bb1.5em\u00bb animation_style=\u00bbfold\u00bb body_font_size_last_edited=\u00bboff|\u00bb pagination_font_size_tablet=\u00bb51&#8243; pagination_line_height_tablet=\u00bb2&#8243; border_radii=\u00bbon|20px|20px|20px|20px\u00bb border_width_all=\u00bb0px\u00bb border_color_all_fullwidth=\u00bb#d8d8d8&#8243; use_border_color=\u00bbon\u00bb saved_tabs=\u00bball\u00bb global_colors_info=\u00bb{}\u00bb][\/et_pb_blog][\/et_pb_column][\/et_pb_row][\/et_pb_section]<\/p>\n","protected":false},"excerpt":{"rendered":"<p>Educaci\u00f3n Infantil: Un viaje a trav\u00e9s del conocimiento y la felicidad \u00a0\u00abEl mejor medio para hacer buenos a los ni\u00f1os es hacerlos felices\u00bb Oscar Wilde. &nbsp;Me llamo Teresa Marzo, soy Jefa de Estudios de Infantil y Primaria. Todos nacemos con unas determinadas potencialidades. Que las capacidades se desarrollen en mayor o menor grado depende, sobre [&hellip;]<\/p>\n","protected":false},"author":2,"featured_media":0,"parent":0,"menu_order":0,"comment_status":"closed","ping_status":"closed","template":"","meta":{"_et_pb_use_builder":"on","_et_pb_old_content":"","_et_gb_content_width":"","footnotes":""},"class_list":["post-13704","page","type-page","status-publish","hentry"],"yoast_head":"<!-- This site is optimized with the Yoast SEO plugin v28.3 - https:\/\/yoast.com\/product\/yoast-seo-wordpress\/ -->\n<title>Educaci\u00f3n Infantil - Colegio Salesiano<\/title>\n<meta name=\"description\" content=\"Nuestra etapa de infantil es biling\u00fce y apostamos por las metodolog\u00edas activas: cooperativo, proyectos, educaci\u00f3n emocional...\" \/>\n<meta name=\"robots\" content=\"index, follow, max-snippet:-1, max-image-preview:large, max-video-preview:-1\" \/>\n<link rel=\"canonical\" href=\"https:\/\/granada.salesianos.edu\/colegio\/infantil\/\" \/>\n<meta property=\"og:locale\" content=\"es_ES\" \/>\n<meta property=\"og:type\" content=\"article\" \/>\n<meta property=\"og:title\" content=\"Educaci\u00f3n Infantil - Colegio Salesiano\" \/>\n<meta property=\"og:description\" content=\"Nuestra etapa de infantil es biling\u00fce y apostamos por las metodolog\u00edas activas: cooperativo, proyectos, educaci\u00f3n emocional...\" \/>\n<meta property=\"og:url\" content=\"https:\/\/granada.salesianos.edu\/colegio\/infantil\/\" \/>\n<meta property=\"og:site_name\" content=\"Colegio Salesiano\" \/>\n<meta property=\"article:publisher\" content=\"https:\/\/www.facebook.com\/SalesianosGR\/\" \/>\n<meta property=\"article:modified_time\" content=\"2026-07-15T09:46:58+00:00\" \/>\n<meta property=\"og:image\" content=\"https:\/\/alicante.salesianos.edu\/wp-content\/uploads\/2017\/07\/destacados.png\" \/>\n<meta name=\"twitter:card\" content=\"summary_large_image\" \/>\n<meta name=\"twitter:site\" content=\"@GranadaSDB\" \/>\n<meta name=\"twitter:label1\" content=\"Tiempo de lectura\" \/>\n\t<meta name=\"twitter:data1\" content=\"8 minutos\" \/>\n<script type=\"application\/ld+json\" class=\"yoast-schema-graph\">{\"@context\":\"https:\\\/\\\/schema.org\",\"@graph\":[{\"@type\":\"WebPage\",\"@id\":\"https:\\\/\\\/granada.salesianos.edu\\\/colegio\\\/infantil\\\/\",\"url\":\"https:\\\/\\\/granada.salesianos.edu\\\/colegio\\\/infantil\\\/\",\"name\":\"Educaci\u00f3n Infantil - Colegio Salesiano\",\"isPartOf\":{\"@id\":\"https:\\\/\\\/granada.salesianos.edu\\\/colegio\\\/#website\"},\"primaryImageOfPage\":{\"@id\":\"https:\\\/\\\/granada.salesianos.edu\\\/colegio\\\/infantil\\\/#primaryimage\"},\"image\":{\"@id\":\"https:\\\/\\\/granada.salesianos.edu\\\/colegio\\\/infantil\\\/#primaryimage\"},\"thumbnailUrl\":\"https:\\\/\\\/alicante.salesianos.edu\\\/wp-content\\\/uploads\\\/2017\\\/07\\\/destacados.png\",\"datePublished\":\"2021-06-27T15:31:22+00:00\",\"dateModified\":\"2026-07-15T09:46:58+00:00\",\"description\":\"Nuestra etapa de infantil es biling\u00fce y apostamos por las metodolog\u00edas activas: cooperativo, proyectos, educaci\u00f3n emocional...\",\"breadcrumb\":{\"@id\":\"https:\\\/\\\/granada.salesianos.edu\\\/colegio\\\/infantil\\\/#breadcrumb\"},\"inLanguage\":\"es\",\"potentialAction\":[{\"@type\":\"ReadAction\",\"target\":[\"https:\\\/\\\/granada.salesianos.edu\\\/colegio\\\/infantil\\\/\"]}]},{\"@type\":\"ImageObject\",\"inLanguage\":\"es\",\"@id\":\"https:\\\/\\\/granada.salesianos.edu\\\/colegio\\\/infantil\\\/#primaryimage\",\"url\":\"https:\\\/\\\/alicante.salesianos.edu\\\/wp-content\\\/uploads\\\/2017\\\/07\\\/destacados.png\",\"contentUrl\":\"https:\\\/\\\/alicante.salesianos.edu\\\/wp-content\\\/uploads\\\/2017\\\/07\\\/destacados.png\"},{\"@type\":\"BreadcrumbList\",\"@id\":\"https:\\\/\\\/granada.salesianos.edu\\\/colegio\\\/infantil\\\/#breadcrumb\",\"itemListElement\":[{\"@type\":\"ListItem\",\"position\":1,\"name\":\"Portada\",\"item\":\"https:\\\/\\\/granada.salesianos.edu\\\/colegio\\\/\"},{\"@type\":\"ListItem\",\"position\":2,\"name\":\"Educaci\u00f3n Infantil\"}]},{\"@type\":\"WebSite\",\"@id\":\"https:\\\/\\\/granada.salesianos.edu\\\/colegio\\\/#website\",\"url\":\"https:\\\/\\\/granada.salesianos.edu\\\/colegio\\\/\",\"name\":\"Colegio Salesiano\",\"description\":\"P\u00e1gina oficial de Salesianos Granada San Juan Bosco\",\"publisher\":{\"@id\":\"https:\\\/\\\/granada.salesianos.edu\\\/colegio\\\/#organization\"},\"potentialAction\":[{\"@type\":\"SearchAction\",\"target\":{\"@type\":\"EntryPoint\",\"urlTemplate\":\"https:\\\/\\\/granada.salesianos.edu\\\/colegio\\\/?s={search_term_string}\"},\"query-input\":{\"@type\":\"PropertyValueSpecification\",\"valueRequired\":true,\"valueName\":\"search_term_string\"}}],\"inLanguage\":\"es\"},{\"@type\":\"Organization\",\"@id\":\"https:\\\/\\\/granada.salesianos.edu\\\/colegio\\\/#organization\",\"name\":\"Colegio Salesiano San Juan Bosco Granada\",\"url\":\"https:\\\/\\\/granada.salesianos.edu\\\/colegio\\\/\",\"logo\":{\"@type\":\"ImageObject\",\"inLanguage\":\"es\",\"@id\":\"https:\\\/\\\/granada.salesianos.edu\\\/colegio\\\/#\\\/schema\\\/logo\\\/image\\\/\",\"url\":\"https:\\\/\\\/granada.salesianos.edu\\\/colegio\\\/wp-content\\\/uploads\\\/sites\\\/2\\\/2021\\\/01\\\/GRANADAobraVN2.jpg\",\"contentUrl\":\"https:\\\/\\\/granada.salesianos.edu\\\/colegio\\\/wp-content\\\/uploads\\\/sites\\\/2\\\/2021\\\/01\\\/GRANADAobraVN2.jpg\",\"width\":2113,\"height\":1894,\"caption\":\"Colegio Salesiano San Juan Bosco Granada\"},\"image\":{\"@id\":\"https:\\\/\\\/granada.salesianos.edu\\\/colegio\\\/#\\\/schema\\\/logo\\\/image\\\/\"},\"sameAs\":[\"https:\\\/\\\/www.facebook.com\\\/SalesianosGR\\\/\",\"https:\\\/\\\/x.com\\\/GranadaSDB\",\"https:\\\/\\\/www.instagram.com\\\/salesianosgranada\\\/\",\"https:\\\/\\\/www.youtube.com\\\/channel\\\/UChkpZuhCf4Y5rYIcFT3CNxw?view_as=subscriber\"]}]}<\/script>\n<!-- \/ Yoast SEO plugin. -->","yoast_head_json":{"title":"Educaci\u00f3n Infantil - Colegio Salesiano","description":"Nuestra etapa de infantil es biling\u00fce y apostamos por las metodolog\u00edas activas: cooperativo, proyectos, educaci\u00f3n emocional...","robots":{"index":"index","follow":"follow","max-snippet":"max-snippet:-1","max-image-preview":"max-image-preview:large","max-video-preview":"max-video-preview:-1"},"canonical":"https:\/\/granada.salesianos.edu\/colegio\/infantil\/","og_locale":"es_ES","og_type":"article","og_title":"Educaci\u00f3n Infantil - Colegio Salesiano","og_description":"Nuestra etapa de infantil es biling\u00fce y apostamos por las metodolog\u00edas activas: cooperativo, proyectos, educaci\u00f3n emocional...","og_url":"https:\/\/granada.salesianos.edu\/colegio\/infantil\/","og_site_name":"Colegio Salesiano","article_publisher":"https:\/\/www.facebook.com\/SalesianosGR\/","article_modified_time":"2026-07-15T09:46:58+00:00","og_image":[{"url":"https:\/\/alicante.salesianos.edu\/wp-content\/uploads\/2017\/07\/destacados.png","type":"","width":"","height":""}],"twitter_card":"summary_large_image","twitter_site":"@GranadaSDB","twitter_misc":{"Tiempo de lectura":"8 minutos"},"schema":{"@context":"https:\/\/schema.org","@graph":[{"@type":"WebPage","@id":"https:\/\/granada.salesianos.edu\/colegio\/infantil\/","url":"https:\/\/granada.salesianos.edu\/colegio\/infantil\/","name":"Educaci\u00f3n Infantil - Colegio Salesiano","isPartOf":{"@id":"https:\/\/granada.salesianos.edu\/colegio\/#website"},"primaryImageOfPage":{"@id":"https:\/\/granada.salesianos.edu\/colegio\/infantil\/#primaryimage"},"image":{"@id":"https:\/\/granada.salesianos.edu\/colegio\/infantil\/#primaryimage"},"thumbnailUrl":"https:\/\/alicante.salesianos.edu\/wp-content\/uploads\/2017\/07\/destacados.png","datePublished":"2021-06-27T15:31:22+00:00","dateModified":"2026-07-15T09:46:58+00:00","description":"Nuestra etapa de infantil es biling\u00fce y apostamos por las metodolog\u00edas activas: cooperativo, proyectos, educaci\u00f3n emocional...","breadcrumb":{"@id":"https:\/\/granada.salesianos.edu\/colegio\/infantil\/#breadcrumb"},"inLanguage":"es","potentialAction":[{"@type":"ReadAction","target":["https:\/\/granada.salesianos.edu\/colegio\/infantil\/"]}]},{"@type":"ImageObject","inLanguage":"es","@id":"https:\/\/granada.salesianos.edu\/colegio\/infantil\/#primaryimage","url":"https:\/\/alicante.salesianos.edu\/wp-content\/uploads\/2017\/07\/destacados.png","contentUrl":"https:\/\/alicante.salesianos.edu\/wp-content\/uploads\/2017\/07\/destacados.png"},{"@type":"BreadcrumbList","@id":"https:\/\/granada.salesianos.edu\/colegio\/infantil\/#breadcrumb","itemListElement":[{"@type":"ListItem","position":1,"name":"Portada","item":"https:\/\/granada.salesianos.edu\/colegio\/"},{"@type":"ListItem","position":2,"name":"Educaci\u00f3n Infantil"}]},{"@type":"WebSite","@id":"https:\/\/granada.salesianos.edu\/colegio\/#website","url":"https:\/\/granada.salesianos.edu\/colegio\/","name":"Colegio Salesiano","description":"P\u00e1gina oficial de Salesianos Granada San Juan Bosco","publisher":{"@id":"https:\/\/granada.salesianos.edu\/colegio\/#organization"},"potentialAction":[{"@type":"SearchAction","target":{"@type":"EntryPoint","urlTemplate":"https:\/\/granada.salesianos.edu\/colegio\/?s={search_term_string}"},"query-input":{"@type":"PropertyValueSpecification","valueRequired":true,"valueName":"search_term_string"}}],"inLanguage":"es"},{"@type":"Organization","@id":"https:\/\/granada.salesianos.edu\/colegio\/#organization","name":"Colegio Salesiano San Juan Bosco Granada","url":"https:\/\/granada.salesianos.edu\/colegio\/","logo":{"@type":"ImageObject","inLanguage":"es","@id":"https:\/\/granada.salesianos.edu\/colegio\/#\/schema\/logo\/image\/","url":"https:\/\/granada.salesianos.edu\/colegio\/wp-content\/uploads\/sites\/2\/2021\/01\/GRANADAobraVN2.jpg","contentUrl":"https:\/\/granada.salesianos.edu\/colegio\/wp-content\/uploads\/sites\/2\/2021\/01\/GRANADAobraVN2.jpg","width":2113,"height":1894,"caption":"Colegio Salesiano San Juan Bosco Granada"},"image":{"@id":"https:\/\/granada.salesianos.edu\/colegio\/#\/schema\/logo\/image\/"},"sameAs":["https:\/\/www.facebook.com\/SalesianosGR\/","https:\/\/x.com\/GranadaSDB","https:\/\/www.instagram.com\/salesianosgranada\/","https:\/\/www.youtube.com\/channel\/UChkpZuhCf4Y5rYIcFT3CNxw?view_as=subscriber"]}]}},"_links":{"self":[{"href":"https:\/\/granada.salesianos.edu\/colegio\/wp-json\/wp\/v2\/pages\/13704","targetHints":{"allow":["GET"]}}],"collection":[{"href":"https:\/\/granada.salesianos.edu\/colegio\/wp-json\/wp\/v2\/pages"}],"about":[{"href":"https:\/\/granada.salesianos.edu\/colegio\/wp-json\/wp\/v2\/types\/page"}],"author":[{"embeddable":true,"href":"https:\/\/granada.salesianos.edu\/colegio\/wp-json\/wp\/v2\/users\/2"}],"replies":[{"embeddable":true,"href":"https:\/\/granada.salesianos.edu\/colegio\/wp-json\/wp\/v2\/comments?post=13704"}],"version-history":[{"count":97,"href":"https:\/\/granada.salesianos.edu\/colegio\/wp-json\/wp\/v2\/pages\/13704\/revisions"}],"predecessor-version":[{"id":115691,"href":"https:\/\/granada.salesianos.edu\/colegio\/wp-json\/wp\/v2\/pages\/13704\/revisions\/115691"}],"wp:attachment":[{"href":"https:\/\/granada.salesianos.edu\/colegio\/wp-json\/wp\/v2\/media?parent=13704"}],"curies":[{"name":"wp","href":"https:\/\/api.w.org\/{rel}","templated":true}]}}