{"id":13821,"date":"2021-06-30T01:05:02","date_gmt":"2021-06-29T23:05:02","guid":{"rendered":"https:\/\/granada.salesianos.edu\/colegio\/?page_id=13821"},"modified":"2025-10-27T23:18:56","modified_gmt":"2025-10-27T21:18:56","slug":"programaaldea","status":"publish","type":"page","link":"https:\/\/granada.salesianos.edu\/colegio\/programaaldea\/","title":{"rendered":"Programa ALDEA"},"content":{"rendered":"<div id=\"fb-root\"><\/div>\n<p>[et_pb_section fb_built=\u00bb1&#8243; fullwidth=\u00bbon\u00bb next_background_color=\u00bb#ffffff\u00bb _builder_version=\u00bb4.27.4&#8243; background_image=\u00bbhttps:\/\/granada.salesianos.edu\/colegio\/wp-content\/uploads\/sites\/2\/2020\/02\/fondo_novedades_web.png\u00bb bottom_divider_style=\u00bbasymmetric2&#8243; saved_tabs=\u00bball\u00bb global_colors_info=\u00bb{}\u00bb global_module=\u00bb20660&#8243; theme_builder_area=\u00bbpost_content\u00bb][et_pb_fullwidth_header title=\u00bb@ET-DC@eyJkeW5hbWljIjp0cnVlLCJjb250ZW50IjoicG9zdF90aXRsZSIsInNldHRpbmdzIjp7ImJlZm9yZSI6IiIsImFmdGVyIjoiIn19@\u00bb title_font_color=\u00bb#ffffff\u00bb content_max_width_tablet=\u00bb88%\u00bb content_max_width_phone=\u00bb79%\u00bb content_max_width_last_edited=\u00bbon|phone\u00bb module_class=\u00bbpagina-imagen-cabecera\u00bb _builder_version=\u00bb4.27.4&#8243; _dynamic_attributes=\u00bbtitle\u00bb title_text_color=\u00bb#ffffff\u00bb title_font_size=\u00bb40px\u00bb background_color=\u00bbrgba(255, 255, 255, 0)\u00bb background_enable_image=\u00bboff\u00bb background_position=\u00bbbottom_left\u00bb transform_translate=\u00bb91px|91px\u00bb max_width_tablet=\u00bb50px\u00bb min_height=\u00bb329px\u00bb custom_padding=\u00bb||127px|||\u00bb background_url=\u00bbhttps:\/\/alicante.salesianos.edu\/colegio\/wp-content\/uploads\/sites\/2\/2017\/03\/Captura-de-pantalla-2017-03-21-a-las-17.25.56.png\u00bb global_colors_info=\u00bb{}\u00bb button_one_text_size__hover_enabled=\u00bboff\u00bb button_one_text_size__hover=\u00bbnull\u00bb button_two_text_size__hover_enabled=\u00bboff\u00bb button_two_text_size__hover=\u00bbnull\u00bb button_one_text_color__hover_enabled=\u00bboff\u00bb button_one_text_color__hover=\u00bbnull\u00bb button_two_text_color__hover_enabled=\u00bboff\u00bb button_two_text_color__hover=\u00bbnull\u00bb button_one_border_width__hover_enabled=\u00bboff\u00bb button_one_border_width__hover=\u00bbnull\u00bb button_two_border_width__hover_enabled=\u00bboff\u00bb button_two_border_width__hover=\u00bbnull\u00bb button_one_border_color__hover_enabled=\u00bboff\u00bb button_one_border_color__hover=\u00bbnull\u00bb button_two_border_color__hover_enabled=\u00bboff\u00bb button_two_border_color__hover=\u00bbnull\u00bb button_one_border_radius__hover_enabled=\u00bboff\u00bb button_one_border_radius__hover=\u00bbnull\u00bb button_two_border_radius__hover_enabled=\u00bboff\u00bb button_two_border_radius__hover=\u00bbnull\u00bb button_one_letter_spacing__hover_enabled=\u00bboff\u00bb button_one_letter_spacing__hover=\u00bbnull\u00bb button_two_letter_spacing__hover_enabled=\u00bboff\u00bb button_two_letter_spacing__hover=\u00bbnull\u00bb button_one_bg_color__hover_enabled=\u00bboff\u00bb button_one_bg_color__hover=\u00bbnull\u00bb button_two_bg_color__hover_enabled=\u00bboff\u00bb button_two_bg_color__hover=\u00bbnull\u00bb theme_builder_area=\u00bbpost_content\u00bb][\/et_pb_fullwidth_header][\/et_pb_section][et_pb_section fb_built=\u00bb1&#8243; module_class=\u00bbpagina-seccion-contenido\u00bb _builder_version=\u00bb4.16&#8243; min_height=\u00bb2081.4px\u00bb custom_margin=\u00bb-61px|||||\u00bb custom_padding=\u00bb0%|||\u00bb global_colors_info=\u00bb{}\u00bb][et_pb_row _builder_version=\u00bb4.16&#8243; width=\u00bb100%\u00bb min_height=\u00bb321px\u00bb custom_margin=\u00bb77px|23px||224px|false|false\u00bb custom_padding=\u00bb0px||88px|||\u00bb global_colors_info=\u00bb{}\u00bb][et_pb_column type=\u00bb4_4&#8243; _builder_version=\u00bb4.16&#8243; custom_padding=\u00bb|||\u00bb global_colors_info=\u00bb{}\u00bb custom_padding__hover=\u00bb|||\u00bb][et_pb_text _builder_version=\u00bb4.16&#8243; width=\u00bb90%\u00bb width_tablet=\u00bb\u00bb width_phone=\u00bb79%\u00bb width_last_edited=\u00bbon|phone\u00bb custom_margin=\u00bb19px|-74px|14px|-170px|false|false\u00bb custom_padding=\u00bb10px|||4px||\u00bb global_colors_info=\u00bb{}\u00bb]<\/p>\n<p style=\"text-align: center;\"><span style=\"color: #4f4b4b; font-size: xx-large;\"><strong>PROGRAMA DE EDUCACI\u00d3N AMBIENTAL PARA LA COMUNIDAD EDUCATIVA<\/strong><\/span><span style=\"color: #4f4b4b; font-size: xx-large;\"><strong>\u00a0<\/strong><\/span><\/p>\n<p>&nbsp;<\/p>\n<p>[\/et_pb_text][et_pb_text _builder_version=\u00bb4.16&#8243; width=\u00bb69%\u00bb width_tablet=\u00bb\u00bb width_phone=\u00bb70%\u00bb width_last_edited=\u00bbon|phone\u00bb custom_margin=\u00bb-52px|||-98px|false|false\u00bb custom_margin_tablet=\u00bb\u00bb custom_margin_phone=\u00bb|||-146px|false|false\u00bb custom_margin_last_edited=\u00bbon|tablet\u00bb global_colors_info=\u00bb{}\u00bb]<\/p>\n<h3 style=\"text-align: center;\"><strong><span style=\"color: #808080;\"><em>El alumnado que est\u00e9 dentro de la modalidad de formaci\u00f3n Dual podr\u00e1 realizar su aprendizaje en el colegio y en centros de trabajo<\/em><\/span><\/strong><\/h3>\n<p>[\/et_pb_text][et_pb_divider divider_weight=\u00bb2px\u00bb _builder_version=\u00bb4.16&#8243; width=\u00bb66%\u00bb min_height=\u00bb0px\u00bb custom_margin=\u00bb-26px|||135px|false|false\u00bb custom_margin_tablet=\u00bb-26px|||-86px|false|false\u00bb custom_margin_phone=\u00bb|||-134px|false|false\u00bb custom_margin_last_edited=\u00bbon|phone\u00bb global_colors_info=\u00bb{}\u00bb][\/et_pb_divider][\/et_pb_column][\/et_pb_row][et_pb_row column_structure=\u00bb1_2,1_2&#8243; _builder_version=\u00bb4.16&#8243; custom_margin=\u00bb-186px||||false|false\u00bb global_colors_info=\u00bb{}\u00bb][et_pb_column type=\u00bb1_2&#8243; _builder_version=\u00bb4.16&#8243; global_colors_info=\u00bb{}\u00bb][et_pb_image src=\u00bbhttps:\/\/granada.salesianos.edu\/colegio\/wp-content\/uploads\/sites\/2\/2019\/01\/aldea2.jpg\u00bb _builder_version=\u00bb4.16&#8243; global_colors_info=\u00bb{}\u00bb][\/et_pb_image][\/et_pb_column][et_pb_column type=\u00bb1_2&#8243; _builder_version=\u00bb4.16&#8243; global_colors_info=\u00bb{}\u00bb][et_pb_text _builder_version=\u00bb4.16&#8243; custom_margin=\u00bb67px||||false|false\u00bb custom_margin_tablet=\u00bb-22px|||5px|false|false\u00bb custom_margin_phone=\u00bb\u00bb custom_margin_last_edited=\u00bbon|phone\u00bb global_colors_info=\u00bb{}\u00bb]<\/p>\n<p>El programa<em> <strong>Aldea, Educaci\u00f3n Ambiental para la Comunidad Educativa<\/strong><\/em> constituye una herramienta para favorecer el desarrollo de las competencias del alumnado (intercambio de experiencias educativas, trabajo en equipo, trabajo por proyectos y otras metodolog\u00edas clave para su desarrollo educativo), que tendr\u00e1 la finalidad de crear nuevas conductas ambientales en nuestro entorno.<\/p>\n<p>Algunos de los objetivos que ya se est\u00e1n realizando desde nuestro colegio, son:<\/p>\n<ul>\n<li>Desarrollar un programa de educaci\u00f3n ambiental desde una perspectiva integral.<\/li>\n<li>Orientar el desarrollo de iniciativas de educaci\u00f3n ambiental en la comunidad educativa.<\/li>\n<li>Apoyar la formaci\u00f3n ambiental de la comunidad educativa.<\/li>\n<li>Elaborar y difundir materiales y recursos did\u00e1cticos.<\/li>\n<li>Promocionar la ecoeficiencia en el dise\u00f1o de las infraestructuras y en la gesti\u00f3n de los centros educativos.<\/li>\n<\/ul>\n<p>[\/et_pb_text][\/et_pb_column][\/et_pb_row][et_pb_row _builder_version=\u00bb4.16&#8243; custom_margin=\u00bb-100px||||false|false\u00bb global_colors_info=\u00bb{}\u00bb][et_pb_column type=\u00bb4_4&#8243; _builder_version=\u00bb4.16&#8243; global_colors_info=\u00bb{}\u00bb][et_pb_text _builder_version=\u00bb4.16&#8243; custom_margin=\u00bb10px||||false|false\u00bb global_colors_info=\u00bb{}\u00bb]<\/p>\n<h4 style=\"text-align: center;\"><span style=\"color: #4f4b4b; font-size: x-large;\"><span style=\"caret-color: #4f4b4b;\"><b>TE PRESENTAMOS ALGUNOS DE NUESTROS PROYECTOS<\/b><\/span><\/span><\/h4>\n<h4 style=\"text-align: center;\"><em style=\"color: #808080; font-family: arial, helvetica; font-size: 16px;\">El proyecto Dual busca formar trabajadores potenciales para las necesidades actuales del mundo laboral, colaborando colegio y empresa.<\/em><\/h4>\n<p>&nbsp;<\/p>\n<h4>\u00a0<\/h4>\n<p>&nbsp;<\/p>\n<p>[\/et_pb_text][\/et_pb_column][\/et_pb_row][et_pb_row _builder_version=\u00bb4.16&#8243; custom_margin=\u00bb-105px|auto|-105px|auto|true|false\u00bb global_colors_info=\u00bb{}\u00bb][et_pb_column type=\u00bb4_4&#8243; _builder_version=\u00bb4.16&#8243; global_colors_info=\u00bb{}\u00bb][et_pb_divider divider_weight=\u00bb2px\u00bb _builder_version=\u00bb4.16&#8243; width=\u00bb66%\u00bb custom_margin=\u00bb-75px|||181px|false|false\u00bb custom_margin_tablet=\u00bb-81px|||107px|false|false\u00bb custom_margin_phone=\u00bb|||64px|false|false\u00bb custom_margin_last_edited=\u00bbon|phone\u00bb global_colors_info=\u00bb{}\u00bb][\/et_pb_divider][\/et_pb_column][\/et_pb_row][et_pb_row column_structure=\u00bb1_2,1_2&#8243; _builder_version=\u00bb4.16&#8243; min_height=\u00bb445px\u00bb custom_margin=\u00bb-40px||||false|false\u00bb custom_padding=\u00bb0px|||||\u00bb global_colors_info=\u00bb{}\u00bb][et_pb_column type=\u00bb1_2&#8243; _builder_version=\u00bb4.16&#8243; global_colors_info=\u00bb{}\u00bb][et_pb_text _builder_version=\u00bb4.16&#8243; custom_margin=\u00bb21px||||false|false\u00bb custom_margin_tablet=\u00bb-24px||||false|false\u00bb custom_margin_phone=\u00bb-37px||||false|false\u00bb custom_margin_last_edited=\u00bbon|phone\u00bb global_colors_info=\u00bb{}\u00bb]<\/p>\n<h4><span style=\"color: #dc001b;\"><b>ECOHUERTO<\/b><\/span><\/h4>\n<p>El huerto escolar constituye un recurso educativo para transmitir al alumnado la importancia de las t\u00e9cnicas productivas con la alimentaci\u00f3n, en relaci\u00f3n con los ciclos naturales y el respeto al medio ambiente.<\/p>\n<p>Sembrar y plantar verduras, hortalizas y \u00e1rboles frutales tiene valor en s\u00ed mismo y ayuda a comprender la multitud de ritmos que dominan la naturaleza, la dependencia que el ser humano tiene de ella y la asincron\u00eda, cada vez m\u00e1s pronunciada, que existe entre ambos. Para este proyecto hemos usado el huerto que ya ten\u00eda nuestro colegio, plantando guisantes, zanahorias y lechugas.<\/p>\n<p>Para el mantenimiento de este espacio, se dividir\u00e1n al alumnado de Infantil y Primaria en grupos de ocho.<\/p>\n<p>[\/et_pb_text][\/et_pb_column][et_pb_column type=\u00bb1_2&#8243; _builder_version=\u00bb4.16&#8243; global_colors_info=\u00bb{}\u00bb][et_pb_gallery gallery_ids=\u00bb10672,10512,10511,12281,12285,12286,12283,12282,12280,12284,12288,12289,12287,12279&#8243; gallery_orderby=\u00bbrand\u00bb fullwidth=\u00bbon\u00bb _builder_version=\u00bb4.16&#8243; custom_margin=\u00bb-44px||||false|false\u00bb border_radii=\u00bbon|3px|3px|3px|3px\u00bb box_shadow_style=\u00bbpreset2&#8243; box_shadow_horizontal=\u00bb9px\u00bb box_shadow_vertical=\u00bb9px\u00bb global_colors_info=\u00bb{}\u00bb][\/et_pb_gallery][\/et_pb_column][\/et_pb_row][et_pb_row column_structure=\u00bb1_2,1_2&#8243; _builder_version=\u00bb4.16&#8243; custom_margin=\u00bb25px||||false|false\u00bb global_colors_info=\u00bb{}\u00bb][et_pb_column type=\u00bb1_2&#8243; _builder_version=\u00bb4.16&#8243; global_colors_info=\u00bb{}\u00bb][et_pb_gallery gallery_ids=\u00bb9201,9204&#8243; fullwidth=\u00bbon\u00bb _builder_version=\u00bb4.16&#8243; global_colors_info=\u00bb{}\u00bb][\/et_pb_gallery][\/et_pb_column][et_pb_column type=\u00bb1_2&#8243; _builder_version=\u00bb4.16&#8243; global_colors_info=\u00bb{}\u00bb][et_pb_text _builder_version=\u00bb4.16&#8243; custom_margin=\u00bb52px||||false|false\u00bb custom_margin_tablet=\u00bb18px||||false|false\u00bb custom_margin_phone=\u00bb11px||||false|false\u00bb custom_margin_last_edited=\u00bbon|phone\u00bb global_colors_info=\u00bb{}\u00bb]<\/p>\n<h4><span style=\"color: #dc001b;\"><strong>NUESTRO GALLINERO Y ALMA<\/strong><\/span><\/h4>\n<p>El gallinero ha sido elaborado por el alumnado de Bachillerato con materiales nuevos. En \u00e9l hay capacidad para hasta 6 gallinas y un espacio especialmente habilitado para que pongan huevos.<\/p>\n<p>De este proyecto, una de los acontecimientos m\u00e1s gratificantes fue el nacimiento de<strong> Alma,<\/strong> nuestro primer pollito. El alumnado se ha volcado en su cuidado y pronto pasar\u00e1 a vivir en el gallinero. Despu\u00e9s de Alma han llegado otros miembros a la familia como <em>Amarillo<\/em> o <em>Freddy<\/em><\/p>\n<p>[\/et_pb_text][\/et_pb_column][\/et_pb_row][et_pb_row column_structure=\u00bb3_5,2_5&#8243; _builder_version=\u00bb4.16&#8243; global_colors_info=\u00bb{}\u00bb][et_pb_column type=\u00bb3_5&#8243; _builder_version=\u00bb4.16&#8243; global_colors_info=\u00bb{}\u00bb][et_pb_text _builder_version=\u00bb4.16&#8243; global_colors_info=\u00bb{}\u00bb]<\/p>\n<h4><span style=\"color: #dc001b;\"><strong>RECAPACICLA<\/strong><\/span><\/h4>\n<p>En materia de residuos, <strong>sensibilizar<\/strong>\u00a0 a la poblaci\u00f3n es prioritario y, para ello, es fundamental la participaci\u00f3n de la comunidad educativa.<\/p>\n<p>Es imprescindible asumir que separando los residuos de manera correcta y facilitando su reciclaje se est\u00e1 ayudando directamente a la mejora del medio ambiente a corto y largo plazo.<\/p>\n<p>La actividad se desarrollar\u00e1 de la siguiente forma:<\/p>\n<ul>\n<li><strong>Investigando los residuos, <\/strong>actividad que promueve un proceso de b\u00fasqueda, generaci\u00f3n y tratamiento de informaci\u00f3n por parte del alumnado acerca de los residuos y su reciclaje en el centro educativo, el hogar y el municipio.<\/li>\n<li><strong>D\u00eda del Reciclaje.<\/strong> Proyecci\u00f3n de pel\u00edculas, montaje de exposici\u00f3n, talleres de reciclaje, actividades l\u00fadicas (creaci\u00f3n art\u00edstica, aplicaci\u00f3n tecnol\u00f3gica\u2026)<\/li>\n<li><strong>Actividades en el aula<\/strong>. En funci\u00f3n del Plan de Actuaci\u00f3n, podr\u00e1 realizar algunas actividades como hacer un espantap\u00e1jaros a partir de materiales reciclaje<\/li>\n<li>SABER M\u00c1S SOBRE LOS PROYECTOS QUE INTEGRAN<\/li>\n<\/ul>\n<p>&nbsp;<\/p>\n<p>[\/et_pb_text][\/et_pb_column][et_pb_column type=\u00bb2_5&#8243; _builder_version=\u00bb4.16&#8243; global_colors_info=\u00bb{}\u00bb][et_pb_gallery gallery_ids=\u00bb12165&#8243; fullwidth=\u00bbon\u00bb _builder_version=\u00bb4.16&#8243; width=\u00bb80%\u00bb max_width=\u00bb79%\u00bb min_height=\u00bb335px\u00bb height=\u00bb347px\u00bb custom_margin_tablet=\u00bb|||59px|false|false\u00bb custom_margin_phone=\u00bb-17px|||42px|false|false\u00bb custom_margin_last_edited=\u00bbon|phone\u00bb global_colors_info=\u00bb{}\u00bb][\/et_pb_gallery][\/et_pb_column][\/et_pb_row][et_pb_row _builder_version=\u00bb4.16&#8243; custom_margin=\u00bb-26px||||false|false\u00bb global_colors_info=\u00bb{}\u00bb][et_pb_column type=\u00bb4_4&#8243; _builder_version=\u00bb4.16&#8243; global_colors_info=\u00bb{}\u00bb][et_pb_text _builder_version=\u00bb4.16&#8243; custom_margin=\u00bb10px||||false|false\u00bb global_colors_info=\u00bb{}\u00bb]<\/p>\n<h4 style=\"text-align: center;\"><span style=\"color: #4f4b4b; font-size: x-large;\"><span style=\"caret-color: #4f4b4b;\"><b>CONOCE A NUESTROS S\u00daPER AGENTES DEL PLANETA<\/b><\/span><\/span><\/h4>\n<p>&nbsp;<\/p>\n<h4>\u00a0<\/h4>\n<p>&nbsp;<\/p>\n<p>[\/et_pb_text][et_pb_divider divider_weight=\u00bb2px\u00bb _builder_version=\u00bb4.16&#8243; width=\u00bb66%\u00bb min_height=\u00bb0px\u00bb custom_margin=\u00bb-117px|||121px|false|false\u00bb custom_margin_tablet=\u00bb\u00bb custom_margin_phone=\u00bb|||63px|false|false\u00bb custom_margin_last_edited=\u00bbon|phone\u00bb global_colors_info=\u00bb{}\u00bb][\/et_pb_divider][et_pb_video src=\u00bbhttps:\/\/youtu.be\/DOzBw4Q3ADk\u00bb _builder_version=\u00bb4.16&#8243; global_colors_info=\u00bb{}\u00bb][\/et_pb_video][\/et_pb_column][\/et_pb_row][et_pb_row _builder_version=\u00bb4.16&#8243; global_colors_info=\u00bb{}\u00bb][et_pb_column type=\u00bb4_4&#8243; _builder_version=\u00bb4.16&#8243; global_colors_info=\u00bb{}\u00bb][et_pb_text _builder_version=\u00bb4.16&#8243; global_colors_info=\u00bb{}\u00bb][\/et_pb_text][\/et_pb_column][\/et_pb_row][\/et_pb_section]<\/p>\n","protected":false},"excerpt":{"rendered":"<p>PROGRAMA DE EDUCACI\u00d3N AMBIENTAL PARA LA COMUNIDAD EDUCATIVA\u00a0 &nbsp;El alumnado que est\u00e9 dentro de la modalidad de formaci\u00f3n Dual podr\u00e1 realizar su aprendizaje en el colegio y en centros de trabajoEl programa Aldea, Educaci\u00f3n Ambiental para la Comunidad Educativa constituye una herramienta para favorecer el desarrollo de las competencias del alumnado (intercambio de experiencias educativas, [&hellip;]<\/p>\n","protected":false},"author":2,"featured_media":0,"parent":0,"menu_order":0,"comment_status":"closed","ping_status":"closed","template":"","meta":{"_et_pb_use_builder":"on","_et_pb_old_content":"","_et_gb_content_width":"","footnotes":""},"class_list":["post-13821","page","type-page","status-publish","hentry"],"yoast_head":"<!-- This site is optimized with the Yoast SEO plugin v28.4 - https:\/\/yoast.com\/product\/yoast-seo-wordpress\/ -->\n<title>Programa ALDEA - Colegio Salesiano<\/title>\n<meta name=\"robots\" content=\"index, follow, max-snippet:-1, max-image-preview:large, max-video-preview:-1\" \/>\n<link rel=\"canonical\" href=\"https:\/\/granada.salesianos.edu\/colegio\/programaaldea\/\" \/>\n<meta property=\"og:locale\" content=\"es_ES\" \/>\n<meta property=\"og:type\" content=\"article\" \/>\n<meta property=\"og:title\" content=\"Programa ALDEA - Colegio Salesiano\" \/>\n<meta property=\"og:description\" content=\"PROGRAMA DE EDUCACI\u00d3N AMBIENTAL PARA LA COMUNIDAD EDUCATIVA\u00a0 &nbsp;El alumnado que est\u00e9 dentro de la modalidad de formaci\u00f3n Dual podr\u00e1 realizar su aprendizaje en el colegio y en centros de trabajoEl programa Aldea, Educaci\u00f3n Ambiental para la Comunidad Educativa constituye una herramienta para favorecer el desarrollo de las competencias del alumnado (intercambio de experiencias educativas, [&hellip;]\" \/>\n<meta property=\"og:url\" content=\"https:\/\/granada.salesianos.edu\/colegio\/programaaldea\/\" \/>\n<meta property=\"og:site_name\" content=\"Colegio Salesiano\" \/>\n<meta property=\"article:publisher\" content=\"https:\/\/www.facebook.com\/SalesianosGR\/\" \/>\n<meta property=\"article:modified_time\" content=\"2025-10-27T21:18:56+00:00\" \/>\n<meta name=\"twitter:card\" content=\"summary_large_image\" \/>\n<meta name=\"twitter:site\" content=\"@GranadaSDB\" \/>\n<meta name=\"twitter:label1\" content=\"Tiempo de lectura\" \/>\n\t<meta name=\"twitter:data1\" content=\"6 minutos\" \/>\n<script type=\"application\/ld+json\" class=\"yoast-schema-graph\">{\"@context\":\"https:\\\/\\\/schema.org\",\"@graph\":[{\"@type\":\"WebPage\",\"@id\":\"https:\\\/\\\/granada.salesianos.edu\\\/colegio\\\/programaaldea\\\/\",\"url\":\"https:\\\/\\\/granada.salesianos.edu\\\/colegio\\\/programaaldea\\\/\",\"name\":\"Programa ALDEA - Colegio Salesiano\",\"isPartOf\":{\"@id\":\"https:\\\/\\\/granada.salesianos.edu\\\/colegio\\\/#website\"},\"datePublished\":\"2021-06-29T23:05:02+00:00\",\"dateModified\":\"2025-10-27T21:18:56+00:00\",\"breadcrumb\":{\"@id\":\"https:\\\/\\\/granada.salesianos.edu\\\/colegio\\\/programaaldea\\\/#breadcrumb\"},\"inLanguage\":\"es\",\"potentialAction\":[{\"@type\":\"ReadAction\",\"target\":[\"https:\\\/\\\/granada.salesianos.edu\\\/colegio\\\/programaaldea\\\/\"]}]},{\"@type\":\"BreadcrumbList\",\"@id\":\"https:\\\/\\\/granada.salesianos.edu\\\/colegio\\\/programaaldea\\\/#breadcrumb\",\"itemListElement\":[{\"@type\":\"ListItem\",\"position\":1,\"name\":\"Portada\",\"item\":\"https:\\\/\\\/granada.salesianos.edu\\\/colegio\\\/\"},{\"@type\":\"ListItem\",\"position\":2,\"name\":\"Programa ALDEA\"}]},{\"@type\":\"WebSite\",\"@id\":\"https:\\\/\\\/granada.salesianos.edu\\\/colegio\\\/#website\",\"url\":\"https:\\\/\\\/granada.salesianos.edu\\\/colegio\\\/\",\"name\":\"Colegio Salesiano\",\"description\":\"P\u00e1gina oficial de Salesianos Granada San Juan Bosco\",\"publisher\":{\"@id\":\"https:\\\/\\\/granada.salesianos.edu\\\/colegio\\\/#organization\"},\"potentialAction\":[{\"@type\":\"SearchAction\",\"target\":{\"@type\":\"EntryPoint\",\"urlTemplate\":\"https:\\\/\\\/granada.salesianos.edu\\\/colegio\\\/?s={search_term_string}\"},\"query-input\":{\"@type\":\"PropertyValueSpecification\",\"valueRequired\":true,\"valueName\":\"search_term_string\"}}],\"inLanguage\":\"es\"},{\"@type\":\"Organization\",\"@id\":\"https:\\\/\\\/granada.salesianos.edu\\\/colegio\\\/#organization\",\"name\":\"Colegio Salesiano San Juan Bosco Granada\",\"url\":\"https:\\\/\\\/granada.salesianos.edu\\\/colegio\\\/\",\"logo\":{\"@type\":\"ImageObject\",\"inLanguage\":\"es\",\"@id\":\"https:\\\/\\\/granada.salesianos.edu\\\/colegio\\\/#\\\/schema\\\/logo\\\/image\\\/\",\"url\":\"https:\\\/\\\/granada.salesianos.edu\\\/colegio\\\/wp-content\\\/uploads\\\/sites\\\/2\\\/2021\\\/01\\\/GRANADAobraVN2.jpg\",\"contentUrl\":\"https:\\\/\\\/granada.salesianos.edu\\\/colegio\\\/wp-content\\\/uploads\\\/sites\\\/2\\\/2021\\\/01\\\/GRANADAobraVN2.jpg\",\"width\":2113,\"height\":1894,\"caption\":\"Colegio Salesiano San Juan Bosco Granada\"},\"image\":{\"@id\":\"https:\\\/\\\/granada.salesianos.edu\\\/colegio\\\/#\\\/schema\\\/logo\\\/image\\\/\"},\"sameAs\":[\"https:\\\/\\\/www.facebook.com\\\/SalesianosGR\\\/\",\"https:\\\/\\\/x.com\\\/GranadaSDB\",\"https:\\\/\\\/www.instagram.com\\\/salesianosgranada\\\/\",\"https:\\\/\\\/www.youtube.com\\\/channel\\\/UChkpZuhCf4Y5rYIcFT3CNxw?view_as=subscriber\"]}]}<\/script>\n<!-- \/ Yoast SEO plugin. -->","yoast_head_json":{"title":"Programa ALDEA - Colegio Salesiano","robots":{"index":"index","follow":"follow","max-snippet":"max-snippet:-1","max-image-preview":"max-image-preview:large","max-video-preview":"max-video-preview:-1"},"canonical":"https:\/\/granada.salesianos.edu\/colegio\/programaaldea\/","og_locale":"es_ES","og_type":"article","og_title":"Programa ALDEA - Colegio Salesiano","og_description":"PROGRAMA DE EDUCACI\u00d3N AMBIENTAL PARA LA COMUNIDAD EDUCATIVA\u00a0 &nbsp;El alumnado que est\u00e9 dentro de la modalidad de formaci\u00f3n Dual podr\u00e1 realizar su aprendizaje en el colegio y en centros de trabajoEl programa Aldea, Educaci\u00f3n Ambiental para la Comunidad Educativa constituye una herramienta para favorecer el desarrollo de las competencias del alumnado (intercambio de experiencias educativas, [&hellip;]","og_url":"https:\/\/granada.salesianos.edu\/colegio\/programaaldea\/","og_site_name":"Colegio Salesiano","article_publisher":"https:\/\/www.facebook.com\/SalesianosGR\/","article_modified_time":"2025-10-27T21:18:56+00:00","twitter_card":"summary_large_image","twitter_site":"@GranadaSDB","twitter_misc":{"Tiempo de lectura":"6 minutos"},"schema":{"@context":"https:\/\/schema.org","@graph":[{"@type":"WebPage","@id":"https:\/\/granada.salesianos.edu\/colegio\/programaaldea\/","url":"https:\/\/granada.salesianos.edu\/colegio\/programaaldea\/","name":"Programa ALDEA - Colegio Salesiano","isPartOf":{"@id":"https:\/\/granada.salesianos.edu\/colegio\/#website"},"datePublished":"2021-06-29T23:05:02+00:00","dateModified":"2025-10-27T21:18:56+00:00","breadcrumb":{"@id":"https:\/\/granada.salesianos.edu\/colegio\/programaaldea\/#breadcrumb"},"inLanguage":"es","potentialAction":[{"@type":"ReadAction","target":["https:\/\/granada.salesianos.edu\/colegio\/programaaldea\/"]}]},{"@type":"BreadcrumbList","@id":"https:\/\/granada.salesianos.edu\/colegio\/programaaldea\/#breadcrumb","itemListElement":[{"@type":"ListItem","position":1,"name":"Portada","item":"https:\/\/granada.salesianos.edu\/colegio\/"},{"@type":"ListItem","position":2,"name":"Programa ALDEA"}]},{"@type":"WebSite","@id":"https:\/\/granada.salesianos.edu\/colegio\/#website","url":"https:\/\/granada.salesianos.edu\/colegio\/","name":"Colegio Salesiano","description":"P\u00e1gina oficial de Salesianos Granada San Juan Bosco","publisher":{"@id":"https:\/\/granada.salesianos.edu\/colegio\/#organization"},"potentialAction":[{"@type":"SearchAction","target":{"@type":"EntryPoint","urlTemplate":"https:\/\/granada.salesianos.edu\/colegio\/?s={search_term_string}"},"query-input":{"@type":"PropertyValueSpecification","valueRequired":true,"valueName":"search_term_string"}}],"inLanguage":"es"},{"@type":"Organization","@id":"https:\/\/granada.salesianos.edu\/colegio\/#organization","name":"Colegio Salesiano San Juan Bosco Granada","url":"https:\/\/granada.salesianos.edu\/colegio\/","logo":{"@type":"ImageObject","inLanguage":"es","@id":"https:\/\/granada.salesianos.edu\/colegio\/#\/schema\/logo\/image\/","url":"https:\/\/granada.salesianos.edu\/colegio\/wp-content\/uploads\/sites\/2\/2021\/01\/GRANADAobraVN2.jpg","contentUrl":"https:\/\/granada.salesianos.edu\/colegio\/wp-content\/uploads\/sites\/2\/2021\/01\/GRANADAobraVN2.jpg","width":2113,"height":1894,"caption":"Colegio Salesiano San Juan Bosco Granada"},"image":{"@id":"https:\/\/granada.salesianos.edu\/colegio\/#\/schema\/logo\/image\/"},"sameAs":["https:\/\/www.facebook.com\/SalesianosGR\/","https:\/\/x.com\/GranadaSDB","https:\/\/www.instagram.com\/salesianosgranada\/","https:\/\/www.youtube.com\/channel\/UChkpZuhCf4Y5rYIcFT3CNxw?view_as=subscriber"]}]}},"_links":{"self":[{"href":"https:\/\/granada.salesianos.edu\/colegio\/wp-json\/wp\/v2\/pages\/13821","targetHints":{"allow":["GET"]}}],"collection":[{"href":"https:\/\/granada.salesianos.edu\/colegio\/wp-json\/wp\/v2\/pages"}],"about":[{"href":"https:\/\/granada.salesianos.edu\/colegio\/wp-json\/wp\/v2\/types\/page"}],"author":[{"embeddable":true,"href":"https:\/\/granada.salesianos.edu\/colegio\/wp-json\/wp\/v2\/users\/2"}],"replies":[{"embeddable":true,"href":"https:\/\/granada.salesianos.edu\/colegio\/wp-json\/wp\/v2\/comments?post=13821"}],"version-history":[{"count":11,"href":"https:\/\/granada.salesianos.edu\/colegio\/wp-json\/wp\/v2\/pages\/13821\/revisions"}],"predecessor-version":[{"id":20750,"href":"https:\/\/granada.salesianos.edu\/colegio\/wp-json\/wp\/v2\/pages\/13821\/revisions\/20750"}],"wp:attachment":[{"href":"https:\/\/granada.salesianos.edu\/colegio\/wp-json\/wp\/v2\/media?parent=13821"}],"curies":[{"name":"wp","href":"https:\/\/api.w.org\/{rel}","templated":true}]}}