{"id":13848,"date":"2021-06-29T12:45:34","date_gmt":"2021-06-29T10:45:34","guid":{"rendered":"https:\/\/granada.salesianos.edu\/colegio\/?page_id=13848"},"modified":"2026-07-15T11:48:50","modified_gmt":"2026-07-15T09:48:50","slug":"primaria","status":"publish","type":"page","link":"https:\/\/granada.salesianos.edu\/colegio\/primaria\/","title":{"rendered":"Educaci\u00f3n Primaria"},"content":{"rendered":"<div id=\"fb-root\"><\/div>\n<p>[et_pb_section fb_built=\u00bb1&#8243; fullwidth=\u00bbon\u00bb next_background_color=\u00bb#ffffff\u00bb _builder_version=\u00bb4.27.4&#8243; background_image=\u00bbhttps:\/\/granada.salesianos.edu\/colegio\/wp-content\/uploads\/sites\/2\/2020\/02\/fondo_novedades_web.png\u00bb bottom_divider_style=\u00bbasymmetric2&#8243; global_module=\u00bb20660&#8243; saved_tabs=\u00bball\u00bb global_colors_info=\u00bb{}\u00bb][et_pb_fullwidth_header title=\u00bb@ET-DC@eyJkeW5hbWljIjp0cnVlLCJjb250ZW50IjoicG9zdF90aXRsZSIsInNldHRpbmdzIjp7ImJlZm9yZSI6IiIsImFmdGVyIjoiIn19@\u00bb title_font_color=\u00bb#ffffff\u00bb content_max_width_tablet=\u00bb88%\u00bb content_max_width_phone=\u00bb79%\u00bb content_max_width_last_edited=\u00bbon|phone\u00bb admin_label=\u00bbT\u00edtulo de anchura completa\u00bb module_class=\u00bbpagina-imagen-cabecera\u00bb _builder_version=\u00bb4.27.4&#8243; _dynamic_attributes=\u00bbtitle\u00bb title_text_color=\u00bb#ffffff\u00bb title_font_size=\u00bb40px\u00bb background_color=\u00bbrgba(255, 255, 255, 0)\u00bb background_enable_image=\u00bboff\u00bb background_position=\u00bbbottom_left\u00bb transform_translate=\u00bb91px|91px\u00bb max_width_tablet=\u00bb50px\u00bb min_height=\u00bb329px\u00bb custom_padding=\u00bb||127px|||\u00bb background_url=\u00bbhttps:\/\/alicante.salesianos.edu\/colegio\/wp-content\/uploads\/sites\/2\/2017\/03\/Captura-de-pantalla-2017-03-21-a-las-17.25.56.png\u00bb global_colors_info=\u00bb{}\u00bb button_one_text_size__hover_enabled=\u00bboff\u00bb button_one_text_size__hover=\u00bbnull\u00bb button_two_text_size__hover_enabled=\u00bboff\u00bb button_two_text_size__hover=\u00bbnull\u00bb button_one_text_color__hover_enabled=\u00bboff\u00bb button_one_text_color__hover=\u00bbnull\u00bb button_two_text_color__hover_enabled=\u00bboff\u00bb button_two_text_color__hover=\u00bbnull\u00bb button_one_border_width__hover_enabled=\u00bboff\u00bb button_one_border_width__hover=\u00bbnull\u00bb button_two_border_width__hover_enabled=\u00bboff\u00bb button_two_border_width__hover=\u00bbnull\u00bb button_one_border_color__hover_enabled=\u00bboff\u00bb button_one_border_color__hover=\u00bbnull\u00bb button_two_border_color__hover_enabled=\u00bboff\u00bb button_two_border_color__hover=\u00bbnull\u00bb button_one_border_radius__hover_enabled=\u00bboff\u00bb button_one_border_radius__hover=\u00bbnull\u00bb button_two_border_radius__hover_enabled=\u00bboff\u00bb button_two_border_radius__hover=\u00bbnull\u00bb button_one_letter_spacing__hover_enabled=\u00bboff\u00bb button_one_letter_spacing__hover=\u00bbnull\u00bb button_two_letter_spacing__hover_enabled=\u00bboff\u00bb button_two_letter_spacing__hover=\u00bbnull\u00bb button_one_bg_color__hover_enabled=\u00bboff\u00bb button_one_bg_color__hover=\u00bbnull\u00bb button_two_bg_color__hover_enabled=\u00bboff\u00bb button_two_bg_color__hover=\u00bbnull\u00bb][\/et_pb_fullwidth_header][\/et_pb_section][et_pb_section fb_built=\u00bb1&#8243; module_class=\u00bbpagina-seccion-contenido\u00bb _builder_version=\u00bb4.20.0&#8243; min_height=\u00bb2771.4px\u00bb custom_margin=\u00bb||||false|false\u00bb custom_padding=\u00bb0%|||\u00bb global_colors_info=\u00bb{}\u00bb][et_pb_row _builder_version=\u00bb4.27.4&#8243; width=\u00bb100%\u00bb min_height=\u00bb321px\u00bb custom_margin=\u00bb171px|23px||329px|false|false\u00bb custom_margin_tablet=\u00bb171px|23px||329px|false|false\u00bb custom_margin_phone=\u00bb|||381px|false|false\u00bb custom_margin_last_edited=\u00bbon|phone\u00bb custom_padding=\u00bb0px|||||\u00bb global_colors_info=\u00bb{}\u00bb][et_pb_column type=\u00bb4_4&#8243; _builder_version=\u00bb4.16&#8243; custom_padding=\u00bb|||\u00bb global_colors_info=\u00bb{}\u00bb custom_padding__hover=\u00bb|||\u00bb][et_pb_text _builder_version=\u00bb4.27.5&#8243; width_tablet=\u00bb86%\u00bb width_phone=\u00bb81%\u00bb width_last_edited=\u00bbon|tablet\u00bb custom_margin=\u00bb-76px|-77px|14px|-365px|false|false\u00bb custom_margin_tablet=\u00bb-76px|-77px|14px|-288px|false|false\u00bb custom_margin_phone=\u00bb-76px|-77px|14px|-344px|false|false\u00bb custom_margin_last_edited=\u00bbon|phone\u00bb custom_padding=\u00bb10px|||4px||\u00bb global_colors_info=\u00bb{}\u00bb]<\/p>\n<p style=\"text-align: center;\"><span style=\"color: #4f4b4b; font-size: xx-large;\"><span style=\"caret-color: #4f4b4b;\"><b>Preparados para ir al cole<\/b><\/span><\/span><\/p>\n<h2 style=\"text-align: center;\"><strong><span style=\"color: #808080;\"><i>\u00a0La ense\u00f1anza que\u00a0<\/i><span style=\"caret-color: #808080;\"><i>impartimos en Educaci\u00f3n Primaria incluye algo m\u00e1s que nos hace \u00fanicos: nuestra preocupaci\u00f3n por formar <\/i><\/span><\/span><\/strong><\/h2>\n<h2 style=\"text-align: center;\"><strong><span style=\"color: #808080;\"><span style=\"caret-color: #808080;\"><i>\u00abhonrados ciudadanos y buenos cristianos\u00bb<\/i><\/span><i>\u00a0<\/i><\/span><\/strong><\/h2>\n<p>[\/et_pb_text][et_pb_divider divider_weight=\u00bb2px\u00bb _builder_version=\u00bb4.27.5&#8243; width=\u00bb66%\u00bb custom_margin=\u00bb-24px|||43px|false|false\u00bb custom_margin_tablet=\u00bb||3px|-175px|false|false\u00bb custom_margin_phone=\u00bb|||-306px|false|false\u00bb custom_margin_last_edited=\u00bbon|phone\u00bb global_colors_info=\u00bb{}\u00bb][\/et_pb_divider][et_pb_testimonial author=\u00bbTeresa Marzo\u00bb job_title=\u00bbJefa de Estudios de Primaria\u00bb url=\u00bbmailto:jorge.zamora@salesianos.edu\u00bb portrait_url=\u00bbhttps:\/\/granada.salesianos.edu\/colegio\/wp-content\/uploads\/sites\/2\/2021\/09\/TFA4502-scaled.jpg\u00bb quote_icon=\u00bboff\u00bb portrait_width=\u00bb90px\u00bb admin_label=\u00bbRecomendaci\u00f3n\u00bb _builder_version=\u00bb4.27.5&#8243; background_color=\u00bb#e8e8e8&#8243; background_size=\u00bbinitial\u00bb background_position=\u00bbtop_left\u00bb background_repeat=\u00bbrepeat\u00bb text_orientation=\u00bbjustified\u00bb width=\u00bb100%\u00bb width_tablet=\u00bb100%\u00bb width_phone=\u00bb\u00bb width_last_edited=\u00bbon|tablet\u00bb max_width=\u00bb94%\u00bb min_height=\u00bb200px\u00bb min_height_tablet=\u00bb375px\u00bb min_height_phone=\u00bb\u00bb min_height_last_edited=\u00bbon|phone\u00bb custom_margin=\u00bb17px|23px|-2px|-104px|false|false\u00bb custom_margin_tablet=\u00bb17px|18px|-2px|-303px|false|false\u00bb custom_margin_phone=\u00bb|41px||-370px|false|false\u00bb custom_margin_last_edited=\u00bbon|desktop\u00bb border_radii=\u00bbon|6px|6px|6px|6px\u00bb border_color_all=\u00bbrgba(0,0,0,0.88)\u00bb border_color_right=\u00bbrgba(0,0,0,0.86)\u00bb box_shadow_style=\u00bbpreset2&#8243; box_shadow_horizontal=\u00bb9px\u00bb border_style=\u00bbsolid\u00bb global_colors_info=\u00bb{}\u00bb]<\/p>\n<p>Nuestra metodolog\u00eda est\u00e1 basada en t\u00e9cnicas activas, motivadoras y participativas. Nuestros alumnos trabajan de manera individual y en equipo, con\u00a0esfuerzo y responsabilidad en el estudio.\u00a0Integrando las distintas experiencias de la vida cotidiana y su entorno inmediato con el aprendizaje. El resultado son alumnos con confianza en s\u00ed mismos, sentido cr\u00edtico, iniciativa personal, curiosidad, inter\u00e9s y creatividad en el aprendizaje, y esp\u00edritu emprendedor.<\/p>\n<p>Apostamos por la innovaci\u00f3n pedag\u00f3gica y las nuevas tecnolog\u00edas. Nuestros alumnos desarrollan nuevas habilidades\u00a0y\u00a0fomentan su crecimiento personal con un esp\u00edritu de mejora continua. Y adem\u00e1s disfrutan aprendiendo.<\/p>\n<p>Les ayudamos a organizar sus ideas con t\u00e9cnicas de estudio. Aprenden a organizar el trabajo, en entornos cooperativos e interdisciplinares, obteniendo los mejores resultados y en un ambiente seguro y estimulante donde comparten sus conocimientos<\/p>\n<p>[\/et_pb_testimonial][\/et_pb_column][\/et_pb_row][et_pb_row _builder_version=\u00bb4.16&#8243; min_height=\u00bb98.2px\u00bb custom_margin=\u00bb-93px||||false|false\u00bb global_colors_info=\u00bb{}\u00bb][et_pb_column type=\u00bb4_4&#8243; _builder_version=\u00bb4.16&#8243; global_colors_info=\u00bb{}\u00bb][et_pb_text _builder_version=\u00bb4.27.4&#8243; custom_margin=\u00bb60px||||false|false\u00bb custom_margin_tablet=\u00bb14px||||false|false\u00bb custom_margin_phone=\u00bb28px||||false|false\u00bb custom_margin_last_edited=\u00bbon|tablet\u00bb global_colors_info=\u00bb{}\u00bb]<\/p>\n<h4 style=\"text-align: center;\"><span style=\"color: #4f4b4b; font-size: x-large;\"><strong>EDUCACI\u00d3N PRIMARIA<\/strong><\/span><\/h4>\n<p>[\/et_pb_text][et_pb_divider divider_weight=\u00bb2px\u00bb _builder_version=\u00bb4.27.4&#8243; width=\u00bb66%\u00bb custom_margin=\u00bb-17px|||181px|false|false\u00bb custom_margin_tablet=\u00bb-37px|||105px|false|false\u00bb custom_margin_phone=\u00bb|||55px|false|false\u00bb custom_margin_last_edited=\u00bbon|phone\u00bb global_colors_info=\u00bb{}\u00bb][\/et_pb_divider][\/et_pb_column][\/et_pb_row][et_pb_row column_structure=\u00bb3_5,2_5&#8243; _builder_version=\u00bb4.16&#8243; min_height=\u00bb445px\u00bb custom_margin=\u00bb-19px|auto|-97px|auto|false|false\u00bb custom_padding=\u00bb0px|||||\u00bb global_colors_info=\u00bb{}\u00bb][et_pb_column type=\u00bb3_5&#8243; _builder_version=\u00bb4.16&#8243; global_colors_info=\u00bb{}\u00bb][et_pb_text _builder_version=\u00bb4.16&#8243; text_orientation=\u00bbjustified\u00bb global_colors_info=\u00bb{}\u00bb]<\/p>\n<p>La\u00a0<strong>Educaci\u00f3n Primaria<\/strong>\u00a0es una etapa educativa\u00a0<strong>obligatoria<\/strong>\u00a0que abarca\u00a0<strong>desde los 6 hasta los 12 a\u00f1os<\/strong>.\u00a0Est\u00e1 dividida en\u00a0<strong>seis cursos<\/strong>\u00a0desde primero hasta sexto. Esta etapa est\u00e1 concertada.<\/p>\n<p>Durante esta etapa nuestra preocupaci\u00f3n es la\u00a0<strong>formaci\u00f3n integral del alumnado<\/strong>. Tiene que aprender y desarrollar unos conocimientos, habilidades y competencias que sienten unas bases firmes para continuar su formaci\u00f3n en etapas posteriores.<\/p>\n<p>En esta etapa, el\u00a0<a href=\"https:\/\/granada.salesianos.edu\/colegio\/grasjb_sistema-preventivo\/\">Sistema Preventivo<\/a>\u00a0de nuestro fundador\u00a0<strong>D. Bosco<\/strong>\u00a0est\u00e1 presente en todas nuestras actividades educativas, l\u00fadicas y extraescolares.<\/p>\n<ul>\n<li><strong>La Pedagog\u00eda de la Bondad<\/strong>: la base del Sistema Educativo de Don Bosco radica en lo Preventivo, entendido como\u00a0<em>\u201cel arte de educar en positivo\u201d<\/em>, proponiendo el bien a trav\u00e9s de vivencias adecuadas y envolventes, capaces de atraer por su nobleza y belleza. Todo ello en un ambiente formativo amable y respetuoso donde el alumno se sienta seguro y feliz.<\/li>\n<li><strong>El desarrollo de la Fe cristiana<\/strong>:<em>\u201cEducar evangelizando y evangelizar educando\u201d<\/em>\u00a0para un arm\u00f3nico desarrollo humano y cristiano.<\/li>\n<li><strong>La educaci\u00f3n en valores:<\/strong>como la solidaridad con los m\u00e1s necesitados, la honradez, la alegr\u00eda y la bondad<\/li>\n<\/ul>\n<p>[\/et_pb_text][\/et_pb_column][et_pb_column type=\u00bb2_5&#8243; _builder_version=\u00bb4.16&#8243; global_colors_info=\u00bb{}\u00bb][et_pb_image src=\u00bbhttps:\/\/granada.salesianos.edu\/colegio\/wp-content\/uploads\/sites\/2\/2020\/12\/pistas-exteriores-salesianos-granada-1.jpg\u00bb _builder_version=\u00bb4.16&#8243; custom_margin=\u00bb27px||||false|false\u00bb global_colors_info=\u00bb{}\u00bb][\/et_pb_image][\/et_pb_column][\/et_pb_row][et_pb_row _builder_version=\u00bb4.16&#8243; min_height=\u00bb98.2px\u00bb custom_margin=\u00bb-93px||||false|false\u00bb locked=\u00bboff\u00bb global_colors_info=\u00bb{}\u00bb][et_pb_column type=\u00bb4_4&#8243; _builder_version=\u00bb4.16&#8243; global_colors_info=\u00bb{}\u00bb][et_pb_text _builder_version=\u00bb4.27.4&#8243; custom_margin=\u00bb60px||||false|false\u00bb custom_margin_tablet=\u00bb14px||||false|false\u00bb custom_margin_phone=\u00bb24px||||false|false\u00bb custom_margin_last_edited=\u00bbon|tablet\u00bb global_colors_info=\u00bb{}\u00bb]<\/p>\n<h4 style=\"text-align: center;\"><span style=\"color: #4f4b4b; font-size: x-large;\"><strong>\u00bfY QU\u00c9 OPINAN NUESTRAS FAMILIAS?<\/strong><\/span><\/h4>\n<p>[\/et_pb_text][et_pb_divider divider_weight=\u00bb2px\u00bb _builder_version=\u00bb4.27.4&#8243; width=\u00bb66%\u00bb custom_margin=\u00bb-17px|||181px|false|false\u00bb custom_margin_tablet=\u00bb-37px|||105px|false|false\u00bb custom_margin_phone=\u00bb|||54px|false|false\u00bb custom_margin_last_edited=\u00bbon|phone\u00bb global_colors_info=\u00bb{}\u00bb][\/et_pb_divider][\/et_pb_column][\/et_pb_row][et_pb_row column_structure=\u00bb1_2,1_2&#8243; module_class=\u00bbpagina-texto\u00bb _builder_version=\u00bb4.16&#8243; background_size=\u00bbinitial\u00bb background_position=\u00bbtop_left\u00bb background_repeat=\u00bbrepeat\u00bb custom_margin=\u00bb-31px||||false|false\u00bb custom_padding=\u00bb25px||23px|\u00bb locked=\u00bboff\u00bb global_colors_info=\u00bb{}\u00bb][et_pb_column type=\u00bb1_2&#8243; _builder_version=\u00bb4.16&#8243; custom_padding=\u00bb|||\u00bb global_colors_info=\u00bb{}\u00bb custom_padding__hover=\u00bb|||\u00bb][et_pb_code _builder_version=\u00bb4.18.0&#8243; _module_preset=\u00bbdefault\u00bb global_colors_info=\u00bb{}\u00bb]<iframe loading=\"lazy\" width=\"560\" height=\"315\" src=\"https:\/\/www.youtube.com\/embed\/9XonaXBI9t8\" title=\"YouTube video player\" frameborder=\"0\" allow=\"accelerometer; autoplay; clipboard-write; encrypted-media; gyroscope; picture-in-picture; web-share\" allowfullscreen><\/iframe>[\/et_pb_code][\/et_pb_column][et_pb_column type=\u00bb1_2&#8243; _builder_version=\u00bb4.16&#8243; custom_padding=\u00bb|||\u00bb global_colors_info=\u00bb{}\u00bb custom_padding__hover=\u00bb|||\u00bb][et_pb_text _builder_version=\u00bb4.18.0&#8243; background_color=\u00bb#ffffff\u00bb text_orientation=\u00bbjustified\u00bb custom_padding=\u00bb||0px|||\u00bb global_colors_info=\u00bb{}\u00bb]<\/p>\n<p style=\"text-align: justify;\"><strong>La elecci\u00f3n del centro escolar de tu hijo o hija es una decisi\u00f3n muy importante, y que sin duda marcar\u00e1 su futuro. Sabemos que no es f\u00e1cil, y por eso nos esforzamos al m\u00e1ximo para\u00a0acompa\u00f1arte\u00a0y\u00a0ayudarte\u00a0en este proceso.\u00a0<\/strong><\/p>\n<p style=\"text-align: justify;\"><strong>Nuestras familias te cuentan porqu\u00e9 elegir Salesianos Granada<\/strong><\/p>\n<p>[\/et_pb_text][et_pb_blurb title=\u00bbFORMULARIO CITA PREVIA\u00bb use_icon=\u00bbon\u00bb font_icon=\u00bb&#x68;||divi||400&#8243; icon_placement=\u00bbleft\u00bb image_icon_width=\u00bb72px\u00bb _builder_version=\u00bb4.18.0&#8243; header_level=\u00bbh2&#8243; body_text_color=\u00bb#E02B20&#8243; text_orientation=\u00bbcenter\u00bb custom_margin=\u00bb11px||||false|false\u00bb link_option_url=\u00bbhttps:\/\/docs.google.com\/forms\/d\/e\/1FAIpQLSfSiTa_S_LlcU6aTTnQwFxONJkPl1MAKxu2a8FYMHijQW6QZA\/viewform?usp=sf_link\u00bb locked=\u00bboff\u00bb global_colors_info=\u00bb{}\u00bb]<\/p>\n<p><strong>D\u00e9janos tus datos y nos pondremos en contacto contigo<\/strong><\/p>\n<p>[\/et_pb_blurb][\/et_pb_column][\/et_pb_row][et_pb_row _builder_version=\u00bb4.16&#8243; global_colors_info=\u00bb{}\u00bb][et_pb_column type=\u00bb4_4&#8243; _builder_version=\u00bb4.16&#8243; global_colors_info=\u00bb{}\u00bb][et_pb_text _builder_version=\u00bb4.16&#8243; global_colors_info=\u00bb{}\u00bb]<\/p>\n<p style=\"text-align: center;\"><span style=\"color: #4f4b4b; font-size: x-large;\"><strong>PARA SABER M\u00c1S SOBRE NOSOTROS<\/strong><\/span><\/p>\n<h3 style=\"text-align: center;\"><em><span style=\"color: #808080;\">Contamos con diferentes herramientas para que nuestro alumnado y familias puedan obtener el mejor rendimiento\u00a0<\/span><\/em><\/h3>\n<p>[\/et_pb_text][et_pb_divider divider_weight=\u00bb2px\u00bb _builder_version=\u00bb4.27.4&#8243; width=\u00bb66%\u00bb custom_margin=\u00bb-17px|||181px|false|false\u00bb custom_margin_tablet=\u00bb-37px|||105px|false|false\u00bb custom_margin_phone=\u00bb|||54px|false|false\u00bb custom_margin_last_edited=\u00bbon|phone\u00bb global_colors_info=\u00bb{}\u00bb][\/et_pb_divider][\/et_pb_column][\/et_pb_row][et_pb_row column_structure=\u00bb1_4,1_4,1_4,1_4&#8243; _builder_version=\u00bb4.16&#8243; background_color=\u00bb#F5F5F5&#8243; border_radii=\u00bbon|3px|3px|3px|3px\u00bb global_colors_info=\u00bb{}\u00bb][et_pb_column type=\u00bb1_4&#8243; _builder_version=\u00bb4.16&#8243; global_colors_info=\u00bb{}\u00bb][et_pb_blurb title=\u00bbIDIOMAS\u00bb url=\u00bbhttps:\/\/granada.salesianos.edu\/colegio\/plurilinguismo\/\u00bb use_icon=\u00bbon\u00bb font_icon=\u00bb&#xe0e2;||divi||400&#8243; _builder_version=\u00bb4.16&#8243; header_text_align=\u00bbcenter\u00bb global_colors_info=\u00bb{}\u00bb][\/et_pb_blurb][\/et_pb_column][et_pb_column type=\u00bb1_4&#8243; _builder_version=\u00bb4.16&#8243; global_colors_info=\u00bb{}\u00bb][et_pb_blurb title=\u00bbROB\u00d3TICA\u00bb url=\u00bbhttps:\/\/granada.salesianos.edu\/colegio\/roboticaeducativa\/\u00bb use_icon=\u00bbon\u00bb font_icon=\u00bb&#xe038;||divi||400&#8243; _builder_version=\u00bb4.16&#8243; header_text_align=\u00bbcenter\u00bb global_colors_info=\u00bb{}\u00bb][\/et_pb_blurb][\/et_pb_column][et_pb_column type=\u00bb1_4&#8243; _builder_version=\u00bb4.16&#8243; global_colors_info=\u00bb{}\u00bb][et_pb_blurb title=\u00bbTIC\u00b4S\u00bb url=\u00bbhttps:\/\/granada.salesianos.edu\/colegio\/aprendemosconlastics\/\u00bb use_icon=\u00bbon\u00bb font_icon=\u00bb&#xe00c;||divi||400&#8243; _builder_version=\u00bb4.16&#8243; header_text_align=\u00bbcenter\u00bb global_colors_info=\u00bb{}\u00bb][\/et_pb_blurb][\/et_pb_column][et_pb_column type=\u00bb1_4&#8243; _builder_version=\u00bb4.16&#8243; global_colors_info=\u00bb{}\u00bb][et_pb_blurb title=\u00bbAULA MATINAL Y PERMANENCIA\u00bb url=\u00bbhttps:\/\/granada.salesianos.edu\/colegio\/aulamatinalypermanencia\/\u00bb use_icon=\u00bbon\u00bb font_icon=\u00bb&#x7d;||divi||400&#8243; _builder_version=\u00bb4.16&#8243; header_text_align=\u00bbcenter\u00bb global_colors_info=\u00bb{}\u00bb][\/et_pb_blurb][\/et_pb_column][\/et_pb_row][et_pb_row column_structure=\u00bb1_4,1_4,1_4,1_4&#8243; _builder_version=\u00bb4.16&#8243; background_color=\u00bb#F5F5F5&#8243; custom_margin=\u00bb-13px||||false|false\u00bb border_radii=\u00bbon|3px|3px|3px|3px\u00bb global_colors_info=\u00bb{}\u00bb][et_pb_column type=\u00bb1_4&#8243; _builder_version=\u00bb4.16&#8243; global_colors_info=\u00bb{}\u00bb][et_pb_blurb title=\u00bbINSTALACIONES\u00bb url=\u00bbhttps:\/\/granada.salesianos.edu\/colegio\/instalaciones-2\/\u00bb use_icon=\u00bbon\u00bb font_icon=\u00bb&#xe0ef;||divi||400&#8243; _builder_version=\u00bb4.16&#8243; header_text_align=\u00bbcenter\u00bb global_colors_info=\u00bb{}\u00bb][\/et_pb_blurb][\/et_pb_column][et_pb_column type=\u00bb1_4&#8243; _builder_version=\u00bb4.16&#8243; global_colors_info=\u00bb{}\u00bb][et_pb_blurb title=\u00bbEXTRAESCOLARES \u00bb url=\u00bbhttps:\/\/granada.salesianos.edu\/colegio\/extraescolares\/\u00bb use_icon=\u00bbon\u00bb font_icon=\u00bb&#xe102;||divi||400&#8243; _builder_version=\u00bb4.16&#8243; header_text_align=\u00bbcenter\u00bb global_colors_info=\u00bb{}\u00bb][\/et_pb_blurb][\/et_pb_column][et_pb_column type=\u00bb1_4&#8243; _builder_version=\u00bb4.16&#8243; global_colors_info=\u00bb{}\u00bb][et_pb_blurb title=\u00bbLIBROS\u00bb url=\u00bbhttps:\/\/drive.google.com\/file\/d\/1MBQMJ-0BRQ-TxM3aAU3bZXAEmp6HhbVJ\/view?usp=share_link\u00bb use_icon=\u00bbon\u00bb font_icon=\u00bb&#xe022;||divi||400&#8243; _builder_version=\u00bb4.27.6&#8243; header_text_align=\u00bbcenter\u00bb link_option_url=\u00bbhttps:\/\/drive.google.com\/file\/d\/1MBQMJ-0BRQ-TxM3aAU3bZXAEmp6HhbVJ\/view?usp=share_link\u00bb hover_enabled=\u00bb0&#8243; global_colors_info=\u00bb{}\u00bb sticky_enabled=\u00bb0&#8243;][\/et_pb_blurb][\/et_pb_column][et_pb_column type=\u00bb1_4&#8243; _builder_version=\u00bb4.16&#8243; global_colors_info=\u00bb{}\u00bb][et_pb_blurb title=\u00bbMATERIAL COMPLEMENTARIO\u00bb url=\u00bbhttps:\/\/drive.google.com\/file\/d\/1BqiHMPqfA1NL_jwnTiTq9BSATI9Oy_vL\/view?usp=sharing\u00bb use_icon=\u00bbon\u00bb font_icon=\u00bb&#xe026;||divi||400&#8243; _builder_version=\u00bb4.21.0&#8243; header_text_align=\u00bbcenter\u00bb link_option_url=\u00bbhttps:\/\/drive.google.com\/file\/d\/1BqiHMPqfA1NL_jwnTiTq9BSATI9Oy_vL\/view?usp=sharing\u00bb global_colors_info=\u00bb{}\u00bb][\/et_pb_blurb][\/et_pb_column][\/et_pb_row][et_pb_row _builder_version=\u00bb4.16&#8243; global_colors_info=\u00bb{}\u00bb][et_pb_column type=\u00bb4_4&#8243; _builder_version=\u00bb4.16&#8243; global_colors_info=\u00bb{}\u00bb][et_pb_text _builder_version=\u00bb4.27.4&#8243; custom_margin=\u00bb18px||||false|false\u00bb global_colors_info=\u00bb{}\u00bb]<\/p>\n<p style=\"text-align: center;\"><span style=\"color: #4f4b4b; font-size: x-large;\"><strong>PREPARAMOS A NUESTRO ALUMNADO EN LAS TIC\u00b4S<\/strong><\/span><\/p>\n<h3 style=\"text-align: center;\"><span style=\"color: #808080;\"><i>Vivimos en la sociedad de la informaci\u00f3n y comunicaci\u00f3n y por ello nuestro\u00a0<\/i><span style=\"caret-color: #808080;\"><i>alumnado<\/i><\/span><i>\u00a0debe prepararse desde edades\u00a0tempranas en el uso de la tecnolog\u00eda.<\/i><\/span><\/h3>\n<p>[\/et_pb_text][et_pb_divider divider_weight=\u00bb2px\u00bb _builder_version=\u00bb4.27.4&#8243; width=\u00bb66%\u00bb custom_margin=\u00bb-17px|||181px|false|false\u00bb custom_margin_tablet=\u00bb-37px|||105px|false|false\u00bb custom_margin_phone=\u00bb|||54px|false|false\u00bb custom_margin_last_edited=\u00bbon|phone\u00bb global_colors_info=\u00bb{}\u00bb][\/et_pb_divider][\/et_pb_column][\/et_pb_row][et_pb_row column_structure=\u00bb3_5,2_5&#8243; _builder_version=\u00bb4.20.0&#8243; global_colors_info=\u00bb{}\u00bb][et_pb_column type=\u00bb3_5&#8243; _builder_version=\u00bb4.16&#8243; global_colors_info=\u00bb{}\u00bb][et_pb_text _builder_version=\u00bb4.27.4&#8243; header_text_align=\u00bbjustify\u00bb text_orientation=\u00bbjustified\u00bb custom_margin=\u00bb-8px||||false|false\u00bb global_colors_info=\u00bb{}\u00bb]<\/p>\n<div>\n<div>\n<div>\n<div>\n<p data-start=\"0\" data-end=\"199\">Nuestro centro educativo apuesta por una educaci\u00f3n adaptada a la era tecnol\u00f3gica y al uso creciente de las TIC en los \u00e1mbitos familiar y escolar, desarrollando proyectos que potencian su utilizaci\u00f3n.<\/p>\n<p data-start=\"201\" data-end=\"577\" data-is-last-node=\"\" data-is-only-node=\"\">Las TIC permiten crear contenidos variados y ajustados a las necesidades e intereses del alumnado, aumentando su motivaci\u00f3n, autonom\u00eda, creatividad y cooperaci\u00f3n. El centro cuenta con aulas informatizadas y un carro de iPads usados en la mayor\u00eda de las \u00e1reas, mientras que el profesorado se forma continuamente para aprovechar e innovar en el proceso de ense\u00f1anza-aprendizaje.<\/p>\n<p>.<\/p>\n<\/div>\n<\/div>\n<\/div>\n<\/div>\n<p>[\/et_pb_text][\/et_pb_column][et_pb_column type=\u00bb2_5&#8243; _builder_version=\u00bb4.16&#8243; global_colors_info=\u00bb{}\u00bb][et_pb_gallery gallery_ids=\u00bb10230,11784,11785,11783,11782,11650,11788&#8243; fullwidth=\u00bbon\u00bb _builder_version=\u00bb4.27.4&#8243; custom_margin_tablet=\u00bb\u00bb custom_margin_phone=\u00bb||||false|false\u00bb custom_margin_last_edited=\u00bbon|tablet\u00bb border_radii=\u00bbon|6px|6px|6px|6px\u00bb global_colors_info=\u00bb{}\u00bb][\/et_pb_gallery][\/et_pb_column][\/et_pb_row][et_pb_row _builder_version=\u00bb4.16&#8243; global_colors_info=\u00bb{}\u00bb][et_pb_column type=\u00bb4_4&#8243; _builder_version=\u00bb4.16&#8243; global_colors_info=\u00bb{}\u00bb][et_pb_text _builder_version=\u00bb4.20.0&#8243; custom_margin=\u00bb||||false|false\u00bb custom_margin_tablet=\u00bb37px||||false|false\u00bb custom_margin_phone=\u00bb31px||||false|false\u00bb custom_margin_last_edited=\u00bbon|tablet\u00bb global_colors_info=\u00bb{}\u00bb]<\/p>\n<p style=\"text-align: center;\"><span style=\"color: #4f4b4b; font-size: x-large;\"><strong>PREGUNTAS FRECUENTES Y SERVICIOS<\/strong><\/span><\/p>\n<h3 style=\"text-align: center;\"><\/h3>\n<p>[\/et_pb_text][et_pb_divider divider_weight=\u00bb2px\u00bb _builder_version=\u00bb4.27.4&#8243; width=\u00bb66%\u00bb custom_margin=\u00bb-35px|||181px|false|false\u00bb custom_margin_tablet=\u00bb-37px|||105px|false|false\u00bb custom_margin_phone=\u00bb|||57px|false|false\u00bb custom_margin_last_edited=\u00bbon|phone\u00bb global_colors_info=\u00bb{}\u00bb][\/et_pb_divider][\/et_pb_column][\/et_pb_row][et_pb_row column_structure=\u00bb3_4,1_4&#8243; _builder_version=\u00bb4.20.0&#8243; custom_margin=\u00bb||||false|false\u00bb global_colors_info=\u00bb{}\u00bb][et_pb_column type=\u00bb3_4&#8243; _builder_version=\u00bb4.16&#8243; global_colors_info=\u00bb{}\u00bb][et_pb_toggle title=\u00bb\u00bfRealiza el Centro Jornada de Puertas Abiertas?\u00bb open_toggle_text_color=\u00bb#e02b20&#8243; _builder_version=\u00bb4.18.0&#8243; title_text_color=\u00bb#e02b20&#8243; title_font_size=\u00bb24px\u00bb custom_margin=\u00bb-22px||||false|false\u00bb border_radii=\u00bbon|3px|3px|3px|3px\u00bb border_width_all=\u00bb2px\u00bb border_color_all=\u00bb#e02b20&#8243; global_colors_info=\u00bb{}\u00bb]<\/p>\n<p>Desde hace algunos a\u00f1os, el colegio abre sus puertas a aquellas familias que est\u00e9n interesadas en conocer nuestro\u00a0<a title=\"Proyecto Educativo\" href=\"https:\/\/granada.salesianos.edu\/colegio\/admisiones\/\" target=\"_blank\" rel=\"noopener noreferrer\"><strong>proyecto educativo<\/strong><\/a>\u00a0e\u00a0<a title=\"Instalaciones\" href=\"https:\/\/granada.salesianos.edu\/colegio\/instalaciones\/\" target=\"_blank\" rel=\"noopener noreferrer\"><strong>instalaciones<\/strong><\/a>. Cada a\u00f1o, estas jornadas mejoran y se perfeccionan y ni siquiera una pandemia puede impedir que las realicemos de la mejor forma posible.<\/p>\n<p>Publicaremos toda la informaci\u00f3n al respecto en nuestra\u00a0<strong>web<\/strong>\u00a0y\u00a0<strong>RRSS. <a title=\"Jornadas de Puertas Abiertas\" href=\"https:\/\/granada.salesianos.edu\/colegio\/jornadas-pa-general\/\" target=\"_blank\" rel=\"noopener noreferrer\">M\u00e1s informaci\u00f3n sobre las Jornadas de Puertas Abiertas<\/a><\/strong><\/p>\n<p>No obstante, a lo largo de todo el curso, si quiere conocer nuestro Centro, s\u00f3lo tiene que ponerse en contacto con nosotros y concertaremos una cita con nuestro Jefe de Estudios.<\/p>\n<p>[\/et_pb_toggle][et_pb_toggle title=\u00bb\u00bfLlevan uniforme? \u00bfD\u00f3nde se compra?\u00bb _builder_version=\u00bb4.16&#8243; title_text_color=\u00bb#e02b20&#8243; title_font_size=\u00bb24px\u00bb border_radii=\u00bbon|3px|3px|3px|3px\u00bb border_width_all=\u00bb2px\u00bb border_color_all=\u00bb#e02b20&#8243; global_colors_info=\u00bb{}\u00bb]S\u00ed. Los alumnos deber\u00e1n venir con el uniforme ordinario y dos d\u00eda\u00a0 que asisten al aula de Psicomotricidad, traer\u00e1n\u00a0ropa deportiva.<\/p>\n<p>Durante los meses de septiembre y junio los alumnos de Infantil podr\u00e1n venir todos d\u00edas con ropa deportiva.<\/p>\n<p>El uniforme y ropa deportiva lo podr\u00e1n adquirir en el Corte Ingl\u00e9s.\u00a0<a href=\"https:\/\/granada.salesianos.edu\/colegio\/uniformes\/\">Mas informaci\u00f3n sobre los uniformes.<\/a><br \/>\n[\/et_pb_toggle][et_pb_toggle title=\u00bb\u00bfCu\u00e1l es el horario de entradas y salidas?\u00bb _builder_version=\u00bb4.16&#8243; title_text_color=\u00bb#e02b20&#8243; title_font_size=\u00bb24px\u00bb border_radii=\u00bbon|3px|3px|3px|3px\u00bb border_width_all=\u00bb2px\u00bb border_color_all=\u00bb#e02b20&#8243; global_colors_info=\u00bb{}\u00bb]Este curso, siguiendo el Protocolo COVID del centro, hemos establecido tres turnos diferenciados (por niveles) de entradas y salidas cada 10\u2032.<br \/>\nUsamos el port\u00f3n de acceso al centro que est\u00e1 situado frente al Mercadona. Realizando las filas en el patio del colegio con sus tutores.<br \/>\nEn momentos de lluvia, los alumnos acceden a sus clases directamente y son recogidos en el porche del colegio por las familias.<\/p>\n<p>&nbsp;<br \/>\n[\/et_pb_toggle][et_pb_toggle title=\u00bb\u00bfQu\u00e9 pasa si llego tarde?\u00bb _builder_version=\u00bb4.16&#8243; title_text_color=\u00bb#e02b20&#8243; title_font_size=\u00bb24px\u00bb border_radii=\u00bbon|3px|3px|3px|3px\u00bb border_width_all=\u00bb2px\u00bb border_color_all=\u00bb#e02b20&#8243; global_colors_info=\u00bb{}\u00bb]Si un alumno o alumna llega tarde, entrar\u00e1 por la zona de conserjer\u00eda, e ir\u00e1 a su clase, las familias no pueden acceder al centro.<br \/>\nHay una sirena que indica que el alumno que accede a clase despu\u00e9s de ella ha llegado tarde. Dicho retraso se notifica a los padres por la plataforma\u00a0 Qe. que deben justificar por medio de la agenda o de la misma plataforma.<br \/>\n5 retrasos no justificados se convierten en una falta injustificada<\/p>\n<p>&nbsp;<br \/>\n[\/et_pb_toggle][\/et_pb_column][et_pb_column type=\u00bb1_4&#8243; _builder_version=\u00bb4.16&#8243; global_colors_info=\u00bb{}\u00bb][et_pb_button button_url=\u00bbhttps:\/\/granada.salesianos.edu\/colegio\/qefamilia\/\u00bb url_new_window=\u00bbon\u00bb button_text=\u00bb App Qe\u00bb admin_label=\u00bbBot\u00f3n\u00bb _builder_version=\u00bb4.16&#8243; custom_button=\u00bbon\u00bb button_text_color=\u00bb#ffffff\u00bb button_bg_color=\u00bb#e02b20&#8243; button_border_width=\u00bb0px\u00bb button_border_radius=\u00bb6px\u00bb custom_margin=\u00bb3px||||false|false\u00bb custom_margin_tablet=\u00bb-1px||||false|false\u00bb custom_margin_phone=\u00bb4px||||false|false\u00bb custom_margin_last_edited=\u00bbon|tablet\u00bb custom_padding=\u00bb|130px|0px|||\u00bb global_colors_info=\u00bb{}\u00bb button_text_size__hover_enabled=\u00bboff\u00bb button_text_size__hover=\u00bbnull\u00bb button_one_text_size__hover_enabled=\u00bboff\u00bb button_one_text_size__hover=\u00bbnull\u00bb button_two_text_size__hover_enabled=\u00bboff\u00bb button_two_text_size__hover=\u00bbnull\u00bb button_text_color__hover_enabled=\u00bboff\u00bb button_text_color__hover=\u00bbnull\u00bb button_one_text_color__hover_enabled=\u00bboff\u00bb button_one_text_color__hover=\u00bbnull\u00bb button_two_text_color__hover_enabled=\u00bboff\u00bb button_two_text_color__hover=\u00bbnull\u00bb button_border_width__hover_enabled=\u00bboff\u00bb button_border_width__hover=\u00bbnull\u00bb button_one_border_width__hover_enabled=\u00bboff\u00bb button_one_border_width__hover=\u00bbnull\u00bb button_two_border_width__hover_enabled=\u00bboff\u00bb button_two_border_width__hover=\u00bbnull\u00bb button_border_color__hover_enabled=\u00bboff\u00bb button_border_color__hover=\u00bbnull\u00bb button_one_border_color__hover_enabled=\u00bboff\u00bb button_one_border_color__hover=\u00bbnull\u00bb button_two_border_color__hover_enabled=\u00bboff\u00bb button_two_border_color__hover=\u00bbnull\u00bb button_border_radius__hover_enabled=\u00bboff\u00bb button_border_radius__hover=\u00bbnull\u00bb button_one_border_radius__hover_enabled=\u00bboff\u00bb button_one_border_radius__hover=\u00bbnull\u00bb button_two_border_radius__hover_enabled=\u00bboff\u00bb button_two_border_radius__hover=\u00bbnull\u00bb button_letter_spacing__hover_enabled=\u00bboff\u00bb button_letter_spacing__hover=\u00bbnull\u00bb button_one_letter_spacing__hover_enabled=\u00bboff\u00bb button_one_letter_spacing__hover=\u00bbnull\u00bb button_two_letter_spacing__hover_enabled=\u00bboff\u00bb button_two_letter_spacing__hover=\u00bbnull\u00bb button_bg_color__hover_enabled=\u00bboff\u00bb button_bg_color__hover=\u00bbnull\u00bb button_one_bg_color__hover_enabled=\u00bboff\u00bb button_one_bg_color__hover=\u00bbnull\u00bb button_two_bg_color__hover_enabled=\u00bboff\u00bb button_two_bg_color__hover=\u00bbnull\u00bb][\/et_pb_button][et_pb_button button_url=\u00bbhttps:\/\/granada.salesianos.edu\/colegio\/programaaldea\/\u00bb url_new_window=\u00bbon\u00bb button_text=\u00bbPrograma Aldea\u00bb _builder_version=\u00bb4.16&#8243; custom_button=\u00bbon\u00bb button_text_size=\u00bb20px\u00bb button_text_color=\u00bb#ffffff\u00bb button_bg_color=\u00bb#e02b20&#8243; button_border_width=\u00bb0px\u00bb button_border_radius=\u00bb6px\u00bb global_colors_info=\u00bb{}\u00bb button_text_size__hover_enabled=\u00bboff\u00bb button_text_size__hover=\u00bbnull\u00bb button_one_text_size__hover_enabled=\u00bboff\u00bb button_one_text_size__hover=\u00bbnull\u00bb button_two_text_size__hover_enabled=\u00bboff\u00bb button_two_text_size__hover=\u00bbnull\u00bb button_text_color__hover_enabled=\u00bboff\u00bb button_text_color__hover=\u00bbnull\u00bb button_one_text_color__hover_enabled=\u00bboff\u00bb button_one_text_color__hover=\u00bbnull\u00bb button_two_text_color__hover_enabled=\u00bboff\u00bb button_two_text_color__hover=\u00bbnull\u00bb button_border_width__hover_enabled=\u00bboff\u00bb button_border_width__hover=\u00bbnull\u00bb button_one_border_width__hover_enabled=\u00bboff\u00bb button_one_border_width__hover=\u00bbnull\u00bb button_two_border_width__hover_enabled=\u00bboff\u00bb button_two_border_width__hover=\u00bbnull\u00bb button_border_color__hover_enabled=\u00bboff\u00bb button_border_color__hover=\u00bbnull\u00bb button_one_border_color__hover_enabled=\u00bboff\u00bb button_one_border_color__hover=\u00bbnull\u00bb button_two_border_color__hover_enabled=\u00bboff\u00bb button_two_border_color__hover=\u00bbnull\u00bb button_border_radius__hover_enabled=\u00bboff\u00bb button_border_radius__hover=\u00bbnull\u00bb button_one_border_radius__hover_enabled=\u00bboff\u00bb button_one_border_radius__hover=\u00bbnull\u00bb button_two_border_radius__hover_enabled=\u00bboff\u00bb button_two_border_radius__hover=\u00bbnull\u00bb button_letter_spacing__hover_enabled=\u00bboff\u00bb button_letter_spacing__hover=\u00bbnull\u00bb button_one_letter_spacing__hover_enabled=\u00bboff\u00bb button_one_letter_spacing__hover=\u00bbnull\u00bb button_two_letter_spacing__hover_enabled=\u00bboff\u00bb button_two_letter_spacing__hover=\u00bbnull\u00bb button_bg_color__hover_enabled=\u00bboff\u00bb button_bg_color__hover=\u00bbnull\u00bb button_one_bg_color__hover_enabled=\u00bboff\u00bb button_one_bg_color__hover=\u00bbnull\u00bb button_two_bg_color__hover_enabled=\u00bboff\u00bb button_two_bg_color__hover=\u00bbnull\u00bb][\/et_pb_button][et_pb_button button_url=\u00bbhttps:\/\/granada.salesianos.edu\/colegio\/recapacicla\/\u00bb url_new_window=\u00bbon\u00bb button_text=\u00bbProyecto Recapacicla\u00bb _builder_version=\u00bb4.16&#8243; custom_button=\u00bbon\u00bb button_text_color=\u00bb#ffffff\u00bb button_bg_color=\u00bb#e02b20&#8243; button_border_width=\u00bb0px\u00bb button_border_radius=\u00bb6px\u00bb custom_padding=\u00bb||0px|||\u00bb global_colors_info=\u00bb{}\u00bb button_text_size__hover_enabled=\u00bboff\u00bb button_text_size__hover=\u00bbnull\u00bb button_one_text_size__hover_enabled=\u00bboff\u00bb button_one_text_size__hover=\u00bbnull\u00bb button_two_text_size__hover_enabled=\u00bboff\u00bb button_two_text_size__hover=\u00bbnull\u00bb button_text_color__hover_enabled=\u00bboff\u00bb button_text_color__hover=\u00bbnull\u00bb button_one_text_color__hover_enabled=\u00bboff\u00bb button_one_text_color__hover=\u00bbnull\u00bb button_two_text_color__hover_enabled=\u00bboff\u00bb button_two_text_color__hover=\u00bbnull\u00bb button_border_width__hover_enabled=\u00bboff\u00bb button_border_width__hover=\u00bbnull\u00bb button_one_border_width__hover_enabled=\u00bboff\u00bb button_one_border_width__hover=\u00bbnull\u00bb button_two_border_width__hover_enabled=\u00bboff\u00bb button_two_border_width__hover=\u00bbnull\u00bb button_border_color__hover_enabled=\u00bboff\u00bb button_border_color__hover=\u00bbnull\u00bb button_one_border_color__hover_enabled=\u00bboff\u00bb button_one_border_color__hover=\u00bbnull\u00bb button_two_border_color__hover_enabled=\u00bboff\u00bb button_two_border_color__hover=\u00bbnull\u00bb button_border_radius__hover_enabled=\u00bboff\u00bb button_border_radius__hover=\u00bbnull\u00bb button_one_border_radius__hover_enabled=\u00bboff\u00bb button_one_border_radius__hover=\u00bbnull\u00bb button_two_border_radius__hover_enabled=\u00bboff\u00bb button_two_border_radius__hover=\u00bbnull\u00bb button_letter_spacing__hover_enabled=\u00bboff\u00bb button_letter_spacing__hover=\u00bbnull\u00bb button_one_letter_spacing__hover_enabled=\u00bboff\u00bb button_one_letter_spacing__hover=\u00bbnull\u00bb button_two_letter_spacing__hover_enabled=\u00bboff\u00bb button_two_letter_spacing__hover=\u00bbnull\u00bb button_bg_color__hover_enabled=\u00bboff\u00bb button_bg_color__hover=\u00bbnull\u00bb button_one_bg_color__hover_enabled=\u00bboff\u00bb button_one_bg_color__hover=\u00bbnull\u00bb button_two_bg_color__hover_enabled=\u00bboff\u00bb button_two_bg_color__hover=\u00bbnull\u00bb][\/et_pb_button][et_pb_button button_url=\u00bbhttps:\/\/granada.salesianos.edu\/colegio\/comedor\/\u00bb url_new_window=\u00bbon\u00bb button_text=\u00bbServicio de comedor\u00bb _builder_version=\u00bb4.16&#8243; custom_button=\u00bbon\u00bb button_text_color=\u00bb#ffffff\u00bb button_bg_color=\u00bb#e02b20&#8243; button_border_width=\u00bb0px\u00bb button_border_radius=\u00bb6px\u00bb z_index_tablet=\u00bb500&#8243; global_colors_info=\u00bb{}\u00bb button_text_size__hover_enabled=\u00bboff\u00bb button_text_size__hover=\u00bbnull\u00bb button_one_text_size__hover_enabled=\u00bboff\u00bb button_one_text_size__hover=\u00bbnull\u00bb button_two_text_size__hover_enabled=\u00bboff\u00bb button_two_text_size__hover=\u00bbnull\u00bb button_text_color__hover_enabled=\u00bboff\u00bb button_text_color__hover=\u00bbnull\u00bb button_one_text_color__hover_enabled=\u00bboff\u00bb button_one_text_color__hover=\u00bbnull\u00bb button_two_text_color__hover_enabled=\u00bboff\u00bb button_two_text_color__hover=\u00bbnull\u00bb button_border_width__hover_enabled=\u00bboff\u00bb button_border_width__hover=\u00bbnull\u00bb button_one_border_width__hover_enabled=\u00bboff\u00bb button_one_border_width__hover=\u00bbnull\u00bb button_two_border_width__hover_enabled=\u00bboff\u00bb button_two_border_width__hover=\u00bbnull\u00bb button_border_color__hover_enabled=\u00bboff\u00bb button_border_color__hover=\u00bbnull\u00bb button_one_border_color__hover_enabled=\u00bboff\u00bb button_one_border_color__hover=\u00bbnull\u00bb button_two_border_color__hover_enabled=\u00bboff\u00bb button_two_border_color__hover=\u00bbnull\u00bb button_border_radius__hover_enabled=\u00bboff\u00bb button_border_radius__hover=\u00bbnull\u00bb button_one_border_radius__hover_enabled=\u00bboff\u00bb button_one_border_radius__hover=\u00bbnull\u00bb button_two_border_radius__hover_enabled=\u00bboff\u00bb button_two_border_radius__hover=\u00bbnull\u00bb button_letter_spacing__hover_enabled=\u00bboff\u00bb button_letter_spacing__hover=\u00bbnull\u00bb button_one_letter_spacing__hover_enabled=\u00bboff\u00bb button_one_letter_spacing__hover=\u00bbnull\u00bb button_two_letter_spacing__hover_enabled=\u00bboff\u00bb button_two_letter_spacing__hover=\u00bbnull\u00bb button_bg_color__hover_enabled=\u00bboff\u00bb button_bg_color__hover=\u00bbnull\u00bb button_one_bg_color__hover_enabled=\u00bboff\u00bb button_one_bg_color__hover=\u00bbnull\u00bb button_two_bg_color__hover_enabled=\u00bboff\u00bb button_two_bg_color__hover=\u00bbnull\u00bb][\/et_pb_button][et_pb_button button_url=\u00bbhttps:\/\/granada.salesianos.edu\/colegio\/aulamatinalypermanencia\/\u00bb url_new_window=\u00bbon\u00bb button_text=\u00bbAula permanencia\u00bb _builder_version=\u00bb4.16&#8243; custom_button=\u00bbon\u00bb button_text_color=\u00bb#ffffff\u00bb button_bg_color=\u00bb#e02b20&#8243; button_border_width=\u00bb0px\u00bb button_border_radius=\u00bb6px\u00bb global_colors_info=\u00bb{}\u00bb button_text_size__hover_enabled=\u00bboff\u00bb button_text_size__hover=\u00bbnull\u00bb button_one_text_size__hover_enabled=\u00bboff\u00bb button_one_text_size__hover=\u00bbnull\u00bb button_two_text_size__hover_enabled=\u00bboff\u00bb button_two_text_size__hover=\u00bbnull\u00bb button_text_color__hover_enabled=\u00bboff\u00bb button_text_color__hover=\u00bbnull\u00bb button_one_text_color__hover_enabled=\u00bboff\u00bb button_one_text_color__hover=\u00bbnull\u00bb button_two_text_color__hover_enabled=\u00bboff\u00bb button_two_text_color__hover=\u00bbnull\u00bb button_border_width__hover_enabled=\u00bboff\u00bb button_border_width__hover=\u00bbnull\u00bb button_one_border_width__hover_enabled=\u00bboff\u00bb button_one_border_width__hover=\u00bbnull\u00bb button_two_border_width__hover_enabled=\u00bboff\u00bb button_two_border_width__hover=\u00bbnull\u00bb button_border_color__hover_enabled=\u00bboff\u00bb button_border_color__hover=\u00bbnull\u00bb button_one_border_color__hover_enabled=\u00bboff\u00bb button_one_border_color__hover=\u00bbnull\u00bb button_two_border_color__hover_enabled=\u00bboff\u00bb button_two_border_color__hover=\u00bbnull\u00bb button_border_radius__hover_enabled=\u00bboff\u00bb button_border_radius__hover=\u00bbnull\u00bb button_one_border_radius__hover_enabled=\u00bboff\u00bb button_one_border_radius__hover=\u00bbnull\u00bb button_two_border_radius__hover_enabled=\u00bboff\u00bb button_two_border_radius__hover=\u00bbnull\u00bb button_letter_spacing__hover_enabled=\u00bboff\u00bb button_letter_spacing__hover=\u00bbnull\u00bb button_one_letter_spacing__hover_enabled=\u00bboff\u00bb button_one_letter_spacing__hover=\u00bbnull\u00bb button_two_letter_spacing__hover_enabled=\u00bboff\u00bb button_two_letter_spacing__hover=\u00bbnull\u00bb button_bg_color__hover_enabled=\u00bboff\u00bb button_bg_color__hover=\u00bbnull\u00bb button_one_bg_color__hover_enabled=\u00bboff\u00bb button_one_bg_color__hover=\u00bbnull\u00bb button_two_bg_color__hover_enabled=\u00bboff\u00bb button_two_bg_color__hover=\u00bbnull\u00bb][\/et_pb_button][et_pb_button button_url=\u00bbhttps:\/\/granada.salesianos.edu\/colegio\/seguroescolarvoluntario\/\u00bb url_new_window=\u00bbon\u00bb button_text=\u00bbSeguro voluntario\u00bb _builder_version=\u00bb4.16&#8243; custom_button=\u00bbon\u00bb button_text_size=\u00bb20px\u00bb button_text_color=\u00bb#ffffff\u00bb button_bg_color=\u00bb#e02b20&#8243; button_border_width=\u00bb0px\u00bb button_border_radius=\u00bb6px\u00bb global_colors_info=\u00bb{}\u00bb button_text_size__hover_enabled=\u00bboff\u00bb button_text_size__hover=\u00bbnull\u00bb button_one_text_size__hover_enabled=\u00bboff\u00bb button_one_text_size__hover=\u00bbnull\u00bb button_two_text_size__hover_enabled=\u00bboff\u00bb button_two_text_size__hover=\u00bbnull\u00bb button_text_color__hover_enabled=\u00bboff\u00bb button_text_color__hover=\u00bbnull\u00bb button_one_text_color__hover_enabled=\u00bboff\u00bb button_one_text_color__hover=\u00bbnull\u00bb button_two_text_color__hover_enabled=\u00bboff\u00bb button_two_text_color__hover=\u00bbnull\u00bb button_border_width__hover_enabled=\u00bboff\u00bb button_border_width__hover=\u00bbnull\u00bb button_one_border_width__hover_enabled=\u00bboff\u00bb button_one_border_width__hover=\u00bbnull\u00bb button_two_border_width__hover_enabled=\u00bboff\u00bb button_two_border_width__hover=\u00bbnull\u00bb button_border_color__hover_enabled=\u00bboff\u00bb button_border_color__hover=\u00bbnull\u00bb button_one_border_color__hover_enabled=\u00bboff\u00bb button_one_border_color__hover=\u00bbnull\u00bb button_two_border_color__hover_enabled=\u00bboff\u00bb button_two_border_color__hover=\u00bbnull\u00bb button_border_radius__hover_enabled=\u00bboff\u00bb button_border_radius__hover=\u00bbnull\u00bb button_one_border_radius__hover_enabled=\u00bboff\u00bb button_one_border_radius__hover=\u00bbnull\u00bb button_two_border_radius__hover_enabled=\u00bboff\u00bb button_two_border_radius__hover=\u00bbnull\u00bb button_letter_spacing__hover_enabled=\u00bboff\u00bb button_letter_spacing__hover=\u00bbnull\u00bb button_one_letter_spacing__hover_enabled=\u00bboff\u00bb button_one_letter_spacing__hover=\u00bbnull\u00bb button_two_letter_spacing__hover_enabled=\u00bboff\u00bb button_two_letter_spacing__hover=\u00bbnull\u00bb button_bg_color__hover_enabled=\u00bboff\u00bb button_bg_color__hover=\u00bbnull\u00bb button_one_bg_color__hover_enabled=\u00bboff\u00bb button_one_bg_color__hover=\u00bbnull\u00bb button_two_bg_color__hover_enabled=\u00bboff\u00bb button_two_bg_color__hover=\u00bbnull\u00bb][\/et_pb_button][\/et_pb_column][\/et_pb_row][et_pb_row _builder_version=\u00bb4.16&#8243; custom_margin=\u00bb-19px||||false|false\u00bb global_colors_info=\u00bb{}\u00bb][et_pb_column type=\u00bb4_4&#8243; _builder_version=\u00bb4.16&#8243; global_colors_info=\u00bb{}\u00bb][et_pb_text admin_label=\u00bbNoticias de la casa (Texto)\u00bb _builder_version=\u00bb4.18.0&#8243; text_font=\u00bbArial||||\u00bb text_text_color=\u00bb#636a70&#8243; text_font_size=\u00bb22&#8243; text_line_height=\u00bb1.6em\u00bb header_font=\u00bbArial||||\u00bb header_text_color=\u00bb#636a70&#8243; header_font_size=\u00bb46px\u00bb background_size=\u00bbinitial\u00bb background_position=\u00bbtop_left\u00bb background_repeat=\u00bbrepeat\u00bb custom_margin=\u00bb||25px|\u00bb custom_padding=\u00bb|||\u00bb saved_tabs=\u00bball\u00bb global_colors_info=\u00bb{}\u00bb]<\/p>\n<p class=\"\"><strong>Noticias de Primaria<\/strong><strong><img loading=\"lazy\" decoding=\"async\" class=\"wp-image-1598 alignleft\" src=\"https:\/\/alicante.salesianos.edu\/wp-content\/uploads\/2017\/03\/Captura-de-pantalla-2017-05-24-a-las-13.27.09.png\" alt=\"\" width=\"29\" height=\"30\" \/><\/strong><\/p>\n<p>[\/et_pb_text][et_pb_blog fullwidth=\u00bboff\u00bb posts_number=\u00bb3&#8243; include_categories=\u00bb22&#8243; meta_date=\u00bbj M, Y\u00bb show_more=\u00bbon\u00bb show_author=\u00bboff\u00bb show_categories=\u00bboff\u00bb use_overlay=\u00bbon\u00bb overlay_icon_color=\u00bb#e02b20&#8243; disabled_on=\u00bboff|on|off\u00bb admin_label=\u00bbUltimas noticias (Blog)\u00bb _builder_version=\u00bb4.18.0&#8243; header_font=\u00bb|on|||\u00bb header_text_color=\u00bb#c9361c\u00bb header_font_size=\u00bb22px\u00bb header_line_height=\u00bb1.2em\u00bb body_font=\u00bb||||\u00bb body_font_size=\u00bb12px\u00bb body_line_height=\u00bb1.5em\u00bb meta_font=\u00bb||on||\u00bb meta_font_size=\u00bb12&#8243; meta_line_height=\u00bb1.5em\u00bb animation_style=\u00bbfold\u00bb body_font_size_last_edited=\u00bboff|\u00bb pagination_font_size_tablet=\u00bb51&#8243; pagination_line_height_tablet=\u00bb2&#8243; border_radii=\u00bbon|20px|20px|20px|20px\u00bb border_width_all=\u00bb0px\u00bb border_color_all_fullwidth=\u00bb#d8d8d8&#8243; use_border_color=\u00bbon\u00bb saved_tabs=\u00bball\u00bb global_colors_info=\u00bb{}\u00bb][\/et_pb_blog][\/et_pb_column][\/et_pb_row][\/et_pb_section]<\/p>\n","protected":false},"excerpt":{"rendered":"<p>Preparados para ir al cole \u00a0La ense\u00f1anza que\u00a0impartimos en Educaci\u00f3n Primaria incluye algo m\u00e1s que nos hace \u00fanicos: nuestra preocupaci\u00f3n por formar \u00abhonrados ciudadanos y buenos cristianos\u00bb\u00a0Nuestra metodolog\u00eda est\u00e1 basada en t\u00e9cnicas activas, motivadoras y participativas. Nuestros alumnos trabajan de manera individual y en equipo, con\u00a0esfuerzo y responsabilidad en el estudio.\u00a0Integrando las distintas experiencias de [&hellip;]<\/p>\n","protected":false},"author":2,"featured_media":0,"parent":0,"menu_order":0,"comment_status":"closed","ping_status":"closed","template":"","meta":{"_et_pb_use_builder":"on","_et_pb_old_content":"","_et_gb_content_width":"","footnotes":""},"class_list":["post-13848","page","type-page","status-publish","hentry"],"yoast_head":"<!-- This site is optimized with the Yoast SEO plugin v28.3 - https:\/\/yoast.com\/product\/yoast-seo-wordpress\/ -->\n<title>Educaci\u00f3n Primaria - Colegio Salesiano<\/title>\n<meta name=\"robots\" content=\"index, follow, max-snippet:-1, max-image-preview:large, max-video-preview:-1\" \/>\n<link rel=\"canonical\" href=\"https:\/\/granada.salesianos.edu\/colegio\/primaria\/\" \/>\n<meta property=\"og:locale\" content=\"es_ES\" \/>\n<meta property=\"og:type\" content=\"article\" \/>\n<meta property=\"og:title\" content=\"Educaci\u00f3n Primaria - Colegio Salesiano\" \/>\n<meta property=\"og:description\" content=\"Preparados para ir al cole \u00a0La ense\u00f1anza que\u00a0impartimos en Educaci\u00f3n Primaria incluye algo m\u00e1s que nos hace \u00fanicos: nuestra preocupaci\u00f3n por formar &quot;honrados ciudadanos y buenos cristianos&quot;\u00a0Nuestra metodolog\u00eda est\u00e1 basada en t\u00e9cnicas activas, motivadoras y participativas. Nuestros alumnos trabajan de manera individual y en equipo, con\u00a0esfuerzo y responsabilidad en el estudio.\u00a0Integrando las distintas experiencias de [&hellip;]\" \/>\n<meta property=\"og:url\" content=\"https:\/\/granada.salesianos.edu\/colegio\/primaria\/\" \/>\n<meta property=\"og:site_name\" content=\"Colegio Salesiano\" \/>\n<meta property=\"article:publisher\" content=\"https:\/\/www.facebook.com\/SalesianosGR\/\" \/>\n<meta property=\"article:modified_time\" content=\"2026-07-15T09:48:50+00:00\" \/>\n<meta property=\"og:image\" content=\"https:\/\/alicante.salesianos.edu\/wp-content\/uploads\/2017\/03\/Captura-de-pantalla-2017-05-24-a-las-13.27.09.png\" \/>\n<meta name=\"twitter:card\" content=\"summary_large_image\" \/>\n<meta name=\"twitter:site\" content=\"@GranadaSDB\" \/>\n<meta name=\"twitter:label1\" content=\"Tiempo de lectura\" \/>\n\t<meta name=\"twitter:data1\" content=\"8 minutos\" \/>\n<script type=\"application\/ld+json\" class=\"yoast-schema-graph\">{\"@context\":\"https:\\\/\\\/schema.org\",\"@graph\":[{\"@type\":\"WebPage\",\"@id\":\"https:\\\/\\\/granada.salesianos.edu\\\/colegio\\\/primaria\\\/\",\"url\":\"https:\\\/\\\/granada.salesianos.edu\\\/colegio\\\/primaria\\\/\",\"name\":\"Educaci\u00f3n Primaria - Colegio Salesiano\",\"isPartOf\":{\"@id\":\"https:\\\/\\\/granada.salesianos.edu\\\/colegio\\\/#website\"},\"primaryImageOfPage\":{\"@id\":\"https:\\\/\\\/granada.salesianos.edu\\\/colegio\\\/primaria\\\/#primaryimage\"},\"image\":{\"@id\":\"https:\\\/\\\/granada.salesianos.edu\\\/colegio\\\/primaria\\\/#primaryimage\"},\"thumbnailUrl\":\"https:\\\/\\\/alicante.salesianos.edu\\\/wp-content\\\/uploads\\\/2017\\\/03\\\/Captura-de-pantalla-2017-05-24-a-las-13.27.09.png\",\"datePublished\":\"2021-06-29T10:45:34+00:00\",\"dateModified\":\"2026-07-15T09:48:50+00:00\",\"breadcrumb\":{\"@id\":\"https:\\\/\\\/granada.salesianos.edu\\\/colegio\\\/primaria\\\/#breadcrumb\"},\"inLanguage\":\"es\",\"potentialAction\":[{\"@type\":\"ReadAction\",\"target\":[\"https:\\\/\\\/granada.salesianos.edu\\\/colegio\\\/primaria\\\/\"]}]},{\"@type\":\"ImageObject\",\"inLanguage\":\"es\",\"@id\":\"https:\\\/\\\/granada.salesianos.edu\\\/colegio\\\/primaria\\\/#primaryimage\",\"url\":\"https:\\\/\\\/alicante.salesianos.edu\\\/wp-content\\\/uploads\\\/2017\\\/03\\\/Captura-de-pantalla-2017-05-24-a-las-13.27.09.png\",\"contentUrl\":\"https:\\\/\\\/alicante.salesianos.edu\\\/wp-content\\\/uploads\\\/2017\\\/03\\\/Captura-de-pantalla-2017-05-24-a-las-13.27.09.png\"},{\"@type\":\"BreadcrumbList\",\"@id\":\"https:\\\/\\\/granada.salesianos.edu\\\/colegio\\\/primaria\\\/#breadcrumb\",\"itemListElement\":[{\"@type\":\"ListItem\",\"position\":1,\"name\":\"Portada\",\"item\":\"https:\\\/\\\/granada.salesianos.edu\\\/colegio\\\/\"},{\"@type\":\"ListItem\",\"position\":2,\"name\":\"Educaci\u00f3n Primaria\"}]},{\"@type\":\"WebSite\",\"@id\":\"https:\\\/\\\/granada.salesianos.edu\\\/colegio\\\/#website\",\"url\":\"https:\\\/\\\/granada.salesianos.edu\\\/colegio\\\/\",\"name\":\"Colegio Salesiano\",\"description\":\"P\u00e1gina oficial de Salesianos Granada San Juan Bosco\",\"publisher\":{\"@id\":\"https:\\\/\\\/granada.salesianos.edu\\\/colegio\\\/#organization\"},\"potentialAction\":[{\"@type\":\"SearchAction\",\"target\":{\"@type\":\"EntryPoint\",\"urlTemplate\":\"https:\\\/\\\/granada.salesianos.edu\\\/colegio\\\/?s={search_term_string}\"},\"query-input\":{\"@type\":\"PropertyValueSpecification\",\"valueRequired\":true,\"valueName\":\"search_term_string\"}}],\"inLanguage\":\"es\"},{\"@type\":\"Organization\",\"@id\":\"https:\\\/\\\/granada.salesianos.edu\\\/colegio\\\/#organization\",\"name\":\"Colegio Salesiano San Juan Bosco Granada\",\"url\":\"https:\\\/\\\/granada.salesianos.edu\\\/colegio\\\/\",\"logo\":{\"@type\":\"ImageObject\",\"inLanguage\":\"es\",\"@id\":\"https:\\\/\\\/granada.salesianos.edu\\\/colegio\\\/#\\\/schema\\\/logo\\\/image\\\/\",\"url\":\"https:\\\/\\\/granada.salesianos.edu\\\/colegio\\\/wp-content\\\/uploads\\\/sites\\\/2\\\/2021\\\/01\\\/GRANADAobraVN2.jpg\",\"contentUrl\":\"https:\\\/\\\/granada.salesianos.edu\\\/colegio\\\/wp-content\\\/uploads\\\/sites\\\/2\\\/2021\\\/01\\\/GRANADAobraVN2.jpg\",\"width\":2113,\"height\":1894,\"caption\":\"Colegio Salesiano San Juan Bosco Granada\"},\"image\":{\"@id\":\"https:\\\/\\\/granada.salesianos.edu\\\/colegio\\\/#\\\/schema\\\/logo\\\/image\\\/\"},\"sameAs\":[\"https:\\\/\\\/www.facebook.com\\\/SalesianosGR\\\/\",\"https:\\\/\\\/x.com\\\/GranadaSDB\",\"https:\\\/\\\/www.instagram.com\\\/salesianosgranada\\\/\",\"https:\\\/\\\/www.youtube.com\\\/channel\\\/UChkpZuhCf4Y5rYIcFT3CNxw?view_as=subscriber\"]}]}<\/script>\n<!-- \/ Yoast SEO plugin. -->","yoast_head_json":{"title":"Educaci\u00f3n Primaria - Colegio Salesiano","robots":{"index":"index","follow":"follow","max-snippet":"max-snippet:-1","max-image-preview":"max-image-preview:large","max-video-preview":"max-video-preview:-1"},"canonical":"https:\/\/granada.salesianos.edu\/colegio\/primaria\/","og_locale":"es_ES","og_type":"article","og_title":"Educaci\u00f3n Primaria - Colegio Salesiano","og_description":"Preparados para ir al cole \u00a0La ense\u00f1anza que\u00a0impartimos en Educaci\u00f3n Primaria incluye algo m\u00e1s que nos hace \u00fanicos: nuestra preocupaci\u00f3n por formar \"honrados ciudadanos y buenos cristianos\"\u00a0Nuestra metodolog\u00eda est\u00e1 basada en t\u00e9cnicas activas, motivadoras y participativas. Nuestros alumnos trabajan de manera individual y en equipo, con\u00a0esfuerzo y responsabilidad en el estudio.\u00a0Integrando las distintas experiencias de [&hellip;]","og_url":"https:\/\/granada.salesianos.edu\/colegio\/primaria\/","og_site_name":"Colegio Salesiano","article_publisher":"https:\/\/www.facebook.com\/SalesianosGR\/","article_modified_time":"2026-07-15T09:48:50+00:00","og_image":[{"url":"https:\/\/alicante.salesianos.edu\/wp-content\/uploads\/2017\/03\/Captura-de-pantalla-2017-05-24-a-las-13.27.09.png","type":"","width":"","height":""}],"twitter_card":"summary_large_image","twitter_site":"@GranadaSDB","twitter_misc":{"Tiempo de lectura":"8 minutos"},"schema":{"@context":"https:\/\/schema.org","@graph":[{"@type":"WebPage","@id":"https:\/\/granada.salesianos.edu\/colegio\/primaria\/","url":"https:\/\/granada.salesianos.edu\/colegio\/primaria\/","name":"Educaci\u00f3n Primaria - Colegio Salesiano","isPartOf":{"@id":"https:\/\/granada.salesianos.edu\/colegio\/#website"},"primaryImageOfPage":{"@id":"https:\/\/granada.salesianos.edu\/colegio\/primaria\/#primaryimage"},"image":{"@id":"https:\/\/granada.salesianos.edu\/colegio\/primaria\/#primaryimage"},"thumbnailUrl":"https:\/\/alicante.salesianos.edu\/wp-content\/uploads\/2017\/03\/Captura-de-pantalla-2017-05-24-a-las-13.27.09.png","datePublished":"2021-06-29T10:45:34+00:00","dateModified":"2026-07-15T09:48:50+00:00","breadcrumb":{"@id":"https:\/\/granada.salesianos.edu\/colegio\/primaria\/#breadcrumb"},"inLanguage":"es","potentialAction":[{"@type":"ReadAction","target":["https:\/\/granada.salesianos.edu\/colegio\/primaria\/"]}]},{"@type":"ImageObject","inLanguage":"es","@id":"https:\/\/granada.salesianos.edu\/colegio\/primaria\/#primaryimage","url":"https:\/\/alicante.salesianos.edu\/wp-content\/uploads\/2017\/03\/Captura-de-pantalla-2017-05-24-a-las-13.27.09.png","contentUrl":"https:\/\/alicante.salesianos.edu\/wp-content\/uploads\/2017\/03\/Captura-de-pantalla-2017-05-24-a-las-13.27.09.png"},{"@type":"BreadcrumbList","@id":"https:\/\/granada.salesianos.edu\/colegio\/primaria\/#breadcrumb","itemListElement":[{"@type":"ListItem","position":1,"name":"Portada","item":"https:\/\/granada.salesianos.edu\/colegio\/"},{"@type":"ListItem","position":2,"name":"Educaci\u00f3n Primaria"}]},{"@type":"WebSite","@id":"https:\/\/granada.salesianos.edu\/colegio\/#website","url":"https:\/\/granada.salesianos.edu\/colegio\/","name":"Colegio Salesiano","description":"P\u00e1gina oficial de Salesianos Granada San Juan Bosco","publisher":{"@id":"https:\/\/granada.salesianos.edu\/colegio\/#organization"},"potentialAction":[{"@type":"SearchAction","target":{"@type":"EntryPoint","urlTemplate":"https:\/\/granada.salesianos.edu\/colegio\/?s={search_term_string}"},"query-input":{"@type":"PropertyValueSpecification","valueRequired":true,"valueName":"search_term_string"}}],"inLanguage":"es"},{"@type":"Organization","@id":"https:\/\/granada.salesianos.edu\/colegio\/#organization","name":"Colegio Salesiano San Juan Bosco Granada","url":"https:\/\/granada.salesianos.edu\/colegio\/","logo":{"@type":"ImageObject","inLanguage":"es","@id":"https:\/\/granada.salesianos.edu\/colegio\/#\/schema\/logo\/image\/","url":"https:\/\/granada.salesianos.edu\/colegio\/wp-content\/uploads\/sites\/2\/2021\/01\/GRANADAobraVN2.jpg","contentUrl":"https:\/\/granada.salesianos.edu\/colegio\/wp-content\/uploads\/sites\/2\/2021\/01\/GRANADAobraVN2.jpg","width":2113,"height":1894,"caption":"Colegio Salesiano San Juan Bosco Granada"},"image":{"@id":"https:\/\/granada.salesianos.edu\/colegio\/#\/schema\/logo\/image\/"},"sameAs":["https:\/\/www.facebook.com\/SalesianosGR\/","https:\/\/x.com\/GranadaSDB","https:\/\/www.instagram.com\/salesianosgranada\/","https:\/\/www.youtube.com\/channel\/UChkpZuhCf4Y5rYIcFT3CNxw?view_as=subscriber"]}]}},"_links":{"self":[{"href":"https:\/\/granada.salesianos.edu\/colegio\/wp-json\/wp\/v2\/pages\/13848","targetHints":{"allow":["GET"]}}],"collection":[{"href":"https:\/\/granada.salesianos.edu\/colegio\/wp-json\/wp\/v2\/pages"}],"about":[{"href":"https:\/\/granada.salesianos.edu\/colegio\/wp-json\/wp\/v2\/types\/page"}],"author":[{"embeddable":true,"href":"https:\/\/granada.salesianos.edu\/colegio\/wp-json\/wp\/v2\/users\/2"}],"replies":[{"embeddable":true,"href":"https:\/\/granada.salesianos.edu\/colegio\/wp-json\/wp\/v2\/comments?post=13848"}],"version-history":[{"count":74,"href":"https:\/\/granada.salesianos.edu\/colegio\/wp-json\/wp\/v2\/pages\/13848\/revisions"}],"predecessor-version":[{"id":115692,"href":"https:\/\/granada.salesianos.edu\/colegio\/wp-json\/wp\/v2\/pages\/13848\/revisions\/115692"}],"wp:attachment":[{"href":"https:\/\/granada.salesianos.edu\/colegio\/wp-json\/wp\/v2\/media?parent=13848"}],"curies":[{"name":"wp","href":"https:\/\/api.w.org\/{rel}","templated":true}]}}