{"id":13850,"date":"2021-06-30T00:23:08","date_gmt":"2021-06-29T22:23:08","guid":{"rendered":"https:\/\/granada.salesianos.edu\/colegio\/?page_id=13850"},"modified":"2025-12-22T14:02:58","modified_gmt":"2025-12-22T12:02:58","slug":"plurilinguismo","status":"publish","type":"page","link":"https:\/\/granada.salesianos.edu\/colegio\/plurilinguismo\/","title":{"rendered":"Pluriling\u00fcismo"},"content":{"rendered":"<div id=\"fb-root\"><\/div>\n<p>[et_pb_section fb_built=\u00bb1&#8243; fullwidth=\u00bbon\u00bb next_background_color=\u00bb#ffffff\u00bb _builder_version=\u00bb4.27.4&#8243; background_image=\u00bbhttps:\/\/granada.salesianos.edu\/colegio\/wp-content\/uploads\/sites\/2\/2020\/02\/fondo_novedades_web.png\u00bb bottom_divider_style=\u00bbasymmetric2&#8243; global_module=\u00bb20660&#8243; saved_tabs=\u00bball\u00bb global_colors_info=\u00bb{}\u00bb][et_pb_fullwidth_header title=\u00bb@ET-DC@eyJkeW5hbWljIjp0cnVlLCJjb250ZW50IjoicG9zdF90aXRsZSIsInNldHRpbmdzIjp7ImJlZm9yZSI6IiIsImFmdGVyIjoiIn19@\u00bb title_font_color=\u00bb#ffffff\u00bb content_max_width_tablet=\u00bb88%\u00bb content_max_width_phone=\u00bb79%\u00bb content_max_width_last_edited=\u00bbon|phone\u00bb admin_label=\u00bbT\u00edtulo de anchura completa\u00bb module_class=\u00bbpagina-imagen-cabecera\u00bb _builder_version=\u00bb4.27.4&#8243; _dynamic_attributes=\u00bbtitle\u00bb title_text_color=\u00bb#ffffff\u00bb title_font_size=\u00bb40px\u00bb background_color=\u00bbrgba(255, 255, 255, 0)\u00bb background_enable_image=\u00bboff\u00bb background_position=\u00bbbottom_left\u00bb transform_translate=\u00bb91px|91px\u00bb max_width_tablet=\u00bb50px\u00bb min_height=\u00bb329px\u00bb custom_padding=\u00bb||127px|||\u00bb background_url=\u00bbhttps:\/\/alicante.salesianos.edu\/colegio\/wp-content\/uploads\/sites\/2\/2017\/03\/Captura-de-pantalla-2017-03-21-a-las-17.25.56.png\u00bb global_colors_info=\u00bb{}\u00bb button_one_text_size__hover_enabled=\u00bboff\u00bb button_one_text_size__hover=\u00bbnull\u00bb button_two_text_size__hover_enabled=\u00bboff\u00bb button_two_text_size__hover=\u00bbnull\u00bb button_one_text_color__hover_enabled=\u00bboff\u00bb button_one_text_color__hover=\u00bbnull\u00bb button_two_text_color__hover_enabled=\u00bboff\u00bb button_two_text_color__hover=\u00bbnull\u00bb button_one_border_width__hover_enabled=\u00bboff\u00bb button_one_border_width__hover=\u00bbnull\u00bb button_two_border_width__hover_enabled=\u00bboff\u00bb button_two_border_width__hover=\u00bbnull\u00bb button_one_border_color__hover_enabled=\u00bboff\u00bb button_one_border_color__hover=\u00bbnull\u00bb button_two_border_color__hover_enabled=\u00bboff\u00bb button_two_border_color__hover=\u00bbnull\u00bb button_one_border_radius__hover_enabled=\u00bboff\u00bb button_one_border_radius__hover=\u00bbnull\u00bb button_two_border_radius__hover_enabled=\u00bboff\u00bb button_two_border_radius__hover=\u00bbnull\u00bb button_one_letter_spacing__hover_enabled=\u00bboff\u00bb button_one_letter_spacing__hover=\u00bbnull\u00bb button_two_letter_spacing__hover_enabled=\u00bboff\u00bb button_two_letter_spacing__hover=\u00bbnull\u00bb button_one_bg_color__hover_enabled=\u00bboff\u00bb button_one_bg_color__hover=\u00bbnull\u00bb button_two_bg_color__hover_enabled=\u00bboff\u00bb button_two_bg_color__hover=\u00bbnull\u00bb][\/et_pb_fullwidth_header][\/et_pb_section][et_pb_section fb_built=\u00bb1&#8243; module_class=\u00bbpagina-seccion-contenido\u00bb _builder_version=\u00bb4.16&#8243; min_height=\u00bb1671.4px\u00bb custom_margin=\u00bb-61px|||||\u00bb custom_padding=\u00bb0%|||\u00bb global_colors_info=\u00bb{}\u00bb][et_pb_row _builder_version=\u00bb4.27.4&#8243; width=\u00bb100%\u00bb min_height=\u00bb321px\u00bb custom_margin=\u00bb67px||||false|false\u00bb custom_padding=\u00bb||||false|false\u00bb hover_enabled=\u00bb0&#8243; global_colors_info=\u00bb{}\u00bb sticky_enabled=\u00bb0&#8243;][et_pb_column type=\u00bb4_4&#8243; _builder_version=\u00bb4.16&#8243; custom_padding=\u00bb|||\u00bb global_colors_info=\u00bb{}\u00bb custom_padding__hover=\u00bb|||\u00bb][et_pb_text content_tablet=\u00bb<\/p>\n<p style=%22text-align: center;%22><span style=%22color: #4f4b4b; font-size: xx-large;%22><strong>NUESTRO PROYECTO <\/strong><\/span><\/p>\n<p style=%22text-align: center;%22><span style=%22color: #4f4b4b; font-size: xx-large;%22><strong>DE PLURILING\u00dcISMO<\/strong><\/span><\/p>\n<\/p>\n<p>\u00bb content_phone=\u00bb<\/p>\n<p style=%22text-align: center;%22><span style=%22color: #4f4b4b; font-size: xx-large;%22><strong>NUESTRO PROYECTO <\/strong><\/span><\/p>\n<p style=%22text-align: center;%22><span style=%22color: #4f4b4b; font-size: xx-large;%22><strong>DE PLURILING\u00dcISMO<\/strong><\/span><\/p>\n<\/p>\n<p>\u00bb content_last_edited=\u00bbon|phone\u00bb _builder_version=\u00bb4.20.0&#8243; custom_margin=\u00bb||||false|false\u00bb custom_padding=\u00bb||||false|false\u00bb global_colors_info=\u00bb{}\u00bb content__hover_enabled=\u00bbon|desktop\u00bb content__hover=\u00bb<\/p>\n<p style=%22text-align: center;%22><span style=%22color: #4f4b4b; font-size: xx-large;%22><strong>NUESTRO PROYECTO <\/strong><\/span><\/p>\n<p style=%22text-align: center;%22><span style=%22color: #4f4b4b; font-size: xx-large;%22><strong>DE PLURILING\u00dcISMO<\/strong><\/span><\/p>\n<\/p>\n<p>\u00ab]<\/p>\n<p style=\"text-align: center;\"><span style=\"color: #4f4b4b; font-size: xx-large;\"><strong>NUESTRO PROYECTO\u00a0<\/strong><\/span><span style=\"color: #4f4b4b; font-size: xx-large;\"><strong>DE PLURILING\u00dcISMO<\/strong><\/span><\/p>\n<p>[\/et_pb_text][et_pb_text _builder_version=\u00bb4.20.0&#8243; custom_margin=\u00bb||||false|false\u00bb global_colors_info=\u00bb{}\u00bb]<\/p>\n<h3 style=\"text-align: center;\"><strong><span style=\"color: #808080;\"><em>\u00abLos l\u00edmites de mi lenguaje <\/em><\/span><\/strong><strong><span style=\"color: #808080;\"><em>son los l\u00edmites de mi mundo\u00bb <\/em><\/span><\/strong><\/h3>\n<h3 style=\"text-align: center;\"><strong><span style=\"color: #808080;\"><em>Ludwin Wittgenstein. <\/em><\/span><\/strong><\/h3>\n<p>[\/et_pb_text][et_pb_divider divider_weight=\u00bb2px\u00bb _builder_version=\u00bb4.20.0&#8243; width=\u00bb64%\u00bb max_width=\u00bb74%\u00bb module_alignment=\u00bbcenter\u00bb min_height=\u00bb0px\u00bb custom_margin=\u00bb||||false|true\u00bb global_colors_info=\u00bb{}\u00bb][\/et_pb_divider][\/et_pb_column][\/et_pb_row][et_pb_row column_structure=\u00bb1_2,1_2&#8243; _builder_version=\u00bb4.16&#8243; custom_margin=\u00bb-186px||||false|false\u00bb global_colors_info=\u00bb{}\u00bb][et_pb_column type=\u00bb1_2&#8243; _builder_version=\u00bb4.16&#8243; global_colors_info=\u00bb{}\u00bb][et_pb_image src=\u00bbhttps:\/\/granada.salesianos.edu\/colegio\/wp-content\/uploads\/sites\/2\/2021\/06\/FPB9.jpeg\u00bb _builder_version=\u00bb4.16&#8243; global_colors_info=\u00bb{}\u00bb][\/et_pb_image][\/et_pb_column][et_pb_column type=\u00bb1_2&#8243; _builder_version=\u00bb4.16&#8243; global_colors_info=\u00bb{}\u00bb][et_pb_text _builder_version=\u00bb4.20.0&#8243; text_font_size=\u00bb15px\u00bb text_line_height=\u00bb1.2em\u00bb custom_margin=\u00bb53px||||false|false\u00bb global_colors_info=\u00bb{}\u00bb]<\/p>\n<p style=\"text-align: justify;\">Como Salesianos, tenemos la certeza de que el futuro de los ni\u00f1os y j\u00f3venes est\u00e1 en sus manos, y para ello el dominio del ingl\u00e9s y el franc\u00e9s es muy importante. Ellas y ellos son los protagonistas de su aprendizaje\u2026 y ser\u00e1n quienes lo pongan en pr\u00e1ctica llegado el momento. Creer en ellos y que ellos crean en s\u00ed mismos, no es un valor a\u00f1adido, es EL VALOR.<\/p>\n<p style=\"text-align: justify;\">En un mundo globalizado como en el que vivimos actualmente, la comunicaci\u00f3n y el aprendizaje de nuevas lenguas se han convertido en competencias imprescindibles de nuestros alumnos.<\/p>\n<p style=\"text-align: justify;\">As\u00ed, el colegio Salesiano \u201cSan Juan Bosco\u201d de Granada considera fundamental dotar de las herramientas necesarias para su dominio como veh\u00edculo de comunicaci\u00f3n dentro del mundo laboral, en nuevos estudios, as\u00ed como dentro de las relaciones humanas.<\/p>\n<p>[\/et_pb_text][\/et_pb_column][\/et_pb_row][et_pb_row _builder_version=\u00bb4.20.0&#8243; custom_margin=\u00bb||||false|false\u00bb global_colors_info=\u00bb{}\u00bb][et_pb_column type=\u00bb4_4&#8243; _builder_version=\u00bb4.16&#8243; global_colors_info=\u00bb{}\u00bb][et_pb_text _builder_version=\u00bb4.16&#8243; custom_margin=\u00bb10px||||false|false\u00bb global_colors_info=\u00bb{}\u00bb]<\/p>\n<h4 style=\"text-align: center;\"><span style=\"font-size: x-large;\"><strong><span style=\"color: #4f4b4b;\">\u00bfQU\u00c9 ACTIVIDADES LLEVAMOS A CABO?\u00a0<\/span><\/strong><\/span><\/h4>\n<h4 style=\"text-align: center;\"><span style=\"color: #808080; font-family: arial, helvetica;\"><span style=\"font-size: 16px;\"><i>Apostamos por una gran variedad de actividades que fomenten y potencien el aprendizaje de idiomas.\u00a0<\/i><\/span><\/span><\/h4>\n<p>&nbsp;<\/p>\n<h4>\u00a0<\/h4>\n<p>&nbsp;<\/p>\n<p>[\/et_pb_text][et_pb_divider divider_weight=\u00bb2px\u00bb _builder_version=\u00bb4.16&#8243; width=\u00bb65%\u00bb module_alignment=\u00bbcenter\u00bb custom_margin=\u00bb-94px||||false|false\u00bb global_colors_info=\u00bb{}\u00bb][\/et_pb_divider][\/et_pb_column][\/et_pb_row][et_pb_row _builder_version=\u00bb4.16&#8243; global_colors_info=\u00bb{}\u00bb][et_pb_column type=\u00bb4_4&#8243; _builder_version=\u00bb4.16&#8243; global_colors_info=\u00bb{}\u00bb][et_pb_toggle title=\u00bbINFANTIL BILING\u00dcE\u00bb _builder_version=\u00bb4.20.0&#8243; title_text_color=\u00bb#e02b20&#8243; title_font_size=\u00bb24px\u00bb border_radii=\u00bbon|3px|3px|3px|3px\u00bb border_width_all=\u00bb2px\u00bb border_color_all=\u00bb#e02b20&#8243; locked=\u00bboff\u00bb global_colors_info=\u00bb{}\u00bb]<\/p>\n<p style=\"text-align: justify;\">Contamos con dos docentes con el nivel y la certificaci\u00f3n en ingl\u00e9s adecuada para atender al alumnado de nuestra etapa de <a href=\"https:\/\/granada.salesianos.edu\/colegio\/infantil\/\">INFANTIL<\/a>. En concreto, estamos trabajando el biling\u00fcismo desde dos de los \u00e1mbitos que se imparten: Ingl\u00e9s (como asignatura) y desde el Entorno.<\/p>\n<p>[\/et_pb_toggle][et_pb_toggle title=\u00bbINMERSI\u00d3N LING\u00dc\u00cdSTICA\u00bb _builder_version=\u00bb4.20.0&#8243; title_text_color=\u00bb#e02b20&#8243; title_font_size=\u00bb24px\u00bb border_radii=\u00bbon|3px|3px|3px|3px\u00bb border_width_all=\u00bb2px\u00bb border_color_all=\u00bb#e02b20&#8243; locked=\u00bboff\u00bb global_colors_info=\u00bb{}\u00bb]<\/p>\n<p style=\"text-align: justify;\">En la etapa de <a href=\"https:\/\/granada.salesianos.edu\/colegio\/primaria\/\">PRIMARIA<\/a>, desde el \u00e1rea de Ciencias Naturales, trabajamos para que nuestros alumnos avancen en el desarrollo de la competencia ling\u00fc\u00edstica en lengua inglesa, estimulando especialmente el lenguaje oral.<\/p>\n<p>[\/et_pb_toggle][et_pb_toggle title=\u00bbMETODOLOG\u00cdAS ACTIVAS\u00bb _builder_version=\u00bb4.16&#8243; title_text_color=\u00bb#e02b20&#8243; title_font_size=\u00bb24px\u00bb border_radii=\u00bbon|3px|3px|3px|3px\u00bb border_width_all=\u00bb2px\u00bb border_color_all=\u00bb#e02b20&#8243; locked=\u00bboff\u00bb global_colors_info=\u00bb{}\u00bb]<\/p>\n<p style=\"text-align: justify;\">Utilizamos el\u00a0<strong>TRABAJO COOPERATIVO, el APRENDIZAJE BASADO EN PROYECTOS y TAREAS, FLIPPED CLASSROOM<\/strong>\u00a0como metodolog\u00eda integrada en la ense\u00f1anza del idioma.<\/p>\n<p>[\/et_pb_toggle][et_pb_toggle title=\u00bbSPEAKING DAYS\u00bb _builder_version=\u00bb4.16&#8243; title_text_color=\u00bb#e02b20&#8243; title_font_size=\u00bb24px\u00bb border_radii=\u00bbon|3px|3px|3px|3px\u00bb border_width_all=\u00bb2px\u00bb border_color_all=\u00bb#e02b20&#8243; locked=\u00bboff\u00bb global_colors_info=\u00bb{}\u00bb]<\/p>\n<p>A lo largo del curso organizamos actividades con todo el colegio o por etapas donde se fomentan los idiomas: Christmas Day, Green Day, etc.<\/p>\n<p>[\/et_pb_toggle][et_pb_toggle title=\u00bbAUXILIARES DE CONVERSACI\u00d3N\u00bb _builder_version=\u00bb4.16&#8243; title_text_color=\u00bb#e02b20&#8243; title_font_size=\u00bb24px\u00bb border_radii=\u00bbon|3px|3px|3px|3px\u00bb border_width_all=\u00bb2px\u00bb border_color_all=\u00bb#e02b20&#8243; locked=\u00bboff\u00bb global_colors_info=\u00bb{}\u00bb]<\/p>\n<p>Nuestros auxiliares de conversaci\u00f3n refuerzan a nuestros alumnos en el uso del ingl\u00e9s oral.<\/p>\n<p>[\/et_pb_toggle][et_pb_toggle title=\u00bbNUEVAS TECNOLOG\u00cdAS\u00bb _builder_version=\u00bb4.16&#8243; title_text_color=\u00bb#e02b20&#8243; title_font_size=\u00bb24px\u00bb border_radii=\u00bbon|3px|3px|3px|3px\u00bb border_width_all=\u00bb2px\u00bb border_color_all=\u00bb#e02b20&#8243; locked=\u00bboff\u00bb global_colors_info=\u00bb{}\u00bb]<\/p>\n<p style=\"text-align: justify;\">Integraci\u00f3n de nuevas tecnolog\u00edas como herramienta habitual de aprendizaje de las lenguas. <strong>IPADS<\/strong>\u00a0en Educaci\u00f3n Primaria y\u00a0<strong>CHROMEBOOK<\/strong>\u00a0en ESO, Bachillerato y Ciclos Formativos. Utilizaci\u00f3n de recursos audiovisuales de programas y aplicaciones, como CLASSROOM, YOUTUBE, y diversas p\u00e1ginas de aprendizaje de idiomas.<\/p>\n<p>[\/et_pb_toggle][\/et_pb_column][\/et_pb_row][et_pb_row _builder_version=\u00bb4.16&#8243; custom_margin=\u00bb-105px||||false|false\u00bb global_colors_info=\u00bb{}\u00bb][et_pb_column type=\u00bb4_4&#8243; _builder_version=\u00bb4.16&#8243; global_colors_info=\u00bb{}\u00bb][et_pb_text _builder_version=\u00bb4.20.0&#8243; custom_margin=\u00bb65px||||false|false\u00bb global_colors_info=\u00bb{}\u00bb]<\/p>\n<h4 style=\"text-align: center;\"><span style=\"color: #4f4b4b; font-size: x-large;\"><strong>INTERCAMBIOS LING\u00dc\u00cdSTICOS<\/strong><\/span><\/h4>\n<h3 style=\"text-align: center;\"><em><span style=\"color: #808080;\">Intercambios internacionales con otros pa\u00edses.<\/span><\/em><\/h3>\n<p>[\/et_pb_text][et_pb_divider divider_weight=\u00bb2px\u00bb _builder_version=\u00bb4.20.0&#8243; width=\u00bb66%\u00bb module_alignment=\u00bbcenter\u00bb custom_margin=\u00bb||||false|false\u00bb global_colors_info=\u00bb{}\u00bb][\/et_pb_divider][\/et_pb_column][\/et_pb_row][et_pb_row column_structure=\u00bb1_2,1_2&#8243; _builder_version=\u00bb4.16&#8243; global_colors_info=\u00bb{}\u00bb][et_pb_column type=\u00bb1_2&#8243; _builder_version=\u00bb4.16&#8243; global_colors_info=\u00bb{}\u00bb][et_pb_cta title=\u00bbLIMERICK, IRLANDA\u00bb button_url=\u00bbhttps:\/\/alicante.salesianos.edu\/colegio\/aps\u00bb _builder_version=\u00bb4.16&#8243; header_font=\u00bbLato||||\u00bb header_font_size=\u00bb24px\u00bb header_line_height=\u00bb1.2em\u00bb body_font=\u00bb||||||||\u00bb body_font_size=\u00bb16px\u00bb background_color=\u00bbrgba(247,247,247,0.8)\u00bb background_image=\u00bbhttps:\/\/granada.salesianos.edu\/colegio\/wp-content\/uploads\/sites\/2\/2021\/06\/international-2423859_1920.png\u00bb background_blend=\u00bblighten\u00bb custom_button=\u00bbon\u00bb button_text_color=\u00bb#ffffff\u00bb button_bg_color=\u00bb#e02b20&#8243; button_border_width=\u00bb0px\u00bb button_font=\u00bb||||||||\u00bb text_orientation=\u00bbleft\u00bb background_layout=\u00bblight\u00bb custom_margin=\u00bb||25px|\u00bb custom_padding=\u00bb30px|30px|30px|30px\u00bb box_shadow_style=\u00bbpreset3&#8243; text_shadow_style=\u00bbpreset3&#8243; text_shadow_blur_strength=\u00bb1.01em\u00bb text_shadow_color=\u00bb#ffffff\u00bb locked=\u00bboff\u00bb global_colors_info=\u00bb{}\u00bb button_text_size__hover_enabled=\u00bboff\u00bb button_one_text_size__hover_enabled=\u00bboff\u00bb button_two_text_size__hover_enabled=\u00bboff\u00bb button_text_color__hover_enabled=\u00bboff\u00bb button_one_text_color__hover_enabled=\u00bboff\u00bb button_two_text_color__hover_enabled=\u00bboff\u00bb button_border_width__hover_enabled=\u00bboff\u00bb button_one_border_width__hover_enabled=\u00bboff\u00bb button_two_border_width__hover_enabled=\u00bboff\u00bb button_border_color__hover_enabled=\u00bboff\u00bb button_one_border_color__hover_enabled=\u00bboff\u00bb button_two_border_color__hover_enabled=\u00bboff\u00bb button_border_radius__hover_enabled=\u00bboff\u00bb button_one_border_radius__hover_enabled=\u00bboff\u00bb button_two_border_radius__hover_enabled=\u00bboff\u00bb button_letter_spacing__hover_enabled=\u00bboff\u00bb button_one_letter_spacing__hover_enabled=\u00bboff\u00bb button_two_letter_spacing__hover_enabled=\u00bboff\u00bb button_bg_color__hover_enabled=\u00bboff\u00bb button_one_bg_color__hover_enabled=\u00bboff\u00bb button_two_bg_color__hover_enabled=\u00bboff\u00bb]<\/p>\n<p style=\"text-align: justify;\">Nuestro alumnado de la ESO participa en un programa de inmersi\u00f3n ling\u00fc\u00edstica en Limerick, ciudad situada en el suroeste de Irlanda.<\/p>\n<p>[\/et_pb_cta][\/et_pb_column][et_pb_column type=\u00bb1_2&#8243; _builder_version=\u00bb4.16&#8243; global_colors_info=\u00bb{}\u00bb][et_pb_cta title=\u00bbALEMANIA Y ESCOCIA\u00bb button_url=\u00bbhttps:\/\/alicante.salesianos.edu\/colegio\/aps\u00bb _builder_version=\u00bb4.16&#8243; header_font=\u00bbLato||||\u00bb header_font_size=\u00bb24px\u00bb header_line_height=\u00bb1.2em\u00bb body_font=\u00bb||||||||\u00bb body_font_size=\u00bb16px\u00bb background_color=\u00bbrgba(247,247,247,0.8)\u00bb background_image=\u00bbhttps:\/\/granada.salesianos.edu\/colegio\/wp-content\/uploads\/sites\/2\/2021\/06\/Sin-ti\u0301tulo-7.jpg\u00bb background_blend=\u00bblighten\u00bb custom_button=\u00bbon\u00bb button_text_color=\u00bb#ffffff\u00bb button_bg_color=\u00bb#e02b20&#8243; button_border_width=\u00bb0px\u00bb button_font=\u00bb||||||||\u00bb text_orientation=\u00bbleft\u00bb background_layout=\u00bblight\u00bb custom_margin=\u00bb||25px|\u00bb custom_padding=\u00bb30px|30px|30px|30px\u00bb box_shadow_style=\u00bbpreset3&#8243; text_shadow_style=\u00bbpreset3&#8243; text_shadow_blur_strength=\u00bb1.01em\u00bb text_shadow_color=\u00bb#ffffff\u00bb locked=\u00bboff\u00bb global_colors_info=\u00bb{}\u00bb button_text_size__hover_enabled=\u00bboff\u00bb button_one_text_size__hover_enabled=\u00bboff\u00bb button_two_text_size__hover_enabled=\u00bboff\u00bb button_text_color__hover_enabled=\u00bboff\u00bb button_one_text_color__hover_enabled=\u00bboff\u00bb button_two_text_color__hover_enabled=\u00bboff\u00bb button_border_width__hover_enabled=\u00bboff\u00bb button_one_border_width__hover_enabled=\u00bboff\u00bb button_two_border_width__hover_enabled=\u00bboff\u00bb button_border_color__hover_enabled=\u00bboff\u00bb button_one_border_color__hover_enabled=\u00bboff\u00bb button_two_border_color__hover_enabled=\u00bboff\u00bb button_border_radius__hover_enabled=\u00bboff\u00bb button_one_border_radius__hover_enabled=\u00bboff\u00bb button_two_border_radius__hover_enabled=\u00bboff\u00bb button_letter_spacing__hover_enabled=\u00bboff\u00bb button_one_letter_spacing__hover_enabled=\u00bboff\u00bb button_two_letter_spacing__hover_enabled=\u00bboff\u00bb button_bg_color__hover_enabled=\u00bboff\u00bb button_one_bg_color__hover_enabled=\u00bboff\u00bb button_two_bg_color__hover_enabled=\u00bboff\u00bb]<\/p>\n<p style=\"text-align: justify;\">Nuestros alumnos de Formaci\u00f3n Profesional\u00a0realizan inmersiones ling\u00fc\u00edsticos con Alemania y Escocia, donde practicar el idioma, experimentar otro estilo de vida y abrirse a la posibilidad de trabajar en el extranjero.<\/p>\n<p>[\/et_pb_cta][\/et_pb_column][\/et_pb_row][et_pb_row _builder_version=\u00bb4.16&#8243; custom_margin=\u00bb-105px||||false|false\u00bb global_colors_info=\u00bb{}\u00bb][et_pb_column type=\u00bb4_4&#8243; _builder_version=\u00bb4.16&#8243; global_colors_info=\u00bb{}\u00bb][et_pb_text _builder_version=\u00bb4.20.0&#8243; custom_margin=\u00bb||||false|false\u00bb global_colors_info=\u00bb{}\u00bb]<\/p>\n<h4 style=\"text-align: center;\"><span style=\"color: #4f4b4b; font-size: x-large;\"><strong>PROYECTOS ERASMUS+<\/strong><\/span><\/h4>\n<h3 style=\"text-align: center;\"><em><span style=\"color: #808080;\">Participamos en diferentes opciones dentro del programa de movilidad europeo.<\/span><\/em><\/h3>\n<p>[\/et_pb_text][et_pb_divider divider_weight=\u00bb2px\u00bb _builder_version=\u00bb4.20.0&#8243; width=\u00bb66%\u00bb module_alignment=\u00bbcenter\u00bb custom_margin=\u00bb||||false|false\u00bb global_colors_info=\u00bb{}\u00bb][\/et_pb_divider][\/et_pb_column][\/et_pb_row][et_pb_row _builder_version=\u00bb4.16&#8243; global_colors_info=\u00bb{}\u00bb][et_pb_column type=\u00bb4_4&#8243; _builder_version=\u00bb4.16&#8243; global_colors_info=\u00bb{}\u00bb][et_pb_cta title=\u00bbERASMUS+\u00bb button_url=\u00bbhttps:\/\/granada.salesianos.edu\/colegio\/erasmus\/\u00bb _builder_version=\u00bb4.16&#8243; header_font=\u00bbLato||||\u00bb header_font_size=\u00bb24px\u00bb header_line_height=\u00bb1.2em\u00bb body_font=\u00bb||||||||\u00bb body_font_size=\u00bb16px\u00bb background_color=\u00bbrgba(247,247,247,0.8)\u00bb background_image=\u00bbhttps:\/\/granada.salesianos.edu\/colegio\/wp-content\/uploads\/sites\/2\/2021\/06\/europe-253311_1280.jpg\u00bb background_blend=\u00bblighten\u00bb custom_button=\u00bbon\u00bb button_text_color=\u00bb#ffffff\u00bb button_bg_color=\u00bb#e02b20&#8243; button_border_width=\u00bb0px\u00bb button_font=\u00bb||||||||\u00bb text_orientation=\u00bbleft\u00bb background_layout=\u00bblight\u00bb min_height=\u00bb114px\u00bb custom_margin=\u00bb||25px|\u00bb custom_padding=\u00bb30px|30px|30px|30px\u00bb box_shadow_style=\u00bbpreset3&#8243; text_shadow_style=\u00bbpreset3&#8243; text_shadow_blur_strength=\u00bb1.01em\u00bb text_shadow_color=\u00bb#ffffff\u00bb locked=\u00bboff\u00bb global_colors_info=\u00bb{}\u00bb button_text_size__hover_enabled=\u00bboff\u00bb button_one_text_size__hover_enabled=\u00bboff\u00bb button_two_text_size__hover_enabled=\u00bboff\u00bb button_text_color__hover_enabled=\u00bboff\u00bb button_one_text_color__hover_enabled=\u00bboff\u00bb button_two_text_color__hover_enabled=\u00bboff\u00bb button_border_width__hover_enabled=\u00bboff\u00bb button_one_border_width__hover_enabled=\u00bboff\u00bb button_two_border_width__hover_enabled=\u00bboff\u00bb button_border_color__hover_enabled=\u00bboff\u00bb button_one_border_color__hover_enabled=\u00bboff\u00bb button_two_border_color__hover_enabled=\u00bboff\u00bb button_border_radius__hover_enabled=\u00bboff\u00bb button_one_border_radius__hover_enabled=\u00bboff\u00bb button_two_border_radius__hover_enabled=\u00bboff\u00bb button_letter_spacing__hover_enabled=\u00bboff\u00bb button_one_letter_spacing__hover_enabled=\u00bboff\u00bb button_two_letter_spacing__hover_enabled=\u00bboff\u00bb button_bg_color__hover_enabled=\u00bboff\u00bb button_one_bg_color__hover_enabled=\u00bboff\u00bb button_two_bg_color__hover_enabled=\u00bboff\u00bb]<\/p>\n<p>Movilidad por Europa de profesorado y alumnado. Mas informaci\u00f3n sobre <a href=\"https:\/\/granada.salesianos.edu\/colegio\/erasmus\/\">Erasmus+<\/a><\/p>\n<p>[\/et_pb_cta][\/et_pb_column][\/et_pb_row][et_pb_row _builder_version=\u00bb4.16&#8243; custom_margin=\u00bb-105px||||false|false\u00bb global_colors_info=\u00bb{}\u00bb][et_pb_column type=\u00bb4_4&#8243; _builder_version=\u00bb4.16&#8243; global_colors_info=\u00bb{}\u00bb][et_pb_text _builder_version=\u00bb4.16&#8243; custom_margin=\u00bb39px||||false|false\u00bb global_colors_info=\u00bb{}\u00bb]<\/p>\n<h4 style=\"text-align: center;\"><span style=\"color: #4f4b4b; font-size: x-large;\"><strong>SEGUNDA LENGUA<\/strong><\/span><\/h4>\n<h3 style=\"text-align: center;\"><em><span style=\"color: #808080;\">Ofrecemos franc\u00e9s como segunda lengua.<\/span><\/em><\/h3>\n<p>[\/et_pb_text][et_pb_divider divider_weight=\u00bb2px\u00bb _builder_version=\u00bb4.20.0&#8243; width=\u00bb66%\u00bb module_alignment=\u00bbcenter\u00bb custom_margin=\u00bb||||false|false\u00bb global_colors_info=\u00bb{}\u00bb][\/et_pb_divider][\/et_pb_column][\/et_pb_row][et_pb_row _builder_version=\u00bb4.16&#8243; global_colors_info=\u00bb{}\u00bb][et_pb_column type=\u00bb4_4&#8243; _builder_version=\u00bb4.16&#8243; global_colors_info=\u00bb{}\u00bb][et_pb_cta title=\u00bbPRIMARIA , ESO Y BACHILLERATO\u00bb button_url=\u00bbhttps:\/\/alicante.salesianos.edu\/colegio\/aps\u00bb _builder_version=\u00bb4.16&#8243; header_font=\u00bbLato||||\u00bb header_font_size=\u00bb24px\u00bb header_line_height=\u00bb1.2em\u00bb body_font=\u00bb||||||||\u00bb body_font_size=\u00bb16px\u00bb background_color=\u00bbrgba(247,247,247,0.8)\u00bb background_image=\u00bbhttps:\/\/granada.salesianos.edu\/colegio\/wp-content\/uploads\/sites\/2\/2021\/02\/plurilinguismo_bandera_frances-min.png\u00bb background_blend=\u00bblighten\u00bb custom_button=\u00bbon\u00bb button_text_color=\u00bb#ffffff\u00bb button_bg_color=\u00bb#e02b20&#8243; button_border_width=\u00bb0px\u00bb button_font=\u00bb||||||||\u00bb text_orientation=\u00bbleft\u00bb background_layout=\u00bblight\u00bb custom_margin=\u00bb||25px|\u00bb custom_padding=\u00bb30px|30px|30px|30px\u00bb box_shadow_style=\u00bbpreset3&#8243; text_shadow_style=\u00bbpreset3&#8243; text_shadow_blur_strength=\u00bb1.01em\u00bb text_shadow_color=\u00bb#ffffff\u00bb locked=\u00bboff\u00bb global_colors_info=\u00bb{}\u00bb button_text_size__hover_enabled=\u00bboff\u00bb button_one_text_size__hover_enabled=\u00bboff\u00bb button_two_text_size__hover_enabled=\u00bboff\u00bb button_text_color__hover_enabled=\u00bboff\u00bb button_one_text_color__hover_enabled=\u00bboff\u00bb button_two_text_color__hover_enabled=\u00bboff\u00bb button_border_width__hover_enabled=\u00bboff\u00bb button_one_border_width__hover_enabled=\u00bboff\u00bb button_two_border_width__hover_enabled=\u00bboff\u00bb button_border_color__hover_enabled=\u00bboff\u00bb button_one_border_color__hover_enabled=\u00bboff\u00bb button_two_border_color__hover_enabled=\u00bboff\u00bb button_border_radius__hover_enabled=\u00bboff\u00bb button_one_border_radius__hover_enabled=\u00bboff\u00bb button_two_border_radius__hover_enabled=\u00bboff\u00bb button_letter_spacing__hover_enabled=\u00bboff\u00bb button_one_letter_spacing__hover_enabled=\u00bboff\u00bb button_two_letter_spacing__hover_enabled=\u00bboff\u00bb button_bg_color__hover_enabled=\u00bboff\u00bb button_one_bg_color__hover_enabled=\u00bboff\u00bb button_two_bg_color__hover_enabled=\u00bboff\u00bb]<\/p>\n<p>La integraci\u00f3n de una lengua extranjera constituye desde hace varios a\u00f1os un objetivo esencial de la ense\u00f1anza. Los alumnos aprenden la segunda lengua extranjera desarrollando las cuatro destrezas b\u00e1sicas: escuchar, hablar, leer y escribir.<\/p>\n<p>Acompa\u00f1amos este aprendizaje con\u00a0<strong>intercambios y actividades con otros centros de Francia<\/strong>\u00a0para que los alumnos se sumerjan en la lengua y en la cultura francesa.<\/p>\n<p>[\/et_pb_cta][\/et_pb_column][\/et_pb_row][et_pb_row _builder_version=\u00bb4.16&#8243; global_colors_info=\u00bb{}\u00bb][et_pb_column type=\u00bb4_4&#8243; _builder_version=\u00bb4.16&#8243; global_colors_info=\u00bb{}\u00bb][et_pb_text admin_label=\u00bbDestacado (Texto)\u00bb _builder_version=\u00bb4.16&#8243; text_font=\u00bbArial||||\u00bb text_text_color=\u00bb#636a70&#8243; text_font_size=\u00bb22&#8243; text_line_height=\u00bb1.6em\u00bb header_font=\u00bbArial||||\u00bb header_text_color=\u00bb#636a70&#8243; header_font_size=\u00bb46px\u00bb background_size=\u00bbinitial\u00bb background_position=\u00bbtop_left\u00bb background_repeat=\u00bbrepeat\u00bb locked=\u00bboff\u00bb global_colors_info=\u00bb{}\u00bb]<\/p>\n<p class=\"\"><strong>LA ENSE\u00d1ANZA DE IDIOMAS EN NUESTRO CENTRO\u00a0<\/strong><strong><img loading=\"lazy\" decoding=\"async\" class=\"wp-image-1598 alignleft\" src=\"https:\/\/alicante.salesianos.edu\/wp-content\/uploads\/2017\/07\/destacados.png\" alt=\"\" width=\"29\" height=\"30\" \/><\/strong><\/p>\n<p>[\/et_pb_text][\/et_pb_column][\/et_pb_row][et_pb_row column_structure=\u00bb1_4,1_4,1_4,1_4&#8243; _builder_version=\u00bb4.16&#8243; global_colors_info=\u00bb{}\u00bb][et_pb_column type=\u00bb1_4&#8243; _builder_version=\u00bb4.16&#8243; global_colors_info=\u00bb{}\u00bb][et_pb_video src=\u00bbhttps:\/\/www.youtube.com\/watch?v=3Aq2eFTtCUY\u00bb _builder_version=\u00bb4.16&#8243; global_colors_info=\u00bb{}\u00bb][\/et_pb_video][\/et_pb_column][et_pb_column type=\u00bb1_4&#8243; _builder_version=\u00bb4.16&#8243; global_colors_info=\u00bb{}\u00bb][et_pb_video src=\u00bbhttps:\/\/www.youtube.com\/watch?v=BiWXAgA43xU\u00bb _builder_version=\u00bb4.16&#8243; global_colors_info=\u00bb{}\u00bb][\/et_pb_video][\/et_pb_column][et_pb_column type=\u00bb1_4&#8243; _builder_version=\u00bb4.16&#8243; global_colors_info=\u00bb{}\u00bb][et_pb_video src=\u00bbhttps:\/\/www.youtube.com\/watch?v=LhIP_OWSG_U\u00bb _builder_version=\u00bb4.16&#8243; global_colors_info=\u00bb{}\u00bb][\/et_pb_video][\/et_pb_column][et_pb_column type=\u00bb1_4&#8243; _builder_version=\u00bb4.16&#8243; global_colors_info=\u00bb{}\u00bb][et_pb_video src=\u00bbhttps:\/\/www.youtube.com\/watch?v=cp3BcwaOgoQ\u00bb _builder_version=\u00bb4.16&#8243; global_colors_info=\u00bb{}\u00bb][\/et_pb_video][\/et_pb_column][\/et_pb_row][\/et_pb_section]<\/p>\n","protected":false},"excerpt":{"rendered":"<p>NUESTRO PROYECTO\u00a0DE PLURILING\u00dcISMO\u00bbLos l\u00edmites de mi lenguaje son los l\u00edmites de mi mundo\u00bb Ludwin Wittgenstein. Como Salesianos, tenemos la certeza de que el futuro de los ni\u00f1os y j\u00f3venes est\u00e1 en sus manos, y para ello el dominio del ingl\u00e9s y el franc\u00e9s es muy importante. Ellas y ellos son los protagonistas de su aprendizaje\u2026 [&hellip;]<\/p>\n","protected":false},"author":2,"featured_media":0,"parent":0,"menu_order":0,"comment_status":"closed","ping_status":"closed","template":"","meta":{"_et_pb_use_builder":"on","_et_pb_old_content":"","_et_gb_content_width":"","footnotes":""},"class_list":["post-13850","page","type-page","status-publish","hentry"],"yoast_head":"<!-- This site is optimized with the Yoast SEO plugin v28.4 - https:\/\/yoast.com\/product\/yoast-seo-wordpress\/ -->\n<title>Pluriling\u00fcismo - Colegio Salesiano<\/title>\n<meta name=\"robots\" content=\"index, follow, max-snippet:-1, max-image-preview:large, max-video-preview:-1\" \/>\n<link rel=\"canonical\" href=\"https:\/\/granada.salesianos.edu\/colegio\/plurilinguismo\/\" \/>\n<meta property=\"og:locale\" content=\"es_ES\" \/>\n<meta property=\"og:type\" content=\"article\" \/>\n<meta property=\"og:title\" content=\"Pluriling\u00fcismo - Colegio Salesiano\" \/>\n<meta property=\"og:description\" content=\"NUESTRO PROYECTO\u00a0DE PLURILING\u00dcISMO&quot;Los l\u00edmites de mi lenguaje son los l\u00edmites de mi mundo&quot; Ludwin Wittgenstein. Como Salesianos, tenemos la certeza de que el futuro de los ni\u00f1os y j\u00f3venes est\u00e1 en sus manos, y para ello el dominio del ingl\u00e9s y el franc\u00e9s es muy importante. Ellas y ellos son los protagonistas de su aprendizaje\u2026 [&hellip;]\" \/>\n<meta property=\"og:url\" content=\"https:\/\/granada.salesianos.edu\/colegio\/plurilinguismo\/\" \/>\n<meta property=\"og:site_name\" content=\"Colegio Salesiano\" \/>\n<meta property=\"article:publisher\" content=\"https:\/\/www.facebook.com\/SalesianosGR\/\" \/>\n<meta property=\"article:modified_time\" content=\"2025-12-22T12:02:58+00:00\" \/>\n<meta property=\"og:image\" content=\"https:\/\/alicante.salesianos.edu\/wp-content\/uploads\/2017\/07\/destacados.png\" \/>\n<meta name=\"twitter:card\" content=\"summary_large_image\" \/>\n<meta name=\"twitter:site\" content=\"@GranadaSDB\" \/>\n<meta name=\"twitter:label1\" content=\"Tiempo de lectura\" \/>\n\t<meta name=\"twitter:data1\" content=\"3 minutos\" \/>\n<script type=\"application\/ld+json\" class=\"yoast-schema-graph\">{\"@context\":\"https:\\\/\\\/schema.org\",\"@graph\":[{\"@type\":\"WebPage\",\"@id\":\"https:\\\/\\\/granada.salesianos.edu\\\/colegio\\\/plurilinguismo\\\/\",\"url\":\"https:\\\/\\\/granada.salesianos.edu\\\/colegio\\\/plurilinguismo\\\/\",\"name\":\"Pluriling\u00fcismo - Colegio Salesiano\",\"isPartOf\":{\"@id\":\"https:\\\/\\\/granada.salesianos.edu\\\/colegio\\\/#website\"},\"primaryImageOfPage\":{\"@id\":\"https:\\\/\\\/granada.salesianos.edu\\\/colegio\\\/plurilinguismo\\\/#primaryimage\"},\"image\":{\"@id\":\"https:\\\/\\\/granada.salesianos.edu\\\/colegio\\\/plurilinguismo\\\/#primaryimage\"},\"thumbnailUrl\":\"https:\\\/\\\/alicante.salesianos.edu\\\/wp-content\\\/uploads\\\/2017\\\/07\\\/destacados.png\",\"datePublished\":\"2021-06-29T22:23:08+00:00\",\"dateModified\":\"2025-12-22T12:02:58+00:00\",\"breadcrumb\":{\"@id\":\"https:\\\/\\\/granada.salesianos.edu\\\/colegio\\\/plurilinguismo\\\/#breadcrumb\"},\"inLanguage\":\"es\",\"potentialAction\":[{\"@type\":\"ReadAction\",\"target\":[\"https:\\\/\\\/granada.salesianos.edu\\\/colegio\\\/plurilinguismo\\\/\"]}]},{\"@type\":\"ImageObject\",\"inLanguage\":\"es\",\"@id\":\"https:\\\/\\\/granada.salesianos.edu\\\/colegio\\\/plurilinguismo\\\/#primaryimage\",\"url\":\"https:\\\/\\\/alicante.salesianos.edu\\\/wp-content\\\/uploads\\\/2017\\\/07\\\/destacados.png\",\"contentUrl\":\"https:\\\/\\\/alicante.salesianos.edu\\\/wp-content\\\/uploads\\\/2017\\\/07\\\/destacados.png\"},{\"@type\":\"BreadcrumbList\",\"@id\":\"https:\\\/\\\/granada.salesianos.edu\\\/colegio\\\/plurilinguismo\\\/#breadcrumb\",\"itemListElement\":[{\"@type\":\"ListItem\",\"position\":1,\"name\":\"Portada\",\"item\":\"https:\\\/\\\/granada.salesianos.edu\\\/colegio\\\/\"},{\"@type\":\"ListItem\",\"position\":2,\"name\":\"Pluriling\u00fcismo\"}]},{\"@type\":\"WebSite\",\"@id\":\"https:\\\/\\\/granada.salesianos.edu\\\/colegio\\\/#website\",\"url\":\"https:\\\/\\\/granada.salesianos.edu\\\/colegio\\\/\",\"name\":\"Colegio Salesiano\",\"description\":\"P\u00e1gina oficial de Salesianos Granada San Juan Bosco\",\"publisher\":{\"@id\":\"https:\\\/\\\/granada.salesianos.edu\\\/colegio\\\/#organization\"},\"potentialAction\":[{\"@type\":\"SearchAction\",\"target\":{\"@type\":\"EntryPoint\",\"urlTemplate\":\"https:\\\/\\\/granada.salesianos.edu\\\/colegio\\\/?s={search_term_string}\"},\"query-input\":{\"@type\":\"PropertyValueSpecification\",\"valueRequired\":true,\"valueName\":\"search_term_string\"}}],\"inLanguage\":\"es\"},{\"@type\":\"Organization\",\"@id\":\"https:\\\/\\\/granada.salesianos.edu\\\/colegio\\\/#organization\",\"name\":\"Colegio Salesiano San Juan Bosco Granada\",\"url\":\"https:\\\/\\\/granada.salesianos.edu\\\/colegio\\\/\",\"logo\":{\"@type\":\"ImageObject\",\"inLanguage\":\"es\",\"@id\":\"https:\\\/\\\/granada.salesianos.edu\\\/colegio\\\/#\\\/schema\\\/logo\\\/image\\\/\",\"url\":\"https:\\\/\\\/granada.salesianos.edu\\\/colegio\\\/wp-content\\\/uploads\\\/sites\\\/2\\\/2021\\\/01\\\/GRANADAobraVN2.jpg\",\"contentUrl\":\"https:\\\/\\\/granada.salesianos.edu\\\/colegio\\\/wp-content\\\/uploads\\\/sites\\\/2\\\/2021\\\/01\\\/GRANADAobraVN2.jpg\",\"width\":2113,\"height\":1894,\"caption\":\"Colegio Salesiano San Juan Bosco Granada\"},\"image\":{\"@id\":\"https:\\\/\\\/granada.salesianos.edu\\\/colegio\\\/#\\\/schema\\\/logo\\\/image\\\/\"},\"sameAs\":[\"https:\\\/\\\/www.facebook.com\\\/SalesianosGR\\\/\",\"https:\\\/\\\/x.com\\\/GranadaSDB\",\"https:\\\/\\\/www.instagram.com\\\/salesianosgranada\\\/\",\"https:\\\/\\\/www.youtube.com\\\/channel\\\/UChkpZuhCf4Y5rYIcFT3CNxw?view_as=subscriber\"]}]}<\/script>\n<!-- \/ Yoast SEO plugin. -->","yoast_head_json":{"title":"Pluriling\u00fcismo - Colegio Salesiano","robots":{"index":"index","follow":"follow","max-snippet":"max-snippet:-1","max-image-preview":"max-image-preview:large","max-video-preview":"max-video-preview:-1"},"canonical":"https:\/\/granada.salesianos.edu\/colegio\/plurilinguismo\/","og_locale":"es_ES","og_type":"article","og_title":"Pluriling\u00fcismo - Colegio Salesiano","og_description":"NUESTRO PROYECTO\u00a0DE PLURILING\u00dcISMO\"Los l\u00edmites de mi lenguaje son los l\u00edmites de mi mundo\" Ludwin Wittgenstein. Como Salesianos, tenemos la certeza de que el futuro de los ni\u00f1os y j\u00f3venes est\u00e1 en sus manos, y para ello el dominio del ingl\u00e9s y el franc\u00e9s es muy importante. Ellas y ellos son los protagonistas de su aprendizaje\u2026 [&hellip;]","og_url":"https:\/\/granada.salesianos.edu\/colegio\/plurilinguismo\/","og_site_name":"Colegio Salesiano","article_publisher":"https:\/\/www.facebook.com\/SalesianosGR\/","article_modified_time":"2025-12-22T12:02:58+00:00","og_image":[{"url":"https:\/\/alicante.salesianos.edu\/wp-content\/uploads\/2017\/07\/destacados.png","type":"","width":"","height":""}],"twitter_card":"summary_large_image","twitter_site":"@GranadaSDB","twitter_misc":{"Tiempo de lectura":"3 minutos"},"schema":{"@context":"https:\/\/schema.org","@graph":[{"@type":"WebPage","@id":"https:\/\/granada.salesianos.edu\/colegio\/plurilinguismo\/","url":"https:\/\/granada.salesianos.edu\/colegio\/plurilinguismo\/","name":"Pluriling\u00fcismo - Colegio Salesiano","isPartOf":{"@id":"https:\/\/granada.salesianos.edu\/colegio\/#website"},"primaryImageOfPage":{"@id":"https:\/\/granada.salesianos.edu\/colegio\/plurilinguismo\/#primaryimage"},"image":{"@id":"https:\/\/granada.salesianos.edu\/colegio\/plurilinguismo\/#primaryimage"},"thumbnailUrl":"https:\/\/alicante.salesianos.edu\/wp-content\/uploads\/2017\/07\/destacados.png","datePublished":"2021-06-29T22:23:08+00:00","dateModified":"2025-12-22T12:02:58+00:00","breadcrumb":{"@id":"https:\/\/granada.salesianos.edu\/colegio\/plurilinguismo\/#breadcrumb"},"inLanguage":"es","potentialAction":[{"@type":"ReadAction","target":["https:\/\/granada.salesianos.edu\/colegio\/plurilinguismo\/"]}]},{"@type":"ImageObject","inLanguage":"es","@id":"https:\/\/granada.salesianos.edu\/colegio\/plurilinguismo\/#primaryimage","url":"https:\/\/alicante.salesianos.edu\/wp-content\/uploads\/2017\/07\/destacados.png","contentUrl":"https:\/\/alicante.salesianos.edu\/wp-content\/uploads\/2017\/07\/destacados.png"},{"@type":"BreadcrumbList","@id":"https:\/\/granada.salesianos.edu\/colegio\/plurilinguismo\/#breadcrumb","itemListElement":[{"@type":"ListItem","position":1,"name":"Portada","item":"https:\/\/granada.salesianos.edu\/colegio\/"},{"@type":"ListItem","position":2,"name":"Pluriling\u00fcismo"}]},{"@type":"WebSite","@id":"https:\/\/granada.salesianos.edu\/colegio\/#website","url":"https:\/\/granada.salesianos.edu\/colegio\/","name":"Colegio Salesiano","description":"P\u00e1gina oficial de Salesianos Granada San Juan Bosco","publisher":{"@id":"https:\/\/granada.salesianos.edu\/colegio\/#organization"},"potentialAction":[{"@type":"SearchAction","target":{"@type":"EntryPoint","urlTemplate":"https:\/\/granada.salesianos.edu\/colegio\/?s={search_term_string}"},"query-input":{"@type":"PropertyValueSpecification","valueRequired":true,"valueName":"search_term_string"}}],"inLanguage":"es"},{"@type":"Organization","@id":"https:\/\/granada.salesianos.edu\/colegio\/#organization","name":"Colegio Salesiano San Juan Bosco Granada","url":"https:\/\/granada.salesianos.edu\/colegio\/","logo":{"@type":"ImageObject","inLanguage":"es","@id":"https:\/\/granada.salesianos.edu\/colegio\/#\/schema\/logo\/image\/","url":"https:\/\/granada.salesianos.edu\/colegio\/wp-content\/uploads\/sites\/2\/2021\/01\/GRANADAobraVN2.jpg","contentUrl":"https:\/\/granada.salesianos.edu\/colegio\/wp-content\/uploads\/sites\/2\/2021\/01\/GRANADAobraVN2.jpg","width":2113,"height":1894,"caption":"Colegio Salesiano San Juan Bosco Granada"},"image":{"@id":"https:\/\/granada.salesianos.edu\/colegio\/#\/schema\/logo\/image\/"},"sameAs":["https:\/\/www.facebook.com\/SalesianosGR\/","https:\/\/x.com\/GranadaSDB","https:\/\/www.instagram.com\/salesianosgranada\/","https:\/\/www.youtube.com\/channel\/UChkpZuhCf4Y5rYIcFT3CNxw?view_as=subscriber"]}]}},"_links":{"self":[{"href":"https:\/\/granada.salesianos.edu\/colegio\/wp-json\/wp\/v2\/pages\/13850","targetHints":{"allow":["GET"]}}],"collection":[{"href":"https:\/\/granada.salesianos.edu\/colegio\/wp-json\/wp\/v2\/pages"}],"about":[{"href":"https:\/\/granada.salesianos.edu\/colegio\/wp-json\/wp\/v2\/types\/page"}],"author":[{"embeddable":true,"href":"https:\/\/granada.salesianos.edu\/colegio\/wp-json\/wp\/v2\/users\/2"}],"replies":[{"embeddable":true,"href":"https:\/\/granada.salesianos.edu\/colegio\/wp-json\/wp\/v2\/comments?post=13850"}],"version-history":[{"count":25,"href":"https:\/\/granada.salesianos.edu\/colegio\/wp-json\/wp\/v2\/pages\/13850\/revisions"}],"predecessor-version":[{"id":21421,"href":"https:\/\/granada.salesianos.edu\/colegio\/wp-json\/wp\/v2\/pages\/13850\/revisions\/21421"}],"wp:attachment":[{"href":"https:\/\/granada.salesianos.edu\/colegio\/wp-json\/wp\/v2\/media?parent=13850"}],"curies":[{"name":"wp","href":"https:\/\/api.w.org\/{rel}","templated":true}]}}