{"id":13894,"date":"2021-06-29T16:59:42","date_gmt":"2021-06-29T14:59:42","guid":{"rendered":"https:\/\/granada.salesianos.edu\/colegio\/?page_id=13894"},"modified":"2026-02-02T21:53:18","modified_gmt":"2026-02-02T19:53:18","slug":"eso","status":"publish","type":"page","link":"https:\/\/granada.salesianos.edu\/colegio\/eso\/","title":{"rendered":"Educaci\u00f3n Secundaria"},"content":{"rendered":"<div id=\"fb-root\"><\/div>\n<p>[et_pb_section fb_built=\u00bb1&#8243; fullwidth=\u00bbon\u00bb next_background_color=\u00bb#ffffff\u00bb _builder_version=\u00bb4.27.4&#8243; background_image=\u00bbhttps:\/\/granada.salesianos.edu\/colegio\/wp-content\/uploads\/sites\/2\/2020\/02\/fondo_novedades_web.png\u00bb bottom_divider_style=\u00bbasymmetric2&#8243; global_module=\u00bb20660&#8243; saved_tabs=\u00bball\u00bb global_colors_info=\u00bb{}\u00bb][et_pb_fullwidth_header title=\u00bb@ET-DC@eyJkeW5hbWljIjp0cnVlLCJjb250ZW50IjoicG9zdF90aXRsZSIsInNldHRpbmdzIjp7ImJlZm9yZSI6IiIsImFmdGVyIjoiIn19@\u00bb title_font_color=\u00bb#ffffff\u00bb content_max_width_tablet=\u00bb88%\u00bb content_max_width_phone=\u00bb79%\u00bb content_max_width_last_edited=\u00bbon|phone\u00bb admin_label=\u00bbT\u00edtulo de anchura completa\u00bb module_class=\u00bbpagina-imagen-cabecera\u00bb _builder_version=\u00bb4.27.4&#8243; _dynamic_attributes=\u00bbtitle\u00bb title_text_color=\u00bb#ffffff\u00bb title_font_size=\u00bb40px\u00bb background_color=\u00bbrgba(255, 255, 255, 0)\u00bb background_enable_image=\u00bboff\u00bb background_position=\u00bbbottom_left\u00bb transform_translate=\u00bb91px|91px\u00bb max_width_tablet=\u00bb50px\u00bb min_height=\u00bb329px\u00bb custom_padding=\u00bb||127px|||\u00bb background_url=\u00bbhttps:\/\/alicante.salesianos.edu\/colegio\/wp-content\/uploads\/sites\/2\/2017\/03\/Captura-de-pantalla-2017-03-21-a-las-17.25.56.png\u00bb global_colors_info=\u00bb{}\u00bb button_one_text_size__hover_enabled=\u00bboff\u00bb button_one_text_size__hover=\u00bbnull\u00bb button_two_text_size__hover_enabled=\u00bboff\u00bb button_two_text_size__hover=\u00bbnull\u00bb button_one_text_color__hover_enabled=\u00bboff\u00bb button_one_text_color__hover=\u00bbnull\u00bb button_two_text_color__hover_enabled=\u00bboff\u00bb button_two_text_color__hover=\u00bbnull\u00bb button_one_border_width__hover_enabled=\u00bboff\u00bb button_one_border_width__hover=\u00bbnull\u00bb button_two_border_width__hover_enabled=\u00bboff\u00bb button_two_border_width__hover=\u00bbnull\u00bb button_one_border_color__hover_enabled=\u00bboff\u00bb button_one_border_color__hover=\u00bbnull\u00bb button_two_border_color__hover_enabled=\u00bboff\u00bb button_two_border_color__hover=\u00bbnull\u00bb button_one_border_radius__hover_enabled=\u00bboff\u00bb button_one_border_radius__hover=\u00bbnull\u00bb button_two_border_radius__hover_enabled=\u00bboff\u00bb button_two_border_radius__hover=\u00bbnull\u00bb button_one_letter_spacing__hover_enabled=\u00bboff\u00bb button_one_letter_spacing__hover=\u00bbnull\u00bb button_two_letter_spacing__hover_enabled=\u00bboff\u00bb button_two_letter_spacing__hover=\u00bbnull\u00bb button_one_bg_color__hover_enabled=\u00bboff\u00bb button_one_bg_color__hover=\u00bbnull\u00bb button_two_bg_color__hover_enabled=\u00bboff\u00bb button_two_bg_color__hover=\u00bbnull\u00bb][\/et_pb_fullwidth_header][\/et_pb_section][et_pb_section fb_built=\u00bb1&#8243; module_class=\u00bbpagina-seccion-contenido\u00bb _builder_version=\u00bb4.16&#8243; min_height=\u00bb2771.4px\u00bb custom_margin=\u00bb-61px|||||\u00bb custom_padding=\u00bb0%|||\u00bb global_colors_info=\u00bb{}\u00bb][et_pb_row _builder_version=\u00bb4.27.4&#8243; width=\u00bb100%\u00bb min_height=\u00bb321px\u00bb custom_margin=\u00bb171px|259px||116px|false|false\u00bb custom_margin_tablet=\u00bb171px|259px||116px|false|false\u00bb custom_margin_phone=\u00bb171px|259px||116px|false|false\u00bb custom_margin_last_edited=\u00bbon|desktop\u00bb custom_padding=\u00bb0px|||||\u00bb global_colors_info=\u00bb{}\u00bb][et_pb_column type=\u00bb4_4&#8243; _builder_version=\u00bb4.16&#8243; custom_padding=\u00bb|||\u00bb global_colors_info=\u00bb{}\u00bb custom_padding__hover=\u00bb|||\u00bb][et_pb_text _builder_version=\u00bb4.27.5&#8243; width_tablet=\u00bb86%\u00bb width_phone=\u00bb81%\u00bb width_last_edited=\u00bbon|tablet\u00bb custom_margin=\u00bb-76px|-342px|14px|-151px|false|false\u00bb custom_margin_tablet=\u00bb-76px|-342px|14px|-215px|false|false\u00bb custom_margin_phone=\u00bb-76px|-342px|14px|-85px|false|false\u00bb custom_margin_last_edited=\u00bbon|phone\u00bb custom_padding=\u00bb10px|||4px||\u00bb hover_enabled=\u00bb0&#8243; global_colors_info=\u00bb{}\u00bb sticky_enabled=\u00bb0&#8243;]<\/p>\n<p style=\"text-align: center;\"><span style=\"color: #4f4b4b; font-size: xx-large;\"><b>Educaci\u00f3n Secundaria Obligatoria: \u00abel futuro comienza hoy, no ma\u00f1ana\u00bb<\/b><\/span><\/p>\n<h2 style=\"text-align: center;\"><strong><em><span style=\"color: #808080;\">\u00a0En Secundaria tenemos claro que \u00abLa alegr\u00eda abre m\u00e1s puertas que el miedo\u00bb y que \u00abestudiar es creer en uno mismo y en todo lo que a\u00fan pueden llegar a ser\u00bb<\/span><\/em><\/strong><\/h2>\n<p>[\/et_pb_text][et_pb_divider divider_weight=\u00bb2px\u00bb _builder_version=\u00bb4.27.5&#8243; width=\u00bb66%\u00bb custom_margin=\u00bb-21px|||268px|false|false\u00bb custom_margin_tablet=\u00bb||3px|-90px|false|false\u00bb custom_margin_phone=\u00bb|||-56px|false|false\u00bb custom_margin_last_edited=\u00bbon|tablet\u00bb global_colors_info=\u00bb{}\u00bb][\/et_pb_divider][et_pb_testimonial author=\u00bbJos\u00e9 Mar\u00eda Bautista Aguilar\u00bb job_title=\u00bbJefe de Estudios de Secundaria\u00bb url=\u00bbmailto:josemaria.bautista@salesianos.edu\u00bb portrait_url=\u00bbhttps:\/\/granada.salesianos.edu\/colegio\/wp-content\/uploads\/sites\/2\/2025\/08\/WhatsApp-Image-2025-08-30-at-12.20.13.jpeg\u00bb quote_icon=\u00bboff\u00bb portrait_width=\u00bb102px\u00bb portrait_height=\u00bb106px\u00bb admin_label=\u00bbRecomendaci\u00f3n\u00bb _builder_version=\u00bb4.27.5&#8243; body_font_size=\u00bb15px\u00bb background_color=\u00bb#e8e8e8&#8243; background_size=\u00bbinitial\u00bb background_position=\u00bbtop_left\u00bb background_repeat=\u00bbrepeat\u00bb width=\u00bb100%\u00bb width_tablet=\u00bb100%\u00bb width_phone=\u00bb\u00bb width_last_edited=\u00bbon|tablet\u00bb max_width=\u00bb100%\u00bb min_height=\u00bb200px\u00bb min_height_tablet=\u00bb375px\u00bb min_height_phone=\u00bb\u00bb min_height_last_edited=\u00bbon|phone\u00bb custom_margin=\u00bb17px|24px|-2px|102px|false|false\u00bb custom_margin_tablet=\u00bb17px|18px|-2px|-225px|false|false\u00bb custom_margin_phone=\u00bb|12px||-115px|false|false\u00bb custom_margin_last_edited=\u00bbon|phone\u00bb border_radii=\u00bbon|6px|6px|6px|6px\u00bb border_color_all=\u00bbrgba(0,0,0,0.88)\u00bb border_color_right=\u00bbrgba(0,0,0,0.86)\u00bb box_shadow_style=\u00bbpreset2&#8243; box_shadow_horizontal=\u00bb9px\u00bb border_style=\u00bbsolid\u00bb global_colors_info=\u00bb{}\u00bb]<\/p>\n<p><span style=\"font-weight: 400;\">\u00a0Hola a todos\/as,<\/span><\/p>\n<p><span style=\"font-weight: 400;\">Soy Jos\u00e9 Mar\u00eda Bautista, profesor de Matem\u00e1ticas y Jefe de Estudios de la ESO.<\/span><\/p>\n<p>Queridas familias, todo el equipo educativo de secundaria os da la bienvenida a esta etapa clave en la formaci\u00f3n de los j\u00f3venes: la Educaci\u00f3n Secundaria Obligatoria. Don Bosco dec\u00eda: <em>\u00abCada joven lleva dentro un gran tesoro; la educaci\u00f3n ayuda a descubrirlo\u00bb<\/em>, inspirados en el sue\u00f1o de este gran santo, creemos firmemente que <strong>\u00abeducar es cosa del coraz\u00f3n\u00bb<\/strong>, y por eso nos esforzamos d\u00eda a d\u00eda por crear un ambiente de <strong>confianza, respeto y familia,<\/strong> acompa\u00f1ando a nuestros alumnos con <strong>cercan\u00eda, alegr\u00eda y exigencia educativa.<\/strong><\/p>\n<p>Me dirijo ahora a los estudiantes: \u00abel esfuerzo de hoy es la libertad de ma\u00f1ana\u00bb. Est\u00e1is creciendo y descubriendo qui\u00e9nes sois y qui\u00e9nes llegareis a ser. No est\u00e1is solos, aqu\u00ed estaremos para guiaros, apoyaros y, cuando haga falta, corregiros con cari\u00f1o. Comienza una etapa emocionante, vividla con ilusi\u00f3n y responsabilidad: haced amigos, aprended con curiosidad, participad con entusiasmo y, sobre todo no dud\u00e9is de vuestro valor y potencial.<\/p>\n<p>\u00a1Bienvenidos a la ESO! \u00a1Bienvenidos a vuestra casa salesiana!<\/p>\n<p>Un cordial saludo,<\/p>\n<p>[\/et_pb_testimonial][et_pb_text content_tablet=\u00bb<\/p>\n<h4 style=%22text-align: center;%22><span style=%22color: #4f4b4b; font-size: x-large;%22><span style=%22caret-color: #4f4b4b;%22><b>CONOCE NUESTRA OFERTA DE SECUNDARIA.<\/b><\/span><\/span><\/h4>\n<p style=%22text-align: center;%22><span style=%22color: #808080;%22><strong>                                                                    Preparando para Bachillerato o Formaci\u00f3n profesional: Nuestra oferta da salida a todos sus expectativas.<\/strong><\/span><\/p>\n<\/p>\n<p>\u00bb content_phone=\u00bb<\/p>\n<h4 style=%22text-align: center;%22><span style=%22color: #4f4b4b; font-size: x-large;%22><span style=%22caret-color: #4f4b4b;%22><b>CONOCE NUESTRA OFERTA DE SECUNDARIA.<\/b><\/span><\/span><\/h4>\n<p style=%22text-align: center;%22><span style=%22color: #808080;%22><strong>                                                                    Preparando para Bachillerato o Formaci\u00f3n profesional: Nuestra oferta da salida a todos sus expectativas.<\/strong><\/span><\/p>\n<\/p>\n<p>\u00bb content_last_edited=\u00bbon|phone\u00bb _builder_version=\u00bb4.27.4&#8243; width_tablet=\u00bb82%\u00bb width_phone=\u00bb\u00bb width_last_edited=\u00bbon|phone\u00bb custom_margin=\u00bb45px|-73px|15px|33px|false|false\u00bb custom_margin_tablet=\u00bb45px|-74px|15px|33px|false|false\u00bb custom_margin_phone=\u00bb45px|-74px|15px|-85px|false|false\u00bb custom_margin_last_edited=\u00bbon|desktop\u00bb custom_padding=\u00bb10px|||4px||\u00bb global_colors_info=\u00bb{}\u00bb]<\/p>\n<h4 style=\"text-align: center;\"><span style=\"color: #4f4b4b; font-size: x-large;\"><span style=\"caret-color: #4f4b4b;\"><b>\u00a0 \u00a0 \u00a0 \u00a0 \u00a0 \u00a0 \u00a0 \u00a0 \u00a0 \u00a0 \u00a0 \u00a0 CONOCE NUESTRA OFERTA DE SECUNDARIA.<\/b><\/span><\/span><\/h4>\n<p style=\"text-align: center;\"><span style=\"color: #808080;\"><strong>\u00a0 \u00a0 \u00a0 \u00a0 \u00a0 \u00a0 \u00a0 \u00a0 \u00a0 \u00a0 \u00a0 \u00a0 \u00a0 \u00a0 \u00a0 \u00a0 \u00a0 \u00a0 \u00a0 \u00a0 \u00a0 \u00a0 \u00a0 \u00a0 \u00a0 \u00a0 \u00a0 \u00a0 \u00a0 \u00a0 \u00a0 \u00a0 \u00a0 \u00a0 Preparando para Bachillerato o Formaci\u00f3n profesional: Nuestra oferta da salida a todos sus expectativas.<\/strong><\/span><\/p>\n<p>&nbsp;<\/p>\n<p>[\/et_pb_text][et_pb_divider divider_weight=\u00bb2px\u00bb _builder_version=\u00bb4.27.4&#8243; width=\u00bb66%\u00bb custom_margin=\u00bb-50px|0px||287px|false|false\u00bb custom_margin_tablet=\u00bb-21px|||-102px|false|false\u00bb custom_margin_phone=\u00bb|||-62px|false|false\u00bb custom_margin_last_edited=\u00bbon|phone\u00bb global_colors_info=\u00bb{}\u00bb][\/et_pb_divider][\/et_pb_column][\/et_pb_row][et_pb_row column_structure=\u00bb1_2,1_2&#8243; _builder_version=\u00bb4.16&#8243; custom_margin=\u00bb-57px||||false|false\u00bb global_colors_info=\u00bb{}\u00bb][et_pb_column type=\u00bb1_2&#8243; _builder_version=\u00bb4.16&#8243; global_colors_info=\u00bb{}\u00bb][et_pb_text _builder_version=\u00bb4.27.4&#8243; custom_margin=\u00bb36px||||false|false\u00bb global_colors_info=\u00bb{}\u00bb]<\/p>\n<p data-start=\"108\" data-end=\"406\">Apostamos por una educaci\u00f3n integral e innovadora en la que nuestros alumnos puedan desarrollar todo su potencial acad\u00e9mico y personal, aplicando <strong>nuevas metodolog\u00edas<\/strong> activas como el trabajo cooperativo, el aprendizaje por proyectos, el aprendizaje-servicio y situaciones de aprendizaje interdisciplinares.<\/p>\n<p data-start=\"408\" data-end=\"728\">Damos respuesta a la diversidad acad\u00e9mica a trav\u00e9s de refuerzos, ampliaciones, apoyos, doblajes y <strong>programas de diversificaci\u00f3n<\/strong>, y buscamos atender los intereses del alumnado mediante una amplia <strong>oferta de optativas<\/strong> como franc\u00e9s, computaci\u00f3n y rob\u00f3tica, oratoria y debate, aprendizaje social y emocional o artes esc\u00e9nicas.<\/p>\n<p data-start=\"730\" data-end=\"1076\">Desde hace a\u00f1os participamos en proyectos del programa <strong>Erasmus+,<\/strong> favoreciendo la competencia ling\u00fc\u00edstica extranjera mediante viajes de inmersi\u00f3n e intercambios con centros de la UE. Adem\u00e1s, promovemos el desarrollo acad\u00e9mico y profesional participando en proyectos y concursos como <strong>PIISA, Olimpiadas de Matem\u00e1ticas, SEAM THALES, Canguro Matem\u00e1tico o RetoTech.<\/strong><\/p>\n<p data-start=\"1078\" data-end=\"1294\" data-is-last-node=\"\" data-is-only-node=\"\">Aunque el desarrollo acad\u00e9mico es fundamental, como casa salesiana ponemos a los j\u00f3venes en el centro, fomentando una convivencia sana y alegre, fieles a la exhortaci\u00f3n de nuestro fundador: \u201c\u00a1Estad siempre alegres!\u201d.<\/p>\n<p>[\/et_pb_text][\/et_pb_column][et_pb_column type=\u00bb1_2&#8243; _builder_version=\u00bb4.16&#8243; global_colors_info=\u00bb{}\u00bb][et_pb_image src=\u00bbhttps:\/\/granada.salesianos.edu\/colegio\/wp-content\/uploads\/sites\/2\/2025\/12\/uniforme-2.png\u00bb title_text=\u00bbuniforme\u00bb _builder_version=\u00bb4.27.4&#8243; width=\u00bb70%\u00bb max_width=\u00bb100%\u00bb min_height=\u00bb100px\u00bb custom_margin=\u00bb15px||||false|false\u00bb global_colors_info=\u00bb{}\u00bb][\/et_pb_image][\/et_pb_column][\/et_pb_row][et_pb_row _builder_version=\u00bb4.16&#8243; global_colors_info=\u00bb{}\u00bb][et_pb_column type=\u00bb4_4&#8243; _builder_version=\u00bb4.16&#8243; global_colors_info=\u00bb{}\u00bb][et_pb_text _builder_version=\u00bb4.27.4&#8243; global_colors_info=\u00bb{}\u00bb]<\/p>\n<h4 style=\"text-align: center;\"><span style=\"color: #4f4b4b; font-size: x-large;\"><span style=\"caret-color: #4f4b4b;\"><b>PARA SABER M\u00c1S DE NOSOTROS<\/b><\/span><\/span><\/h4>\n<div class=\"et_pb_module et_pb_text et_pb_text_3  et_pb_text_align_left et_pb_bg_layout_light\">\n<div class=\"et_pb_text_inner\">\n<h3 style=\"text-align: center;\"><span style=\"color: #808080;\"><em>Contamos con diferentes herramientas para que nuestro alumnado y familias puedan obtener el mejor rendimiento\u00a0<\/em><\/span><\/h3>\n<\/div>\n<\/div>\n<p>[\/et_pb_text][et_pb_divider divider_weight=\u00bb2px\u00bb disabled_on=\u00bbon|off|off\u00bb _builder_version=\u00bb4.27.4&#8243; width=\u00bb66%\u00bb custom_margin=\u00bb-21px|||135px|false|false\u00bb custom_margin_tablet=\u00bb-21px|||-102px|false|false\u00bb custom_margin_phone=\u00bb|||-129px|false|false\u00bb custom_margin_last_edited=\u00bbon|phone\u00bb global_colors_info=\u00bb{}\u00bb][\/et_pb_divider][\/et_pb_column][\/et_pb_row][et_pb_row _builder_version=\u00bb4.27.4&#8243; _module_preset=\u00bbdefault\u00bb custom_margin=\u00bb-33px||||false|false\u00bb global_colors_info=\u00bb{}\u00bb][et_pb_column type=\u00bb4_4&#8243; _builder_version=\u00bb4.27.4&#8243; _module_preset=\u00bbdefault\u00bb global_colors_info=\u00bb{}\u00bb][et_pb_divider divider_weight_tablet=\u00bb\u00bb divider_weight_phone=\u00bb2px\u00bb divider_weight_last_edited=\u00bbon|phone\u00bb disabled_on=\u00bboff|off|on\u00bb _builder_version=\u00bb4.27.4&#8243; _module_preset=\u00bbdefault\u00bb custom_margin_tablet=\u00bb\u00bb custom_margin_phone=\u00bb-30px||||false|false\u00bb custom_margin_last_edited=\u00bbon|phone\u00bb global_colors_info=\u00bb{}\u00bb][\/et_pb_divider][\/et_pb_column][\/et_pb_row][et_pb_row column_structure=\u00bb1_5,1_5,1_5,1_5,1_5&#8243; _builder_version=\u00bb4.27.4&#8243; background_color=\u00bb#f4F4F4&#8243; border_radii=\u00bbon|3px|3px|3px|3px\u00bb global_colors_info=\u00bb{}\u00bb][et_pb_column type=\u00bb1_5&#8243; _builder_version=\u00bb4.16&#8243; global_colors_info=\u00bb{}\u00bb][et_pb_blurb title=\u00bbERASMUS +\u00bb url=\u00bbhttps:\/\/granada.salesianos.edu\/colegio\/plurilinguismo\/\u00bb use_icon=\u00bbon\u00bb font_icon=\u00bb&#xe0e2;||divi||400&#8243; _builder_version=\u00bb4.27.4&#8243; header_text_align=\u00bbcenter\u00bb background_color=\u00bb#F4F4F4&#8243; global_colors_info=\u00bb{}\u00bb][\/et_pb_blurb][\/et_pb_column][et_pb_column type=\u00bb1_5&#8243; _builder_version=\u00bb4.16&#8243; global_colors_info=\u00bb{}\u00bb][et_pb_blurb title=\u00bbPROYECTOS\u00bb url=\u00bbhttps:\/\/granada.salesianos.edu\/colegio\/roboticaeducativa\/\u00bb use_icon=\u00bbon\u00bb font_icon=\u00bb&#xe038;||divi||400&#8243; _builder_version=\u00bb4.27.4&#8243; header_text_align=\u00bbcenter\u00bb background_color=\u00bb#F4F4F4&#8243; global_colors_info=\u00bb{}\u00bb][\/et_pb_blurb][\/et_pb_column][et_pb_column type=\u00bb1_5&#8243; _builder_version=\u00bb4.27.4&#8243; _module_preset=\u00bbdefault\u00bb global_colors_info=\u00bb{}\u00bb][et_pb_blurb title=\u00bbEXTRAESCOLARES\u00bb url=\u00bbhttps:\/\/granada.salesianos.edu\/colegio\/extraescolares\/\u00bb use_icon=\u00bbon\u00bb font_icon=\u00bb&#xe102;||divi||400&#8243; _builder_version=\u00bb4.16&#8243; header_text_align=\u00bbcenter\u00bb background_color=\u00bb#F4F4F4&#8243; global_colors_info=\u00bb{}\u00bb][\/et_pb_blurb][\/et_pb_column][et_pb_column type=\u00bb1_5&#8243; _builder_version=\u00bb4.16&#8243; global_colors_info=\u00bb{}\u00bb][et_pb_blurb title=\u00bbLIBROS\u00bb use_icon=\u00bbon\u00bb font_icon=\u00bb&#xe022;||divi||400&#8243; _builder_version=\u00bb4.27.4&#8243; header_text_align=\u00bbcenter\u00bb background_color=\u00bb#F4F4F4&#8243; global_colors_info=\u00bb{}\u00bb][\/et_pb_blurb][\/et_pb_column][et_pb_column type=\u00bb1_5&#8243; _builder_version=\u00bb4.27.4&#8243; _module_preset=\u00bbdefault\u00bb global_colors_info=\u00bb{}\u00bb][et_pb_blurb title=\u00bbINSTALACIONES\u00bb url=\u00bbhttps:\/\/granada.salesianos.edu\/colegio\/instalaciones-2\/\u00bb use_icon=\u00bbon\u00bb font_icon=\u00bb&#xe0ef;||divi||400&#8243; _builder_version=\u00bb4.16&#8243; header_text_align=\u00bbcenter\u00bb background_color=\u00bb#F4F4F4&#8243; global_colors_info=\u00bb{}\u00bb][\/et_pb_blurb][\/et_pb_column][\/et_pb_row][et_pb_row _builder_version=\u00bb4.16&#8243; global_colors_info=\u00bb{}\u00bb][et_pb_column type=\u00bb4_4&#8243; _builder_version=\u00bb4.16&#8243; global_colors_info=\u00bb{}\u00bb][et_pb_text _builder_version=\u00bb4.16&#8243; global_colors_info=\u00bb{}\u00bb]<\/p>\n<h4 style=\"text-align: center;\"><span style=\"color: #4f4b4b; font-size: x-large;\"><span style=\"caret-color: #4f4b4b;\"><b>PREPARAMOS A NUESTRO ALUMNADO EN VALORES<\/b><\/span><\/span><\/h4>\n<h3 style=\"text-align: center;\"><span style=\"color: #808080;\"><em>\u00bfQu\u00e9 nos diferencia de otras propuestas educativas?<\/em><\/span><\/h3>\n<p>[\/et_pb_text][et_pb_divider divider_weight=\u00bb2px\u00bb disabled_on=\u00bbon|off|off\u00bb _builder_version=\u00bb4.27.4&#8243; width=\u00bb66%\u00bb custom_margin=\u00bb-22px|||172px|false|false\u00bb custom_margin_tablet=\u00bb-21px|||-102px|false|false\u00bb custom_margin_phone=\u00bb|470px||-118px|false|false\u00bb custom_margin_last_edited=\u00bbon|phone\u00bb global_colors_info=\u00bb{}\u00bb][\/et_pb_divider][\/et_pb_column][\/et_pb_row][et_pb_row _builder_version=\u00bb4.27.4&#8243; _module_preset=\u00bbdefault\u00bb global_colors_info=\u00bb{}\u00bb][et_pb_column type=\u00bb4_4&#8243; _builder_version=\u00bb4.27.4&#8243; _module_preset=\u00bbdefault\u00bb global_colors_info=\u00bb{}\u00bb][et_pb_divider divider_weight=\u00bb2px\u00bb divider_weight_tablet=\u00bb2px\u00bb divider_weight_phone=\u00bb2px\u00bb divider_weight_last_edited=\u00bbon|phone\u00bb disabled_on=\u00bboff|off|on\u00bb _builder_version=\u00bb4.27.4&#8243; _module_preset=\u00bbdefault\u00bb custom_margin_tablet=\u00bb\u00bb custom_margin_phone=\u00bb-70px||||false|false\u00bb custom_margin_last_edited=\u00bbon|phone\u00bb global_colors_info=\u00bb{}\u00bb][\/et_pb_divider][\/et_pb_column][\/et_pb_row][et_pb_row column_structure=\u00bb1_2,1_2&#8243; _builder_version=\u00bb4.27.4&#8243; custom_margin=\u00bb-105px||||false|false\u00bb global_colors_info=\u00bb{}\u00bb][et_pb_column type=\u00bb1_2&#8243; _builder_version=\u00bb4.16&#8243; global_colors_info=\u00bb{}\u00bb][et_pb_text _builder_version=\u00bb4.27.4&#8243; custom_margin=\u00bb-48px||-2px||false|false\u00bb custom_margin_tablet=\u00bb-48px||-2px||false|false\u00bb custom_margin_phone=\u00bb-34px||-2px||false|false\u00bb custom_margin_last_edited=\u00bbon|phone\u00bb global_colors_info=\u00bb{}\u00bb]<\/p>\n<div class=\"et_pb_module et_pb_text et_pb_text_4  et_pb_text_align_left et_pb_bg_layout_light\">\n<div class=\"et_pb_text_inner\">\n<h2>\u00a0<\/h2>\n<\/div>\n<\/div>\n<div class=\"et_pb_module et_pb_text et_pb_text_5  et_pb_text_align_left et_pb_bg_layout_light\">\n<div class=\"et_pb_text_inner\">\n<p>Nos diferencia el\u00a0 <a href=\"https:\/\/granada.salesianos.edu\/colegio\/grasjb_sistema-preventivo\/\" target=\"_blank\" rel=\"noopener noreferrer\">Sistema Preventivo<\/a>\u00a0de nuestro fundador\u00a0<strong>Don Bosco<\/strong>. Sistema presente en todos los \u00e1mbitos de la familia salesiana de la que somos un pilar muy importante: la escuela. Perseguimos formar\u00a0<em>\u201cHonrados ciudadanos y buenos cristianos\u201d<\/em>\u00a0como D. Bosco dec\u00eda.<\/p>\n<p>El Sistema Preventivo de D. Bosco est\u00e1 presente en todas nuestras actividades educativas, l\u00fadicas y extraescolares de diversas maneras:<\/p>\n<ul>\n<li><strong>La Pedagog\u00eda de la Bondad<\/strong>: la base\u00a0del Sistema Educativo de Don Bosco radica en lo Preventivo, entendido como\u00a0<em>\u201cel arte de educar en positivo\u201d<\/em>, proponiendo el bien a trav\u00e9s de vivencias adecuadas y envolventes, capaces de atraer por su nobleza y belleza. Todo ello en un ambiente formativo amable y respetuoso donde el alumno se sienta seguro y feliz.<\/li>\n<li><strong>El desarrollo de la Fe cristiana<\/strong>:\u00a0<em>\u201cEducar evangelizando y evangelizar educando\u201d<\/em>\u00a0para un arm\u00f3nico desarrollo humano y cristiano.<\/li>\n<li><strong>La educaci\u00f3n en valores:<\/strong>\u00a0como la solidaridad con los m\u00e1s necesitados, la honradez, la alegr\u00eda y la bondad<\/li>\n<\/ul>\n<\/div>\n<\/div>\n<p>[\/et_pb_text][\/et_pb_column][et_pb_column type=\u00bb1_2&#8243; _builder_version=\u00bb4.16&#8243; global_colors_info=\u00bb{}\u00bb][et_pb_image src=\u00bbhttps:\/\/granada.salesianos.edu\/colegio\/wp-content\/uploads\/sites\/2\/2021\/05\/VALORES-scaled.jpg\u00bb _builder_version=\u00bb4.27.4&#8243; width=\u00bb79%\u00bb custom_margin=\u00bb4px|||61px|false|false\u00bb custom_padding=\u00bb|9px||6px|false|false\u00bb global_colors_info=\u00bb{}\u00bb][\/et_pb_image][\/et_pb_column][\/et_pb_row][et_pb_row _builder_version=\u00bb4.16&#8243; global_colors_info=\u00bb{}\u00bb][et_pb_column type=\u00bb4_4&#8243; _builder_version=\u00bb4.16&#8243; global_colors_info=\u00bb{}\u00bb][et_pb_text _builder_version=\u00bb4.16&#8243; global_colors_info=\u00bb{}\u00bb]<\/p>\n<h4 style=\"text-align: center;\"><span style=\"color: #4f4b4b; font-size: x-large;\"><span style=\"caret-color: #4f4b4b;\"><b>PREGUNTAS FRECUENTES Y SERVICIOS<\/b><\/span><\/span><\/h4>\n<p>[\/et_pb_text][et_pb_divider divider_weight=\u00bb2px\u00bb disabled_on=\u00bbon|off|off\u00bb _builder_version=\u00bb4.27.4&#8243; width=\u00bb66%\u00bb custom_margin=\u00bb-23px|||135px|false|false\u00bb custom_margin_tablet=\u00bb-21px|||-102px|false|false\u00bb custom_margin_phone=\u00bb|||-129px|false|false\u00bb custom_margin_last_edited=\u00bbon|phone\u00bb global_colors_info=\u00bb{}\u00bb][\/et_pb_divider][\/et_pb_column][\/et_pb_row][et_pb_row _builder_version=\u00bb4.27.4&#8243; _module_preset=\u00bbdefault\u00bb global_colors_info=\u00bb{}\u00bb][et_pb_column type=\u00bb4_4&#8243; _builder_version=\u00bb4.27.4&#8243; _module_preset=\u00bbdefault\u00bb global_colors_info=\u00bb{}\u00bb][et_pb_divider divider_weight=\u00bb2px\u00bb disabled_on=\u00bboff|on|on\u00bb _builder_version=\u00bb4.27.4&#8243; _module_preset=\u00bbdefault\u00bb custom_margin=\u00bb-62px||||false|false\u00bb global_colors_info=\u00bb{}\u00bb][\/et_pb_divider][\/et_pb_column][\/et_pb_row][et_pb_row column_structure=\u00bb3_4,1_4&#8243; _builder_version=\u00bb4.16&#8243; custom_margin=\u00bb-66px||||false|false\u00bb global_colors_info=\u00bb{}\u00bb][et_pb_column type=\u00bb3_4&#8243; _builder_version=\u00bb4.16&#8243; global_colors_info=\u00bb{}\u00bb][et_pb_toggle title=\u00bb\u00bfQu\u00e9 opciones tengo al acabar la E.S.O.?\u00bb _builder_version=\u00bb4.16&#8243; title_text_color=\u00bb#e02b20&#8243; title_level=\u00bbh3&#8243; title_font_size=\u00bb24px\u00bb custom_margin=\u00bb38px||||false|false\u00bb border_radii=\u00bbon|2px|2px|2px|2px\u00bb border_width_all=\u00bb2px\u00bb border_color_all=\u00bb#e02b20&#8243; global_colors_info=\u00bb{}\u00bb]<\/p>\n<p>En principio, son tres las opciones que se te presentan. Tras la etapa obligatoria de la E.S.O., puedes acceder a\u00a0<strong>estudios de Bachillerato<\/strong>\u00a0o a un\u00a0<strong>ciclo formativo de grado medio<\/strong>\u00a0(CFGM) o bien, incorporarte al\u00a0<strong>mundo laboral<\/strong>\u00a0a los 16 a\u00f1os. Nosotros, siempre\u00a0<strong>te aconsejamos que no dejes de formarte y que contin\u00faes tu camino acad\u00e9mico<\/strong>; tienes toda la vida por delante para trabajar y la formaci\u00f3n es la clave para poder trabajar en algo que te apasione; pero es que, adem\u00e1s, es una forma de abrir la mente, convertirnos en ciudadanos responsables y cr\u00edticos y construir buenas relaciones sociales.<\/p>\n<p>[\/et_pb_toggle][et_pb_toggle title=\u00bb\u00bfRealiza el Centro Jornada de Puertas Abiertas?\u00bb _builder_version=\u00bb4.18.0&#8243; title_text_color=\u00bb#e02b20&#8243; title_level=\u00bbh3&#8243; title_font_size=\u00bb24px\u00bb border_radii=\u00bbon|2px|2px|2px|2px\u00bb border_width_all=\u00bb2px\u00bb border_color_all=\u00bb#e02b20&#8243; global_colors_info=\u00bb{}\u00bb]<\/p>\n<p>Desde hace algunos a\u00f1os, el colegio abre sus puertas a aquellas familias que est\u00e9n interesadas en conocer nuestro\u00a0<a title=\"Proyecto Educativo\" href=\"https:\/\/granada.salesianos.edu\/colegio\/admisiones\/\" target=\"_blank\" rel=\"noopener noreferrer\"><strong>proyecto educativo<\/strong><\/a>\u00a0e\u00a0<a title=\"Instalaciones\" href=\"https:\/\/granada.salesianos.edu\/colegio\/instalaciones\/\" target=\"_blank\" rel=\"noopener noreferrer\"><strong>instalaciones<\/strong><\/a>. Cada a\u00f1o, estas jornadas mejoran y se perfeccionan y ni siquiera una pandemia puede impedir que las realicemos de la mejor forma posible.Publicaremos toda la informaci\u00f3n al respecto en nuestra\u00a0<strong>web<\/strong>\u00a0y\u00a0<strong>RRSS. <a title=\"Jornadas de Puertas Abiertas\" href=\"https:\/\/granada.salesianos.edu\/colegio\/jornadas-pa-general\/\" target=\"_blank\" rel=\"noopener noreferrer\">M\u00e1s informaci\u00f3n sobre las Jornadas de Puertas Abiertas .<\/a><\/strong><\/p>\n<p>No obstante, a lo largo de todo el curso, si quiere conocer nuestro Centro, s\u00f3lo tiene que ponerse en contacto con nosotros y concertaremos una cita con nuestro Jefe de Estudios.<\/p>\n<p>.<\/p>\n<p>[\/et_pb_toggle][et_pb_toggle title=\u00bb\u00bfQu\u00e9 horario tienen los alumnos de la E.S.O.?\u00bb _builder_version=\u00bb4.16&#8243; title_text_color=\u00bb#e02b20&#8243; title_level=\u00bbh3&#8243; title_font_size=\u00bb24px\u00bb border_radii=\u00bbon|2px|2px|2px|2px\u00bb border_width_all=\u00bb2px\u00bb border_color_all=\u00bb#e02b20&#8243; global_colors_info=\u00bb{}\u00bb]<\/p>\n<div class=\"et_pb_toggle et_pb_module et_pb_accordion_item et_pb_accordion_item_0 et_pb_text_align_left et_pb_toggle_open\">\n<div class=\"et_pb_toggle_content clearfix\">De 8:15 a 14:45.<\/div>\n<\/div>\n<div class=\"et_pb_toggle et_pb_module et_pb_accordion_item et_pb_accordion_item_1 et_pb_text_align_left et_pb_toggle_close\">\u00a0<\/div>\n<p>[\/et_pb_toggle][et_pb_toggle title=\u00bb\u00bfC\u00f3mo se justifican las ausencias y retrasos?\u00bb _builder_version=\u00bb4.16&#8243; title_text_color=\u00bb#e02b20&#8243; title_level=\u00bbh3&#8243; title_font_size=\u00bb24px\u00bb border_radii=\u00bbon|2px|2px|2px|2px\u00bb border_width_all=\u00bb2px\u00bb border_color_all=\u00bb#e02b20&#8243; global_colors_info=\u00bb{}\u00bb]<\/p>\n<div class=\"et_pb_toggle et_pb_module et_pb_accordion_item et_pb_accordion_item_3 et_pb_text_align_left et_pb_toggle_open\">\n<div class=\"et_pb_toggle_content clearfix\">\n<p>Se justifican a trav\u00e9s de la plataforma Qe\u00a0, aportando\u00a0<strong>documento o justificaci\u00f3n oficial si fuera necesario<\/strong>.<\/p>\n<\/div>\n<\/div>\n<div class=\"et_pb_toggle et_pb_module et_pb_accordion_item et_pb_accordion_item_4  et_pb_text_align_left et_pb_toggle_close\">\u00a0<\/div>\n<p>[\/et_pb_toggle][\/et_pb_column][et_pb_column type=\u00bb1_4&#8243; _builder_version=\u00bb4.16&#8243; global_colors_info=\u00bb{}\u00bb][et_pb_button button_url=\u00bbhttps:\/\/granada.salesianos.edu\/colegio\/qefamilia\/\u00bb url_new_window=\u00bbon\u00bb button_text=\u00bb App Qe\u00bb admin_label=\u00bbBot\u00f3n\u00bb _builder_version=\u00bb4.16&#8243; custom_button=\u00bbon\u00bb button_text_color=\u00bb#ffffff\u00bb button_bg_color=\u00bb#e02b20&#8243; button_border_width=\u00bb0px\u00bb button_border_radius=\u00bb6px\u00bb custom_margin=\u00bb23px||||false|false\u00bb custom_padding=\u00bb|130px|0px|||\u00bb global_colors_info=\u00bb{}\u00bb button_text_size__hover_enabled=\u00bboff\u00bb button_text_size__hover=\u00bbnull\u00bb button_one_text_size__hover_enabled=\u00bboff\u00bb button_one_text_size__hover=\u00bbnull\u00bb button_two_text_size__hover_enabled=\u00bboff\u00bb button_two_text_size__hover=\u00bbnull\u00bb button_text_color__hover_enabled=\u00bboff\u00bb button_text_color__hover=\u00bbnull\u00bb button_one_text_color__hover_enabled=\u00bboff\u00bb button_one_text_color__hover=\u00bbnull\u00bb button_two_text_color__hover_enabled=\u00bboff\u00bb button_two_text_color__hover=\u00bbnull\u00bb button_border_width__hover_enabled=\u00bboff\u00bb button_border_width__hover=\u00bbnull\u00bb button_one_border_width__hover_enabled=\u00bboff\u00bb button_one_border_width__hover=\u00bbnull\u00bb button_two_border_width__hover_enabled=\u00bboff\u00bb button_two_border_width__hover=\u00bbnull\u00bb button_border_color__hover_enabled=\u00bboff\u00bb button_border_color__hover=\u00bbnull\u00bb button_one_border_color__hover_enabled=\u00bboff\u00bb button_one_border_color__hover=\u00bbnull\u00bb button_two_border_color__hover_enabled=\u00bboff\u00bb button_two_border_color__hover=\u00bbnull\u00bb button_border_radius__hover_enabled=\u00bboff\u00bb button_border_radius__hover=\u00bbnull\u00bb button_one_border_radius__hover_enabled=\u00bboff\u00bb button_one_border_radius__hover=\u00bbnull\u00bb button_two_border_radius__hover_enabled=\u00bboff\u00bb button_two_border_radius__hover=\u00bbnull\u00bb button_letter_spacing__hover_enabled=\u00bboff\u00bb button_letter_spacing__hover=\u00bbnull\u00bb button_one_letter_spacing__hover_enabled=\u00bboff\u00bb button_one_letter_spacing__hover=\u00bbnull\u00bb button_two_letter_spacing__hover_enabled=\u00bboff\u00bb button_two_letter_spacing__hover=\u00bbnull\u00bb button_bg_color__hover_enabled=\u00bboff\u00bb button_bg_color__hover=\u00bbnull\u00bb button_one_bg_color__hover_enabled=\u00bboff\u00bb button_one_bg_color__hover=\u00bbnull\u00bb button_two_bg_color__hover_enabled=\u00bboff\u00bb button_two_bg_color__hover=\u00bbnull\u00bb][\/et_pb_button][et_pb_button button_url=\u00bbhttps:\/\/granada.salesianos.edu\/colegio\/departamentodeorientacion\/\u00bb url_new_window=\u00bbon\u00bb button_text=\u00bbDept. de Orientaci\u00f3n\u00bb _builder_version=\u00bb4.16&#8243; custom_button=\u00bbon\u00bb button_text_color=\u00bb#ffffff\u00bb button_bg_color=\u00bb#e02b20&#8243; button_border_width=\u00bb0px\u00bb button_border_radius=\u00bb6px\u00bb custom_padding=\u00bb||0px|||\u00bb global_colors_info=\u00bb{}\u00bb button_text_size__hover_enabled=\u00bboff\u00bb button_text_size__hover=\u00bbnull\u00bb button_one_text_size__hover_enabled=\u00bboff\u00bb button_one_text_size__hover=\u00bbnull\u00bb button_two_text_size__hover_enabled=\u00bboff\u00bb button_two_text_size__hover=\u00bbnull\u00bb button_text_color__hover_enabled=\u00bboff\u00bb button_text_color__hover=\u00bbnull\u00bb button_one_text_color__hover_enabled=\u00bboff\u00bb button_one_text_color__hover=\u00bbnull\u00bb button_two_text_color__hover_enabled=\u00bboff\u00bb button_two_text_color__hover=\u00bbnull\u00bb button_border_width__hover_enabled=\u00bboff\u00bb button_border_width__hover=\u00bbnull\u00bb button_one_border_width__hover_enabled=\u00bboff\u00bb button_one_border_width__hover=\u00bbnull\u00bb button_two_border_width__hover_enabled=\u00bboff\u00bb button_two_border_width__hover=\u00bbnull\u00bb button_border_color__hover_enabled=\u00bboff\u00bb button_border_color__hover=\u00bbnull\u00bb button_one_border_color__hover_enabled=\u00bboff\u00bb button_one_border_color__hover=\u00bbnull\u00bb button_two_border_color__hover_enabled=\u00bboff\u00bb button_two_border_color__hover=\u00bbnull\u00bb button_border_radius__hover_enabled=\u00bboff\u00bb button_border_radius__hover=\u00bbnull\u00bb button_one_border_radius__hover_enabled=\u00bboff\u00bb button_one_border_radius__hover=\u00bbnull\u00bb button_two_border_radius__hover_enabled=\u00bboff\u00bb button_two_border_radius__hover=\u00bbnull\u00bb button_letter_spacing__hover_enabled=\u00bboff\u00bb button_letter_spacing__hover=\u00bbnull\u00bb button_one_letter_spacing__hover_enabled=\u00bboff\u00bb button_one_letter_spacing__hover=\u00bbnull\u00bb button_two_letter_spacing__hover_enabled=\u00bboff\u00bb button_two_letter_spacing__hover=\u00bbnull\u00bb button_bg_color__hover_enabled=\u00bboff\u00bb button_bg_color__hover=\u00bbnull\u00bb button_one_bg_color__hover_enabled=\u00bboff\u00bb button_one_bg_color__hover=\u00bbnull\u00bb button_two_bg_color__hover_enabled=\u00bboff\u00bb button_two_bg_color__hover=\u00bbnull\u00bb][\/et_pb_button][et_pb_button button_url=\u00bbhttps:\/\/granada.salesianos.edu\/colegio\/aulaconvivencia\/\u00bb url_new_window=\u00bbon\u00bb button_text=\u00bbAula de Convivencia\u00bb _builder_version=\u00bb4.16&#8243; custom_button=\u00bbon\u00bb button_text_color=\u00bb#ffffff\u00bb button_bg_color=\u00bb#e02b20&#8243; button_border_width=\u00bb0px\u00bb button_border_radius=\u00bb6px\u00bb global_colors_info=\u00bb{}\u00bb button_text_size__hover_enabled=\u00bboff\u00bb button_text_size__hover=\u00bbnull\u00bb button_one_text_size__hover_enabled=\u00bboff\u00bb button_one_text_size__hover=\u00bbnull\u00bb button_two_text_size__hover_enabled=\u00bboff\u00bb button_two_text_size__hover=\u00bbnull\u00bb button_text_color__hover_enabled=\u00bboff\u00bb button_text_color__hover=\u00bbnull\u00bb button_one_text_color__hover_enabled=\u00bboff\u00bb button_one_text_color__hover=\u00bbnull\u00bb button_two_text_color__hover_enabled=\u00bboff\u00bb button_two_text_color__hover=\u00bbnull\u00bb button_border_width__hover_enabled=\u00bboff\u00bb button_border_width__hover=\u00bbnull\u00bb button_one_border_width__hover_enabled=\u00bboff\u00bb button_one_border_width__hover=\u00bbnull\u00bb button_two_border_width__hover_enabled=\u00bboff\u00bb button_two_border_width__hover=\u00bbnull\u00bb button_border_color__hover_enabled=\u00bboff\u00bb button_border_color__hover=\u00bbnull\u00bb button_one_border_color__hover_enabled=\u00bboff\u00bb button_one_border_color__hover=\u00bbnull\u00bb button_two_border_color__hover_enabled=\u00bboff\u00bb button_two_border_color__hover=\u00bbnull\u00bb button_border_radius__hover_enabled=\u00bboff\u00bb button_border_radius__hover=\u00bbnull\u00bb button_one_border_radius__hover_enabled=\u00bboff\u00bb button_one_border_radius__hover=\u00bbnull\u00bb button_two_border_radius__hover_enabled=\u00bboff\u00bb button_two_border_radius__hover=\u00bbnull\u00bb button_letter_spacing__hover_enabled=\u00bboff\u00bb button_letter_spacing__hover=\u00bbnull\u00bb button_one_letter_spacing__hover_enabled=\u00bboff\u00bb button_one_letter_spacing__hover=\u00bbnull\u00bb button_two_letter_spacing__hover_enabled=\u00bboff\u00bb button_two_letter_spacing__hover=\u00bbnull\u00bb button_bg_color__hover_enabled=\u00bboff\u00bb button_bg_color__hover=\u00bbnull\u00bb button_one_bg_color__hover_enabled=\u00bboff\u00bb button_one_bg_color__hover=\u00bbnull\u00bb button_two_bg_color__hover_enabled=\u00bboff\u00bb button_two_bg_color__hover=\u00bbnull\u00bb][\/et_pb_button][et_pb_button button_url=\u00bbhttps:\/\/granada.salesianos.edu\/centrojuvenil\/\u00bb url_new_window=\u00bbon\u00bb button_text=\u00bbCentro Juvenil\u00bb _builder_version=\u00bb4.16&#8243; custom_button=\u00bbon\u00bb button_text_size=\u00bb20px\u00bb button_text_color=\u00bb#ffffff\u00bb button_bg_color=\u00bb#e02b20&#8243; button_border_width=\u00bb0px\u00bb button_border_radius=\u00bb6px\u00bb global_colors_info=\u00bb{}\u00bb button_text_size__hover_enabled=\u00bboff\u00bb button_text_size__hover=\u00bbnull\u00bb button_one_text_size__hover_enabled=\u00bboff\u00bb button_one_text_size__hover=\u00bbnull\u00bb button_two_text_size__hover_enabled=\u00bboff\u00bb button_two_text_size__hover=\u00bbnull\u00bb button_text_color__hover_enabled=\u00bboff\u00bb button_text_color__hover=\u00bbnull\u00bb button_one_text_color__hover_enabled=\u00bboff\u00bb button_one_text_color__hover=\u00bbnull\u00bb button_two_text_color__hover_enabled=\u00bboff\u00bb button_two_text_color__hover=\u00bbnull\u00bb button_border_width__hover_enabled=\u00bboff\u00bb button_border_width__hover=\u00bbnull\u00bb button_one_border_width__hover_enabled=\u00bboff\u00bb button_one_border_width__hover=\u00bbnull\u00bb button_two_border_width__hover_enabled=\u00bboff\u00bb button_two_border_width__hover=\u00bbnull\u00bb button_border_color__hover_enabled=\u00bboff\u00bb button_border_color__hover=\u00bbnull\u00bb button_one_border_color__hover_enabled=\u00bboff\u00bb button_one_border_color__hover=\u00bbnull\u00bb button_two_border_color__hover_enabled=\u00bboff\u00bb button_two_border_color__hover=\u00bbnull\u00bb button_border_radius__hover_enabled=\u00bboff\u00bb button_border_radius__hover=\u00bbnull\u00bb button_one_border_radius__hover_enabled=\u00bboff\u00bb button_one_border_radius__hover=\u00bbnull\u00bb button_two_border_radius__hover_enabled=\u00bboff\u00bb button_two_border_radius__hover=\u00bbnull\u00bb button_letter_spacing__hover_enabled=\u00bboff\u00bb button_letter_spacing__hover=\u00bbnull\u00bb button_one_letter_spacing__hover_enabled=\u00bboff\u00bb button_one_letter_spacing__hover=\u00bbnull\u00bb button_two_letter_spacing__hover_enabled=\u00bboff\u00bb button_two_letter_spacing__hover=\u00bbnull\u00bb button_bg_color__hover_enabled=\u00bboff\u00bb button_bg_color__hover=\u00bbnull\u00bb button_one_bg_color__hover_enabled=\u00bboff\u00bb button_one_bg_color__hover=\u00bbnull\u00bb button_two_bg_color__hover_enabled=\u00bboff\u00bb button_two_bg_color__hover=\u00bbnull\u00bb][\/et_pb_button][et_pb_button button_url=\u00bbhttps:\/\/granada.salesianos.edu\/colegio\/comedor\/\u00bb url_new_window=\u00bbon\u00bb button_text=\u00bbServicio de comedor\u00bb _builder_version=\u00bb4.16&#8243; custom_button=\u00bbon\u00bb button_text_color=\u00bb#ffffff\u00bb button_bg_color=\u00bb#e02b20&#8243; button_border_width=\u00bb0px\u00bb button_border_radius=\u00bb6px\u00bb z_index_tablet=\u00bb500&#8243; global_colors_info=\u00bb{}\u00bb button_text_size__hover_enabled=\u00bboff\u00bb button_text_size__hover=\u00bbnull\u00bb button_one_text_size__hover_enabled=\u00bboff\u00bb button_one_text_size__hover=\u00bbnull\u00bb button_two_text_size__hover_enabled=\u00bboff\u00bb button_two_text_size__hover=\u00bbnull\u00bb button_text_color__hover_enabled=\u00bboff\u00bb button_text_color__hover=\u00bbnull\u00bb button_one_text_color__hover_enabled=\u00bboff\u00bb button_one_text_color__hover=\u00bbnull\u00bb button_two_text_color__hover_enabled=\u00bboff\u00bb button_two_text_color__hover=\u00bbnull\u00bb button_border_width__hover_enabled=\u00bboff\u00bb button_border_width__hover=\u00bbnull\u00bb button_one_border_width__hover_enabled=\u00bboff\u00bb button_one_border_width__hover=\u00bbnull\u00bb button_two_border_width__hover_enabled=\u00bboff\u00bb button_two_border_width__hover=\u00bbnull\u00bb button_border_color__hover_enabled=\u00bboff\u00bb button_border_color__hover=\u00bbnull\u00bb button_one_border_color__hover_enabled=\u00bboff\u00bb button_one_border_color__hover=\u00bbnull\u00bb button_two_border_color__hover_enabled=\u00bboff\u00bb button_two_border_color__hover=\u00bbnull\u00bb button_border_radius__hover_enabled=\u00bboff\u00bb button_border_radius__hover=\u00bbnull\u00bb button_one_border_radius__hover_enabled=\u00bboff\u00bb button_one_border_radius__hover=\u00bbnull\u00bb button_two_border_radius__hover_enabled=\u00bboff\u00bb button_two_border_radius__hover=\u00bbnull\u00bb button_letter_spacing__hover_enabled=\u00bboff\u00bb button_letter_spacing__hover=\u00bbnull\u00bb button_one_letter_spacing__hover_enabled=\u00bboff\u00bb button_one_letter_spacing__hover=\u00bbnull\u00bb button_two_letter_spacing__hover_enabled=\u00bboff\u00bb button_two_letter_spacing__hover=\u00bbnull\u00bb button_bg_color__hover_enabled=\u00bboff\u00bb button_bg_color__hover=\u00bbnull\u00bb button_one_bg_color__hover_enabled=\u00bboff\u00bb button_one_bg_color__hover=\u00bbnull\u00bb button_two_bg_color__hover_enabled=\u00bboff\u00bb button_two_bg_color__hover=\u00bbnull\u00bb][\/et_pb_button][et_pb_button button_url=\u00bbhttps:\/\/granada.salesianos.edu\/colegio\/uniformes\/\u00bb url_new_window=\u00bbon\u00bb button_text=\u00bbUniforme escolar\u00bb _builder_version=\u00bb4.16&#8243; custom_button=\u00bbon\u00bb button_text_color=\u00bb#ffffff\u00bb button_bg_color=\u00bb#e02b20&#8243; button_border_width=\u00bb0px\u00bb button_border_radius=\u00bb6px\u00bb z_index_tablet=\u00bb500&#8243; global_colors_info=\u00bb{}\u00bb button_text_size__hover_enabled=\u00bboff\u00bb button_text_size__hover=\u00bbnull\u00bb button_one_text_size__hover_enabled=\u00bboff\u00bb button_one_text_size__hover=\u00bbnull\u00bb button_two_text_size__hover_enabled=\u00bboff\u00bb button_two_text_size__hover=\u00bbnull\u00bb button_text_color__hover_enabled=\u00bboff\u00bb button_text_color__hover=\u00bbnull\u00bb button_one_text_color__hover_enabled=\u00bboff\u00bb button_one_text_color__hover=\u00bbnull\u00bb button_two_text_color__hover_enabled=\u00bboff\u00bb button_two_text_color__hover=\u00bbnull\u00bb button_border_width__hover_enabled=\u00bboff\u00bb button_border_width__hover=\u00bbnull\u00bb button_one_border_width__hover_enabled=\u00bboff\u00bb button_one_border_width__hover=\u00bbnull\u00bb button_two_border_width__hover_enabled=\u00bboff\u00bb button_two_border_width__hover=\u00bbnull\u00bb button_border_color__hover_enabled=\u00bboff\u00bb button_border_color__hover=\u00bbnull\u00bb button_one_border_color__hover_enabled=\u00bboff\u00bb button_one_border_color__hover=\u00bbnull\u00bb button_two_border_color__hover_enabled=\u00bboff\u00bb button_two_border_color__hover=\u00bbnull\u00bb button_border_radius__hover_enabled=\u00bboff\u00bb button_border_radius__hover=\u00bbnull\u00bb button_one_border_radius__hover_enabled=\u00bboff\u00bb button_one_border_radius__hover=\u00bbnull\u00bb button_two_border_radius__hover_enabled=\u00bboff\u00bb button_two_border_radius__hover=\u00bbnull\u00bb button_letter_spacing__hover_enabled=\u00bboff\u00bb button_letter_spacing__hover=\u00bbnull\u00bb button_one_letter_spacing__hover_enabled=\u00bboff\u00bb button_one_letter_spacing__hover=\u00bbnull\u00bb button_two_letter_spacing__hover_enabled=\u00bboff\u00bb button_two_letter_spacing__hover=\u00bbnull\u00bb button_bg_color__hover_enabled=\u00bboff\u00bb button_bg_color__hover=\u00bbnull\u00bb button_one_bg_color__hover_enabled=\u00bboff\u00bb button_one_bg_color__hover=\u00bbnull\u00bb button_two_bg_color__hover_enabled=\u00bboff\u00bb button_two_bg_color__hover=\u00bbnull\u00bb][\/et_pb_button][\/et_pb_column][\/et_pb_row][et_pb_row disabled_on=\u00bbon|on|on\u00bb _builder_version=\u00bb4.27.4&#8243; disabled=\u00bbon\u00bb global_colors_info=\u00bb{}\u00bb][et_pb_column type=\u00bb4_4&#8243; _builder_version=\u00bb4.16&#8243; global_colors_info=\u00bb{}\u00bb][et_pb_tabs _builder_version=\u00bb4.16&#8243; custom_margin=\u00bb23px||||false|false\u00bb animation_style=\u00bbfade\u00bb border_style=\u00bbsolid\u00bb global_colors_info=\u00bb{}\u00bb][et_pb_tab title=\u00bbPluriling\u00fcismo\u00bb _builder_version=\u00bb4.16&#8243; body_font=\u00bb||||\u00bb body_text_align=\u00bbleft\u00bb tab_font=\u00bb||||\u00bb global_colors_info=\u00bb{}\u00bb]<\/p>\n<h2>\u00bfC\u00f3mo trabajamos el pluriling\u00fcismo?<\/h2>\n<p>En la etapa de\u00a0<strong>Secundaria<\/strong>\u00a0nuestros alumnos siguen participando de actividades como las de Primaria pero, adem\u00e1s de adaptarlas a su nivel (mayor interacci\u00f3n con los asistentes de conversaci\u00f3n , organizaci\u00f3n de actividades para niveles inferiores\u2026), por primera vez tienen acceso m\u00e1s directo a la lengua y la cultura yendo al extranjero. Es decir, junto a actividades como talleres de ingl\u00e9s, los ex\u00e1menes de Cambridge, el teatro,\u00a0\u00a0las salidas culturales<strong>\u00a0<\/strong>en otros idiomas\u2026 los alumnos participan en Programas de intercambio , de recepci\u00f3n de estudiantes extranjeros y de estancias en otros pa\u00edses.<\/p>\n<p>Estos \u00faltimos a\u00f1os se ha realizado un\u00a0<strong>intercambio con Irlanda<\/strong>\u00a0con estancia en familias, cuya experiencia estamos aprovechando para establecer lazos con\u00a0<strong>otros pa\u00edses para futuros intercambios<\/strong>. \u00a0Incluso hay alumnos que empiezan a mirar m\u00e1s all\u00e1, vocacionalmente y profesionalmente.<\/p>\n<p>[\/et_pb_tab][et_pb_tab title=\u00bbDiversidad\u00bb _builder_version=\u00bb4.16&#8243; body_font=\u00bb||||\u00bb body_text_align=\u00bbleft\u00bb tab_font=\u00bb||||\u00bb global_colors_info=\u00bb{}\u00bb]<\/p>\n<h2>\u00bfC\u00f3mo tratamos la diversidad?<\/h2>\n<p>Nuestro colegio es un\u00a0<strong>espacio abierto<\/strong>, d\u00f3nde tiene cabida todo el mundo y d\u00f3nde la\u00a0<strong>diversidad<\/strong>\u00a0de nuestro alumnado es\u00a0<strong>nuestra riqueza<\/strong>. En nuestro centro se pueden cursar programas como el\u00a0<strong>Programa de Mejora del Rendimiento Acad\u00e9mico<\/strong>\u00a0para\u00a0<strong>3\u00ba de la E.S.O.<\/strong>\u00a0(PMAR 3\u00ba E.S.O.), que ayudar\u00e1 a conseguir los objetivos de la etapa a los alumnos y obtener el\u00a0<strong>t\u00edtulo de la E.S.O.<\/strong> Para ello, contamos con un\u00a0Departamento de Orientaci\u00f3n\u00a0formado,\u00a0en continua\u00a0 coordinaci\u00f3n con los tutores y profesores para dar respuesta a las necesidades del alumnado, sobre todo los alumnos con\u00a0<strong>Necesidades Educativas Especiales (NEE)<\/strong>.<\/p>\n<h2><span style=\"font-size: 14px; color: #494949; font-weight: 400;\">.<\/span><\/h2>\n<p>[\/et_pb_tab][et_pb_tab title=\u00bbInstalaciones\u00bb _builder_version=\u00bb4.16&#8243; body_font=\u00bb||||\u00bb body_text_align=\u00bbleft\u00bb tab_font=\u00bb||||\u00bb global_colors_info=\u00bb{}\u00bb]<\/p>\n<h2>\u00bfCon qu\u00e9 instalaciones contamos?<\/h2>\n<p>Nuestro centro est\u00e1 estructurado en\u00a0<strong>cuatro pabellones<\/strong>\u00a0que albergan las cuatro etapas educativas. <strong>El pabell\u00f3n de Educaci\u00f3n Secundaria es central, en la primera y segunda planta<\/strong>. Cuenta con 14 aulas, despachos de direcci\u00f3n, de jefatura de estudios, de Pastoral, sala de profesores, aula de apoyo, patios, aseos y aulas de ordenadores. Los alumnos de esta etapa tambi\u00e9n utilizan\u00a0<strong>otras instalaciones que comparten con el resto del colegio<\/strong>: teatro, iglesia, cafeter\u00eda, comedor, biblioteca y pistas deportivas<\/p>\n<p>[\/et_pb_tab][et_pb_tab title=\u00bbFamilias\u00bb _builder_version=\u00bb4.16&#8243; body_font=\u00bb||||\u00bb body_text_align=\u00bbleft\u00bb tab_font=\u00bb||||\u00bb global_colors_info=\u00bb{}\u00bb]<\/p>\n<h2>\u00bfC\u00f3mo es la relaci\u00f3n con la familias y el entorno?<\/h2>\n<p>Somos un\u00a0<strong>colegio abierto<\/strong>\u00a0a la comunidad, tanto a las familias como a nuestro entorno social e instituciones<\/p>\n<p>A lo largo del curso, tenemos\u00a0<strong>dos reuniones con las familias en grupo<\/strong>: una a principio de curso y otra tras la primera evaluaci\u00f3n. Los tutores est\u00e1n a disposici\u00f3n de las familias para poder atenderlas cada vez que lo solicitan en\u00a0<strong>entrevistas individuales<\/strong>.<\/p>\n<p>La plataforma Qualitas Educativa (Qe) es un instrumento \u00e1gil, r\u00e1pido y efectivo que permite la\u00a0<strong>comunicaci\u00f3n directa con las familias<\/strong>, y tambi\u00e9n a est\u00e1s conocer las\u00a0<strong>incidencias<\/strong>\u00a0que suceden en el centro escolar a diario<\/p>\n<p>[\/et_pb_tab][et_pb_tab title=\u00bbOrganizaci\u00f3n\u00bb _builder_version=\u00bb4.16&#8243; global_colors_info=\u00bb{}\u00bb]<\/p>\n<h2>\u00bfQui\u00e9nes formamos el equipo de la E.S.O. y c\u00f3mo nos organizamos?<\/h2>\n<ul>\n<li><strong>Jefa de Estudios<\/strong>.<\/li>\n<li><strong>Equipo de Coordinaci\u00f3n Pedag\u00f3gica<\/strong>\u00a0\u00a0formada por los\u00a0<strong>Jefes de Departamento<\/strong>\u00a0adem\u00e1s de una\u00a0<strong>coordinadora de Pastoral y de TIC<\/strong>.<\/li>\n<li><strong>Tutores<\/strong>\u00a0(uno por cada clase) y\u00a0<strong>profesores<\/strong>\u00a0de las distintas \u00e1reas<\/li>\n<\/ul>\n<p>[\/et_pb_tab][\/et_pb_tabs][\/et_pb_column][\/et_pb_row][et_pb_row _builder_version=\u00bb4.16&#8243; custom_margin=\u00bb-19px||||false|false\u00bb global_colors_info=\u00bb{}\u00bb][et_pb_column type=\u00bb4_4&#8243; _builder_version=\u00bb4.16&#8243; global_colors_info=\u00bb{}\u00bb][et_pb_text admin_label=\u00bbNoticias de la casa (Texto)\u00bb _builder_version=\u00bb4.18.0&#8243; text_font=\u00bbArial||||\u00bb text_text_color=\u00bb#636a70&#8243; text_font_size=\u00bb22&#8243; text_line_height=\u00bb1.6em\u00bb header_font=\u00bbArial||||\u00bb header_text_color=\u00bb#636a70&#8243; header_font_size=\u00bb46px\u00bb background_size=\u00bbinitial\u00bb background_position=\u00bbtop_left\u00bb background_repeat=\u00bbrepeat\u00bb custom_margin=\u00bb||25px|\u00bb custom_padding=\u00bb|||\u00bb saved_tabs=\u00bball\u00bb global_colors_info=\u00bb{}\u00bb]<\/p>\n<p class=\"\"><strong>Noticias de ESO<\/strong><strong><img loading=\"lazy\" decoding=\"async\" class=\"wp-image-1598 alignleft\" src=\"https:\/\/alicante.salesianos.edu\/wp-content\/uploads\/2017\/03\/Captura-de-pantalla-2017-05-24-a-las-13.27.09.png\" alt=\"\" width=\"29\" height=\"30\" \/><\/strong><\/p>\n<p>[\/et_pb_text][et_pb_blog fullwidth=\u00bboff\u00bb posts_number=\u00bb3&#8243; include_categories=\u00bb19&#8243; meta_date=\u00bbj M, Y\u00bb show_more=\u00bbon\u00bb show_author=\u00bboff\u00bb show_categories=\u00bboff\u00bb use_overlay=\u00bbon\u00bb overlay_icon_color=\u00bb#e02b20&#8243; disabled_on=\u00bboff|on|off\u00bb admin_label=\u00bbUltimas noticias (Blog)\u00bb _builder_version=\u00bb4.20.2&#8243; header_font=\u00bb|on|||\u00bb header_text_color=\u00bb#c9361c\u00bb header_font_size=\u00bb22px\u00bb header_line_height=\u00bb1.2em\u00bb body_font=\u00bb||||\u00bb body_font_size=\u00bb12px\u00bb body_line_height=\u00bb1.5em\u00bb meta_font=\u00bb||on||\u00bb meta_font_size=\u00bb12&#8243; meta_line_height=\u00bb1.5em\u00bb animation_style=\u00bbfold\u00bb body_font_size_last_edited=\u00bboff|\u00bb pagination_font_size_tablet=\u00bb51&#8243; pagination_line_height_tablet=\u00bb2&#8243; border_radii=\u00bbon|20px|20px|20px|20px\u00bb border_width_all=\u00bb0px\u00bb border_color_all_fullwidth=\u00bb#d8d8d8&#8243; use_border_color=\u00bbon\u00bb saved_tabs=\u00bball\u00bb global_colors_info=\u00bb{}\u00bb][\/et_pb_blog][\/et_pb_column][\/et_pb_row][\/et_pb_section]<\/p>\n","protected":false},"excerpt":{"rendered":"<p>Educaci\u00f3n Secundaria Obligatoria: \u00abel futuro comienza hoy, no ma\u00f1ana\u00bb \u00a0En Secundaria tenemos claro que \u00abLa alegr\u00eda abre m\u00e1s puertas que el miedo\u00bb y que \u00abestudiar es creer en uno mismo y en todo lo que a\u00fan pueden llegar a ser\u00bb\u00a0Hola a todos\/as, Soy Jos\u00e9 Mar\u00eda Bautista, profesor de Matem\u00e1ticas y Jefe de Estudios de la [&hellip;]<\/p>\n","protected":false},"author":2,"featured_media":0,"parent":0,"menu_order":0,"comment_status":"closed","ping_status":"closed","template":"","meta":{"_et_pb_use_builder":"on","_et_pb_old_content":"","_et_gb_content_width":"","footnotes":""},"class_list":["post-13894","page","type-page","status-publish","hentry"],"yoast_head":"<!-- This site is optimized with the Yoast SEO plugin v28.3 - https:\/\/yoast.com\/product\/yoast-seo-wordpress\/ -->\n<title>Educaci\u00f3n Secundaria - Colegio Salesiano<\/title>\n<meta name=\"robots\" content=\"index, follow, max-snippet:-1, max-image-preview:large, max-video-preview:-1\" \/>\n<link rel=\"canonical\" href=\"https:\/\/granada.salesianos.edu\/colegio\/eso\/\" \/>\n<meta property=\"og:locale\" content=\"es_ES\" \/>\n<meta property=\"og:type\" content=\"article\" \/>\n<meta property=\"og:title\" content=\"Educaci\u00f3n Secundaria - Colegio Salesiano\" \/>\n<meta property=\"og:description\" content=\"Educaci\u00f3n Secundaria Obligatoria: &quot;el futuro comienza hoy, no ma\u00f1ana&quot; \u00a0En Secundaria tenemos claro que &quot;La alegr\u00eda abre m\u00e1s puertas que el miedo&quot; y que &quot;estudiar es creer en uno mismo y en todo lo que a\u00fan pueden llegar a ser&quot;\u00a0Hola a todos\/as, Soy Jos\u00e9 Mar\u00eda Bautista, profesor de Matem\u00e1ticas y Jefe de Estudios de la [&hellip;]\" \/>\n<meta property=\"og:url\" content=\"https:\/\/granada.salesianos.edu\/colegio\/eso\/\" \/>\n<meta property=\"og:site_name\" content=\"Colegio Salesiano\" \/>\n<meta property=\"article:publisher\" content=\"https:\/\/www.facebook.com\/SalesianosGR\/\" \/>\n<meta property=\"article:modified_time\" content=\"2026-02-02T19:53:18+00:00\" \/>\n<meta property=\"og:image\" content=\"https:\/\/alicante.salesianos.edu\/wp-content\/uploads\/2017\/03\/Captura-de-pantalla-2017-05-24-a-las-13.27.09.png\" \/>\n<meta name=\"twitter:card\" content=\"summary_large_image\" \/>\n<meta name=\"twitter:site\" content=\"@GranadaSDB\" \/>\n<meta name=\"twitter:label1\" content=\"Tiempo de lectura\" \/>\n\t<meta name=\"twitter:data1\" content=\"7 minutos\" \/>\n<script type=\"application\/ld+json\" class=\"yoast-schema-graph\">{\"@context\":\"https:\\\/\\\/schema.org\",\"@graph\":[{\"@type\":\"WebPage\",\"@id\":\"https:\\\/\\\/granada.salesianos.edu\\\/colegio\\\/eso\\\/\",\"url\":\"https:\\\/\\\/granada.salesianos.edu\\\/colegio\\\/eso\\\/\",\"name\":\"Educaci\u00f3n Secundaria - Colegio Salesiano\",\"isPartOf\":{\"@id\":\"https:\\\/\\\/granada.salesianos.edu\\\/colegio\\\/#website\"},\"primaryImageOfPage\":{\"@id\":\"https:\\\/\\\/granada.salesianos.edu\\\/colegio\\\/eso\\\/#primaryimage\"},\"image\":{\"@id\":\"https:\\\/\\\/granada.salesianos.edu\\\/colegio\\\/eso\\\/#primaryimage\"},\"thumbnailUrl\":\"https:\\\/\\\/alicante.salesianos.edu\\\/wp-content\\\/uploads\\\/2017\\\/03\\\/Captura-de-pantalla-2017-05-24-a-las-13.27.09.png\",\"datePublished\":\"2021-06-29T14:59:42+00:00\",\"dateModified\":\"2026-02-02T19:53:18+00:00\",\"breadcrumb\":{\"@id\":\"https:\\\/\\\/granada.salesianos.edu\\\/colegio\\\/eso\\\/#breadcrumb\"},\"inLanguage\":\"es\",\"potentialAction\":[{\"@type\":\"ReadAction\",\"target\":[\"https:\\\/\\\/granada.salesianos.edu\\\/colegio\\\/eso\\\/\"]}]},{\"@type\":\"ImageObject\",\"inLanguage\":\"es\",\"@id\":\"https:\\\/\\\/granada.salesianos.edu\\\/colegio\\\/eso\\\/#primaryimage\",\"url\":\"https:\\\/\\\/alicante.salesianos.edu\\\/wp-content\\\/uploads\\\/2017\\\/03\\\/Captura-de-pantalla-2017-05-24-a-las-13.27.09.png\",\"contentUrl\":\"https:\\\/\\\/alicante.salesianos.edu\\\/wp-content\\\/uploads\\\/2017\\\/03\\\/Captura-de-pantalla-2017-05-24-a-las-13.27.09.png\"},{\"@type\":\"BreadcrumbList\",\"@id\":\"https:\\\/\\\/granada.salesianos.edu\\\/colegio\\\/eso\\\/#breadcrumb\",\"itemListElement\":[{\"@type\":\"ListItem\",\"position\":1,\"name\":\"Portada\",\"item\":\"https:\\\/\\\/granada.salesianos.edu\\\/colegio\\\/\"},{\"@type\":\"ListItem\",\"position\":2,\"name\":\"Educaci\u00f3n Secundaria\"}]},{\"@type\":\"WebSite\",\"@id\":\"https:\\\/\\\/granada.salesianos.edu\\\/colegio\\\/#website\",\"url\":\"https:\\\/\\\/granada.salesianos.edu\\\/colegio\\\/\",\"name\":\"Colegio Salesiano\",\"description\":\"P\u00e1gina oficial de Salesianos Granada San Juan Bosco\",\"publisher\":{\"@id\":\"https:\\\/\\\/granada.salesianos.edu\\\/colegio\\\/#organization\"},\"potentialAction\":[{\"@type\":\"SearchAction\",\"target\":{\"@type\":\"EntryPoint\",\"urlTemplate\":\"https:\\\/\\\/granada.salesianos.edu\\\/colegio\\\/?s={search_term_string}\"},\"query-input\":{\"@type\":\"PropertyValueSpecification\",\"valueRequired\":true,\"valueName\":\"search_term_string\"}}],\"inLanguage\":\"es\"},{\"@type\":\"Organization\",\"@id\":\"https:\\\/\\\/granada.salesianos.edu\\\/colegio\\\/#organization\",\"name\":\"Colegio Salesiano San Juan Bosco Granada\",\"url\":\"https:\\\/\\\/granada.salesianos.edu\\\/colegio\\\/\",\"logo\":{\"@type\":\"ImageObject\",\"inLanguage\":\"es\",\"@id\":\"https:\\\/\\\/granada.salesianos.edu\\\/colegio\\\/#\\\/schema\\\/logo\\\/image\\\/\",\"url\":\"https:\\\/\\\/granada.salesianos.edu\\\/colegio\\\/wp-content\\\/uploads\\\/sites\\\/2\\\/2021\\\/01\\\/GRANADAobraVN2.jpg\",\"contentUrl\":\"https:\\\/\\\/granada.salesianos.edu\\\/colegio\\\/wp-content\\\/uploads\\\/sites\\\/2\\\/2021\\\/01\\\/GRANADAobraVN2.jpg\",\"width\":2113,\"height\":1894,\"caption\":\"Colegio Salesiano San Juan Bosco Granada\"},\"image\":{\"@id\":\"https:\\\/\\\/granada.salesianos.edu\\\/colegio\\\/#\\\/schema\\\/logo\\\/image\\\/\"},\"sameAs\":[\"https:\\\/\\\/www.facebook.com\\\/SalesianosGR\\\/\",\"https:\\\/\\\/x.com\\\/GranadaSDB\",\"https:\\\/\\\/www.instagram.com\\\/salesianosgranada\\\/\",\"https:\\\/\\\/www.youtube.com\\\/channel\\\/UChkpZuhCf4Y5rYIcFT3CNxw?view_as=subscriber\"]}]}<\/script>\n<!-- \/ Yoast SEO plugin. -->","yoast_head_json":{"title":"Educaci\u00f3n Secundaria - Colegio Salesiano","robots":{"index":"index","follow":"follow","max-snippet":"max-snippet:-1","max-image-preview":"max-image-preview:large","max-video-preview":"max-video-preview:-1"},"canonical":"https:\/\/granada.salesianos.edu\/colegio\/eso\/","og_locale":"es_ES","og_type":"article","og_title":"Educaci\u00f3n Secundaria - Colegio Salesiano","og_description":"Educaci\u00f3n Secundaria Obligatoria: \"el futuro comienza hoy, no ma\u00f1ana\" \u00a0En Secundaria tenemos claro que \"La alegr\u00eda abre m\u00e1s puertas que el miedo\" y que \"estudiar es creer en uno mismo y en todo lo que a\u00fan pueden llegar a ser\"\u00a0Hola a todos\/as, Soy Jos\u00e9 Mar\u00eda Bautista, profesor de Matem\u00e1ticas y Jefe de Estudios de la [&hellip;]","og_url":"https:\/\/granada.salesianos.edu\/colegio\/eso\/","og_site_name":"Colegio Salesiano","article_publisher":"https:\/\/www.facebook.com\/SalesianosGR\/","article_modified_time":"2026-02-02T19:53:18+00:00","og_image":[{"url":"https:\/\/alicante.salesianos.edu\/wp-content\/uploads\/2017\/03\/Captura-de-pantalla-2017-05-24-a-las-13.27.09.png","type":"","width":"","height":""}],"twitter_card":"summary_large_image","twitter_site":"@GranadaSDB","twitter_misc":{"Tiempo de lectura":"7 minutos"},"schema":{"@context":"https:\/\/schema.org","@graph":[{"@type":"WebPage","@id":"https:\/\/granada.salesianos.edu\/colegio\/eso\/","url":"https:\/\/granada.salesianos.edu\/colegio\/eso\/","name":"Educaci\u00f3n Secundaria - Colegio Salesiano","isPartOf":{"@id":"https:\/\/granada.salesianos.edu\/colegio\/#website"},"primaryImageOfPage":{"@id":"https:\/\/granada.salesianos.edu\/colegio\/eso\/#primaryimage"},"image":{"@id":"https:\/\/granada.salesianos.edu\/colegio\/eso\/#primaryimage"},"thumbnailUrl":"https:\/\/alicante.salesianos.edu\/wp-content\/uploads\/2017\/03\/Captura-de-pantalla-2017-05-24-a-las-13.27.09.png","datePublished":"2021-06-29T14:59:42+00:00","dateModified":"2026-02-02T19:53:18+00:00","breadcrumb":{"@id":"https:\/\/granada.salesianos.edu\/colegio\/eso\/#breadcrumb"},"inLanguage":"es","potentialAction":[{"@type":"ReadAction","target":["https:\/\/granada.salesianos.edu\/colegio\/eso\/"]}]},{"@type":"ImageObject","inLanguage":"es","@id":"https:\/\/granada.salesianos.edu\/colegio\/eso\/#primaryimage","url":"https:\/\/alicante.salesianos.edu\/wp-content\/uploads\/2017\/03\/Captura-de-pantalla-2017-05-24-a-las-13.27.09.png","contentUrl":"https:\/\/alicante.salesianos.edu\/wp-content\/uploads\/2017\/03\/Captura-de-pantalla-2017-05-24-a-las-13.27.09.png"},{"@type":"BreadcrumbList","@id":"https:\/\/granada.salesianos.edu\/colegio\/eso\/#breadcrumb","itemListElement":[{"@type":"ListItem","position":1,"name":"Portada","item":"https:\/\/granada.salesianos.edu\/colegio\/"},{"@type":"ListItem","position":2,"name":"Educaci\u00f3n Secundaria"}]},{"@type":"WebSite","@id":"https:\/\/granada.salesianos.edu\/colegio\/#website","url":"https:\/\/granada.salesianos.edu\/colegio\/","name":"Colegio Salesiano","description":"P\u00e1gina oficial de Salesianos Granada San Juan Bosco","publisher":{"@id":"https:\/\/granada.salesianos.edu\/colegio\/#organization"},"potentialAction":[{"@type":"SearchAction","target":{"@type":"EntryPoint","urlTemplate":"https:\/\/granada.salesianos.edu\/colegio\/?s={search_term_string}"},"query-input":{"@type":"PropertyValueSpecification","valueRequired":true,"valueName":"search_term_string"}}],"inLanguage":"es"},{"@type":"Organization","@id":"https:\/\/granada.salesianos.edu\/colegio\/#organization","name":"Colegio Salesiano San Juan Bosco Granada","url":"https:\/\/granada.salesianos.edu\/colegio\/","logo":{"@type":"ImageObject","inLanguage":"es","@id":"https:\/\/granada.salesianos.edu\/colegio\/#\/schema\/logo\/image\/","url":"https:\/\/granada.salesianos.edu\/colegio\/wp-content\/uploads\/sites\/2\/2021\/01\/GRANADAobraVN2.jpg","contentUrl":"https:\/\/granada.salesianos.edu\/colegio\/wp-content\/uploads\/sites\/2\/2021\/01\/GRANADAobraVN2.jpg","width":2113,"height":1894,"caption":"Colegio Salesiano San Juan Bosco Granada"},"image":{"@id":"https:\/\/granada.salesianos.edu\/colegio\/#\/schema\/logo\/image\/"},"sameAs":["https:\/\/www.facebook.com\/SalesianosGR\/","https:\/\/x.com\/GranadaSDB","https:\/\/www.instagram.com\/salesianosgranada\/","https:\/\/www.youtube.com\/channel\/UChkpZuhCf4Y5rYIcFT3CNxw?view_as=subscriber"]}]}},"_links":{"self":[{"href":"https:\/\/granada.salesianos.edu\/colegio\/wp-json\/wp\/v2\/pages\/13894","targetHints":{"allow":["GET"]}}],"collection":[{"href":"https:\/\/granada.salesianos.edu\/colegio\/wp-json\/wp\/v2\/pages"}],"about":[{"href":"https:\/\/granada.salesianos.edu\/colegio\/wp-json\/wp\/v2\/types\/page"}],"author":[{"embeddable":true,"href":"https:\/\/granada.salesianos.edu\/colegio\/wp-json\/wp\/v2\/users\/2"}],"replies":[{"embeddable":true,"href":"https:\/\/granada.salesianos.edu\/colegio\/wp-json\/wp\/v2\/comments?post=13894"}],"version-history":[{"count":82,"href":"https:\/\/granada.salesianos.edu\/colegio\/wp-json\/wp\/v2\/pages\/13894\/revisions"}],"predecessor-version":[{"id":115464,"href":"https:\/\/granada.salesianos.edu\/colegio\/wp-json\/wp\/v2\/pages\/13894\/revisions\/115464"}],"wp:attachment":[{"href":"https:\/\/granada.salesianos.edu\/colegio\/wp-json\/wp\/v2\/media?parent=13894"}],"curies":[{"name":"wp","href":"https:\/\/api.w.org\/{rel}","templated":true}]}}