{"id":13913,"date":"2021-06-29T16:52:51","date_gmt":"2021-06-29T14:52:51","guid":{"rendered":"https:\/\/granada.salesianos.edu\/colegio\/?page_id=13913"},"modified":"2025-11-12T16:37:47","modified_gmt":"2025-11-12T14:37:47","slug":"pastoral","status":"publish","type":"page","link":"https:\/\/granada.salesianos.edu\/colegio\/pastoral\/","title":{"rendered":"Pastoral Escolar"},"content":{"rendered":"<div id=\"fb-root\"><\/div>\n<p>[et_pb_section fb_built=\u00bb1&#8243; fullwidth=\u00bbon\u00bb next_background_color=\u00bb#ffffff\u00bb _builder_version=\u00bb4.27.4&#8243; background_image=\u00bbhttps:\/\/granada.salesianos.edu\/colegio\/wp-content\/uploads\/sites\/2\/2020\/02\/fondo_novedades_web.png\u00bb bottom_divider_style=\u00bbasymmetric2&#8243; global_module=\u00bb20660&#8243; saved_tabs=\u00bball\u00bb global_colors_info=\u00bb{}\u00bb][et_pb_fullwidth_header title=\u00bb@ET-DC@eyJkeW5hbWljIjp0cnVlLCJjb250ZW50IjoicG9zdF90aXRsZSIsInNldHRpbmdzIjp7ImJlZm9yZSI6IiIsImFmdGVyIjoiIn19@\u00bb title_font_color=\u00bb#ffffff\u00bb content_max_width_tablet=\u00bb88%\u00bb content_max_width_phone=\u00bb79%\u00bb content_max_width_last_edited=\u00bbon|phone\u00bb module_class=\u00bbpagina-imagen-cabecera\u00bb _builder_version=\u00bb4.27.4&#8243; _dynamic_attributes=\u00bbtitle\u00bb title_text_color=\u00bb#ffffff\u00bb title_font_size=\u00bb40px\u00bb background_color=\u00bbrgba(255, 255, 255, 0)\u00bb background_enable_image=\u00bboff\u00bb background_position=\u00bbbottom_left\u00bb transform_translate=\u00bb91px|91px\u00bb max_width_tablet=\u00bb50px\u00bb min_height=\u00bb329px\u00bb custom_padding=\u00bb||127px|||\u00bb background_url=\u00bbhttps:\/\/alicante.salesianos.edu\/colegio\/wp-content\/uploads\/sites\/2\/2017\/03\/Captura-de-pantalla-2017-03-21-a-las-17.25.56.png\u00bb global_colors_info=\u00bb{}\u00bb button_one_text_size__hover_enabled=\u00bboff\u00bb button_one_text_size__hover=\u00bbnull\u00bb button_two_text_size__hover_enabled=\u00bboff\u00bb button_two_text_size__hover=\u00bbnull\u00bb button_one_text_color__hover_enabled=\u00bboff\u00bb button_one_text_color__hover=\u00bbnull\u00bb button_two_text_color__hover_enabled=\u00bboff\u00bb button_two_text_color__hover=\u00bbnull\u00bb button_one_border_width__hover_enabled=\u00bboff\u00bb button_one_border_width__hover=\u00bbnull\u00bb button_two_border_width__hover_enabled=\u00bboff\u00bb button_two_border_width__hover=\u00bbnull\u00bb button_one_border_color__hover_enabled=\u00bboff\u00bb button_one_border_color__hover=\u00bbnull\u00bb button_two_border_color__hover_enabled=\u00bboff\u00bb button_two_border_color__hover=\u00bbnull\u00bb button_one_border_radius__hover_enabled=\u00bboff\u00bb button_one_border_radius__hover=\u00bbnull\u00bb button_two_border_radius__hover_enabled=\u00bboff\u00bb button_two_border_radius__hover=\u00bbnull\u00bb button_one_letter_spacing__hover_enabled=\u00bboff\u00bb button_one_letter_spacing__hover=\u00bbnull\u00bb button_two_letter_spacing__hover_enabled=\u00bboff\u00bb button_two_letter_spacing__hover=\u00bbnull\u00bb button_one_bg_color__hover_enabled=\u00bboff\u00bb button_one_bg_color__hover=\u00bbnull\u00bb button_two_bg_color__hover_enabled=\u00bboff\u00bb button_two_bg_color__hover=\u00bbnull\u00bb][\/et_pb_fullwidth_header][\/et_pb_section][et_pb_section fb_built=\u00bb1&#8243; module_class=\u00bbpagina-seccion-contenido\u00bb _builder_version=\u00bb4.16&#8243; min_height=\u00bb1671.4px\u00bb custom_margin=\u00bb-61px|||||\u00bb custom_padding=\u00bb0%|||\u00bb global_colors_info=\u00bb{}\u00bb][et_pb_row _builder_version=\u00bb4.16&#8243; width=\u00bb100%\u00bb min_height=\u00bb321px\u00bb custom_margin=\u00bb77px|89px||224px|false|false\u00bb custom_padding=\u00bb0px|98px|88px|||\u00bb global_colors_info=\u00bb{}\u00bb][et_pb_column type=\u00bb4_4&#8243; _builder_version=\u00bb4.16&#8243; custom_padding=\u00bb|||\u00bb global_colors_info=\u00bb{}\u00bb custom_padding__hover=\u00bb|||\u00bb][et_pb_text _builder_version=\u00bb4.16&#8243; width_tablet=\u00bb87%\u00bb width_phone=\u00bb81%\u00bb width_last_edited=\u00bbon|phone\u00bb custom_margin=\u00bb19px|-74px|14px|-142px|false|false\u00bb custom_padding=\u00bb10px|||4px||\u00bb global_colors_info=\u00bb{}\u00bb]<\/p>\n<p style=\"text-align: center;\"><span style=\"color: #4f4b4b;\"><span style=\"font-size: 32px;\"><b>EDUCAMOS CON EL CORAZ\u00d3N\u00a0<\/b><\/span><\/span><\/p>\n<p>&nbsp;<\/p>\n<p>[\/et_pb_text][et_pb_text content_tablet=\u00bb<\/p>\n<h3 style=%22text-align: center;%22><strong><span style=%22color: #808080;%22><em>El alumnado que est\u00e9 dentro de la modalidad de formaci\u00f3n Dual podr\u00e1 realizar su aprendizaje en el colegio y en centros de trabajo<\/em><\/span><\/strong><\/h3>\n<p>\u00bb content_phone=\u00bb\u00bb content_last_edited=\u00bbon|phone\u00bb _builder_version=\u00bb4.16&#8243; width_tablet=\u00bb73%\u00bb width_phone=\u00bb63%\u00bb width_last_edited=\u00bbon|phone\u00bb custom_margin=\u00bb-51px|||-60px|false|false\u00bb custom_margin_tablet=\u00bb|||-105px|false|false\u00bb custom_margin_phone=\u00bb-52px|||-123px|false|false\u00bb custom_margin_last_edited=\u00bbon|tablet\u00bb global_colors_info=\u00bb{}\u00bb]<\/p>\n<h3 style=\"text-align: center;\"><strong><span style=\"color: #808080;\"><em>La Pastoral es un elemento imprescindible en la educaci\u00f3n de lo j\u00f3venes.\u00a0<\/em><\/span><\/strong><\/h3>\n<p>&nbsp;<\/p>\n<p>[\/et_pb_text][et_pb_divider divider_weight=\u00bb2px\u00bb _builder_version=\u00bb4.16&#8243; width=\u00bb66%\u00bb min_height=\u00bb0px\u00bb custom_margin=\u00bb-26px|||135px|false|false\u00bb custom_margin_tablet=\u00bb-26px|||-89px|false|false\u00bb custom_margin_phone=\u00bb|||-140px|false|false\u00bb custom_margin_last_edited=\u00bbon|phone\u00bb global_colors_info=\u00bb{}\u00bb][\/et_pb_divider][et_pb_testimonial author=\u00bbDon Pepe Domingo\u00bb job_title=\u00bbDirector Titular de la Casa\u00bb portrait_url=\u00bbhttps:\/\/granada.salesianos.edu\/colegio\/wp-content\/uploads\/sites\/2\/2025\/09\/WhatsApp-Image-2025-09-02-at-13.40.52.jpeg\u00bb _builder_version=\u00bb4.27.4&#8243; background_size=\u00bbinitial\u00bb background_position=\u00bbtop_left\u00bb background_repeat=\u00bbrepeat\u00bb text_orientation=\u00bbjustified\u00bb custom_margin=\u00bb|||-63px|false|false\u00bb custom_padding=\u00bb35px|64px||||\u00bb box_shadow_style=\u00bbpreset3&#8243; border_style=\u00bbsolid\u00bb locked=\u00bboff\u00bb global_colors_info=\u00bb{}\u00bb]<\/p>\n<h2>\u00bfQu\u00e9 es la pastoral?<\/h2>\n<p>Si est\u00e1s en este espacio, imagino que te preguntar\u00e1s qu\u00e9 es la pastoral escolar y el valor que tiene en nuestro colegio.<\/p>\n<p>La pastoral en el colegio ser\u00eda como\u00a0<strong>el sabor que le ponemos a todo<\/strong>\u00a0lo que hacemos, somos, pensamos, creemos y so\u00f1amos.\u00a0Un sabor, que va m\u00e1s all\u00e1 del sabor mismo y del saber, ya que lo que queremos conseguir es\u00a0<strong>hacer realidad el gran sue\u00f1o de Don Bosco<\/strong>\u00a0en nuestro colegio.<\/p>\n<p>Acompa\u00f1ar a nuestros chicos y chicas, a nuestro alumnado, en su\u00a0<strong>proceso de maduraci\u00f3n personal y en la fe<\/strong>, ayudarles a descubrir la bondad de Dios que llevan dentro. Ese es el sentido.<\/p>\n<p>Queremos\u00a0<strong>acompa\u00f1ar<\/strong>\u00a0a nuestros alumnos en esta aventura de crecer y descubrir que esa bondad se hace grande cuando se pone al servicio de los dem\u00e1s, especialmente de\u00a0<strong>aquellos que m\u00e1s lo necesitan<\/strong>. Una bondad que se da y se regala al estilo de\u00a0<strong>Jes\u00fas de Nazaret<\/strong>.<\/p>\n<p>En palabras de Don Bosco, la pastoral en el colegio ser\u00eda acompa\u00f1ar a nuestros alumnos en ser\u00a0<strong>\u201cbuenos cristianos y honrados ciudadanos\u201d<\/strong>.<\/p>\n<p>[\/et_pb_testimonial][\/et_pb_column][\/et_pb_row][et_pb_row _builder_version=\u00bb4.16&#8243; custom_margin=\u00bb-100px||||false|false\u00bb global_colors_info=\u00bb{}\u00bb][et_pb_column type=\u00bb4_4&#8243; _builder_version=\u00bb4.16&#8243; global_colors_info=\u00bb{}\u00bb][et_pb_text _builder_version=\u00bb4.16&#8243; custom_margin=\u00bb10px||||false|false\u00bb global_colors_info=\u00bb{}\u00bb]<\/p>\n<h4 style=\"text-align: center;\"><span style=\"font-size: x-large;\"><strong><span style=\"color: #4f4b4b;\">NUESTROS PUNTOS FUERTES<\/span><\/strong><\/span><span style=\"font-size: 14px; text-align: left; color: #494949; font-weight: 400;\">\u00a0<\/span><\/h4>\n<h3 style=\"text-align: center;\"><strong><span style=\"color: #808080;\"><em>La Pastoral es un elemento imprescindible en la educaci\u00f3n de lo j\u00f3venes.\u00a0<\/em><\/span><\/strong><\/h3>\n<h4 style=\"text-align: center;\">\u00a0<\/h4>\n<p>&nbsp;<\/p>\n<h4>\u00a0<\/h4>\n<p>&nbsp;<\/p>\n<p>[\/et_pb_text][et_pb_divider divider_weight=\u00bb2px\u00bb _builder_version=\u00bb4.16&#8243; width=\u00bb65%\u00bb module_alignment=\u00bbcenter\u00bb custom_margin=\u00bb-99px||||false|false\u00bb global_colors_info=\u00bb{}\u00bb][\/et_pb_divider][\/et_pb_column][\/et_pb_row][et_pb_row column_structure=\u00bb1_4,1_4,1_4,1_4&#8243; _builder_version=\u00bb4.16&#8243; background_color=\u00bb#f4f4f4&#8243; background_size=\u00bbinitial\u00bb background_position=\u00bbtop_left\u00bb background_repeat=\u00bbrepeat\u00bb min_height=\u00bb104.4px\u00bb custom_margin=\u00bb-9px|auto||auto|false|false\u00bb custom_padding=\u00bb27px||0px|||\u00bb border_radii=\u00bbon|5px|5px|5px|5px\u00bb locked=\u00bboff\u00bb global_colors_info=\u00bb{}\u00bb][et_pb_column type=\u00bb1_4&#8243; _builder_version=\u00bb4.16&#8243; custom_padding=\u00bb|||\u00bb global_colors_info=\u00bb{}\u00bb custom_padding__hover=\u00bb|||\u00bb][et_pb_blurb title=\u00bbProceso de Interioridad y oraci\u00f3n\u00bb use_icon=\u00bbon\u00bb font_icon=\u00bb&#xe08a;||divi||400&#8243; _builder_version=\u00bb4.16&#8243; header_text_align=\u00bbcenter\u00bb global_colors_info=\u00bb{}\u00bb][\/et_pb_blurb][\/et_pb_column][et_pb_column type=\u00bb1_4&#8243; _builder_version=\u00bb4.16&#8243; custom_padding=\u00bb|||\u00bb global_colors_info=\u00bb{}\u00bb custom_padding__hover=\u00bb|||\u00bb][et_pb_blurb title=\u00bbEducaci\u00f3n cristiana y en valores\u00bb use_icon=\u00bbon\u00bb font_icon=\u00bb&#xe089;||divi||400&#8243; _builder_version=\u00bb4.16&#8243; header_text_align=\u00bbcenter\u00bb global_colors_info=\u00bb{}\u00bb][\/et_pb_blurb][\/et_pb_column][et_pb_column type=\u00bb1_4&#8243; _builder_version=\u00bb4.16&#8243; custom_padding=\u00bb|||\u00bb global_colors_info=\u00bb{}\u00bb custom_padding__hover=\u00bb|||\u00bb][et_pb_blurb title=\u00bbLa vida entendida como compromiso\u00bb use_icon=\u00bbon\u00bb font_icon=\u00bb&#xe08b;||divi||400&#8243; _builder_version=\u00bb4.16&#8243; text_orientation=\u00bbcenter\u00bb global_colors_info=\u00bb{}\u00bb][\/et_pb_blurb][\/et_pb_column][et_pb_column type=\u00bb1_4&#8243; _builder_version=\u00bb4.16&#8243; custom_padding=\u00bb|||\u00bb global_colors_info=\u00bb{}\u00bb custom_padding__hover=\u00bb|||\u00bb][et_pb_blurb title=\u00bbNUESTRO LEMA\u00bb url=\u00bbhttps:\/\/www.salesianos.edu\/somosuno\/presentacion\/\u00bb use_icon=\u00bbon\u00bb font_icon=\u00bb&#xe033;||divi||400&#8243; _builder_version=\u00bb4.16&#8243; header_text_align=\u00bbcenter\u00bb global_colors_info=\u00bb{}\u00bb][\/et_pb_blurb][\/et_pb_column][\/et_pb_row][et_pb_row _builder_version=\u00bb4.16&#8243; custom_margin=\u00bb33px||||false|false\u00bb global_colors_info=\u00bb{}\u00bb][et_pb_column type=\u00bb4_4&#8243; _builder_version=\u00bb4.16&#8243; global_colors_info=\u00bb{}\u00bb][et_pb_text _builder_version=\u00bb4.16&#8243; custom_margin=\u00bb-16px||||false|false\u00bb global_colors_info=\u00bb{}\u00bb]<\/p>\n<h4 style=\"text-align: center;\"><span style=\"text-align: left;\"><span style=\"color: #4f4b4b; font-size: x-large;\"><b>NUESTRO EQUIPO DE PASTORAL<\/b><\/span><\/span><span style=\"color: #494949; font-size: 14px; text-align: left;\">\u00a0<\/span><\/h4>\n<h3 style=\"text-align: center;\">\u00a0<\/h3>\n<h4 style=\"text-align: center;\">\u00a0<\/h4>\n<p>&nbsp;<\/p>\n<h4>\u00a0<\/h4>\n<p>&nbsp;<\/p>\n<p>[\/et_pb_text][et_pb_divider divider_weight=\u00bb2px\u00bb _builder_version=\u00bb4.16&#8243; width=\u00bb65%\u00bb module_alignment=\u00bbcenter\u00bb custom_margin=\u00bb-121px||57px||false|false\u00bb global_colors_info=\u00bb{}\u00bb][\/et_pb_divider][\/et_pb_column][\/et_pb_row][et_pb_row _builder_version=\u00bb4.16&#8243; global_colors_info=\u00bb{}\u00bb][et_pb_column type=\u00bb4_4&#8243; _builder_version=\u00bb4.16&#8243; global_colors_info=\u00bb{}\u00bb][et_pb_text _builder_version=\u00bb4.16&#8243; custom_margin=\u00bb-81px||||false|false\u00bb global_colors_info=\u00bb{}\u00bb]<\/p>\n<p>El\u00a0<strong>Equipo de Pastoral Escolar (EPE) <\/strong>est\u00e1 formado por un coordinador por etapa y, junto con el claustro y el alumnado, son los encargados de dise\u00f1ar esta gran aventura de crecer y acompa\u00f1ar.<\/p>\n<p>Entendemos la Pastoral como un <strong>proceso<\/strong> donde nuestro alumnado es el protagonista. Es aqu\u00ed donde cobra importancia la\u00a0figura de los <strong>Delegados de Pastoral, <\/strong>formado por un alumno\/a de cada curso. La <strong>Comisi\u00f3n de Delegados de Pastoral, <\/strong>junto al <strong>Equipo de Pastoral Escolar<\/strong>, son los encargados de animar en cada etapa.\u00a0<\/p>\n<p>&nbsp;<\/p>\n<p>[\/et_pb_text][\/et_pb_column][\/et_pb_row][et_pb_row column_structure=\u00bb1_2,1_2&#8243; _builder_version=\u00bb4.16&#8243; global_colors_info=\u00bb{}\u00bb][et_pb_column type=\u00bb1_2&#8243; _builder_version=\u00bb4.16&#8243; global_colors_info=\u00bb{}\u00bb][et_pb_image src=\u00bbhttps:\/\/granada.salesianos.edu\/colegio\/wp-content\/uploads\/sites\/2\/2025\/09\/WhatsApp-Image-2025-09-17-at-08.31.03.jpeg\u00bb title_text=\u00bbWhatsApp Image 2025-09-17 at 08.31.03&#8243; _builder_version=\u00bb4.27.4&#8243; _module_preset=\u00bbdefault\u00bb global_colors_info=\u00bb{}\u00bb][\/et_pb_image][\/et_pb_column][et_pb_column type=\u00bb1_2&#8243; _builder_version=\u00bb4.16&#8243; global_colors_info=\u00bb{}\u00bb][et_pb_text _builder_version=\u00bb4.27.4&#8243; hover_enabled=\u00bb0&#8243; global_colors_info=\u00bb{}\u00bb sticky_enabled=\u00bb0&#8243;]<\/p>\n<h1>\u00a0<\/h1>\n<h2>El Equipo de Pastoral Escolar (EPE) esta compuesto por:<\/h2>\n<ul>\n<li>Paloma Exp\u00f3sito. Coordinadora de Pastoral del Centro y Coordinadora de Pastoral de Bachillerato.<\/li>\n<li>Don Pepe Domingo: Director Titular de Centro<\/li>\n<li>Bernab\u00e9 Arjona. Coordinador Pastoral local y coordinador Pastoral ESO<\/li>\n<li>Javier Alonso.<\/li>\n<li>Noelia Fern\u00e1ndez. Coordinadora de Pastoral de Ciclos Formativos y FPB.<\/li>\n<li>Daniel Pareja. Coordinador de Pastoral de Primaria.<\/li>\n<li>Roc\u00edo Hidalgo Caba. Coordinadora de Pastoral de Infantil.<\/li>\n<\/ul>\n<p>[\/et_pb_text][\/et_pb_column][\/et_pb_row][et_pb_row _builder_version=\u00bb4.16&#8243; custom_margin=\u00bb28px||||false|false\u00bb global_colors_info=\u00bb{}\u00bb][et_pb_column type=\u00bb4_4&#8243; _builder_version=\u00bb4.16&#8243; global_colors_info=\u00bb{}\u00bb][et_pb_text _builder_version=\u00bb4.16&#8243; min_height=\u00bb105px\u00bb custom_margin=\u00bb-28px||-189px||false|false\u00bb custom_padding=\u00bb0px|||||\u00bb global_colors_info=\u00bb{}\u00bb]<\/p>\n<h4 style=\"text-align: center;\"><span style=\"text-align: left;\"><span style=\"color: #4f4b4b; font-size: x-large;\"><b>ACTIVIDADES QUE LLEVAMOS A CABO <\/b><\/span><\/span><\/h4>\n<h4 style=\"text-align: center;\">\u00a0<\/h4>\n<p>&nbsp;<\/p>\n<h4>\u00a0<\/h4>\n<p>&nbsp;<\/p>\n<p>[\/et_pb_text][et_pb_divider divider_weight=\u00bb2px\u00bb _builder_version=\u00bb4.16&#8243; width=\u00bb65%\u00bb module_alignment=\u00bbcenter\u00bb min_height=\u00bb6px\u00bb custom_margin=\u00bb-55px||41px||false|false\u00bb custom_padding=\u00bb85px||||false|false\u00bb global_colors_info=\u00bb{}\u00bb][\/et_pb_divider][\/et_pb_column][\/et_pb_row][et_pb_row column_structure=\u00bb1_4,1_4,1_4,1_4&#8243; _builder_version=\u00bb4.16&#8243; width=\u00bb69%\u00bb max_width=\u00bb1239px\u00bb min_height=\u00bb765px\u00bb height=\u00bb782px\u00bb max_height=\u00bb1000px\u00bb custom_margin=\u00bb-121px||||false|false\u00bb global_colors_info=\u00bb{}\u00bb][et_pb_column type=\u00bb1_4&#8243; _builder_version=\u00bb4.16&#8243; global_colors_info=\u00bb{}\u00bb][et_pb_blurb title=\u00bbBUENOS D\u00cdAS\u00bb use_icon=\u00bbon\u00bb font_icon=\u00bb&#xe033;||divi||400&#8243; image_icon_width=\u00bb120px\u00bb _builder_version=\u00bb4.16&#8243; header_text_align=\u00bbcenter\u00bb body_text_align=\u00bbcenter\u00bb custom_margin=\u00bb36px||||false|false\u00bb icon_font_size=\u00bb120px\u00bb global_colors_info=\u00bb{}\u00bb]<\/p>\n<p>Comenzamos el d\u00eda con una sonrisa, con un buen pensamiento, una oraci\u00f3n.<\/p>\n<p>[\/et_pb_blurb][\/et_pb_column][et_pb_column type=\u00bb1_4&#8243; _builder_version=\u00bb4.16&#8243; global_colors_info=\u00bb{}\u00bb][et_pb_blurb title=\u00bbTUTOR\u00cdAS Y CONVIVENCIAS\u00bb use_icon=\u00bbon\u00bb font_icon=\u00bb&#x77;||divi||400&#8243; image_icon_width=\u00bb120px\u00bb _builder_version=\u00bb4.16&#8243; header_text_align=\u00bbcenter\u00bb body_text_align=\u00bbcenter\u00bb custom_margin=\u00bb36px||||false|false\u00bb icon_font_size=\u00bb120px\u00bb global_colors_info=\u00bb{}\u00bb]<\/p>\n<p>Elegimos momentos en los que cuidamos y trabajamos los valores que queremos transmitir.<\/p>\n<p>[\/et_pb_blurb][\/et_pb_column][et_pb_column type=\u00bb1_4&#8243; _builder_version=\u00bb4.16&#8243; global_colors_info=\u00bb{}\u00bb][et_pb_blurb title=\u00bbAPRENDIZAJE Y SERVICIO\u00bb use_icon=\u00bbon\u00bb font_icon=\u00bb&#xe035;||divi||400&#8243; image_icon_width=\u00bb120px\u00bb _builder_version=\u00bb4.16&#8243; header_text_align=\u00bbcenter\u00bb custom_margin=\u00bb36px||||false|false\u00bb icon_font_size=\u00bb120px\u00bb global_colors_info=\u00bb{}\u00bb]<\/p>\n<p>Una manera de aprender desde el servicio a los dem\u00e1s.<\/p>\n<p>[\/et_pb_blurb][\/et_pb_column][et_pb_column type=\u00bb1_4&#8243; _builder_version=\u00bb4.16&#8243; global_colors_info=\u00bb{}\u00bb][et_pb_blurb title=\u00bbVOLUNTARIADO\u00bb use_icon=\u00bbon\u00bb font_icon=\u00bb&#xe028;||divi||400&#8243; image_icon_width=\u00bb120px\u00bb _builder_version=\u00bb4.16&#8243; header_text_align=\u00bbcenter\u00bb body_text_align=\u00bbcenter\u00bb custom_margin=\u00bb36px||||false|false\u00bb icon_font_size=\u00bb120px\u00bb global_colors_info=\u00bb{}\u00bb]<\/p>\n<p>Fomentamos la solidaridad, la entrega a los dem\u00e1s y el descubrimiento de la propia vocaci\u00f3n.<\/p>\n<p>[\/et_pb_blurb][\/et_pb_column][\/et_pb_row][et_pb_row column_structure=\u00bb1_4,1_4,1_4,1_4&#8243; _builder_version=\u00bb4.16&#8243; width=\u00bb69%\u00bb max_width=\u00bb1239px\u00bb min_height=\u00bb765px\u00bb height=\u00bb782px\u00bb max_height=\u00bb1000px\u00bb custom_margin=\u00bb-402px||||false|false\u00bb global_colors_info=\u00bb{}\u00bb][et_pb_column type=\u00bb1_4&#8243; _builder_version=\u00bb4.16&#8243; global_colors_info=\u00bb{}\u00bb][et_pb_blurb title=\u00bbCAMPA\u00d1AS SOLIDARIAS\u00bb use_icon=\u00bbon\u00bb font_icon=\u00bb&#xe008;||divi||400&#8243; image_icon_width=\u00bb120px\u00bb _builder_version=\u00bb4.16&#8243; header_text_align=\u00bbcenter\u00bb body_text_align=\u00bbcenter\u00bb custom_margin=\u00bb36px||||false|false\u00bb icon_font_size=\u00bb120px\u00bb global_colors_info=\u00bb{}\u00bb]<\/p>\n<p>Cada trimestre intentamos formar parte de alguna campa\u00f1a solidaria como Operaci\u00f3n Potito, Domund, Operaci\u00f3n Kilo, etc.<\/p>\n<p>[\/et_pb_blurb][\/et_pb_column][et_pb_column type=\u00bb1_4&#8243; _builder_version=\u00bb4.16&#8243; global_colors_info=\u00bb{}\u00bb][et_pb_blurb title=\u00bbCELEBRACIONES\u00bb use_icon=\u00bbon\u00bb font_icon=\u00bb&#xe08b;||divi||400&#8243; image_icon_width=\u00bb120px\u00bb _builder_version=\u00bb4.16&#8243; header_text_align=\u00bbcenter\u00bb body_text_align=\u00bbcenter\u00bb width=\u00bb100%\u00bb min_height=\u00bb279px\u00bb custom_margin=\u00bb36px|-390px|||false|false\u00bb custom_padding=\u00bb|0px||2px||\u00bb icon_font_size=\u00bb120px\u00bb global_colors_info=\u00bb{}\u00bb]<\/p>\n<p>Celebramos la Eucarist\u00eda, la Reconciliaci\u00f3n y Conmemoraci\u00f3n Mensual de Mar\u00eda Auxiliadora.<\/p>\n<p>[\/et_pb_blurb][\/et_pb_column][et_pb_column type=\u00bb1_4&#8243; _builder_version=\u00bb4.16&#8243; global_colors_info=\u00bb{}\u00bb][et_pb_blurb title=\u00bb\u00c1REA DE RELIGI\u00d3N\u00bb use_icon=\u00bbon\u00bb font_icon=\u00bb&#xe089;||divi||400&#8243; _builder_version=\u00bb4.16&#8243; header_text_align=\u00bbcenter\u00bb body_text_align=\u00bbcenter\u00bb custom_margin=\u00bb58px||||false|false\u00bb global_colors_info=\u00bb{}\u00bb]<\/p>\n<p>Se trabajan y se cuidan los contenidos de Pastoral.<\/p>\n<p>[\/et_pb_blurb][\/et_pb_column][et_pb_column type=\u00bb1_4&#8243; _builder_version=\u00bb4.16&#8243; global_colors_info=\u00bb{}\u00bb][et_pb_blurb title=\u00bbCAPILLA\u00bb use_icon=\u00bbon\u00bb font_icon=\u00bb&#xe009;||divi||400&#8243; image_icon_width=\u00bb120px\u00bb _builder_version=\u00bb4.16&#8243; header_text_align=\u00bbcenter\u00bb body_text_align=\u00bbcenter\u00bb custom_margin=\u00bb36px||||false|false\u00bb icon_font_size=\u00bb120px\u00bb global_colors_info=\u00bb{}\u00bb]<\/p>\n<p>Espacio para el silencio y la interioridad disponible para todas las etapas.<\/p>\n<p>[\/et_pb_blurb][\/et_pb_column][\/et_pb_row][et_pb_row _builder_version=\u00bb4.16&#8243; custom_margin=\u00bb-414px||||false|false\u00bb global_colors_info=\u00bb{}\u00bb][et_pb_column type=\u00bb4_4&#8243; _builder_version=\u00bb4.16&#8243; global_colors_info=\u00bb{}\u00bb][et_pb_gallery gallery_ids=\u00bb12472,12417,12401,12400,13165,12386,9808,12782,12783,13315,9260,13192,9510,9368,9366,8934,8933,8905,8169,8073,8031&#8243; show_title_and_caption=\u00bboff\u00bb _builder_version=\u00bb4.16&#8243; global_colors_info=\u00bb{}\u00bb][\/et_pb_gallery][\/et_pb_column][\/et_pb_row][\/et_pb_section]<\/p>\n","protected":false},"excerpt":{"rendered":"<p>EDUCAMOS CON EL CORAZ\u00d3N\u00a0 &nbsp;La Pastoral es un elemento imprescindible en la educaci\u00f3n de lo j\u00f3venes.\u00a0 &nbsp;\u00bfQu\u00e9 es la pastoral? Si est\u00e1s en este espacio, imagino que te preguntar\u00e1s qu\u00e9 es la pastoral escolar y el valor que tiene en nuestro colegio. La pastoral en el colegio ser\u00eda como\u00a0el sabor que le ponemos a todo\u00a0lo [&hellip;]<\/p>\n","protected":false},"author":2,"featured_media":0,"parent":0,"menu_order":0,"comment_status":"closed","ping_status":"closed","template":"","meta":{"_et_pb_use_builder":"on","_et_pb_old_content":"","_et_gb_content_width":"","footnotes":""},"class_list":["post-13913","page","type-page","status-publish","hentry"],"yoast_head":"<!-- This site is optimized with the Yoast SEO plugin v28.3 - https:\/\/yoast.com\/product\/yoast-seo-wordpress\/ -->\n<title>Pastoral Escolar - Colegio Salesiano<\/title>\n<meta name=\"robots\" content=\"index, follow, max-snippet:-1, max-image-preview:large, max-video-preview:-1\" \/>\n<link rel=\"canonical\" href=\"https:\/\/granada.salesianos.edu\/colegio\/pastoral\/\" \/>\n<meta property=\"og:locale\" content=\"es_ES\" \/>\n<meta property=\"og:type\" content=\"article\" \/>\n<meta property=\"og:title\" content=\"Pastoral Escolar - Colegio Salesiano\" \/>\n<meta property=\"og:description\" content=\"EDUCAMOS CON EL CORAZ\u00d3N\u00a0 &nbsp;La Pastoral es un elemento imprescindible en la educaci\u00f3n de lo j\u00f3venes.\u00a0 &nbsp;\u00bfQu\u00e9 es la pastoral? Si est\u00e1s en este espacio, imagino que te preguntar\u00e1s qu\u00e9 es la pastoral escolar y el valor que tiene en nuestro colegio. La pastoral en el colegio ser\u00eda como\u00a0el sabor que le ponemos a todo\u00a0lo [&hellip;]\" \/>\n<meta property=\"og:url\" content=\"https:\/\/granada.salesianos.edu\/colegio\/pastoral\/\" \/>\n<meta property=\"og:site_name\" content=\"Colegio Salesiano\" \/>\n<meta property=\"article:publisher\" content=\"https:\/\/www.facebook.com\/SalesianosGR\/\" \/>\n<meta property=\"article:modified_time\" content=\"2025-11-12T14:37:47+00:00\" \/>\n<meta name=\"twitter:card\" content=\"summary_large_image\" \/>\n<meta name=\"twitter:site\" content=\"@GranadaSDB\" \/>\n<meta name=\"twitter:label1\" content=\"Tiempo de lectura\" \/>\n\t<meta name=\"twitter:data1\" content=\"7 minutos\" \/>\n<script type=\"application\/ld+json\" class=\"yoast-schema-graph\">{\"@context\":\"https:\\\/\\\/schema.org\",\"@graph\":[{\"@type\":\"WebPage\",\"@id\":\"https:\\\/\\\/granada.salesianos.edu\\\/colegio\\\/pastoral\\\/\",\"url\":\"https:\\\/\\\/granada.salesianos.edu\\\/colegio\\\/pastoral\\\/\",\"name\":\"Pastoral Escolar - Colegio Salesiano\",\"isPartOf\":{\"@id\":\"https:\\\/\\\/granada.salesianos.edu\\\/colegio\\\/#website\"},\"datePublished\":\"2021-06-29T14:52:51+00:00\",\"dateModified\":\"2025-11-12T14:37:47+00:00\",\"breadcrumb\":{\"@id\":\"https:\\\/\\\/granada.salesianos.edu\\\/colegio\\\/pastoral\\\/#breadcrumb\"},\"inLanguage\":\"es\",\"potentialAction\":[{\"@type\":\"ReadAction\",\"target\":[\"https:\\\/\\\/granada.salesianos.edu\\\/colegio\\\/pastoral\\\/\"]}]},{\"@type\":\"BreadcrumbList\",\"@id\":\"https:\\\/\\\/granada.salesianos.edu\\\/colegio\\\/pastoral\\\/#breadcrumb\",\"itemListElement\":[{\"@type\":\"ListItem\",\"position\":1,\"name\":\"Portada\",\"item\":\"https:\\\/\\\/granada.salesianos.edu\\\/colegio\\\/\"},{\"@type\":\"ListItem\",\"position\":2,\"name\":\"Pastoral Escolar\"}]},{\"@type\":\"WebSite\",\"@id\":\"https:\\\/\\\/granada.salesianos.edu\\\/colegio\\\/#website\",\"url\":\"https:\\\/\\\/granada.salesianos.edu\\\/colegio\\\/\",\"name\":\"Colegio Salesiano\",\"description\":\"P\u00e1gina oficial de Salesianos Granada San Juan Bosco\",\"publisher\":{\"@id\":\"https:\\\/\\\/granada.salesianos.edu\\\/colegio\\\/#organization\"},\"potentialAction\":[{\"@type\":\"SearchAction\",\"target\":{\"@type\":\"EntryPoint\",\"urlTemplate\":\"https:\\\/\\\/granada.salesianos.edu\\\/colegio\\\/?s={search_term_string}\"},\"query-input\":{\"@type\":\"PropertyValueSpecification\",\"valueRequired\":true,\"valueName\":\"search_term_string\"}}],\"inLanguage\":\"es\"},{\"@type\":\"Organization\",\"@id\":\"https:\\\/\\\/granada.salesianos.edu\\\/colegio\\\/#organization\",\"name\":\"Colegio Salesiano San Juan Bosco Granada\",\"url\":\"https:\\\/\\\/granada.salesianos.edu\\\/colegio\\\/\",\"logo\":{\"@type\":\"ImageObject\",\"inLanguage\":\"es\",\"@id\":\"https:\\\/\\\/granada.salesianos.edu\\\/colegio\\\/#\\\/schema\\\/logo\\\/image\\\/\",\"url\":\"https:\\\/\\\/granada.salesianos.edu\\\/colegio\\\/wp-content\\\/uploads\\\/sites\\\/2\\\/2021\\\/01\\\/GRANADAobraVN2.jpg\",\"contentUrl\":\"https:\\\/\\\/granada.salesianos.edu\\\/colegio\\\/wp-content\\\/uploads\\\/sites\\\/2\\\/2021\\\/01\\\/GRANADAobraVN2.jpg\",\"width\":2113,\"height\":1894,\"caption\":\"Colegio Salesiano San Juan Bosco Granada\"},\"image\":{\"@id\":\"https:\\\/\\\/granada.salesianos.edu\\\/colegio\\\/#\\\/schema\\\/logo\\\/image\\\/\"},\"sameAs\":[\"https:\\\/\\\/www.facebook.com\\\/SalesianosGR\\\/\",\"https:\\\/\\\/x.com\\\/GranadaSDB\",\"https:\\\/\\\/www.instagram.com\\\/salesianosgranada\\\/\",\"https:\\\/\\\/www.youtube.com\\\/channel\\\/UChkpZuhCf4Y5rYIcFT3CNxw?view_as=subscriber\"]}]}<\/script>\n<!-- \/ Yoast SEO plugin. -->","yoast_head_json":{"title":"Pastoral Escolar - Colegio Salesiano","robots":{"index":"index","follow":"follow","max-snippet":"max-snippet:-1","max-image-preview":"max-image-preview:large","max-video-preview":"max-video-preview:-1"},"canonical":"https:\/\/granada.salesianos.edu\/colegio\/pastoral\/","og_locale":"es_ES","og_type":"article","og_title":"Pastoral Escolar - Colegio Salesiano","og_description":"EDUCAMOS CON EL CORAZ\u00d3N\u00a0 &nbsp;La Pastoral es un elemento imprescindible en la educaci\u00f3n de lo j\u00f3venes.\u00a0 &nbsp;\u00bfQu\u00e9 es la pastoral? Si est\u00e1s en este espacio, imagino que te preguntar\u00e1s qu\u00e9 es la pastoral escolar y el valor que tiene en nuestro colegio. La pastoral en el colegio ser\u00eda como\u00a0el sabor que le ponemos a todo\u00a0lo [&hellip;]","og_url":"https:\/\/granada.salesianos.edu\/colegio\/pastoral\/","og_site_name":"Colegio Salesiano","article_publisher":"https:\/\/www.facebook.com\/SalesianosGR\/","article_modified_time":"2025-11-12T14:37:47+00:00","twitter_card":"summary_large_image","twitter_site":"@GranadaSDB","twitter_misc":{"Tiempo de lectura":"7 minutos"},"schema":{"@context":"https:\/\/schema.org","@graph":[{"@type":"WebPage","@id":"https:\/\/granada.salesianos.edu\/colegio\/pastoral\/","url":"https:\/\/granada.salesianos.edu\/colegio\/pastoral\/","name":"Pastoral Escolar - Colegio Salesiano","isPartOf":{"@id":"https:\/\/granada.salesianos.edu\/colegio\/#website"},"datePublished":"2021-06-29T14:52:51+00:00","dateModified":"2025-11-12T14:37:47+00:00","breadcrumb":{"@id":"https:\/\/granada.salesianos.edu\/colegio\/pastoral\/#breadcrumb"},"inLanguage":"es","potentialAction":[{"@type":"ReadAction","target":["https:\/\/granada.salesianos.edu\/colegio\/pastoral\/"]}]},{"@type":"BreadcrumbList","@id":"https:\/\/granada.salesianos.edu\/colegio\/pastoral\/#breadcrumb","itemListElement":[{"@type":"ListItem","position":1,"name":"Portada","item":"https:\/\/granada.salesianos.edu\/colegio\/"},{"@type":"ListItem","position":2,"name":"Pastoral Escolar"}]},{"@type":"WebSite","@id":"https:\/\/granada.salesianos.edu\/colegio\/#website","url":"https:\/\/granada.salesianos.edu\/colegio\/","name":"Colegio Salesiano","description":"P\u00e1gina oficial de Salesianos Granada San Juan Bosco","publisher":{"@id":"https:\/\/granada.salesianos.edu\/colegio\/#organization"},"potentialAction":[{"@type":"SearchAction","target":{"@type":"EntryPoint","urlTemplate":"https:\/\/granada.salesianos.edu\/colegio\/?s={search_term_string}"},"query-input":{"@type":"PropertyValueSpecification","valueRequired":true,"valueName":"search_term_string"}}],"inLanguage":"es"},{"@type":"Organization","@id":"https:\/\/granada.salesianos.edu\/colegio\/#organization","name":"Colegio Salesiano San Juan Bosco Granada","url":"https:\/\/granada.salesianos.edu\/colegio\/","logo":{"@type":"ImageObject","inLanguage":"es","@id":"https:\/\/granada.salesianos.edu\/colegio\/#\/schema\/logo\/image\/","url":"https:\/\/granada.salesianos.edu\/colegio\/wp-content\/uploads\/sites\/2\/2021\/01\/GRANADAobraVN2.jpg","contentUrl":"https:\/\/granada.salesianos.edu\/colegio\/wp-content\/uploads\/sites\/2\/2021\/01\/GRANADAobraVN2.jpg","width":2113,"height":1894,"caption":"Colegio Salesiano San Juan Bosco Granada"},"image":{"@id":"https:\/\/granada.salesianos.edu\/colegio\/#\/schema\/logo\/image\/"},"sameAs":["https:\/\/www.facebook.com\/SalesianosGR\/","https:\/\/x.com\/GranadaSDB","https:\/\/www.instagram.com\/salesianosgranada\/","https:\/\/www.youtube.com\/channel\/UChkpZuhCf4Y5rYIcFT3CNxw?view_as=subscriber"]}]}},"_links":{"self":[{"href":"https:\/\/granada.salesianos.edu\/colegio\/wp-json\/wp\/v2\/pages\/13913","targetHints":{"allow":["GET"]}}],"collection":[{"href":"https:\/\/granada.salesianos.edu\/colegio\/wp-json\/wp\/v2\/pages"}],"about":[{"href":"https:\/\/granada.salesianos.edu\/colegio\/wp-json\/wp\/v2\/types\/page"}],"author":[{"embeddable":true,"href":"https:\/\/granada.salesianos.edu\/colegio\/wp-json\/wp\/v2\/users\/2"}],"replies":[{"embeddable":true,"href":"https:\/\/granada.salesianos.edu\/colegio\/wp-json\/wp\/v2\/comments?post=13913"}],"version-history":[{"count":23,"href":"https:\/\/granada.salesianos.edu\/colegio\/wp-json\/wp\/v2\/pages\/13913\/revisions"}],"predecessor-version":[{"id":20957,"href":"https:\/\/granada.salesianos.edu\/colegio\/wp-json\/wp\/v2\/pages\/13913\/revisions\/20957"}],"wp:attachment":[{"href":"https:\/\/granada.salesianos.edu\/colegio\/wp-json\/wp\/v2\/media?parent=13913"}],"curies":[{"name":"wp","href":"https:\/\/api.w.org\/{rel}","templated":true}]}}