{"id":14091,"date":"2021-06-29T22:44:11","date_gmt":"2021-06-29T20:44:11","guid":{"rendered":"https:\/\/granada.salesianos.edu\/colegio\/?page_id=14091"},"modified":"2025-10-27T23:15:33","modified_gmt":"2025-10-27T21:15:33","slug":"visionmisionyvalores","status":"publish","type":"page","link":"https:\/\/granada.salesianos.edu\/colegio\/visionmisionyvalores\/","title":{"rendered":"Misi\u00f3n, Visi\u00f3n y valores"},"content":{"rendered":"<div id=\"fb-root\"><\/div>\n<p>[et_pb_section fb_built=\u00bb1&#8243; fullwidth=\u00bbon\u00bb next_background_color=\u00bb#ffffff\u00bb _builder_version=\u00bb4.27.4&#8243; background_image=\u00bbhttps:\/\/granada.salesianos.edu\/colegio\/wp-content\/uploads\/sites\/2\/2020\/02\/fondo_novedades_web.png\u00bb bottom_divider_style=\u00bbasymmetric2&#8243; saved_tabs=\u00bball\u00bb global_colors_info=\u00bb{}\u00bb global_module=\u00bb20660&#8243; theme_builder_area=\u00bbpost_content\u00bb][et_pb_fullwidth_header title=\u00bb@ET-DC@eyJkeW5hbWljIjp0cnVlLCJjb250ZW50IjoicG9zdF90aXRsZSIsInNldHRpbmdzIjp7ImJlZm9yZSI6IiIsImFmdGVyIjoiIn19@\u00bb title_font_color=\u00bb#ffffff\u00bb content_max_width_tablet=\u00bb88%\u00bb content_max_width_phone=\u00bb79%\u00bb content_max_width_last_edited=\u00bbon|phone\u00bb module_class=\u00bbpagina-imagen-cabecera\u00bb _builder_version=\u00bb4.27.4&#8243; _dynamic_attributes=\u00bbtitle\u00bb title_text_color=\u00bb#ffffff\u00bb title_font_size=\u00bb40px\u00bb background_color=\u00bbrgba(255, 255, 255, 0)\u00bb background_enable_image=\u00bboff\u00bb background_position=\u00bbbottom_left\u00bb transform_translate=\u00bb91px|91px\u00bb max_width_tablet=\u00bb50px\u00bb min_height=\u00bb329px\u00bb custom_padding=\u00bb||127px|||\u00bb background_url=\u00bbhttps:\/\/alicante.salesianos.edu\/colegio\/wp-content\/uploads\/sites\/2\/2017\/03\/Captura-de-pantalla-2017-03-21-a-las-17.25.56.png\u00bb global_colors_info=\u00bb{}\u00bb button_one_text_size__hover_enabled=\u00bboff\u00bb button_one_text_size__hover=\u00bbnull\u00bb button_two_text_size__hover_enabled=\u00bboff\u00bb button_two_text_size__hover=\u00bbnull\u00bb button_one_text_color__hover_enabled=\u00bboff\u00bb button_one_text_color__hover=\u00bbnull\u00bb button_two_text_color__hover_enabled=\u00bboff\u00bb button_two_text_color__hover=\u00bbnull\u00bb button_one_border_width__hover_enabled=\u00bboff\u00bb button_one_border_width__hover=\u00bbnull\u00bb button_two_border_width__hover_enabled=\u00bboff\u00bb button_two_border_width__hover=\u00bbnull\u00bb button_one_border_color__hover_enabled=\u00bboff\u00bb button_one_border_color__hover=\u00bbnull\u00bb button_two_border_color__hover_enabled=\u00bboff\u00bb button_two_border_color__hover=\u00bbnull\u00bb button_one_border_radius__hover_enabled=\u00bboff\u00bb button_one_border_radius__hover=\u00bbnull\u00bb button_two_border_radius__hover_enabled=\u00bboff\u00bb button_two_border_radius__hover=\u00bbnull\u00bb button_one_letter_spacing__hover_enabled=\u00bboff\u00bb button_one_letter_spacing__hover=\u00bbnull\u00bb button_two_letter_spacing__hover_enabled=\u00bboff\u00bb button_two_letter_spacing__hover=\u00bbnull\u00bb button_one_bg_color__hover_enabled=\u00bboff\u00bb button_one_bg_color__hover=\u00bbnull\u00bb button_two_bg_color__hover_enabled=\u00bboff\u00bb button_two_bg_color__hover=\u00bbnull\u00bb theme_builder_area=\u00bbpost_content\u00bb][\/et_pb_fullwidth_header][\/et_pb_section][et_pb_section fb_built=\u00bb1&#8243; module_class=\u00bbpagina-seccion-contenido\u00bb _builder_version=\u00bb4.16&#8243; min_height=\u00bb1225.4px\u00bb height=\u00bb1000px\u00bb max_height=\u00bb1000px\u00bb custom_margin=\u00bb-61px||-287px|||\u00bb custom_padding=\u00bb0%||0px|||\u00bb global_colors_info=\u00bb{}\u00bb][et_pb_row _builder_version=\u00bb4.16&#8243; width=\u00bb100%\u00bb min_height=\u00bb321px\u00bb custom_margin=\u00bb77px|23px||224px|false|false\u00bb custom_padding=\u00bb0px||88px|||\u00bb global_colors_info=\u00bb{}\u00bb][et_pb_column type=\u00bb4_4&#8243; _builder_version=\u00bb4.16&#8243; custom_padding=\u00bb|||\u00bb global_colors_info=\u00bb{}\u00bb custom_padding__hover=\u00bb|||\u00bb][et_pb_text admin_label=\u00bbTexto\u00bb _builder_version=\u00bb4.16&#8243; custom_margin=\u00bb22px|-74px|14px|-158px|false|false\u00bb custom_margin_tablet=\u00bb|||-485px|false|false\u00bb custom_margin_phone=\u00bb|||-514px|false|false\u00bb custom_margin_last_edited=\u00bbon|tablet\u00bb custom_padding=\u00bb10px|||4px||\u00bb global_colors_info=\u00bb{}\u00bb]<\/p>\n<p style=\"text-align: center;\"><span style=\"color: #4f4b4b; font-size: xx-large;\"><strong>FINALIDAD EN VALORES<\/strong><\/span><span style=\"color: #4f4b4b; font-size: xx-large;\"><strong>\u00a0<\/strong><\/span><\/p>\n<p>&nbsp;<\/p>\n<p>[\/et_pb_text][et_pb_divider divider_weight=\u00bb2px\u00bb _builder_version=\u00bb4.16&#8243; width=\u00bb66%\u00bb min_height=\u00bb0px\u00bb custom_margin=\u00bb-43px|||146px|false|false\u00bb custom_margin_tablet=\u00bb|||-94px|false|false\u00bb custom_margin_phone=\u00bb-16px||-31px|-143px|false|false\u00bb custom_margin_last_edited=\u00bbon|phone\u00bb global_colors_info=\u00bb{}\u00bb][\/et_pb_divider][\/et_pb_column][\/et_pb_row][et_pb_row _builder_version=\u00bb4.16&#8243; custom_margin=\u00bb-186px||||false|false\u00bb global_colors_info=\u00bb{}\u00bb][et_pb_column type=\u00bb4_4&#8243; _builder_version=\u00bb4.16&#8243; global_colors_info=\u00bb{}\u00bb][et_pb_text _builder_version=\u00bb4.16&#8243; custom_margin=\u00bb-96px|||-11px|false|false\u00bb global_colors_info=\u00bb{}\u00bb]<\/p>\n<h3 style=\"text-align: center;\"><strong><span style=\"color: #808080;\"><span style=\"caret-color: #808080;\"><i>La promoci\u00f3n integral de los j\u00f3venes<\/i><\/span><\/span><i style=\"color: #808080;\"><\/i><\/strong><\/h3>\n<p>[\/et_pb_text][et_pb_testimonial quote_icon=\u00bboff\u00bb _builder_version=\u00bb4.17.4&#8243; custom_margin=\u00bb19px||||false|false\u00bb border_radii=\u00bbon|3px|3px|3px|3px\u00bb box_shadow_style=\u00bbpreset1&#8243; global_colors_info=\u00bb{}\u00bb]<\/p>\n<p>La Direcci\u00f3n del Colegio Salesiano San Juan Bosco establece, declara y asume el compromiso con la calidad en el desarrollo de sus actividades.<\/p>\n<p>Por este motivo la Direcci\u00f3n del Colegio Salesiano San Juan Bosco ha implantado, mantiene y mejora continuamente el Sistema de Gesti\u00f3n de la Calidad seg\u00fan el modelo de la norma UNE-EN-ISO9001 de aplicaci\u00f3n para todas las actividades desarrolladas por nuestra organizaci\u00f3n:<\/p>\n<p>La pol\u00edtica de calidad del Colegio Salesiano San Juan Bosco se ha establecido como la definici\u00f3n de la MISI\u00d3N (raz\u00f3n de ser continuada del Centro), la VISI\u00d3N (lugar estrat\u00e9gico que el Centro pretende alcanzar en el medio, largo plazo) y los VALORES (ideas, principios y puntos fuertes sobre los que el Centro se fundamenta para alcanzar la visi\u00f3n).<\/p>\n<p>Adem\u00e1s de la definici\u00f3n de la misi\u00f3n, visi\u00f3n y valores, la Direcci\u00f3n del Colegio Salesiano San Juan Bosco establece como objetivos b\u00e1sicos e iniciales de su Pol\u00edtica de Calidad la orientaci\u00f3n hacia:<\/p>\n<ul>\n<li>El cumplimiento de los requisitos legales y reglamentarios aplicables a la actividad educativa realizada por el Colegio Salesiano San Juan Bosco,<\/li>\n<li>La satisfacci\u00f3n permanente de las necesidades, demandas y expectativas de los alumnos y familias,<\/li>\n<li>La Mejora Continua<\/li>\n<\/ul>\n<p>[\/et_pb_testimonial][et_pb_text _builder_version=\u00bb4.16&#8243; background_image=\u00bbhttps:\/\/granada.salesianos.edu\/colegio\/wp-content\/uploads\/sites\/2\/2018\/07\/Donbosco-multicolor.jpg\u00bb width=\u00bb100%\u00bb min_height=\u00bb200px\u00bb custom_margin=\u00bb31px||||false|false\u00bb global_colors_info=\u00bb{}\u00bb][\/et_pb_text][\/et_pb_column][\/et_pb_row][et_pb_row column_structure=\u00bb3_5,2_5&#8243; _builder_version=\u00bb4.16&#8243; global_colors_info=\u00bb{}\u00bb][et_pb_column type=\u00bb3_5&#8243; _builder_version=\u00bb4.16&#8243; global_colors_info=\u00bb{}\u00bb][et_pb_tabs _builder_version=\u00bb4.17.4&#8243; global_colors_info=\u00bb{}\u00bb][et_pb_tab title=\u00bbMisi\u00f3n\u00bb _builder_version=\u00bb4.17.4&#8243; global_colors_info=\u00bb{}\u00bb]<\/p>\n<p>Nuestro colegio se define por:<\/p>\n<ol>\n<li>Cultivar un ambiente de familia que educa, de forma que los j\u00f3venes encuentran en ella \u201csu propia casa\u201d.<\/li>\n<li>Colocar al alumno en el centro del proceso educativo: le acoge como es, y le ayuda a crecer mediante m\u00faltiples propuestas educativas, no s\u00f3lo en las horas lectivas, sino con otras actividades formativas en el tiempo libre.<\/li>\n<li>Privilegiar la personalizaci\u00f3n de la relaci\u00f3n educativa mediante la presencia de los educadores en medio de los alumnos, su participaci\u00f3n en la vida de los j\u00f3venes y su disponibilidad para estar con ellos.<\/li>\n<li>\u201cEducar evangelizando y evangelizar educando\u201d, para un arm\u00f3nico desarrollo humano y cristiano.<\/li>\n<\/ol>\n<p><strong>\u00a0<\/strong><strong>Concreci\u00f3n:\u00a0<\/strong><strong>Somos un colegio que pretende educar a los j\u00f3venes, bas\u00e1ndonos en los valores del Evangelio, el sistema educativo de Don Bosco y creando un ambiente de familia y acogida, acompa\u00f1\u00e1ndolos y personalizando sus procesos formativos<em>.<\/em><\/strong><\/p>\n<p>[\/et_pb_tab][et_pb_tab title=\u00bbVisi\u00f3n\u00bb _builder_version=\u00bb4.17.4&#8243; global_colors_info=\u00bb{}\u00bb]<\/p>\n<p><strong>Nuestro colegio, ante los desaf\u00edos que la realidad presenta, comprende que la visi\u00f3n de futuro exige un compromiso decidido porque nuestro colegio:<\/strong><\/p>\n<p><strong>\u00a0<\/strong>(LV 1): Sea la primera opci\u00f3n educativa que elijan las familias del barrio para sus hijos e hijas. Del mismo modo, en cada una de nuestras especialidades de formaci\u00f3n profesional queremos ser un referente en nuestro entorno y aumentar el n\u00famero de alumnos que nos elijen como primera opci\u00f3n.<\/p>\n<p>(LV 2): D\u00e9 respuesta de calidad a las expectativas de nuestros alumnos y familias en cada una de las etapas impartidas en el colegio: infantil, primaria, secundaria, bachillerato y FP.<\/p>\n<p>(LV 3): Lograr que nuestra escuela sea un servicio educativo a tiempo pleno que responda a las necesidades concretas de los j\u00f3venes de la zona, especialmente los m\u00e1s necesitados.<\/p>\n<p>(LV 4): Nuestro colegio, ante los desaf\u00edos que la realidad presenta, comprende que la visi\u00f3n de futuro exige un compromiso decidido por estimular en nuestros educadores una formaci\u00f3n humana, profesional, cristiana y salesiana abierta a las nuevas sensibilidades y necesidades de los j\u00f3venes.<\/p>\n<p>[\/et_pb_tab][et_pb_tab title=\u00bbValores\u00bb _builder_version=\u00bb4.17.4&#8243; global_colors_info=\u00bb{}\u00bb]<\/p>\n<p><strong><em>VALORES:\u00a0 EN QU\u00c9 CREEMOS.<\/em><\/strong><strong>Nuestro colegio cree firmemente en los valores que emanan de su profunda tradici\u00f3n educativa:<\/strong><\/p>\n<ol>\n<li>El criterio preventivo, por el cual hacemos propuestas de experiencias positivas de vida y acompa\u00f1amos a los alumnos en el desarrollo de actitudes que les permitan superar situaciones dif\u00edciles.<\/li>\n<li>La \u201cpresencia-asistencia\u201d animadora de los educadores que animan sus iniciativas, ofrecen elementos de maduraci\u00f3n personal, favorecen experiencias positivas y conductas adecuadas, abren a una visi\u00f3n transcendente de la vida.<\/li>\n<li>Un ambiente educativo, que se caracteriza por: el protagonismo de los destinatarios, el esp\u00edritu de familia, la razonabilidad y flexibilidad, el trabajo diario, la invitaci\u00f3n a la creatividad, el clima de alegr\u00eda y de fiesta.<\/li>\n<li>La participaci\u00f3n de todos para un mejor desarrollo de la misi\u00f3n educativa.<\/li>\n<li>La relaci\u00f3n educativa personal, que reconoce la individualidad y la historia personal de cada alumno.<\/li>\n<li>La oferta respetuosa de una experiencia de fe, que se caracteriza por: el encuentro con Dios en la vida ordinaria, la celebraci\u00f3n de la fe, los sacramentos, la devoci\u00f3n a Mar\u00eda Auxiliadora, el sentido de Iglesia y las propuestas de compromiso cristiano.\n<p>El Colegio Salesiano San Juan Bosco es consciente de que para dar plena satisfacci\u00f3n a nuestros clientes debe considerar como objetivo prioritario la CALIDAD, para lo cual es preciso la definici\u00f3n y participaci\u00f3n de toda la organizaci\u00f3n en la Pol\u00edtica de Calidad, marc\u00e1ndonos la consecuci\u00f3n de diferentes objetivos que se concretan en la PGA, PEPS, Plan estrat\u00e9gico y planes de Mejora, \u2026<\/p>\n<p>Esta pol\u00edtica de calidad ser\u00e1 revisada peri\u00f3dicamente y se comunicar\u00e1 a todas las personas que trabajen para la organizaci\u00f3n o en nombre de la misma, estando a disposici\u00f3n de todas las partes interesadas.<\/p>\n<p>Fieles a estos principios, los preceptos a cumplir por el Colegio Salesiano San Juan Bosco se recogen en nuestro Sistema de Calidad que se declara de obligado cumplimiento.<\/p>\n<\/li>\n<\/ol>\n<p>[\/et_pb_tab][\/et_pb_tabs][\/et_pb_column][et_pb_column type=\u00bb2_5&#8243; _builder_version=\u00bb4.16&#8243; global_colors_info=\u00bb{}\u00bb][et_pb_image src=\u00bbhttps:\/\/granada.salesianos.edu\/colegio\/wp-content\/uploads\/sites\/2\/2018\/07\/woD6gDfqWd_1414961361744.jpg\u00bb _builder_version=\u00bb4.16&#8243; global_colors_info=\u00bb{}\u00bb][\/et_pb_image][\/et_pb_column][\/et_pb_row][et_pb_row _builder_version=\u00bb4.16&#8243; global_colors_info=\u00bb{}\u00bb][et_pb_column type=\u00bb4_4&#8243; _builder_version=\u00bb4.16&#8243; global_colors_info=\u00bb{}\u00bb][\/et_pb_column][\/et_pb_row][\/et_pb_section]<\/p>\n","protected":false},"excerpt":{"rendered":"<p>FINALIDAD EN VALORES\u00a0 &nbsp;La promoci\u00f3n integral de los j\u00f3venesLa Direcci\u00f3n del Colegio Salesiano San Juan Bosco establece, declara y asume el compromiso con la calidad en el desarrollo de sus actividades. Por este motivo la Direcci\u00f3n del Colegio Salesiano San Juan Bosco ha implantado, mantiene y mejora continuamente el Sistema de Gesti\u00f3n de la Calidad [&hellip;]<\/p>\n","protected":false},"author":2,"featured_media":0,"parent":0,"menu_order":0,"comment_status":"closed","ping_status":"closed","template":"","meta":{"_et_pb_use_builder":"on","_et_pb_old_content":"","_et_gb_content_width":"","footnotes":""},"class_list":["post-14091","page","type-page","status-publish","hentry"],"yoast_head":"<!-- This site is optimized with the Yoast SEO plugin v28.4 - https:\/\/yoast.com\/product\/yoast-seo-wordpress\/ -->\n<title>Misi\u00f3n, Visi\u00f3n y valores - Colegio Salesiano<\/title>\n<meta name=\"robots\" content=\"index, follow, max-snippet:-1, max-image-preview:large, max-video-preview:-1\" \/>\n<link rel=\"canonical\" href=\"https:\/\/granada.salesianos.edu\/colegio\/visionmisionyvalores\/\" \/>\n<meta property=\"og:locale\" content=\"es_ES\" \/>\n<meta property=\"og:type\" content=\"article\" \/>\n<meta property=\"og:title\" content=\"Misi\u00f3n, Visi\u00f3n y valores - Colegio Salesiano\" \/>\n<meta property=\"og:description\" content=\"FINALIDAD EN VALORES\u00a0 &nbsp;La promoci\u00f3n integral de los j\u00f3venesLa Direcci\u00f3n del Colegio Salesiano San Juan Bosco establece, declara y asume el compromiso con la calidad en el desarrollo de sus actividades. Por este motivo la Direcci\u00f3n del Colegio Salesiano San Juan Bosco ha implantado, mantiene y mejora continuamente el Sistema de Gesti\u00f3n de la Calidad [&hellip;]\" \/>\n<meta property=\"og:url\" content=\"https:\/\/granada.salesianos.edu\/colegio\/visionmisionyvalores\/\" \/>\n<meta property=\"og:site_name\" content=\"Colegio Salesiano\" \/>\n<meta property=\"article:publisher\" content=\"https:\/\/www.facebook.com\/SalesianosGR\/\" \/>\n<meta property=\"article:modified_time\" content=\"2025-10-27T21:15:33+00:00\" \/>\n<meta name=\"twitter:card\" content=\"summary_large_image\" \/>\n<meta name=\"twitter:site\" content=\"@GranadaSDB\" \/>\n<meta name=\"twitter:label1\" content=\"Tiempo de lectura\" \/>\n\t<meta name=\"twitter:data1\" content=\"4 minutos\" \/>\n<script type=\"application\/ld+json\" class=\"yoast-schema-graph\">{\"@context\":\"https:\\\/\\\/schema.org\",\"@graph\":[{\"@type\":\"WebPage\",\"@id\":\"https:\\\/\\\/granada.salesianos.edu\\\/colegio\\\/visionmisionyvalores\\\/\",\"url\":\"https:\\\/\\\/granada.salesianos.edu\\\/colegio\\\/visionmisionyvalores\\\/\",\"name\":\"Misi\u00f3n, Visi\u00f3n y valores - Colegio Salesiano\",\"isPartOf\":{\"@id\":\"https:\\\/\\\/granada.salesianos.edu\\\/colegio\\\/#website\"},\"datePublished\":\"2021-06-29T20:44:11+00:00\",\"dateModified\":\"2025-10-27T21:15:33+00:00\",\"breadcrumb\":{\"@id\":\"https:\\\/\\\/granada.salesianos.edu\\\/colegio\\\/visionmisionyvalores\\\/#breadcrumb\"},\"inLanguage\":\"es\",\"potentialAction\":[{\"@type\":\"ReadAction\",\"target\":[\"https:\\\/\\\/granada.salesianos.edu\\\/colegio\\\/visionmisionyvalores\\\/\"]}]},{\"@type\":\"BreadcrumbList\",\"@id\":\"https:\\\/\\\/granada.salesianos.edu\\\/colegio\\\/visionmisionyvalores\\\/#breadcrumb\",\"itemListElement\":[{\"@type\":\"ListItem\",\"position\":1,\"name\":\"Portada\",\"item\":\"https:\\\/\\\/granada.salesianos.edu\\\/colegio\\\/\"},{\"@type\":\"ListItem\",\"position\":2,\"name\":\"Misi\u00f3n, Visi\u00f3n y valores\"}]},{\"@type\":\"WebSite\",\"@id\":\"https:\\\/\\\/granada.salesianos.edu\\\/colegio\\\/#website\",\"url\":\"https:\\\/\\\/granada.salesianos.edu\\\/colegio\\\/\",\"name\":\"Colegio Salesiano\",\"description\":\"P\u00e1gina oficial de Salesianos Granada San Juan Bosco\",\"publisher\":{\"@id\":\"https:\\\/\\\/granada.salesianos.edu\\\/colegio\\\/#organization\"},\"potentialAction\":[{\"@type\":\"SearchAction\",\"target\":{\"@type\":\"EntryPoint\",\"urlTemplate\":\"https:\\\/\\\/granada.salesianos.edu\\\/colegio\\\/?s={search_term_string}\"},\"query-input\":{\"@type\":\"PropertyValueSpecification\",\"valueRequired\":true,\"valueName\":\"search_term_string\"}}],\"inLanguage\":\"es\"},{\"@type\":\"Organization\",\"@id\":\"https:\\\/\\\/granada.salesianos.edu\\\/colegio\\\/#organization\",\"name\":\"Colegio Salesiano San Juan Bosco Granada\",\"url\":\"https:\\\/\\\/granada.salesianos.edu\\\/colegio\\\/\",\"logo\":{\"@type\":\"ImageObject\",\"inLanguage\":\"es\",\"@id\":\"https:\\\/\\\/granada.salesianos.edu\\\/colegio\\\/#\\\/schema\\\/logo\\\/image\\\/\",\"url\":\"https:\\\/\\\/granada.salesianos.edu\\\/colegio\\\/wp-content\\\/uploads\\\/sites\\\/2\\\/2021\\\/01\\\/GRANADAobraVN2.jpg\",\"contentUrl\":\"https:\\\/\\\/granada.salesianos.edu\\\/colegio\\\/wp-content\\\/uploads\\\/sites\\\/2\\\/2021\\\/01\\\/GRANADAobraVN2.jpg\",\"width\":2113,\"height\":1894,\"caption\":\"Colegio Salesiano San Juan Bosco Granada\"},\"image\":{\"@id\":\"https:\\\/\\\/granada.salesianos.edu\\\/colegio\\\/#\\\/schema\\\/logo\\\/image\\\/\"},\"sameAs\":[\"https:\\\/\\\/www.facebook.com\\\/SalesianosGR\\\/\",\"https:\\\/\\\/x.com\\\/GranadaSDB\",\"https:\\\/\\\/www.instagram.com\\\/salesianosgranada\\\/\",\"https:\\\/\\\/www.youtube.com\\\/channel\\\/UChkpZuhCf4Y5rYIcFT3CNxw?view_as=subscriber\"]}]}<\/script>\n<!-- \/ Yoast SEO plugin. -->","yoast_head_json":{"title":"Misi\u00f3n, Visi\u00f3n y valores - Colegio Salesiano","robots":{"index":"index","follow":"follow","max-snippet":"max-snippet:-1","max-image-preview":"max-image-preview:large","max-video-preview":"max-video-preview:-1"},"canonical":"https:\/\/granada.salesianos.edu\/colegio\/visionmisionyvalores\/","og_locale":"es_ES","og_type":"article","og_title":"Misi\u00f3n, Visi\u00f3n y valores - Colegio Salesiano","og_description":"FINALIDAD EN VALORES\u00a0 &nbsp;La promoci\u00f3n integral de los j\u00f3venesLa Direcci\u00f3n del Colegio Salesiano San Juan Bosco establece, declara y asume el compromiso con la calidad en el desarrollo de sus actividades. Por este motivo la Direcci\u00f3n del Colegio Salesiano San Juan Bosco ha implantado, mantiene y mejora continuamente el Sistema de Gesti\u00f3n de la Calidad [&hellip;]","og_url":"https:\/\/granada.salesianos.edu\/colegio\/visionmisionyvalores\/","og_site_name":"Colegio Salesiano","article_publisher":"https:\/\/www.facebook.com\/SalesianosGR\/","article_modified_time":"2025-10-27T21:15:33+00:00","twitter_card":"summary_large_image","twitter_site":"@GranadaSDB","twitter_misc":{"Tiempo de lectura":"4 minutos"},"schema":{"@context":"https:\/\/schema.org","@graph":[{"@type":"WebPage","@id":"https:\/\/granada.salesianos.edu\/colegio\/visionmisionyvalores\/","url":"https:\/\/granada.salesianos.edu\/colegio\/visionmisionyvalores\/","name":"Misi\u00f3n, Visi\u00f3n y valores - Colegio Salesiano","isPartOf":{"@id":"https:\/\/granada.salesianos.edu\/colegio\/#website"},"datePublished":"2021-06-29T20:44:11+00:00","dateModified":"2025-10-27T21:15:33+00:00","breadcrumb":{"@id":"https:\/\/granada.salesianos.edu\/colegio\/visionmisionyvalores\/#breadcrumb"},"inLanguage":"es","potentialAction":[{"@type":"ReadAction","target":["https:\/\/granada.salesianos.edu\/colegio\/visionmisionyvalores\/"]}]},{"@type":"BreadcrumbList","@id":"https:\/\/granada.salesianos.edu\/colegio\/visionmisionyvalores\/#breadcrumb","itemListElement":[{"@type":"ListItem","position":1,"name":"Portada","item":"https:\/\/granada.salesianos.edu\/colegio\/"},{"@type":"ListItem","position":2,"name":"Misi\u00f3n, Visi\u00f3n y valores"}]},{"@type":"WebSite","@id":"https:\/\/granada.salesianos.edu\/colegio\/#website","url":"https:\/\/granada.salesianos.edu\/colegio\/","name":"Colegio Salesiano","description":"P\u00e1gina oficial de Salesianos Granada San Juan Bosco","publisher":{"@id":"https:\/\/granada.salesianos.edu\/colegio\/#organization"},"potentialAction":[{"@type":"SearchAction","target":{"@type":"EntryPoint","urlTemplate":"https:\/\/granada.salesianos.edu\/colegio\/?s={search_term_string}"},"query-input":{"@type":"PropertyValueSpecification","valueRequired":true,"valueName":"search_term_string"}}],"inLanguage":"es"},{"@type":"Organization","@id":"https:\/\/granada.salesianos.edu\/colegio\/#organization","name":"Colegio Salesiano San Juan Bosco Granada","url":"https:\/\/granada.salesianos.edu\/colegio\/","logo":{"@type":"ImageObject","inLanguage":"es","@id":"https:\/\/granada.salesianos.edu\/colegio\/#\/schema\/logo\/image\/","url":"https:\/\/granada.salesianos.edu\/colegio\/wp-content\/uploads\/sites\/2\/2021\/01\/GRANADAobraVN2.jpg","contentUrl":"https:\/\/granada.salesianos.edu\/colegio\/wp-content\/uploads\/sites\/2\/2021\/01\/GRANADAobraVN2.jpg","width":2113,"height":1894,"caption":"Colegio Salesiano San Juan Bosco Granada"},"image":{"@id":"https:\/\/granada.salesianos.edu\/colegio\/#\/schema\/logo\/image\/"},"sameAs":["https:\/\/www.facebook.com\/SalesianosGR\/","https:\/\/x.com\/GranadaSDB","https:\/\/www.instagram.com\/salesianosgranada\/","https:\/\/www.youtube.com\/channel\/UChkpZuhCf4Y5rYIcFT3CNxw?view_as=subscriber"]}]}},"_links":{"self":[{"href":"https:\/\/granada.salesianos.edu\/colegio\/wp-json\/wp\/v2\/pages\/14091","targetHints":{"allow":["GET"]}}],"collection":[{"href":"https:\/\/granada.salesianos.edu\/colegio\/wp-json\/wp\/v2\/pages"}],"about":[{"href":"https:\/\/granada.salesianos.edu\/colegio\/wp-json\/wp\/v2\/types\/page"}],"author":[{"embeddable":true,"href":"https:\/\/granada.salesianos.edu\/colegio\/wp-json\/wp\/v2\/users\/2"}],"replies":[{"embeddable":true,"href":"https:\/\/granada.salesianos.edu\/colegio\/wp-json\/wp\/v2\/comments?post=14091"}],"version-history":[{"count":19,"href":"https:\/\/granada.salesianos.edu\/colegio\/wp-json\/wp\/v2\/pages\/14091\/revisions"}],"predecessor-version":[{"id":20746,"href":"https:\/\/granada.salesianos.edu\/colegio\/wp-json\/wp\/v2\/pages\/14091\/revisions\/20746"}],"wp:attachment":[{"href":"https:\/\/granada.salesianos.edu\/colegio\/wp-json\/wp\/v2\/media?parent=14091"}],"curies":[{"name":"wp","href":"https:\/\/api.w.org\/{rel}","templated":true}]}}