{"id":14713,"date":"2022-01-25T22:57:10","date_gmt":"2022-01-25T20:57:10","guid":{"rendered":"https:\/\/granada.salesianos.edu\/colegio\/?page_id=14713"},"modified":"2025-10-27T23:12:17","modified_gmt":"2025-10-27T21:12:17","slug":"instalaciones-2","status":"publish","type":"page","link":"https:\/\/granada.salesianos.edu\/colegio\/instalaciones-2\/","title":{"rendered":"Instalaciones"},"content":{"rendered":"<div id=\"fb-root\"><\/div>\n<p>[et_pb_section fb_built=\u00bb1&#8243; fullwidth=\u00bbon\u00bb next_background_color=\u00bb#ffffff\u00bb _builder_version=\u00bb4.27.4&#8243; background_image=\u00bbhttps:\/\/granada.salesianos.edu\/colegio\/wp-content\/uploads\/sites\/2\/2020\/02\/fondo_novedades_web.png\u00bb bottom_divider_style=\u00bbasymmetric2&#8243; saved_tabs=\u00bball\u00bb global_colors_info=\u00bb{}\u00bb global_module=\u00bb20660&#8243; theme_builder_area=\u00bbpost_content\u00bb][et_pb_fullwidth_header title=\u00bb@ET-DC@eyJkeW5hbWljIjp0cnVlLCJjb250ZW50IjoicG9zdF90aXRsZSIsInNldHRpbmdzIjp7ImJlZm9yZSI6IiIsImFmdGVyIjoiIn19@\u00bb title_font_color=\u00bb#ffffff\u00bb content_max_width_tablet=\u00bb88%\u00bb content_max_width_phone=\u00bb79%\u00bb content_max_width_last_edited=\u00bbon|phone\u00bb module_class=\u00bbpagina-imagen-cabecera\u00bb _builder_version=\u00bb4.27.4&#8243; _dynamic_attributes=\u00bbtitle\u00bb title_text_color=\u00bb#ffffff\u00bb title_font_size=\u00bb40px\u00bb background_color=\u00bbrgba(255, 255, 255, 0)\u00bb background_enable_image=\u00bboff\u00bb background_position=\u00bbbottom_left\u00bb transform_translate=\u00bb91px|91px\u00bb max_width_tablet=\u00bb50px\u00bb min_height=\u00bb329px\u00bb custom_padding=\u00bb||127px|||\u00bb background_url=\u00bbhttps:\/\/alicante.salesianos.edu\/colegio\/wp-content\/uploads\/sites\/2\/2017\/03\/Captura-de-pantalla-2017-03-21-a-las-17.25.56.png\u00bb global_colors_info=\u00bb{}\u00bb button_one_text_size__hover_enabled=\u00bboff\u00bb button_one_text_size__hover=\u00bbnull\u00bb button_two_text_size__hover_enabled=\u00bboff\u00bb button_two_text_size__hover=\u00bbnull\u00bb button_one_text_color__hover_enabled=\u00bboff\u00bb button_one_text_color__hover=\u00bbnull\u00bb button_two_text_color__hover_enabled=\u00bboff\u00bb button_two_text_color__hover=\u00bbnull\u00bb button_one_border_width__hover_enabled=\u00bboff\u00bb button_one_border_width__hover=\u00bbnull\u00bb button_two_border_width__hover_enabled=\u00bboff\u00bb button_two_border_width__hover=\u00bbnull\u00bb button_one_border_color__hover_enabled=\u00bboff\u00bb button_one_border_color__hover=\u00bbnull\u00bb button_two_border_color__hover_enabled=\u00bboff\u00bb button_two_border_color__hover=\u00bbnull\u00bb button_one_border_radius__hover_enabled=\u00bboff\u00bb button_one_border_radius__hover=\u00bbnull\u00bb button_two_border_radius__hover_enabled=\u00bboff\u00bb button_two_border_radius__hover=\u00bbnull\u00bb button_one_letter_spacing__hover_enabled=\u00bboff\u00bb button_one_letter_spacing__hover=\u00bbnull\u00bb button_two_letter_spacing__hover_enabled=\u00bboff\u00bb button_two_letter_spacing__hover=\u00bbnull\u00bb button_one_bg_color__hover_enabled=\u00bboff\u00bb button_one_bg_color__hover=\u00bbnull\u00bb button_two_bg_color__hover_enabled=\u00bboff\u00bb button_two_bg_color__hover=\u00bbnull\u00bb theme_builder_area=\u00bbpost_content\u00bb][\/et_pb_fullwidth_header][\/et_pb_section][et_pb_section fb_built=\u00bb1&#8243; module_class=\u00bbpagina-seccion-contenido\u00bb _builder_version=\u00bb4.16&#8243; min_height=\u00bb1671.4px\u00bb custom_margin=\u00bb-61px|||||\u00bb custom_padding=\u00bb0%|||\u00bb locked=\u00bboff\u00bb global_colors_info=\u00bb{}\u00bb][et_pb_row _builder_version=\u00bb4.16&#8243; width=\u00bb100%\u00bb min_height=\u00bb92px\u00bb custom_margin=\u00bb77px|23px||224px|false|false\u00bb custom_padding=\u00bb0px||88px|||\u00bb global_colors_info=\u00bb{}\u00bb][et_pb_column type=\u00bb4_4&#8243; _builder_version=\u00bb4.16&#8243; custom_padding=\u00bb|||\u00bb global_colors_info=\u00bb{}\u00bb custom_padding__hover=\u00bb|||\u00bb][et_pb_text _builder_version=\u00bb4.16&#8243; width_tablet=\u00bb87%\u00bb width_phone=\u00bb81%\u00bb width_last_edited=\u00bbon|phone\u00bb custom_margin=\u00bb19px|-74px|14px|-170px|false|false\u00bb custom_padding=\u00bb10px|||4px||\u00bb global_colors_info=\u00bb{}\u00bb]<\/p>\n<p style=\"text-align: center;\"><span style=\"color: #4f4b4b; font-size: xx-large;\"><span style=\"caret-color: #4f4b4b;\"><b>Espacios para cada\u00a0<\/b><\/span><\/span><span style=\"color: #4f4b4b; font-size: xx-large;\"><span style=\"caret-color: #4f4b4b;\"><b>etapa<\/b><\/span><\/span><\/p>\n<p>[\/et_pb_text][et_pb_text content_tablet=\u00bb\u00bb content_phone=\u00bb\u00bb content_last_edited=\u00bbon|phone\u00bb _builder_version=\u00bb4.16&#8243; width_tablet=\u00bb73%\u00bb width_phone=\u00bb63%\u00bb width_last_edited=\u00bbon|phone\u00bb custom_margin=\u00bb-27px||-17px|-109px|false|false\u00bb custom_margin_tablet=\u00bb|||-105px|false|false\u00bb custom_margin_phone=\u00bb-52px|||-123px|false|false\u00bb custom_margin_last_edited=\u00bbon|tablet\u00bb global_colors_info=\u00bb{}\u00bb]<\/p>\n<h3 style=\"text-align: center;\"><strong><span style=\"color: #808080;\"><em>Cada etapa dispone de un pabell\u00f3n con patios y espacios independientes para que puedan llevar su propia din\u00e1mica.<\/em><\/span><\/strong><\/h3>\n<p>[\/et_pb_text][et_pb_divider divider_weight=\u00bb2px\u00bb _builder_version=\u00bb4.16&#8243; width=\u00bb66%\u00bb min_height=\u00bb0px\u00bb custom_margin=\u00bb9px|||135px|false|false\u00bb custom_margin_tablet=\u00bb-26px|||-89px|false|false\u00bb custom_margin_phone=\u00bb33px|||-140px|false|false\u00bb custom_margin_last_edited=\u00bbon|phone\u00bb global_colors_info=\u00bb{}\u00bb][\/et_pb_divider][\/et_pb_column][\/et_pb_row][et_pb_row column_structure=\u00bb3_5,2_5&#8243; use_custom_gutter=\u00bbon\u00bb gutter_width=\u00bb0&#8243; make_equal=\u00bbon\u00bb admin_label=\u00bbWorkshops and Events Area\u00bb module_class=\u00bb et_pb_row_fullwidth\u00bb _builder_version=\u00bb4.16&#8243; z_index=\u00bb20&#8243; width=\u00bb100%\u00bb width_tablet=\u00bb100%\u00bb width_phone=\u00bb\u00bb width_last_edited=\u00bbon|desktop\u00bb max_width=\u00bb100%\u00bb max_width_tablet=\u00bb100%\u00bb max_width_phone=\u00bb\u00bb max_width_last_edited=\u00bbon|desktop\u00bb max_height=\u00bb591px\u00bb custom_margin=\u00bb-54px|28px||2px|false|false\u00bb custom_padding=\u00bb0px||0px|\u00bb make_fullwidth=\u00bbon\u00bb locked=\u00bboff\u00bb global_colors_info=\u00bb{}\u00bb][et_pb_column type=\u00bb3_5&#8243; _builder_version=\u00bb4.16&#8243; background_image=\u00bbhttps:\/\/granada.salesianos.edu\/colegio\/wp-content\/uploads\/sites\/2\/2020\/12\/colegio-vista-aerea-salesianos-granada.jpg\u00bb background_repeat=\u00bbrepeat\u00bb custom_padding=\u00bb|||\u00bb filter_saturate=\u00bb130%\u00bb filter_contrast=\u00bb120%\u00bb filter_invert=\u00bb5%\u00bb global_colors_info=\u00bb{}\u00bb custom_padding__hover=\u00bb|||\u00bb][et_pb_divider show_divider=\u00bboff\u00bb _builder_version=\u00bb4.16&#8243; height=\u00bb400px\u00bb locked=\u00bboff\u00bb global_colors_info=\u00bb{}\u00bb][\/et_pb_divider][\/et_pb_column][et_pb_column type=\u00bb2_5&#8243; _builder_version=\u00bb4.16&#8243; background_color=\u00bb#ffffff\u00bb custom_padding=\u00bb10%|5%|10%|5%\u00bb global_colors_info=\u00bb{}\u00bb custom_padding__hover=\u00bb|||\u00bb][et_pb_text _builder_version=\u00bb4.16&#8243; width_tablet=\u00bb87%\u00bb width_phone=\u00bb81%\u00bb width_last_edited=\u00bbon|phone\u00bb custom_margin=\u00bb3px|-74px|14px|-170px|false|false\u00bb custom_margin_tablet=\u00bb\u00bb custom_margin_phone=\u00bb3px|-74px|14px|34px|false|false\u00bb custom_margin_last_edited=\u00bbon|phone\u00bb custom_padding=\u00bb10px|||4px||\u00bb locked=\u00bboff\u00bb global_colors_info=\u00bb{}\u00bb]<\/p>\n<p style=\"text-align: center;\"><span style=\"color: #4f4b4b; font-size: xx-large;\"><span style=\"caret-color: #4f4b4b;\"><b>Nuestras instalaciones<\/b><\/span><\/span><\/p>\n<p>[\/et_pb_text][et_pb_divider divider_weight=\u00bb2px\u00bb _builder_version=\u00bb4.16&#8243; width=\u00bb66%\u00bb min_height=\u00bb0px\u00bb custom_margin=\u00bb-23px|||23px|false|false\u00bb custom_margin_tablet=\u00bb-26px|||-89px|false|false\u00bb custom_margin_phone=\u00bb-18px|||65px|false|false\u00bb custom_margin_last_edited=\u00bbon|phone\u00bb locked=\u00bboff\u00bb global_colors_info=\u00bb{}\u00bb][\/et_pb_divider][et_pb_text _builder_version=\u00bb4.16&#8243; global_colors_info=\u00bb{}\u00bb]<\/p>\n<h4><span style=\"color: #4f4b4b;\">El centro cuenta con una gran variedad de instalaciones, generando espacios que favorecen la acci\u00f3n educativa y que permiten albergar un gran movimiento juvenil dentro y fuera del horario lectivo.\u00a0Destacan sus instalaciones deportivas, teatro, edificios escolar\u2026Las asignaturas de m\u00fasica, tecnolog\u00eda, psicomotricicdad, ciencias con un laboratorio, pl\u00e1stica y dibujo t\u00e9cnico cuentan con aula propia y material espec\u00edfico. Adem\u00e1s, contamos con un bonito huerto.<\/span><\/h4>\n<p>[\/et_pb_text][et_pb_button button_url=\u00bbhttp:\/\/glsaudiovisuales.com\u00bb button_text=\u00bbTOUR DEL COLEGIO \u00bb _builder_version=\u00bb4.16&#8243; custom_button=\u00bbon\u00bb button_text_color=\u00bb#ffffff\u00bb button_bg_color=\u00bb#e02b20&#8243; background_layout=\u00bbdark\u00bb global_colors_info=\u00bb{}\u00bb][\/et_pb_button][\/et_pb_column][\/et_pb_row][et_pb_row _builder_version=\u00bb4.16&#8243; custom_margin=\u00bb28px|||237px|false|false\u00bb global_colors_info=\u00bb{}\u00bb][et_pb_column type=\u00bb4_4&#8243; _builder_version=\u00bb4.16&#8243; global_colors_info=\u00bb{}\u00bb][et_pb_text _builder_version=\u00bb4.16&#8243; width_tablet=\u00bb87%\u00bb width_phone=\u00bb81%\u00bb width_last_edited=\u00bbon|phone\u00bb custom_margin=\u00bb19px|-74px|14px|-170px|false|false\u00bb custom_padding=\u00bb10px|||4px||\u00bb locked=\u00bboff\u00bb global_colors_info=\u00bb{}\u00bb]<\/p>\n<p style=\"text-align: center;\"><span style=\"color: #4f4b4b; font-size: xx-large;\"><span style=\"caret-color: #4f4b4b;\"><b>Teatro<\/b><\/span><\/span><\/p>\n<p>[\/et_pb_text][et_pb_divider divider_weight=\u00bb2px\u00bb _builder_version=\u00bb4.16&#8243; width=\u00bb66%\u00bb min_height=\u00bb0px\u00bb custom_margin=\u00bb-24px|||135px|false|false\u00bb custom_margin_tablet=\u00bb-26px|||-89px|false|false\u00bb custom_margin_phone=\u00bb-13px|||-131px|false|false\u00bb custom_margin_last_edited=\u00bbon|phone\u00bb locked=\u00bboff\u00bb global_colors_info=\u00bb{}\u00bb][\/et_pb_divider][\/et_pb_column][\/et_pb_row][et_pb_row column_structure=\u00bb1_3,1_3,1_3&#8243; use_custom_gutter=\u00bbon\u00bb gutter_width=\u00bb0&#8243; make_equal=\u00bbon\u00bb disabled_on=\u00bboff|off|off\u00bb admin_label=\u00bbTeatro\u00bb module_id=\u00bbteatro\u00bb module_class=\u00bb et_pb_row_fullwidth\u00bb _builder_version=\u00bb4.16&#8243; width=\u00bb100%\u00bb width_tablet=\u00bb100%\u00bb width_phone=\u00bb\u00bb width_last_edited=\u00bbon|desktop\u00bb max_width=\u00bb100%\u00bb max_width_tablet=\u00bb100%\u00bb max_width_phone=\u00bb\u00bb max_width_last_edited=\u00bbon|desktop\u00bb custom_margin=\u00bb2px||-22px||false|false\u00bb custom_padding=\u00bb0px||0px|\u00bb make_fullwidth=\u00bbon\u00bb locked=\u00bboff\u00bb global_colors_info=\u00bb{}\u00bb][et_pb_column type=\u00bb1_3&#8243; _builder_version=\u00bb4.16&#8243; background_image=\u00bbhttps:\/\/granada.salesianos.edu\/colegio\/wp-content\/uploads\/sites\/2\/2020\/12\/teatro-salesianos-granada-2.jpeg\u00bb custom_padding=\u00bb|||\u00bb filter_saturate=\u00bb140%\u00bb filter_contrast=\u00bb105%\u00bb global_colors_info=\u00bb{}\u00bb custom_padding__hover=\u00bb|||\u00bb][et_pb_divider show_divider=\u00bboff\u00bb _builder_version=\u00bb4.16&#8243; height=\u00bb400px\u00bb locked=\u00bboff\u00bb global_colors_info=\u00bb{}\u00bb][\/et_pb_divider][\/et_pb_column][et_pb_column type=\u00bb1_3&#8243; _builder_version=\u00bb4.16&#8243; background_color=\u00bb#dc001b\u00bb background_repeat=\u00bbrepeat\u00bb custom_padding=\u00bb10%|5%|10%|5%\u00bb global_colors_info=\u00bb{}\u00bb custom_padding__hover=\u00bb|||\u00bb][et_pb_text _builder_version=\u00bb4.16&#8243; text_font=\u00bbPoppins||||||||\u00bb text_text_color=\u00bbrgba(255,255,255,0.7)\u00bb text_font_size=\u00bb18px\u00bb text_line_height=\u00bb1.8em\u00bb custom_margin=\u00bb25px|||\u00bb animation_style=\u00bbfold\u00bb animation_direction=\u00bbleft\u00bb animation_intensity_fold=\u00bb10%\u00bb animation_starting_opacity=\u00bb100%\u00bb locked=\u00bboff\u00bb global_colors_info=\u00bb{}\u00bb]<\/p>\n<p><strong>Nuestro colegio cuenta con un teatro completamente equipado y\u00a0con espacio para m\u00e1s de 400 personas en el que se llevan a cabo diversos actos, obras de teatro, ensayos y proyectos musicales.<\/strong><\/p>\n<p>[\/et_pb_text][\/et_pb_column][et_pb_column type=\u00bb1_3&#8243; _builder_version=\u00bb4.16&#8243; background_image=\u00bbhttps:\/\/granada.salesianos.edu\/colegio\/wp-content\/uploads\/sites\/2\/2020\/12\/teatro-salesianos-granada-1.jpeg\u00bb custom_padding=\u00bb|||\u00bb filter_saturate=\u00bb140%\u00bb filter_contrast=\u00bb105%\u00bb global_colors_info=\u00bb{}\u00bb custom_padding__hover=\u00bb|||\u00bb][\/et_pb_column][\/et_pb_row][et_pb_row column_structure=\u00bb3_4,1_4&#8243; _builder_version=\u00bb4.16&#8243; custom_margin=\u00bb130px||||false|false\u00bb global_colors_info=\u00bb{}\u00bb][et_pb_column type=\u00bb3_4&#8243; _builder_version=\u00bb4.16&#8243; global_colors_info=\u00bb{}\u00bb][et_pb_code _builder_version=\u00bb4.16&#8243; locked=\u00bboff\u00bb global_colors_info=\u00bb{}\u00bb]<center><iframe loading=\"lazy\" src=\"https:\/\/www.facebook.com\/plugins\/post.php?href=https%3A%2F%2Fwww.facebook.com%2FSalesianosGR%2Fphotos%2Fa.845138502226049%2F4917609088312283%2F&#038;width=750&#038;show_text=true&#038;height=412&#038;appId\" width=\"750\" height=\"412\" style=\"border:none;overflow:hidden\" scrolling=\"no\" frameborder=\"0\" allowfullscreen=\"true\" allow=\"autoplay; clipboard-write; encrypted-media; picture-in-picture; web-share\"><\/iframe><\/center>[\/et_pb_code][\/et_pb_column][et_pb_column type=\u00bb1_4&#8243; _builder_version=\u00bb4.16&#8243; global_colors_info=\u00bb{}\u00bb][et_pb_text _builder_version=\u00bb4.16&#8243; width_tablet=\u00bb87%\u00bb width_phone=\u00bb81%\u00bb width_last_edited=\u00bbon|phone\u00bb custom_margin=\u00bb19px|-74px|14px|37px|false|false\u00bb custom_padding=\u00bb10px|||4px||\u00bb locked=\u00bboff\u00bb global_colors_info=\u00bb{}\u00bb]<\/p>\n<p style=\"text-align: center;\"><span style=\"color: #4f4b4b; font-size: xx-large;\"><span style=\"caret-color: #4f4b4b;\"><b>Iglesia <\/b><\/span><\/span><\/p>\n<p style=\"text-align: center;\"><span style=\"color: #4f4b4b; font-size: xx-large;\"><span style=\"caret-color: #4f4b4b;\"><b>Mar\u00eda Auxiliadora<\/b><\/span><\/span><\/p>\n<p>[\/et_pb_text][et_pb_divider divider_weight=\u00bb2px\u00bb _builder_version=\u00bb4.16&#8243; width=\u00bb66%\u00bb min_height=\u00bb0px\u00bb custom_margin=\u00bb-23px|||23px|false|false\u00bb custom_margin_tablet=\u00bb-26px|||-89px|false|false\u00bb custom_margin_phone=\u00bb-13px|||66px|false|false\u00bb custom_margin_last_edited=\u00bbon|phone\u00bb locked=\u00bboff\u00bb global_colors_info=\u00bb{}\u00bb][\/et_pb_divider][et_pb_text _builder_version=\u00bb4.16&#8243; custom_margin=\u00bb8px||||false|false\u00bb locked=\u00bboff\u00bb global_colors_info=\u00bb{}\u00bb]<\/p>\n<h4><span style=\"color: #4f4b4b;\"><span>La Iglesia es un lugar especial para nosotros. Es el lugar donde se llevan a cabo las celebraciones y actos, y momentos de interiorizaci\u00f3n y oraci\u00f3n<\/span>.<\/span><\/h4>\n<p>[\/et_pb_text][\/et_pb_column][\/et_pb_row][et_pb_row column_structure=\u00bb1_4,3_4&#8243; _builder_version=\u00bb4.16&#8243; global_colors_info=\u00bb{}\u00bb][et_pb_column type=\u00bb1_4&#8243; _builder_version=\u00bb4.16&#8243; global_colors_info=\u00bb{}\u00bb][et_pb_text _builder_version=\u00bb4.17.4&#8243; width_tablet=\u00bb87%\u00bb width_phone=\u00bb81%\u00bb width_last_edited=\u00bbon|phone\u00bb custom_margin=\u00bb-35px|-74px|14px|32px|false|false\u00bb custom_padding=\u00bb10px|||4px||\u00bb locked=\u00bboff\u00bb global_colors_info=\u00bb{}\u00bb]<\/p>\n<p style=\"text-align: center;\"><span style=\"color: #4f4b4b; font-size: xx-large;\"><span style=\"caret-color: #4f4b4b;\"><b>Polideportivo<\/b><\/span><\/span><\/p>\n<p>[\/et_pb_text][et_pb_divider divider_weight=\u00bb2px\u00bb _builder_version=\u00bb4.16&#8243; width=\u00bb66%\u00bb min_height=\u00bb0px\u00bb custom_margin=\u00bb-23px|||51px|false|false\u00bb custom_margin_tablet=\u00bb-26px|||-89px|false|false\u00bb custom_margin_phone=\u00bb-15px|||57px|false|false\u00bb custom_margin_last_edited=\u00bbon|phone\u00bb locked=\u00bboff\u00bb global_colors_info=\u00bb{}\u00bb][\/et_pb_divider][et_pb_text _builder_version=\u00bb4.16&#8243; custom_margin=\u00bb8px||||false|false\u00bb locked=\u00bboff\u00bb global_colors_info=\u00bb{}\u00bb]<\/p>\n<h4><span style=\"color: #4b4f4f;\">El colegio cuenta con un pabell\u00f3n cubierto que puede utilizarse para futbol, baloncesto, voleibol\u2026<\/span><\/h4>\n<p>[\/et_pb_text][\/et_pb_column][et_pb_column type=\u00bb3_4&#8243; _builder_version=\u00bb4.16&#8243; global_colors_info=\u00bb{}\u00bb][et_pb_code _builder_version=\u00bb4.16&#8243; custom_margin=\u00bb47px||||false|false\u00bb locked=\u00bboff\u00bb global_colors_info=\u00bb{}\u00bb]<center><iframe loading=\"lazy\" src=\"https:\/\/www.facebook.com\/plugins\/post.php?href=https%3A%2F%2Fwww.facebook.com%2FSalesianosGR%2Fphotos%2Fa.845138502226049%2F4980319078707950%2F&#038;width=750&#038;show_text=true&#038;height=412&#038;appId\" width=\"750\" height=\"412\" style=\"border:none;overflow:hidden\" scrolling=\"no\" frameborder=\"0\" allowfullscreen=\"true\" allow=\"autoplay; clipboard-write; encrypted-media; picture-in-picture; web-share\"><\/iframe><\/center>[\/et_pb_code][\/et_pb_column][\/et_pb_row][et_pb_row column_structure=\u00bb1_3,1_3,1_3&#8243; use_custom_gutter=\u00bbon\u00bb gutter_width=\u00bb0&#8243; make_equal=\u00bbon\u00bb admin_label=\u00bbWorkshops and Events Area\u00bb module_class=\u00bb et_pb_row_fullwidth\u00bb _builder_version=\u00bb4.16&#8243; z_index=\u00bb20&#8243; width=\u00bb100%\u00bb width_tablet=\u00bb100%\u00bb width_phone=\u00bb\u00bb width_last_edited=\u00bbon|desktop\u00bb max_width=\u00bb100%\u00bb max_width_tablet=\u00bb100%\u00bb max_width_phone=\u00bb\u00bb max_width_last_edited=\u00bbon|desktop\u00bb max_height=\u00bb500px\u00bb custom_margin=\u00bb|||\u00bb custom_padding=\u00bb0px||0px|\u00bb make_fullwidth=\u00bbon\u00bb locked=\u00bboff\u00bb global_colors_info=\u00bb{}\u00bb][et_pb_column type=\u00bb1_3&#8243; _builder_version=\u00bb4.16&#8243; background_image=\u00bbhttps:\/\/granada.salesianos.edu\/colegio\/wp-content\/uploads\/sites\/2\/2020\/12\/Pistas-exteriores-salesianos-granada.png\u00bb background_repeat=\u00bbrepeat\u00bb custom_padding=\u00bb|||\u00bb filter_saturate=\u00bb130%\u00bb filter_contrast=\u00bb105%\u00bb global_colors_info=\u00bb{}\u00bb custom_padding__hover=\u00bb|||\u00bb][et_pb_divider show_divider=\u00bboff\u00bb _builder_version=\u00bb4.16&#8243; height=\u00bb400px\u00bb locked=\u00bboff\u00bb global_colors_info=\u00bb{}\u00bb][\/et_pb_divider][\/et_pb_column][et_pb_column type=\u00bb1_3&#8243; _builder_version=\u00bb4.16&#8243; background_color=\u00bb#ffffff\u00bb custom_padding=\u00bb10%|5%|10%|5%\u00bb global_colors_info=\u00bb{}\u00bb custom_padding__hover=\u00bb|||\u00bb][et_pb_text _builder_version=\u00bb4.16&#8243; width_tablet=\u00bb87%\u00bb width_phone=\u00bb81%\u00bb width_last_edited=\u00bbon|phone\u00bb custom_margin=\u00bb-29px|-74px|14px|33px|false|false\u00bb custom_padding=\u00bb10px|||4px||\u00bb locked=\u00bboff\u00bb global_colors_info=\u00bb{}\u00bb]<\/p>\n<p style=\"text-align: center;\"><span style=\"color: #4f4b4b; font-size: xx-large;\"><span style=\"caret-color: #4f4b4b;\"><b>Pistas exteriores<\/b><\/span><\/span><\/p>\n<p>[\/et_pb_text][et_pb_divider divider_weight=\u00bb2px\u00bb _builder_version=\u00bb4.16&#8243; width=\u00bb66%\u00bb min_height=\u00bb0px\u00bb custom_margin=\u00bb-23px|||68px|false|false\u00bb custom_margin_tablet=\u00bb-26px|||-89px|false|false\u00bb custom_margin_phone=\u00bb33px|||-140px|false|false\u00bb custom_margin_last_edited=\u00bbon|phone\u00bb locked=\u00bboff\u00bb global_colors_info=\u00bb{}\u00bb][\/et_pb_divider][et_pb_text _builder_version=\u00bb4.16&#8243; custom_margin=\u00bb8px||||false|false\u00bb locked=\u00bboff\u00bb global_colors_info=\u00bb{}\u00bb]<\/p>\n<h4><span style=\"color: #4b4f4f;\"><span>En nuestras instalaciones disponemos de 4 pistas de f\u00fatbol sala, 2 canchas de baloncesto y 1 de voleyball.<\/span>\u2026<\/span><\/h4>\n<p>[\/et_pb_text][\/et_pb_column][et_pb_column type=\u00bb1_3&#8243; _builder_version=\u00bb4.16&#8243; background_color=\u00bb#ffffff\u00bb background_image=\u00bbhttps:\/\/granada.salesianos.edu\/colegio\/wp-content\/uploads\/sites\/2\/2020\/12\/pistas-exteriores-salesianos-granada-3.jpg\u00bb custom_padding=\u00bb10%|5%|10%|5%\u00bb global_colors_info=\u00bb{}\u00bb custom_padding__hover=\u00bb|||\u00bb][et_pb_divider color=\u00bb#51626f\u00bb divider_position=\u00bbcenter\u00bb divider_weight=\u00bb3px\u00bb _builder_version=\u00bb4.16&#8243; max_width=\u00bb50px\u00bb module_alignment=\u00bbleft\u00bb animation_style=\u00bbslide\u00bb animation_direction=\u00bbtop\u00bb animation_intensity_slide=\u00bb10%\u00bb animation_starting_opacity=\u00bb100%\u00bb locked=\u00bboff\u00bb global_colors_info=\u00bb{}\u00bb][\/et_pb_divider][\/et_pb_column][\/et_pb_row][et_pb_row _builder_version=\u00bb4.16&#8243; width=\u00bb100%\u00bb min_height=\u00bb92px\u00bb custom_margin=\u00bb77px|23px||224px|false|false\u00bb custom_padding=\u00bb0px||88px|||\u00bb locked=\u00bboff\u00bb global_colors_info=\u00bb{}\u00bb][et_pb_column type=\u00bb4_4&#8243; _builder_version=\u00bb4.16&#8243; custom_padding=\u00bb|||\u00bb global_colors_info=\u00bb{}\u00bb custom_padding__hover=\u00bb|||\u00bb][et_pb_text _builder_version=\u00bb4.16&#8243; width_tablet=\u00bb87%\u00bb width_phone=\u00bb81%\u00bb width_last_edited=\u00bbon|phone\u00bb custom_margin=\u00bb-45px|-74px|14px|-170px|false|false\u00bb custom_padding=\u00bb10px|||4px||\u00bb global_colors_info=\u00bb{}\u00bb]<\/p>\n<p style=\"text-align: center;\"><span style=\"color: #4f4b4b; font-size: xx-large;\"><span style=\"caret-color: #4f4b4b;\"><b>Aulas de inform\u00e1tica<\/b><\/span><\/span><\/p>\n<p>[\/et_pb_text][et_pb_text content_tablet=\u00bb\u00bb content_phone=\u00bb\u00bb content_last_edited=\u00bbon|phone\u00bb _builder_version=\u00bb4.16&#8243; width_tablet=\u00bb73%\u00bb width_phone=\u00bb63%\u00bb width_last_edited=\u00bbon|phone\u00bb custom_margin=\u00bb-27px||-17px|-109px|false|false\u00bb custom_margin_tablet=\u00bb|||-105px|false|false\u00bb custom_margin_phone=\u00bb-52px|||-123px|false|false\u00bb custom_margin_last_edited=\u00bbon|tablet\u00bb global_colors_info=\u00bb{}\u00bb]<\/p>\n<h3 style=\"text-align: center;\"><strong><span style=\"color: #808080;\"><em>Disponemos de 4 aulas de inform\u00e1tica distribuidas por todo el colegio con m\u00e1s de 130 ordenadores.<\/em><\/span><\/strong><\/h3>\n<p>[\/et_pb_text][et_pb_divider divider_weight=\u00bb2px\u00bb _builder_version=\u00bb4.16&#8243; width=\u00bb66%\u00bb min_height=\u00bb0px\u00bb custom_margin=\u00bb9px|||135px|false|false\u00bb custom_margin_tablet=\u00bb-26px|||-89px|false|false\u00bb custom_margin_phone=\u00bb33px|||-140px|false|false\u00bb custom_margin_last_edited=\u00bbon|phone\u00bb global_colors_info=\u00bb{}\u00bb][\/et_pb_divider][\/et_pb_column][\/et_pb_row][et_pb_row column_structure=\u00bb2_5,3_5&#8243; _builder_version=\u00bb4.16&#8243; custom_margin=\u00bb-93px||||false|false\u00bb global_colors_info=\u00bb{}\u00bb][et_pb_column type=\u00bb2_5&#8243; _builder_version=\u00bb4.16&#8243; global_colors_info=\u00bb{}\u00bb][et_pb_gallery gallery_ids=\u00bb14753,14752,13508,13505,13512,13503&#8243; fullwidth=\u00bbon\u00bb _builder_version=\u00bb4.16&#8243; global_colors_info=\u00bb{}\u00bb][\/et_pb_gallery][\/et_pb_column][et_pb_column type=\u00bb3_5&#8243; _builder_version=\u00bb4.16&#8243; global_colors_info=\u00bb{}\u00bb][et_pb_text _builder_version=\u00bb4.16&#8243; custom_margin=\u00bb20px||||false|false\u00bb locked=\u00bboff\u00bb global_colors_info=\u00bb{}\u00bb]<\/p>\n<h3><span style=\"color: #4b4f4f;\"><span style=\"font-size: x-large;\"><span style=\"font-size: large;\">Adem\u00e1s de nuestras cuatro salas de ordenadores, contamos con armarios de ordenadores port\u00e1tiles, Chromebook\u00a0que se est\u00e1n utilizando en algunos cursos superiores y que, poco a poco, se ir\u00e1n implementando en el resto de cursos,\u00a0<\/span><\/span><\/span><span style=\"color: #4b4f4f;\"><span style=\"font-size: x-large;\"><span style=\"font-size: large;\">iPad lo que nos permite acceder a un sinf\u00edn de actividades y contenidos audiovisuales que enriquecen y dotan de una mayor significatividad a todo lo que aprendemos. Todo para que nuestro alumnado pueda seguir form\u00e1ndose en la TIC\u00b4s. Desarrollando sus conocimientos sobre las nuevas tecnolog\u00edas.<\/span><\/span>\u00a0<\/span><\/h3>\n<p>[\/et_pb_text][\/et_pb_column][\/et_pb_row][et_pb_row _builder_version=\u00bb4.16&#8243; custom_margin=\u00bb-48px|||245px|false|false\u00bb global_colors_info=\u00bb{}\u00bb][et_pb_column type=\u00bb4_4&#8243; _builder_version=\u00bb4.16&#8243; global_colors_info=\u00bb{}\u00bb][et_pb_text _builder_version=\u00bb4.16&#8243; width_tablet=\u00bb87%\u00bb width_phone=\u00bb81%\u00bb width_last_edited=\u00bbon|phone\u00bb custom_margin=\u00bb19px|-74px|14px|-170px|false|false\u00bb custom_padding=\u00bb10px|||4px||\u00bb locked=\u00bboff\u00bb global_colors_info=\u00bb{}\u00bb]<\/p>\n<p style=\"text-align: center;\"><span style=\"color: #4f4b4b; font-size: xx-large;\"><span style=\"caret-color: #4f4b4b;\"><b>Instalaciones infantil\u00a0<\/b><\/span><\/span><\/p>\n<p>[\/et_pb_text][et_pb_divider divider_weight=\u00bb2px\u00bb _builder_version=\u00bb4.16&#8243; width=\u00bb66%\u00bb min_height=\u00bb0px\u00bb custom_margin=\u00bb-24px|||135px|false|false\u00bb custom_margin_tablet=\u00bb-26px|||-89px|false|false\u00bb custom_margin_phone=\u00bb-19px|||-138px|false|false\u00bb custom_margin_last_edited=\u00bbon|phone\u00bb locked=\u00bboff\u00bb global_colors_info=\u00bb{}\u00bb][\/et_pb_divider][et_pb_text content_tablet=\u00bb\u00bb content_phone=\u00bb\u00bb content_last_edited=\u00bbon|phone\u00bb _builder_version=\u00bb4.16&#8243; width_tablet=\u00bb73%\u00bb width_phone=\u00bb63%\u00bb width_last_edited=\u00bbon|phone\u00bb custom_margin=\u00bb-27px||-17px|-109px|false|false\u00bb custom_margin_tablet=\u00bb|||-105px|false|false\u00bb custom_margin_phone=\u00bb-81px|||-123px|false|false\u00bb custom_margin_last_edited=\u00bbon|tablet\u00bb locked=\u00bboff\u00bb global_colors_info=\u00bb{}\u00bb]<\/p>\n<h3 style=\"text-align: center;\"><strong><span><i style=\"color: #808080;\">La din\u00e1mica de\u00a0<\/i><span style=\"color: #808080;\"><span style=\"caret-color: #808080;\"><i>Educaci\u00f3n<\/i><\/span><\/span><i style=\"color: #808080;\">\u00a0Infantil es\u00a0<\/i><span style=\"color: #808080;\"><span style=\"caret-color: #808080;\"><i>diferente<\/i><\/span><\/span><i style=\"color: #808080;\">\u00a0por lo que\u00a0<\/i><span style=\"color: #808080;\"><span style=\"caret-color: #808080;\"><i>tienen<\/i><\/span><\/span><i style=\"color: #808080;\">\u00a0aulas y patio espec\u00edficos donde pueden desarrollar todas sus\u00a0<\/i><\/span><\/strong><span style=\"color: #808080;\"><span style=\"caret-color: #808080;\"><b><i>actividades.<\/i><\/b><\/span><\/span><\/h3>\n<p>[\/et_pb_text][\/et_pb_column][\/et_pb_row][et_pb_row column_structure=\u00bb3_4,1_4&#8243; _builder_version=\u00bb4.16&#8243; global_colors_info=\u00bb{}\u00bb][et_pb_column type=\u00bb3_4&#8243; _builder_version=\u00bb4.16&#8243; global_colors_info=\u00bb{}\u00bb][et_pb_code _builder_version=\u00bb4.16&#8243; locked=\u00bboff\u00bb global_colors_info=\u00bb{}\u00bb]<center><\/p>\n<td style=\"vertical-align:middle;\" ><iframe loading=\"lazy\" src=\"https:\/\/www.facebook.com\/plugins\/post.php?href=https%3A%2F%2Fwww.facebook.com%2FSalesianosGR%2Fphotos%2Fa.845138502226049%2F4948937355179456%2F&#038;width=750&#038;show_text=true&#038;height=412&#038;appId\" width=\"750\" height=\"412\" style=\"border:none;overflow:hidden\" scrolling=\"no\" frameborder=\"0\" allowfullscreen=\"true\" allow=\"autoplay; clipboard-write; encrypted-media; picture-in-picture; web-share\"><\/iframe><\/td>\n<p><\/center>[\/et_pb_code][\/et_pb_column][et_pb_column type=\u00bb1_4&#8243; _builder_version=\u00bb4.16&#8243; global_colors_info=\u00bb{}\u00bb][et_pb_text _builder_version=\u00bb4.16&#8243; custom_margin=\u00bb46px||||false|false\u00bb locked=\u00bboff\u00bb global_colors_info=\u00bb{}\u00bb]<\/p>\n<h3><span style=\"color: #4b4f4f;\"><span style=\"font-size: x-large;\"><span style=\"font-size: large;\">Nuestros alumnos de Infantil son los m\u00e1s peque\u00f1os de la casa y requieren de una atenci\u00f3n especial. Es por ello que disponen de un patio independiente a su pabell\u00f3n, as\u00ed como aula de psicomotricidad propias.<\/span><\/span><\/span><\/h3>\n<p>[\/et_pb_text][\/et_pb_column][\/et_pb_row][et_pb_row _builder_version=\u00bb4.16&#8243; width=\u00bb100%\u00bb min_height=\u00bb92px\u00bb custom_margin=\u00bb77px|23px||224px|false|false\u00bb custom_padding=\u00bb0px||88px|||\u00bb locked=\u00bboff\u00bb global_colors_info=\u00bb{}\u00bb][et_pb_column type=\u00bb4_4&#8243; _builder_version=\u00bb4.16&#8243; custom_padding=\u00bb|||\u00bb global_colors_info=\u00bb{}\u00bb custom_padding__hover=\u00bb|||\u00bb][et_pb_text _builder_version=\u00bb4.16&#8243; width_tablet=\u00bb87%\u00bb width_phone=\u00bb81%\u00bb width_last_edited=\u00bbon|phone\u00bb custom_margin=\u00bb-67px|-74px|14px|-170px|false|false\u00bb custom_padding=\u00bb10px|||4px||\u00bb global_colors_info=\u00bb{}\u00bb]<\/p>\n<p style=\"text-align: center;\"><span style=\"color: #4f4b4b; font-size: xx-large;\"><span style=\"caret-color: #4f4b4b;\"><b>Espacios para cada\u00a0<\/b><\/span><\/span><span style=\"color: #4f4b4b; font-size: xx-large;\"><span style=\"caret-color: #4f4b4b;\"><b>etapa<\/b><\/span><\/span><\/p>\n<p>[\/et_pb_text][et_pb_text content_tablet=\u00bb\u00bb content_phone=\u00bb\u00bb content_last_edited=\u00bbon|phone\u00bb _builder_version=\u00bb4.16&#8243; width_tablet=\u00bb73%\u00bb width_phone=\u00bb63%\u00bb width_last_edited=\u00bbon|phone\u00bb custom_margin=\u00bb-27px||-17px|-109px|false|false\u00bb custom_margin_tablet=\u00bb|||-105px|false|false\u00bb custom_margin_phone=\u00bb-52px|||-123px|false|false\u00bb custom_margin_last_edited=\u00bbon|tablet\u00bb global_colors_info=\u00bb{}\u00bb]<\/p>\n<h3 style=\"text-align: center;\"><strong><span style=\"color: #808080;\"><em>Cada etapa dispone de un pabell\u00f3n con patios y espacios independientes para que puedan llevar su propia din\u00e1mica.<\/em><\/span><\/strong><\/h3>\n<p>[\/et_pb_text][et_pb_divider divider_weight=\u00bb2px\u00bb _builder_version=\u00bb4.16&#8243; width=\u00bb66%\u00bb min_height=\u00bb0px\u00bb custom_margin=\u00bb9px|||135px|false|false\u00bb custom_margin_tablet=\u00bb-26px|||-89px|false|false\u00bb custom_margin_phone=\u00bb33px|||-140px|false|false\u00bb custom_margin_last_edited=\u00bbon|phone\u00bb global_colors_info=\u00bb{}\u00bb][\/et_pb_divider][\/et_pb_column][\/et_pb_row][et_pb_row column_structure=\u00bb1_2,1_2&#8243; _builder_version=\u00bb4.16&#8243; custom_margin=\u00bb-86px||||false|false\u00bb global_colors_info=\u00bb{}\u00bb][et_pb_column type=\u00bb1_2&#8243; _builder_version=\u00bb4.16&#8243; global_colors_info=\u00bb{}\u00bb][et_pb_text _builder_version=\u00bb4.16&#8243; custom_margin=\u00bb-21px||||false|false\u00bb locked=\u00bboff\u00bb global_colors_info=\u00bb{}\u00bb]<\/p>\n<h3><span style=\"color: #4b4f4f; font-size: large;\">Nuestro servicio de comedor incluye una\u00a0<\/span><strong style=\"color: #4b4f4f; font-size: large;\">alimentaci\u00f3n equilibrada y saludable<\/strong><span style=\"color: #4b4f4f; font-size: large;\">\u00a0para nuestros alumnos.\u00a0Cocina propia con una\u00a0<span style=\"caret-color: #4b4f4f;\">gran<\/span>\u00a0variedad en nuestros men\u00fas.\u00a0<\/span><\/h3>\n<p>[\/et_pb_text][\/et_pb_column][et_pb_column type=\u00bb1_2&#8243; _builder_version=\u00bb4.16&#8243; global_colors_info=\u00bb{}\u00bb][et_pb_image src=\u00bbhttps:\/\/granada.salesianos.edu\/colegio\/wp-content\/uploads\/sites\/2\/2020\/12\/comedor-escolar-salesianos-granada-scaled.jpg\u00bb _builder_version=\u00bb4.16&#8243; global_colors_info=\u00bb{}\u00bb][\/et_pb_image][\/et_pb_column][\/et_pb_row][\/et_pb_section]<\/p>\n","protected":false},"excerpt":{"rendered":"<p>Espacios para cada\u00a0etapaCada etapa dispone de un pabell\u00f3n con patios y espacios independientes para que puedan llevar su propia din\u00e1mica.Nuestras instalacionesEl centro cuenta con una gran variedad de instalaciones, generando espacios que favorecen la acci\u00f3n educativa y que permiten albergar un gran movimiento juvenil dentro y fuera del horario lectivo.\u00a0Destacan sus instalaciones deportivas, teatro, edificios [&hellip;]<\/p>\n","protected":false},"author":2,"featured_media":0,"parent":0,"menu_order":0,"comment_status":"closed","ping_status":"closed","template":"","meta":{"_et_pb_use_builder":"on","_et_pb_old_content":"","_et_gb_content_width":"","footnotes":""},"class_list":["post-14713","page","type-page","status-publish","hentry"],"yoast_head":"<!-- This site is optimized with the Yoast SEO plugin v28.4 - https:\/\/yoast.com\/product\/yoast-seo-wordpress\/ -->\n<title>Instalaciones - Colegio Salesiano<\/title>\n<meta name=\"robots\" content=\"index, follow, max-snippet:-1, max-image-preview:large, max-video-preview:-1\" \/>\n<link rel=\"canonical\" href=\"https:\/\/granada.salesianos.edu\/colegio\/instalaciones-2\/\" \/>\n<meta property=\"og:locale\" content=\"es_ES\" \/>\n<meta property=\"og:type\" content=\"article\" \/>\n<meta property=\"og:title\" content=\"Instalaciones - Colegio Salesiano\" \/>\n<meta property=\"og:description\" content=\"Espacios para cada\u00a0etapaCada etapa dispone de un pabell\u00f3n con patios y espacios independientes para que puedan llevar su propia din\u00e1mica.Nuestras instalacionesEl centro cuenta con una gran variedad de instalaciones, generando espacios que favorecen la acci\u00f3n educativa y que permiten albergar un gran movimiento juvenil dentro y fuera del horario lectivo.\u00a0Destacan sus instalaciones deportivas, teatro, edificios [&hellip;]\" \/>\n<meta property=\"og:url\" content=\"https:\/\/granada.salesianos.edu\/colegio\/instalaciones-2\/\" \/>\n<meta property=\"og:site_name\" content=\"Colegio Salesiano\" \/>\n<meta property=\"article:publisher\" content=\"https:\/\/www.facebook.com\/SalesianosGR\/\" \/>\n<meta property=\"article:modified_time\" content=\"2025-10-27T21:12:17+00:00\" \/>\n<meta name=\"twitter:card\" content=\"summary_large_image\" \/>\n<meta name=\"twitter:site\" content=\"@GranadaSDB\" \/>\n<meta name=\"twitter:label1\" content=\"Tiempo de lectura\" \/>\n\t<meta name=\"twitter:data1\" content=\"4 minutos\" \/>\n<script type=\"application\/ld+json\" class=\"yoast-schema-graph\">{\"@context\":\"https:\\\/\\\/schema.org\",\"@graph\":[{\"@type\":\"WebPage\",\"@id\":\"https:\\\/\\\/granada.salesianos.edu\\\/colegio\\\/instalaciones-2\\\/\",\"url\":\"https:\\\/\\\/granada.salesianos.edu\\\/colegio\\\/instalaciones-2\\\/\",\"name\":\"Instalaciones - Colegio Salesiano\",\"isPartOf\":{\"@id\":\"https:\\\/\\\/granada.salesianos.edu\\\/colegio\\\/#website\"},\"datePublished\":\"2022-01-25T20:57:10+00:00\",\"dateModified\":\"2025-10-27T21:12:17+00:00\",\"breadcrumb\":{\"@id\":\"https:\\\/\\\/granada.salesianos.edu\\\/colegio\\\/instalaciones-2\\\/#breadcrumb\"},\"inLanguage\":\"es\",\"potentialAction\":[{\"@type\":\"ReadAction\",\"target\":[\"https:\\\/\\\/granada.salesianos.edu\\\/colegio\\\/instalaciones-2\\\/\"]}]},{\"@type\":\"BreadcrumbList\",\"@id\":\"https:\\\/\\\/granada.salesianos.edu\\\/colegio\\\/instalaciones-2\\\/#breadcrumb\",\"itemListElement\":[{\"@type\":\"ListItem\",\"position\":1,\"name\":\"Portada\",\"item\":\"https:\\\/\\\/granada.salesianos.edu\\\/colegio\\\/\"},{\"@type\":\"ListItem\",\"position\":2,\"name\":\"Instalaciones\"}]},{\"@type\":\"WebSite\",\"@id\":\"https:\\\/\\\/granada.salesianos.edu\\\/colegio\\\/#website\",\"url\":\"https:\\\/\\\/granada.salesianos.edu\\\/colegio\\\/\",\"name\":\"Colegio Salesiano\",\"description\":\"P\u00e1gina oficial de Salesianos Granada San Juan Bosco\",\"publisher\":{\"@id\":\"https:\\\/\\\/granada.salesianos.edu\\\/colegio\\\/#organization\"},\"potentialAction\":[{\"@type\":\"SearchAction\",\"target\":{\"@type\":\"EntryPoint\",\"urlTemplate\":\"https:\\\/\\\/granada.salesianos.edu\\\/colegio\\\/?s={search_term_string}\"},\"query-input\":{\"@type\":\"PropertyValueSpecification\",\"valueRequired\":true,\"valueName\":\"search_term_string\"}}],\"inLanguage\":\"es\"},{\"@type\":\"Organization\",\"@id\":\"https:\\\/\\\/granada.salesianos.edu\\\/colegio\\\/#organization\",\"name\":\"Colegio Salesiano San Juan Bosco Granada\",\"url\":\"https:\\\/\\\/granada.salesianos.edu\\\/colegio\\\/\",\"logo\":{\"@type\":\"ImageObject\",\"inLanguage\":\"es\",\"@id\":\"https:\\\/\\\/granada.salesianos.edu\\\/colegio\\\/#\\\/schema\\\/logo\\\/image\\\/\",\"url\":\"https:\\\/\\\/granada.salesianos.edu\\\/colegio\\\/wp-content\\\/uploads\\\/sites\\\/2\\\/2021\\\/01\\\/GRANADAobraVN2.jpg\",\"contentUrl\":\"https:\\\/\\\/granada.salesianos.edu\\\/colegio\\\/wp-content\\\/uploads\\\/sites\\\/2\\\/2021\\\/01\\\/GRANADAobraVN2.jpg\",\"width\":2113,\"height\":1894,\"caption\":\"Colegio Salesiano San Juan Bosco Granada\"},\"image\":{\"@id\":\"https:\\\/\\\/granada.salesianos.edu\\\/colegio\\\/#\\\/schema\\\/logo\\\/image\\\/\"},\"sameAs\":[\"https:\\\/\\\/www.facebook.com\\\/SalesianosGR\\\/\",\"https:\\\/\\\/x.com\\\/GranadaSDB\",\"https:\\\/\\\/www.instagram.com\\\/salesianosgranada\\\/\",\"https:\\\/\\\/www.youtube.com\\\/channel\\\/UChkpZuhCf4Y5rYIcFT3CNxw?view_as=subscriber\"]}]}<\/script>\n<!-- \/ Yoast SEO plugin. -->","yoast_head_json":{"title":"Instalaciones - Colegio Salesiano","robots":{"index":"index","follow":"follow","max-snippet":"max-snippet:-1","max-image-preview":"max-image-preview:large","max-video-preview":"max-video-preview:-1"},"canonical":"https:\/\/granada.salesianos.edu\/colegio\/instalaciones-2\/","og_locale":"es_ES","og_type":"article","og_title":"Instalaciones - Colegio Salesiano","og_description":"Espacios para cada\u00a0etapaCada etapa dispone de un pabell\u00f3n con patios y espacios independientes para que puedan llevar su propia din\u00e1mica.Nuestras instalacionesEl centro cuenta con una gran variedad de instalaciones, generando espacios que favorecen la acci\u00f3n educativa y que permiten albergar un gran movimiento juvenil dentro y fuera del horario lectivo.\u00a0Destacan sus instalaciones deportivas, teatro, edificios [&hellip;]","og_url":"https:\/\/granada.salesianos.edu\/colegio\/instalaciones-2\/","og_site_name":"Colegio Salesiano","article_publisher":"https:\/\/www.facebook.com\/SalesianosGR\/","article_modified_time":"2025-10-27T21:12:17+00:00","twitter_card":"summary_large_image","twitter_site":"@GranadaSDB","twitter_misc":{"Tiempo de lectura":"4 minutos"},"schema":{"@context":"https:\/\/schema.org","@graph":[{"@type":"WebPage","@id":"https:\/\/granada.salesianos.edu\/colegio\/instalaciones-2\/","url":"https:\/\/granada.salesianos.edu\/colegio\/instalaciones-2\/","name":"Instalaciones - Colegio Salesiano","isPartOf":{"@id":"https:\/\/granada.salesianos.edu\/colegio\/#website"},"datePublished":"2022-01-25T20:57:10+00:00","dateModified":"2025-10-27T21:12:17+00:00","breadcrumb":{"@id":"https:\/\/granada.salesianos.edu\/colegio\/instalaciones-2\/#breadcrumb"},"inLanguage":"es","potentialAction":[{"@type":"ReadAction","target":["https:\/\/granada.salesianos.edu\/colegio\/instalaciones-2\/"]}]},{"@type":"BreadcrumbList","@id":"https:\/\/granada.salesianos.edu\/colegio\/instalaciones-2\/#breadcrumb","itemListElement":[{"@type":"ListItem","position":1,"name":"Portada","item":"https:\/\/granada.salesianos.edu\/colegio\/"},{"@type":"ListItem","position":2,"name":"Instalaciones"}]},{"@type":"WebSite","@id":"https:\/\/granada.salesianos.edu\/colegio\/#website","url":"https:\/\/granada.salesianos.edu\/colegio\/","name":"Colegio Salesiano","description":"P\u00e1gina oficial de Salesianos Granada San Juan Bosco","publisher":{"@id":"https:\/\/granada.salesianos.edu\/colegio\/#organization"},"potentialAction":[{"@type":"SearchAction","target":{"@type":"EntryPoint","urlTemplate":"https:\/\/granada.salesianos.edu\/colegio\/?s={search_term_string}"},"query-input":{"@type":"PropertyValueSpecification","valueRequired":true,"valueName":"search_term_string"}}],"inLanguage":"es"},{"@type":"Organization","@id":"https:\/\/granada.salesianos.edu\/colegio\/#organization","name":"Colegio Salesiano San Juan Bosco Granada","url":"https:\/\/granada.salesianos.edu\/colegio\/","logo":{"@type":"ImageObject","inLanguage":"es","@id":"https:\/\/granada.salesianos.edu\/colegio\/#\/schema\/logo\/image\/","url":"https:\/\/granada.salesianos.edu\/colegio\/wp-content\/uploads\/sites\/2\/2021\/01\/GRANADAobraVN2.jpg","contentUrl":"https:\/\/granada.salesianos.edu\/colegio\/wp-content\/uploads\/sites\/2\/2021\/01\/GRANADAobraVN2.jpg","width":2113,"height":1894,"caption":"Colegio Salesiano San Juan Bosco Granada"},"image":{"@id":"https:\/\/granada.salesianos.edu\/colegio\/#\/schema\/logo\/image\/"},"sameAs":["https:\/\/www.facebook.com\/SalesianosGR\/","https:\/\/x.com\/GranadaSDB","https:\/\/www.instagram.com\/salesianosgranada\/","https:\/\/www.youtube.com\/channel\/UChkpZuhCf4Y5rYIcFT3CNxw?view_as=subscriber"]}]}},"_links":{"self":[{"href":"https:\/\/granada.salesianos.edu\/colegio\/wp-json\/wp\/v2\/pages\/14713","targetHints":{"allow":["GET"]}}],"collection":[{"href":"https:\/\/granada.salesianos.edu\/colegio\/wp-json\/wp\/v2\/pages"}],"about":[{"href":"https:\/\/granada.salesianos.edu\/colegio\/wp-json\/wp\/v2\/types\/page"}],"author":[{"embeddable":true,"href":"https:\/\/granada.salesianos.edu\/colegio\/wp-json\/wp\/v2\/users\/2"}],"replies":[{"embeddable":true,"href":"https:\/\/granada.salesianos.edu\/colegio\/wp-json\/wp\/v2\/comments?post=14713"}],"version-history":[{"count":24,"href":"https:\/\/granada.salesianos.edu\/colegio\/wp-json\/wp\/v2\/pages\/14713\/revisions"}],"predecessor-version":[{"id":20742,"href":"https:\/\/granada.salesianos.edu\/colegio\/wp-json\/wp\/v2\/pages\/14713\/revisions\/20742"}],"wp:attachment":[{"href":"https:\/\/granada.salesianos.edu\/colegio\/wp-json\/wp\/v2\/media?parent=14713"}],"curies":[{"name":"wp","href":"https:\/\/api.w.org\/{rel}","templated":true}]}}