{"id":14866,"date":"2022-02-02T20:18:15","date_gmt":"2022-02-02T18:18:15","guid":{"rendered":"https:\/\/granada.salesianos.edu\/colegio\/?page_id=14866"},"modified":"2026-03-05T11:49:21","modified_gmt":"2026-03-05T09:49:21","slug":"jornadas-pa-general","status":"publish","type":"page","link":"https:\/\/granada.salesianos.edu\/colegio\/jornadas-pa-general\/","title":{"rendered":"Puertas Abiertas"},"content":{"rendered":"<div id=\"fb-root\"><\/div>\n<p>[et_pb_section fb_built=\u00bb1&#8243; fullwidth=\u00bbon\u00bb next_background_color=\u00bb#ffffff\u00bb _builder_version=\u00bb4.27.4&#8243; background_image=\u00bbhttps:\/\/granada.salesianos.edu\/colegio\/wp-content\/uploads\/sites\/2\/2020\/02\/fondo_novedades_web.png\u00bb bottom_divider_style=\u00bbasymmetric2&#8243; global_module=\u00bb20660&#8243; saved_tabs=\u00bball\u00bb global_colors_info=\u00bb{}\u00bb][et_pb_fullwidth_header title=\u00bb@ET-DC@eyJkeW5hbWljIjp0cnVlLCJjb250ZW50IjoicG9zdF90aXRsZSIsInNldHRpbmdzIjp7ImJlZm9yZSI6IiIsImFmdGVyIjoiIn19@\u00bb title_font_color=\u00bb#ffffff\u00bb content_max_width_tablet=\u00bb88%\u00bb content_max_width_phone=\u00bb79%\u00bb content_max_width_last_edited=\u00bbon|phone\u00bb admin_label=\u00bbT\u00edtulo de anchura completa\u00bb module_class=\u00bbpagina-imagen-cabecera\u00bb _builder_version=\u00bb4.27.4&#8243; _dynamic_attributes=\u00bbtitle\u00bb title_text_color=\u00bb#ffffff\u00bb title_font_size=\u00bb40px\u00bb background_color=\u00bbrgba(255, 255, 255, 0)\u00bb background_enable_image=\u00bboff\u00bb background_position=\u00bbbottom_left\u00bb transform_translate=\u00bb91px|91px\u00bb max_width_tablet=\u00bb50px\u00bb min_height=\u00bb329px\u00bb custom_padding=\u00bb||127px|||\u00bb background_url=\u00bbhttps:\/\/alicante.salesianos.edu\/colegio\/wp-content\/uploads\/sites\/2\/2017\/03\/Captura-de-pantalla-2017-03-21-a-las-17.25.56.png\u00bb global_colors_info=\u00bb{}\u00bb button_one_text_size__hover_enabled=\u00bboff\u00bb button_one_text_size__hover=\u00bbnull\u00bb button_two_text_size__hover_enabled=\u00bboff\u00bb button_two_text_size__hover=\u00bbnull\u00bb button_one_text_color__hover_enabled=\u00bboff\u00bb button_one_text_color__hover=\u00bbnull\u00bb button_two_text_color__hover_enabled=\u00bboff\u00bb button_two_text_color__hover=\u00bbnull\u00bb button_one_border_width__hover_enabled=\u00bboff\u00bb button_one_border_width__hover=\u00bbnull\u00bb button_two_border_width__hover_enabled=\u00bboff\u00bb button_two_border_width__hover=\u00bbnull\u00bb button_one_border_color__hover_enabled=\u00bboff\u00bb button_one_border_color__hover=\u00bbnull\u00bb button_two_border_color__hover_enabled=\u00bboff\u00bb button_two_border_color__hover=\u00bbnull\u00bb button_one_border_radius__hover_enabled=\u00bboff\u00bb button_one_border_radius__hover=\u00bbnull\u00bb button_two_border_radius__hover_enabled=\u00bboff\u00bb button_two_border_radius__hover=\u00bbnull\u00bb button_one_letter_spacing__hover_enabled=\u00bboff\u00bb button_one_letter_spacing__hover=\u00bbnull\u00bb button_two_letter_spacing__hover_enabled=\u00bboff\u00bb button_two_letter_spacing__hover=\u00bbnull\u00bb button_one_bg_color__hover_enabled=\u00bboff\u00bb button_one_bg_color__hover=\u00bbnull\u00bb button_two_bg_color__hover_enabled=\u00bboff\u00bb button_two_bg_color__hover=\u00bbnull\u00bb][\/et_pb_fullwidth_header][\/et_pb_section][et_pb_section fb_built=\u00bb1&#8243; _builder_version=\u00bb4.20.0&#8243; global_colors_info=\u00bb{}\u00bb][et_pb_row _builder_version=\u00bb4.23.1&#8243; _module_preset=\u00bbdefault\u00bb global_colors_info=\u00bb{}\u00bb][et_pb_column type=\u00bb4_4&#8243; _builder_version=\u00bb4.23.1&#8243; _module_preset=\u00bbdefault\u00bb global_colors_info=\u00bb{}\u00bb][et_pb_text _builder_version=\u00bb4.27.4&#8243; _module_preset=\u00bbdefault\u00bb text_font_size=\u00bb9px\u00bb header_4_font_size=\u00bb25px\u00bb global_colors_info=\u00bb{}\u00bb]<\/p>\n<p style=\"text-align: center;\"><span style=\"text-decoration: underline;\"><span style=\"font-size: xx-large; color: #313131;\"><strong>VISITA GRUPALES E INDIVIDUALES<\/strong><\/span><\/span><\/p>\n<p style=\"text-align: center;\"><span style=\"color: #cd001b;\"><span style=\"font-size: xx-large;\"><strong>Reserva tu cita en el siguiente formulario. <\/strong><\/span><span style=\"font-size: xx-large;\"><strong>Te respondemos en 48h &#8211; 72h. Visita de 60\u201375 min por etapas + turno de preguntas + ayuda con la solicitud<\/strong><\/span><\/span><\/p>\n<p>&nbsp;<\/p>\n<p>[\/et_pb_text][et_pb_image src=\u00bbhttps:\/\/granada.salesianos.edu\/colegio\/wp-content\/uploads\/sites\/2\/2026\/03\/WhatsApp-Image-2026-03-05-at-10.44.50.jpeg\u00bb _builder_version=\u00bb4.27.5&#8243; _module_preset=\u00bbdefault\u00bb title_text=\u00bbWhatsApp Image 2026-03-05 at 10.44.50&#8243; hover_enabled=\u00bb0&#8243; sticky_enabled=\u00bb0&#8243;][\/et_pb_image][\/et_pb_column][\/et_pb_row][et_pb_row column_structure=\u00bb1_3,1_3,1_3&#8243; _builder_version=\u00bb4.27.4&#8243; _module_preset=\u00bbdefault\u00bb background_color=\u00bb#D6D6D6&#8243; custom_margin=\u00bb-13px||105px||false|false\u00bb custom_padding=\u00bb||||false|false\u00bb locked=\u00bboff\u00bb global_colors_info=\u00bb{}\u00bb][et_pb_column type=\u00bb1_3&#8243; _builder_version=\u00bb4.16&#8243; _module_preset=\u00bbdefault\u00bb global_colors_info=\u00bb{}\u00bb][et_pb_blurb title=\u00bbFORMULARIO CITA PREVIA 2026&#8243; use_icon=\u00bbon\u00bb font_icon=\u00bb&#x68;||divi||400&#8243; _builder_version=\u00bb4.27.4&#8243; body_text_color=\u00bb#E02B20&#8243; text_orientation=\u00bbcenter\u00bb custom_margin=\u00bb11px||||false|false\u00bb link_option_url=\u00bbhttps:\/\/docs.google.com\/forms\/d\/e\/1FAIpQLSfSiTa_S_LlcU6aTTnQwFxONJkPl1MAKxu2a8FYMHijQW6QZA\/viewform\u00bb locked=\u00bboff\u00bb global_colors_info=\u00bb{}\u00bb]<\/p>\n<p><span style=\"color: #dc001b;\"><strong>Rellena este formulario en 30 segundos\u00a0<\/strong><\/span><\/p>\n<p>[\/et_pb_blurb][\/et_pb_column][et_pb_column type=\u00bb1_3&#8243; _builder_version=\u00bb4.16&#8243; _module_preset=\u00bbdefault\u00bb global_colors_info=\u00bb{}\u00bb][et_pb_blurb title=\u00bbTEL\u00c9FONO DE CONTACTO\u00bb use_icon=\u00bbon\u00bb font_icon=\u00bb&#xe090;||divi||400&#8243; _builder_version=\u00bb4.27.4&#8243; text_orientation=\u00bbcenter\u00bb locked=\u00bboff\u00bb global_colors_info=\u00bb{}\u00bb]<\/p>\n<h2><strong>958 811 611<\/strong><\/h2>\n<p>&nbsp;<\/p>\n<p>[\/et_pb_blurb][\/et_pb_column][et_pb_column type=\u00bb1_3&#8243; _builder_version=\u00bb4.16&#8243; _module_preset=\u00bbdefault\u00bb global_colors_info=\u00bb{}\u00bb][et_pb_blurb title=\u00bbEMAIL\u00bb use_icon=\u00bbon\u00bb font_icon=\u00bb&#xe010;||divi||400&#8243; _builder_version=\u00bb4.16&#8243; text_orientation=\u00bbcenter\u00bb locked=\u00bboff\u00bb global_colors_info=\u00bb{}\u00bb]<\/p>\n<p><a href=\"mailto:direccioncolegio.granadasjb@salesianos.edu \"><strong>direccioncolegio.granadasjb@salesianos.edu<\/strong><\/a><\/p>\n<p>[\/et_pb_blurb][\/et_pb_column][\/et_pb_row][et_pb_row column_structure=\u00bb1_2,1_2&#8243; _builder_version=\u00bb4.27.4&#8243; _module_preset=\u00bbdefault\u00bb custom_margin=\u00bb-112px||||false|false\u00bb global_colors_info=\u00bb{}\u00bb][et_pb_column type=\u00bb1_2&#8243; _builder_version=\u00bb4.27.4&#8243; _module_preset=\u00bbdefault\u00bb global_colors_info=\u00bb{}\u00bb][et_pb_image src=\u00bbhttps:\/\/granada.salesianos.edu\/colegio\/wp-content\/uploads\/sites\/2\/2026\/01\/222.jpg\u00bb title_text=\u00bb222&#8243; _builder_version=\u00bb4.27.4&#8243; _module_preset=\u00bbdefault\u00bb global_colors_info=\u00bb{}\u00bb][\/et_pb_image][et_pb_button button_url=\u00bbhttps:\/\/granada.salesianos.edu\/colegio\/infantil\/\u00bb button_text=\u00bbCONOCE NUESTRA ETAPA DE INFANTIL\u00bb button_alignment=\u00bbleft\u00bb _builder_version=\u00bb4.27.4&#8243; _module_preset=\u00bbdefault\u00bb custom_button=\u00bbon\u00bb button_text_size=\u00bb19px\u00bb button_text_color=\u00bb#FFFFFF\u00bb button_bg_color=\u00bb#E02B20&#8243; button_border_width=\u00bb6px\u00bb button_border_radius=\u00bb9px\u00bb transform_scale=\u00bb102%|102%\u00bb custom_margin=\u00bb-102px|||65px|false|false\u00bb custom_margin_tablet=\u00bb-102px|||65px|false|false\u00bb custom_margin_phone=\u00bb-82px|||0px|false|false\u00bb custom_margin_last_edited=\u00bbon|phone\u00bb global_colors_info=\u00bb{}\u00bb][\/et_pb_button][\/et_pb_column][et_pb_column type=\u00bb1_2&#8243; _builder_version=\u00bb4.27.4&#8243; _module_preset=\u00bbdefault\u00bb global_colors_info=\u00bb{}\u00bb][et_pb_image src=\u00bbhttps:\/\/granada.salesianos.edu\/colegio\/wp-content\/uploads\/sites\/2\/2026\/01\/111.jpg\u00bb title_text=\u00bb111&#8243; _builder_version=\u00bb4.27.4&#8243; _module_preset=\u00bbdefault\u00bb width=\u00bb99%\u00bb custom_margin=\u00bb19px||||false|false\u00bb global_colors_info=\u00bb{}\u00bb][\/et_pb_image][et_pb_button button_url=\u00bbhttps:\/\/granada.salesianos.edu\/colegio\/primaria\/\u00bb button_text=\u00bbCONOCE NUESTRA ETAPA DE PRIMARIA\u00bb _builder_version=\u00bb4.27.4&#8243; _module_preset=\u00bbdefault\u00bb custom_button=\u00bbon\u00bb button_text_color=\u00bb#FFFFFF\u00bb button_bg_color=\u00bb#E02B20&#8243; button_border_width=\u00bb6px\u00bb button_border_radius=\u00bb11px\u00bb custom_margin=\u00bb-28px||-83px|-3px|false|false\u00bb global_colors_info=\u00bb{}\u00bb][\/et_pb_button][\/et_pb_column][\/et_pb_row][et_pb_row column_structure=\u00bb1_2,1_2&#8243; _builder_version=\u00bb4.27.4&#8243; _module_preset=\u00bbdefault\u00bb custom_margin=\u00bb25px||||false|false\u00bb global_colors_info=\u00bb{}\u00bb][et_pb_column type=\u00bb1_2&#8243; _builder_version=\u00bb4.27.4&#8243; _module_preset=\u00bbdefault\u00bb global_colors_info=\u00bb{}\u00bb][et_pb_image src=\u00bbhttps:\/\/granada.salesianos.edu\/colegio\/wp-content\/uploads\/sites\/2\/2025\/12\/uniforme-2.png\u00bb title_text=\u00bbuniforme\u00bb _builder_version=\u00bb4.27.4&#8243; _module_preset=\u00bbdefault\u00bb global_colors_info=\u00bb{}\u00bb][\/et_pb_image][et_pb_button button_url=\u00bbhttps:\/\/granada.salesianos.edu\/colegio\/eso\/\u00bb button_text=\u00bbCONOCE NUESTRA ETAPA ESO\u00bb _builder_version=\u00bb4.27.4&#8243; _module_preset=\u00bbdefault\u00bb custom_button=\u00bbon\u00bb button_text_color=\u00bb#FFFFFF\u00bb button_bg_color=\u00bb#E02B20&#8243; button_border_width=\u00bb1px\u00bb button_border_radius=\u00bb7px\u00bb custom_margin=\u00bb-22px||-56px|8px|false|false\u00bb global_colors_info=\u00bb{}\u00bb][\/et_pb_button][\/et_pb_column][et_pb_column type=\u00bb1_2&#8243; _builder_version=\u00bb4.27.4&#8243; _module_preset=\u00bbdefault\u00bb global_colors_info=\u00bb{}\u00bb][et_pb_image src=\u00bbhttps:\/\/granada.salesianos.edu\/colegio\/wp-content\/uploads\/sites\/2\/2026\/01\/bachi-scaled.jpg\u00bb title_text=\u00bbbachi\u00bb _builder_version=\u00bb4.27.4&#8243; _module_preset=\u00bbdefault\u00bb custom_margin=\u00bb34px||||false|false\u00bb global_colors_info=\u00bb{}\u00bb][\/et_pb_image][et_pb_button button_url=\u00bbhttps:\/\/granada.salesianos.edu\/colegio\/bachillerato-concertado\/\u00bb button_text=\u00bbCONOCE NUESTRO BACHILLERATO\u00bb _builder_version=\u00bb4.27.4&#8243; _module_preset=\u00bbdefault\u00bb custom_button=\u00bbon\u00bb button_text_color=\u00bb#FFFFFF\u00bb button_bg_color=\u00bb#E02B20&#8243; button_border_width=\u00bb1px\u00bb button_border_radius=\u00bb7px\u00bb custom_margin=\u00bb-24px||-56px|13px|false|false\u00bb global_colors_info=\u00bb{}\u00bb][\/et_pb_button][\/et_pb_column][\/et_pb_row][et_pb_row disabled_on=\u00bbon|off|off\u00bb _builder_version=\u00bb4.27.4&#8243; _module_preset=\u00bbdefault\u00bb custom_margin=\u00bb59px||||false|false\u00bb global_colors_info=\u00bb{}\u00bb][et_pb_column type=\u00bb4_4&#8243; _builder_version=\u00bb4.27.4&#8243; _module_preset=\u00bbdefault\u00bb global_colors_info=\u00bb{}\u00bb][et_pb_video src=\u00bbhttps:\/\/granada.salesianos.edu\/colegio\/wp-content\/uploads\/sites\/2\/2025\/01\/Salesianos-Granada.-Todas-las-etapas.mp4&#8243; disabled_on=\u00bboff|off|off\u00bb _builder_version=\u00bb4.27.4&#8243; _module_preset=\u00bbdefault\u00bb global_colors_info=\u00bb{}\u00bb][\/et_pb_video][\/et_pb_column][\/et_pb_row][et_pb_row _builder_version=\u00bb4.27.4&#8243; _module_preset=\u00bbdefault\u00bb custom_margin=\u00bb35px||14px||false|false\u00bb global_colors_info=\u00bb{}\u00bb][et_pb_column type=\u00bb4_4&#8243; _builder_version=\u00bb4.27.4&#8243; _module_preset=\u00bbdefault\u00bb global_colors_info=\u00bb{}\u00bb][et_pb_text _builder_version=\u00bb4.27.4&#8243; _module_preset=\u00bbdefault\u00bb text_font_size=\u00bb9px\u00bb header_4_font_size=\u00bb25px\u00bb global_colors_info=\u00bb{}\u00bb]<\/p>\n<p style=\"text-align: center;\"><span style=\"text-decoration: underline;\"><span style=\"font-size: xx-large; color: #313131;\"><strong>PREGUNTAS FRECUENTES<\/strong><\/span><\/span><\/p>\n<p>&nbsp;<\/p>\n<p>[\/et_pb_text][\/et_pb_column][\/et_pb_row][et_pb_row disabled_on=\u00bboff|off|off\u00bb _builder_version=\u00bb4.27.4&#8243; _module_preset=\u00bbdefault\u00bb custom_margin=\u00bb-74px||||false|false\u00bb global_colors_info=\u00bb{}\u00bb][et_pb_column type=\u00bb4_4&#8243; _builder_version=\u00bb4.27.4&#8243; _module_preset=\u00bbdefault\u00bb global_colors_info=\u00bb{}\u00bb][et_pb_accordion open_toggle_background_color=\u00bb#FFFFFF\u00bb closed_toggle_background_color=\u00bb#E02B20&#8243; _builder_version=\u00bb4.27.4&#8243; _module_preset=\u00bbdefault\u00bb toggle_text_color=\u00bb#FFFFFF\u00bb toggle_level=\u00bbh1&#8243; toggle_font_size=\u00bb20px\u00bb width=\u00bb100%\u00bb max_width=\u00bb100%\u00bb min_height=\u00bb1000px\u00bb border_radii=\u00bbon|5px|5px|5px|5px\u00bb box_shadow_style=\u00bbpreset1&#8243; global_colors_info=\u00bb{}\u00bb][et_pb_accordion_item title=\u00bb\u00bfQu\u00e9 es la jornada de puertas abiertas y qu\u00e9 ver\u00e9 ese d\u00eda?\u00bb _builder_version=\u00bb4.27.4&#8243; _module_preset=\u00bbdefault\u00bb global_colors_info=\u00bb{}\u00bb open=\u00bbon\u00bb]<\/p>\n<p><span style=\"font-weight: 400;\"><br \/><\/span><span style=\"font-weight: 400;\"><b>\u00bfQu\u00e9 es la jornada de puertas abiertas y qu\u00e9 ver\u00e9 ese d\u00eda?<\/b><\/span><\/p>\n<p><span style=\"font-weight: 400;\">Una visita guiada por el centro, organizada por etapas, para conocer espacios, forma de trabajar y ambiente educativo. Al final tendr\u00e1s un tiempo para preguntas y orientaci\u00f3n sobre los pasos del proceso de solicitud.<\/span><\/p>\n<p>&nbsp;<\/p>\n<p>[\/et_pb_accordion_item][et_pb_accordion_item title=\u00bb\u00bfTengo que reservar o puedo venir sin avisar?\u00bb _builder_version=\u00bb4.27.4&#8243; _module_preset=\u00bbdefault\u00bb global_colors_info=\u00bb{}\u00bb open=\u00bboff\u00bb]<\/p>\n<p><span style=\"font-weight: 400;\">Recomendamos reservar para organizar grupos y atender mejor a cada familia. Si vienes sin reserva, intentaremos acogerte, pero puede que tengas que esperar a otro momento disponible.<\/span><\/p>\n<p>[\/et_pb_accordion_item][et_pb_accordion_item title=\u00bb\u00bfC\u00f3mo reservo la visita?\u00bb _builder_version=\u00bb4.27.4&#8243; _module_preset=\u00bbdefault\u00bb global_colors_info=\u00bb{}\u00bb open=\u00bboff\u00bb]<\/p>\n<p><span style=\"font-weight: 400;\">A trav\u00e9s del formulario de esta p\u00e1gina, contactando con secretar\u00eda por tel\u00e9fono o enviando un email a la direcci\u00f3n del colegio. Te confirmaremos d\u00eda, hora y punto de encuentro.<\/span><\/p>\n<p>[\/et_pb_accordion_item][et_pb_accordion_item title=\u00bb\u00bfCu\u00e1nto dura la visita y qui\u00e9n nos atiende?\u00bb _builder_version=\u00bb4.27.4&#8243; _module_preset=\u00bbdefault\u00bb global_colors_info=\u00bb{}\u00bb open=\u00bboff\u00bb]<\/p>\n<p><span style=\"font-weight: 400;\">Suele durar entre 60 y 75 minutos. Te acompa\u00f1a un miembro del equipo educativo\/directivo y, seg\u00fan la etapa, podr\u00e1s hablar con secretar\u00eda al final.<\/span><\/p>\n<p>[\/et_pb_accordion_item][et_pb_accordion_item title=\u00bb\u00bfPueden venir nuestros hijos\/hijas a la visita?\u00bb _builder_version=\u00bb4.27.4&#8243; _module_preset=\u00bbdefault\u00bb global_colors_info=\u00bb{}\u00bb open=\u00bboff\u00bb]<\/p>\n<p><span style=\"font-weight: 400;\">S\u00ed. Es recomendable para que conozcan el ambiente y los espacios. <\/span><\/p>\n<p>[\/et_pb_accordion_item][et_pb_accordion_item title=\u00bb\u00bfEl centro es concertado? \u00bfQu\u00e9 implica para la admisi\u00f3n?\u00bb _builder_version=\u00bb4.27.4&#8243; _module_preset=\u00bbdefault\u00bb global_colors_info=\u00bb{}\u00bb open=\u00bboff\u00bb]<\/p>\n<p><span style=\"font-weight: 400;\">S\u00ed. En nuestro centro, <\/span><b>todas las etapas son concertadas (gratuitas)<\/b><span style=\"font-weight: 400;\">, <\/span><b>excepto Infantil<\/b><span style=\"font-weight: 400;\">. En las <\/span><b>etapas concertadas<\/b><span style=\"font-weight: 400;\"> la admisi\u00f3n se rige por el <\/span><b>procedimiento oficial de Andaluc\u00eda<\/b><span style=\"font-weight: 400;\"> y depende de <\/span><b>baremo y vacantes<\/b><span style=\"font-weight: 400;\">.<\/span><span style=\"font-weight: 400;\"><br \/><\/span><span style=\"font-weight: 400;\">En cuanto al coste: en <\/span><b>ESO y Primaria<\/b><span style=\"font-weight: 400;\"> no hay cuotas mensuales. En <\/span><b>Bachillerato<\/b><span style=\"font-weight: 400;\"> hay una <\/span><b>matr\u00edcula inicial <\/b><span style=\"font-weight: 400;\">(181.42 \u20ac), pero <\/span><b>no se pagan mensualidades<\/b><span style=\"font-weight: 400;\">. En <\/span><b>Infantil<\/b><span style=\"font-weight: 400;\">, al no ser concertado, existe <\/span><b>matr\u00edcula y mensualidades<\/b><span style=\"font-weight: 400;\">.<\/span><\/p>\n<p><span style=\"font-weight: 400;\">Durante la visita te lo explicamos con total claridad y resolvemos tus dudas seg\u00fan la etapa que te interese.<\/span><\/p>\n<p>[\/et_pb_accordion_item][et_pb_accordion_item title=\u00bb\u00bfLa visita o la cita previa aseguran plaza?\u00bb _builder_version=\u00bb4.27.4&#8243; _module_preset=\u00bbdefault\u00bb global_colors_info=\u00bb{}\u00bb open=\u00bboff\u00bb]<\/p>\n<p><span style=\"font-weight: 400;\">No. La visita sirve para conocernos y orientarte. La adjudicaci\u00f3n de plazas se realiza seg\u00fan el procedimiento oficial, el baremo y las vacantes disponibles.<\/span><\/p>\n<p>[\/et_pb_accordion_item][et_pb_accordion_item title=\u00bb\u00bfQu\u00e9 significa que el centro sea salesiano?\u00bb _builder_version=\u00bb4.27.4&#8243; _module_preset=\u00bbdefault\u00bb global_colors_info=\u00bb{}\u00bb open=\u00bboff\u00bb]<\/p>\n<p><span style=\"font-weight: 400;\">Significa educar desde un clima de familia, cercan\u00eda y acompa\u00f1amiento, con un estilo preventivo: estar presentes, cuidar la convivencia y ayudar a crecer a cada alumno. Queremos que cada ni\u00f1o y joven se sienta conocido y acompa\u00f1ado.<\/span><\/p>\n<p>[\/et_pb_accordion_item][et_pb_accordion_item title=\u00bb\u00bfC\u00f3mo acompa\u00f1\u00e1is al alumnado (tutor\u00eda, orientaci\u00f3n y convivencia)?\u00bb _builder_version=\u00bb4.27.4&#8243; _module_preset=\u00bbdefault\u00bb global_colors_info=\u00bb{}\u00bb open=\u00bboff\u00bb]<\/p>\n<p><span style=\"font-weight: 400;\">A trav\u00e9s de tutor\u00eda y orientaci\u00f3n, coordinaci\u00f3n con las familias y un trabajo constante de convivencia. Te explicaremos ejemplos concretos de seguimiento y de c\u00f3mo actuamos cuando alguien tiene dificultades.<\/span><\/p>\n<p>[\/et_pb_accordion_item][et_pb_accordion_item title=\u00bb\u00bfC\u00f3mo se solicita plaza en Andaluc\u00eda y cu\u00e1les son las fechas?\u00bb _builder_version=\u00bb4.27.4&#8243; _module_preset=\u00bbdefault\u00bb global_colors_info=\u00bb{}\u00bb open=\u00bboff\u00bb]<\/p>\n<p><span style=\"font-weight: 400;\">La solicitud se presenta en el plazo oficial que publica la Junta de Andaluc\u00eda cada curso. En la visita te damos una gu\u00eda pr\u00e1ctica paso a paso y te indicamos d\u00f3nde consultar el calendario oficial.<\/span><\/p>\n<p>[\/et_pb_accordion_item][et_pb_accordion_item title=\u00bb\u00bfQu\u00e9 documentaci\u00f3n suele pedirse para la solicitud?\u00bb _builder_version=\u00bb4.27.4&#8243; _module_preset=\u00bbdefault\u00bb global_colors_info=\u00bb{}\u00bb open=\u00bboff\u00bb]<\/p>\n<p><span style=\"font-weight: 400;\">Depende de cada caso (domicilio, hermanos, circunstancias familiares\u2026). En la secretar\u00eda puede orientarte sobre lo b\u00e1sico seg\u00fan tu situaci\u00f3n.<\/span><\/p>\n<p>[\/et_pb_accordion_item][et_pb_accordion_item title=\u00bb\u00bfQu\u00e9 servicios ofrece el centro (comedor, aula matinal\/permanencia, actividades extraescolares, etc.)?\u00bb open=\u00bboff\u00bb _builder_version=\u00bb4.27.4&#8243; _module_preset=\u00bbdefault\u00bb global_colors_info=\u00bb{}\u00bb]<\/p>\n<p>Nuestra oferta es muy variada y nos adaptamos a las necesidades de cada curso. Disponemos de <a href=\"https:\/\/granada.salesianos.edu\/colegio\/aulamatinalypermanencia\/\">aula matinal<\/a> (antes del horario escolar) y permanencia (tras las clases) para los alumnos de infantil y primaria, facilitando compatibilizar el horario lectivo de los padres con el horario de los alumnos. Adem\u00e1s, contamos con comedor y <a href=\"https:\/\/granada.salesianos.edu\/colegio\/extraescolares\/\">actividades extraescolares<\/a> por las tardes y contamos con deportes como: f\u00fatbol, baloncesto, tenis, gimnasia r\u00edtmica, entre otras. Tambi\u00e9n, la casa salesiana, los viernes por la tarde tras los grupos de fe , los j\u00f3venes pueden venir a disfrutar en grupo en un entorno l\u00fadico y seguro en el oratorio organizado por el centro juvenil. Para m\u00e1s informaci\u00f3n pueden ponerse en contacto con nosotros en los enlaces de contacto o durante la visita guiada.<\/p>\n<p>[\/et_pb_accordion_item][et_pb_accordion_item title=\u00bb\u00bfC\u00f3mo se trabaja la orientaci\u00f3n en ESO y Bachillerato?\u00bb _builder_version=\u00bb4.27.4&#8243; _module_preset=\u00bbdefault\u00bb global_colors_info=\u00bb{}\u00bb open=\u00bboff\u00bb]<\/p>\n<p><span style=\"font-weight: 400;\">Con tutor\u00eda y orientaci\u00f3n para mejorar h\u00e1bitos de estudio, elegir itinerarios con criterio y preparar el siguiente paso. En la visita te contamos c\u00f3mo se hace ese seguimiento con alumnado y familias.<\/span><\/p>\n<p>[\/et_pb_accordion_item][et_pb_accordion_item title=\u00bb\u00bfC\u00f3mo gestion\u00e1is conflictos y situaciones de acoso?\u00bb _builder_version=\u00bb4.27.4&#8243; _module_preset=\u00bbdefault\u00bb global_colors_info=\u00bb{}\u00bb open=\u00bboff\u00bb]<\/p>\n<p><span style=\"font-weight: 400;\">Se act\u00faa con protocolos y con acompa\u00f1amiento, coordinando tutor\u00eda, orientaci\u00f3n y equipo directivo. La prioridad es proteger, educar y resolver con responsabilidad y colaboraci\u00f3n con la familia.<\/span><\/p>\n<p>[\/et_pb_accordion_item][et_pb_accordion_item title=\u00bbDespu\u00e9s de la visita, \u00bfcon qui\u00e9n contacto si me quedan dudas?\u00bb _builder_version=\u00bb4.27.4&#8243; _module_preset=\u00bbdefault\u00bb global_colors_info=\u00bb{}\u00bb open=\u00bboff\u00bb]<\/p>\n<p><span style=\"font-weight: 400;\">Con secretar\u00eda (<\/span><b>958 811 611<\/b><span style=\"font-weight: 400;\">) o al correo de la direcci\u00f3n del colegio: <\/span><a href=\"mailto:direccioncolegio.granadasjb@salesianos.edu\"><span style=\"font-weight: 400;\">direccioncolegio.granadasjb@salesianos.edu<\/span><\/a><span style=\"font-weight: 400;\"> . En la visita te indicaremos el canal m\u00e1s adecuado seg\u00fan tu caso.<\/span><\/p>\n<p>[\/et_pb_accordion_item][\/et_pb_accordion][\/et_pb_column][\/et_pb_row][et_pb_row _builder_version=\u00bb4.16&#8243; locked=\u00bboff\u00bb global_colors_info=\u00bb{}\u00bb][et_pb_column type=\u00bb4_4&#8243; _builder_version=\u00bb4.16&#8243; global_colors_info=\u00bb{}\u00bb][et_pb_text _builder_version=\u00bb4.16&#8243; text_font_size=\u00bb18px\u00bb vertical_offset_tablet=\u00bb0&#8243; horizontal_offset_tablet=\u00bb0&#8243; module_alignment=\u00bbcenter\u00bb z_index_tablet=\u00bb0&#8243; text_text_shadow_horizontal_length_tablet=\u00bb0px\u00bb text_text_shadow_vertical_length_tablet=\u00bb0px\u00bb text_text_shadow_blur_strength_tablet=\u00bb1px\u00bb link_text_shadow_horizontal_length_tablet=\u00bb0px\u00bb link_text_shadow_vertical_length_tablet=\u00bb0px\u00bb link_text_shadow_blur_strength_tablet=\u00bb1px\u00bb ul_text_shadow_horizontal_length_tablet=\u00bb0px\u00bb ul_text_shadow_vertical_length_tablet=\u00bb0px\u00bb ul_text_shadow_blur_strength_tablet=\u00bb1px\u00bb ol_text_shadow_horizontal_length_tablet=\u00bb0px\u00bb ol_text_shadow_vertical_length_tablet=\u00bb0px\u00bb ol_text_shadow_blur_strength_tablet=\u00bb1px\u00bb quote_text_shadow_horizontal_length_tablet=\u00bb0px\u00bb quote_text_shadow_vertical_length_tablet=\u00bb0px\u00bb quote_text_shadow_blur_strength_tablet=\u00bb1px\u00bb header_text_shadow_horizontal_length_tablet=\u00bb0px\u00bb header_text_shadow_vertical_length_tablet=\u00bb0px\u00bb header_text_shadow_blur_strength_tablet=\u00bb1px\u00bb header_2_text_shadow_horizontal_length_tablet=\u00bb0px\u00bb header_2_text_shadow_vertical_length_tablet=\u00bb0px\u00bb header_2_text_shadow_blur_strength_tablet=\u00bb1px\u00bb header_3_text_shadow_horizontal_length_tablet=\u00bb0px\u00bb header_3_text_shadow_vertical_length_tablet=\u00bb0px\u00bb header_3_text_shadow_blur_strength_tablet=\u00bb1px\u00bb header_4_text_shadow_horizontal_length_tablet=\u00bb0px\u00bb header_4_text_shadow_vertical_length_tablet=\u00bb0px\u00bb header_4_text_shadow_blur_strength_tablet=\u00bb1px\u00bb header_5_text_shadow_horizontal_length_tablet=\u00bb0px\u00bb header_5_text_shadow_vertical_length_tablet=\u00bb0px\u00bb header_5_text_shadow_blur_strength_tablet=\u00bb1px\u00bb header_6_text_shadow_horizontal_length_tablet=\u00bb0px\u00bb header_6_text_shadow_vertical_length_tablet=\u00bb0px\u00bb header_6_text_shadow_blur_strength_tablet=\u00bb1px\u00bb box_shadow_horizontal_tablet=\u00bb0px\u00bb box_shadow_vertical_tablet=\u00bb0px\u00bb box_shadow_blur_tablet=\u00bb40px\u00bb box_shadow_spread_tablet=\u00bb0px\u00bb locked=\u00bboff\u00bb global_colors_info=\u00bb{}\u00bb]<\/p>\n<h1 style=\"text-align: center;\"><\/h1>\n<h1 style=\"text-align: center;\">\u00a1P\u00e1sate por nuestras redes sociales para estar al d\u00eda de nuestras actividades!<\/h1>\n<p>[\/et_pb_text][et_pb_social_media_follow _builder_version=\u00bb4.16&#8243; vertical_offset_tablet=\u00bb0&#8243; horizontal_offset_tablet=\u00bb0&#8243; text_orientation=\u00bbcenter\u00bb z_index_tablet=\u00bb0&#8243; border_radii=\u00bbon|20px|20px|20px|20px\u00bb button_text_shadow_horizontal_length_tablet=\u00bb0px\u00bb button_text_shadow_vertical_length_tablet=\u00bb0px\u00bb button_text_shadow_blur_strength_tablet=\u00bb1px\u00bb box_shadow_horizontal_tablet=\u00bb0px\u00bb box_shadow_vertical_tablet=\u00bb0px\u00bb box_shadow_blur_tablet=\u00bb40px\u00bb box_shadow_spread_tablet=\u00bb0px\u00bb box_shadow_horizontal_button_tablet=\u00bb0px\u00bb box_shadow_vertical_button_tablet=\u00bb0px\u00bb box_shadow_blur_button_tablet=\u00bb40px\u00bb box_shadow_spread_button_tablet=\u00bb0px\u00bb text_shadow_horizontal_length_tablet=\u00bb0px\u00bb text_shadow_vertical_length_tablet=\u00bb0px\u00bb text_shadow_blur_strength_tablet=\u00bb1px\u00bb locked=\u00bboff\u00bb global_colors_info=\u00bb{}\u00bb][et_pb_social_media_follow_network social_network=\u00bbfacebook\u00bb url=\u00bbhttps:\/\/es-es.facebook.com\/SalesianosGR\/\u00bb _builder_version=\u00bb4.16&#8243; background_color=\u00bb#3b5998&#8243; vertical_offset_tablet=\u00bb0&#8243; vertical_offset_phone=\u00bb0&#8243; horizontal_offset_tablet=\u00bb0&#8243; horizontal_offset_phone=\u00bb0&#8243; background_color_gradient_direction_tablet=\u00bb180deg\u00bb background_color_gradient_direction_phone=\u00bb180deg\u00bb background_color_gradient_stops_tablet=\u00bb#2b87da 0%|#29c4a9 100%\u00bb background_color_gradient_stops_phone=\u00bb#2b87da 0%|#29c4a9 100%\u00bb background_color_gradient_start_position_tablet=\u00bb0%\u00bb background_color_gradient_start_position_phone=\u00bb0%\u00bb background_color_gradient_end_position_tablet=\u00bb100%\u00bb background_color_gradient_end_position_phone=\u00bb100%\u00bb z_index_tablet=\u00bb0&#8243; z_index_phone=\u00bb0&#8243; hover_transition_duration_tablet=\u00bb300ms\u00bb hover_transition_duration_phone=\u00bb300ms\u00bb hover_transition_delay_tablet=\u00bb0ms\u00bb hover_transition_delay_phone=\u00bb0ms\u00bb button_text_shadow_horizontal_length_tablet=\u00bb0px\u00bb button_text_shadow_horizontal_length_phone=\u00bb0px\u00bb button_text_shadow_vertical_length_tablet=\u00bb0px\u00bb button_text_shadow_vertical_length_phone=\u00bb0px\u00bb button_text_shadow_blur_strength_tablet=\u00bb1px\u00bb button_text_shadow_blur_strength_phone=\u00bb1px\u00bb box_shadow_horizontal_tablet=\u00bb0px\u00bb box_shadow_horizontal_phone=\u00bb0px\u00bb box_shadow_vertical_tablet=\u00bb0px\u00bb box_shadow_vertical_phone=\u00bb0px\u00bb box_shadow_blur_tablet=\u00bb40px\u00bb box_shadow_blur_phone=\u00bb40px\u00bb box_shadow_spread_tablet=\u00bb0px\u00bb box_shadow_spread_phone=\u00bb0px\u00bb box_shadow_horizontal_button_tablet=\u00bb0px\u00bb box_shadow_horizontal_button_phone=\u00bb0px\u00bb box_shadow_vertical_button_tablet=\u00bb0px\u00bb box_shadow_vertical_button_phone=\u00bb0px\u00bb box_shadow_blur_button_tablet=\u00bb40px\u00bb box_shadow_blur_button_phone=\u00bb40px\u00bb box_shadow_spread_button_tablet=\u00bb0px\u00bb box_shadow_spread_button_phone=\u00bb0px\u00bb global_colors_info=\u00bb{}\u00bb follow_button=\u00bboff\u00bb url_new_window=\u00bbon\u00bb]Facebook [\/et_pb_social_media_follow_network][et_pb_social_media_follow_network social_network=\u00bbtwitter\u00bb url=\u00bbhttps:\/\/twitter.com\/granadasdb?lang=es\u00bb _builder_version=\u00bb4.22.2&#8243; background_color=\u00bb#000000&#8243; vertical_offset_tablet=\u00bb0&#8243; vertical_offset_phone=\u00bb0&#8243; horizontal_offset_tablet=\u00bb0&#8243; horizontal_offset_phone=\u00bb0&#8243; background_color_gradient_direction_tablet=\u00bb180deg\u00bb background_color_gradient_direction_phone=\u00bb180deg\u00bb background_color_gradient_stops_tablet=\u00bb#2b87da 0%|#29c4a9 100%\u00bb background_color_gradient_stops_phone=\u00bb#2b87da 0%|#29c4a9 100%\u00bb background_color_gradient_start_position_tablet=\u00bb0%\u00bb background_color_gradient_start_position_phone=\u00bb0%\u00bb background_color_gradient_end_position_tablet=\u00bb100%\u00bb background_color_gradient_end_position_phone=\u00bb100%\u00bb z_index_tablet=\u00bb0&#8243; z_index_phone=\u00bb0&#8243; hover_transition_duration_tablet=\u00bb300ms\u00bb hover_transition_duration_phone=\u00bb300ms\u00bb hover_transition_delay_tablet=\u00bb0ms\u00bb hover_transition_delay_phone=\u00bb0ms\u00bb button_text_shadow_horizontal_length_tablet=\u00bb0px\u00bb button_text_shadow_horizontal_length_phone=\u00bb0px\u00bb button_text_shadow_vertical_length_tablet=\u00bb0px\u00bb button_text_shadow_vertical_length_phone=\u00bb0px\u00bb button_text_shadow_blur_strength_tablet=\u00bb1px\u00bb button_text_shadow_blur_strength_phone=\u00bb1px\u00bb box_shadow_horizontal_tablet=\u00bb0px\u00bb box_shadow_horizontal_phone=\u00bb0px\u00bb box_shadow_vertical_tablet=\u00bb0px\u00bb box_shadow_vertical_phone=\u00bb0px\u00bb box_shadow_blur_tablet=\u00bb40px\u00bb box_shadow_blur_phone=\u00bb40px\u00bb box_shadow_spread_tablet=\u00bb0px\u00bb box_shadow_spread_phone=\u00bb0px\u00bb box_shadow_horizontal_button_tablet=\u00bb0px\u00bb box_shadow_horizontal_button_phone=\u00bb0px\u00bb box_shadow_vertical_button_tablet=\u00bb0px\u00bb box_shadow_vertical_button_phone=\u00bb0px\u00bb box_shadow_blur_button_tablet=\u00bb40px\u00bb box_shadow_blur_button_phone=\u00bb40px\u00bb box_shadow_spread_button_tablet=\u00bb0px\u00bb box_shadow_spread_button_phone=\u00bb0px\u00bb global_colors_info=\u00bb{}\u00bb follow_button=\u00bboff\u00bb url_new_window=\u00bbon\u00bb]Twitter [\/et_pb_social_media_follow_network][et_pb_social_media_follow_network social_network=\u00bbinstagram\u00bb url=\u00bbhttps:\/\/www.instagram.com\/salesianosgranada\/?hl=es\u00bb _builder_version=\u00bb4.16&#8243; background_color=\u00bb#ea2c59&#8243; vertical_offset_tablet=\u00bb0&#8243; vertical_offset_phone=\u00bb0&#8243; horizontal_offset_tablet=\u00bb0&#8243; horizontal_offset_phone=\u00bb0&#8243; background_color_gradient_direction_tablet=\u00bb180deg\u00bb background_color_gradient_direction_phone=\u00bb180deg\u00bb background_color_gradient_stops_tablet=\u00bb#2b87da 0%|#29c4a9 100%\u00bb background_color_gradient_stops_phone=\u00bb#2b87da 0%|#29c4a9 100%\u00bb background_color_gradient_start_position_tablet=\u00bb0%\u00bb background_color_gradient_start_position_phone=\u00bb0%\u00bb background_color_gradient_end_position_tablet=\u00bb100%\u00bb background_color_gradient_end_position_phone=\u00bb100%\u00bb z_index_tablet=\u00bb0&#8243; z_index_phone=\u00bb0&#8243; hover_transition_duration_tablet=\u00bb300ms\u00bb hover_transition_duration_phone=\u00bb300ms\u00bb hover_transition_delay_tablet=\u00bb0ms\u00bb hover_transition_delay_phone=\u00bb0ms\u00bb button_text_shadow_horizontal_length_tablet=\u00bb0px\u00bb button_text_shadow_horizontal_length_phone=\u00bb0px\u00bb button_text_shadow_vertical_length_tablet=\u00bb0px\u00bb button_text_shadow_vertical_length_phone=\u00bb0px\u00bb button_text_shadow_blur_strength_tablet=\u00bb1px\u00bb button_text_shadow_blur_strength_phone=\u00bb1px\u00bb box_shadow_horizontal_tablet=\u00bb0px\u00bb box_shadow_horizontal_phone=\u00bb0px\u00bb box_shadow_vertical_tablet=\u00bb0px\u00bb box_shadow_vertical_phone=\u00bb0px\u00bb box_shadow_blur_tablet=\u00bb40px\u00bb box_shadow_blur_phone=\u00bb40px\u00bb box_shadow_spread_tablet=\u00bb0px\u00bb box_shadow_spread_phone=\u00bb0px\u00bb box_shadow_horizontal_button_tablet=\u00bb0px\u00bb box_shadow_horizontal_button_phone=\u00bb0px\u00bb box_shadow_vertical_button_tablet=\u00bb0px\u00bb box_shadow_vertical_button_phone=\u00bb0px\u00bb box_shadow_blur_button_tablet=\u00bb40px\u00bb box_shadow_blur_button_phone=\u00bb40px\u00bb box_shadow_spread_button_tablet=\u00bb0px\u00bb box_shadow_spread_button_phone=\u00bb0px\u00bb global_colors_info=\u00bb{}\u00bb follow_button=\u00bboff\u00bb url_new_window=\u00bbon\u00bb]Instagram [\/et_pb_social_media_follow_network][et_pb_social_media_follow_network social_network=\u00bbyoutube\u00bb url=\u00bbhttps:\/\/www.youtube.com\/channel\/UChkpZuhCf4Y5rYIcFT3CNxw?view_as=subscriber\u00bb _builder_version=\u00bb4.16&#8243; background_color=\u00bb#a82400&#8243; global_colors_info=\u00bb{}\u00bb follow_button=\u00bboff\u00bb url_new_window=\u00bbon\u00bb]youtube[\/et_pb_social_media_follow_network][\/et_pb_social_media_follow][\/et_pb_column][\/et_pb_row][\/et_pb_section][et_pb_section fb_built=\u00bb1&#8243; _builder_version=\u00bb4.16&#8243; locked=\u00bboff\u00bb global_colors_info=\u00bb{}\u00bb][et_pb_row _builder_version=\u00bb4.16&#8243; custom_padding=\u00bb26.1875px|0px|0px|0px\u00bb global_colors_info=\u00bb{}\u00bb][et_pb_column type=\u00bb4_4&#8243; _builder_version=\u00bb4.16&#8243; custom_padding=\u00bb|||\u00bb global_colors_info=\u00bb{}\u00bb custom_padding__hover=\u00bb|||\u00bb][et_pb_text _builder_version=\u00bb4.16&#8243; text_font=\u00bbLato Light||||\u00bb text_text_color=\u00bb#e02b20&#8243; text_font_size=\u00bb30px\u00bb header_font=\u00bb||||||||\u00bb header_2_font=\u00bbLato|300|||||||\u00bb header_2_font_size=\u00bb28px\u00bb custom_margin=\u00bb||30px|\u00bb global_colors_info=\u00bb{}\u00bb]<\/p>\n<h2>Te puede interesar&#8230;<\/h2>\n<p>[\/et_pb_text][\/et_pb_column][\/et_pb_row][et_pb_row column_structure=\u00bb1_5,1_5,1_5,1_5,1_5&#8243; _builder_version=\u00bb4.16&#8243; custom_padding=\u00bb0px|0px|20px|0px\u00bb global_colors_info=\u00bb{}\u00bb][et_pb_column type=\u00bb1_5&#8243; _builder_version=\u00bb4.16&#8243; custom_padding=\u00bb|||\u00bb global_colors_info=\u00bb{}\u00bb custom_padding__hover=\u00bb|||\u00bb][et_pb_blurb title=\u00bbCon\u00f3cenos\u00bb url=\u00bbhttps:\/\/granada.salesianos.edu\/colegio\/admisiones\/\u00bb use_icon=\u00bbon\u00bb font_icon=\u00bb&#xe104;||divi||400&#8243; image_icon_background_color=\u00bb#ffffff\u00bb image_icon_width=\u00bb59px\u00bb _builder_version=\u00bb4.16&#8243; header_font_size=\u00bb16px\u00bb background_size=\u00bbinitial\u00bb background_position=\u00bbtop_left\u00bb background_repeat=\u00bbrepeat\u00bb image_icon_custom_padding=\u00bb25px|25px|25px|25px|false|false\u00bb text_orientation=\u00bbcenter\u00bb max_width_tablet=\u00bb50px\u00bb animation=\u00bboff\u00bb link_option_url=\u00bbhttps:\/\/granada.salesianos.edu\/colegio\/admisiones\/\u00bb border_radii_image=\u00bbon|100%|100%|100%|100%\u00bb border_width_all_image=\u00bb3px\u00bb border_color_all_image=\u00bb#636a70&#8243; border_style=\u00bbsolid\u00bb icon_font_size=\u00bb59px\u00bb use_circle=\u00bbon\u00bb use_circle_border=\u00bbon\u00bb circle_border_color=\u00bb#636a70&#8243; circle_color=\u00bb#ffffff\u00bb global_colors_info=\u00bb{}\u00bb image_icon_background_color__sticky_enabled=\u00bb#dc001b\u00bb image_icon_background_color__sticky=\u00bb#dc001b\u00bb][\/et_pb_blurb][\/et_pb_column][et_pb_column type=\u00bb1_5&#8243; _builder_version=\u00bb4.16&#8243; custom_padding=\u00bb|||\u00bb global_colors_info=\u00bb{}\u00bb custom_padding__hover=\u00bb|||\u00bb][et_pb_blurb title=\u00bbOferta Educativa\u00bb url=\u00bbhttps:\/\/granada.salesianos.edu\/colegio\/oferta-educativa\/\u00bb use_icon=\u00bbon\u00bb font_icon=\u00bb&#xe022;||divi||400&#8243; image_icon_background_color=\u00bb#ffffff\u00bb image_icon_width=\u00bb59px\u00bb _builder_version=\u00bb4.16&#8243; header_font_size=\u00bb16px\u00bb background_size=\u00bbinitial\u00bb background_position=\u00bbtop_left\u00bb background_repeat=\u00bbrepeat\u00bb image_icon_custom_padding=\u00bb25px|25px|25px|25px|false|false\u00bb text_orientation=\u00bbcenter\u00bb max_width_tablet=\u00bb50px\u00bb animation=\u00bboff\u00bb link_option_url=\u00bbhttps:\/\/granada.salesianos.edu\/colegio\/oferta-educativa\/\u00bb border_radii_image=\u00bbon|100%|100%|100%|100%\u00bb border_width_all_image=\u00bb3px\u00bb border_color_all_image=\u00bb#636a70&#8243; border_style=\u00bbsolid\u00bb icon_font_size=\u00bb59px\u00bb use_circle=\u00bbon\u00bb use_circle_border=\u00bbon\u00bb circle_border_color=\u00bb#636a70&#8243; circle_color=\u00bb#ffffff\u00bb global_colors_info=\u00bb{}\u00bb image_icon_background_color__sticky_enabled=\u00bb#dc001b\u00bb image_icon_background_color__sticky=\u00bb#dc001b\u00bb][\/et_pb_blurb][\/et_pb_column][et_pb_column type=\u00bb1_5&#8243; _builder_version=\u00bb4.16&#8243; custom_padding=\u00bb|||\u00bb global_colors_info=\u00bb{}\u00bb custom_padding__hover=\u00bb|||\u00bb][et_pb_blurb title=\u00bbConcierta una cita\u00bb url=\u00bbhttps:\/\/granada.salesianos.edu\/colegio\/jornadas-pa-general\/\u00bb use_icon=\u00bbon\u00bb font_icon=\u00bb&#xe08b;||divi||400&#8243; image_icon_background_color=\u00bb#ffffff\u00bb image_icon_width=\u00bb59px\u00bb _builder_version=\u00bb4.16&#8243; header_font_size=\u00bb16px\u00bb background_size=\u00bbinitial\u00bb background_position=\u00bbtop_left\u00bb background_repeat=\u00bbrepeat\u00bb image_icon_custom_padding=\u00bb25px|25px|25px|25px|false|false\u00bb text_orientation=\u00bbcenter\u00bb max_width_tablet=\u00bb50px\u00bb animation=\u00bboff\u00bb link_option_url=\u00bbhttps:\/\/granada.salesianos.edu\/colegio\/jornadas-pa-general\/\u00bb border_radii_image=\u00bbon|100%|100%|100%|100%\u00bb border_width_all_image=\u00bb3px\u00bb border_color_all_image=\u00bb#636a70&#8243; border_style=\u00bbsolid\u00bb icon_font_size=\u00bb59px\u00bb use_circle=\u00bbon\u00bb use_circle_border=\u00bbon\u00bb circle_border_color=\u00bb#636a70&#8243; circle_color=\u00bb#ffffff\u00bb global_colors_info=\u00bb{}\u00bb image_icon_background_color__sticky_enabled=\u00bb#dc001b\u00bb image_icon_background_color__sticky=\u00bb#dc001b\u00bb][\/et_pb_blurb][\/et_pb_column][et_pb_column type=\u00bb1_5&#8243; _builder_version=\u00bb4.16&#8243; custom_padding=\u00bb|||\u00bb global_colors_info=\u00bb{}\u00bb custom_padding__hover=\u00bb|||\u00bb][et_pb_blurb title=\u00bbInstalaciones\u00bb url=\u00bbhttps:\/\/granada.salesianos.edu\/colegio\/instalaciones-2\/\u00bb use_icon=\u00bbon\u00bb font_icon=\u00bb&#xe0ef;||divi||400&#8243; image_icon_background_color=\u00bb#ffffff\u00bb image_icon_width=\u00bb59px\u00bb _builder_version=\u00bb4.16&#8243; header_font_size=\u00bb16px\u00bb background_size=\u00bbinitial\u00bb background_position=\u00bbtop_left\u00bb background_repeat=\u00bbrepeat\u00bb image_icon_custom_padding=\u00bb25px|25px|25px|25px|false|false\u00bb text_orientation=\u00bbcenter\u00bb max_width_tablet=\u00bb50px\u00bb animation=\u00bboff\u00bb link_option_url=\u00bbhttps:\/\/granada.salesianos.edu\/colegio\/instalaciones\/\u00bb border_radii_image=\u00bbon|100%|100%|100%|100%\u00bb border_width_all_image=\u00bb3px\u00bb border_color_all_image=\u00bb#636a70&#8243; border_style=\u00bbsolid\u00bb icon_font_size=\u00bb59px\u00bb use_circle=\u00bbon\u00bb use_circle_border=\u00bbon\u00bb circle_border_color=\u00bb#636a70&#8243; circle_color=\u00bb#ffffff\u00bb global_colors_info=\u00bb{}\u00bb image_icon_background_color__sticky_enabled=\u00bb#dc001b\u00bb image_icon_background_color__sticky=\u00bb#dc001b\u00bb][\/et_pb_blurb][\/et_pb_column][et_pb_column type=\u00bb1_5&#8243; _builder_version=\u00bb4.16&#8243; custom_padding=\u00bb|||\u00bb global_colors_info=\u00bb{}\u00bb custom_padding__hover=\u00bb|||\u00bb][et_pb_blurb title=\u00bbContactar\u00bb url=\u00bbhttps:\/\/granada.salesianos.edu\/contactar\/\u00bb use_icon=\u00bbon\u00bb font_icon=\u00bb&#xe00b;||divi||400&#8243; image_icon_background_color=\u00bb#ffffff\u00bb image_icon_width=\u00bb59px\u00bb _builder_version=\u00bb4.16&#8243; header_font_size=\u00bb16px\u00bb background_size=\u00bbinitial\u00bb background_position=\u00bbtop_left\u00bb background_repeat=\u00bbrepeat\u00bb image_icon_custom_padding=\u00bb25px|25px|25px|25px|false|false\u00bb text_orientation=\u00bbcenter\u00bb max_width_tablet=\u00bb50px\u00bb animation=\u00bboff\u00bb link_option_url=\u00bbhttps:\/\/granada.salesianos.edu\/contactar\/\u00bb border_radii_image=\u00bbon|100%|100%|100%|100%\u00bb border_width_all_image=\u00bb3px\u00bb border_color_all_image=\u00bb#636a70&#8243; border_style=\u00bbsolid\u00bb icon_font_size=\u00bb59px\u00bb use_circle=\u00bbon\u00bb use_circle_border=\u00bbon\u00bb circle_border_color=\u00bb#636a70&#8243; circle_color=\u00bb#ffffff\u00bb global_colors_info=\u00bb{}\u00bb image_icon_background_color__sticky_enabled=\u00bb#dc001b\u00bb image_icon_background_color__sticky=\u00bb#dc001b\u00bb][\/et_pb_blurb][\/et_pb_column][\/et_pb_row][\/et_pb_section]<\/p>\n","protected":false},"excerpt":{"rendered":"<p>VISITA GRUPALES E INDIVIDUALES Reserva tu cita en el siguiente formulario. Te respondemos en 48h &#8211; 72h. Visita de 60\u201375 min por etapas + turno de preguntas + ayuda con la solicitud &nbsp;Rellena este formulario en 30 segundos\u00a0958 811 611 &nbsp;direccioncolegio.granadasjb@salesianos.eduPREGUNTAS FRECUENTES &nbsp;\u00bfQu\u00e9 es la jornada de puertas abiertas y qu\u00e9 ver\u00e9 ese d\u00eda? Una [&hellip;]<\/p>\n","protected":false},"author":2,"featured_media":0,"parent":0,"menu_order":0,"comment_status":"closed","ping_status":"closed","template":"","meta":{"_et_pb_use_builder":"on","_et_pb_old_content":"","_et_gb_content_width":"","footnotes":""},"class_list":["post-14866","page","type-page","status-publish","hentry"],"yoast_head":"<!-- This site is optimized with the Yoast SEO plugin v28.3 - https:\/\/yoast.com\/product\/yoast-seo-wordpress\/ -->\n<title>Puertas Abiertas - Colegio Salesiano<\/title>\n<meta name=\"description\" content=\"JORNADAS DE PUERTAS ABIERTAS \u00a1VEN A CONOCERNOS! RELLENA EL FORMULARIO Y CONTACTEREMOS CONTIGO PARA CONCERTAR UNA CITA.\" \/>\n<meta name=\"robots\" content=\"index, follow, max-snippet:-1, max-image-preview:large, max-video-preview:-1\" \/>\n<link rel=\"canonical\" href=\"https:\/\/granada.salesianos.edu\/colegio\/jornadas-pa-general\/\" \/>\n<meta property=\"og:locale\" content=\"es_ES\" \/>\n<meta property=\"og:type\" content=\"article\" \/>\n<meta property=\"og:title\" content=\"Puertas Abiertas - Colegio Salesiano\" \/>\n<meta property=\"og:description\" content=\"JORNADAS DE PUERTAS ABIERTAS \u00a1VEN A CONOCERNOS! RELLENA EL FORMULARIO Y CONTACTEREMOS CONTIGO PARA CONCERTAR UNA CITA.\" \/>\n<meta property=\"og:url\" content=\"https:\/\/granada.salesianos.edu\/colegio\/jornadas-pa-general\/\" \/>\n<meta property=\"og:site_name\" content=\"Colegio Salesiano\" \/>\n<meta property=\"article:publisher\" content=\"https:\/\/www.facebook.com\/SalesianosGR\/\" \/>\n<meta property=\"article:modified_time\" content=\"2026-03-05T09:49:21+00:00\" \/>\n<meta name=\"twitter:card\" content=\"summary_large_image\" \/>\n<meta name=\"twitter:site\" content=\"@GranadaSDB\" \/>\n<meta name=\"twitter:label1\" content=\"Tiempo de lectura\" \/>\n\t<meta name=\"twitter:data1\" content=\"5 minutos\" \/>\n<script type=\"application\/ld+json\" class=\"yoast-schema-graph\">{\"@context\":\"https:\\\/\\\/schema.org\",\"@graph\":[{\"@type\":\"WebPage\",\"@id\":\"https:\\\/\\\/granada.salesianos.edu\\\/colegio\\\/jornadas-pa-general\\\/\",\"url\":\"https:\\\/\\\/granada.salesianos.edu\\\/colegio\\\/jornadas-pa-general\\\/\",\"name\":\"Puertas Abiertas - Colegio Salesiano\",\"isPartOf\":{\"@id\":\"https:\\\/\\\/granada.salesianos.edu\\\/colegio\\\/#website\"},\"datePublished\":\"2022-02-02T18:18:15+00:00\",\"dateModified\":\"2026-03-05T09:49:21+00:00\",\"description\":\"JORNADAS DE PUERTAS ABIERTAS \u00a1VEN A CONOCERNOS! RELLENA EL FORMULARIO Y CONTACTEREMOS CONTIGO PARA CONCERTAR UNA CITA.\",\"breadcrumb\":{\"@id\":\"https:\\\/\\\/granada.salesianos.edu\\\/colegio\\\/jornadas-pa-general\\\/#breadcrumb\"},\"inLanguage\":\"es\",\"potentialAction\":[{\"@type\":\"ReadAction\",\"target\":[\"https:\\\/\\\/granada.salesianos.edu\\\/colegio\\\/jornadas-pa-general\\\/\"]}]},{\"@type\":\"BreadcrumbList\",\"@id\":\"https:\\\/\\\/granada.salesianos.edu\\\/colegio\\\/jornadas-pa-general\\\/#breadcrumb\",\"itemListElement\":[{\"@type\":\"ListItem\",\"position\":1,\"name\":\"Portada\",\"item\":\"https:\\\/\\\/granada.salesianos.edu\\\/colegio\\\/\"},{\"@type\":\"ListItem\",\"position\":2,\"name\":\"Puertas Abiertas\"}]},{\"@type\":\"WebSite\",\"@id\":\"https:\\\/\\\/granada.salesianos.edu\\\/colegio\\\/#website\",\"url\":\"https:\\\/\\\/granada.salesianos.edu\\\/colegio\\\/\",\"name\":\"Colegio Salesiano\",\"description\":\"P\u00e1gina oficial de Salesianos Granada San Juan Bosco\",\"publisher\":{\"@id\":\"https:\\\/\\\/granada.salesianos.edu\\\/colegio\\\/#organization\"},\"potentialAction\":[{\"@type\":\"SearchAction\",\"target\":{\"@type\":\"EntryPoint\",\"urlTemplate\":\"https:\\\/\\\/granada.salesianos.edu\\\/colegio\\\/?s={search_term_string}\"},\"query-input\":{\"@type\":\"PropertyValueSpecification\",\"valueRequired\":true,\"valueName\":\"search_term_string\"}}],\"inLanguage\":\"es\"},{\"@type\":\"Organization\",\"@id\":\"https:\\\/\\\/granada.salesianos.edu\\\/colegio\\\/#organization\",\"name\":\"Colegio Salesiano San Juan Bosco Granada\",\"url\":\"https:\\\/\\\/granada.salesianos.edu\\\/colegio\\\/\",\"logo\":{\"@type\":\"ImageObject\",\"inLanguage\":\"es\",\"@id\":\"https:\\\/\\\/granada.salesianos.edu\\\/colegio\\\/#\\\/schema\\\/logo\\\/image\\\/\",\"url\":\"https:\\\/\\\/granada.salesianos.edu\\\/colegio\\\/wp-content\\\/uploads\\\/sites\\\/2\\\/2021\\\/01\\\/GRANADAobraVN2.jpg\",\"contentUrl\":\"https:\\\/\\\/granada.salesianos.edu\\\/colegio\\\/wp-content\\\/uploads\\\/sites\\\/2\\\/2021\\\/01\\\/GRANADAobraVN2.jpg\",\"width\":2113,\"height\":1894,\"caption\":\"Colegio Salesiano San Juan Bosco Granada\"},\"image\":{\"@id\":\"https:\\\/\\\/granada.salesianos.edu\\\/colegio\\\/#\\\/schema\\\/logo\\\/image\\\/\"},\"sameAs\":[\"https:\\\/\\\/www.facebook.com\\\/SalesianosGR\\\/\",\"https:\\\/\\\/x.com\\\/GranadaSDB\",\"https:\\\/\\\/www.instagram.com\\\/salesianosgranada\\\/\",\"https:\\\/\\\/www.youtube.com\\\/channel\\\/UChkpZuhCf4Y5rYIcFT3CNxw?view_as=subscriber\"]}]}<\/script>\n<!-- \/ Yoast SEO plugin. -->","yoast_head_json":{"title":"Puertas Abiertas - Colegio Salesiano","description":"JORNADAS DE PUERTAS ABIERTAS \u00a1VEN A CONOCERNOS! RELLENA EL FORMULARIO Y CONTACTEREMOS CONTIGO PARA CONCERTAR UNA CITA.","robots":{"index":"index","follow":"follow","max-snippet":"max-snippet:-1","max-image-preview":"max-image-preview:large","max-video-preview":"max-video-preview:-1"},"canonical":"https:\/\/granada.salesianos.edu\/colegio\/jornadas-pa-general\/","og_locale":"es_ES","og_type":"article","og_title":"Puertas Abiertas - Colegio Salesiano","og_description":"JORNADAS DE PUERTAS ABIERTAS \u00a1VEN A CONOCERNOS! RELLENA EL FORMULARIO Y CONTACTEREMOS CONTIGO PARA CONCERTAR UNA CITA.","og_url":"https:\/\/granada.salesianos.edu\/colegio\/jornadas-pa-general\/","og_site_name":"Colegio Salesiano","article_publisher":"https:\/\/www.facebook.com\/SalesianosGR\/","article_modified_time":"2026-03-05T09:49:21+00:00","twitter_card":"summary_large_image","twitter_site":"@GranadaSDB","twitter_misc":{"Tiempo de lectura":"5 minutos"},"schema":{"@context":"https:\/\/schema.org","@graph":[{"@type":"WebPage","@id":"https:\/\/granada.salesianos.edu\/colegio\/jornadas-pa-general\/","url":"https:\/\/granada.salesianos.edu\/colegio\/jornadas-pa-general\/","name":"Puertas Abiertas - Colegio Salesiano","isPartOf":{"@id":"https:\/\/granada.salesianos.edu\/colegio\/#website"},"datePublished":"2022-02-02T18:18:15+00:00","dateModified":"2026-03-05T09:49:21+00:00","description":"JORNADAS DE PUERTAS ABIERTAS \u00a1VEN A CONOCERNOS! RELLENA EL FORMULARIO Y CONTACTEREMOS CONTIGO PARA CONCERTAR UNA CITA.","breadcrumb":{"@id":"https:\/\/granada.salesianos.edu\/colegio\/jornadas-pa-general\/#breadcrumb"},"inLanguage":"es","potentialAction":[{"@type":"ReadAction","target":["https:\/\/granada.salesianos.edu\/colegio\/jornadas-pa-general\/"]}]},{"@type":"BreadcrumbList","@id":"https:\/\/granada.salesianos.edu\/colegio\/jornadas-pa-general\/#breadcrumb","itemListElement":[{"@type":"ListItem","position":1,"name":"Portada","item":"https:\/\/granada.salesianos.edu\/colegio\/"},{"@type":"ListItem","position":2,"name":"Puertas Abiertas"}]},{"@type":"WebSite","@id":"https:\/\/granada.salesianos.edu\/colegio\/#website","url":"https:\/\/granada.salesianos.edu\/colegio\/","name":"Colegio Salesiano","description":"P\u00e1gina oficial de Salesianos Granada San Juan Bosco","publisher":{"@id":"https:\/\/granada.salesianos.edu\/colegio\/#organization"},"potentialAction":[{"@type":"SearchAction","target":{"@type":"EntryPoint","urlTemplate":"https:\/\/granada.salesianos.edu\/colegio\/?s={search_term_string}"},"query-input":{"@type":"PropertyValueSpecification","valueRequired":true,"valueName":"search_term_string"}}],"inLanguage":"es"},{"@type":"Organization","@id":"https:\/\/granada.salesianos.edu\/colegio\/#organization","name":"Colegio Salesiano San Juan Bosco Granada","url":"https:\/\/granada.salesianos.edu\/colegio\/","logo":{"@type":"ImageObject","inLanguage":"es","@id":"https:\/\/granada.salesianos.edu\/colegio\/#\/schema\/logo\/image\/","url":"https:\/\/granada.salesianos.edu\/colegio\/wp-content\/uploads\/sites\/2\/2021\/01\/GRANADAobraVN2.jpg","contentUrl":"https:\/\/granada.salesianos.edu\/colegio\/wp-content\/uploads\/sites\/2\/2021\/01\/GRANADAobraVN2.jpg","width":2113,"height":1894,"caption":"Colegio Salesiano San Juan Bosco Granada"},"image":{"@id":"https:\/\/granada.salesianos.edu\/colegio\/#\/schema\/logo\/image\/"},"sameAs":["https:\/\/www.facebook.com\/SalesianosGR\/","https:\/\/x.com\/GranadaSDB","https:\/\/www.instagram.com\/salesianosgranada\/","https:\/\/www.youtube.com\/channel\/UChkpZuhCf4Y5rYIcFT3CNxw?view_as=subscriber"]}]}},"_links":{"self":[{"href":"https:\/\/granada.salesianos.edu\/colegio\/wp-json\/wp\/v2\/pages\/14866","targetHints":{"allow":["GET"]}}],"collection":[{"href":"https:\/\/granada.salesianos.edu\/colegio\/wp-json\/wp\/v2\/pages"}],"about":[{"href":"https:\/\/granada.salesianos.edu\/colegio\/wp-json\/wp\/v2\/types\/page"}],"author":[{"embeddable":true,"href":"https:\/\/granada.salesianos.edu\/colegio\/wp-json\/wp\/v2\/users\/2"}],"replies":[{"embeddable":true,"href":"https:\/\/granada.salesianos.edu\/colegio\/wp-json\/wp\/v2\/comments?post=14866"}],"version-history":[{"count":127,"href":"https:\/\/granada.salesianos.edu\/colegio\/wp-json\/wp\/v2\/pages\/14866\/revisions"}],"predecessor-version":[{"id":115572,"href":"https:\/\/granada.salesianos.edu\/colegio\/wp-json\/wp\/v2\/pages\/14866\/revisions\/115572"}],"wp:attachment":[{"href":"https:\/\/granada.salesianos.edu\/colegio\/wp-json\/wp\/v2\/media?parent=14866"}],"curies":[{"name":"wp","href":"https:\/\/api.w.org\/{rel}","templated":true}]}}