{"id":20121,"date":"2025-05-18T18:37:20","date_gmt":"2025-05-18T16:37:20","guid":{"rendered":"https:\/\/granada.salesianos.edu\/colegio\/?page_id=20121"},"modified":"2026-01-07T13:16:12","modified_gmt":"2026-01-07T11:16:12","slug":"bachillerato-orientacion","status":"publish","type":"page","link":"https:\/\/granada.salesianos.edu\/colegio\/bachillerato-orientacion\/","title":{"rendered":"Bachillerato Orientaci\u00f3n"},"content":{"rendered":"<div id=\"fb-root\"><\/div>\n<p>[et_pb_section fb_built=\u00bb1&#8243; fullwidth=\u00bbon\u00bb next_background_color=\u00bb#ffffff\u00bb _builder_version=\u00bb4.27.4&#8243; background_image=\u00bbhttps:\/\/granada.salesianos.edu\/colegio\/wp-content\/uploads\/sites\/2\/2020\/02\/fondo_novedades_web.png\u00bb bottom_divider_style=\u00bbasymmetric2&#8243; global_module=\u00bb20660&#8243; saved_tabs=\u00bball\u00bb global_colors_info=\u00bb{}\u00bb][et_pb_fullwidth_header title=\u00bb@ET-DC@eyJkeW5hbWljIjp0cnVlLCJjb250ZW50IjoicG9zdF90aXRsZSIsInNldHRpbmdzIjp7ImJlZm9yZSI6IiIsImFmdGVyIjoiIn19@\u00bb title_font_color=\u00bb#ffffff\u00bb content_max_width_tablet=\u00bb88%\u00bb content_max_width_phone=\u00bb79%\u00bb content_max_width_last_edited=\u00bbon|phone\u00bb admin_label=\u00bbT\u00edtulo de anchura completa\u00bb module_class=\u00bbpagina-imagen-cabecera\u00bb _builder_version=\u00bb4.27.4&#8243; _dynamic_attributes=\u00bbtitle\u00bb title_text_color=\u00bb#ffffff\u00bb title_font_size=\u00bb40px\u00bb background_color=\u00bbrgba(255, 255, 255, 0)\u00bb background_enable_image=\u00bboff\u00bb background_position=\u00bbbottom_left\u00bb transform_translate=\u00bb91px|91px\u00bb max_width_tablet=\u00bb50px\u00bb min_height=\u00bb329px\u00bb custom_padding=\u00bb||127px|||\u00bb background_url=\u00bbhttps:\/\/alicante.salesianos.edu\/colegio\/wp-content\/uploads\/sites\/2\/2017\/03\/Captura-de-pantalla-2017-03-21-a-las-17.25.56.png\u00bb global_colors_info=\u00bb{}\u00bb button_one_text_size__hover_enabled=\u00bboff\u00bb button_one_text_size__hover=\u00bbnull\u00bb button_two_text_size__hover_enabled=\u00bboff\u00bb button_two_text_size__hover=\u00bbnull\u00bb button_one_text_color__hover_enabled=\u00bboff\u00bb button_one_text_color__hover=\u00bbnull\u00bb button_two_text_color__hover_enabled=\u00bboff\u00bb button_two_text_color__hover=\u00bbnull\u00bb button_one_border_width__hover_enabled=\u00bboff\u00bb button_one_border_width__hover=\u00bbnull\u00bb button_two_border_width__hover_enabled=\u00bboff\u00bb button_two_border_width__hover=\u00bbnull\u00bb button_one_border_color__hover_enabled=\u00bboff\u00bb button_one_border_color__hover=\u00bbnull\u00bb button_two_border_color__hover_enabled=\u00bboff\u00bb button_two_border_color__hover=\u00bbnull\u00bb button_one_border_radius__hover_enabled=\u00bboff\u00bb button_one_border_radius__hover=\u00bbnull\u00bb button_two_border_radius__hover_enabled=\u00bboff\u00bb button_two_border_radius__hover=\u00bbnull\u00bb button_one_letter_spacing__hover_enabled=\u00bboff\u00bb button_one_letter_spacing__hover=\u00bbnull\u00bb button_two_letter_spacing__hover_enabled=\u00bboff\u00bb button_two_letter_spacing__hover=\u00bbnull\u00bb button_one_bg_color__hover_enabled=\u00bboff\u00bb button_one_bg_color__hover=\u00bbnull\u00bb button_two_bg_color__hover_enabled=\u00bboff\u00bb button_two_bg_color__hover=\u00bbnull\u00bb][\/et_pb_fullwidth_header][\/et_pb_section][et_pb_section fb_built=\u00bb1&#8243; admin_label=\u00bbOrientaci\u00f3n\u00bb _builder_version=\u00bb4.27.0&#8243; _module_preset=\u00bbdefault\u00bb collapsed=\u00bboff\u00bb global_colors_info=\u00bb{}\u00bb][et_pb_row admin_label=\u00bbPRUEBA DE ACCESO\u00bb _builder_version=\u00bb4.27.2&#8243; _module_preset=\u00bbdefault\u00bb global_colors_info=\u00bb{}\u00bb][et_pb_column type=\u00bb4_4&#8243; _builder_version=\u00bb4.27.0&#8243; _module_preset=\u00bbdefault\u00bb global_colors_info=\u00bb{}\u00bb][et_pb_text _builder_version=\u00bb4.27.4&#8243; background_size=\u00bbinitial\u00bb background_position=\u00bbtop_left\u00bb background_repeat=\u00bbrepeat\u00bb locked=\u00bboff\u00bb global_colors_info=\u00bb{}\u00bb]<\/p>\n<h1 style=\"text-align: center;\"><strong><span style=\"color: #4f4b4b; font-size: xx-large;\">ORIENTACI\u00d3N ACAD\u00c9MICO-PROFESIONAL<\/span><\/strong><\/h1>\n<h2 style=\"text-align: center;\"><strong><em><span style=\"color: #808080;\">\u00a0Nuestra misi\u00f3n, ofrecer a nuestro alumnado la mejor formaci\u00f3n para acceder a estudios universitarios y FP\u00a0<\/span><\/em><\/strong><\/h2>\n<p>[\/et_pb_text][\/et_pb_column][\/et_pb_row][et_pb_row admin_label=\u00bbPRUEBA DE ACCESO\u00bb _builder_version=\u00bb4.27.2&#8243; _module_preset=\u00bbdefault\u00bb global_colors_info=\u00bb{}\u00bb][et_pb_column type=\u00bb4_4&#8243; _builder_version=\u00bb4.27.0&#8243; _module_preset=\u00bbdefault\u00bb global_colors_info=\u00bb{}\u00bb][et_pb_text admin_label=\u00bbTexto\u00bb _builder_version=\u00bb4.27.4&#8243; text_font_size=\u00bb18px\u00bb header_font=\u00bb|800|||||||\u00bb header_text_align=\u00bbcenter\u00bb header_text_color=\u00bb#FFFFFF\u00bb header_font_size=\u00bb33px\u00bb background_color=\u00bb#e02b20&#8243; width=\u00bb100%\u00bb custom_margin=\u00bb-2px|||||\u00bb custom_padding=\u00bb8px||0px|28px||\u00bb locked=\u00bboff\u00bb inline_fonts=\u00bbAbril Fatface\u00bb global_colors_info=\u00bb{}\u00bb]<\/p>\n<h1>PRUEBA DE ACCESO A LA UNIVERSIDAD (PAU)<\/h1>\n<p>[\/et_pb_text][\/et_pb_column][\/et_pb_row][et_pb_row column_structure=\u00bb1_2,1_2&#8243; admin_label=\u00bbPRUEBA DE ACCESO\u00bb _builder_version=\u00bb4.27.2&#8243; _module_preset=\u00bbdefault\u00bb global_colors_info=\u00bb{}\u00bb][et_pb_column type=\u00bb1_2&#8243; _builder_version=\u00bb4.27.0&#8243; _module_preset=\u00bbdefault\u00bb global_colors_info=\u00bb{}\u00bb][et_pb_blurb title=\u00bbACCESO DESDE BACHILLERATO\u00bb url=\u00bbhttps:\/\/www.juntadeandalucia.es\/economiaconocimientoempresasyuniversidad\/sguit\/?q=grados&#038;d=g_b_procedimiento_acceso.php\u00bb url_new_window=\u00bbon\u00bb use_icon=\u00bbon\u00bb font_icon=\u00bb&#x6c;||divi||400&#8243; icon_placement=\u00bbleft\u00bb image_icon_width=\u00bb110px\u00bb _builder_version=\u00bb4.27.0&#8243; _module_preset=\u00bbdefault\u00bb header_level=\u00bbh2&#8243; header_font_size=\u00bb24px\u00bb header_line_height=\u00bb1.1em\u00bb body_font_size=\u00bb17px\u00bb body_line_height=\u00bb1.2em\u00bb link_option_url=\u00bbhttps:\/\/www.juntadeandalucia.es\/economiaconocimientoempresasyuniversidad\/sguit\/?q=grados&#038;d=g_b_procedimiento_acceso.php\u00bb link_option_url_new_window=\u00bbon\u00bb global_colors_info=\u00bb{}\u00bb]Aqu\u00ed tienes toda la informaci\u00f3n sobre la estructura de la prueba y las fases de ACCESO y de ADMISI\u00d3N. [\/et_pb_blurb][et_pb_blurb title=\u00bbPAR\u00c1METROS DE PONDERACI\u00d3N\u00bb url=\u00bbhttps:\/\/www.juntadeandalucia.es\/economiaconocimientoempresasyuniversidad\/sguit\/?q=grados&#038;d=g_b_parametros_prox_top.php\u00bb url_new_window=\u00bbon\u00bb use_icon=\u00bbon\u00bb font_icon=\u00bb&#x5a;||divi||400&#8243; icon_placement=\u00bbleft\u00bb image_icon_width=\u00bb110px\u00bb _builder_version=\u00bb4.27.0&#8243; _module_preset=\u00bbdefault\u00bb header_level=\u00bbh2&#8243; header_font_size=\u00bb24px\u00bb header_line_height=\u00bb1.1em\u00bb body_font_size=\u00bb17px\u00bb body_line_height=\u00bb1.2em\u00bb link_option_url=\u00bbhttps:\/\/www.juntadeandalucia.es\/economiaconocimientoempresasyuniversidad\/sguit\/?q=grados&#038;d=g_b_parametros_prox_top.php\u00bb link_option_url_new_window=\u00bbon\u00bb global_colors_info=\u00bb{}\u00bb]En el siguiente enlace puedes acceder a los par\u00e1metros de ponderaci\u00f3n de las distintas asignaturas para el acceso a las universidades del Distrito \u00danico Andaluz. [\/et_pb_blurb][\/et_pb_column][et_pb_column type=\u00bb1_2&#8243; _builder_version=\u00bb4.27.0&#8243; _module_preset=\u00bbdefault\u00bb global_colors_info=\u00bb{}\u00bb][et_pb_blurb title=\u00bbEX\u00c1MENES Y ORIENTACIONES\u00bb url=\u00bbhttps:\/\/www.juntadeandalucia.es\/economiaconocimientoempresasyuniversidad\/sguit\/?q=grados&#038;d=g_b_examenes_anteriores.php\u00bb url_new_window=\u00bbon\u00bb use_icon=\u00bbon\u00bb font_icon=\u00bb&#x69;||divi||400&#8243; icon_placement=\u00bbleft\u00bb image_icon_width=\u00bb110px\u00bb _builder_version=\u00bb4.27.0&#8243; _module_preset=\u00bbdefault\u00bb header_level=\u00bbh2&#8243; header_font_size=\u00bb24px\u00bb header_line_height=\u00bb1.1em\u00bb body_font_size=\u00bb17px\u00bb body_line_height=\u00bb1.2em\u00bb link_option_url=\u00bbhttps:\/\/www.juntadeandalucia.es\/economiaconocimientoempresasyuniversidad\/sguit\/?q=grados&#038;d=g_b_examenes_anteriores.php\u00bb link_option_url_new_window=\u00bbon\u00bb global_colors_info=\u00bb{}\u00bb]Accede desde aqu\u00ed a las orientaciones sobre la prueba y a los ex\u00e1menes de cursos anteriores de todas las asignaturas. [\/et_pb_blurb][et_pb_blurb title=\u00bbMATERIALES PERMITIDOS\u00bb url_new_window=\u00bbon\u00bb use_icon=\u00bbon\u00bb font_icon=\u00bb&#xe104;||divi||400&#8243; icon_placement=\u00bbleft\u00bb image_icon_width=\u00bb110px\u00bb _builder_version=\u00bb4.27.2&#8243; _module_preset=\u00bbdefault\u00bb header_level=\u00bbh2&#8243; header_font_size=\u00bb24px\u00bb header_line_height=\u00bb1.1em\u00bb body_font_size=\u00bb17px\u00bb body_line_height=\u00bb1.2em\u00bb link_option_url=\u00bbchrome-extension:\/\/efaidnbmnnnibpcajpcglclefindmkaj\/https:\/\/www.juntadeandalucia.es\/economiaconocimientoempresasyuniversidad\/sguit\/documentacion\/PEvAU_Material_permitido_para_el_examen.pdf\u00bb link_option_url_new_window=\u00bbon\u00bb global_colors_info=\u00bb{}\u00bb]En el siguiente enlace tienes el listado de materiales que se pueden utilizar en las distintas pruebas. \u00a0 [\/et_pb_blurb][\/et_pb_column][\/et_pb_row][et_pb_row admin_label=\u00bbUNIVERSIDAD\u00bb _builder_version=\u00bb4.27.2&#8243; _module_preset=\u00bbdefault\u00bb global_colors_info=\u00bb{}\u00bb][et_pb_column type=\u00bb4_4&#8243; _builder_version=\u00bb4.27.0&#8243; _module_preset=\u00bbdefault\u00bb global_colors_info=\u00bb{}\u00bb][et_pb_text admin_label=\u00bbTexto\u00bb _builder_version=\u00bb4.27.4&#8243; text_font_size=\u00bb18px\u00bb header_font=\u00bb|800|||||||\u00bb header_text_align=\u00bbcenter\u00bb header_text_color=\u00bb#FFFFFF\u00bb header_font_size=\u00bb33px\u00bb background_color=\u00bb#e02b20&#8243; width=\u00bb100%\u00bb custom_margin=\u00bb-2px|||||\u00bb custom_padding=\u00bb8px||0px|28px||\u00bb locked=\u00bboff\u00bb inline_fonts=\u00bbAbril Fatface\u00bb global_colors_info=\u00bb{}\u00bb]<\/p>\n<h1>Acceso a la UNIVERSIDAD<\/h1>\n<p>[\/et_pb_text][\/et_pb_column][\/et_pb_row][et_pb_row column_structure=\u00bb1_2,1_2&#8243; admin_label=\u00bbUNIVERSIDAD\u00bb _builder_version=\u00bb4.27.2&#8243; _module_preset=\u00bbdefault\u00bb global_colors_info=\u00bb{}\u00bb][et_pb_column type=\u00bb1_2&#8243; _builder_version=\u00bb4.27.0&#8243; _module_preset=\u00bbdefault\u00bb global_colors_info=\u00bb{}\u00bb][et_pb_blurb title=\u00bbGRADOS EN UGR\u00bb url=\u00bbhttps:\/\/grados.ugr.es\/\u00bb url_new_window=\u00bbon\u00bb use_icon=\u00bbon\u00bb font_icon=\u00bb&#x6f;||divi||400&#8243; icon_placement=\u00bbleft\u00bb image_icon_width=\u00bb110px\u00bb _builder_version=\u00bb4.27.4&#8243; _module_preset=\u00bbdefault\u00bb header_level=\u00bbh2&#8243; header_font_size=\u00bb24px\u00bb header_line_height=\u00bb1.1em\u00bb body_font_size=\u00bb17px\u00bb body_line_height=\u00bb1.2em\u00bb link_option_url=\u00bbhttps:\/\/grados.ugr.es\/\u00bb link_option_url_new_window=\u00bbon\u00bb global_colors_info=\u00bb{}\u00bb]<\/p>\n<p>Aqu\u00ed podr\u00e1s acceder a los distintos grados que ofrece la Universidad de Granada (UGR).<\/p>\n<p>[\/et_pb_blurb][et_pb_blurb title=\u00bbGRADOS EN ANDALUC\u00cdA\u00bb url=\u00bbhttps:\/\/www.juntadeandalucia.es\/economiaconocimientoempresasyuniversidad\/sguit\/?q=grados&#038;d=g_catalogo_top.php\u00bb url_new_window=\u00bbon\u00bb use_icon=\u00bbon\u00bb font_icon=\u00bb&#x6f;||divi||400&#8243; icon_placement=\u00bbleft\u00bb image_icon_width=\u00bb110px\u00bb _builder_version=\u00bb4.27.4&#8243; _module_preset=\u00bbdefault\u00bb header_level=\u00bbh2&#8243; header_font_size=\u00bb24px\u00bb header_line_height=\u00bb1.1em\u00bb body_font_size=\u00bb17px\u00bb body_line_height=\u00bb1.2em\u00bb link_option_url=\u00bbhttps:\/\/www.juntadeandalucia.es\/economiaconocimientoempresasyuniversidad\/sguit\/?q=grados&#038;d=g_catalogo_top.php\u00bb link_option_url_new_window=\u00bbon\u00bb global_colors_info=\u00bb{}\u00bb]<\/p>\n<p>Aqu\u00ed podr\u00e1s acceder a los distintos grados que ofrecen TODAS las universidades andaluzas.<\/p>\n<p>[\/et_pb_blurb][et_pb_blurb title=\u00bbSALIDAS PROFESIONALES UGR\u00bb url=\u00bbhttps:\/\/empleo.ugr.es\/salidasprofesionales\/\u00bb url_new_window=\u00bbon\u00bb use_icon=\u00bbon\u00bb font_icon=\u00bb&#xf508;||fa||900&#8243; icon_placement=\u00bbleft\u00bb image_icon_width=\u00bb110px\u00bb _builder_version=\u00bb4.27.4&#8243; _module_preset=\u00bbdefault\u00bb header_level=\u00bbh2&#8243; header_font_size=\u00bb24px\u00bb header_line_height=\u00bb1.1em\u00bb body_font_size=\u00bb17px\u00bb body_line_height=\u00bb1.2em\u00bb link_option_url=\u00bbhttps:\/\/empleo.ugr.es\/salidasprofesionales\/\u00bb link_option_url_new_window=\u00bbon\u00bb global_colors_info=\u00bb{}\u00bb]<\/p>\n<p>Aqu\u00ed podr\u00e1s acceder a toda la informaci\u00f3n sobre las salidas profesionales de los grados ofertados por la UGR.<\/p>\n<p>[\/et_pb_blurb][\/et_pb_column][et_pb_column type=\u00bb1_2&#8243; _builder_version=\u00bb4.27.0&#8243; _module_preset=\u00bbdefault\u00bb global_colors_info=\u00bb{}\u00bb][et_pb_blurb title=\u00bbNOTAS DE CORTE\u00bb url=\u00bbhttps:\/\/www.juntadeandalucia.es\/economiaconocimientoempresasyuniversidad\/sguit\/?q=grados&#038;d=g_not_cor_anteriores_top.php\u00bb url_new_window=\u00bbon\u00bb use_icon=\u00bbon\u00bb font_icon=\u00bb&#xe01c;||divi||400&#8243; icon_placement=\u00bbleft\u00bb image_icon_width=\u00bb110px\u00bb _builder_version=\u00bb4.27.4&#8243; _module_preset=\u00bbdefault\u00bb header_level=\u00bbh2&#8243; header_font_size=\u00bb24px\u00bb header_line_height=\u00bb1.1em\u00bb body_font_size=\u00bb17px\u00bb body_line_height=\u00bb1.2em\u00bb link_option_url=\u00bbhttps:\/\/www.juntadeandalucia.es\/economiaconocimientoempresasyuniversidad\/sguit\/?q=grados&#038;d=g_not_cor_anteriores_top.php\u00bb link_option_url_new_window=\u00bbon\u00bb global_colors_info=\u00bb{}\u00bb]<\/p>\n<p>Aqu\u00ed podr\u00e1s consultar las notas de corte de acceso a los diferentes grados. La nota de corte depender\u00e1 cada curso.<\/p>\n<p>[\/et_pb_blurb][et_pb_blurb title=\u00bbSERVICIO DE ACCESO A LA UGR\u00bb url=\u00bbhttps:\/\/saap.ugr.es\/\u00bb url_new_window=\u00bbon\u00bb use_icon=\u00bbon\u00bb font_icon=\u00bb&#x62;||divi||400&#8243; icon_placement=\u00bbleft\u00bb image_icon_width=\u00bb110px\u00bb _builder_version=\u00bb4.27.4&#8243; _module_preset=\u00bbdefault\u00bb header_level=\u00bbh2&#8243; header_font_size=\u00bb24px\u00bb header_line_height=\u00bb1.1em\u00bb body_font_size=\u00bb17px\u00bb body_line_height=\u00bb1.2em\u00bb link_option_url=\u00bbhttps:\/\/saap.ugr.es\/\u00bb link_option_url_new_window=\u00bbon\u00bb locked=\u00bboff\u00bb global_colors_info=\u00bb{}\u00bb]<\/p>\n<p>El Servicio de Acceso, Admisi\u00f3n y Permanencia\u00a0 de la UGR tiene encomendados los Procedimientos de Acceso y Admisi\u00f3n a las ense\u00f1anzas oficiales de Grado.<\/p>\n<p>[\/et_pb_blurb][\/et_pb_column][\/et_pb_row][et_pb_row admin_label=\u00bbGRADO SUPERIOR\u00bb _builder_version=\u00bb4.27.2&#8243; _module_preset=\u00bbdefault\u00bb global_colors_info=\u00bb{}\u00bb][et_pb_column type=\u00bb4_4&#8243; _builder_version=\u00bb4.27.0&#8243; _module_preset=\u00bbdefault\u00bb global_colors_info=\u00bb{}\u00bb][et_pb_text admin_label=\u00bbTexto\u00bb _builder_version=\u00bb4.27.4&#8243; text_font_size=\u00bb18px\u00bb header_font=\u00bb|800|||||||\u00bb header_text_align=\u00bbcenter\u00bb header_text_color=\u00bb#FFFFFF\u00bb header_font_size=\u00bb33px\u00bb background_color=\u00bb#e02b20&#8243; width=\u00bb100%\u00bb custom_margin=\u00bb-2px|||||\u00bb custom_padding=\u00bb8px||0px|28px||\u00bb locked=\u00bboff\u00bb inline_fonts=\u00bbAbril Fatface\u00bb global_colors_info=\u00bb{}\u00bb]<\/p>\n<h1>Acceso a un GRADO SUPERIOR (FP)<\/h1>\n<p>[\/et_pb_text][\/et_pb_column][\/et_pb_row][et_pb_row column_structure=\u00bb1_2,1_2&#8243; admin_label=\u00bbGRADO SUPERIOR\u00bb _builder_version=\u00bb4.27.2&#8243; _module_preset=\u00bbdefault\u00bb global_colors_info=\u00bb{}\u00bb][et_pb_column type=\u00bb1_2&#8243; _builder_version=\u00bb4.27.0&#8243; _module_preset=\u00bbdefault\u00bb global_colors_info=\u00bb{}\u00bb][et_pb_blurb title=\u00bbCAT\u00c1LOGO DE T\u00cdTULOS\u00bb url=\u00bbhttps:\/\/www.juntadeandalucia.es\/educacion\/portales\/web\/formacion-profesional-andaluza\/grado-superior-catalogo-de-titulos\u00bb url_new_window=\u00bbon\u00bb use_icon=\u00bbon\u00bb font_icon=\u00bb&#x6f;||divi||400&#8243; icon_placement=\u00bbleft\u00bb image_icon_width=\u00bb110px\u00bb _builder_version=\u00bb4.27.4&#8243; _module_preset=\u00bbdefault\u00bb header_level=\u00bbh2&#8243; header_font_size=\u00bb24px\u00bb header_line_height=\u00bb1.1em\u00bb body_font_size=\u00bb17px\u00bb body_line_height=\u00bb1.2em\u00bb link_option_url=\u00bbhttps:\/\/www.juntadeandalucia.es\/educacion\/portales\/web\/formacion-profesional-andaluza\/grado-superior-catalogo-de-titulos\u00bb link_option_url_new_window=\u00bbon\u00bb global_colors_info=\u00bb{}\u00bb]<\/p>\n<p>Accede al cat\u00e1logo de t\u00edtulos de Grado Superior de la Junta de Andaluc\u00eda.<\/p>\n<p>[\/et_pb_blurb][et_pb_blurb title=\u00bbREQUISITOS Y CUPO DE ACCESO\u00bb url=\u00bbhttps:\/\/www.juntadeandalucia.es\/educacion\/portales\/web\/escolarizacion\/w\/escolarizacion-2022-0.17.3.2-req-ocgs-requisitos-y-cupo-de-acceso-para-los-ciclos-formativos-de-grado-superior\u00bb url_new_window=\u00bbon\u00bb use_icon=\u00bbon\u00bb font_icon=\u00bb&#x41;||divi||400&#8243; icon_placement=\u00bbleft\u00bb image_icon_width=\u00bb110px\u00bb _builder_version=\u00bb4.27.4&#8243; _module_preset=\u00bbdefault\u00bb header_level=\u00bbh2&#8243; header_font_size=\u00bb24px\u00bb header_line_height=\u00bb1.1em\u00bb body_font_size=\u00bb17px\u00bb body_line_height=\u00bb1.2em\u00bb link_option_url=\u00bbhttps:\/\/www.juntadeandalucia.es\/educacion\/portales\/web\/escolarizacion\/w\/escolarizacion-2022-0.17.3.2-req-ocgs-requisitos-y-cupo-de-acceso-para-los-ciclos-formativos-de-grado-superior\u00bb link_option_url_new_window=\u00bbon\u00bb global_colors_info=\u00bb{}\u00bb]<\/p>\n<p>Aqu\u00ed tienes los requisitos para acceder a los ciclos formativos de grado superior.<\/p>\n<p>[\/et_pb_blurb][et_pb_blurb title=\u00bbPERFILES PROFESIONALES FP\u00bb url=\u00bbhttps:\/\/todofp.es\/orientacion-profesional\/notengoclaroqueestudiar\/perfiles-profesionales.html\u00bb url_new_window=\u00bbon\u00bb use_icon=\u00bbon\u00bb font_icon=\u00bb&#xf508;||fa||900&#8243; icon_placement=\u00bbleft\u00bb image_icon_width=\u00bb110px\u00bb _builder_version=\u00bb4.27.4&#8243; _module_preset=\u00bbdefault\u00bb header_level=\u00bbh2&#8243; header_font_size=\u00bb24px\u00bb header_line_height=\u00bb1.1em\u00bb body_font_size=\u00bb17px\u00bb body_line_height=\u00bb1.2em\u00bb link_option_url=\u00bbhttps:\/\/todofp.es\/orientacion-profesional\/notengoclaroqueestudiar\/perfiles-profesionales.html\u00bb link_option_url_new_window=\u00bbon\u00bb locked=\u00bboff\u00bb global_colors_info=\u00bb{}\u00bb]<\/p>\n<p>Aqu\u00ed podr\u00e1 encontrar las ocupaciones para las que capacita cada t\u00edtulo de formaci\u00f3n profesional organizado por familias profesionales.<\/p>\n<p>[\/et_pb_blurb][\/et_pb_column][et_pb_column type=\u00bb1_2&#8243; _builder_version=\u00bb4.27.0&#8243; _module_preset=\u00bbdefault\u00bb global_colors_info=\u00bb{}\u00bb][et_pb_blurb title=\u00bbACCESO DESDE BACHILLERATO\u00bb url=\u00bbhttps:\/\/www.juntadeandalucia.es\/educacion\/portales\/documents\/100629\/373875\/2023_Bach_y_PruebasAcc_REL_FamFP_PORTAL.pdf\/6e1b77d5-379e-d702-9f53-e5e996a994f6?version=1.0&#8243; url_new_window=\u00bbon\u00bb use_icon=\u00bbon\u00bb font_icon=\u00bb&#x5a;||divi||400&#8243; icon_placement=\u00bbleft\u00bb image_icon_width=\u00bb110px\u00bb _builder_version=\u00bb4.27.4&#8243; _module_preset=\u00bbdefault\u00bb header_level=\u00bbh2&#8243; header_font_size=\u00bb24px\u00bb header_line_height=\u00bb1.1em\u00bb body_font_size=\u00bb17px\u00bb body_line_height=\u00bb1.2em\u00bb link_option_url=\u00bbhttps:\/\/www.juntadeandalucia.es\/educacion\/portales\/documents\/100629\/373875\/2023_Bach_y_PruebasAcc_REL_FamFP_PORTAL.pdf\/6e1b77d5-379e-d702-9f53-e5e996a994f6?version=1.0&#8243; link_option_url_new_window=\u00bbon\u00bb global_colors_info=\u00bb{}\u00bb]<\/p>\n<p>Aqu\u00ed tienes relacionados los t\u00edtulos de Grado Superior con los distintas modalidades de bachilleratos desde los que puedes acceder y opci\u00f3n de la prueba de acceso.<\/p>\n<p>[\/et_pb_blurb][et_pb_blurb title=\u00bbPRUEBAS DE ACCESO GRADO SUPERIOR\u00bb url=\u00bbhttps:\/\/www.juntadeandalucia.es\/educacion\/portals\/web\/formacion-profesional-andaluza\/docente\/pruebas-y-procedimientos\/pruebas-acceso\/estructura\/gs\u00bb url_new_window=\u00bbon\u00bb use_icon=\u00bbon\u00bb font_icon=\u00bb&#x6c;||divi||400&#8243; icon_placement=\u00bbleft\u00bb image_icon_width=\u00bb110px\u00bb _builder_version=\u00bb4.27.4&#8243; _module_preset=\u00bbdefault\u00bb header_level=\u00bbh2&#8243; header_font_size=\u00bb24px\u00bb header_line_height=\u00bb1.1em\u00bb body_font_size=\u00bb17px\u00bb body_line_height=\u00bb1.2em\u00bb link_option_url=\u00bbhttps:\/\/www.juntadeandalucia.es\/educacion\/portals\/web\/formacion-profesional-andaluza\/docente\/pruebas-y-procedimientos\/pruebas-acceso\/estructura\/gs\u00bb link_option_url_new_window=\u00bbon\u00bb global_colors_info=\u00bb{}\u00bb]<\/p>\n<p>Informaci\u00f3n sobre las <a href=\"https:\/\/www.juntadeandalucia.es\/temas\/estudiar\/fp\/pruebas-acceso.html\">pruebas de acceso<\/a> a ciclos formativos de grado superior.<\/p>\n<p>[\/et_pb_blurb][\/et_pb_column][\/et_pb_row][et_pb_row admin_label=\u00bbFUERZAS ARMADAS\u00bb _builder_version=\u00bb4.27.4&#8243; _module_preset=\u00bbdefault\u00bb global_colors_info=\u00bb{}\u00bb][et_pb_column type=\u00bb4_4&#8243; _builder_version=\u00bb4.27.0&#8243; _module_preset=\u00bbdefault\u00bb global_colors_info=\u00bb{}\u00bb][et_pb_text admin_label=\u00bbTexto\u00bb _builder_version=\u00bb4.27.4&#8243; text_font_size=\u00bb18px\u00bb header_font=\u00bb|800|||||||\u00bb header_text_align=\u00bbcenter\u00bb header_text_color=\u00bb#FFFFFF\u00bb header_font_size=\u00bb33px\u00bb background_color=\u00bb#e02b20&#8243; width=\u00bb100%\u00bb custom_margin=\u00bb-2px|||||\u00bb custom_padding=\u00bb8px||0px|28px||\u00bb locked=\u00bboff\u00bb inline_fonts=\u00bbAbril Fatface\u00bb global_colors_info=\u00bb{}\u00bb]<\/p>\n<h1>Acceso a los CUERPOS Y FUERZAS DE SEGURIDAD DEL ESTADO<\/h1>\n<p>[\/et_pb_text][\/et_pb_column][\/et_pb_row][et_pb_row column_structure=\u00bb1_2,1_2&#8243; admin_label=\u00bbFUERZAS ARMADAS\u00bb _builder_version=\u00bb4.27.4&#8243; _module_preset=\u00bbdefault\u00bb global_colors_info=\u00bb{}\u00bb][et_pb_column type=\u00bb1_2&#8243; _builder_version=\u00bb4.27.0&#8243; _module_preset=\u00bbdefault\u00bb global_colors_info=\u00bb{}\u00bb][et_pb_blurb title=\u00bbFUERZAS ARMADAS\u00bb url=\u00bbhttps:\/\/reclutamiento.defensa.gob.es\/\u00bb url_new_window=\u00bbon\u00bb use_icon=\u00bbon\u00bb font_icon=\u00bb&#x6f;||divi||400&#8243; icon_placement=\u00bbleft\u00bb image_icon_width=\u00bb110px\u00bb _builder_version=\u00bb4.27.4&#8243; _module_preset=\u00bbdefault\u00bb header_level=\u00bbh2&#8243; header_font_size=\u00bb24px\u00bb header_line_height=\u00bb1.1em\u00bb body_font_size=\u00bb17px\u00bb body_line_height=\u00bb1.2em\u00bb link_option_url=\u00bbhttps:\/\/reclutamiento.defensa.gob.es\/\u00bb link_option_url_new_window=\u00bbon\u00bb global_colors_info=\u00bb{}\u00bb]<\/p>\n<p>Pincha aqu\u00ed para acceder a la informaci\u00f3n para acceder a los distintos cuerpos del Ej\u00e9rcito Espa\u00f1ol.<\/p>\n<p>[\/et_pb_blurb][et_pb_blurb title=\u00bbPOLIC\u00cdA NACIONAL\u00bb url=\u00bbhttps:\/\/www.policia.es\/portalaspirantes\/\u00bb url_new_window=\u00bbon\u00bb use_icon=\u00bbon\u00bb font_icon=\u00bb&#xf058;||fa||400&#8243; icon_placement=\u00bbleft\u00bb image_icon_width=\u00bb110px\u00bb _builder_version=\u00bb4.27.4&#8243; _module_preset=\u00bbdefault\u00bb header_level=\u00bbh2&#8243; header_font_size=\u00bb24px\u00bb header_line_height=\u00bb1.1em\u00bb body_font_size=\u00bb17px\u00bb body_line_height=\u00bb1.2em\u00bb link_option_url=\u00bbhttps:\/\/www.policia.es\/portalaspirantes\/\u00bb link_option_url_new_window=\u00bbon\u00bb global_colors_info=\u00bb{}\u00bb]<\/p>\n<p>Pincha aqu\u00ed para acceder a la informaci\u00f3n para acceder a la Polic\u00eda Nacional.<\/p>\n<p>[\/et_pb_blurb][\/et_pb_column][et_pb_column type=\u00bb1_2&#8243; _builder_version=\u00bb4.27.0&#8243; _module_preset=\u00bbdefault\u00bb global_colors_info=\u00bb{}\u00bb][et_pb_blurb title=\u00bbGUARDIA CIVIL\u00bb url=\u00bbhttps:\/\/web.guardiacivil.es\/es\/tramites\/ingresos\/\u00bb url_new_window=\u00bbon\u00bb use_icon=\u00bbon\u00bb font_icon=\u00bb&#x5a;||divi||400&#8243; icon_placement=\u00bbleft\u00bb image_icon_width=\u00bb110px\u00bb _builder_version=\u00bb4.27.4&#8243; _module_preset=\u00bbdefault\u00bb header_level=\u00bbh2&#8243; header_font_size=\u00bb24px\u00bb header_line_height=\u00bb1.1em\u00bb body_font_size=\u00bb17px\u00bb body_line_height=\u00bb1.2em\u00bb link_option_url=\u00bbhttps:\/\/web.guardiacivil.es\/es\/tramites\/ingresos\/\u00bb link_option_url_new_window=\u00bbon\u00bb global_colors_info=\u00bb{}\u00bb]<\/p>\n<p>Pincha aqu\u00ed para acceder a la informaci\u00f3n para acceder a la Guardia Civil.<\/p>\n<p>[\/et_pb_blurb][\/et_pb_column][\/et_pb_row][\/et_pb_section][et_pb_section fb_built=\u00bb1&#8243; module_class=\u00bbpagina-seccion-contenido\u00bb _builder_version=\u00bb4.16&#8243; custom_padding=\u00bb0%|||\u00bb collapsed=\u00bbon\u00bb global_colors_info=\u00bb{}\u00bb][et_pb_row column_structure=\u00bb1_4,1_4,1_4,1_4&#8243; disabled_on=\u00bbon|on|on\u00bb _builder_version=\u00bb4.16&#8243; background_color=\u00bb#f4f4f4&#8243; background_size=\u00bbinitial\u00bb background_position=\u00bbtop_left\u00bb background_repeat=\u00bbrepeat\u00bb min_height=\u00bb104.4px\u00bb custom_margin=\u00bb-8px|auto||auto|false|false\u00bb custom_padding=\u00bb27px||0px|||\u00bb border_radii=\u00bbon|5px|5px|5px|5px\u00bb disabled=\u00bbon\u00bb locked=\u00bboff\u00bb global_colors_info=\u00bb{}\u00bb][et_pb_column type=\u00bb1_4&#8243; _builder_version=\u00bb4.16&#8243; custom_padding=\u00bb|||\u00bb global_colors_info=\u00bb{}\u00bb custom_padding__hover=\u00bb|||\u00bb][et_pb_blurb title=\u00bbEX\u00c1MENES DE SEPTIEMBRE\u00bb url=\u00bbhttps:\/\/drive.google.com\/file\/d\/19j5MGyT2QE01juWt-3YlzPmYe2IRXiTG\/view?usp=sharing\u00bb url_new_window=\u00bbon\u00bb use_icon=\u00bbon\u00bb font_icon=\u00bb&#xe023;||divi||400&#8243; _builder_version=\u00bb4.27.0&#8243; header_text_align=\u00bbcenter\u00bb link_option_url=\u00bbhttps:\/\/drive.google.com\/file\/d\/19j5MGyT2QE01juWt-3YlzPmYe2IRXiTG\/view?usp=sharing\u00bb link_option_url_new_window=\u00bbon\u00bb global_colors_info=\u00bb{}\u00bb][\/et_pb_blurb][\/et_pb_column][et_pb_column type=\u00bb1_4&#8243; _builder_version=\u00bb4.16&#8243; custom_padding=\u00bb|||\u00bb global_colors_info=\u00bb{}\u00bb custom_padding__hover=\u00bb|||\u00bb][et_pb_blurb title=\u00bbLIBROS DE TEXTO 24-25&#8243; url=\u00bbhttps:\/\/drive.google.com\/file\/d\/1tW2UA1yAXap_u_xdRCbO4Cs8v71KBySD\/view?usp=sharing\u00bb url_new_window=\u00bbon\u00bb use_icon=\u00bbon\u00bb font_icon=\u00bb&#xe086;||divi||400&#8243; _builder_version=\u00bb4.27.0&#8243; header_text_align=\u00bbcenter\u00bb link_option_url=\u00bbhttps:\/\/drive.google.com\/file\/d\/1tW2UA1yAXap_u_xdRCbO4Cs8v71KBySD\/view?usp=sharing\u00bb link_option_url_new_window=\u00bbon\u00bb global_colors_info=\u00bb{}\u00bb][\/et_pb_blurb][\/et_pb_column][et_pb_column type=\u00bb1_4&#8243; _builder_version=\u00bb4.16&#8243; custom_padding=\u00bb|||\u00bb global_colors_info=\u00bb{}\u00bb custom_padding__hover=\u00bb|||\u00bb][et_pb_blurb title=\u00bbVIAJE DE ESTUDIOS\u00bb use_icon=\u00bbon\u00bb font_icon=\u00bb&#xe01f;||divi||400&#8243; _builder_version=\u00bb4.16&#8243; text_orientation=\u00bbcenter\u00bb global_colors_info=\u00bb{}\u00bb][\/et_pb_blurb][\/et_pb_column][et_pb_column type=\u00bb1_4&#8243; _builder_version=\u00bb4.16&#8243; custom_padding=\u00bb|||\u00bb global_colors_info=\u00bb{}\u00bb custom_padding__hover=\u00bb|||\u00bb][et_pb_blurb title=\u00bbERASMUS+\u00bb url=\u00bbhttps:\/\/granada.salesianos.edu\/colegio\/erasmus\/\u00bb url_new_window=\u00bbon\u00bb use_icon=\u00bbon\u00bb font_icon=\u00bb&#xe0e2;||divi||400&#8243; _builder_version=\u00bb4.27.0&#8243; header_text_align=\u00bbcenter\u00bb link_option_url=\u00bbhttps:\/\/granada.salesianos.edu\/colegio\/erasmus\/\u00bb link_option_url_new_window=\u00bbon\u00bb global_colors_info=\u00bb{}\u00bb][\/et_pb_blurb][\/et_pb_column][\/et_pb_row][et_pb_row admin_label=\u00bbModalidades de BTO\u00bb _builder_version=\u00bb4.27.4&#8243; _module_preset=\u00bbdefault\u00bb hover_enabled=\u00bb0&#8243; global_colors_info=\u00bb{}\u00bb disabled_on=\u00bbon|on|on\u00bb disabled=\u00bbon\u00bb sticky_enabled=\u00bb0&#8243;][et_pb_column type=\u00bb4_4&#8243; _builder_version=\u00bb4.23.1&#8243; _module_preset=\u00bbdefault\u00bb global_colors_info=\u00bb{}\u00bb][et_pb_text _builder_version=\u00bb4.23.1&#8243; background_size=\u00bbinitial\u00bb background_position=\u00bbtop_left\u00bb background_repeat=\u00bbrepeat\u00bb locked=\u00bboff\u00bb global_colors_info=\u00bb{}\u00bb]<\/p>\n<h1 style=\"text-align: center;\"><strong><span style=\"color: #4f4b4b; font-size: xx-large;\">CONOCE NUESTRA OFERTA DE BACHILLERATO<\/span><\/strong><\/h1>\n<h2 style=\"text-align: center;\"><strong><em><span style=\"color: #808080;\">\u00a0Ofrecemos dos modalidades de bachillerato:\u00a0<\/span><\/em><\/strong><\/h2>\n<p>[\/et_pb_text][\/et_pb_column][\/et_pb_row][et_pb_row column_structure=\u00bb1_2,1_2&#8243; admin_label=\u00bbModalidades BTO 2&#8243; _builder_version=\u00bb4.27.4&#8243; _module_preset=\u00bbdefault\u00bb hover_enabled=\u00bb0&#8243; global_colors_info=\u00bb{}\u00bb disabled_on=\u00bbon|on|on\u00bb disabled=\u00bbon\u00bb sticky_enabled=\u00bb0&#8243;][et_pb_column type=\u00bb1_2&#8243; _builder_version=\u00bb4.23.1&#8243; _module_preset=\u00bbdefault\u00bb global_colors_info=\u00bb{}\u00bb][et_pb_image src=\u00bbhttps:\/\/granada.salesianos.edu\/colegio\/wp-content\/uploads\/sites\/2\/2023\/12\/bachillerato-ciencias.jpg\u00bb title_text=\u00bbhdr\u00bb url=\u00bbhttps:\/\/granada.salesianos.edu\/colegio\/bachilleratociencias\/\u00bb url_new_window=\u00bbon\u00bb _builder_version=\u00bb4.23.1&#8243; _module_preset=\u00bbdefault\u00bb global_colors_info=\u00bb{}\u00bb][\/et_pb_image][et_pb_text _builder_version=\u00bb4.23.1&#8243; _module_preset=\u00bbdefault\u00bb text_font_size=\u00bb21px\u00bb text_letter_spacing=\u00bb1px\u00bb background_color=\u00bb#E02B20&#8243; text_orientation=\u00bbcenter\u00bb module_alignment=\u00bbcenter\u00bb link_option_url=\u00bbhttps:\/\/granada.salesianos.edu\/colegio\/bachilleratociencias\/\u00bb link_option_url_new_window=\u00bbon\u00bb global_colors_info=\u00bb{}\u00bb]<\/p>\n<p style=\"text-align: center;\"><span style=\"color: #ffffff;\"><strong>CIENCIAS Y TECNOLOG\u00cdA<\/strong><\/span><\/p>\n<p>[\/et_pb_text][\/et_pb_column][et_pb_column type=\u00bb1_2&#8243; _builder_version=\u00bb4.23.1&#8243; _module_preset=\u00bbdefault\u00bb global_colors_info=\u00bb{}\u00bb][et_pb_image src=\u00bbhttps:\/\/granada.salesianos.edu\/colegio\/wp-content\/uploads\/sites\/2\/2023\/12\/bachillerato-humanidades.png\u00bb title_text=\u00bbbachillerato-humanidades\u00bb url=\u00bbhttps:\/\/granada.salesianos.edu\/colegio\/sociales-bachillerato\/\u00bb url_new_window=\u00bbon\u00bb _builder_version=\u00bb4.23.1&#8243; _module_preset=\u00bbdefault\u00bb width=\u00bb95%\u00bb global_colors_info=\u00bb{}\u00bb][\/et_pb_image][et_pb_text _builder_version=\u00bb4.23.1&#8243; _module_preset=\u00bbdefault\u00bb text_font_size=\u00bb21px\u00bb text_letter_spacing=\u00bb1px\u00bb background_color=\u00bb#E02B20&#8243; text_orientation=\u00bbcenter\u00bb width=\u00bb96%\u00bb module_alignment=\u00bbleft\u00bb link_option_url=\u00bbhttps:\/\/granada.salesianos.edu\/colegio\/sociales-bachillerato\/\u00bb link_option_url_new_window=\u00bbon\u00bb global_colors_info=\u00bb{}\u00bb]<span style=\"color: #ffffff;\"><strong>HUMANIDADES Y CIENCIAS SOCIALES<\/strong><\/span> [\/et_pb_text][\/et_pb_column][\/et_pb_row][et_pb_row admin_label=\u00bbNoticias BTO\u00bb _builder_version=\u00bb4.27.4&#8243; custom_margin=\u00bb-19px||||false|false\u00bb locked=\u00bboff\u00bb global_colors_info=\u00bb{}\u00bb][et_pb_column type=\u00bb4_4&#8243; _builder_version=\u00bb4.16&#8243; global_colors_info=\u00bb{}\u00bb][et_pb_text admin_label=\u00bbNoticias de la casa (Texto)\u00bb _builder_version=\u00bb4.27.4&#8243; text_font=\u00bbArial||||\u00bb text_text_color=\u00bb#636a70&#8243; text_font_size=\u00bb22&#8243; text_line_height=\u00bb1.6em\u00bb header_font=\u00bbArial||||\u00bb header_text_color=\u00bb#636a70&#8243; header_font_size=\u00bb46px\u00bb background_size=\u00bbinitial\u00bb background_position=\u00bbtop_left\u00bb background_repeat=\u00bbrepeat\u00bb custom_margin=\u00bb||25px|\u00bb custom_padding=\u00bb|||\u00bb saved_tabs=\u00bball\u00bb global_colors_info=\u00bb{}\u00bb]<\/p>\n<h1><strong>Noticias de Bachillerato<\/strong><strong><img loading=\"lazy\" decoding=\"async\" class=\"wp-image-1598 alignleft\" src=\"https:\/\/alicante.salesianos.edu\/wp-content\/uploads\/2017\/03\/Captura-de-pantalla-2017-05-24-a-las-13.27.09.png\" alt=\"\" width=\"47\" height=\"48\" \/><\/strong><\/h1>\n<p>[\/et_pb_text][et_pb_blog fullwidth=\u00bboff\u00bb posts_number=\u00bb6&#8243; include_categories=\u00bb20&#8243; meta_date=\u00bbj M, Y\u00bb show_more=\u00bbon\u00bb show_author=\u00bboff\u00bb show_categories=\u00bboff\u00bb show_pagination=\u00bboff\u00bb use_overlay=\u00bbon\u00bb overlay_icon_color=\u00bb#e02b20&#8243; disabled_on=\u00bboff|on|off\u00bb admin_label=\u00bbUltimas noticias (Blog)\u00bb _builder_version=\u00bb4.27.4&#8243; header_font=\u00bb|on|||\u00bb header_text_color=\u00bb#c9361c\u00bb header_font_size=\u00bb22px\u00bb header_line_height=\u00bb1.2em\u00bb body_font=\u00bb||||\u00bb body_font_size=\u00bb12px\u00bb body_line_height=\u00bb1.5em\u00bb meta_font=\u00bb||on||\u00bb meta_font_size=\u00bb12&#8243; meta_line_height=\u00bb1.5em\u00bb animation_style=\u00bbfold\u00bb hover_enabled=\u00bb0&#8243; body_font_size_last_edited=\u00bboff|\u00bb pagination_font_size_tablet=\u00bb51&#8243; pagination_line_height_tablet=\u00bb2&#8243; border_radii=\u00bbon|20px|20px|20px|20px\u00bb border_width_all=\u00bb0px\u00bb border_color_all_fullwidth=\u00bb#d8d8d8&#8243; use_border_color=\u00bbon\u00bb saved_tabs=\u00bball\u00bb global_colors_info=\u00bb{}\u00bb sticky_enabled=\u00bb0&#8243;][\/et_pb_blog][et_pb_button button_url=\u00bbhttps:\/\/granada.salesianos.edu\/noticias\u00bb button_text=\u00bbVer todas las noticias\u00bb button_alignment=\u00bbright\u00bb _builder_version=\u00bb4.16&#8243; custom_button=\u00bbon\u00bb button_text_size=\u00bb19px\u00bb button_text_color=\u00bb#dc001b\u00bb button_border_width=\u00bb1px\u00bb button_border_color=\u00bb#dc001b\u00bb button_border_radius=\u00bb100px\u00bb button_icon=\u00bb&#x35;||divi||400&#8243; background_layout=\u00bbdark\u00bb locked=\u00bboff\u00bb global_colors_info=\u00bb{}\u00bb button_text_size__hover_enabled=\u00bboff\u00bb button_one_text_size__hover_enabled=\u00bboff\u00bb button_two_text_size__hover_enabled=\u00bboff\u00bb button_text_color__hover_enabled=\u00bboff\u00bb button_one_text_color__hover_enabled=\u00bboff\u00bb button_two_text_color__hover_enabled=\u00bboff\u00bb button_border_width__hover_enabled=\u00bboff\u00bb button_one_border_width__hover_enabled=\u00bboff\u00bb button_two_border_width__hover_enabled=\u00bboff\u00bb button_border_color__hover_enabled=\u00bboff\u00bb button_one_border_color__hover_enabled=\u00bboff\u00bb button_two_border_color__hover_enabled=\u00bboff\u00bb button_border_radius__hover_enabled=\u00bboff\u00bb button_one_border_radius__hover_enabled=\u00bboff\u00bb button_two_border_radius__hover_enabled=\u00bboff\u00bb button_letter_spacing__hover_enabled=\u00bboff\u00bb button_one_letter_spacing__hover_enabled=\u00bboff\u00bb button_two_letter_spacing__hover_enabled=\u00bboff\u00bb button_bg_color__hover_enabled=\u00bboff\u00bb button_one_bg_color__hover_enabled=\u00bboff\u00bb button_two_bg_color__hover_enabled=\u00bboff\u00bb][\/et_pb_button][\/et_pb_column][\/et_pb_row][et_pb_row disabled_on=\u00bbon|on|on\u00bb admin_label=\u00bbPREGUNTAS FRECUNTES\u00bb _builder_version=\u00bb4.27.4&#8243; custom_margin=\u00bb0px|||\u00bb custom_padding=\u00bb0px|0px|23.96875px|0px\u00bb disabled=\u00bbon\u00bb global_colors_info=\u00bb{}\u00bb][et_pb_column type=\u00bb4_4&#8243; _builder_version=\u00bb4.16&#8243; custom_padding=\u00bb|||\u00bb global_colors_info=\u00bb{}\u00bb custom_padding__hover=\u00bb|||\u00bb][et_pb_text _builder_version=\u00bb4.16&#8243; text_font=\u00bb||||\u00bb text_font_size=\u00bb21px\u00bb header_font=\u00bb||||\u00bb header_font_size=\u00bb44px\u00bb background_color=\u00bb#e02b20&#8243; background_layout=\u00bbdark\u00bb custom_margin=\u00bb25px|||\u00bb custom_padding=\u00bb20px||10px|\u00bb global_colors_info=\u00bb{}\u00bb]<\/p>\n<h2>\u00a0 \u00a0 PREGUNTAS FRECUENTES<\/h2>\n<p>[\/et_pb_text][et_pb_accordion _builder_version=\u00bb4.24.3&#8243; toggle_text_color=\u00bb#dc001b\u00bb toggle_font_size=\u00bb17px\u00bb border_width_all=\u00bb0px\u00bb border_color_all=\u00bb#e5e5e5&#8243; border_style_all=\u00bbsolid\u00bb use_border_color=\u00bbon\u00bb border_color=\u00bb#e5e5e5&#8243; border_width=\u00bb0px\u00bb border_style=\u00bbsolid\u00bb global_colors_info=\u00bb{}\u00bb][et_pb_accordion_item title=\u00bb\u00bfRealiza el centro jornadas de puertas abiertas?\u00bb open=\u00bbon\u00bb _builder_version=\u00bb4.24.3&#8243; text_orientation=\u00bbleft\u00bb module_alignment=\u00bbleft\u00bb global_colors_info=\u00bb{}\u00bb]Desde hace algunos a\u00f1os, el colegio abre sus puertas a aquellas familias que est\u00e9n interesadas en conocer nuestro\u00a0<a title=\"Proyecto Educativo\" href=\"https:\/\/granada.salesianos.edu\/colegio\/admisiones\/\" target=\"_blank\" rel=\"noopener noreferrer\"><strong>proyecto educativo<\/strong><\/a>\u00a0e\u00a0<a title=\"Instalaciones\" href=\"https:\/\/granada.salesianos.edu\/colegio\/instalaciones\/\" target=\"_blank\" rel=\"noopener noreferrer\"><strong>instalaciones<\/strong><\/a>. Cada a\u00f1o, estas jornadas mejoran y se perfeccionan y ni siquiera una pandemia puede impedir que las realicemos de la mejor forma posible. Publicaremos toda la informaci\u00f3n al respecto en nuestra\u00a0<strong>web<\/strong>\u00a0y\u00a0<strong>RRSS. <a title=\"Jornadas de Puertas Abiertas\" href=\"https:\/\/granada.salesianos.edu\/colegio\/jornadas-pa-general\/\" target=\"_blank\" rel=\"noopener noreferrer\">M\u00e1s informaci\u00f3n sobre las Jornadas de Puertas Abiertas<\/a><\/strong> No obstante, a lo largo de todo el curso, si quiere conocer nuestro Centro, s\u00f3lo tiene que ponerse en contacto con nosotros y concertaremos una cita con nuestro Jefe de Estudios. \u00a0 [\/et_pb_accordion_item][et_pb_accordion_item title=\u00bb\u00bfQu\u00e9 horario tienen los alumnos de Bachillerato?\u00bb _builder_version=\u00bb4.16&#8243; text_orientation=\u00bbleft\u00bb module_alignment=\u00bbleft\u00bb global_colors_info=\u00bb{}\u00bb open=\u00bboff\u00bb]El horario para los alumnos de bachillerato ser\u00e1, desde Septiembre hasta Junio, de lunes a viernes de 8:15 hasta las 14:45 [\/et_pb_accordion_item][et_pb_accordion_item title=\u00bb\u00bfQu\u00e9 opciones tengo al acabar la E.S.O.?\u00bb _builder_version=\u00bb4.16&#8243; text_orientation=\u00bbleft\u00bb module_alignment=\u00bbleft\u00bb global_colors_info=\u00bb{}\u00bb open=\u00bboff\u00bb]En principio, son tres las opciones que se te presentan. Tras la etapa obligatoria de la E.S.O., puedes acceder a\u00a0<strong>estudios de Bachillerato<\/strong>\u00a0o a un\u00a0<strong>ciclo formativo de grado medio<\/strong>\u00a0(CFGM) o bien, incorporarte al\u00a0<strong>mundo laboral<\/strong>\u00a0a los 16 a\u00f1os. Nosotros, siempre\u00a0<strong>te aconsejamos que no dejes de formarte y que contin\u00faes tu camino acad\u00e9mico<\/strong>. En nuestro Colegio podr\u00e1s optar al Bachillerato o a los Ciclos de Formaci\u00f3n Profesional. [\/et_pb_accordion_item][et_pb_accordion_item title=\u00bb\u00bfPara qu\u00e9 estoy preparado al terminar el Bachillerato?\u00bb _builder_version=\u00bb4.16&#8243; text_orientation=\u00bbleft\u00bb module_alignment=\u00bbleft\u00bb global_colors_info=\u00bb{}\u00bb open=\u00bboff\u00bb]El t\u00edtulo que obtienes al terminar el Bachillerato te capacita para acceder a la\u00a0<strong>Universidad<\/strong>. Te permite presentarte a las\u00a0<strong>pruebas de acceso a la Universidad<\/strong>\u00a0para incorporarte al\u00a0<strong>Grado<\/strong>\u00a0que quieres estudiar. Si no es tu camino el universitario, tras acabar el Bachillerato, podr\u00e1s realizar un\u00a0<strong>Ciclo Formativo de Grado Superior<\/strong>\u00a0(CFGS).\u00a0 La oferta de familias formativas es amplia e interesante. Algunos alumnos o alumnas, comienzan la preparaci\u00f3n para acceder al\u00a0<strong>cuerpo de funcionarios de carrera<\/strong>\u00a0en las distintas administraciones (local, auton\u00f3mica o nacional). Obtener\u00a0<strong>el t\u00edtulo del Bachillerato es requisito para algunas de estas oposiciones<\/strong>. [\/et_pb_accordion_item][et_pb_accordion_item title=\u00bb\u00bfQu\u00e9 modalidades de Bachillerato puedes cursar en nuestro centro?\u00bb _builder_version=\u00bb4.24.3&#8243; text_orientation=\u00bbleft\u00bb module_alignment=\u00bbleft\u00bb global_colors_info=\u00bb{}\u00bb open=\u00bboff\u00bb]Son dos las modalidades que ofrecemos:<\/p>\n<ul>\n<li><strong>Ciencias y Tecnologia<\/strong><\/li>\n<li><strong>Ciencias Sociales y Humanidades<\/strong>.<\/li>\n<\/ul>\n<p>Comprenden un amplio campo de conocimiento que\u00a0<strong>te\u00a0 permitir\u00e1 acceder a la mayor\u00eda de los Grados Universitarios<\/strong>. [\/et_pb_accordion_item][et_pb_accordion_item title=\u00bb\u00bfC\u00f3mo elijo qu\u00e9 modalidad estudiar?\u00bb _builder_version=\u00bb4.16&#8243; text_orientation=\u00bbleft\u00bb module_alignment=\u00bbleft\u00bb global_colors_info=\u00bb{}\u00bb open=\u00bboff\u00bb]En 4\u00ba de la E.S.O. ya habr\u00e1s tenido que elegir un\u00a0<strong>itinerario acad\u00e9mico<\/strong>\u00a0que, por ahora,\u00a0<strong>no va a determinar tu elecci\u00f3n de modalidad en Bachillerato<\/strong>\u00a0pero que no habr\u00e1 que olvidarlo. Ten en cuenta que\u00a0<strong>si cambias de la modalidad de 4\u00ba de la E.S.O. a 1\u00ba de Bto. tendr\u00e1s que ponerte al d\u00eda<\/strong>\u00a0con los conocimientos y habilidades que habr\u00e1s dejado de estudiar. Debes pensar en cu\u00e1l es el camino que deseas seguir, la modalidad elegida debe estar conectada con \u00e9l y, por supuesto,\u00a0<strong>debes conocer tus aptitudes y tus intereses<\/strong>. A partir de ahora, estos estudios son\u00a0<strong>el principio de una formaci\u00f3n m\u00e1s espec\u00edfica<\/strong>\u00a0que te llevar\u00e1 en el futuro al\u00a0<strong>mundo laboral<\/strong>. [\/et_pb_accordion_item][et_pb_accordion_item title=\u00bb\u00bfCu\u00e1ntas veces se puede repetir en Bachillerato?\u00bb _builder_version=\u00bb4.16&#8243; text_orientation=\u00bbleft\u00bb module_alignment=\u00bbleft\u00bb global_colors_info=\u00bb{}\u00bb open=\u00bboff\u00bb]Se puede repetir hasta\u00a0<strong>dos veces<\/strong>\u00a0en la etapa, seg\u00fan la normativa vigente, con lo que podr\u00edas estar estudiando Bachillerato por un periodo m\u00e1ximo de cuatro a\u00f1os. [\/et_pb_accordion_item][et_pb_accordion_item title=\u00bb\u00bfC\u00f3mo se justifican las ausencias y los retrasos?\u00bb _builder_version=\u00bb4.23.1&#8243; text_orientation=\u00bbleft\u00bb module_alignment=\u00bbleft\u00bb global_colors_info=\u00bb{}\u00bb open=\u00bboff\u00bb]Se justifican a trav\u00e9s de la\u00a0<a href=\"https:\/\/granada.salesianos.edu\/colegio\/guia-qualitas-familia\/\">plataforma Qe<\/a>, aportando\u00a0<strong>documento o justificaci\u00f3n oficial si fuera necesario.<\/strong> [\/et_pb_accordion_item][\/et_pb_accordion][\/et_pb_column][\/et_pb_row][\/et_pb_section]<\/p>\n","protected":false},"excerpt":{"rendered":"<p>\u00bfQu\u00e9 hacer despu\u00e9s del bachillerato? Te orientamos sobre las distintas posibilidades que tienes una vez terminado nuestro bachillerato concertado, en nuestras distitnas modalidades de Ciencias y Tecnolog\u00eda y Humanidades y Ciencias Sociales. Orientaci\u00f3n Salesianos Granada<\/p>\n","protected":false},"author":2,"featured_media":0,"parent":0,"menu_order":0,"comment_status":"closed","ping_status":"closed","template":"","meta":{"_et_pb_use_builder":"on","_et_pb_old_content":"","_et_gb_content_width":"","footnotes":""},"class_list":["post-20121","page","type-page","status-publish","hentry"],"yoast_head":"<!-- This site is optimized with the Yoast SEO plugin v28.4 - https:\/\/yoast.com\/product\/yoast-seo-wordpress\/ -->\n<title>Bachillerato Orientaci\u00f3n - Colegio Salesiano<\/title>\n<meta name=\"description\" content=\"\u00bfQu\u00e9 hacer despu\u00e9s del bachillerato? Te orientamos sobre las distintas posibilidades que tienes una vez terminado nuestro bachillerato concertado, en nuestras distitnas modalidades de Ciencias y Tecnolog\u00eda y Humanidades y Ciencias Sociales. Orientaci\u00f3n Salesianos Granada\" \/>\n<meta name=\"robots\" content=\"index, follow, max-snippet:-1, max-image-preview:large, max-video-preview:-1\" \/>\n<link rel=\"canonical\" href=\"https:\/\/granada.salesianos.edu\/colegio\/bachillerato-orientacion\/\" \/>\n<meta property=\"og:locale\" content=\"es_ES\" \/>\n<meta property=\"og:type\" content=\"article\" \/>\n<meta property=\"og:title\" content=\"Bachillerato Orientaci\u00f3n - Colegio Salesiano\" \/>\n<meta property=\"og:description\" content=\"\u00bfQu\u00e9 hacer despu\u00e9s del bachillerato? Te orientamos sobre las distintas posibilidades que tienes una vez terminado nuestro bachillerato concertado, en nuestras distitnas modalidades de Ciencias y Tecnolog\u00eda y Humanidades y Ciencias Sociales. Orientaci\u00f3n Salesianos Granada\" \/>\n<meta property=\"og:url\" content=\"https:\/\/granada.salesianos.edu\/colegio\/bachillerato-orientacion\/\" \/>\n<meta property=\"og:site_name\" content=\"Colegio Salesiano\" \/>\n<meta property=\"article:publisher\" content=\"https:\/\/www.facebook.com\/SalesianosGR\/\" \/>\n<meta property=\"article:modified_time\" content=\"2026-01-07T11:16:12+00:00\" \/>\n<meta name=\"twitter:card\" content=\"summary_large_image\" \/>\n<meta name=\"twitter:site\" content=\"@GranadaSDB\" \/>\n<meta name=\"twitter:label1\" content=\"Tiempo de lectura\" \/>\n\t<meta name=\"twitter:data1\" content=\"5 minutos\" \/>\n<script type=\"application\/ld+json\" class=\"yoast-schema-graph\">{\"@context\":\"https:\\\/\\\/schema.org\",\"@graph\":[{\"@type\":\"WebPage\",\"@id\":\"https:\\\/\\\/granada.salesianos.edu\\\/colegio\\\/bachillerato-orientacion\\\/\",\"url\":\"https:\\\/\\\/granada.salesianos.edu\\\/colegio\\\/bachillerato-orientacion\\\/\",\"name\":\"Bachillerato Orientaci\u00f3n - Colegio Salesiano\",\"isPartOf\":{\"@id\":\"https:\\\/\\\/granada.salesianos.edu\\\/colegio\\\/#website\"},\"primaryImageOfPage\":{\"@id\":\"https:\\\/\\\/granada.salesianos.edu\\\/colegio\\\/bachillerato-orientacion\\\/#primaryimage\"},\"image\":{\"@id\":\"https:\\\/\\\/granada.salesianos.edu\\\/colegio\\\/bachillerato-orientacion\\\/#primaryimage\"},\"thumbnailUrl\":\"https:\\\/\\\/alicante.salesianos.edu\\\/wp-content\\\/uploads\\\/2017\\\/03\\\/Captura-de-pantalla-2017-05-24-a-las-13.27.09.png\",\"datePublished\":\"2025-05-18T16:37:20+00:00\",\"dateModified\":\"2026-01-07T11:16:12+00:00\",\"description\":\"\u00bfQu\u00e9 hacer despu\u00e9s del bachillerato? Te orientamos sobre las distintas posibilidades que tienes una vez terminado nuestro bachillerato concertado, en nuestras distitnas modalidades de Ciencias y Tecnolog\u00eda y Humanidades y Ciencias Sociales. Orientaci\u00f3n Salesianos Granada\",\"breadcrumb\":{\"@id\":\"https:\\\/\\\/granada.salesianos.edu\\\/colegio\\\/bachillerato-orientacion\\\/#breadcrumb\"},\"inLanguage\":\"es\",\"potentialAction\":[{\"@type\":\"ReadAction\",\"target\":[\"https:\\\/\\\/granada.salesianos.edu\\\/colegio\\\/bachillerato-orientacion\\\/\"]}]},{\"@type\":\"ImageObject\",\"inLanguage\":\"es\",\"@id\":\"https:\\\/\\\/granada.salesianos.edu\\\/colegio\\\/bachillerato-orientacion\\\/#primaryimage\",\"url\":\"https:\\\/\\\/alicante.salesianos.edu\\\/wp-content\\\/uploads\\\/2017\\\/03\\\/Captura-de-pantalla-2017-05-24-a-las-13.27.09.png\",\"contentUrl\":\"https:\\\/\\\/alicante.salesianos.edu\\\/wp-content\\\/uploads\\\/2017\\\/03\\\/Captura-de-pantalla-2017-05-24-a-las-13.27.09.png\"},{\"@type\":\"BreadcrumbList\",\"@id\":\"https:\\\/\\\/granada.salesianos.edu\\\/colegio\\\/bachillerato-orientacion\\\/#breadcrumb\",\"itemListElement\":[{\"@type\":\"ListItem\",\"position\":1,\"name\":\"Portada\",\"item\":\"https:\\\/\\\/granada.salesianos.edu\\\/colegio\\\/\"},{\"@type\":\"ListItem\",\"position\":2,\"name\":\"Bachillerato Orientaci\u00f3n\"}]},{\"@type\":\"WebSite\",\"@id\":\"https:\\\/\\\/granada.salesianos.edu\\\/colegio\\\/#website\",\"url\":\"https:\\\/\\\/granada.salesianos.edu\\\/colegio\\\/\",\"name\":\"Colegio Salesiano\",\"description\":\"P\u00e1gina oficial de Salesianos Granada San Juan Bosco\",\"publisher\":{\"@id\":\"https:\\\/\\\/granada.salesianos.edu\\\/colegio\\\/#organization\"},\"potentialAction\":[{\"@type\":\"SearchAction\",\"target\":{\"@type\":\"EntryPoint\",\"urlTemplate\":\"https:\\\/\\\/granada.salesianos.edu\\\/colegio\\\/?s={search_term_string}\"},\"query-input\":{\"@type\":\"PropertyValueSpecification\",\"valueRequired\":true,\"valueName\":\"search_term_string\"}}],\"inLanguage\":\"es\"},{\"@type\":\"Organization\",\"@id\":\"https:\\\/\\\/granada.salesianos.edu\\\/colegio\\\/#organization\",\"name\":\"Colegio Salesiano San Juan Bosco Granada\",\"url\":\"https:\\\/\\\/granada.salesianos.edu\\\/colegio\\\/\",\"logo\":{\"@type\":\"ImageObject\",\"inLanguage\":\"es\",\"@id\":\"https:\\\/\\\/granada.salesianos.edu\\\/colegio\\\/#\\\/schema\\\/logo\\\/image\\\/\",\"url\":\"https:\\\/\\\/granada.salesianos.edu\\\/colegio\\\/wp-content\\\/uploads\\\/sites\\\/2\\\/2021\\\/01\\\/GRANADAobraVN2.jpg\",\"contentUrl\":\"https:\\\/\\\/granada.salesianos.edu\\\/colegio\\\/wp-content\\\/uploads\\\/sites\\\/2\\\/2021\\\/01\\\/GRANADAobraVN2.jpg\",\"width\":2113,\"height\":1894,\"caption\":\"Colegio Salesiano San Juan Bosco Granada\"},\"image\":{\"@id\":\"https:\\\/\\\/granada.salesianos.edu\\\/colegio\\\/#\\\/schema\\\/logo\\\/image\\\/\"},\"sameAs\":[\"https:\\\/\\\/www.facebook.com\\\/SalesianosGR\\\/\",\"https:\\\/\\\/x.com\\\/GranadaSDB\",\"https:\\\/\\\/www.instagram.com\\\/salesianosgranada\\\/\",\"https:\\\/\\\/www.youtube.com\\\/channel\\\/UChkpZuhCf4Y5rYIcFT3CNxw?view_as=subscriber\"]}]}<\/script>\n<!-- \/ Yoast SEO plugin. -->","yoast_head_json":{"title":"Bachillerato Orientaci\u00f3n - Colegio Salesiano","description":"\u00bfQu\u00e9 hacer despu\u00e9s del bachillerato? Te orientamos sobre las distintas posibilidades que tienes una vez terminado nuestro bachillerato concertado, en nuestras distitnas modalidades de Ciencias y Tecnolog\u00eda y Humanidades y Ciencias Sociales. Orientaci\u00f3n Salesianos Granada","robots":{"index":"index","follow":"follow","max-snippet":"max-snippet:-1","max-image-preview":"max-image-preview:large","max-video-preview":"max-video-preview:-1"},"canonical":"https:\/\/granada.salesianos.edu\/colegio\/bachillerato-orientacion\/","og_locale":"es_ES","og_type":"article","og_title":"Bachillerato Orientaci\u00f3n - Colegio Salesiano","og_description":"\u00bfQu\u00e9 hacer despu\u00e9s del bachillerato? Te orientamos sobre las distintas posibilidades que tienes una vez terminado nuestro bachillerato concertado, en nuestras distitnas modalidades de Ciencias y Tecnolog\u00eda y Humanidades y Ciencias Sociales. Orientaci\u00f3n Salesianos Granada","og_url":"https:\/\/granada.salesianos.edu\/colegio\/bachillerato-orientacion\/","og_site_name":"Colegio Salesiano","article_publisher":"https:\/\/www.facebook.com\/SalesianosGR\/","article_modified_time":"2026-01-07T11:16:12+00:00","twitter_card":"summary_large_image","twitter_site":"@GranadaSDB","twitter_misc":{"Tiempo de lectura":"5 minutos"},"schema":{"@context":"https:\/\/schema.org","@graph":[{"@type":"WebPage","@id":"https:\/\/granada.salesianos.edu\/colegio\/bachillerato-orientacion\/","url":"https:\/\/granada.salesianos.edu\/colegio\/bachillerato-orientacion\/","name":"Bachillerato Orientaci\u00f3n - Colegio Salesiano","isPartOf":{"@id":"https:\/\/granada.salesianos.edu\/colegio\/#website"},"primaryImageOfPage":{"@id":"https:\/\/granada.salesianos.edu\/colegio\/bachillerato-orientacion\/#primaryimage"},"image":{"@id":"https:\/\/granada.salesianos.edu\/colegio\/bachillerato-orientacion\/#primaryimage"},"thumbnailUrl":"https:\/\/alicante.salesianos.edu\/wp-content\/uploads\/2017\/03\/Captura-de-pantalla-2017-05-24-a-las-13.27.09.png","datePublished":"2025-05-18T16:37:20+00:00","dateModified":"2026-01-07T11:16:12+00:00","description":"\u00bfQu\u00e9 hacer despu\u00e9s del bachillerato? Te orientamos sobre las distintas posibilidades que tienes una vez terminado nuestro bachillerato concertado, en nuestras distitnas modalidades de Ciencias y Tecnolog\u00eda y Humanidades y Ciencias Sociales. Orientaci\u00f3n Salesianos Granada","breadcrumb":{"@id":"https:\/\/granada.salesianos.edu\/colegio\/bachillerato-orientacion\/#breadcrumb"},"inLanguage":"es","potentialAction":[{"@type":"ReadAction","target":["https:\/\/granada.salesianos.edu\/colegio\/bachillerato-orientacion\/"]}]},{"@type":"ImageObject","inLanguage":"es","@id":"https:\/\/granada.salesianos.edu\/colegio\/bachillerato-orientacion\/#primaryimage","url":"https:\/\/alicante.salesianos.edu\/wp-content\/uploads\/2017\/03\/Captura-de-pantalla-2017-05-24-a-las-13.27.09.png","contentUrl":"https:\/\/alicante.salesianos.edu\/wp-content\/uploads\/2017\/03\/Captura-de-pantalla-2017-05-24-a-las-13.27.09.png"},{"@type":"BreadcrumbList","@id":"https:\/\/granada.salesianos.edu\/colegio\/bachillerato-orientacion\/#breadcrumb","itemListElement":[{"@type":"ListItem","position":1,"name":"Portada","item":"https:\/\/granada.salesianos.edu\/colegio\/"},{"@type":"ListItem","position":2,"name":"Bachillerato Orientaci\u00f3n"}]},{"@type":"WebSite","@id":"https:\/\/granada.salesianos.edu\/colegio\/#website","url":"https:\/\/granada.salesianos.edu\/colegio\/","name":"Colegio Salesiano","description":"P\u00e1gina oficial de Salesianos Granada San Juan Bosco","publisher":{"@id":"https:\/\/granada.salesianos.edu\/colegio\/#organization"},"potentialAction":[{"@type":"SearchAction","target":{"@type":"EntryPoint","urlTemplate":"https:\/\/granada.salesianos.edu\/colegio\/?s={search_term_string}"},"query-input":{"@type":"PropertyValueSpecification","valueRequired":true,"valueName":"search_term_string"}}],"inLanguage":"es"},{"@type":"Organization","@id":"https:\/\/granada.salesianos.edu\/colegio\/#organization","name":"Colegio Salesiano San Juan Bosco Granada","url":"https:\/\/granada.salesianos.edu\/colegio\/","logo":{"@type":"ImageObject","inLanguage":"es","@id":"https:\/\/granada.salesianos.edu\/colegio\/#\/schema\/logo\/image\/","url":"https:\/\/granada.salesianos.edu\/colegio\/wp-content\/uploads\/sites\/2\/2021\/01\/GRANADAobraVN2.jpg","contentUrl":"https:\/\/granada.salesianos.edu\/colegio\/wp-content\/uploads\/sites\/2\/2021\/01\/GRANADAobraVN2.jpg","width":2113,"height":1894,"caption":"Colegio Salesiano San Juan Bosco Granada"},"image":{"@id":"https:\/\/granada.salesianos.edu\/colegio\/#\/schema\/logo\/image\/"},"sameAs":["https:\/\/www.facebook.com\/SalesianosGR\/","https:\/\/x.com\/GranadaSDB","https:\/\/www.instagram.com\/salesianosgranada\/","https:\/\/www.youtube.com\/channel\/UChkpZuhCf4Y5rYIcFT3CNxw?view_as=subscriber"]}]}},"_links":{"self":[{"href":"https:\/\/granada.salesianos.edu\/colegio\/wp-json\/wp\/v2\/pages\/20121","targetHints":{"allow":["GET"]}}],"collection":[{"href":"https:\/\/granada.salesianos.edu\/colegio\/wp-json\/wp\/v2\/pages"}],"about":[{"href":"https:\/\/granada.salesianos.edu\/colegio\/wp-json\/wp\/v2\/types\/page"}],"author":[{"embeddable":true,"href":"https:\/\/granada.salesianos.edu\/colegio\/wp-json\/wp\/v2\/users\/2"}],"replies":[{"embeddable":true,"href":"https:\/\/granada.salesianos.edu\/colegio\/wp-json\/wp\/v2\/comments?post=20121"}],"version-history":[{"count":28,"href":"https:\/\/granada.salesianos.edu\/colegio\/wp-json\/wp\/v2\/pages\/20121\/revisions"}],"predecessor-version":[{"id":21466,"href":"https:\/\/granada.salesianos.edu\/colegio\/wp-json\/wp\/v2\/pages\/20121\/revisions\/21466"}],"wp:attachment":[{"href":"https:\/\/granada.salesianos.edu\/colegio\/wp-json\/wp\/v2\/media?parent=20121"}],"curies":[{"name":"wp","href":"https:\/\/api.w.org\/{rel}","templated":true}]}}