{"id":9132,"date":"2018-09-29T09:00:31","date_gmt":"2018-09-29T07:00:31","guid":{"rendered":"https:\/\/granada.salesianos.edu\/colegio\/?page_id=9132"},"modified":"2025-10-27T22:45:47","modified_gmt":"2025-10-27T20:45:47","slug":"distintivo-soludable","status":"publish","type":"page","link":"https:\/\/granada.salesianos.edu\/colegio\/distintivo-soludable\/","title":{"rendered":"Distintivo Saludable"},"content":{"rendered":"<div id=\"fb-root\"><\/div>\n<p>[et_pb_section fb_built=\u00bb1&#8243; fullwidth=\u00bbon\u00bb next_background_color=\u00bb#ffffff\u00bb _builder_version=\u00bb4.27.4&#8243; background_image=\u00bbhttps:\/\/granada.salesianos.edu\/colegio\/wp-content\/uploads\/sites\/2\/2020\/02\/fondo_novedades_web.png\u00bb bottom_divider_style=\u00bbasymmetric2&#8243; saved_tabs=\u00bball\u00bb global_colors_info=\u00bb{}\u00bb global_module=\u00bb20660&#8243; theme_builder_area=\u00bbpost_content\u00bb][et_pb_fullwidth_header title=\u00bb@ET-DC@eyJkeW5hbWljIjp0cnVlLCJjb250ZW50IjoicG9zdF90aXRsZSIsInNldHRpbmdzIjp7ImJlZm9yZSI6IiIsImFmdGVyIjoiIn19@\u00bb title_font_color=\u00bb#ffffff\u00bb content_max_width_tablet=\u00bb88%\u00bb content_max_width_phone=\u00bb79%\u00bb content_max_width_last_edited=\u00bbon|phone\u00bb module_class=\u00bbpagina-imagen-cabecera\u00bb _builder_version=\u00bb4.27.4&#8243; _dynamic_attributes=\u00bbtitle\u00bb title_text_color=\u00bb#ffffff\u00bb title_font_size=\u00bb40px\u00bb background_color=\u00bbrgba(255, 255, 255, 0)\u00bb background_enable_image=\u00bboff\u00bb background_position=\u00bbbottom_left\u00bb transform_translate=\u00bb91px|91px\u00bb max_width_tablet=\u00bb50px\u00bb min_height=\u00bb329px\u00bb custom_padding=\u00bb||127px|||\u00bb background_url=\u00bbhttps:\/\/alicante.salesianos.edu\/colegio\/wp-content\/uploads\/sites\/2\/2017\/03\/Captura-de-pantalla-2017-03-21-a-las-17.25.56.png\u00bb global_colors_info=\u00bb{}\u00bb button_one_text_size__hover_enabled=\u00bboff\u00bb button_one_text_size__hover=\u00bbnull\u00bb button_two_text_size__hover_enabled=\u00bboff\u00bb button_two_text_size__hover=\u00bbnull\u00bb button_one_text_color__hover_enabled=\u00bboff\u00bb button_one_text_color__hover=\u00bbnull\u00bb button_two_text_color__hover_enabled=\u00bboff\u00bb button_two_text_color__hover=\u00bbnull\u00bb button_one_border_width__hover_enabled=\u00bboff\u00bb button_one_border_width__hover=\u00bbnull\u00bb button_two_border_width__hover_enabled=\u00bboff\u00bb button_two_border_width__hover=\u00bbnull\u00bb button_one_border_color__hover_enabled=\u00bboff\u00bb button_one_border_color__hover=\u00bbnull\u00bb button_two_border_color__hover_enabled=\u00bboff\u00bb button_two_border_color__hover=\u00bbnull\u00bb button_one_border_radius__hover_enabled=\u00bboff\u00bb button_one_border_radius__hover=\u00bbnull\u00bb button_two_border_radius__hover_enabled=\u00bboff\u00bb button_two_border_radius__hover=\u00bbnull\u00bb button_one_letter_spacing__hover_enabled=\u00bboff\u00bb button_one_letter_spacing__hover=\u00bbnull\u00bb button_two_letter_spacing__hover_enabled=\u00bboff\u00bb button_two_letter_spacing__hover=\u00bbnull\u00bb button_one_bg_color__hover_enabled=\u00bboff\u00bb button_one_bg_color__hover=\u00bbnull\u00bb button_two_bg_color__hover_enabled=\u00bboff\u00bb button_two_bg_color__hover=\u00bbnull\u00bb theme_builder_area=\u00bbpost_content\u00bb][\/et_pb_fullwidth_header][\/et_pb_section][et_pb_section fb_built=\u00bb1&#8243; module_class=\u00bbpagina-seccion-contenido\u00bb _builder_version=\u00bb4.16&#8243; custom_padding=\u00bb0%|||\u00bb global_colors_info=\u00bb{}\u00bb][et_pb_row module_class=\u00bbpagina-texto\u00bb _builder_version=\u00bb4.16&#8243; background_size=\u00bbinitial\u00bb background_position=\u00bbtop_left\u00bb background_repeat=\u00bbrepeat\u00bb custom_margin=\u00bb25px|||\u00bb custom_padding=\u00bb25px|||\u00bb global_colors_info=\u00bb{}\u00bb][et_pb_column type=\u00bb4_4&#8243; _builder_version=\u00bb4.16&#8243; custom_padding=\u00bb|||\u00bb global_colors_info=\u00bb{}\u00bb custom_padding__hover=\u00bb|||\u00bb][et_pb_image src=\u00bbhttps:\/\/granada.salesianos.edu\/colegio\/wp-content\/uploads\/sites\/2\/2018\/09\/foto-de-portada.jpg\u00bb align_tablet=\u00bbcenter\u00bb align_last_edited=\u00bbon|desktop\u00bb _builder_version=\u00bb4.16&#8243; global_colors_info=\u00bb{}\u00bb align_phone=\u00bbcenter\u00bb]<br \/>\n[\/et_pb_image][et_pb_text _builder_version=\u00bb4.16&#8243; background_size=\u00bbinitial\u00bb background_position=\u00bbtop_left\u00bb background_repeat=\u00bbrepeat\u00bb border_style=\u00bbsolid\u00bb global_colors_info=\u00bb{}\u00bb]<\/p>\n<p>&nbsp;<\/p>\n<p>&nbsp;<\/p>\n<p>\u00a0 \u00a0 \u00a0 \u00a0 \u00a0 Una de las propuestas educativas que pretendemos inculcar en nuestros j\u00f3venes es la de crear \u00a0h\u00e1bitos saludables de fotoprotecci\u00f3n porque creemos que es la mejor estrategia de prevenci\u00f3n del c\u00e1ncer de piel, tarea \u00a0que compete tanto a los educadores de nuestro centro como a familias.<\/p>\n<p>\u00a0 \u00a0 \u00a0 \u00a0 \u00a0 El distintivo \u201cEscuela Soludable\u201d tiene como objetivo impulsar pol\u00edticas y pr\u00e1cticas saludables de fotoprotecci\u00f3n en el \u00e1mbito escolar, involucrando a todos los actores claves. Se trata de un sello de calidad que identifica a los centros que promueven activamente la fotoeducaci\u00f3n y cumplen requisitos t\u00e9cnicos de seguridad en fotoprotecci\u00f3n.<\/p>\n<p>&nbsp;<\/p>\n<p>&nbsp;<\/p>\n<p>&nbsp;<\/p>\n<p>[\/et_pb_text][et_pb_video src=\u00bbhttps:\/\/www.youtube.com\/watch?v=W4LZy2z3DNQ&#038;feature=youtu.be\u00bb image_src=\u00bb\/\/i.ytimg.com\/vi\/W4LZy2z3DNQ\/hqdefault.jpg\u00bb _builder_version=\u00bb4.16&#8243; global_colors_info=\u00bb{}\u00bb]<br \/>\n[\/et_pb_video][\/et_pb_column][\/et_pb_row][et_pb_row _builder_version=\u00bb4.16&#8243; background_size=\u00bbinitial\u00bb background_position=\u00bbtop_left\u00bb background_repeat=\u00bbrepeat\u00bb custom_padding=\u00bb26.453125px|0px|26px|0px\u00bb global_colors_info=\u00bb{}\u00bb][et_pb_column type=\u00bb4_4&#8243; _builder_version=\u00bb4.16&#8243; custom_padding=\u00bb|||\u00bb global_colors_info=\u00bb{}\u00bb custom_padding__hover=\u00bb|||\u00bb][et_pb_text _builder_version=\u00bb4.16&#8243; custom_margin=\u00bb|||\u00bb custom_padding=\u00bb|||\u00bb global_colors_info=\u00bb{}\u00bb]<\/p>\n<h3><span style=\"color: #ff0000;\"><strong><\/strong><\/span><\/h3>\n<h3><span style=\"color: #ff0000;\"><strong><\/strong><\/span><\/h3>\n<h3><span style=\"color: #ff0000;\"><strong>\u00bfC\u00f3mo podemos conseguir \u00a0unos buenos h\u00e1bitos de fotoprotecci\u00f3n?<\/strong><\/span><\/h3>\n<p><span style=\"color: #ff0000;\"><strong><\/strong><\/span><\/p>\n<p>[\/et_pb_text][et_pb_image src=\u00bbhttps:\/\/granada.salesianos.edu\/colegio\/wp-content\/uploads\/sites\/2\/2018\/09\/imagen-2.jpg\u00bb align_tablet=\u00bbcenter\u00bb align_last_edited=\u00bbon|desktop\u00bb _builder_version=\u00bb4.16&#8243; global_colors_info=\u00bb{}\u00bb align_phone=\u00bbcenter\u00bb]<br \/>\n[\/et_pb_image][et_pb_text _builder_version=\u00bb4.16&#8243; z_index_tablet=\u00bb500&#8243; global_colors_info=\u00bb{}\u00bb]<\/p>\n<h3>\u00a0<\/h3>\n<h3>\u00a0<\/h3>\n<h3><span style=\"color: #ff0000;\"><strong>Pol\u00edtica de Fotoprotecci\u00f3n<\/strong><\/span><\/h3>\n<p>&nbsp;<\/p>\n<p><strong style=\"font-size: 14px;\">PROP\u00d3SITO<\/strong><\/p>\n<p>\u00a0 \u00a0 \u00a0 \u00a0 \u00a0 La pol\u00edtica del colegio salesiano San Juan Bosco proporciona una serie de recomendaciones para garantizar que todos los ni\u00f1os, educadores y personal est\u00e9n protegidos contra la exposici\u00f3n excesiva a la radiaci\u00f3n UV y que su entorno exterior proporcione sombra adecuada y as\u00ed evitar riesgos y da\u00f1os. Adem\u00e1s, los ni\u00f1os ser\u00e1n alentados y guiados hacia el desarrollo de habilidades independientes de protecci\u00f3n.<\/p>\n<p>\u00a0 \u00a0 \u00a0 \u00a0 \u00a0 \u00a0Los profesores concienciar\u00e1n a los alumnos de los perjuicios que supone la exposici\u00f3n al sol como quemaduras solares, da\u00f1os en la piel y los ojos y c\u00e1ncer de piel.<\/p>\n<p>\u00a0 \u00a0 \u00a0 \u00a0 \u00a0 \u00a0De esta manera, se garantiza aumentar el conocimiento, influir en el comportamiento y crear un entorno apropiado para que los alumnos, profesores y personal del centro permanezcan seguros bajo el sol.<\/p>\n<h4><span style=\"color: #000000;\"><strong>RECOMENDACIONES:<\/strong><\/span><\/h4>\n<h4>\u00a0<\/h4>\n<h4><strong style=\"font-family: arial, helvetica; font-size: 14px; color: #494949;\">VESTIMENTA ESCOLAR<\/strong><\/h4>\n<p>\u00a0 \u00a0 \u00a0 \u00a0 \u00a0 La ropa es la primera y m\u00e1s efectiva forma de protecci\u00f3n solar. Es nuestra primera l\u00ednea de defensa contra los peligrosos rayos ultravioletas.<\/p>\n<p>\u00a0 \u00a0 \u00a0 \u00a0 \u00a0 Los adultos y los ni\u00f1os deben usar ropa para proteger la piel contra el sol, adem\u00e1s de aplicarse crema protectora. Las sugerencias para la ropa incluyen:<\/p>\n<p>&#8211; Camisetas de manga larga y pantalones largos de tejido bien tupido. Cuanto m\u00e1s tupido sea el tejido, mayor protecci\u00f3n ofrecer\u00e1 la prenda de vestir.<\/p>\n<p>&#8211; Un sombrero o gorra adecuados de manera que quede protegida toda la cara<\/p>\n<p>&#8211; Usar gafas de sol que cubran los ojos, p\u00e1rpados y la mayor parte de piel posible alrededor de los ojos.<\/p>\n<p>&nbsp;<\/p>\n<p><strong style=\"font-size: 14px;\">USO DE CREMAS FOTOPROTECTORAS<\/strong><\/p>\n<p>\u00a0 \u00a0 \u00a0 \u00a0 \u00a0 Los protectores solares son agentes que ayudan a prevenir que los rayos ultravioletas (UV) lleguen a la piel.<\/p>\n<p>\u00a0 \u00a0 \u00a0 \u00a0 \u00a0 Toda persona a partir de los seis meses de edad debe utilizar un protector solar todos los d\u00edas. Incluso las personas que trabajan en zonas cubiertas, est\u00e1n expuestos a la radiaci\u00f3n ultravioleta por per\u00edodos breves a lo largo del d\u00eda. Adem\u00e1s, la mayor\u00eda de las ventanas no bloquean los rayos UVA. Mantener los ni\u00f1os en la sombra es la mejor manera de protegerles del da\u00f1o solar.<\/p>\n<p>&#8211; En los periodos de ocio, ya sea durante el recreo, durante la clase de educaci\u00f3n f\u00edsica o cualquier actividad en el exterior, alumnos y profesores deber\u00e1n protegerse antes de salir de sus aulas.<\/p>\n<p>&#8211; En cuanto a las actividades extraescolares o excursiones, el protector solar se reaplicar\u00e1 cada dos horas con la misma cantidad inicial para evitar lesiones en la piel.<\/p>\n<p>&#8211; Para ayudar a desarrollar habilidades independientes listas para la escuela, los ni\u00f1os a partir de tres a\u00f1os de edad tienen la oportunidad de aplicar su propio protector.<\/p>\n<p>&nbsp;<\/p>\n<p><strong style=\"font-size: 14px;\">HORARIOS DE ACTIVIDADES AL AIRE LIBRE<\/strong><\/p>\n<p>\u00a0 \u00a0 \u00a0 \u00a0 \u00a0 \u00a0A pesar de que est\u00e1 comprobado que tomar el sol mejora el \u00e1nimo de las personas, la exposici\u00f3n en ciertos horarios, y sin protecci\u00f3n, produce desde quemaduras graves, hasta, incluso, c\u00e1ncer de piel (melanoma), debido a que el da\u00f1o producido es irreversible y acumulativo.<\/p>\n<p>&#8211; Las actividades en el exterior se realizar\u00e1n antes de las 10.30 de la ma\u00f1ana o despu\u00e9s de las 16.00 (si se trata de una actividad extraescolar), evitando exponerse al mediod\u00eda ya que es cuando el sol tiene mayor cantidad de rayos infrarrojos y produce m\u00e1s da\u00f1o en la piel.<\/p>\n<p>&#8211; Durante el horario de verano, la exposici\u00f3n al sol debe realizarse antes de las 11.30 o despu\u00e9s de las 17.00.<\/p>\n<p>&nbsp;<\/p>\n<p><strong style=\"font-size: 14px;\">PLANIFICACI\u00d3N DE SOMBRAS<\/strong><\/p>\n<p>\u00a0 \u00a0 \u00a0 \u00a0 \u00a0 \u00a0La mejor manera de proteger la salud de la piel y prevenir el c\u00e1ncer de piel es limitar la exposici\u00f3n al sol. Evitar que esta sea prolongada y optar por estar en la sombra en vez de en la luz solar directa.<\/p>\n<p>&#8211; Proporcionar \u00e1reas sombreadas durante el almuerzo y per\u00edodos de descanso usando \u00e1rboles y edificios.<\/p>\n<p>&#8211; El centro dispone de planos de todo el centro y exteriores y se tiene conocimiento sobre aquellos lugares id\u00f3neos para la protecci\u00f3n solar.<\/p>\n<p>&nbsp;<\/p>\n<p><strong style=\"font-size: 14px;\">CURR\u00cdCULUM ESCOLAR<\/strong><\/p>\n<p><b>\u00a0 \u00a0 \u00a0 \u00a0 \u00a0\u00a0<\/b>El centro incluye un programa de protecci\u00f3n con el objetivo de concienciar y prevenir de posibles da\u00f1os, de esta manera, el alumnado es informado por parte de sus profesores, la importancia y las medidas necesarias que han de optar.<\/p>\n<ul>\n<li>Se muestran v\u00eddeos realizados por el propio centro para motivar al alumnado<\/li>\n<li>Se colocan por los pasillos y clases murales y carteles con el fin de atraer la atenci\u00f3n de los alumnos.<\/li>\n<\/ul>\n<p>&nbsp;<\/p>\n<p><strong style=\"font-size: 14px;\">FORMACI\u00d3N DEL PROFESORADO<\/strong><\/p>\n<p>\u00a0 \u00a0 \u00a0 \u00a0 \u00a0 \u00a0El profesorado tiene un papel muy importante en el desarrollo correcto de esta actividad y por ello debe de estar bien informado y debe ser capaz de transmitir el mensaje de manera que los alumnos se vean motivados a aprender y a realizar las recomendaciones adecuadamente.<\/p>\n<ul>\n<li>El profesorado cuenta con todo tipo de informaci\u00f3n acerca de la protecci\u00f3n, as\u00ed como riesgos y medidas preventivas.<\/li>\n<li>Deben comprender las pautas de concienciaci\u00f3n sobre el sol y se debe alentar al personal y alumnos a seguir los procedimientos de protecci\u00f3n y actuar como modelos a seguir.\u00a0<\/li>\n<\/ul>\n<p><strong style=\"font-size: 14px;\">MODELOS DE CONDUCTA<\/strong><\/p>\n<p>\u00a0 \u00a0 \u00a0 \u00a0 \u00a0 \u00a0Con esta pol\u00edtica queremos impulsar la educaci\u00f3n desde las aulas y desarrollar conocimientos, actitudes y h\u00e1bitos saludables en fotoprotecci\u00f3n desde la infancia para prevenir el c\u00e1ncer de piel.<\/p>\n<ul>\n<li>El centro revisar\u00e1 el cumplimiento de esta pol\u00edtica.<\/li>\n<li>Las actualizaciones y los requisitos de la pol\u00edtica estar\u00e1n disponibles para los educadores, el personal, las familias y los visitantes.<\/li>\n<li>Los educadores, el personal y las familias reciben informaci\u00f3n sobre protecci\u00f3n solar a trav\u00e9s de boletines familiares, manuales de servicio, tablones de anuncios y el sitio<\/li>\n<\/ul>\n<h4>\u00a0<\/h4>\n<p><strong>\u00a0<\/strong><\/p>\n<p>[\/et_pb_text][et_pb_text _builder_version=\u00bb4.16&#8243; z_index_tablet=\u00bb500&#8243; global_colors_info=\u00bb{}\u00bb]<\/p>\n<h2>Actividades SOLUDABLES<\/h2>\n<p>[\/et_pb_text][et_pb_text _builder_version=\u00bb4.16&#8243; z_index_tablet=\u00bb500&#8243; global_colors_info=\u00bb{}\u00bb]<\/p>\n<p>Durante el curso 2018-19, el alumnado de 2\u00ba de Bachillerato est\u00e1 realizando una serie de actividades en nuestro centro y fuera de \u00e9l gracias al <strong>Distintivo Soludable.<\/strong><\/p>\n<p>Algunas de estas actividades son:<\/p>\n<ul>\n<li><b>VISITA A LA FACULTAD DE CIENCIAS DE GRANADA<\/b><\/li>\n<\/ul>\n<p>Con esta actividad tratan de promover el uso de fotoprotectores para luego hacer talleres en la rama de Primaria y fabricar pulseras que detectan los rayos UV.<\/p>\n<p>&nbsp;<\/p>\n<p>[\/et_pb_text][et_pb_gallery gallery_ids=\u00bb9354,9355,9353&#8243; show_title_and_caption=\u00bboff\u00bb show_pagination=\u00bboff\u00bb _builder_version=\u00bb4.16&#8243; text_orientation=\u00bbcenter\u00bb z_index_tablet=\u00bb500&#8243; global_colors_info=\u00bb{}\u00bb][\/et_pb_gallery][et_pb_text _builder_version=\u00bb4.16&#8243; z_index_tablet=\u00bb500&#8243; global_colors_info=\u00bb{}\u00bb]<\/p>\n<ul>\n<li><strong>CHARLAS INFORMATIVAS<\/strong><\/li>\n<\/ul>\n<p>Realizamos charlas informativas al alumnado m\u00e1s peque\u00f1o y gracias a Ana, investigadora postdoctoral, han podido fabricarse sus pulseras que miden los rayos del sol.<\/p>\n<p>&nbsp;<\/p>\n<p>&nbsp;<\/p>\n<p>[\/et_pb_text][et_pb_gallery gallery_ids=\u00bb9376,9373,9374,9377&#8243; show_title_and_caption=\u00bboff\u00bb show_pagination=\u00bboff\u00bb _builder_version=\u00bb4.16&#8243; z_index_tablet=\u00bb500&#8243; global_colors_info=\u00bb{}\u00bb][\/et_pb_gallery][et_pb_text _builder_version=\u00bb4.16&#8243; z_index_tablet=\u00bb500&#8243; global_colors_info=\u00bb{}\u00bb]<\/p>\n<ul>\n<li><strong>EXCURSIONES<\/strong><\/li>\n<\/ul>\n<p>El pasado 24 de octubre, los alumnos de Primaria realizaron una excursi\u00f3n a V\u00edznar llevando a cabo las medidas de fotoprotecci\u00f3n que se les ha ido ense\u00f1ando durante este curso. Todo el alumnado estaba provisto de crema solar, gafas y gorras.<\/p>\n<p>&nbsp;<\/p>\n<p>[\/et_pb_text][et_pb_gallery gallery_ids=\u00bb9359,9360,9361&#8243; show_title_and_caption=\u00bboff\u00bb show_pagination=\u00bboff\u00bb _builder_version=\u00bb4.16&#8243; z_index_tablet=\u00bb500&#8243; global_colors_info=\u00bb{}\u00bb][\/et_pb_gallery][et_pb_text _builder_version=\u00bb4.16&#8243; z_index_tablet=\u00bb500&#8243; global_colors_info=\u00bb{}\u00bb]<\/p>\n<ul>\n<li><strong>PALOMITAS SOLIDARIAS<\/strong><\/li>\n<\/ul>\n<p>Todos los a\u00f1os celebramos en nuestro centro una actividad llamada \u00abPalomitas Solidarias\u00bb, que consiste en vender palomitas de ma\u00edz para recaudar fondos para alguna organizaci\u00f3n que lo necesite.<\/p>\n<p>Gracias al Distintivo Soludable, este a\u00f1o hemos tomado medidas como relocalizar los puestos de palomitas en lugares con sombra. As\u00ed, el alumnado ha podido disfrutar de esta actividad sin someterse a los peligros del sol.\u00a0<\/p>\n<p>[\/et_pb_text][et_pb_gallery gallery_ids=\u00bb9368,9367&#8243; show_title_and_caption=\u00bboff\u00bb show_pagination=\u00bboff\u00bb _builder_version=\u00bb4.16&#8243; z_index_tablet=\u00bb500&#8243; global_colors_info=\u00bb{}\u00bb][\/et_pb_gallery][et_pb_text _builder_version=\u00bb4.16&#8243; z_index_tablet=\u00bb500&#8243; global_colors_info=\u00bb{}\u00bb]<\/p>\n<ul>\n<li><strong>PADRES SOLUDABLES<\/strong><\/li>\n<\/ul>\n<p>Tambi\u00e9n hemos querido tener el apoyo de los padres de nuestro alumnado para seguir fomentado todas las medidas que estamos tomando en el centro para prevenir todas aquellas enfermedades procedentes del exceso de rayos UV.\u00a0<\/p>\n<p><strong>\u00a1Gracias pap\u00e1s y mam\u00e1s!<\/strong><\/p>\n<p>[\/et_pb_text][et_pb_video src=\u00bbhttps:\/\/granada.salesianos.edu\/colegio\/wp-content\/uploads\/sites\/2\/2019\/05\/13-1.mp4&#8243; _builder_version=\u00bb4.16&#8243; z_index_tablet=\u00bb500&#8243; global_colors_info=\u00bb{}\u00bb][\/et_pb_video][et_pb_text _builder_version=\u00bb4.16&#8243; z_index_tablet=\u00bb500&#8243; global_colors_info=\u00bb{}\u00bb]<\/p>\n<ul>\n<li><strong>CARTELER\u00cdA<\/strong><\/li>\n<\/ul>\n<p>Concienciar es una de las partes m\u00e1s importantes de este proyecto. Por lo tanto, es esencial crear carteles donde explicamos las medidas para resguardarnos del exceso de rayos UV.<\/p>\n<p>[\/et_pb_text][et_pb_image src=\u00bbhttps:\/\/granada.salesianos.edu\/colegio\/wp-content\/uploads\/sites\/2\/2019\/05\/12-e1557657475693.jpg\u00bb align=\u00bbcenter\u00bb align_tablet=\u00bbcenter\u00bb align_last_edited=\u00bbon|desktop\u00bb _builder_version=\u00bb4.16&#8243; z_index_tablet=\u00bb500&#8243; global_colors_info=\u00bb{}\u00bb align_phone=\u00bbcenter\u00bb][\/et_pb_image][et_pb_text _builder_version=\u00bb4.16&#8243; z_index_tablet=\u00bb500&#8243; global_colors_info=\u00bb{}\u00bb]<\/p>\n<h2>\u00a0<\/h2>\n<h2>\u00bfCu\u00e1l es el \u00edndice de UV en Granada hoy?<\/h2>\n<p>[\/et_pb_text][et_pb_button button_url=\u00bbhttps:\/\/www.woespana.es\/weather\/maps\/forecastmaps?LANG=es&#038;CONT=eses&#038;R=300&#8243; url_new_window=\u00bbon\u00bb button_text=\u00bb\u00cdndice de UV\u00bb button_alignment=\u00bbcenter\u00bb _builder_version=\u00bb4.16&#8243; z_index_tablet=\u00bb500&#8243; box_shadow_style=\u00bbpreset6&#8243; box_shadow_color=\u00bbrgba(224,124,118,0.3)\u00bb global_colors_info=\u00bb{}\u00bb][\/et_pb_button][et_pb_text _builder_version=\u00bb4.16&#8243; z_index_tablet=\u00bb500&#8243; global_colors_info=\u00bb{}\u00bb]<\/p>\n<h6 style=\"text-align: center;\"><span style=\"color: #ff0000;\">(pulse aqu\u00ed para visualizarlo)<\/span><\/h6>\n<p>[\/et_pb_text][et_pb_image align_tablet=\u00bbcenter\u00bb align_last_edited=\u00bbon|desktop\u00bb _builder_version=\u00bb4.16&#8243; z_index_tablet=\u00bb500&#8243; global_colors_info=\u00bb{}\u00bb align_phone=\u00bbcenter\u00bb][\/et_pb_image][\/et_pb_column][\/et_pb_row][et_pb_row _builder_version=\u00bb4.16&#8243; background_size=\u00bbinitial\u00bb background_position=\u00bbtop_left\u00bb background_repeat=\u00bbrepeat\u00bb global_colors_info=\u00bb{}\u00bb][\/et_pb_row][\/et_pb_section]<\/p>\n","protected":false},"excerpt":{"rendered":"<p>&nbsp; &nbsp; \u00a0 \u00a0 \u00a0 \u00a0 \u00a0 Una de las propuestas educativas que pretendemos inculcar en nuestros j\u00f3venes es la de crear \u00a0h\u00e1bitos saludables de fotoprotecci\u00f3n porque creemos que es la mejor estrategia de prevenci\u00f3n del c\u00e1ncer de piel, tarea \u00a0que compete tanto a los educadores de nuestro centro como a familias. \u00a0 \u00a0 \u00a0 [&hellip;]<\/p>\n","protected":false},"author":2,"featured_media":0,"parent":0,"menu_order":0,"comment_status":"closed","ping_status":"closed","template":"","meta":{"_et_pb_use_builder":"on","_et_pb_old_content":"","_et_gb_content_width":"","footnotes":""},"class_list":["post-9132","page","type-page","status-publish","hentry"],"yoast_head":"<!-- This site is optimized with the Yoast SEO plugin v28.4 - https:\/\/yoast.com\/product\/yoast-seo-wordpress\/ -->\n<title>Distintivo Saludable - Colegio Salesiano<\/title>\n<meta name=\"robots\" content=\"index, follow, max-snippet:-1, max-image-preview:large, max-video-preview:-1\" \/>\n<link rel=\"canonical\" href=\"https:\/\/granada.salesianos.edu\/colegio\/distintivo-soludable\/\" \/>\n<meta property=\"og:locale\" content=\"es_ES\" \/>\n<meta property=\"og:type\" content=\"article\" \/>\n<meta property=\"og:title\" content=\"Distintivo Saludable - Colegio Salesiano\" \/>\n<meta property=\"og:description\" content=\"&nbsp; &nbsp; \u00a0 \u00a0 \u00a0 \u00a0 \u00a0 Una de las propuestas educativas que pretendemos inculcar en nuestros j\u00f3venes es la de crear \u00a0h\u00e1bitos saludables de fotoprotecci\u00f3n porque creemos que es la mejor estrategia de prevenci\u00f3n del c\u00e1ncer de piel, tarea \u00a0que compete tanto a los educadores de nuestro centro como a familias. \u00a0 \u00a0 \u00a0 [&hellip;]\" \/>\n<meta property=\"og:url\" content=\"https:\/\/granada.salesianos.edu\/colegio\/distintivo-soludable\/\" \/>\n<meta property=\"og:site_name\" content=\"Colegio Salesiano\" \/>\n<meta property=\"article:publisher\" content=\"https:\/\/www.facebook.com\/SalesianosGR\/\" \/>\n<meta property=\"article:modified_time\" content=\"2025-10-27T20:45:47+00:00\" \/>\n<meta name=\"twitter:card\" content=\"summary_large_image\" \/>\n<meta name=\"twitter:site\" content=\"@GranadaSDB\" \/>\n<meta name=\"twitter:label1\" content=\"Tiempo de lectura\" \/>\n\t<meta name=\"twitter:data1\" content=\"9 minutos\" \/>\n<script type=\"application\/ld+json\" class=\"yoast-schema-graph\">{\"@context\":\"https:\\\/\\\/schema.org\",\"@graph\":[{\"@type\":\"WebPage\",\"@id\":\"https:\\\/\\\/granada.salesianos.edu\\\/colegio\\\/distintivo-soludable\\\/\",\"url\":\"https:\\\/\\\/granada.salesianos.edu\\\/colegio\\\/distintivo-soludable\\\/\",\"name\":\"Distintivo Saludable - Colegio Salesiano\",\"isPartOf\":{\"@id\":\"https:\\\/\\\/granada.salesianos.edu\\\/colegio\\\/#website\"},\"datePublished\":\"2018-09-29T07:00:31+00:00\",\"dateModified\":\"2025-10-27T20:45:47+00:00\",\"breadcrumb\":{\"@id\":\"https:\\\/\\\/granada.salesianos.edu\\\/colegio\\\/distintivo-soludable\\\/#breadcrumb\"},\"inLanguage\":\"es\",\"potentialAction\":[{\"@type\":\"ReadAction\",\"target\":[\"https:\\\/\\\/granada.salesianos.edu\\\/colegio\\\/distintivo-soludable\\\/\"]}]},{\"@type\":\"BreadcrumbList\",\"@id\":\"https:\\\/\\\/granada.salesianos.edu\\\/colegio\\\/distintivo-soludable\\\/#breadcrumb\",\"itemListElement\":[{\"@type\":\"ListItem\",\"position\":1,\"name\":\"Portada\",\"item\":\"https:\\\/\\\/granada.salesianos.edu\\\/colegio\\\/\"},{\"@type\":\"ListItem\",\"position\":2,\"name\":\"Distintivo Saludable\"}]},{\"@type\":\"WebSite\",\"@id\":\"https:\\\/\\\/granada.salesianos.edu\\\/colegio\\\/#website\",\"url\":\"https:\\\/\\\/granada.salesianos.edu\\\/colegio\\\/\",\"name\":\"Colegio Salesiano\",\"description\":\"P\u00e1gina oficial de Salesianos Granada San Juan Bosco\",\"publisher\":{\"@id\":\"https:\\\/\\\/granada.salesianos.edu\\\/colegio\\\/#organization\"},\"potentialAction\":[{\"@type\":\"SearchAction\",\"target\":{\"@type\":\"EntryPoint\",\"urlTemplate\":\"https:\\\/\\\/granada.salesianos.edu\\\/colegio\\\/?s={search_term_string}\"},\"query-input\":{\"@type\":\"PropertyValueSpecification\",\"valueRequired\":true,\"valueName\":\"search_term_string\"}}],\"inLanguage\":\"es\"},{\"@type\":\"Organization\",\"@id\":\"https:\\\/\\\/granada.salesianos.edu\\\/colegio\\\/#organization\",\"name\":\"Colegio Salesiano San Juan Bosco Granada\",\"url\":\"https:\\\/\\\/granada.salesianos.edu\\\/colegio\\\/\",\"logo\":{\"@type\":\"ImageObject\",\"inLanguage\":\"es\",\"@id\":\"https:\\\/\\\/granada.salesianos.edu\\\/colegio\\\/#\\\/schema\\\/logo\\\/image\\\/\",\"url\":\"https:\\\/\\\/granada.salesianos.edu\\\/colegio\\\/wp-content\\\/uploads\\\/sites\\\/2\\\/2021\\\/01\\\/GRANADAobraVN2.jpg\",\"contentUrl\":\"https:\\\/\\\/granada.salesianos.edu\\\/colegio\\\/wp-content\\\/uploads\\\/sites\\\/2\\\/2021\\\/01\\\/GRANADAobraVN2.jpg\",\"width\":2113,\"height\":1894,\"caption\":\"Colegio Salesiano San Juan Bosco Granada\"},\"image\":{\"@id\":\"https:\\\/\\\/granada.salesianos.edu\\\/colegio\\\/#\\\/schema\\\/logo\\\/image\\\/\"},\"sameAs\":[\"https:\\\/\\\/www.facebook.com\\\/SalesianosGR\\\/\",\"https:\\\/\\\/x.com\\\/GranadaSDB\",\"https:\\\/\\\/www.instagram.com\\\/salesianosgranada\\\/\",\"https:\\\/\\\/www.youtube.com\\\/channel\\\/UChkpZuhCf4Y5rYIcFT3CNxw?view_as=subscriber\"]}]}<\/script>\n<!-- \/ Yoast SEO plugin. -->","yoast_head_json":{"title":"Distintivo Saludable - Colegio Salesiano","robots":{"index":"index","follow":"follow","max-snippet":"max-snippet:-1","max-image-preview":"max-image-preview:large","max-video-preview":"max-video-preview:-1"},"canonical":"https:\/\/granada.salesianos.edu\/colegio\/distintivo-soludable\/","og_locale":"es_ES","og_type":"article","og_title":"Distintivo Saludable - Colegio Salesiano","og_description":"&nbsp; &nbsp; \u00a0 \u00a0 \u00a0 \u00a0 \u00a0 Una de las propuestas educativas que pretendemos inculcar en nuestros j\u00f3venes es la de crear \u00a0h\u00e1bitos saludables de fotoprotecci\u00f3n porque creemos que es la mejor estrategia de prevenci\u00f3n del c\u00e1ncer de piel, tarea \u00a0que compete tanto a los educadores de nuestro centro como a familias. \u00a0 \u00a0 \u00a0 [&hellip;]","og_url":"https:\/\/granada.salesianos.edu\/colegio\/distintivo-soludable\/","og_site_name":"Colegio Salesiano","article_publisher":"https:\/\/www.facebook.com\/SalesianosGR\/","article_modified_time":"2025-10-27T20:45:47+00:00","twitter_card":"summary_large_image","twitter_site":"@GranadaSDB","twitter_misc":{"Tiempo de lectura":"9 minutos"},"schema":{"@context":"https:\/\/schema.org","@graph":[{"@type":"WebPage","@id":"https:\/\/granada.salesianos.edu\/colegio\/distintivo-soludable\/","url":"https:\/\/granada.salesianos.edu\/colegio\/distintivo-soludable\/","name":"Distintivo Saludable - Colegio Salesiano","isPartOf":{"@id":"https:\/\/granada.salesianos.edu\/colegio\/#website"},"datePublished":"2018-09-29T07:00:31+00:00","dateModified":"2025-10-27T20:45:47+00:00","breadcrumb":{"@id":"https:\/\/granada.salesianos.edu\/colegio\/distintivo-soludable\/#breadcrumb"},"inLanguage":"es","potentialAction":[{"@type":"ReadAction","target":["https:\/\/granada.salesianos.edu\/colegio\/distintivo-soludable\/"]}]},{"@type":"BreadcrumbList","@id":"https:\/\/granada.salesianos.edu\/colegio\/distintivo-soludable\/#breadcrumb","itemListElement":[{"@type":"ListItem","position":1,"name":"Portada","item":"https:\/\/granada.salesianos.edu\/colegio\/"},{"@type":"ListItem","position":2,"name":"Distintivo Saludable"}]},{"@type":"WebSite","@id":"https:\/\/granada.salesianos.edu\/colegio\/#website","url":"https:\/\/granada.salesianos.edu\/colegio\/","name":"Colegio Salesiano","description":"P\u00e1gina oficial de Salesianos Granada San Juan Bosco","publisher":{"@id":"https:\/\/granada.salesianos.edu\/colegio\/#organization"},"potentialAction":[{"@type":"SearchAction","target":{"@type":"EntryPoint","urlTemplate":"https:\/\/granada.salesianos.edu\/colegio\/?s={search_term_string}"},"query-input":{"@type":"PropertyValueSpecification","valueRequired":true,"valueName":"search_term_string"}}],"inLanguage":"es"},{"@type":"Organization","@id":"https:\/\/granada.salesianos.edu\/colegio\/#organization","name":"Colegio Salesiano San Juan Bosco Granada","url":"https:\/\/granada.salesianos.edu\/colegio\/","logo":{"@type":"ImageObject","inLanguage":"es","@id":"https:\/\/granada.salesianos.edu\/colegio\/#\/schema\/logo\/image\/","url":"https:\/\/granada.salesianos.edu\/colegio\/wp-content\/uploads\/sites\/2\/2021\/01\/GRANADAobraVN2.jpg","contentUrl":"https:\/\/granada.salesianos.edu\/colegio\/wp-content\/uploads\/sites\/2\/2021\/01\/GRANADAobraVN2.jpg","width":2113,"height":1894,"caption":"Colegio Salesiano San Juan Bosco Granada"},"image":{"@id":"https:\/\/granada.salesianos.edu\/colegio\/#\/schema\/logo\/image\/"},"sameAs":["https:\/\/www.facebook.com\/SalesianosGR\/","https:\/\/x.com\/GranadaSDB","https:\/\/www.instagram.com\/salesianosgranada\/","https:\/\/www.youtube.com\/channel\/UChkpZuhCf4Y5rYIcFT3CNxw?view_as=subscriber"]}]}},"_links":{"self":[{"href":"https:\/\/granada.salesianos.edu\/colegio\/wp-json\/wp\/v2\/pages\/9132","targetHints":{"allow":["GET"]}}],"collection":[{"href":"https:\/\/granada.salesianos.edu\/colegio\/wp-json\/wp\/v2\/pages"}],"about":[{"href":"https:\/\/granada.salesianos.edu\/colegio\/wp-json\/wp\/v2\/types\/page"}],"author":[{"embeddable":true,"href":"https:\/\/granada.salesianos.edu\/colegio\/wp-json\/wp\/v2\/users\/2"}],"replies":[{"embeddable":true,"href":"https:\/\/granada.salesianos.edu\/colegio\/wp-json\/wp\/v2\/comments?post=9132"}],"version-history":[{"count":29,"href":"https:\/\/granada.salesianos.edu\/colegio\/wp-json\/wp\/v2\/pages\/9132\/revisions"}],"predecessor-version":[{"id":20709,"href":"https:\/\/granada.salesianos.edu\/colegio\/wp-json\/wp\/v2\/pages\/9132\/revisions\/20709"}],"wp:attachment":[{"href":"https:\/\/granada.salesianos.edu\/colegio\/wp-json\/wp\/v2\/media?parent=9132"}],"curies":[{"name":"wp","href":"https:\/\/api.w.org\/{rel}","templated":true}]}}