{"id":9216,"date":"2019-01-08T02:04:55","date_gmt":"2019-01-08T00:04:55","guid":{"rendered":"https:\/\/granada.salesianos.edu\/colegio\/?page_id=9216"},"modified":"2025-10-27T22:43:37","modified_gmt":"2025-10-27T20:43:37","slug":"creciendo-en-salud","status":"publish","type":"page","link":"https:\/\/granada.salesianos.edu\/colegio\/creciendo-en-salud\/","title":{"rendered":"Creciendo en Salud"},"content":{"rendered":"<div id=\"fb-root\"><\/div>\n<p>[et_pb_section fb_built=\u00bb1&#8243; fullwidth=\u00bbon\u00bb next_background_color=\u00bb#ffffff\u00bb _builder_version=\u00bb4.27.4&#8243; background_image=\u00bbhttps:\/\/granada.salesianos.edu\/colegio\/wp-content\/uploads\/sites\/2\/2020\/02\/fondo_novedades_web.png\u00bb bottom_divider_style=\u00bbasymmetric2&#8243; saved_tabs=\u00bball\u00bb global_colors_info=\u00bb{}\u00bb global_module=\u00bb20660&#8243; theme_builder_area=\u00bbpost_content\u00bb][et_pb_fullwidth_header title=\u00bb@ET-DC@eyJkeW5hbWljIjp0cnVlLCJjb250ZW50IjoicG9zdF90aXRsZSIsInNldHRpbmdzIjp7ImJlZm9yZSI6IiIsImFmdGVyIjoiIn19@\u00bb title_font_color=\u00bb#ffffff\u00bb content_max_width_tablet=\u00bb88%\u00bb content_max_width_phone=\u00bb79%\u00bb content_max_width_last_edited=\u00bbon|phone\u00bb module_class=\u00bbpagina-imagen-cabecera\u00bb _builder_version=\u00bb4.27.4&#8243; _dynamic_attributes=\u00bbtitle\u00bb title_text_color=\u00bb#ffffff\u00bb title_font_size=\u00bb40px\u00bb background_color=\u00bbrgba(255, 255, 255, 0)\u00bb background_enable_image=\u00bboff\u00bb background_position=\u00bbbottom_left\u00bb transform_translate=\u00bb91px|91px\u00bb max_width_tablet=\u00bb50px\u00bb min_height=\u00bb329px\u00bb custom_padding=\u00bb||127px|||\u00bb background_url=\u00bbhttps:\/\/alicante.salesianos.edu\/colegio\/wp-content\/uploads\/sites\/2\/2017\/03\/Captura-de-pantalla-2017-03-21-a-las-17.25.56.png\u00bb global_colors_info=\u00bb{}\u00bb button_one_text_size__hover_enabled=\u00bboff\u00bb button_one_text_size__hover=\u00bbnull\u00bb button_two_text_size__hover_enabled=\u00bboff\u00bb button_two_text_size__hover=\u00bbnull\u00bb button_one_text_color__hover_enabled=\u00bboff\u00bb button_one_text_color__hover=\u00bbnull\u00bb button_two_text_color__hover_enabled=\u00bboff\u00bb button_two_text_color__hover=\u00bbnull\u00bb button_one_border_width__hover_enabled=\u00bboff\u00bb button_one_border_width__hover=\u00bbnull\u00bb button_two_border_width__hover_enabled=\u00bboff\u00bb button_two_border_width__hover=\u00bbnull\u00bb button_one_border_color__hover_enabled=\u00bboff\u00bb button_one_border_color__hover=\u00bbnull\u00bb button_two_border_color__hover_enabled=\u00bboff\u00bb button_two_border_color__hover=\u00bbnull\u00bb button_one_border_radius__hover_enabled=\u00bboff\u00bb button_one_border_radius__hover=\u00bbnull\u00bb button_two_border_radius__hover_enabled=\u00bboff\u00bb button_two_border_radius__hover=\u00bbnull\u00bb button_one_letter_spacing__hover_enabled=\u00bboff\u00bb button_one_letter_spacing__hover=\u00bbnull\u00bb button_two_letter_spacing__hover_enabled=\u00bboff\u00bb button_two_letter_spacing__hover=\u00bbnull\u00bb button_one_bg_color__hover_enabled=\u00bboff\u00bb button_one_bg_color__hover=\u00bbnull\u00bb button_two_bg_color__hover_enabled=\u00bboff\u00bb button_two_bg_color__hover=\u00bbnull\u00bb theme_builder_area=\u00bbpost_content\u00bb][\/et_pb_fullwidth_header][\/et_pb_section][et_pb_section fb_built=\u00bb1&#8243; module_class=\u00bbpagina-seccion-contenido\u00bb _builder_version=\u00bb4.16&#8243; custom_padding=\u00bb0%|||\u00bb global_colors_info=\u00bb{}\u00bb][et_pb_row module_class=\u00bbpagina-texto\u00bb _builder_version=\u00bb4.16&#8243; background_size=\u00bbinitial\u00bb background_position=\u00bbtop_left\u00bb background_repeat=\u00bbrepeat\u00bb custom_margin=\u00bb25px|||\u00bb custom_padding=\u00bb25px|||\u00bb global_colors_info=\u00bb{}\u00bb][et_pb_column type=\u00bb4_4&#8243; _builder_version=\u00bb4.16&#8243; custom_padding=\u00bb|||\u00bb global_colors_info=\u00bb{}\u00bb custom_padding__hover=\u00bb|||\u00bb][et_pb_image src=\u00bbhttps:\/\/granada.salesianos.edu\/colegio\/wp-content\/uploads\/sites\/2\/2019\/01\/creciendo-en-salud.png\u00bb align=\u00bbcenter\u00bb align_tablet=\u00bbcenter\u00bb align_phone=\u00bb\u00bb align_last_edited=\u00bbon|desktop\u00bb _builder_version=\u00bb4.16&#8243; always_center_on_mobile=\u00bbon\u00bb global_colors_info=\u00bb{}\u00bb][\/et_pb_image][\/et_pb_column][\/et_pb_row][et_pb_row _builder_version=\u00bb4.16&#8243; background_size=\u00bbinitial\u00bb background_position=\u00bbtop_left\u00bb background_repeat=\u00bbrepeat\u00bb custom_padding=\u00bb26.453125px|0px|26px|0px\u00bb global_colors_info=\u00bb{}\u00bb][et_pb_column type=\u00bb4_4&#8243; _builder_version=\u00bb4.16&#8243; custom_padding=\u00bb|||\u00bb global_colors_info=\u00bb{}\u00bb custom_padding__hover=\u00bb|||\u00bb][et_pb_text _builder_version=\u00bb4.16&#8243; background_size=\u00bbinitial\u00bb background_position=\u00bbtop_left\u00bb background_repeat=\u00bbrepeat\u00bb global_colors_info=\u00bb{}\u00bb]<\/p>\n<p>El programa para la Promoci\u00f3n de H\u00e1bitos de Vida Saludable, Creciendo en Salud constituye una herramienta para la innovaci\u00f3n educativa en materia de promoci\u00f3n de la salud, facilitando el tratamiento de los contenidos curriculares relacionados con la educaci\u00f3n emocional, la alimentaci\u00f3n y la actividad f\u00edsica, los h\u00e1bitos de higiene y autocuidado, la educaci\u00f3n vial, el uso responsable de las tecnolog\u00edas, o la prevenci\u00f3n de adicciones, incluidos en el Proyecto Educativo del Centro.<\/p>\n<p>Este programa educativo se caracteriza por abordar la promoci\u00f3n y educaci\u00f3n para la salud desde un enfoque sist\u00e9mico, integral, colaborativo y continuado en el tiempo que requiere de planificaci\u00f3n, programaci\u00f3n, implementaci\u00f3n, seguimiento y evaluaci\u00f3n.<br \/>Cada curso escolar, y con car\u00e1cter de continuidad, el Equipo de Promoci\u00f3n de la Salud de cada centro concretar\u00e1 su propia estrategia definiendo el Plan de Actuaci\u00f3n que se llevar\u00e1 a cabo con el objetivo de capacitar al alumnado en la toma de decisiones, para que la elecci\u00f3n m\u00e1s sencilla sea siempre la m\u00e1s saludable.<\/p>\n<p>&nbsp;<\/p>\n<p>[\/et_pb_text][et_pb_text _builder_version=\u00bb4.16&#8243; global_colors_info=\u00bb{}\u00bb]<\/p>\n<h4>PROYECTOS DE CRECIENDO EN SALUD:<\/h4>\n<p>&nbsp;<\/p>\n<p>[\/et_pb_text][et_pb_text _builder_version=\u00bb4.16&#8243; global_colors_info=\u00bb{}\u00bb]<\/p>\n<div class=\"page\" title=\"Page 2\">\n<div class=\"section\">\n<div class=\"layoutArea\">\n<div class=\"column\">\n<ul>\n<li>\n<h5><strong>HA\u0301BITOS DE VIDA SALUDABLE<\/strong><\/h5>\n<\/li>\n<\/ul>\n<p>Los estilos de vida de las personas, es decir, el conjunto de conductas habituales que configuran su modo de vivir es uno de los factores que ma\u0301s influye en la salud. Los cambios sociales y laborales de la sociedad espan\u0303ola han provocado importantes modificaciones en estos estilos de vida que han llevado a un alejamiento de la dieta mediterra\u0301nea y al incremento del sedentarismo, lo que ha supuesto un aumento de la obesidad infantil. Por ello, resulta imprescindible facilitar al alumnado las claves para una alimentacio\u0301n saludable a la vez que se potencia la pra\u0301ctica de actividad fi\u0301sica, por los beneficios fi\u0301sicos, mentales y sociales que proporciona, facilitando pautas para combatir la presio\u0301n media\u0301tica y publicitaria de productos y alimentos poco saludables, y contrarrestando los malos ha\u0301bitos que por desinformacio\u0301n se dan en muchas familias.<\/p>\n<\/div>\n<\/div>\n<\/div>\n<\/div>\n<p>[\/et_pb_text][et_pb_gallery gallery_ids=\u00bb9288,9287,9285,9286&#8243; show_title_and_caption=\u00bboff\u00bb show_pagination=\u00bboff\u00bb _builder_version=\u00bb4.16&#8243; global_colors_info=\u00bb{}\u00bb][\/et_pb_gallery][et_pb_text _builder_version=\u00bb4.16&#8243; global_colors_info=\u00bb{}\u00bb]<\/p>\n<ul>\n<li>\n<h5>SEGURIDAD VIAL<\/h5>\n<\/li>\n<\/ul>\n<p>Dada la complejidad del tr\u00e1fico en las v\u00edas urbanas e interurbanas y que la poblaci\u00f3n infantil constituye uno de los principales grupos de riesgo, se hace necesario a trav\u00e9s de esta L\u00ednea de Intervenci\u00f3n, dar a conocer al alumnado determinadas medidas de defensa y seguridad que les protejan de los peligros derivados del uso de las v\u00edas p\u00fablicas, bien como peatones, ciclistas o como usuarios y usuarias de los medios de transporte.<\/p>\n<p>[\/et_pb_text][et_pb_gallery gallery_ids=\u00bb9289,9290,9292,9291&#8243; show_title_and_caption=\u00bboff\u00bb show_pagination=\u00bboff\u00bb _builder_version=\u00bb4.16&#8243; global_colors_info=\u00bb{}\u00bb][\/et_pb_gallery][et_pb_text _builder_version=\u00bb4.16&#8243; global_colors_info=\u00bb{}\u00bb]<\/p>\n<ul>\n<li>\n<h5>EDUCACI\u00d3N EMOCIONAL<\/h5>\n<\/li>\n<\/ul>\n<p>La educaci\u00f3n emocional consiste en un proceso educativo, continuo y permanente que pretende potenciar en el alumnado la adquisici\u00f3n de competencias emocionales tales como: conciencia emocional, regulaci\u00f3n emocional, autonom\u00eda emocional, competencia social y competencias para la vida y el bienestar, con objeto de capacitarle para la vida y aumentar su bienestar personal y social.<\/p>\n<p>[\/et_pb_text][et_pb_gallery gallery_ids=\u00bb9296,9295,9299,9298&#8243; show_title_and_caption=\u00bboff\u00bb show_pagination=\u00bboff\u00bb _builder_version=\u00bb4.16&#8243; global_colors_info=\u00bb{}\u00bb][\/et_pb_gallery][et_pb_text _builder_version=\u00bb4.16&#8243; global_colors_info=\u00bb{}\u00bb]<\/p>\n<ul>\n<li>\n<h5>USO CORRECTO DE LAS TIC<\/h5>\n<\/li>\n<\/ul>\n<p>Las Tecnolog\u00edas de la Informaci\u00f3n y y de la Comunicaci\u00f3n (TIC) han supuesto la modificaci\u00f3n de las pautas de interacci\u00f3n social y redefinici\u00f3n radical del funcionamiento de la sociedad, generando una nueva forma de comunicarse y establecer relaciones entre las personas que incide de manera directa en el desarrollo de los ni\u00f1os y las ni\u00f1as que crecen y se socializan en un contexto tecnol\u00f3gico; con grandes potencialidades, pero no exento de riesgos. Las TIC no son de por s\u00ed buenas o malas, son simplemente instrumentos al servicio de lo humano y dependen del uso que de ellas hagamos. Por ello, resulta imprescindible la prevenci\u00f3n, la protecci\u00f3n y la atenci\u00f3n a los ni\u00f1os y las ni\u00f1as, proporcionando informaci\u00f3n, as\u00ed como, estrategias y habilidades cognitivas, psicol\u00f3gicas y afectivas que permitan un uso positivo y responsable basado en el respeto y en la promoci\u00f3n de la dignidad humana y de la integridad f\u00edsica y psicol\u00f3gica del menor.<\/p>\n<p>[\/et_pb_text][et_pb_code _builder_version=\u00bb4.16&#8243; max_width=\u00bb75%\u00bb module_alignment=\u00bbcenter\u00bb global_colors_info=\u00bb{}\u00bb]<iframe loading=\"lazy\" width=\"560\" height=\"315\" src=\"https:\/\/www.youtube.com\/embed\/rGuuyQjseGQ\" frameborder=\"0\" allow=\"accelerometer; autoplay; clipboard-write; encrypted-media; gyroscope; picture-in-picture\" allowfullscreen><\/iframe>[\/et_pb_code][\/et_pb_column][\/et_pb_row][et_pb_row _builder_version=\u00bb4.16&#8243; background_size=\u00bbinitial\u00bb background_position=\u00bbtop_left\u00bb background_repeat=\u00bbrepeat\u00bb global_colors_info=\u00bb{}\u00bb][\/et_pb_row][\/et_pb_section]<\/p>\n","protected":false},"excerpt":{"rendered":"<p>El programa para la Promoci\u00f3n de H\u00e1bitos de Vida Saludable, Creciendo en Salud constituye una herramienta para la innovaci\u00f3n educativa en materia de promoci\u00f3n de la salud, facilitando el tratamiento de los contenidos curriculares relacionados con la educaci\u00f3n emocional, la alimentaci\u00f3n y la actividad f\u00edsica, los h\u00e1bitos de higiene y autocuidado, la educaci\u00f3n vial, el [&hellip;]<\/p>\n","protected":false},"author":2,"featured_media":0,"parent":0,"menu_order":0,"comment_status":"closed","ping_status":"closed","template":"","meta":{"_et_pb_use_builder":"on","_et_pb_old_content":"<p>[et_pb_section bb_built=\"1\" fullwidth=\"on\" _builder_version=\"3.0.47\" next_background_color=\"#000000\"][et_pb_fullwidth_header title=\"CRECIENDO EN SALUD\" title_font_color=\"#ffffff\" module_class=\"pagina-imagen-cabecera\" _builder_version=\"3.0.105\" title_font_size=\"40px\" background_image=\"https:\/\/granada.salesianos.edu\/colegio\/wp-content\/uploads\/sites\/2\/2019\/01\/children-1056065_640.png\" background_position=\"bottom_center\" max_width_tablet=\"50px\" background_url=\"https:\/\/alicante.salesianos.edu\/colegio\/wp-content\/uploads\/sites\/2\/2017\/04\/Captura-de-pantalla-2017-04-13-a-las-16.14.37.png\" header_fullscreen=\"off\" header_scroll_down=\"off\" scroll_down_icon_size=\"100px\" image_orientation=\"center\" background_layout=\"light\" content_orientation=\"center\" custom_button_two=\"off\" button_two_icon_placement=\"right\" custom_button_one=\"off\" button_one_icon_placement=\"right\" child_filter_brightness=\"123%\" child_filter_contrast=\"125%\" \/][\/et_pb_section][et_pb_section bb_built=\"1\" module_class=\"pagina-seccion-contenido\" _builder_version=\"3.0.47\" custom_padding=\"0%|||\" prev_background_color=\"#000000\"][et_pb_row custom_padding=\"25px|||\" custom_margin=\"25px|||\" parallax_method_1=\"off\" module_class=\"pagina-texto\" _builder_version=\"3.0.69\" background_size=\"initial\" background_position=\"top_left\" background_repeat=\"repeat\"][et_pb_column type=\"4_4\"][et_pb_text _builder_version=\"3.0.105\" background_size=\"initial\" background_position=\"top_left\" background_repeat=\"repeat\" border_style=\"solid\"]<\/p><p>Una de las propuestas educativas que pretendemos inculcar en nuestros j\u00f3venes es la de crear \u00a0h\u00e1bitos saludables de fotoprotecci\u00f3n porque creemos que es la mejor estrategia de prevenci\u00f3n del c\u00e1ncer de piel, tarea \u00a0que compete tanto a los educadores de nuestro centro como a familias.<\/p><p>El distintivo \u201cEscuela Soludable\u201d tiene como objetivo impulsar pol\u00edticas y pr\u00e1cticas saludables de fotoprotecci\u00f3n en el \u00e1mbito escolar, involucrando a todos los actores claves. Se trata de un sello de calidad que identifica a los centros que promueven activamente la fotoeducaci\u00f3n y cumplen requisitos t\u00e9cnicos de seguridad en fotoprotecci\u00f3n.<\/p><p>[\/et_pb_text][et_pb_image src=\"https:\/\/granada.salesianos.edu\/colegio\/wp-content\/uploads\/sites\/2\/2018\/09\/foto-de-portada.jpg\" _builder_version=\"3.0.105\" \/][\/et_pb_column][\/et_pb_row][et_pb_row custom_padding=\"26.453125px|0px|26px|0px\" _builder_version=\"3.0.47\" background_size=\"initial\" background_position=\"top_left\" background_repeat=\"repeat\"][et_pb_column type=\"4_4\"][\/et_pb_column][\/et_pb_row][\/et_pb_section]<\/p>","_et_gb_content_width":"","footnotes":""},"class_list":["post-9216","page","type-page","status-publish","hentry"],"yoast_head":"<!-- This site is optimized with the Yoast SEO plugin v28.4 - https:\/\/yoast.com\/product\/yoast-seo-wordpress\/ -->\n<title>Creciendo en Salud - Colegio Salesiano<\/title>\n<meta name=\"robots\" content=\"index, follow, max-snippet:-1, max-image-preview:large, max-video-preview:-1\" \/>\n<link rel=\"canonical\" href=\"https:\/\/granada.salesianos.edu\/colegio\/creciendo-en-salud\/\" \/>\n<meta property=\"og:locale\" content=\"es_ES\" \/>\n<meta property=\"og:type\" content=\"article\" \/>\n<meta property=\"og:title\" content=\"Creciendo en Salud - Colegio Salesiano\" \/>\n<meta property=\"og:description\" content=\"El programa para la Promoci\u00f3n de H\u00e1bitos de Vida Saludable, Creciendo en Salud constituye una herramienta para la innovaci\u00f3n educativa en materia de promoci\u00f3n de la salud, facilitando el tratamiento de los contenidos curriculares relacionados con la educaci\u00f3n emocional, la alimentaci\u00f3n y la actividad f\u00edsica, los h\u00e1bitos de higiene y autocuidado, la educaci\u00f3n vial, el [&hellip;]\" \/>\n<meta property=\"og:url\" content=\"https:\/\/granada.salesianos.edu\/colegio\/creciendo-en-salud\/\" \/>\n<meta property=\"og:site_name\" content=\"Colegio Salesiano\" \/>\n<meta property=\"article:publisher\" content=\"https:\/\/www.facebook.com\/SalesianosGR\/\" \/>\n<meta property=\"article:modified_time\" content=\"2025-10-27T20:43:37+00:00\" \/>\n<meta name=\"twitter:card\" content=\"summary_large_image\" \/>\n<meta name=\"twitter:site\" content=\"@GranadaSDB\" \/>\n<meta name=\"twitter:label1\" content=\"Tiempo de lectura\" \/>\n\t<meta name=\"twitter:data1\" content=\"6 minutos\" \/>\n<script type=\"application\/ld+json\" class=\"yoast-schema-graph\">{\"@context\":\"https:\\\/\\\/schema.org\",\"@graph\":[{\"@type\":\"WebPage\",\"@id\":\"https:\\\/\\\/granada.salesianos.edu\\\/colegio\\\/creciendo-en-salud\\\/\",\"url\":\"https:\\\/\\\/granada.salesianos.edu\\\/colegio\\\/creciendo-en-salud\\\/\",\"name\":\"Creciendo en Salud - Colegio Salesiano\",\"isPartOf\":{\"@id\":\"https:\\\/\\\/granada.salesianos.edu\\\/colegio\\\/#website\"},\"datePublished\":\"2019-01-08T00:04:55+00:00\",\"dateModified\":\"2025-10-27T20:43:37+00:00\",\"breadcrumb\":{\"@id\":\"https:\\\/\\\/granada.salesianos.edu\\\/colegio\\\/creciendo-en-salud\\\/#breadcrumb\"},\"inLanguage\":\"es\",\"potentialAction\":[{\"@type\":\"ReadAction\",\"target\":[\"https:\\\/\\\/granada.salesianos.edu\\\/colegio\\\/creciendo-en-salud\\\/\"]}]},{\"@type\":\"BreadcrumbList\",\"@id\":\"https:\\\/\\\/granada.salesianos.edu\\\/colegio\\\/creciendo-en-salud\\\/#breadcrumb\",\"itemListElement\":[{\"@type\":\"ListItem\",\"position\":1,\"name\":\"Portada\",\"item\":\"https:\\\/\\\/granada.salesianos.edu\\\/colegio\\\/\"},{\"@type\":\"ListItem\",\"position\":2,\"name\":\"Creciendo en Salud\"}]},{\"@type\":\"WebSite\",\"@id\":\"https:\\\/\\\/granada.salesianos.edu\\\/colegio\\\/#website\",\"url\":\"https:\\\/\\\/granada.salesianos.edu\\\/colegio\\\/\",\"name\":\"Colegio Salesiano\",\"description\":\"P\u00e1gina oficial de Salesianos Granada San Juan Bosco\",\"publisher\":{\"@id\":\"https:\\\/\\\/granada.salesianos.edu\\\/colegio\\\/#organization\"},\"potentialAction\":[{\"@type\":\"SearchAction\",\"target\":{\"@type\":\"EntryPoint\",\"urlTemplate\":\"https:\\\/\\\/granada.salesianos.edu\\\/colegio\\\/?s={search_term_string}\"},\"query-input\":{\"@type\":\"PropertyValueSpecification\",\"valueRequired\":true,\"valueName\":\"search_term_string\"}}],\"inLanguage\":\"es\"},{\"@type\":\"Organization\",\"@id\":\"https:\\\/\\\/granada.salesianos.edu\\\/colegio\\\/#organization\",\"name\":\"Colegio Salesiano San Juan Bosco Granada\",\"url\":\"https:\\\/\\\/granada.salesianos.edu\\\/colegio\\\/\",\"logo\":{\"@type\":\"ImageObject\",\"inLanguage\":\"es\",\"@id\":\"https:\\\/\\\/granada.salesianos.edu\\\/colegio\\\/#\\\/schema\\\/logo\\\/image\\\/\",\"url\":\"https:\\\/\\\/granada.salesianos.edu\\\/colegio\\\/wp-content\\\/uploads\\\/sites\\\/2\\\/2021\\\/01\\\/GRANADAobraVN2.jpg\",\"contentUrl\":\"https:\\\/\\\/granada.salesianos.edu\\\/colegio\\\/wp-content\\\/uploads\\\/sites\\\/2\\\/2021\\\/01\\\/GRANADAobraVN2.jpg\",\"width\":2113,\"height\":1894,\"caption\":\"Colegio Salesiano San Juan Bosco Granada\"},\"image\":{\"@id\":\"https:\\\/\\\/granada.salesianos.edu\\\/colegio\\\/#\\\/schema\\\/logo\\\/image\\\/\"},\"sameAs\":[\"https:\\\/\\\/www.facebook.com\\\/SalesianosGR\\\/\",\"https:\\\/\\\/x.com\\\/GranadaSDB\",\"https:\\\/\\\/www.instagram.com\\\/salesianosgranada\\\/\",\"https:\\\/\\\/www.youtube.com\\\/channel\\\/UChkpZuhCf4Y5rYIcFT3CNxw?view_as=subscriber\"]}]}<\/script>\n<!-- \/ Yoast SEO plugin. -->","yoast_head_json":{"title":"Creciendo en Salud - Colegio Salesiano","robots":{"index":"index","follow":"follow","max-snippet":"max-snippet:-1","max-image-preview":"max-image-preview:large","max-video-preview":"max-video-preview:-1"},"canonical":"https:\/\/granada.salesianos.edu\/colegio\/creciendo-en-salud\/","og_locale":"es_ES","og_type":"article","og_title":"Creciendo en Salud - Colegio Salesiano","og_description":"El programa para la Promoci\u00f3n de H\u00e1bitos de Vida Saludable, Creciendo en Salud constituye una herramienta para la innovaci\u00f3n educativa en materia de promoci\u00f3n de la salud, facilitando el tratamiento de los contenidos curriculares relacionados con la educaci\u00f3n emocional, la alimentaci\u00f3n y la actividad f\u00edsica, los h\u00e1bitos de higiene y autocuidado, la educaci\u00f3n vial, el [&hellip;]","og_url":"https:\/\/granada.salesianos.edu\/colegio\/creciendo-en-salud\/","og_site_name":"Colegio Salesiano","article_publisher":"https:\/\/www.facebook.com\/SalesianosGR\/","article_modified_time":"2025-10-27T20:43:37+00:00","twitter_card":"summary_large_image","twitter_site":"@GranadaSDB","twitter_misc":{"Tiempo de lectura":"6 minutos"},"schema":{"@context":"https:\/\/schema.org","@graph":[{"@type":"WebPage","@id":"https:\/\/granada.salesianos.edu\/colegio\/creciendo-en-salud\/","url":"https:\/\/granada.salesianos.edu\/colegio\/creciendo-en-salud\/","name":"Creciendo en Salud - Colegio Salesiano","isPartOf":{"@id":"https:\/\/granada.salesianos.edu\/colegio\/#website"},"datePublished":"2019-01-08T00:04:55+00:00","dateModified":"2025-10-27T20:43:37+00:00","breadcrumb":{"@id":"https:\/\/granada.salesianos.edu\/colegio\/creciendo-en-salud\/#breadcrumb"},"inLanguage":"es","potentialAction":[{"@type":"ReadAction","target":["https:\/\/granada.salesianos.edu\/colegio\/creciendo-en-salud\/"]}]},{"@type":"BreadcrumbList","@id":"https:\/\/granada.salesianos.edu\/colegio\/creciendo-en-salud\/#breadcrumb","itemListElement":[{"@type":"ListItem","position":1,"name":"Portada","item":"https:\/\/granada.salesianos.edu\/colegio\/"},{"@type":"ListItem","position":2,"name":"Creciendo en Salud"}]},{"@type":"WebSite","@id":"https:\/\/granada.salesianos.edu\/colegio\/#website","url":"https:\/\/granada.salesianos.edu\/colegio\/","name":"Colegio Salesiano","description":"P\u00e1gina oficial de Salesianos Granada San Juan Bosco","publisher":{"@id":"https:\/\/granada.salesianos.edu\/colegio\/#organization"},"potentialAction":[{"@type":"SearchAction","target":{"@type":"EntryPoint","urlTemplate":"https:\/\/granada.salesianos.edu\/colegio\/?s={search_term_string}"},"query-input":{"@type":"PropertyValueSpecification","valueRequired":true,"valueName":"search_term_string"}}],"inLanguage":"es"},{"@type":"Organization","@id":"https:\/\/granada.salesianos.edu\/colegio\/#organization","name":"Colegio Salesiano San Juan Bosco Granada","url":"https:\/\/granada.salesianos.edu\/colegio\/","logo":{"@type":"ImageObject","inLanguage":"es","@id":"https:\/\/granada.salesianos.edu\/colegio\/#\/schema\/logo\/image\/","url":"https:\/\/granada.salesianos.edu\/colegio\/wp-content\/uploads\/sites\/2\/2021\/01\/GRANADAobraVN2.jpg","contentUrl":"https:\/\/granada.salesianos.edu\/colegio\/wp-content\/uploads\/sites\/2\/2021\/01\/GRANADAobraVN2.jpg","width":2113,"height":1894,"caption":"Colegio Salesiano San Juan Bosco Granada"},"image":{"@id":"https:\/\/granada.salesianos.edu\/colegio\/#\/schema\/logo\/image\/"},"sameAs":["https:\/\/www.facebook.com\/SalesianosGR\/","https:\/\/x.com\/GranadaSDB","https:\/\/www.instagram.com\/salesianosgranada\/","https:\/\/www.youtube.com\/channel\/UChkpZuhCf4Y5rYIcFT3CNxw?view_as=subscriber"]}]}},"_links":{"self":[{"href":"https:\/\/granada.salesianos.edu\/colegio\/wp-json\/wp\/v2\/pages\/9216","targetHints":{"allow":["GET"]}}],"collection":[{"href":"https:\/\/granada.salesianos.edu\/colegio\/wp-json\/wp\/v2\/pages"}],"about":[{"href":"https:\/\/granada.salesianos.edu\/colegio\/wp-json\/wp\/v2\/types\/page"}],"author":[{"embeddable":true,"href":"https:\/\/granada.salesianos.edu\/colegio\/wp-json\/wp\/v2\/users\/2"}],"replies":[{"embeddable":true,"href":"https:\/\/granada.salesianos.edu\/colegio\/wp-json\/wp\/v2\/comments?post=9216"}],"version-history":[{"count":11,"href":"https:\/\/granada.salesianos.edu\/colegio\/wp-json\/wp\/v2\/pages\/9216\/revisions"}],"predecessor-version":[{"id":20706,"href":"https:\/\/granada.salesianos.edu\/colegio\/wp-json\/wp\/v2\/pages\/9216\/revisions\/20706"}],"wp:attachment":[{"href":"https:\/\/granada.salesianos.edu\/colegio\/wp-json\/wp\/v2\/media?parent=9216"}],"curies":[{"name":"wp","href":"https:\/\/api.w.org\/{rel}","templated":true}]}}