{"id":9563,"date":"2021-01-27T23:35:18","date_gmt":"2021-01-27T21:35:18","guid":{"rendered":"https:\/\/granada.salesianos.edu\/colegio\/?page_id=9563"},"modified":"2024-01-17T23:31:12","modified_gmt":"2024-01-17T21:31:12","slug":"admisiones","status":"publish","type":"page","link":"https:\/\/granada.salesianos.edu\/colegio\/admisiones\/","title":{"rendered":"Admisiones"},"content":{"rendered":"<div id=\"fb-root\"><\/div>\n<p>[et_pb_section fb_built=\u00bb1&#8243; fullwidth=\u00bbon\u00bb disabled_on=\u00bboff|off|off\u00bb _builder_version=\u00bb4.16&#8243; box_shadow_style=\u00bbpreset3&#8243; global_colors_info=\u00bb{}\u00bb][et_pb_fullwidth_header title=\u00bbAdmisiones de alumnado | Jornadas de Puertas Abiertas | Informaci\u00f3n para nuevas familias\u00bb text_orientation=\u00bbcenter\u00bb header_fullscreen=\u00bbon\u00bb header_scroll_down=\u00bbon\u00bb scroll_down_icon_color=\u00bb#c11b1b\u00bb background_overlay_color=\u00bbrgba(255,255,255,0.79)\u00bb logo_image_url=\u00bbhttps:\/\/granada.salesianos.edu\/colegio\/wp-content\/uploads\/sites\/2\/2021\/01\/logo.png\u00bb content_max_width=\u00bb59%\u00bb content_max_width_tablet=\u00bb\u00bb content_max_width_phone=\u00bb100%\u00bb content_max_width_last_edited=\u00bbon|desktop\u00bb _builder_version=\u00bb4.16&#8243; title_font=\u00bb||||||||\u00bb title_font_size=\u00bb0px\u00bb content_font=\u00bb||||||||\u00bb background_color=\u00bbrgba(255, 255, 255, 0)\u00bb background_image=\u00bbhttps:\/\/granada.salesianos.edu\/colegio\/wp-content\/uploads\/sites\/2\/2020\/12\/BEE-BOT-SALESIANOS-GRANADA-3-1.jpeg\u00bb parallax=\u00bbon\u00bb parallax_method=\u00bbon\u00bb custom_button_one=\u00bbon\u00bb button_one_text_color=\u00bb#d11d1d\u00bb button_one_border_width=\u00bb2px\u00bb button_one_border_radius=\u00bb9px\u00bb button_one_font=\u00bb|300|||||||\u00bb button_one_icon=\u00bb&#x3f;||divi||400&#8243; background_layout=\u00bblight\u00bb module_alignment=\u00bbcenter\u00bb custom_margin=\u00bb|||\u00bb custom_padding=\u00bb|||\u00bb global_colors_info=\u00bb{}\u00bb button_one_text_size__hover_enabled=\u00bboff\u00bb button_two_text_size__hover_enabled=\u00bboff\u00bb button_one_text_color__hover_enabled=\u00bboff\u00bb button_two_text_color__hover_enabled=\u00bboff\u00bb button_one_border_width__hover_enabled=\u00bboff\u00bb button_two_border_width__hover_enabled=\u00bboff\u00bb button_one_border_color__hover_enabled=\u00bboff\u00bb button_two_border_color__hover_enabled=\u00bboff\u00bb button_one_border_radius__hover_enabled=\u00bboff\u00bb button_two_border_radius__hover_enabled=\u00bboff\u00bb button_one_letter_spacing__hover_enabled=\u00bboff\u00bb button_two_letter_spacing__hover_enabled=\u00bboff\u00bb button_one_bg_color__hover_enabled=\u00bboff\u00bb button_two_bg_color__hover_enabled=\u00bboff\u00bb][\/et_pb_fullwidth_header][\/et_pb_section][et_pb_section fb_built=\u00bb1&#8243; disabled_on=\u00bbon|on|on\u00bb _builder_version=\u00bb4.16&#8243; background_color=\u00bb#dc001b\u00bb custom_padding=\u00bb36px|0px|29px|0px\u00bb global_colors_info=\u00bb{}\u00bb][et_pb_row column_structure=\u00bb1_2,1_2&#8243; _builder_version=\u00bb4.16&#8243; custom_padding=\u00bb0px|0px|0px|0px\u00bb global_colors_info=\u00bb{}\u00bb][et_pb_column type=\u00bb1_2&#8243; _builder_version=\u00bb4.16&#8243; custom_padding=\u00bb|||\u00bb global_colors_info=\u00bb{}\u00bb custom_padding__hover=\u00bb|||\u00bb][et_pb_text _builder_version=\u00bb4.16&#8243; text_font=\u00bb|800|||||||\u00bb text_text_color=\u00bb#e02b20&#8243; text_font_size=\u00bb29px\u00bb header_font=\u00bb||||||||\u00bb header_2_font=\u00bbLato|900|||||||\u00bb header_2_font_size=\u00bb32px\u00bb background_layout=\u00bbdark\u00bb custom_margin=\u00bb|||\u00bb custom_padding=\u00bb|||\u00bb global_colors_info=\u00bb{}\u00bb]<\/p>\n<h2>ADMISIONES <strong>2018\/19<\/strong><\/h2>\n<p>[\/et_pb_text][et_pb_text _builder_version=\u00bb4.16&#8243; text_font=\u00bb||||||||\u00bb text_font_size=\u00bb17px\u00bb text_line_height=\u00bb1.3em\u00bb background_layout=\u00bbdark\u00bb custom_margin=\u00bb||0px|\u00bb custom_padding=\u00bb|||\u00bb global_colors_info=\u00bb{}\u00bb]<\/p>\n<p>Desde aqu\u00ed podr\u00e1s acceder a todas las <strong>novedades<\/strong> sobre el\u00a0<strong>proceso de admisi\u00f3n<\/strong>\u00a0para el curso 2018\/2019.<\/p>\n<p>[\/et_pb_text][et_pb_button button_url=\u00bbhttps:\/\/mailchi.mp\/d156b1850a5e\/calendario-de-admisiones-258405&#8243; url_new_window=\u00bbon\u00bb button_text=\u00bb\u00daltimo bolet\u00edn de noticias (8 de mayo)\u00bb _builder_version=\u00bb4.16&#8243; custom_button=\u00bbon\u00bb button_text_color=\u00bb#d81e1e\u00bb button_bg_color=\u00bb#ffffff\u00bb button_border_width=\u00bb0px\u00bb button_font=\u00bb||||||||\u00bb button_icon=\u00bb&#xe010;||divi||400&#8243; button_icon_placement=\u00bbleft\u00bb button_on_hover=\u00bboff\u00bb button_text_color_hover=\u00bb#565656&#8243; button_bg_color_hover=\u00bb#ffffff\u00bb global_colors_info=\u00bb{}\u00bb button_text_size__hover_enabled=\u00bboff\u00bb button_one_text_size__hover_enabled=\u00bboff\u00bb button_two_text_size__hover_enabled=\u00bboff\u00bb button_text_color__hover_enabled=\u00bbon\u00bb button_text_color__hover=\u00bb#565656&#8243; button_one_text_color__hover_enabled=\u00bboff\u00bb button_two_text_color__hover_enabled=\u00bboff\u00bb button_border_width__hover_enabled=\u00bboff\u00bb button_one_border_width__hover_enabled=\u00bboff\u00bb button_two_border_width__hover_enabled=\u00bboff\u00bb button_border_color__hover_enabled=\u00bboff\u00bb button_one_border_color__hover_enabled=\u00bboff\u00bb button_two_border_color__hover_enabled=\u00bboff\u00bb button_border_radius__hover_enabled=\u00bboff\u00bb button_one_border_radius__hover_enabled=\u00bboff\u00bb button_two_border_radius__hover_enabled=\u00bboff\u00bb button_letter_spacing__hover_enabled=\u00bboff\u00bb button_one_letter_spacing__hover_enabled=\u00bboff\u00bb button_two_letter_spacing__hover_enabled=\u00bboff\u00bb button_bg_color__hover_enabled=\u00bbon\u00bb button_bg_color__hover=\u00bb#ffffff\u00bb button_one_bg_color__hover_enabled=\u00bboff\u00bb button_two_bg_color__hover_enabled=\u00bboff\u00bb][\/et_pb_button][et_pb_button button_url=\u00bbhttps:\/\/alicante.salesianos.edu\/colegio\/admisiones\/#preguntasfrecuentes\u00bb button_text=\u00bbPreguntas frecuentes\u00bb _builder_version=\u00bb4.16&#8243; custom_button=\u00bbon\u00bb button_text_color=\u00bb#d81e1e\u00bb button_bg_color=\u00bb#ffffff\u00bb button_border_width=\u00bb0px\u00bb button_font=\u00bb||||||||\u00bb button_icon=\u00bb&#x75;||divi||400&#8243; button_icon_placement=\u00bbleft\u00bb button_on_hover=\u00bboff\u00bb button_text_color_hover=\u00bb#565656&#8243; button_bg_color_hover=\u00bb#ffffff\u00bb global_colors_info=\u00bb{}\u00bb button_text_size__hover_enabled=\u00bboff\u00bb button_one_text_size__hover_enabled=\u00bboff\u00bb button_two_text_size__hover_enabled=\u00bboff\u00bb button_text_color__hover_enabled=\u00bbon\u00bb button_text_color__hover=\u00bb#565656&#8243; button_one_text_color__hover_enabled=\u00bboff\u00bb button_two_text_color__hover_enabled=\u00bboff\u00bb button_border_width__hover_enabled=\u00bboff\u00bb button_one_border_width__hover_enabled=\u00bboff\u00bb button_two_border_width__hover_enabled=\u00bboff\u00bb button_border_color__hover_enabled=\u00bboff\u00bb button_one_border_color__hover_enabled=\u00bboff\u00bb button_two_border_color__hover_enabled=\u00bboff\u00bb button_border_radius__hover_enabled=\u00bboff\u00bb button_one_border_radius__hover_enabled=\u00bboff\u00bb button_two_border_radius__hover_enabled=\u00bboff\u00bb button_letter_spacing__hover_enabled=\u00bboff\u00bb button_one_letter_spacing__hover_enabled=\u00bboff\u00bb button_two_letter_spacing__hover_enabled=\u00bboff\u00bb button_bg_color__hover_enabled=\u00bbon\u00bb button_bg_color__hover=\u00bb#ffffff\u00bb button_one_bg_color__hover_enabled=\u00bboff\u00bb button_two_bg_color__hover_enabled=\u00bboff\u00bb][\/et_pb_button][et_pb_button button_url=\u00bbhttps:\/\/alicante.salesianos.edu\/colegio\/administracion\/\u00bb button_text=\u00bbHorario de secretar\u00eda\u00bb _builder_version=\u00bb4.16&#8243; custom_button=\u00bbon\u00bb button_text_color=\u00bb#d81e1e\u00bb button_bg_color=\u00bb#ffffff\u00bb button_border_width=\u00bb0px\u00bb button_font=\u00bb||||||||\u00bb button_icon=\u00bb&#x7d;||divi||400&#8243; button_icon_placement=\u00bbleft\u00bb button_on_hover=\u00bboff\u00bb button_text_color_hover=\u00bb#565656&#8243; button_bg_color_hover=\u00bb#ffffff\u00bb global_colors_info=\u00bb{}\u00bb button_text_size__hover_enabled=\u00bboff\u00bb button_one_text_size__hover_enabled=\u00bboff\u00bb button_two_text_size__hover_enabled=\u00bboff\u00bb button_text_color__hover_enabled=\u00bbon\u00bb button_text_color__hover=\u00bb#565656&#8243; button_one_text_color__hover_enabled=\u00bboff\u00bb button_two_text_color__hover_enabled=\u00bboff\u00bb button_border_width__hover_enabled=\u00bboff\u00bb button_one_border_width__hover_enabled=\u00bboff\u00bb button_two_border_width__hover_enabled=\u00bboff\u00bb button_border_color__hover_enabled=\u00bboff\u00bb button_one_border_color__hover_enabled=\u00bboff\u00bb button_two_border_color__hover_enabled=\u00bboff\u00bb button_border_radius__hover_enabled=\u00bboff\u00bb button_one_border_radius__hover_enabled=\u00bboff\u00bb button_two_border_radius__hover_enabled=\u00bboff\u00bb button_letter_spacing__hover_enabled=\u00bboff\u00bb button_one_letter_spacing__hover_enabled=\u00bboff\u00bb button_two_letter_spacing__hover_enabled=\u00bboff\u00bb button_bg_color__hover_enabled=\u00bbon\u00bb button_bg_color__hover=\u00bb#ffffff\u00bb button_one_bg_color__hover_enabled=\u00bboff\u00bb button_two_bg_color__hover_enabled=\u00bboff\u00bb][\/et_pb_button][\/et_pb_column][et_pb_column type=\u00bb1_2&#8243; _builder_version=\u00bb4.16&#8243; custom_padding=\u00bb|||\u00bb global_colors_info=\u00bb{}\u00bb custom_padding__hover=\u00bb|||\u00bb][et_pb_button button_url=\u00bbhttps:\/\/alicante.salesianos.edu\/colegio\/preguntas-frecuentes\/cuando-empieza-el-proceso-de-admisiones-para-nuevo-alumnado\/\u00bb button_text=\u00bbCalendario de admisiones\u00bb _builder_version=\u00bb4.16&#8243; custom_button=\u00bbon\u00bb button_text_color=\u00bb#d81e1e\u00bb button_bg_color=\u00bb#ffffff\u00bb button_border_width=\u00bb0px\u00bb button_font=\u00bb||||||||\u00bb button_icon=\u00bb&#xe023;||divi||400&#8243; button_icon_placement=\u00bbleft\u00bb button_on_hover=\u00bboff\u00bb button_text_color_hover=\u00bb#565656&#8243; button_bg_color_hover=\u00bb#ffffff\u00bb global_colors_info=\u00bb{}\u00bb button_text_size__hover_enabled=\u00bboff\u00bb button_one_text_size__hover_enabled=\u00bboff\u00bb button_two_text_size__hover_enabled=\u00bboff\u00bb button_text_color__hover_enabled=\u00bbon\u00bb button_text_color__hover=\u00bb#565656&#8243; button_one_text_color__hover_enabled=\u00bboff\u00bb button_two_text_color__hover_enabled=\u00bboff\u00bb button_border_width__hover_enabled=\u00bboff\u00bb button_one_border_width__hover_enabled=\u00bboff\u00bb button_two_border_width__hover_enabled=\u00bboff\u00bb button_border_color__hover_enabled=\u00bboff\u00bb button_one_border_color__hover_enabled=\u00bboff\u00bb button_two_border_color__hover_enabled=\u00bboff\u00bb button_border_radius__hover_enabled=\u00bboff\u00bb button_one_border_radius__hover_enabled=\u00bboff\u00bb button_two_border_radius__hover_enabled=\u00bboff\u00bb button_letter_spacing__hover_enabled=\u00bboff\u00bb button_one_letter_spacing__hover_enabled=\u00bboff\u00bb button_two_letter_spacing__hover_enabled=\u00bboff\u00bb button_bg_color__hover_enabled=\u00bbon\u00bb button_bg_color__hover=\u00bb#ffffff\u00bb button_one_bg_color__hover_enabled=\u00bboff\u00bb button_two_bg_color__hover_enabled=\u00bboff\u00bb][\/et_pb_button][et_pb_button button_url=\u00bbhttps:\/\/alicante.salesianos.edu\/colegio\/preguntas-frecuentes\/que-documentacion-necesito-para-la-solicitud-de-admision-y-donde-la-entrego\/\u00bb button_text=\u00bbDocumentaci\u00f3n\u00bb _builder_version=\u00bb4.16&#8243; custom_button=\u00bbon\u00bb button_text_color=\u00bb#d81e1e\u00bb button_bg_color=\u00bb#ffffff\u00bb button_border_width=\u00bb0px\u00bb button_font=\u00bb||||||||\u00bb button_icon=\u00bb&#x69;||divi||400&#8243; button_icon_placement=\u00bbleft\u00bb button_on_hover=\u00bboff\u00bb button_text_color_hover=\u00bb#565656&#8243; button_bg_color_hover=\u00bb#ffffff\u00bb global_colors_info=\u00bb{}\u00bb button_text_size__hover_enabled=\u00bboff\u00bb button_one_text_size__hover_enabled=\u00bboff\u00bb button_two_text_size__hover_enabled=\u00bboff\u00bb button_text_color__hover_enabled=\u00bbon\u00bb button_text_color__hover=\u00bb#565656&#8243; button_one_text_color__hover_enabled=\u00bboff\u00bb button_two_text_color__hover_enabled=\u00bboff\u00bb button_border_width__hover_enabled=\u00bboff\u00bb button_one_border_width__hover_enabled=\u00bboff\u00bb button_two_border_width__hover_enabled=\u00bboff\u00bb button_border_color__hover_enabled=\u00bboff\u00bb button_one_border_color__hover_enabled=\u00bboff\u00bb button_two_border_color__hover_enabled=\u00bboff\u00bb button_border_radius__hover_enabled=\u00bboff\u00bb button_one_border_radius__hover_enabled=\u00bboff\u00bb button_two_border_radius__hover_enabled=\u00bboff\u00bb button_letter_spacing__hover_enabled=\u00bboff\u00bb button_one_letter_spacing__hover_enabled=\u00bboff\u00bb button_two_letter_spacing__hover_enabled=\u00bboff\u00bb button_bg_color__hover_enabled=\u00bbon\u00bb button_bg_color__hover=\u00bb#ffffff\u00bb button_one_bg_color__hover_enabled=\u00bboff\u00bb button_two_bg_color__hover_enabled=\u00bboff\u00bb][\/et_pb_button][et_pb_button button_url=\u00bbhttps:\/\/alicante.salesianos.edu\/colegio\/preguntas-frecuentes\/criterios-de-baremacion\/\u00bb button_text=\u00bbCriterios de baremaci\u00f3n\u00bb _builder_version=\u00bb4.16&#8243; custom_button=\u00bbon\u00bb button_text_color=\u00bb#d81e1e\u00bb button_bg_color=\u00bb#ffffff\u00bb button_border_width=\u00bb0px\u00bb button_font=\u00bb||||||||\u00bb button_icon=\u00bb&#x64;||divi||400&#8243; button_icon_placement=\u00bbleft\u00bb button_on_hover=\u00bboff\u00bb button_text_color_hover=\u00bb#565656&#8243; button_bg_color_hover=\u00bb#ffffff\u00bb global_colors_info=\u00bb{}\u00bb button_text_size__hover_enabled=\u00bboff\u00bb button_one_text_size__hover_enabled=\u00bboff\u00bb button_two_text_size__hover_enabled=\u00bboff\u00bb button_text_color__hover_enabled=\u00bbon\u00bb button_text_color__hover=\u00bb#565656&#8243; button_one_text_color__hover_enabled=\u00bboff\u00bb button_two_text_color__hover_enabled=\u00bboff\u00bb button_border_width__hover_enabled=\u00bboff\u00bb button_one_border_width__hover_enabled=\u00bboff\u00bb button_two_border_width__hover_enabled=\u00bboff\u00bb button_border_color__hover_enabled=\u00bboff\u00bb button_one_border_color__hover_enabled=\u00bboff\u00bb button_two_border_color__hover_enabled=\u00bboff\u00bb button_border_radius__hover_enabled=\u00bboff\u00bb button_one_border_radius__hover_enabled=\u00bboff\u00bb button_two_border_radius__hover_enabled=\u00bboff\u00bb button_letter_spacing__hover_enabled=\u00bboff\u00bb button_one_letter_spacing__hover_enabled=\u00bboff\u00bb button_two_letter_spacing__hover_enabled=\u00bboff\u00bb button_bg_color__hover_enabled=\u00bbon\u00bb button_bg_color__hover=\u00bb#ffffff\u00bb button_one_bg_color__hover_enabled=\u00bboff\u00bb button_two_bg_color__hover_enabled=\u00bboff\u00bb][\/et_pb_button][et_pb_button button_url=\u00bbhttps:\/\/alicante.salesianos.edu\/colegio\/preguntas-frecuentes\/zonas-de-escolarizacion\/\u00bb button_text=\u00bb\u00c1reas de influencia\u00bb _builder_version=\u00bb4.16&#8243; custom_button=\u00bbon\u00bb button_text_color=\u00bb#d81e1e\u00bb button_bg_color=\u00bb#ffffff\u00bb button_border_width=\u00bb0px\u00bb button_font=\u00bb||||||||\u00bb button_icon=\u00bb&#xe01d;||divi||400&#8243; button_icon_placement=\u00bbleft\u00bb button_on_hover=\u00bboff\u00bb button_text_color_hover=\u00bb#565656&#8243; button_bg_color_hover=\u00bb#ffffff\u00bb global_colors_info=\u00bb{}\u00bb button_text_size__hover_enabled=\u00bboff\u00bb button_one_text_size__hover_enabled=\u00bboff\u00bb button_two_text_size__hover_enabled=\u00bboff\u00bb button_text_color__hover_enabled=\u00bbon\u00bb button_text_color__hover=\u00bb#565656&#8243; button_one_text_color__hover_enabled=\u00bboff\u00bb button_two_text_color__hover_enabled=\u00bboff\u00bb button_border_width__hover_enabled=\u00bboff\u00bb button_one_border_width__hover_enabled=\u00bboff\u00bb button_two_border_width__hover_enabled=\u00bboff\u00bb button_border_color__hover_enabled=\u00bboff\u00bb button_one_border_color__hover_enabled=\u00bboff\u00bb button_two_border_color__hover_enabled=\u00bboff\u00bb button_border_radius__hover_enabled=\u00bboff\u00bb button_one_border_radius__hover_enabled=\u00bboff\u00bb button_two_border_radius__hover_enabled=\u00bboff\u00bb button_letter_spacing__hover_enabled=\u00bboff\u00bb button_one_letter_spacing__hover_enabled=\u00bboff\u00bb button_two_letter_spacing__hover_enabled=\u00bboff\u00bb button_bg_color__hover_enabled=\u00bbon\u00bb button_bg_color__hover=\u00bb#ffffff\u00bb button_one_bg_color__hover_enabled=\u00bboff\u00bb button_two_bg_color__hover_enabled=\u00bboff\u00bb][\/et_pb_button][et_pb_button button_url=\u00bbhttp:\/\/www.ceice.gva.es\/es\/web\/admision-alumnado\/vacantes\u00bb url_new_window=\u00bbon\u00bb button_text=\u00bbVacantes\u00bb _builder_version=\u00bb4.16&#8243; custom_button=\u00bbon\u00bb button_text_color=\u00bb#d81e1e\u00bb button_bg_color=\u00bb#ffffff\u00bb button_border_width=\u00bb0px\u00bb button_font=\u00bb||||||||\u00bb button_icon=\u00bb&#xe08b;||divi||400&#8243; button_icon_placement=\u00bbleft\u00bb button_on_hover=\u00bboff\u00bb button_text_color_hover=\u00bb#565656&#8243; button_bg_color_hover=\u00bb#ffffff\u00bb global_colors_info=\u00bb{}\u00bb button_text_size__hover_enabled=\u00bboff\u00bb button_one_text_size__hover_enabled=\u00bboff\u00bb button_two_text_size__hover_enabled=\u00bboff\u00bb button_text_color__hover_enabled=\u00bbon\u00bb button_text_color__hover=\u00bb#565656&#8243; button_one_text_color__hover_enabled=\u00bboff\u00bb button_two_text_color__hover_enabled=\u00bboff\u00bb button_border_width__hover_enabled=\u00bboff\u00bb button_one_border_width__hover_enabled=\u00bboff\u00bb button_two_border_width__hover_enabled=\u00bboff\u00bb button_border_color__hover_enabled=\u00bboff\u00bb button_one_border_color__hover_enabled=\u00bboff\u00bb button_two_border_color__hover_enabled=\u00bboff\u00bb button_border_radius__hover_enabled=\u00bboff\u00bb button_one_border_radius__hover_enabled=\u00bboff\u00bb button_two_border_radius__hover_enabled=\u00bboff\u00bb button_letter_spacing__hover_enabled=\u00bboff\u00bb button_one_letter_spacing__hover_enabled=\u00bboff\u00bb button_two_letter_spacing__hover_enabled=\u00bboff\u00bb button_bg_color__hover_enabled=\u00bbon\u00bb button_bg_color__hover=\u00bb#ffffff\u00bb button_one_bg_color__hover_enabled=\u00bboff\u00bb button_two_bg_color__hover_enabled=\u00bboff\u00bb][\/et_pb_button][et_pb_text _builder_version=\u00bb4.16&#8243; text_font=\u00bb||on||||||\u00bb text_text_color=\u00bb#ffffff\u00bb header_font=\u00bb||||||||\u00bb header_2_font=\u00bbLato|300|on||||||\u00bb header_2_font_size=\u00bb32px\u00bb background_layout=\u00bbdark\u00bb custom_margin=\u00bb|||\u00bb custom_padding=\u00bb|||\u00bb global_colors_info=\u00bb{}\u00bb]<\/p>\n<h2>Letra de prioridad<\/h2>\n<p>Ya se ha publicado el<span style=\"color: #ffffff;\"> <a href=\"http:\/\/www.ceice.gva.es\/documents\/161634256\/161921056\/RESOLUCI\u00d3N_resultado_cs_firmado.pdf\/b7762842-40f8-44cc-8a6e-d12eada65907\" title=\"Ver resoluci\u00f3n\" style=\"color: #ffffff;\">resultado del sorteo p\u00fablico de la letra de prioridad para resolver los empates en el procedimiento de admisi\u00f3n del alumnado para el curso 2019\/20<\/a><a href=\"http:\/\/www.ceice.gva.es\/documents\/161634279\/165479884\/sorteo_letra_cas.pdf\/3e64ca57-01bd-43cc-a0d4-55ec0da16457\" target=\"_blank\" rel=\"noopener noreferrer\" data-cke-saved-href=\"http:\/\/www.ceice.gva.es\/documents\/161634279\/165479884\/sorteo_letra_cas.pdf\/3e64ca57-01bd-43cc-a0d4-55ec0da16457\" style=\"color: #ffffff;\"><\/a>.<\/span><\/p>\n<p>Por tanto, los <strong>empates<\/strong> que se produzcan en el proceso de admisi\u00f3n del alumnado para el pr\u00f3ximo curso, tanto de Infantil como de Bachillerato, <strong>se decidir\u00e1n a partir del primer apellido que empiece por la letra \u00abO\u00bb<\/strong>.<\/p>\n<p>[\/et_pb_text][et_pb_button button_url=\u00bbhttp:\/\/www.ceice.gva.es\/documents\/161634256\/161921056\/RESOLUCI\u00d3N_resultado_cs_firmado.pdf\/b7762842-40f8-44cc-8a6e-d12eada65907&#8243; button_text=\u00bbVer resoluci\u00f3n\u00bb _builder_version=\u00bb4.16&#8243; custom_button=\u00bbon\u00bb button_text_color=\u00bb#d81e1e\u00bb button_bg_color=\u00bb#ffffff\u00bb button_border_width=\u00bb0px\u00bb button_font=\u00bb||||||||\u00bb button_icon=\u00bb&#x69;||divi||400&#8243; button_icon_placement=\u00bbleft\u00bb button_on_hover=\u00bboff\u00bb button_text_color_hover=\u00bb#565656&#8243; button_bg_color_hover=\u00bb#ffffff\u00bb global_colors_info=\u00bb{}\u00bb button_text_size__hover_enabled=\u00bboff\u00bb button_one_text_size__hover_enabled=\u00bboff\u00bb button_two_text_size__hover_enabled=\u00bboff\u00bb button_text_color__hover_enabled=\u00bbon\u00bb button_text_color__hover=\u00bb#565656&#8243; button_one_text_color__hover_enabled=\u00bboff\u00bb button_two_text_color__hover_enabled=\u00bboff\u00bb button_border_width__hover_enabled=\u00bboff\u00bb button_one_border_width__hover_enabled=\u00bboff\u00bb button_two_border_width__hover_enabled=\u00bboff\u00bb button_border_color__hover_enabled=\u00bboff\u00bb button_one_border_color__hover_enabled=\u00bboff\u00bb button_two_border_color__hover_enabled=\u00bboff\u00bb button_border_radius__hover_enabled=\u00bboff\u00bb button_one_border_radius__hover_enabled=\u00bboff\u00bb button_two_border_radius__hover_enabled=\u00bboff\u00bb button_letter_spacing__hover_enabled=\u00bboff\u00bb button_one_letter_spacing__hover_enabled=\u00bboff\u00bb button_two_letter_spacing__hover_enabled=\u00bboff\u00bb button_bg_color__hover_enabled=\u00bbon\u00bb button_bg_color__hover=\u00bb#ffffff\u00bb button_one_bg_color__hover_enabled=\u00bboff\u00bb button_two_bg_color__hover_enabled=\u00bboff\u00bb][\/et_pb_button][et_pb_text _builder_version=\u00bb4.16&#8243; text_font=\u00bb||on||||||\u00bb text_text_color=\u00bb#ffffff\u00bb header_font=\u00bb||||||||\u00bb header_2_font=\u00bbLato|300|on||||||\u00bb header_2_font_size=\u00bb32px\u00bb background_layout=\u00bbdark\u00bb custom_margin=\u00bb|||\u00bb custom_padding=\u00bb|||\u00bb global_colors_info=\u00bb{}\u00bb]<\/p>\n<h2><strong>\u00a1Novedad!<\/strong><\/h2>\n<p>[\/et_pb_text][et_pb_divider color=\u00bb#ffffff\u00bb divider_style=\u00bbdashed\u00bb _builder_version=\u00bb4.16&#8243; custom_margin=\u00bb30px||0px\u00bb custom_padding=\u00bb||\u00bb global_colors_info=\u00bb{}\u00bb][\/et_pb_divider][et_pb_text _builder_version=\u00bb4.16&#8243; text_font=\u00bb||on||||||\u00bb text_text_color=\u00bb#ffffff\u00bb header_font=\u00bb||||||||\u00bb header_2_font=\u00bbLato|300|on||||||\u00bb header_2_font_size=\u00bb32px\u00bb background_layout=\u00bbdark\u00bb custom_margin=\u00bb|||\u00bb custom_padding=\u00bb|||\u00bb global_colors_info=\u00bb{}\u00bb]<\/p>\n<h2>Como referencia&#8230;<\/h2>\n<p><strong>Esta es la informaci\u00f3n que se public\u00f3 durante el \u00faltimo periodo de admisiones<\/strong>, la cual ofrecemos a modo de referencia pero que puede variar de un a\u00f1o a otro.<\/p>\n<p>[\/et_pb_text][\/et_pb_column][\/et_pb_row][\/et_pb_section][et_pb_section fb_built=\u00bb1&#8243; next_background_color=\u00bb#ffffff\u00bb disabled_on=\u00bboff|off|off\u00bb _builder_version=\u00bb4.16&#8243; background_color=\u00bb#dc001b\u00bb background_image=\u00bbhttps:\/\/granada.salesianos.edu\/colegio\/wp-content\/uploads\/sites\/2\/2020\/02\/fondo_novedades_web.png\u00bb custom_padding=\u00bb50px|0px|120px|0px|false|false\u00bb bottom_divider_style=\u00bbslant2&#8243; global_colors_info=\u00bb{}\u00bb][et_pb_row column_structure=\u00bb1_2,1_2&#8243; _builder_version=\u00bb4.16&#8243; custom_padding=\u00bb0px|0px|0px|0px\u00bb global_colors_info=\u00bb{}\u00bb][et_pb_column type=\u00bb1_2&#8243; _builder_version=\u00bb4.16&#8243; custom_padding=\u00bb|||\u00bb global_colors_info=\u00bb{}\u00bb custom_padding__hover=\u00bb|||\u00bb][et_pb_image src=\u00bbhttps:\/\/granada.salesianos.edu\/colegio\/wp-content\/uploads\/sites\/2\/2020\/02\/admisiones_titulojopa.png\u00bb url=\u00bbhttps:\/\/granada.salesianos.edu\/colegio\/admisiones\/\u00bb align_tablet=\u00bbcenter\u00bb align_phone=\u00bb\u00bb align_last_edited=\u00bbon|desktop\u00bb _builder_version=\u00bb4.16&#8243; global_colors_info=\u00bb{}\u00bb][\/et_pb_image][et_pb_text _builder_version=\u00bb4.16&#8243; text_font=\u00bb||||||||\u00bb text_font_size=\u00bb17px\u00bb text_line_height=\u00bb1.3em\u00bb background_layout=\u00bbdark\u00bb custom_margin=\u00bb||0px|\u00bb custom_padding=\u00bb|||\u00bb global_colors_info=\u00bb{}\u00bb]<\/p>\n<p><strong>\u00bfQuieres saber m\u00e1s?<\/strong> Ven\u00a0a conocer nuestras instalaciones y nuestro proyecto educativo.<\/p>\n<p>[\/et_pb_text][et_pb_button button_url=\u00bbhttps:\/\/granada.salesianos.edu\/colegio\/jornadas-pa-general\/\u00bb button_text=\u00bbM\u00e1s informaci\u00f3n\u00bb _builder_version=\u00bb4.20.2&#8243; custom_button=\u00bbon\u00bb button_text_color=\u00bb#d81e1e\u00bb button_bg_color=\u00bb#ffffff\u00bb button_border_width=\u00bb0px\u00bb button_icon=\u00bb&#xe07e;||divi||400&#8243; button_icon_placement=\u00bbleft\u00bb button_on_hover=\u00bboff\u00bb button_text_color_hover=\u00bb#565656&#8243; button_bg_color_hover=\u00bb#ffffff\u00bb global_colors_info=\u00bb{}\u00bb button_text_size__hover_enabled=\u00bboff\u00bb button_one_text_size__hover_enabled=\u00bboff\u00bb button_two_text_size__hover_enabled=\u00bboff\u00bb button_text_color__hover_enabled=\u00bbon\u00bb button_text_color__hover=\u00bb#565656&#8243; button_one_text_color__hover_enabled=\u00bboff\u00bb button_two_text_color__hover_enabled=\u00bboff\u00bb button_border_width__hover_enabled=\u00bboff\u00bb button_one_border_width__hover_enabled=\u00bboff\u00bb button_two_border_width__hover_enabled=\u00bboff\u00bb button_border_color__hover_enabled=\u00bboff\u00bb button_one_border_color__hover_enabled=\u00bboff\u00bb button_two_border_color__hover_enabled=\u00bboff\u00bb button_border_radius__hover_enabled=\u00bboff\u00bb button_one_border_radius__hover_enabled=\u00bboff\u00bb button_two_border_radius__hover_enabled=\u00bboff\u00bb button_letter_spacing__hover_enabled=\u00bboff\u00bb button_one_letter_spacing__hover_enabled=\u00bboff\u00bb button_two_letter_spacing__hover_enabled=\u00bboff\u00bb button_bg_color__hover_enabled=\u00bbon\u00bb button_bg_color__hover=\u00bb#ffffff\u00bb button_one_bg_color__hover_enabled=\u00bboff\u00bb button_two_bg_color__hover_enabled=\u00bboff\u00bb][\/et_pb_button][\/et_pb_column][et_pb_column type=\u00bb1_2&#8243; _builder_version=\u00bb4.16&#8243; custom_padding=\u00bb|||50px\u00bb custom_padding_tablet=\u00bb|||0px\u00bb custom_padding_phone=\u00bb|||0px\u00bb custom_padding_last_edited=\u00bbon|desktop\u00bb global_colors_info=\u00bb{}\u00bb custom_padding__hover=\u00bb|||\u00bb][et_pb_blurb title=\u00bbPUERTAS SIEMPRE ABIERTAS\u00bb use_icon=\u00bbon\u00bb font_icon=\u00bb&#xe023;||divi||400&#8243; icon_color=\u00bb#ffffff\u00bb icon_placement=\u00bbleft\u00bb content_max_width=\u00bb881px\u00bb disabled_on=\u00bboff|off|off\u00bb _builder_version=\u00bb4.16&#8243; header_level=\u00bbh3&#8243; header_font=\u00bb|700|||||||\u00bb header_font_size=\u00bb20px\u00bb body_font=\u00bb||||||||\u00bb body_font_size=\u00bb16px\u00bb body_line_height=\u00bb1.3em\u00bb background_layout=\u00bbdark\u00bb custom_padding=\u00bb|||\u00bb global_colors_info=\u00bb{}\u00bb]<\/p>\n<p><em>Durante todo el a\u00f1o tenemos nuestras puertas abiertas. Contacta con nosotros y te ense\u00f1aremos nuestro PROYECTO y nuestras INSTALACIONES con cita previa.<\/em><\/p>\n<p>[\/et_pb_blurb][et_pb_blurb title=\u00bbSEMANA DE PUERTAS ABIERTAS\u00bb use_icon=\u00bbon\u00bb font_icon=\u00bb&#xe023;||divi||400&#8243; icon_color=\u00bb#ffffff\u00bb icon_placement=\u00bbleft\u00bb content_max_width=\u00bb881px\u00bb _builder_version=\u00bb4.23.1&#8243; header_level=\u00bbh3&#8243; header_font=\u00bb|700|||||||\u00bb header_font_size=\u00bb20px\u00bb body_font=\u00bb||||||||\u00bb body_font_size=\u00bb16px\u00bb body_line_height=\u00bb1.3em\u00bb background_layout=\u00bbdark\u00bb custom_padding=\u00bb|||\u00bb hover_enabled=\u00bb0&#8243; global_colors_info=\u00bb{}\u00bb sticky_enabled=\u00bb0&#8243;]<\/p>\n<p><em>Con cita previa, presenciales o telem\u00e1ticas<\/em><\/p>\n<p style=\"text-align: center;\"><strong>13 y 14 de febrero<\/strong><\/p>\n<p style=\"text-align: center;\"><strong>20 y 22 de febrero<\/strong><\/p>\n<p>[\/et_pb_blurb][\/et_pb_column][\/et_pb_row][\/et_pb_section][et_pb_section fb_built=\u00bb1&#8243; admin_label=\u00bbInstalaciones\u00bb _builder_version=\u00bb4.16&#8243; background_enable_color=\u00bboff\u00bb use_background_color_gradient=\u00bbon\u00bb background_color_gradient_direction=\u00bb120deg\u00bb background_color_gradient_stops=\u00bb#000000 0%|rgba(0,0,0,0) 100%\u00bb background_color_gradient_overlays_image=\u00bbon\u00bb background_color_gradient_start=\u00bb#000000&#8243; background_color_gradient_end=\u00bbrgba(0,0,0,0)\u00bb background_enable_image=\u00bboff\u00bb background_video_mp4=\u00bbhttps:\/\/granada.salesianos.edu\/colegio\/wp-content\/uploads\/sites\/2\/2020\/12\/salesianos-granada2.mp4&#8243; background_enable_video_webm=\u00bboff\u00bb allow_player_pause=\u00bbon\u00bb max_height=\u00bb750px\u00bb custom_padding=\u00bb0px||0px||false|false\u00bb background_last_edited=\u00bbon|phone\u00bb background_enable_video_mp4_phone=\u00bboff\u00bb background_enable_video_webm_phone=\u00bboff\u00bb box_shadow_style=\u00bbpreset6&#8243; box_shadow_horizontal=\u00bb80px\u00bb box_shadow_blur=\u00bb80px\u00bb box_shadow_spread=\u00bb20px\u00bb locked=\u00bboff\u00bb global_colors_info=\u00bb{}\u00bb filter_saturate__hover_enabled=\u00bboff|desktop\u00bb][et_pb_row column_structure=\u00bb3_4,1_4&#8243; admin_label=\u00bbHero Area\u00bb _builder_version=\u00bb4.16&#8243; use_background_color_gradient=\u00bbon\u00bb background_color_gradient_direction=\u00bb90deg\u00bb background_color_gradient_stops=\u00bbrgba(31,40,45,0.95) 0%|rgba(31,40,45,0) 70%\u00bb background_color_gradient_start=\u00bbrgba(31,40,45,0.95)\u00bb background_color_gradient_end=\u00bbrgba(31,40,45,0)\u00bb background_color_gradient_end_position=\u00bb70%\u00bb width=\u00bb100%\u00bb max_width=\u00bb2560px\u00bb custom_margin=\u00bb0px||||false|false\u00bb custom_margin_tablet=\u00bb||-80px||false|false\u00bb custom_margin_last_edited=\u00bboff|desktop\u00bb custom_padding=\u00bb0px|10%|0px||false|false\u00bb global_colors_info=\u00bb{}\u00bb][et_pb_column type=\u00bb3_4&#8243; _builder_version=\u00bb4.16&#8243; background_color_gradient_direction=\u00bb90deg\u00bb custom_padding=\u00bb10%||10%|10%|true|false\u00bb custom_padding_tablet=\u00bb15%||15%||true|false\u00bb custom_padding_phone=\u00bb20%||20%||true|false\u00bb custom_padding_last_edited=\u00bbon|phone\u00bb global_colors_info=\u00bb{}\u00bb custom_padding__hover=\u00bb|||\u00bb][et_pb_image src=\u00bbhttps:\/\/granada.salesianos.edu\/colegio\/wp-content\/uploads\/sites\/2\/2021\/01\/xcreciendojuntos_rojo.png.pagespeed.ic_.r4plRhIJ6u.png\u00bb _builder_version=\u00bb4.16&#8243; global_colors_info=\u00bb{}\u00bb][\/et_pb_image][et_pb_text admin_label=\u00bbSubtitle\u00bb _builder_version=\u00bb4.16&#8243; text_font=\u00bbPoppins|300|||||||\u00bb text_font_size=\u00bb18px\u00bb text_line_height=\u00bb1.8em\u00bb header_font=\u00bb||||||||\u00bb background_layout=\u00bbdark\u00bb custom_margin=\u00bb|||\u00bb custom_padding=\u00bb|||\u00bb text_text_shadow_style=\u00bbpreset3&#8243; text_text_shadow_blur_strength=\u00bb1.48em\u00bb text_text_shadow_color=\u00bb#000000&#8243; global_colors_info=\u00bb{}\u00bb]<\/p>\n<p><span>El Colegio San Juan Bosco lleva unos 75 a\u00f1os acompa\u00f1ando y viendo crecer a miles de ni\u00f1os, ni\u00f1as y j\u00f3venes de la ciudad de Granada.<\/span><\/p>\n<p>Muchas son las historias vividas y los sue\u00f1os cumplidos a lo largo de los a\u00f1os, gracias a un proyecto de educaci\u00f3n integral que ha ido creciendo y evolucionando para adaptarse a las necesidades de nuestros alumnos y alumnas. Todo ello sin perder de vista aquello que nos identifica.<\/p>\n<p>Te invitamos a que lo descubras para que, juntos, sigamos haciendo crecer el sue\u00f1o de Don Bosco.<\/p>\n<p>[\/et_pb_text][\/et_pb_column][et_pb_column type=\u00bb1_4&#8243; _builder_version=\u00bb4.16&#8243; custom_padding=\u00bb0px|0px|0px|0px|false|false\u00bb global_colors_info=\u00bb{}\u00bb custom_padding__hover=\u00bb|||\u00bb][\/et_pb_column][\/et_pb_row][\/et_pb_section][et_pb_section fb_built=\u00bb1&#8243; custom_padding_last_edited=\u00bbon|phone\u00bb next_background_color=\u00bb#dc001b\u00bb disabled_on=\u00bbon|on|on\u00bb _builder_version=\u00bb4.16&#8243; background_color=\u00bb#dc001b\u00bb background_image=\u00bbhttps:\/\/granada.salesianos.edu\/colegio\/wp-content\/uploads\/sites\/2\/2020\/02\/fondo_novedades_web.png\u00bb custom_padding=\u00bb36px|0px|122px|0px|false|false\u00bb custom_padding_tablet=\u00bb||140px\u00bb custom_padding_phone=\u00bb\u00bb bottom_divider_style=\u00bbslant2&#8243; disabled=\u00bbon\u00bb global_colors_info=\u00bb{}\u00bb][et_pb_row column_structure=\u00bb1_2,1_2&#8243; _builder_version=\u00bb4.16&#8243; custom_padding=\u00bb0px|0px|0px|0px\u00bb global_colors_info=\u00bb{}\u00bb][et_pb_column type=\u00bb1_2&#8243; _builder_version=\u00bb4.16&#8243; custom_padding=\u00bb|||\u00bb global_colors_info=\u00bb{}\u00bb custom_padding__hover=\u00bb|||\u00bb][et_pb_text _builder_version=\u00bb4.16&#8243; text_font=\u00bb|800|||||||\u00bb text_text_color=\u00bb#e02b20&#8243; text_font_size=\u00bb29px\u00bb header_font=\u00bb||||||||\u00bb header_2_font=\u00bbLato|900|||||||\u00bb header_2_font_size=\u00bb34px\u00bb background_layout=\u00bbdark\u00bb custom_margin=\u00bb|||\u00bb custom_padding=\u00bb|||\u00bb global_colors_info=\u00bb{}\u00bb]<\/p>\n<h2>ADMISIONES <em><strong>2019\/20<\/strong><\/em><\/h2>\n<p>[\/et_pb_text][et_pb_text _builder_version=\u00bb4.16&#8243; text_font=\u00bb||||||||\u00bb text_font_size=\u00bb17px\u00bb text_line_height=\u00bb1.3em\u00bb background_layout=\u00bbdark\u00bb custom_margin=\u00bb||0px|\u00bb custom_padding=\u00bb|||\u00bb global_colors_info=\u00bb{}\u00bb]<\/p>\n<p>Desde aqu\u00ed podr\u00e1s acceder a todas las <strong>novedades<\/strong> sobre el\u00a0<strong>proceso de admisi\u00f3n<\/strong>\u00a0para el curso 2019\/2020, y si sigues bajando conocer\u00e1s m\u00e1s cosas sobre nuestro centro.<\/p>\n<p>[\/et_pb_text][et_pb_button button_url=\u00bbhttp:\/\/eepurl.com\/gb6VGb\u00bb button_text=\u00bbSuscr\u00edbete a nuestro bolet\u00edn\u00bb _builder_version=\u00bb4.16&#8243; custom_button=\u00bbon\u00bb button_text_color=\u00bb#d81e1e\u00bb button_bg_color=\u00bb#ffffff\u00bb button_border_width=\u00bb0px\u00bb button_font=\u00bb||||||||\u00bb button_icon=\u00bb&#xe010;||divi||400&#8243; button_icon_placement=\u00bbleft\u00bb button_on_hover=\u00bboff\u00bb transform_styles_last_edited=\u00bboff|desktop\u00bb button_text_color_hover=\u00bb#565656&#8243; button_bg_color_hover=\u00bb#ffffff\u00bb global_colors_info=\u00bb{}\u00bb button_text_size__hover_enabled=\u00bboff\u00bb button_one_text_size__hover_enabled=\u00bboff\u00bb button_two_text_size__hover_enabled=\u00bboff\u00bb button_text_color__hover_enabled=\u00bbon\u00bb button_text_color__hover=\u00bb#565656&#8243; button_one_text_color__hover_enabled=\u00bboff\u00bb button_two_text_color__hover_enabled=\u00bboff\u00bb button_border_width__hover_enabled=\u00bboff\u00bb button_one_border_width__hover_enabled=\u00bboff\u00bb button_two_border_width__hover_enabled=\u00bboff\u00bb button_border_color__hover_enabled=\u00bboff\u00bb button_one_border_color__hover_enabled=\u00bboff\u00bb button_two_border_color__hover_enabled=\u00bboff\u00bb button_border_radius__hover_enabled=\u00bboff\u00bb button_one_border_radius__hover_enabled=\u00bboff\u00bb button_two_border_radius__hover_enabled=\u00bboff\u00bb button_letter_spacing__hover_enabled=\u00bboff\u00bb button_one_letter_spacing__hover_enabled=\u00bboff\u00bb button_two_letter_spacing__hover_enabled=\u00bboff\u00bb button_bg_color__hover_enabled=\u00bbon\u00bb button_bg_color__hover=\u00bb#ffffff\u00bb button_one_bg_color__hover_enabled=\u00bboff\u00bb button_two_bg_color__hover_enabled=\u00bboff\u00bb transform_styles__hover_enabled=\u00bbon|hover\u00bb transform_scale__hover=\u00bb106%|106%\u00bb transform_scale__hover_enabled=\u00bbon|hover\u00bb transform_translate__hover_enabled=\u00bbon|desktop\u00bb transform_rotate__hover_enabled=\u00bbon|desktop\u00bb transform_skew__hover_enabled=\u00bbon|desktop\u00bb transform_origin__hover_enabled=\u00bbon|desktop\u00bb][\/et_pb_button][et_pb_button button_url=\u00bbhttps:\/\/alicante.salesianos.edu\/colegio\/admisiones\/#preguntasfrecuentes\u00bb button_text=\u00bbPreguntas frecuentes\u00bb _builder_version=\u00bb4.16&#8243; custom_button=\u00bbon\u00bb button_text_color=\u00bb#d81e1e\u00bb button_bg_color=\u00bb#ffffff\u00bb button_border_width=\u00bb0px\u00bb button_font=\u00bb||||||||\u00bb button_icon=\u00bb&#x75;||divi||400&#8243; button_icon_placement=\u00bbleft\u00bb button_on_hover=\u00bboff\u00bb transform_styles_last_edited=\u00bboff|desktop\u00bb button_text_color_hover=\u00bb#565656&#8243; button_bg_color_hover=\u00bb#ffffff\u00bb global_colors_info=\u00bb{}\u00bb button_text_size__hover_enabled=\u00bboff\u00bb button_one_text_size__hover_enabled=\u00bboff\u00bb button_two_text_size__hover_enabled=\u00bboff\u00bb button_text_color__hover_enabled=\u00bbon\u00bb button_text_color__hover=\u00bb#565656&#8243; button_one_text_color__hover_enabled=\u00bboff\u00bb button_two_text_color__hover_enabled=\u00bboff\u00bb button_border_width__hover_enabled=\u00bboff\u00bb button_one_border_width__hover_enabled=\u00bboff\u00bb button_two_border_width__hover_enabled=\u00bboff\u00bb button_border_color__hover_enabled=\u00bboff\u00bb button_one_border_color__hover_enabled=\u00bboff\u00bb button_two_border_color__hover_enabled=\u00bboff\u00bb button_border_radius__hover_enabled=\u00bboff\u00bb button_one_border_radius__hover_enabled=\u00bboff\u00bb button_two_border_radius__hover_enabled=\u00bboff\u00bb button_letter_spacing__hover_enabled=\u00bboff\u00bb button_one_letter_spacing__hover_enabled=\u00bboff\u00bb button_two_letter_spacing__hover_enabled=\u00bboff\u00bb button_bg_color__hover_enabled=\u00bbon\u00bb button_bg_color__hover=\u00bb#ffffff\u00bb button_one_bg_color__hover_enabled=\u00bboff\u00bb button_two_bg_color__hover_enabled=\u00bboff\u00bb transform_styles__hover_enabled=\u00bbon|hover\u00bb transform_scale__hover=\u00bb106%|106%\u00bb transform_scale__hover_enabled=\u00bbon|hover\u00bb transform_translate__hover_enabled=\u00bbon|desktop\u00bb transform_rotate__hover_enabled=\u00bbon|desktop\u00bb transform_skew__hover_enabled=\u00bbon|desktop\u00bb transform_origin__hover_enabled=\u00bbon|desktop\u00bb][\/et_pb_button][et_pb_button button_url=\u00bbhttps:\/\/alicante.salesianos.edu\/politica-de-privacidad\/#Matriculacion\u00bb button_text=\u00bbProtecci\u00f3n de datos\u00bb _builder_version=\u00bb4.16&#8243; custom_button=\u00bbon\u00bb button_text_color=\u00bb#d81e1e\u00bb button_bg_color=\u00bb#ffffff\u00bb button_border_width=\u00bb0px\u00bb button_font=\u00bb||||||||\u00bb button_icon=\u00bb&#xe000;||divi||400&#8243; button_icon_placement=\u00bbleft\u00bb button_on_hover=\u00bboff\u00bb transform_styles_last_edited=\u00bboff|desktop\u00bb button_text_color_hover=\u00bb#565656&#8243; button_bg_color_hover=\u00bb#ffffff\u00bb global_colors_info=\u00bb{}\u00bb button_text_size__hover_enabled=\u00bboff\u00bb button_one_text_size__hover_enabled=\u00bboff\u00bb button_two_text_size__hover_enabled=\u00bboff\u00bb button_text_color__hover_enabled=\u00bbon\u00bb button_text_color__hover=\u00bb#565656&#8243; button_one_text_color__hover_enabled=\u00bboff\u00bb button_two_text_color__hover_enabled=\u00bboff\u00bb button_border_width__hover_enabled=\u00bboff\u00bb button_one_border_width__hover_enabled=\u00bboff\u00bb button_two_border_width__hover_enabled=\u00bboff\u00bb button_border_color__hover_enabled=\u00bboff\u00bb button_one_border_color__hover_enabled=\u00bboff\u00bb button_two_border_color__hover_enabled=\u00bboff\u00bb button_border_radius__hover_enabled=\u00bboff\u00bb button_one_border_radius__hover_enabled=\u00bboff\u00bb button_two_border_radius__hover_enabled=\u00bboff\u00bb button_letter_spacing__hover_enabled=\u00bboff\u00bb button_one_letter_spacing__hover_enabled=\u00bboff\u00bb button_two_letter_spacing__hover_enabled=\u00bboff\u00bb button_bg_color__hover_enabled=\u00bbon\u00bb button_bg_color__hover=\u00bb#ffffff\u00bb button_one_bg_color__hover_enabled=\u00bboff\u00bb button_two_bg_color__hover_enabled=\u00bboff\u00bb transform_styles__hover_enabled=\u00bbon|hover\u00bb transform_scale__hover=\u00bb106%|106%\u00bb transform_scale__hover_enabled=\u00bbon|hover\u00bb transform_translate__hover_enabled=\u00bbon|desktop\u00bb transform_rotate__hover_enabled=\u00bbon|desktop\u00bb transform_skew__hover_enabled=\u00bbon|desktop\u00bb transform_origin__hover_enabled=\u00bbon|desktop\u00bb][\/et_pb_button][\/et_pb_column][et_pb_column type=\u00bb1_2&#8243; _builder_version=\u00bb4.16&#8243; custom_padding=\u00bb|||\u00bb global_colors_info=\u00bb{}\u00bb custom_padding__hover=\u00bb|||\u00bb][et_pb_button button_url=\u00bbhttps:\/\/alicante.salesianos.edu\/colegio\/preguntas-frecuentes\/cuando-empieza-el-proceso-de-admisiones-para-nuevo-alumnado\/\u00bb button_text=\u00bbCalendario de admisiones 2019&#8243; _builder_version=\u00bb4.16&#8243; custom_button=\u00bbon\u00bb button_text_color=\u00bb#d81e1e\u00bb button_bg_color=\u00bb#ffffff\u00bb button_border_width=\u00bb0px\u00bb button_font=\u00bb||||||||\u00bb button_icon=\u00bb&#xe023;||divi||400&#8243; button_icon_placement=\u00bbleft\u00bb button_on_hover=\u00bboff\u00bb transform_scale_last_edited=\u00bboff|desktop\u00bb transform_translate_last_edited=\u00bboff|desktop\u00bb transform_rotate_last_edited=\u00bboff|desktop\u00bb transform_skew_last_edited=\u00bboff|desktop\u00bb transform_origin_last_edited=\u00bboff|desktop\u00bb transform_styles_last_edited=\u00bboff|desktop\u00bb button_text_color_hover=\u00bb#565656&#8243; button_bg_color_hover=\u00bb#ffffff\u00bb global_colors_info=\u00bb{}\u00bb button_text_size__hover_enabled=\u00bboff\u00bb button_one_text_size__hover_enabled=\u00bboff\u00bb button_two_text_size__hover_enabled=\u00bboff\u00bb button_text_color__hover_enabled=\u00bbon\u00bb button_text_color__hover=\u00bb#565656&#8243; button_one_text_color__hover_enabled=\u00bboff\u00bb button_two_text_color__hover_enabled=\u00bboff\u00bb button_border_width__hover_enabled=\u00bboff\u00bb button_one_border_width__hover_enabled=\u00bboff\u00bb button_two_border_width__hover_enabled=\u00bboff\u00bb button_border_color__hover_enabled=\u00bboff\u00bb button_one_border_color__hover_enabled=\u00bboff\u00bb button_two_border_color__hover_enabled=\u00bboff\u00bb button_border_radius__hover_enabled=\u00bboff\u00bb button_one_border_radius__hover_enabled=\u00bboff\u00bb button_two_border_radius__hover_enabled=\u00bboff\u00bb button_letter_spacing__hover_enabled=\u00bboff\u00bb button_one_letter_spacing__hover_enabled=\u00bboff\u00bb button_two_letter_spacing__hover_enabled=\u00bboff\u00bb button_bg_color__hover_enabled=\u00bbon\u00bb button_bg_color__hover=\u00bb#ffffff\u00bb button_one_bg_color__hover_enabled=\u00bboff\u00bb button_two_bg_color__hover_enabled=\u00bboff\u00bb transform_styles__hover_enabled=\u00bbon|hover\u00bb transform_scale__hover_enabled=\u00bbon|hover\u00bb transform_translate__hover_enabled=\u00bbon|desktop\u00bb transform_rotate__hover_enabled=\u00bbon|desktop\u00bb transform_skew__hover_enabled=\u00bbon|desktop\u00bb transform_origin__hover_enabled=\u00bbon|desktop\u00bb transform_scale__hover=\u00bb106%|106%\u00bb][\/et_pb_button][et_pb_button button_url=\u00bbhttps:\/\/alicante.salesianos.edu\/colegio\/preguntas-frecuentes\/criterios-de-baremacion\/\u00bb button_text=\u00bbCriterios de baremaci\u00f3n 2019&#8243; _builder_version=\u00bb4.16&#8243; custom_button=\u00bbon\u00bb button_text_color=\u00bb#d81e1e\u00bb button_bg_color=\u00bb#ffffff\u00bb button_border_width=\u00bb0px\u00bb button_font=\u00bb||||||||\u00bb button_icon=\u00bb&#x64;||divi||400&#8243; button_icon_placement=\u00bbleft\u00bb button_on_hover=\u00bboff\u00bb transform_styles_last_edited=\u00bboff|desktop\u00bb button_text_color_hover=\u00bb#565656&#8243; button_bg_color_hover=\u00bb#ffffff\u00bb global_colors_info=\u00bb{}\u00bb button_text_size__hover_enabled=\u00bboff\u00bb button_one_text_size__hover_enabled=\u00bboff\u00bb button_two_text_size__hover_enabled=\u00bboff\u00bb button_text_color__hover_enabled=\u00bbon\u00bb button_text_color__hover=\u00bb#565656&#8243; button_one_text_color__hover_enabled=\u00bboff\u00bb button_two_text_color__hover_enabled=\u00bboff\u00bb button_border_width__hover_enabled=\u00bboff\u00bb button_one_border_width__hover_enabled=\u00bboff\u00bb button_two_border_width__hover_enabled=\u00bboff\u00bb button_border_color__hover_enabled=\u00bboff\u00bb button_one_border_color__hover_enabled=\u00bboff\u00bb button_two_border_color__hover_enabled=\u00bboff\u00bb button_border_radius__hover_enabled=\u00bboff\u00bb button_one_border_radius__hover_enabled=\u00bboff\u00bb button_two_border_radius__hover_enabled=\u00bboff\u00bb button_letter_spacing__hover_enabled=\u00bboff\u00bb button_one_letter_spacing__hover_enabled=\u00bboff\u00bb button_two_letter_spacing__hover_enabled=\u00bboff\u00bb button_bg_color__hover_enabled=\u00bbon\u00bb button_bg_color__hover=\u00bb#ffffff\u00bb button_one_bg_color__hover_enabled=\u00bboff\u00bb button_two_bg_color__hover_enabled=\u00bboff\u00bb transform_styles__hover_enabled=\u00bbon|hover\u00bb transform_scale__hover=\u00bb106%|106%\u00bb transform_scale__hover_enabled=\u00bbon|hover\u00bb transform_translate__hover_enabled=\u00bbon|desktop\u00bb transform_rotate__hover_enabled=\u00bbon|desktop\u00bb transform_skew__hover_enabled=\u00bbon|desktop\u00bb transform_origin__hover_enabled=\u00bbon|desktop\u00bb][\/et_pb_button][et_pb_button button_url=\u00bbhttps:\/\/alicante.salesianos.edu\/colegio\/preguntas-frecuentes\/que-documentacion-necesito-para-la-solicitud-de-admision-y-donde-la-entrego\/\u00bb button_text=\u00bbDocumentaci\u00f3n 2019&#8243; _builder_version=\u00bb4.16&#8243; custom_button=\u00bbon\u00bb button_text_color=\u00bb#d81e1e\u00bb button_bg_color=\u00bb#ffffff\u00bb button_border_width=\u00bb0px\u00bb button_font=\u00bb||||||||\u00bb button_icon=\u00bb&#x69;||divi||400&#8243; button_icon_placement=\u00bbleft\u00bb button_on_hover=\u00bboff\u00bb transform_styles_last_edited=\u00bboff|desktop\u00bb button_text_color_hover=\u00bb#565656&#8243; button_bg_color_hover=\u00bb#ffffff\u00bb global_colors_info=\u00bb{}\u00bb button_text_size__hover_enabled=\u00bboff\u00bb button_one_text_size__hover_enabled=\u00bboff\u00bb button_two_text_size__hover_enabled=\u00bboff\u00bb button_text_color__hover_enabled=\u00bbon\u00bb button_text_color__hover=\u00bb#565656&#8243; button_one_text_color__hover_enabled=\u00bboff\u00bb button_two_text_color__hover_enabled=\u00bboff\u00bb button_border_width__hover_enabled=\u00bboff\u00bb button_one_border_width__hover_enabled=\u00bboff\u00bb button_two_border_width__hover_enabled=\u00bboff\u00bb button_border_color__hover_enabled=\u00bboff\u00bb button_one_border_color__hover_enabled=\u00bboff\u00bb button_two_border_color__hover_enabled=\u00bboff\u00bb button_border_radius__hover_enabled=\u00bboff\u00bb button_one_border_radius__hover_enabled=\u00bboff\u00bb button_two_border_radius__hover_enabled=\u00bboff\u00bb button_letter_spacing__hover_enabled=\u00bboff\u00bb button_one_letter_spacing__hover_enabled=\u00bboff\u00bb button_two_letter_spacing__hover_enabled=\u00bboff\u00bb button_bg_color__hover_enabled=\u00bbon\u00bb button_bg_color__hover=\u00bb#ffffff\u00bb button_one_bg_color__hover_enabled=\u00bboff\u00bb button_two_bg_color__hover_enabled=\u00bboff\u00bb transform_styles__hover_enabled=\u00bbon|hover\u00bb transform_scale__hover=\u00bb106%|106%\u00bb transform_scale__hover_enabled=\u00bbon|hover\u00bb transform_translate__hover_enabled=\u00bbon|desktop\u00bb transform_rotate__hover_enabled=\u00bbon|desktop\u00bb transform_skew__hover_enabled=\u00bbon|desktop\u00bb transform_origin__hover_enabled=\u00bbon|desktop\u00bb][\/et_pb_button][et_pb_button button_url=\u00bbhttps:\/\/alicante.salesianos.edu\/colegio\/preguntas-frecuentes\/zonas-de-escolarizacion\/\u00bb button_text=\u00bb\u00c1reas de influencia 2019&#8243; _builder_version=\u00bb4.16&#8243; custom_button=\u00bbon\u00bb button_text_color=\u00bb#d81e1e\u00bb button_bg_color=\u00bb#ffffff\u00bb button_border_width=\u00bb0px\u00bb button_font=\u00bb||||||||\u00bb button_icon=\u00bb&#xe01d;||divi||400&#8243; button_icon_placement=\u00bbleft\u00bb button_on_hover=\u00bboff\u00bb transform_styles_last_edited=\u00bboff|desktop\u00bb button_text_color_hover=\u00bb#565656&#8243; button_bg_color_hover=\u00bb#ffffff\u00bb global_colors_info=\u00bb{}\u00bb button_text_size__hover_enabled=\u00bboff\u00bb button_one_text_size__hover_enabled=\u00bboff\u00bb button_two_text_size__hover_enabled=\u00bboff\u00bb button_text_color__hover_enabled=\u00bbon\u00bb button_text_color__hover=\u00bb#565656&#8243; button_one_text_color__hover_enabled=\u00bboff\u00bb button_two_text_color__hover_enabled=\u00bboff\u00bb button_border_width__hover_enabled=\u00bboff\u00bb button_one_border_width__hover_enabled=\u00bboff\u00bb button_two_border_width__hover_enabled=\u00bboff\u00bb button_border_color__hover_enabled=\u00bboff\u00bb button_one_border_color__hover_enabled=\u00bboff\u00bb button_two_border_color__hover_enabled=\u00bboff\u00bb button_border_radius__hover_enabled=\u00bboff\u00bb button_one_border_radius__hover_enabled=\u00bboff\u00bb button_two_border_radius__hover_enabled=\u00bboff\u00bb button_letter_spacing__hover_enabled=\u00bboff\u00bb button_one_letter_spacing__hover_enabled=\u00bboff\u00bb button_two_letter_spacing__hover_enabled=\u00bboff\u00bb button_bg_color__hover_enabled=\u00bbon\u00bb button_bg_color__hover=\u00bb#ffffff\u00bb button_one_bg_color__hover_enabled=\u00bboff\u00bb button_two_bg_color__hover_enabled=\u00bboff\u00bb transform_styles__hover_enabled=\u00bbon|hover\u00bb transform_scale__hover=\u00bb106%|106%\u00bb transform_scale__hover_enabled=\u00bbon|hover\u00bb transform_translate__hover_enabled=\u00bbon|desktop\u00bb transform_rotate__hover_enabled=\u00bbon|desktop\u00bb transform_skew__hover_enabled=\u00bbon|desktop\u00bb transform_origin__hover_enabled=\u00bbon|desktop\u00bb][\/et_pb_button][et_pb_button button_url=\u00bbhttps:\/\/appweb1.edu.gva.es\/CiudadanosWeb\/public\/vacantesinicio.do?metodo=generarInicio\u00bb button_text=\u00bbVacantes 2019&#8243; _builder_version=\u00bb4.16&#8243; custom_button=\u00bbon\u00bb button_text_color=\u00bb#d81e1e\u00bb button_bg_color=\u00bb#ffffff\u00bb button_border_width=\u00bb0px\u00bb button_font=\u00bb||||||||\u00bb button_icon=\u00bb&#xe08b;||divi||400&#8243; button_icon_placement=\u00bbleft\u00bb button_on_hover=\u00bboff\u00bb transform_styles_last_edited=\u00bboff|desktop\u00bb button_text_color_hover=\u00bb#565656&#8243; button_bg_color_hover=\u00bb#ffffff\u00bb global_colors_info=\u00bb{}\u00bb button_text_size__hover_enabled=\u00bboff\u00bb button_one_text_size__hover_enabled=\u00bboff\u00bb button_two_text_size__hover_enabled=\u00bboff\u00bb button_text_color__hover_enabled=\u00bbon\u00bb button_text_color__hover=\u00bb#565656&#8243; button_one_text_color__hover_enabled=\u00bboff\u00bb button_two_text_color__hover_enabled=\u00bboff\u00bb button_border_width__hover_enabled=\u00bboff\u00bb button_one_border_width__hover_enabled=\u00bboff\u00bb button_two_border_width__hover_enabled=\u00bboff\u00bb button_border_color__hover_enabled=\u00bboff\u00bb button_one_border_color__hover_enabled=\u00bboff\u00bb button_two_border_color__hover_enabled=\u00bboff\u00bb button_border_radius__hover_enabled=\u00bboff\u00bb button_one_border_radius__hover_enabled=\u00bboff\u00bb button_two_border_radius__hover_enabled=\u00bboff\u00bb button_letter_spacing__hover_enabled=\u00bboff\u00bb button_one_letter_spacing__hover_enabled=\u00bboff\u00bb button_two_letter_spacing__hover_enabled=\u00bboff\u00bb button_bg_color__hover_enabled=\u00bbon\u00bb button_bg_color__hover=\u00bb#ffffff\u00bb button_one_bg_color__hover_enabled=\u00bboff\u00bb button_two_bg_color__hover_enabled=\u00bboff\u00bb transform_styles__hover_enabled=\u00bbon|hover\u00bb transform_scale__hover=\u00bb106%|106%\u00bb transform_scale__hover_enabled=\u00bbon|hover\u00bb transform_translate__hover_enabled=\u00bbon|desktop\u00bb transform_rotate__hover_enabled=\u00bbon|desktop\u00bb transform_skew__hover_enabled=\u00bbon|desktop\u00bb transform_origin__hover_enabled=\u00bbon|desktop\u00bb][\/et_pb_button][et_pb_button button_url=\u00bbhttps:\/\/alicante.salesianos.edu\/colegio\/administracion\/\u00bb button_text=\u00bbHorario especial de admisiones\u00bb _builder_version=\u00bb4.16&#8243; custom_button=\u00bbon\u00bb button_text_color=\u00bb#d81e1e\u00bb button_bg_color=\u00bb#ffffff\u00bb button_border_width=\u00bb0px\u00bb button_font=\u00bb||||||||\u00bb button_icon=\u00bb&#x7d;||divi||400&#8243; button_icon_placement=\u00bbleft\u00bb button_on_hover=\u00bboff\u00bb transform_styles_last_edited=\u00bboff|desktop\u00bb button_text_color_hover=\u00bb#565656&#8243; button_bg_color_hover=\u00bb#ffffff\u00bb global_colors_info=\u00bb{}\u00bb button_text_size__hover_enabled=\u00bboff\u00bb button_one_text_size__hover_enabled=\u00bboff\u00bb button_two_text_size__hover_enabled=\u00bboff\u00bb button_text_color__hover_enabled=\u00bbon\u00bb button_text_color__hover=\u00bb#565656&#8243; button_one_text_color__hover_enabled=\u00bboff\u00bb button_two_text_color__hover_enabled=\u00bboff\u00bb button_border_width__hover_enabled=\u00bboff\u00bb button_one_border_width__hover_enabled=\u00bboff\u00bb button_two_border_width__hover_enabled=\u00bboff\u00bb button_border_color__hover_enabled=\u00bboff\u00bb button_one_border_color__hover_enabled=\u00bboff\u00bb button_two_border_color__hover_enabled=\u00bboff\u00bb button_border_radius__hover_enabled=\u00bboff\u00bb button_one_border_radius__hover_enabled=\u00bboff\u00bb button_two_border_radius__hover_enabled=\u00bboff\u00bb button_letter_spacing__hover_enabled=\u00bboff\u00bb button_one_letter_spacing__hover_enabled=\u00bboff\u00bb button_two_letter_spacing__hover_enabled=\u00bboff\u00bb button_bg_color__hover_enabled=\u00bbon\u00bb button_bg_color__hover=\u00bb#ffffff\u00bb button_one_bg_color__hover_enabled=\u00bboff\u00bb button_two_bg_color__hover_enabled=\u00bboff\u00bb transform_styles__hover_enabled=\u00bbon|hover\u00bb transform_scale__hover=\u00bb106%|106%\u00bb transform_scale__hover_enabled=\u00bbon|hover\u00bb transform_translate__hover_enabled=\u00bbon|desktop\u00bb transform_rotate__hover_enabled=\u00bbon|desktop\u00bb transform_skew__hover_enabled=\u00bbon|desktop\u00bb transform_origin__hover_enabled=\u00bbon|desktop\u00bb][\/et_pb_button][\/et_pb_column][\/et_pb_row][\/et_pb_section][et_pb_section fb_built=\u00bb1&#8243; next_background_color=\u00bb#ffffff\u00bb disabled_on=\u00bbon|on|on\u00bb _builder_version=\u00bb4.16&#8243; background_color=\u00bb#dc001b\u00bb background_image=\u00bbhttps:\/\/granada.salesianos.edu\/colegio\/wp-content\/uploads\/sites\/2\/2020\/02\/fondo_novedades_web.png\u00bb custom_padding=\u00bb50px|0px|120px|0px|false|false\u00bb bottom_divider_style=\u00bbslant2&#8243; disabled=\u00bbon\u00bb global_colors_info=\u00bb{}\u00bb][et_pb_row column_structure=\u00bb1_2,1_2&#8243; _builder_version=\u00bb4.16&#8243; custom_padding=\u00bb0px|0px|0px|0px\u00bb global_colors_info=\u00bb{}\u00bb][et_pb_column type=\u00bb1_2&#8243; _builder_version=\u00bb4.16&#8243; custom_padding=\u00bb|||\u00bb global_colors_info=\u00bb{}\u00bb custom_padding__hover=\u00bb|||\u00bb][et_pb_image src=\u00bbhttps:\/\/granada.salesianos.edu\/colegio\/wp-content\/uploads\/sites\/2\/2020\/02\/admisiones_titulojopa.png\u00bb align_tablet=\u00bbcenter\u00bb align_phone=\u00bb\u00bb align_last_edited=\u00bbon|desktop\u00bb _builder_version=\u00bb4.16&#8243; global_colors_info=\u00bb{}\u00bb][\/et_pb_image][et_pb_text _builder_version=\u00bb4.16&#8243; text_font=\u00bb||||||||\u00bb text_font_size=\u00bb17px\u00bb text_line_height=\u00bb1.3em\u00bb background_layout=\u00bbdark\u00bb custom_margin=\u00bb||0px|\u00bb custom_padding=\u00bb|||\u00bb global_colors_info=\u00bb{}\u00bb]<\/p>\n<p>A <strong>principios del 2020<\/strong> publicaremos toda la informacion con respecto a nuestras Jornadas de Puertas Abiertas, las cuales suelen celebrarse <strong>alrededor del mes de MARZO<\/strong>.<\/p>\n<p>[\/et_pb_text][\/et_pb_column][et_pb_column type=\u00bb1_2&#8243; _builder_version=\u00bb4.16&#8243; custom_padding=\u00bb|||50px\u00bb custom_padding_tablet=\u00bb|||0px\u00bb custom_padding_phone=\u00bb|||0px\u00bb custom_padding_last_edited=\u00bbon|desktop\u00bb global_colors_info=\u00bb{}\u00bb custom_padding__hover=\u00bb|||\u00bb][et_pb_button button_url=\u00bbhttps:\/\/alicante.salesianos.edu\/colegio\/admisiones\/#preguntasfrecuentes\u00bb button_text=\u00bbPreguntas frecuentes\u00bb _builder_version=\u00bb4.16&#8243; custom_button=\u00bbon\u00bb button_text_color=\u00bb#d81e1e\u00bb button_bg_color=\u00bb#ffffff\u00bb button_border_width=\u00bb0px\u00bb button_font=\u00bb||||||||\u00bb button_icon=\u00bb&#x75;||divi||400&#8243; button_icon_placement=\u00bbleft\u00bb button_on_hover=\u00bboff\u00bb transform_styles_last_edited=\u00bboff|desktop\u00bb button_text_color_hover=\u00bb#565656&#8243; button_bg_color_hover=\u00bb#ffffff\u00bb global_colors_info=\u00bb{}\u00bb button_text_size__hover_enabled=\u00bboff\u00bb button_one_text_size__hover_enabled=\u00bboff\u00bb button_two_text_size__hover_enabled=\u00bboff\u00bb button_text_color__hover_enabled=\u00bbon\u00bb button_text_color__hover=\u00bb#565656&#8243; button_one_text_color__hover_enabled=\u00bboff\u00bb button_two_text_color__hover_enabled=\u00bboff\u00bb button_border_width__hover_enabled=\u00bboff\u00bb button_one_border_width__hover_enabled=\u00bboff\u00bb button_two_border_width__hover_enabled=\u00bboff\u00bb button_border_color__hover_enabled=\u00bboff\u00bb button_one_border_color__hover_enabled=\u00bboff\u00bb button_two_border_color__hover_enabled=\u00bboff\u00bb button_border_radius__hover_enabled=\u00bboff\u00bb button_one_border_radius__hover_enabled=\u00bboff\u00bb button_two_border_radius__hover_enabled=\u00bboff\u00bb button_letter_spacing__hover_enabled=\u00bboff\u00bb button_one_letter_spacing__hover_enabled=\u00bboff\u00bb button_two_letter_spacing__hover_enabled=\u00bboff\u00bb button_bg_color__hover_enabled=\u00bbon\u00bb button_bg_color__hover=\u00bb#ffffff\u00bb button_one_bg_color__hover_enabled=\u00bboff\u00bb button_two_bg_color__hover_enabled=\u00bboff\u00bb transform_styles__hover_enabled=\u00bbon|hover\u00bb transform_scale__hover=\u00bb106%|106%\u00bb transform_scale__hover_enabled=\u00bbon|hover\u00bb transform_translate__hover_enabled=\u00bbon|desktop\u00bb transform_rotate__hover_enabled=\u00bbon|desktop\u00bb transform_skew__hover_enabled=\u00bbon|desktop\u00bb transform_origin__hover_enabled=\u00bbon|desktop\u00bb][\/et_pb_button][et_pb_button button_url=\u00bbhttp:\/\/eepurl.com\/gb6VGb\u00bb button_text=\u00bbSuscr\u00edbete a nuestro bolet\u00edn\u00bb _builder_version=\u00bb4.16&#8243; custom_button=\u00bbon\u00bb button_text_color=\u00bb#d81e1e\u00bb button_bg_color=\u00bb#ffffff\u00bb button_border_width=\u00bb0px\u00bb button_icon=\u00bb&#xe076;||divi||400&#8243; button_icon_placement=\u00bbleft\u00bb button_on_hover=\u00bboff\u00bb transform_styles_last_edited=\u00bboff|desktop\u00bb button_text_color_hover=\u00bb#565656&#8243; button_bg_color_hover=\u00bb#ffffff\u00bb global_colors_info=\u00bb{}\u00bb button_text_size__hover_enabled=\u00bboff\u00bb button_one_text_size__hover_enabled=\u00bboff\u00bb button_two_text_size__hover_enabled=\u00bboff\u00bb button_text_color__hover_enabled=\u00bbon\u00bb button_text_color__hover=\u00bb#565656&#8243; button_one_text_color__hover_enabled=\u00bboff\u00bb button_two_text_color__hover_enabled=\u00bboff\u00bb button_border_width__hover_enabled=\u00bboff\u00bb button_one_border_width__hover_enabled=\u00bboff\u00bb button_two_border_width__hover_enabled=\u00bboff\u00bb button_border_color__hover_enabled=\u00bboff\u00bb button_one_border_color__hover_enabled=\u00bboff\u00bb button_two_border_color__hover_enabled=\u00bboff\u00bb button_border_radius__hover_enabled=\u00bboff\u00bb button_one_border_radius__hover_enabled=\u00bboff\u00bb button_two_border_radius__hover_enabled=\u00bboff\u00bb button_letter_spacing__hover_enabled=\u00bboff\u00bb button_one_letter_spacing__hover_enabled=\u00bboff\u00bb button_two_letter_spacing__hover_enabled=\u00bboff\u00bb button_bg_color__hover_enabled=\u00bbon\u00bb button_bg_color__hover=\u00bb#ffffff\u00bb button_one_bg_color__hover_enabled=\u00bboff\u00bb button_two_bg_color__hover_enabled=\u00bboff\u00bb transform_styles__hover_enabled=\u00bbon|hover\u00bb transform_scale__hover=\u00bb106%|106%\u00bb transform_scale__hover_enabled=\u00bbon|hover\u00bb transform_translate__hover_enabled=\u00bbon|desktop\u00bb transform_rotate__hover_enabled=\u00bbon|desktop\u00bb transform_skew__hover_enabled=\u00bbon|desktop\u00bb transform_origin__hover_enabled=\u00bbon|desktop\u00bb][\/et_pb_button][et_pb_text _builder_version=\u00bb4.16&#8243; text_text_color=\u00bb#ffffff\u00bb global_colors_info=\u00bb{}\u00bb]<\/p>\n<p><em>Te enviaremos informaci\u00f3n sobre nuestras Jornadas de Puertas Abiertas y sobre el pr\u00f3ximo proceso de admisi\u00f3n llegado el momento.<\/em><\/p>\n<p>[\/et_pb_text][\/et_pb_column][\/et_pb_row][\/et_pb_section][et_pb_section fb_built=\u00bb1&#8243; _builder_version=\u00bb4.16&#8243; custom_padding=\u00bb0|0px|25px|0px|false|false\u00bb top_divider_color=\u00bb#dc001b\u00bb locked=\u00bboff\u00bb global_colors_info=\u00bb{}\u00bb][et_pb_row _builder_version=\u00bb4.16&#8243; custom_padding=\u00bb50px|0px|40px|0px|false|false\u00bb global_colors_info=\u00bb{}\u00bb][et_pb_column type=\u00bb4_4&#8243; _builder_version=\u00bb4.16&#8243; custom_padding=\u00bb|||\u00bb global_colors_info=\u00bb{}\u00bb custom_padding__hover=\u00bb|||\u00bb][et_pb_text _builder_version=\u00bb4.16&#8243; text_font=\u00bb|300|||||||\u00bb text_text_color=\u00bb#e02b20&#8243; text_font_size=\u00bb29px\u00bb header_font=\u00bb||||||||\u00bb header_2_font=\u00bbLato|300|||||||\u00bb header_2_font_size=\u00bb32px\u00bb custom_margin=\u00bb|||\u00bb custom_padding=\u00bb||15px|\u00bb global_colors_info=\u00bb{}\u00bb]<\/p>\n<h2>Somos escuela<\/h2>\n<p>[\/et_pb_text][et_pb_blurb title=\u00bbCat\u00f3lica\u00bb use_icon=\u00bbon\u00bb font_icon=\u00bb&#x4e;||divi||400&#8243; icon_color=\u00bb#e02b20&#8243; icon_placement=\u00bbleft\u00bb content_max_width=\u00bb881px\u00bb _builder_version=\u00bb4.16&#8243; header_level=\u00bbh3&#8243; header_font=\u00bb|300|||||||\u00bb header_font_size=\u00bb21px\u00bb body_font=\u00bb||||||||\u00bb body_font_size=\u00bb15px\u00bb body_line_height=\u00bb1.3em\u00bb custom_padding=\u00bb||10px|\u00bb global_colors_info=\u00bb{}\u00bb]Que tiene como misi\u00f3n ofrecer una educaci\u00f3n integral de calidad, basada en los valores del Evangelio y que busca la formaci\u00f3n de todas las dimensiones de la persona.[\/et_pb_blurb][et_pb_blurb title=\u00bbTodos los niveles educativos\u00bb use_icon=\u00bbon\u00bb font_icon=\u00bb&#x4e;||divi||400&#8243; icon_color=\u00bb#e02b20&#8243; icon_placement=\u00bbleft\u00bb content_max_width=\u00bb881px\u00bb _builder_version=\u00bb4.16&#8243; header_level=\u00bbh3&#8243; header_font=\u00bb|300|||||||\u00bb header_font_size=\u00bb21px\u00bb body_font=\u00bb||||||||\u00bb body_font_size=\u00bb15px\u00bb body_line_height=\u00bb1.3em\u00bb custom_padding=\u00bb||10px|\u00bb global_colors_info=\u00bb{}\u00bb]<\/p>\n<p>Todas las etapas educativas desde <a href=\"https:\/\/granada.salesianos.edu\/colegio\/infantil\/\">Infantil<\/a>,\u00a0<a href=\"https:\/\/granada.salesianos.edu\/colegio\/primaria\/\">Primaria<\/a>, <a href=\"https:\/\/granada.salesianos.edu\/colegio\/eso\/\">ESO<\/a>,\u00a0<a href=\"https:\/\/granada.salesianos.edu\/colegio\/bachillerato\/\">Bachillerato<\/a>\u00a0y <a href=\"https:\/\/granada.salesianos.edu\/colegio\/ciclos-formativos\/\">Formaci\u00f3n Profesional<\/a>. Nuestros alumnos empiezan con 3 a\u00f1os y terminan preparados para acceder a la universidad o al mundo laboral.<\/p>\n<p>[\/et_pb_blurb][et_pb_blurb title=\u00bbConcertada\u00bb use_icon=\u00bbon\u00bb font_icon=\u00bb&#x4e;||divi||400&#8243; icon_color=\u00bb#e02b20&#8243; icon_placement=\u00bbleft\u00bb content_max_width=\u00bb881px\u00bb _builder_version=\u00bb4.16&#8243; header_level=\u00bbh3&#8243; header_font=\u00bb|300|||||||\u00bb header_font_size=\u00bb21px\u00bb body_font=\u00bb||||||||\u00bb body_font_size=\u00bb15px\u00bb body_line_height=\u00bb1.3em\u00bb custom_padding=\u00bb||10px|\u00bb global_colors_info=\u00bb{}\u00bb]<\/p>\n<p>Nuestras etapas, de <a href=\"https:\/\/granada.salesianos.edu\/colegio\/primaria\/\">Primaria<\/a>, <a href=\"https:\/\/granada.salesianos.edu\/colegio\/eso\/\">ESO<\/a>,\u00a0<a href=\"https:\/\/granada.salesianos.edu\/colegio\/bachillerato\/\">Bachillerato<\/a>\u00a0y <a href=\"https:\/\/granada.salesianos.edu\/colegio\/ciclos-formativos\/\">Formaci\u00f3n Profesional<\/a> est\u00e1n concertadas, acogi\u00e9ndonos a la financiaci\u00f3n p\u00fablica de acuerdo con las leyes para garantizar la gratuidad de la educaci\u00f3n.<\/p>\n<p>[\/et_pb_blurb][et_pb_blurb title=\u00bbSalesiana\u00bb use_icon=\u00bbon\u00bb font_icon=\u00bb&#x4e;||divi||400&#8243; icon_color=\u00bb#e02b20&#8243; icon_placement=\u00bbleft\u00bb content_max_width=\u00bb881px\u00bb _builder_version=\u00bb4.16&#8243; header_level=\u00bbh3&#8243; header_font=\u00bb|300|||||||\u00bb header_font_size=\u00bb21px\u00bb body_font=\u00bb||||||||\u00bb body_font_size=\u00bb15px\u00bb body_line_height=\u00bb1.3em\u00bb custom_padding=\u00bb||10px|\u00bb global_colors_info=\u00bb{}\u00bb]<\/p>\n<div class=\"page\" title=\"Page 2\">\n<div class=\"layoutArea\">\n<div class=\"column\">\n<p>Los Salesianos somos una congregaci\u00f3n religiosa fundada\u00a0por San Juan Bosco.\u00a0Nuestra misi\u00f3n, dentro de la Iglesia, es la educaci\u00f3n y la evangelizaci\u00f3n de los j\u00f3venes siguiendo el estilo que nos caracteriza.<\/p>\n<\/div>\n<\/div>\n<\/div>\n<p>[\/et_pb_blurb][et_pb_blurb title=\u00bbPopular, inclusiva, libre y abierta\u00bb use_icon=\u00bbon\u00bb font_icon=\u00bb&#x4e;||divi||400&#8243; icon_color=\u00bb#e02b20&#8243; icon_placement=\u00bbleft\u00bb content_max_width=\u00bb881px\u00bb _builder_version=\u00bb4.16&#8243; header_level=\u00bbh3&#8243; header_font=\u00bb|300|||||||\u00bb header_font_size=\u00bb21px\u00bb body_font=\u00bb||||||||\u00bb body_font_size=\u00bb15px\u00bb body_line_height=\u00bb1.3em\u00bb custom_padding=\u00bb||10px|\u00bb global_colors_info=\u00bb{}\u00bb]<\/p>\n<p>Abierta a todas las clases sociales y necesidades educativas, que da preferencia a los m\u00e1s necesitados y antepone el criterio de promoci\u00f3n de todos al de la selecci\u00f3n de los mejores.<\/p>\n<p>En definitiva, es una <a href=\"https:\/\/granada.salesianos.edu\/colegio\/propuesta-educativa\/\">Propuesta educativa<\/a> claramente definida pero respetuosa con otras opciones educativas.<\/p>\n<p>[\/et_pb_blurb][et_pb_button button_url=\u00bbhttps:\/\/granada.salesianos.edu\/colegio\/propuesta-educativa\/\u00bb button_text=\u00bbMisi\u00f3n, visi\u00f3n y valores\u00bb button_alignment=\u00bbcenter\u00bb _builder_version=\u00bb4.16&#8243; custom_button=\u00bbon\u00bb button_text_color=\u00bb#ffffff\u00bb button_bg_color=\u00bb#dc001b\u00bb button_border_width=\u00bb0px\u00bb button_font=\u00bb||||||||\u00bb global_colors_info=\u00bb{}\u00bb][\/et_pb_button][\/et_pb_column][\/et_pb_row][\/et_pb_section][et_pb_section fb_built=\u00bb1&#8243; _builder_version=\u00bb4.16&#8243; custom_padding=\u00bb0px|0px|0px|0px\u00bb box_shadow_style=\u00bbpreset1&#8243; box_shadow_blur=\u00bb23px\u00bb box_shadow_spread=\u00bb7px\u00bb global_colors_info=\u00bb{}\u00bb][et_pb_row _builder_version=\u00bb4.16&#8243; width=\u00bb100%\u00bb max_width=\u00bb100%\u00bb module_alignment=\u00bbcenter\u00bb custom_padding=\u00bb0px|0px|0px|0px\u00bb use_custom_width=\u00bbon\u00bb width_unit=\u00bboff\u00bb custom_width_percent=\u00bb100%\u00bb locked=\u00bboff\u00bb global_colors_info=\u00bb{}\u00bb][et_pb_column type=\u00bb4_4&#8243; _builder_version=\u00bb4.16&#8243; custom_padding=\u00bb|||\u00bb global_colors_info=\u00bb{}\u00bb custom_padding__hover=\u00bb|||\u00bb][et_pb_slider show_arrows=\u00bboff\u00bb show_pagination=\u00bboff\u00bb _builder_version=\u00bb4.16&#8243; header_font=\u00bb||||||||\u00bb custom_margin=\u00bb|||\u00bb custom_padding=\u00bb125px||125px|\u00bb custom_padding_tablet=\u00bb75px||75px|\u00bb custom_padding_phone=\u00bb70px||70px|\u00bb custom_padding_last_edited=\u00bbon|phone\u00bb filter_saturate=\u00bb106%\u00bb filter_brightness=\u00bb109%\u00bb auto=\u00bbon\u00bb auto_ignore_hover=\u00bbon\u00bb global_colors_info=\u00bb{}\u00bb button_text_size__hover_enabled=\u00bboff\u00bb button_one_text_size__hover_enabled=\u00bboff\u00bb button_two_text_size__hover_enabled=\u00bboff\u00bb button_text_color__hover_enabled=\u00bboff\u00bb button_one_text_color__hover_enabled=\u00bboff\u00bb button_two_text_color__hover_enabled=\u00bboff\u00bb button_border_width__hover_enabled=\u00bboff\u00bb button_one_border_width__hover_enabled=\u00bboff\u00bb button_two_border_width__hover_enabled=\u00bboff\u00bb button_border_color__hover_enabled=\u00bboff\u00bb button_one_border_color__hover_enabled=\u00bboff\u00bb button_two_border_color__hover_enabled=\u00bboff\u00bb button_border_radius__hover_enabled=\u00bboff\u00bb button_one_border_radius__hover_enabled=\u00bboff\u00bb button_two_border_radius__hover_enabled=\u00bboff\u00bb button_letter_spacing__hover_enabled=\u00bboff\u00bb button_one_letter_spacing__hover_enabled=\u00bboff\u00bb button_two_letter_spacing__hover_enabled=\u00bboff\u00bb button_bg_color__hover_enabled=\u00bboff\u00bb button_one_bg_color__hover_enabled=\u00bboff\u00bb button_two_bg_color__hover_enabled=\u00bboff\u00bb][et_pb_slide _builder_version=\u00bb4.16&#8243; background_color=\u00bb#ffffff\u00bb background_image=\u00bbhttps:\/\/granada.salesianos.edu\/colegio\/wp-content\/uploads\/sites\/2\/2020\/02\/encabezado_don_bosco_valdocco_2.jpg\u00bb global_colors_info=\u00bb{}\u00bb button_text_size__hover_enabled=\u00bboff\u00bb button_one_text_size__hover_enabled=\u00bboff\u00bb button_two_text_size__hover_enabled=\u00bboff\u00bb button_text_color__hover_enabled=\u00bboff\u00bb button_one_text_color__hover_enabled=\u00bboff\u00bb button_two_text_color__hover_enabled=\u00bboff\u00bb button_border_width__hover_enabled=\u00bboff\u00bb button_one_border_width__hover_enabled=\u00bboff\u00bb button_two_border_width__hover_enabled=\u00bboff\u00bb button_border_color__hover_enabled=\u00bboff\u00bb button_one_border_color__hover_enabled=\u00bboff\u00bb button_two_border_color__hover_enabled=\u00bboff\u00bb button_border_radius__hover_enabled=\u00bboff\u00bb button_one_border_radius__hover_enabled=\u00bboff\u00bb button_two_border_radius__hover_enabled=\u00bboff\u00bb button_letter_spacing__hover_enabled=\u00bboff\u00bb button_one_letter_spacing__hover_enabled=\u00bboff\u00bb button_two_letter_spacing__hover_enabled=\u00bboff\u00bb button_bg_color__hover_enabled=\u00bboff\u00bb button_one_bg_color__hover_enabled=\u00bboff\u00bb button_two_bg_color__hover_enabled=\u00bboff\u00bb sticky_transition=\u00bbon\u00bb][\/et_pb_slide][et_pb_slide _builder_version=\u00bb4.16&#8243; background_color=\u00bb#ffffff\u00bb background_image=\u00bbhttps:\/\/granada.salesianos.edu\/colegio\/wp-content\/uploads\/sites\/2\/2020\/02\/encabezado_cuadros_historia_salesianos.jpg\u00bb global_colors_info=\u00bb{}\u00bb button_text_size__hover_enabled=\u00bboff\u00bb button_one_text_size__hover_enabled=\u00bboff\u00bb button_two_text_size__hover_enabled=\u00bboff\u00bb button_text_color__hover_enabled=\u00bboff\u00bb button_one_text_color__hover_enabled=\u00bboff\u00bb button_two_text_color__hover_enabled=\u00bboff\u00bb button_border_width__hover_enabled=\u00bboff\u00bb button_one_border_width__hover_enabled=\u00bboff\u00bb button_two_border_width__hover_enabled=\u00bboff\u00bb button_border_color__hover_enabled=\u00bboff\u00bb button_one_border_color__hover_enabled=\u00bboff\u00bb button_two_border_color__hover_enabled=\u00bboff\u00bb button_border_radius__hover_enabled=\u00bboff\u00bb button_one_border_radius__hover_enabled=\u00bboff\u00bb button_two_border_radius__hover_enabled=\u00bboff\u00bb button_letter_spacing__hover_enabled=\u00bboff\u00bb button_one_letter_spacing__hover_enabled=\u00bboff\u00bb button_two_letter_spacing__hover_enabled=\u00bboff\u00bb button_bg_color__hover_enabled=\u00bboff\u00bb button_one_bg_color__hover_enabled=\u00bboff\u00bb button_two_bg_color__hover_enabled=\u00bboff\u00bb sticky_transition=\u00bbon\u00bb][\/et_pb_slide][\/et_pb_slider][\/et_pb_column][\/et_pb_row][\/et_pb_section][et_pb_section fb_built=\u00bb1&#8243; _builder_version=\u00bb4.16&#8243; custom_padding=\u00bb40px|0px|30px|0px\u00bb global_colors_info=\u00bb{}\u00bb][et_pb_row _builder_version=\u00bb4.16&#8243; global_colors_info=\u00bb{}\u00bb][et_pb_column type=\u00bb4_4&#8243; _builder_version=\u00bb4.16&#8243; custom_padding=\u00bb|||\u00bb global_colors_info=\u00bb{}\u00bb custom_padding__hover=\u00bb|||\u00bb][et_pb_text _builder_version=\u00bb4.16&#8243; text_font=\u00bb|300|||||||\u00bb text_text_color=\u00bb#e02b20&#8243; text_font_size=\u00bb29px\u00bb header_font=\u00bb||||||||\u00bb header_2_font=\u00bbLato|300|||||||\u00bb header_2_font_size=\u00bb32px\u00bb custom_margin=\u00bb|||\u00bb custom_padding=\u00bb||15px|\u00bb global_colors_info=\u00bb{}\u00bb]<\/p>\n<h2>Con estilo propio<\/h2>\n<p>[\/et_pb_text][et_pb_text _builder_version=\u00bb4.16&#8243; text_font=\u00bb|300|on||||||\u00bb text_font_size=\u00bb18px\u00bb quote_font=\u00bb|300|on||||||\u00bb global_colors_info=\u00bb{}\u00bb]<\/p>\n<blockquote>\n<p>El estilo salesiano se basa en la <strong>pedagog\u00eda de Don Bosco<\/strong> y su <a href=\"sistema-preventivo\/\"><strong>Sistema Preventivo<\/strong><\/a>\u00a0para crear un\u00a0ambiente educativo que acoge al alumno tal y \u00a0como es y le ayuda a crecer mediante <strong>m\u00faltiples propuestas educativas<\/strong>, no s\u00f3lo en las horas lectivas, sino con otras actividades formativas al margen del horario escolar.<\/p>\n<p>&nbsp;<\/p>\n<p>Se presenta como <strong>familia educadora<\/strong>, de forma que los j\u00f3venes encuentren aqu\u00ed \u00absu propia casa\u00bb, sienti\u00e9ndose amados y valorados con\u00a0un <strong>cari\u00f1o<\/strong> que el alumno percibe y nota por parte del docente, que se preocupa por su maduraci\u00f3n y futuro.<\/p>\n<p>&nbsp;<\/p>\n<p>Es una escuela que destaca por su ambiente de acogida y <strong>cercan\u00eda<\/strong> en el que los alumnos son los protagonistas, en especial <strong>aquellos m\u00e1s necesitados<\/strong>.\u00a0Una escuela que \u00abeduca evangelizando y evangeliza educando\u00bb para conseguir formar\u00a0\u00abhonrados ciudadanos y buenos cristianos\u00bb.<\/p>\n<\/blockquote>\n<p>[\/et_pb_text][\/et_pb_column][\/et_pb_row][et_pb_row column_structure=\u00bb1_2,1_2&#8243; custom_padding_last_edited=\u00bbon|desktop\u00bb _builder_version=\u00bb4.16&#8243; custom_padding=\u00bb|||\u00bb custom_padding_tablet=\u00bb\u00bb custom_padding_phone=\u00bb0px||0px|\u00bb global_colors_info=\u00bb{}\u00bb][et_pb_column type=\u00bb1_2&#8243; _builder_version=\u00bb4.16&#8243; custom_padding=\u00bb|10px||\u00bb custom_padding_tablet=\u00bb|0px||\u00bb custom_padding_phone=\u00bb|0px|20px|\u00bb custom_padding_last_edited=\u00bbon|phone\u00bb global_colors_info=\u00bb{}\u00bb custom_padding__hover=\u00bb|||\u00bb][et_pb_blurb title=\u00bbSomos una gran familia\u00bb use_icon=\u00bbon\u00bb font_icon=\u00bb&#xe009;||divi||400&#8243; content_max_width=\u00bb825px\u00bb _builder_version=\u00bb4.16&#8243; header_level=\u00bbh3&#8243; header_font=\u00bb|300|||||||\u00bb header_text_color=\u00bb#dc001b\u00bb header_font_size=\u00bb21px\u00bb body_font=\u00bb||||||||\u00bb body_font_size=\u00bb15px\u00bb body_line_height=\u00bb1.4em\u00bb text_orientation=\u00bbcenter\u00bb custom_margin=\u00bb|||\u00bb custom_padding=\u00bb20px|40px|20px|40px\u00bb custom_padding_tablet=\u00bb\u00bb custom_padding_phone=\u00bb|25px||25px\u00bb custom_padding_last_edited=\u00bbon|phone\u00bb box_shadow_style=\u00bbpreset3&#8243; global_colors_info=\u00bb{}\u00bb]<\/p>\n<p style=\"text-align: justify;\">Si algo distingue a una escuela salesiana es la acogida incondicional y el ambiente de familia. Te aseguramos que aqu\u00ed <strong>te sentir\u00e1s como en casa<\/strong>.<\/p>\n<p style=\"text-align: justify;\">Para ello, tendr\u00e1s m\u00faltiples formas de <strong>involucrarte con el colegio<\/strong>: actividades y\u00a0fiestas\u00a0en familia, colaboraci\u00f3n en actividades escolares, ofertas de voluntariado, excursiones, talleres,\u00a0Escuela de Padres,\u00a0AMPAS,&#8230; adem\u00e1s de todas las posibilidades que te ofrece la <strong>Obra Salesiana de Granada<\/strong>.<\/p>\n<p>[\/et_pb_blurb][\/et_pb_column][et_pb_column type=\u00bb1_2&#8243; _builder_version=\u00bb4.16&#8243; custom_padding=\u00bb|||10px\u00bb custom_padding_tablet=\u00bb|||0px\u00bb custom_padding_phone=\u00bb|||0px\u00bb custom_padding_last_edited=\u00bbon|desktop\u00bb global_colors_info=\u00bb{}\u00bb custom_padding__hover=\u00bb|||\u00bb][et_pb_blurb title=\u00bbPasar\u00e1s a formar parte de algo grande\u00bb use_icon=\u00bbon\u00bb font_icon=\u00bb&#xe109;||divi||400&#8243; content_max_width=\u00bb825px\u00bb _builder_version=\u00bb4.16&#8243; header_level=\u00bbh3&#8243; header_font=\u00bb|300|||||||\u00bb header_text_color=\u00bb#dc001b\u00bb header_font_size=\u00bb21px\u00bb body_font=\u00bb||||||||\u00bb body_font_size=\u00bb15px\u00bb body_line_height=\u00bb1.4em\u00bb text_orientation=\u00bbcenter\u00bb custom_margin=\u00bb|||\u00bb custom_padding=\u00bb20px|40px|20px|40px\u00bb custom_padding_tablet=\u00bb\u00bb custom_padding_phone=\u00bb|25px||25px\u00bb custom_padding_last_edited=\u00bbon|phone\u00bb box_shadow_style=\u00bbpreset3&#8243; global_colors_info=\u00bb{}\u00bb]<\/p>\n<p style=\"text-align: justify;\">Los <a href=\"http:\/\/www.sdb.org\/es\/\" target=\"_blank\" rel=\"noopener noreferrer\">Salesianos<\/a> <strong>estamos en m\u00e1s de 130 pa\u00edses<\/strong> y nos organizamos por inspector\u00edas. En nuestro caso, pertenecemos a la <a href=\"http:\/\/www.salesianos.edu\/\" target=\"_blank\" rel=\"noopener noreferrer\">Inspector\u00eda M\u00aa Auxiliadora<\/a>, que agrupa 59 centros,\u00a03.374 profesores y 49.243 alumnos en el \u00e1rea mediterranea de la pen\u00ednsula.<\/p>\n<p style=\"text-align: justify;\">Nuestras escuelas potencian la <strong>coordinaci\u00f3n<\/strong> y el trabajo conjunto entre ellas como partes imprescindibles de un proyecto mayor, aunando fuerzas para dar m\u00e1s calidad y valor a nuestro proyecto educativo.<\/p>\n<p>[\/et_pb_blurb][\/et_pb_column][\/et_pb_row][\/et_pb_section][et_pb_section fb_built=\u00bb1&#8243; _builder_version=\u00bb4.16&#8243; background_color=\u00bb#eaeaea\u00bb use_background_color_gradient=\u00bbon\u00bb background_color_gradient_stops=\u00bb#ffffff 0%|#e5e5e5 100%\u00bb background_color_gradient_start=\u00bb#ffffff\u00bb background_color_gradient_end=\u00bb#e5e5e5&#8243; custom_margin=\u00bb||0px|\u00bb custom_padding=\u00bb25px|0px|40px|0px\u00bb box_shadow_style=\u00bbpreset3&#8243; global_colors_info=\u00bb{}\u00bb][et_pb_row _builder_version=\u00bb4.16&#8243; custom_padding=\u00bb0px|0px|0px|0px|false|false\u00bb global_colors_info=\u00bb{}\u00bb][et_pb_column type=\u00bb4_4&#8243; _builder_version=\u00bb4.16&#8243; custom_padding=\u00bb|||\u00bb global_colors_info=\u00bb{}\u00bb custom_padding__hover=\u00bb|||\u00bb][et_pb_text disabled_on=\u00bbon|on|off\u00bb _builder_version=\u00bb4.16&#8243; text_font=\u00bb|300|||||||\u00bb text_text_color=\u00bb#e02b20&#8243; text_font_size=\u00bb29px\u00bb header_font=\u00bb||||||||\u00bb header_2_font=\u00bbLato|300|||||||\u00bb header_2_font_size=\u00bb32px\u00bb custom_margin=\u00bb|||\u00bb custom_padding=\u00bb|||\u00bb global_colors_info=\u00bb{}\u00bb]<\/p>\n<h2 style=\"text-align: center;\">El colegio en cifras<\/h2>\n<p>[\/et_pb_text][\/et_pb_column][\/et_pb_row][et_pb_row column_structure=\u00bb1_3,1_3,1_3&#8243; _builder_version=\u00bb4.16&#8243; global_colors_info=\u00bb{}\u00bb][et_pb_column type=\u00bb1_3&#8243; _builder_version=\u00bb4.16&#8243; custom_padding=\u00bb|||\u00bb global_colors_info=\u00bb{}\u00bb custom_padding__hover=\u00bb|||\u00bb][et_pb_number_counter title=\u00bbAlumnos\u00bb number=\u00bb1155&#8243; percent_sign=\u00bboff\u00bb module_class=\u00bbpagina-texto-light\u00bb _builder_version=\u00bb4.16&#8243; title_font=\u00bbLato|300|||||||\u00bb title_text_color=\u00bb#4f4f4f\u00bb title_font_size=\u00bb26px\u00bb number_font=\u00bbLato|300|||||||\u00bb global_colors_info=\u00bb{}\u00bb][\/et_pb_number_counter][\/et_pb_column][et_pb_column type=\u00bb1_3&#8243; _builder_version=\u00bb4.16&#8243; custom_padding=\u00bb|||\u00bb global_colors_info=\u00bb{}\u00bb custom_padding__hover=\u00bb|||\u00bb][et_pb_number_counter title=\u00bbDocentes\u00bb number=\u00bb75&#8243; percent_sign=\u00bboff\u00bb module_class=\u00bbpagina-texto-light\u00bb _builder_version=\u00bb4.16&#8243; title_font=\u00bbLato|300|||||||\u00bb title_text_color=\u00bb#4f4f4f\u00bb title_font_size=\u00bb26px\u00bb number_font=\u00bbLato|300|||||||\u00bb global_colors_info=\u00bb{}\u00bb][\/et_pb_number_counter][\/et_pb_column][et_pb_column type=\u00bb1_3&#8243; _builder_version=\u00bb4.16&#8243; custom_padding=\u00bb|||\u00bb global_colors_info=\u00bb{}\u00bb custom_padding__hover=\u00bb|||\u00bb][et_pb_number_counter title=\u00bbAulas\u00bb number=\u00bb42&#8243; percent_sign=\u00bboff\u00bb module_class=\u00bbpagina-texto-light\u00bb _builder_version=\u00bb4.16&#8243; title_font=\u00bbLato|300|||||||\u00bb title_text_color=\u00bb#4f4f4f\u00bb title_font_size=\u00bb26px\u00bb number_font=\u00bbLato|300|||||||\u00bb global_colors_info=\u00bb{}\u00bb][\/et_pb_number_counter][\/et_pb_column][\/et_pb_row][\/et_pb_section][et_pb_section fb_built=\u00bb1&#8243; fullwidth=\u00bbon\u00bb _builder_version=\u00bb4.16&#8243; background_image=\u00bbhttps:\/\/granada.salesianos.edu\/colegio\/wp-content\/uploads\/sites\/2\/2019\/05\/PHOTO-2019-03-07-14-09-24.jpg\u00bb custom_padding=\u00bb170px|0px|0px|0px\u00bb global_colors_info=\u00bb{}\u00bb][et_pb_fullwidth_header _builder_version=\u00bb4.16&#8243; background_color=\u00bbrgba(255, 255, 255, 0)\u00bb background_layout=\u00bblight\u00bb global_colors_info=\u00bb{}\u00bb button_one_text_size__hover_enabled=\u00bboff\u00bb button_two_text_size__hover_enabled=\u00bboff\u00bb button_one_text_color__hover_enabled=\u00bboff\u00bb button_two_text_color__hover_enabled=\u00bboff\u00bb button_one_border_width__hover_enabled=\u00bboff\u00bb button_two_border_width__hover_enabled=\u00bboff\u00bb button_one_border_color__hover_enabled=\u00bboff\u00bb button_two_border_color__hover_enabled=\u00bboff\u00bb button_one_border_radius__hover_enabled=\u00bboff\u00bb button_two_border_radius__hover_enabled=\u00bboff\u00bb button_one_letter_spacing__hover_enabled=\u00bboff\u00bb button_two_letter_spacing__hover_enabled=\u00bboff\u00bb button_one_bg_color__hover_enabled=\u00bboff\u00bb button_two_bg_color__hover_enabled=\u00bboff\u00bb][\/et_pb_fullwidth_header][et_pb_fullwidth_image _builder_version=\u00bb4.16&#8243; global_colors_info=\u00bb{}\u00bb][\/et_pb_fullwidth_image][\/et_pb_section][et_pb_section fb_built=\u00bb1&#8243; next_background_color=\u00bb#474747&#8243; _builder_version=\u00bb4.16&#8243; background_color=\u00bbrgba(229,229,229,0.86)\u00bb background_image=\u00bbhttps:\/\/granada.salesianos.edu\/colegio\/wp-content\/uploads\/sites\/2\/2020\/02\/textura_admisiones-min.jpg\u00bb background_blend=\u00bbsoft-light\u00bb custom_padding=\u00bb46px|0px|0|0px|false|false\u00bb bottom_divider_style=\u00bbarrow2&#8243; global_colors_info=\u00bb{}\u00bb][et_pb_row _builder_version=\u00bb4.16&#8243; custom_padding=\u00bb26.234375px|0px|8px|0px\u00bb global_colors_info=\u00bb{}\u00bb][et_pb_column type=\u00bb4_4&#8243; _builder_version=\u00bb4.16&#8243; custom_padding=\u00bb|||\u00bb global_colors_info=\u00bb{}\u00bb custom_padding__hover=\u00bb|||\u00bb][et_pb_text _builder_version=\u00bb4.16&#8243; text_font=\u00bb|300|||||||\u00bb text_text_color=\u00bb#e02b20&#8243; text_font_size=\u00bb29px\u00bb header_font=\u00bb||||||||\u00bb header_2_font=\u00bbLato|300|||||||\u00bb header_2_font_size=\u00bb36px\u00bb text_orientation=\u00bbcenter\u00bb custom_margin=\u00bb|||\u00bb custom_padding=\u00bb||15px|\u00bb locked=\u00bboff\u00bb global_colors_info=\u00bb{}\u00bb]<\/p>\n<h2>Preparando para el futuro<\/h2>\n<p>[\/et_pb_text][\/et_pb_column][\/et_pb_row][et_pb_row column_structure=\u00bb1_3,1_3,1_3&#8243; _builder_version=\u00bb4.16&#8243; custom_padding=\u00bb27px|0px|77px|0px|false|false\u00bb global_colors_info=\u00bb{}\u00bb][et_pb_column type=\u00bb1_3&#8243; _builder_version=\u00bb4.16&#8243; custom_padding=\u00bb|||\u00bb global_colors_info=\u00bb{}\u00bb custom_padding__hover=\u00bb|||\u00bb][et_pb_blurb title=\u00bbMetodolog\u00edas activas\u00bb use_icon=\u00bbon\u00bb font_icon=\u00bb&#xe007;||divi||400&#8243; content_max_width=\u00bb825px\u00bb _builder_version=\u00bb4.16&#8243; header_level=\u00bbh3&#8243; header_font=\u00bb|300|||||||\u00bb header_font_size=\u00bb21px\u00bb body_font=\u00bb||||||||\u00bb body_font_size=\u00bb15px\u00bb body_line_height=\u00bb1.3em\u00bb text_orientation=\u00bbcenter\u00bb custom_padding=\u00bb||10px|\u00bb global_colors_info=\u00bb{}\u00bb]<\/p>\n<p>Trabajamos para incorporar metodolog\u00edas activas como el aprendizaje cooperativo, aula invertida, trabajo por proyectos, aprendizaje y servicio, pensamiento visible,&#8230; poniendo al alumno en el centro del proceso ense\u00f1anza-aprendizaje.<\/p>\n<p>[\/et_pb_blurb][et_pb_blurb title=\u00bbPastoral\u00bb url=\u00bbhttps:\/\/granada.salesianos.edu\/colegio\/pastoral\/\u00bb use_icon=\u00bbon\u00bb font_icon=\u00bb&#xe069;||divi||400&#8243; content_max_width=\u00bb825px\u00bb _builder_version=\u00bb4.16&#8243; header_level=\u00bbh3&#8243; header_font=\u00bb|300|||||||\u00bb header_font_size=\u00bb21px\u00bb body_font=\u00bb||||||||\u00bb body_font_size=\u00bb15px\u00bb body_line_height=\u00bb1.3em\u00bb text_orientation=\u00bbcenter\u00bb custom_padding=\u00bb||10px|\u00bb link_option_url=\u00bbhttps:\/\/granada.salesianos.edu\/colegio\/pastoral\/\u00bb global_colors_info=\u00bb{}\u00bb]Acompa\u00f1amos a nuestro alumnado en su proceso de maduraci\u00f3n personal y en la fe desde el servicio a los dem\u00e1s, implic\u00e1ndolos de manera gradual\u00a0en diferentes actividades, comisiones y proyectos.[\/et_pb_blurb][et_pb_blurb title=\u00bbEscuela Sostenible\u00bb use_icon=\u00bbon\u00bb font_icon=\u00bb&#xe0ff;||divi||400&#8243; content_max_width=\u00bb825px\u00bb _builder_version=\u00bb4.16&#8243; header_level=\u00bbh3&#8243; header_font=\u00bb|300|||||||\u00bb header_font_size=\u00bb21px\u00bb body_font=\u00bb||||||||\u00bb body_font_size=\u00bb15px\u00bb body_line_height=\u00bb1.3em\u00bb text_orientation=\u00bbcenter\u00bb custom_padding=\u00bb||10px|\u00bb global_colors_info=\u00bb{}\u00bb]Porque como escuela tenemos el enorme desaf\u00edo de educar a esta generaci\u00f3n para hacer del mundo un lugar m\u00e1s justo y sostenible.[\/et_pb_blurb][et_pb_blurb title=\u00bbM\u00fasica\u00bb url=\u00bbhttps:\/\/alicante.salesianos.edu\/colegio\/musicales\/\u00bb use_icon=\u00bbon\u00bb font_icon=\u00bb&#xe08e;||divi||400&#8243; content_max_width=\u00bb825px\u00bb disabled_on=\u00bbon|on|on\u00bb _builder_version=\u00bb4.16&#8243; header_level=\u00bbh3&#8243; header_font=\u00bb|300|||||||\u00bb header_font_size=\u00bb21px\u00bb body_font=\u00bb||||||||\u00bb body_font_size=\u00bb15px\u00bb body_line_height=\u00bb1.3em\u00bb text_orientation=\u00bbcenter\u00bb custom_padding=\u00bb||10px|\u00bb link_option_url=\u00bbhttps:\/\/alicante.salesianos.edu\/colegio\/musicales\/\u00bb disabled=\u00bbon\u00bb global_colors_info=\u00bb{}\u00bb]<\/p>\n<p>La m\u00fasica es una actividad esencial en nuestro colegio, por eso contamos con un coro que dinamiza las celebraciones y una <a href=\"https:\/\/alicante.salesianos.edu\/colegio\/musicales\/\">Escuela de M\u00fasica<\/a> para Infantil y Primaria\u00a0en nuestras propias instalaciones.<\/p>\n<p>[\/et_pb_blurb][\/et_pb_column][et_pb_column type=\u00bb1_3&#8243; _builder_version=\u00bb4.16&#8243; custom_padding=\u00bb|||\u00bb global_colors_info=\u00bb{}\u00bb custom_padding__hover=\u00bb|||\u00bb][et_pb_blurb title=\u00bbPluriling\u00fcismo\u00bb url=\u00bbhttps:\/\/granada.salesianos.edu\/colegio\/bilinguismo-ingles\/\u00bb use_icon=\u00bbon\u00bb font_icon=\u00bb&#xe066;||divi||400&#8243; content_max_width=\u00bb825px\u00bb _builder_version=\u00bb4.16&#8243; header_level=\u00bbh3&#8243; header_font=\u00bb|300|||||||\u00bb header_font_size=\u00bb21px\u00bb body_font=\u00bb||||||||\u00bb body_font_size=\u00bb15px\u00bb body_line_height=\u00bb1.3em\u00bb text_orientation=\u00bbcenter\u00bb custom_padding=\u00bb||10px|\u00bb global_colors_info=\u00bb{}\u00bb]<\/p>\n<p>Intercambios internacionales, asistentes de conversaci\u00f3n, estancias de inmersi\u00f3n ling\u00fc\u00edstica&#8230; Ofrecemos una amplia variedad de actividades en las lenguas que ofrecemos: ingl\u00e9s, y\u00a0franc\u00e9s.<\/p>\n<p>[\/et_pb_blurb][et_pb_blurb title=\u00bbVoluntariado\u00bb use_icon=\u00bbon\u00bb font_icon=\u00bb&#xe089;||divi||400&#8243; content_max_width=\u00bb825px\u00bb _builder_version=\u00bb4.16&#8243; header_level=\u00bbh3&#8243; header_font=\u00bb|300|||||||\u00bb header_font_size=\u00bb21px\u00bb body_font=\u00bb||||||||\u00bb body_font_size=\u00bb15px\u00bb body_line_height=\u00bb1.3em\u00bb text_orientation=\u00bbcenter\u00bb custom_padding=\u00bb||10px|\u00bb global_colors_info=\u00bb{}\u00bb]Promovemos las experiencias de voluntariado entre nuestro alumnado.[\/et_pb_blurb][et_pb_blurb title=\u00bbEntornos virtuales de aprendizaje\u00bb url_new_window=\u00bbon\u00bb use_icon=\u00bbon\u00bb font_icon=\u00bb&#xe00e;||divi||400&#8243; content_max_width=\u00bb825px\u00bb _builder_version=\u00bb4.16&#8243; header_level=\u00bbh3&#8243; header_font=\u00bb|300|||||||\u00bb header_font_size=\u00bb21px\u00bb body_font=\u00bb||||||||\u00bb body_font_size=\u00bb15px\u00bb body_line_height=\u00bb1.3em\u00bb text_orientation=\u00bbcenter\u00bb custom_padding=\u00bb||10px|\u00bb global_colors_info=\u00bb{}\u00bb]<\/p>\n<p>Incorporamos en nuestras clases la plataforma como\u00a0<a href=\"https:\/\/edu.google.com\/intl\/es-419_ALL\/products\/classroom\/?modal_active=none\" title=\"M\u00e1s informaci\u00f3n sobre Google Classroom\"><em>Google Classroom\u00a0<\/em><\/a>para trabajar, repasar y ampliar contenidos de una forma m\u00e1s din\u00e1mica e interactiva. Para ello, llegado el momento, a cada alumno se le hace entrega de\u00a0su propio correo institucional en un entorno protegido con\u00a0<a href=\"https:\/\/edu.google.com\/intl\/es-419_ALL\/products\/gsuite-for-education\/?modal_active=none\" title=\"M\u00e1s informaci\u00f3n sobre Google Suite\">Google Suite<\/a>. Tambi\u00e9n trabajamos con dispositivos Chromebook\u00a0y ipads en ciertas etapas del centro.<\/p>\n<p>[\/et_pb_blurb][et_pb_blurb title=\u00bbCampus y actividades extraescolares\u00bb url=\u00bbhttps:\/\/alicante.salesianos.edu\/colegio\/extraescolares\/\u00bb use_icon=\u00bbon\u00bb font_icon=\u00bb&#xe0f8;||divi||400&#8243; content_max_width=\u00bb825px\u00bb disabled_on=\u00bbon|on|on\u00bb _builder_version=\u00bb4.16&#8243; header_level=\u00bbh3&#8243; header_font=\u00bb|300|||||||\u00bb header_font_size=\u00bb21px\u00bb body_font=\u00bb||||||||\u00bb body_font_size=\u00bb15px\u00bb body_line_height=\u00bb1.3em\u00bb text_orientation=\u00bbcenter\u00bb custom_padding=\u00bb||10px|\u00bb disabled=\u00bbon\u00bb global_colors_info=\u00bb{}\u00bb]<\/p>\n<p>Nuestro centro ofrece un amplio abanico de <a href=\"https:\/\/alicante.salesianos.edu\/colegio\/extraescolares\/\" title=\"M\u00e1s informaci\u00f3n sobre las actividades extraescolares\">actividades extraescolares<\/a>: Ingl\u00e9s, Franc\u00e9s, Tenis, Judo, Pre-deporte, Multi-Basket, Multi-F\u00fatbol Sala, Padel, Danza, Gimnasia R\u00edtmica, Teatro, Rob\u00f3tica, \u2018Express-arte\u2019, Animaci\u00f3n a la lectura&#8230;\u00a0Adem\u00e1s, ofrecemos <a href=\"https:\/\/alicante.salesianos.edu\/colegio\/campus\/\" title=\"M\u00e1s informaci\u00f3n sobre el Campus\">Campus de Navidad, Semana Santa y verano<\/a> en nuestras propias instalaciones para aquellas familias que lo deseen, facilitanto de esta manera la conciliaci\u00f3n de la vida laboral con la familiar.<\/p>\n<p>[\/et_pb_blurb][\/et_pb_column][et_pb_column type=\u00bb1_3&#8243; _builder_version=\u00bb4.16&#8243; custom_padding=\u00bb|||\u00bb global_colors_info=\u00bb{}\u00bb custom_padding__hover=\u00bb|||\u00bb][et_pb_blurb title=\u00bbDepartamento de Orientaci\u00f3n\u00bb url=\u00bbhttps:\/\/granada.salesianos.edu\/colegio\/orientacion\/\u00bb use_icon=\u00bbon\u00bb font_icon=\u00bb&#xe01c;||divi||400&#8243; content_max_width=\u00bb825px\u00bb _builder_version=\u00bb4.16&#8243; header_level=\u00bbh3&#8243; header_font=\u00bb|300|||||||\u00bb header_font_size=\u00bb21px\u00bb body_font_size=\u00bb15px\u00bb body_line_height=\u00bb1.3em\u00bb text_orientation=\u00bbcenter\u00bb custom_padding=\u00bb||10px|\u00bb link_option_url=\u00bbhttps:\/\/granada.salesianos.edu\/colegio\/orientacion\/\u00bb global_colors_info=\u00bb{}\u00bb]<\/p>\n<p>Con \u00e9l, tratamos de dar respuesta a todas las necesidades de refuerzo educativo y de ampliaci\u00f3n, as\u00ed como de\u00a0atenci\u00f3n a la diversidad en el centro, aplicando\u00a0metodolog\u00edas activas como la\u00a0mediaci\u00f3n y la tutor\u00eda entre iguales. Adem\u00e1s, contamos con dos aulas de apoyo a la integraci\u00f3n (PT).<\/p>\n<p>[\/et_pb_blurb][et_pb_blurb title=\u00bbAprendizaje y Servicio\u00bb use_icon=\u00bbon\u00bb font_icon=\u00bb&#xe033;||divi||400&#8243; content_max_width=\u00bb825px\u00bb _builder_version=\u00bb4.16&#8243; header_level=\u00bbh3&#8243; header_font=\u00bb|300|||||||\u00bb header_font_size=\u00bb21px\u00bb body_font=\u00bb||||||||\u00bb body_font_size=\u00bb15px\u00bb body_line_height=\u00bb1.3em\u00bb text_orientation=\u00bbcenter\u00bb custom_padding=\u00bb||10px|\u00bb global_colors_info=\u00bb{}\u00bb]Significa poner lo aprendido al servicio de los dem\u00e1s. Es una metodolog\u00eda perfecta para crecer en valores salesianos y evang\u00e9licos, y es adem\u00e1s una palanca para cambiar la sociedad desde la escuela.[\/et_pb_blurb][et_pb_blurb title=\u00bbDepartamento de Calidad\u00bb use_icon=\u00bbon\u00bb font_icon=\u00bb&#xe0ec;||divi||400&#8243; content_max_width=\u00bb825px\u00bb _builder_version=\u00bb4.16&#8243; header_level=\u00bbh3&#8243; header_font=\u00bb|300|||||||\u00bb header_font_size=\u00bb21px\u00bb body_font=\u00bb||||||||\u00bb body_font_size=\u00bb15px\u00bb body_line_height=\u00bb1.3em\u00bb text_orientation=\u00bbcenter\u00bb custom_padding=\u00bb||10px|\u00bb global_colors_info=\u00bb{}\u00bb]Te escuchamos y trabajamos por mejorar d\u00eda a d\u00eda y dar calidad a lo que hacemos.[\/et_pb_blurb][et_pb_blurb title=\u00bbClub Deportivo\u00bb url=\u00bbhttp:\/\/alicante.salesianos.edu\/deporte\/club\/\u00bb use_icon=\u00bbon\u00bb font_icon=\u00bb&#xe09b;||divi||400&#8243; content_max_width=\u00bb825px\u00bb disabled_on=\u00bbon|on|on\u00bb _builder_version=\u00bb4.16&#8243; header_level=\u00bbh3&#8243; header_font=\u00bb|300|||||||\u00bb header_font_size=\u00bb21px\u00bb body_font=\u00bb||||||||\u00bb body_font_size=\u00bb15px\u00bb body_line_height=\u00bb1.3em\u00bb text_orientation=\u00bbcenter\u00bb custom_padding=\u00bb||10px|\u00bb link_option_url=\u00bbhttp:\/\/alicante.salesianos.edu\/deporte\/club\/\u00bb disabled=\u00bbon\u00bb global_colors_info=\u00bb{}\u00bb]<\/p>\n<p>El <a href=\"http:\/\/alicante.salesianos.edu\/deporte\/club\/\" title=\"Sobre el club\"><em>Club Deportivo Salesianos Alicante<\/em><\/a> ofrece deporte educativo en diveras categor\u00edas de f\u00fatbol, baloncesto, voleibol, patinaje, f\u00fatbol sala y atletismo. Adem\u00e1s de senderismo para toda la familia.<\/p>\n<p>[\/et_pb_blurb][\/et_pb_column][\/et_pb_row][\/et_pb_section][et_pb_section fb_built=\u00bb1&#8243; _builder_version=\u00bb4.16&#8243; background_color=\u00bb#474747&#8243; custom_padding=\u00bb0px|0px|35px|0px\u00bb global_colors_info=\u00bb{}\u00bb][et_pb_row _builder_version=\u00bb4.16&#8243; global_colors_info=\u00bb{}\u00bb][et_pb_column type=\u00bb4_4&#8243; _builder_version=\u00bb4.16&#8243; custom_padding=\u00bb|||\u00bb global_colors_info=\u00bb{}\u00bb custom_padding__hover=\u00bb|||\u00bb][et_pb_blurb title=\u00bbY lo que est\u00e1 por llegar&#8230;\u00bb use_icon=\u00bbon\u00bb font_icon=\u00bb&#x37;||divi||400&#8243; icon_color=\u00bb#e02b20&#8243; content_max_width=\u00bb862px\u00bb _builder_version=\u00bb4.16&#8243; header_level=\u00bbh3&#8243; header_font=\u00bb|300|||||||\u00bb header_font_size=\u00bb26px\u00bb body_font=\u00bb||||||||\u00bb body_font_size=\u00bb15px\u00bb body_line_height=\u00bb1.3em\u00bb text_orientation=\u00bbcenter\u00bb background_layout=\u00bbdark\u00bb max_width=\u00bb80%\u00bb module_alignment=\u00bbcenter\u00bb custom_padding=\u00bb||10px|\u00bb global_colors_info=\u00bb{}\u00bb]<\/p>\n<p>Vivimos en una sociedad que cambia constantemente, por lo que la Educaci\u00f3n debe saber responder y adaptarse a dichos cambios.\u00a0Es por ello que contamos con un completo plan de formaci\u00f3n y un equipo formado por docentes de todas las etapas que est\u00e1 desarrollando las l\u00edneas de actuaci\u00f3n de nuestro centro en cuanto a innovaci\u00f3n educativa.<\/p>\n<p>[\/et_pb_blurb][\/et_pb_column][\/et_pb_row][\/et_pb_section][et_pb_section fb_built=\u00bb1&#8243; _builder_version=\u00bb4.16&#8243; custom_padding=\u00bb0px|0px|0px|0px\u00bb global_colors_info=\u00bb{}\u00bb][et_pb_row disabled_on=\u00bbon|on|on\u00bb _builder_version=\u00bb4.16&#8243; width=\u00bb100%\u00bb max_width=\u00bb100%\u00bb module_alignment=\u00bbcenter\u00bb custom_padding=\u00bb0px|0px|0px|0px\u00bb use_custom_width=\u00bbon\u00bb width_unit=\u00bboff\u00bb custom_width_percent=\u00bb100%\u00bb disabled=\u00bbon\u00bb global_colors_info=\u00bb{}\u00bb][et_pb_column type=\u00bb4_4&#8243; _builder_version=\u00bb4.16&#8243; custom_padding=\u00bb|||\u00bb global_colors_info=\u00bb{}\u00bb custom_padding__hover=\u00bb|||\u00bb][et_pb_slider show_arrows=\u00bboff\u00bb show_pagination=\u00bboff\u00bb _builder_version=\u00bb4.16&#8243; header_font=\u00bb||||||||\u00bb custom_margin=\u00bb|||\u00bb custom_padding=\u00bb125px||125px|\u00bb custom_padding_tablet=\u00bb75px||75px|\u00bb custom_padding_phone=\u00bb70px||70px|\u00bb custom_padding_last_edited=\u00bbon|phone\u00bb filter_saturate=\u00bb106%\u00bb filter_brightness=\u00bb109%\u00bb auto=\u00bbon\u00bb auto_ignore_hover=\u00bbon\u00bb global_colors_info=\u00bb{}\u00bb button_text_size__hover_enabled=\u00bboff\u00bb button_one_text_size__hover_enabled=\u00bboff\u00bb button_two_text_size__hover_enabled=\u00bboff\u00bb button_text_color__hover_enabled=\u00bboff\u00bb button_one_text_color__hover_enabled=\u00bboff\u00bb button_two_text_color__hover_enabled=\u00bboff\u00bb button_border_width__hover_enabled=\u00bboff\u00bb button_one_border_width__hover_enabled=\u00bboff\u00bb button_two_border_width__hover_enabled=\u00bboff\u00bb button_border_color__hover_enabled=\u00bboff\u00bb button_one_border_color__hover_enabled=\u00bboff\u00bb button_two_border_color__hover_enabled=\u00bboff\u00bb button_border_radius__hover_enabled=\u00bboff\u00bb button_one_border_radius__hover_enabled=\u00bboff\u00bb button_two_border_radius__hover_enabled=\u00bboff\u00bb button_letter_spacing__hover_enabled=\u00bboff\u00bb button_one_letter_spacing__hover_enabled=\u00bboff\u00bb button_two_letter_spacing__hover_enabled=\u00bboff\u00bb button_bg_color__hover_enabled=\u00bboff\u00bb button_one_bg_color__hover_enabled=\u00bboff\u00bb button_two_bg_color__hover_enabled=\u00bboff\u00bb][et_pb_slide _builder_version=\u00bb4.16&#8243; background_color=\u00bb#ffffff\u00bb background_image=\u00bbhttps:\/\/granada.salesianos.edu\/colegio\/wp-content\/uploads\/sites\/2\/2020\/02\/encabezado_ludoteca-min.jpg\u00bb global_colors_info=\u00bb{}\u00bb button_text_size__hover_enabled=\u00bboff\u00bb button_one_text_size__hover_enabled=\u00bboff\u00bb button_two_text_size__hover_enabled=\u00bboff\u00bb button_text_color__hover_enabled=\u00bboff\u00bb button_one_text_color__hover_enabled=\u00bboff\u00bb button_two_text_color__hover_enabled=\u00bboff\u00bb button_border_width__hover_enabled=\u00bboff\u00bb button_one_border_width__hover_enabled=\u00bboff\u00bb button_two_border_width__hover_enabled=\u00bboff\u00bb button_border_color__hover_enabled=\u00bboff\u00bb button_one_border_color__hover_enabled=\u00bboff\u00bb button_two_border_color__hover_enabled=\u00bboff\u00bb button_border_radius__hover_enabled=\u00bboff\u00bb button_one_border_radius__hover_enabled=\u00bboff\u00bb button_two_border_radius__hover_enabled=\u00bboff\u00bb button_letter_spacing__hover_enabled=\u00bboff\u00bb button_one_letter_spacing__hover_enabled=\u00bboff\u00bb button_two_letter_spacing__hover_enabled=\u00bboff\u00bb button_bg_color__hover_enabled=\u00bboff\u00bb button_one_bg_color__hover_enabled=\u00bboff\u00bb button_two_bg_color__hover_enabled=\u00bboff\u00bb sticky_transition=\u00bbon\u00bb][\/et_pb_slide][et_pb_slide _builder_version=\u00bb4.16&#8243; background_color=\u00bb#ffffff\u00bb background_image=\u00bbhttps:\/\/granada.salesianos.edu\/colegio\/wp-content\/uploads\/sites\/2\/2020\/02\/encabezado_menu-min.jpg\u00bb global_colors_info=\u00bb{}\u00bb button_text_size__hover_enabled=\u00bboff\u00bb button_one_text_size__hover_enabled=\u00bboff\u00bb button_two_text_size__hover_enabled=\u00bboff\u00bb button_text_color__hover_enabled=\u00bboff\u00bb button_one_text_color__hover_enabled=\u00bboff\u00bb button_two_text_color__hover_enabled=\u00bboff\u00bb button_border_width__hover_enabled=\u00bboff\u00bb button_one_border_width__hover_enabled=\u00bboff\u00bb button_two_border_width__hover_enabled=\u00bboff\u00bb button_border_color__hover_enabled=\u00bboff\u00bb button_one_border_color__hover_enabled=\u00bboff\u00bb button_two_border_color__hover_enabled=\u00bboff\u00bb button_border_radius__hover_enabled=\u00bboff\u00bb button_one_border_radius__hover_enabled=\u00bboff\u00bb button_two_border_radius__hover_enabled=\u00bboff\u00bb button_letter_spacing__hover_enabled=\u00bboff\u00bb button_one_letter_spacing__hover_enabled=\u00bboff\u00bb button_two_letter_spacing__hover_enabled=\u00bboff\u00bb button_bg_color__hover_enabled=\u00bboff\u00bb button_one_bg_color__hover_enabled=\u00bboff\u00bb button_two_bg_color__hover_enabled=\u00bboff\u00bb sticky_transition=\u00bbon\u00bb][\/et_pb_slide][et_pb_slide _builder_version=\u00bb4.16&#8243; background_color=\u00bb#ffffff\u00bb background_image=\u00bbhttps:\/\/granada.salesianos.edu\/colegio\/wp-content\/uploads\/sites\/2\/2020\/02\/encabezado_orlas.jpg\u00bb global_colors_info=\u00bb{}\u00bb button_text_size__hover_enabled=\u00bboff\u00bb button_one_text_size__hover_enabled=\u00bboff\u00bb button_two_text_size__hover_enabled=\u00bboff\u00bb button_text_color__hover_enabled=\u00bboff\u00bb button_one_text_color__hover_enabled=\u00bboff\u00bb button_two_text_color__hover_enabled=\u00bboff\u00bb button_border_width__hover_enabled=\u00bboff\u00bb button_one_border_width__hover_enabled=\u00bboff\u00bb button_two_border_width__hover_enabled=\u00bboff\u00bb button_border_color__hover_enabled=\u00bboff\u00bb button_one_border_color__hover_enabled=\u00bboff\u00bb button_two_border_color__hover_enabled=\u00bboff\u00bb button_border_radius__hover_enabled=\u00bboff\u00bb button_one_border_radius__hover_enabled=\u00bboff\u00bb button_two_border_radius__hover_enabled=\u00bboff\u00bb button_letter_spacing__hover_enabled=\u00bboff\u00bb button_one_letter_spacing__hover_enabled=\u00bboff\u00bb button_two_letter_spacing__hover_enabled=\u00bboff\u00bb button_bg_color__hover_enabled=\u00bboff\u00bb button_one_bg_color__hover_enabled=\u00bboff\u00bb button_two_bg_color__hover_enabled=\u00bboff\u00bb sticky_transition=\u00bbon\u00bb][\/et_pb_slide][\/et_pb_slider][\/et_pb_column][\/et_pb_row][\/et_pb_section][et_pb_section fb_built=\u00bb1&#8243; _builder_version=\u00bb4.16&#8243; background_color=\u00bb#e02b20&#8243; background_image=\u00bbhttps:\/\/granada.salesianos.edu\/colegio\/wp-content\/uploads\/sites\/2\/2020\/02\/fondo_novedades_web.png\u00bb custom_padding=\u00bb40px|0px|39px|0px\u00bb global_colors_info=\u00bb{}\u00bb][et_pb_row _builder_version=\u00bb4.16&#8243; custom_padding=\u00bb26.375px|0px|0px|0px\u00bb global_colors_info=\u00bb{}\u00bb][et_pb_column type=\u00bb4_4&#8243; _builder_version=\u00bb4.16&#8243; custom_padding=\u00bb|||\u00bb global_colors_info=\u00bb{}\u00bb custom_padding__hover=\u00bb|||\u00bb][et_pb_text _builder_version=\u00bb4.16&#8243; text_font=\u00bb|300|||||||\u00bb text_text_color=\u00bb#e02b20&#8243; text_font_size=\u00bb29px\u00bb header_font=\u00bb||||||||\u00bb header_2_font=\u00bbLato|300|||||||\u00bb header_2_font_size=\u00bb34px\u00bb background_layout=\u00bbdark\u00bb custom_margin=\u00bb|||\u00bb custom_padding=\u00bb||15px|\u00bb global_colors_info=\u00bb{}\u00bb]<\/p>\n<h2>Te lo ponemos f\u00e1cil<\/h2>\n<p>[\/et_pb_text][\/et_pb_column][\/et_pb_row][et_pb_row column_structure=\u00bb1_2,1_2&#8243; _builder_version=\u00bb4.16&#8243; global_colors_info=\u00bb{}\u00bb][et_pb_column type=\u00bb1_2&#8243; _builder_version=\u00bb4.16&#8243; custom_padding=\u00bb|||\u00bb global_colors_info=\u00bb{}\u00bb custom_padding__hover=\u00bb|||\u00bb][et_pb_blurb title=\u00bbServicio de comedor\u00bb url=\u00bbhttps:\/\/granada.salesianos.edu\/colegio\/comedor\/\u00bb use_icon=\u00bbon\u00bb font_icon=\u00bb&#xe105;||divi||400&#8243; icon_color=\u00bb#ffffff\u00bb icon_placement=\u00bbleft\u00bb _builder_version=\u00bb4.16&#8243; header_level=\u00bbh3&#8243; header_font=\u00bb|300|||||||\u00bb header_font_size=\u00bb21px\u00bb body_font=\u00bb||||||||\u00bb body_font_size=\u00bb15px\u00bb body_line_height=\u00bb1.3em\u00bb background_layout=\u00bbdark\u00bb custom_margin=\u00bb|||\u00bb custom_padding=\u00bb||10px|\u00bb link_option_url=\u00bbhttps:\/\/granada.salesianos.edu\/colegio\/comedor\/\u00bb global_colors_info=\u00bb{}\u00bb]<\/p>\n<p>Completo servicio de comedor escolar, con comida cocinada en nuestras instalaciones, con monitores y una amplia variedad de men\u00fas para alumnos con alergias y\/o intolerancias alimenticias.<\/p>\n<p>[\/et_pb_blurb][et_pb_blurb title=\u00bbBiblioteca\u00bb use_icon=\u00bbon\u00bb font_icon=\u00bb&#xe022;||divi||400&#8243; icon_color=\u00bb#ffffff\u00bb icon_placement=\u00bbleft\u00bb _builder_version=\u00bb4.16&#8243; header_level=\u00bbh3&#8243; header_font=\u00bb|300|||||||\u00bb header_font_size=\u00bb21px\u00bb body_font=\u00bb||||||||\u00bb body_font_size=\u00bb15px\u00bb body_line_height=\u00bb1.3em\u00bb background_layout=\u00bbdark\u00bb custom_margin=\u00bb|||\u00bb custom_padding=\u00bb||10px|\u00bb global_colors_info=\u00bb{}\u00bb]<\/p>\n<p>Servicio de biblioteca con sistema de pr\u00e9stamo de libros, con una selecci\u00f3n de libros para leer con recomendaciones por etapas.<\/p>\n<p>[\/et_pb_blurb][et_pb_blurb title=\u00bbQualitas Educativa\u00bb url=\u00bbhttps:\/\/granada.salesianos.edu\/colegio\/qe\/\u00bb use_icon=\u00bbon\u00bb font_icon=\u00bb&#xe00b;||divi||400&#8243; icon_color=\u00bb#ffffff\u00bb icon_placement=\u00bbleft\u00bb _builder_version=\u00bb4.16&#8243; header_level=\u00bbh3&#8243; header_font=\u00bb|300|||||||\u00bb header_font_size=\u00bb21px\u00bb body_font=\u00bb||||||||\u00bb body_font_size=\u00bb15px\u00bb body_line_height=\u00bb1.3em\u00bb background_layout=\u00bbdark\u00bb custom_margin=\u00bb|||\u00bb custom_padding=\u00bb||10px|\u00bb link_option_url=\u00bbhttps:\/\/granada.salesianos.edu\/colegio\/qe\/\u00bb global_colors_info=\u00bb{}\u00bb]Una nueva forma de comunicarse con el colegio: mensajer\u00eda, calificaciones, calendario, documentaci\u00f3n, justificaci\u00f3n de faltas y retrasos&#8230; Todo de manera intuitiva y accesible desde cualquier lugar.[\/et_pb_blurb][\/et_pb_column][et_pb_column type=\u00bb1_2&#8243; _builder_version=\u00bb4.16&#8243; custom_padding=\u00bb|||\u00bb global_colors_info=\u00bb{}\u00bb custom_padding__hover=\u00bb|||\u00bb][et_pb_blurb title=\u00bbSeguro de accidentes\u00bb url=\u00bbhttps:\/\/alicante.salesianos.edu\/colegio\/seguro\/\u00bb use_icon=\u00bbon\u00bb font_icon=\u00bb&#xe028;||divi||400&#8243; icon_color=\u00bb#ffffff\u00bb icon_placement=\u00bbleft\u00bb disabled_on=\u00bbon|on|on\u00bb _builder_version=\u00bb4.16&#8243; header_level=\u00bbh3&#8243; header_font=\u00bb|300|||||||\u00bb header_font_size=\u00bb21px\u00bb body_font=\u00bb||||||||\u00bb body_font_size=\u00bb15px\u00bb body_line_height=\u00bb1.3em\u00bb background_layout=\u00bbdark\u00bb custom_margin=\u00bb|||\u00bb custom_padding=\u00bb||10px|\u00bb link_option_url=\u00bbhttps:\/\/alicante.salesianos.edu\/colegio\/seguro\/\u00bb disabled=\u00bbon\u00bb global_colors_info=\u00bb{}\u00bb]<\/p>\n<p>Para que tus hijos est\u00e9n siempre protegidos. De car\u00e1cter voluntario hasta 2\u00ba ESO y obligatorio por ley de 3\u00ba ESO en adelante.<\/p>\n<p>[\/et_pb_blurb][et_pb_blurb title=\u00bbAula matinal y permanencia\u00bb url=\u00bbhttps:\/\/granada.salesianos.edu\/colegio\/aula-matinal-y-permanencia\/\u00bb use_icon=\u00bbon\u00bb font_icon=\u00bb&#xe102;||divi||400&#8243; icon_color=\u00bb#ffffff\u00bb icon_placement=\u00bbleft\u00bb _builder_version=\u00bb4.16&#8243; header_level=\u00bbh3&#8243; header_font=\u00bb|300|||||||\u00bb header_font_size=\u00bb21px\u00bb body_font=\u00bb||||||||\u00bb body_font_size=\u00bb15px\u00bb body_line_height=\u00bb1.3em\u00bb background_layout=\u00bbdark\u00bb custom_margin=\u00bb|||\u00bb custom_padding=\u00bb||10px|\u00bb link_option_url=\u00bbhttps:\/\/granada.salesianos.edu\/colegio\/aula-matinal-y-permanencia\/\u00bb global_colors_info=\u00bb{}\u00bb]<\/p>\n<p>Porque no siempre es f\u00e1cil cuadrar horarios, ofrecemos servicio de atenci\u00f3n matinal y al acabar las clases para las familias que lo necesiten.<\/p>\n<p>[\/et_pb_blurb][et_pb_blurb title=\u00bbVenta de libros\u00bb use_icon=\u00bbon\u00bb font_icon=\u00bb&#xe015;||divi||400&#8243; icon_color=\u00bb#ffffff\u00bb icon_placement=\u00bbleft\u00bb _builder_version=\u00bb4.16&#8243; header_level=\u00bbh3&#8243; header_font=\u00bb|300|||||||\u00bb header_font_size=\u00bb21px\u00bb body_font=\u00bb||||||||\u00bb body_font_size=\u00bb15px\u00bb body_line_height=\u00bb1.3em\u00bb background_layout=\u00bbdark\u00bb custom_margin=\u00bb|||\u00bb custom_padding=\u00bb||10px|\u00bb global_colors_info=\u00bb{}\u00bb]<\/p>\n<p>Te ofrecemos un servicio de venta de libros de texto para que, en el caso de que tengas que comprarlos, no tengas que preocuparte por nada.<\/p>\n<p>[\/et_pb_blurb][et_pb_blurb title=\u00bbMis Apps\u00bb use_icon=\u00bbon\u00bb font_icon=\u00bb&#xe08c;||divi||400&#8243; icon_color=\u00bb#ffffff\u00bb icon_placement=\u00bbleft\u00bb _builder_version=\u00bb4.16&#8243; header_level=\u00bbh3&#8243; header_font=\u00bb|300|||||||\u00bb header_font_size=\u00bb21px\u00bb body_font=\u00bb||||||||\u00bb body_font_size=\u00bb15px\u00bb body_line_height=\u00bb1.3em\u00bb background_layout=\u00bbdark\u00bb custom_margin=\u00bb|||\u00bb custom_padding=\u00bb||10px|\u00bb global_colors_info=\u00bb{}\u00bb]Todo lo que necesitas, en un mismo lugar. Accesible desde la web tanto para las familias como para el alumnado.[\/et_pb_blurb][\/et_pb_column][\/et_pb_row][\/et_pb_section][et_pb_section fb_built=\u00bb1&#8243; fullwidth=\u00bbon\u00bb _builder_version=\u00bb4.16&#8243; background_image=\u00bbhttps:\/\/granada.salesianos.edu\/colegio\/wp-content\/uploads\/sites\/2\/2021\/01\/DJI_0002-scaled.jpg\u00bb custom_padding=\u00bb170px|0px|0px|0px\u00bb global_colors_info=\u00bb{}\u00bb][et_pb_fullwidth_header _builder_version=\u00bb4.16&#8243; background_color=\u00bbrgba(255, 255, 255, 0)\u00bb background_layout=\u00bblight\u00bb global_colors_info=\u00bb{}\u00bb button_one_text_size__hover_enabled=\u00bboff\u00bb button_two_text_size__hover_enabled=\u00bboff\u00bb button_one_text_color__hover_enabled=\u00bboff\u00bb button_two_text_color__hover_enabled=\u00bboff\u00bb button_one_border_width__hover_enabled=\u00bboff\u00bb button_two_border_width__hover_enabled=\u00bboff\u00bb button_one_border_color__hover_enabled=\u00bboff\u00bb button_two_border_color__hover_enabled=\u00bboff\u00bb button_one_border_radius__hover_enabled=\u00bboff\u00bb button_two_border_radius__hover_enabled=\u00bboff\u00bb button_one_letter_spacing__hover_enabled=\u00bboff\u00bb button_two_letter_spacing__hover_enabled=\u00bboff\u00bb button_one_bg_color__hover_enabled=\u00bboff\u00bb button_two_bg_color__hover_enabled=\u00bboff\u00bb][\/et_pb_fullwidth_header][et_pb_fullwidth_image _builder_version=\u00bb4.16&#8243; global_colors_info=\u00bb{}\u00bb][\/et_pb_fullwidth_image][\/et_pb_section][et_pb_section fb_built=\u00bb1&#8243; _builder_version=\u00bb4.16&#8243; background_color=\u00bbrgba(255,255,255,0.87)\u00bb background_image=\u00bbhttps:\/\/granada.salesianos.edu\/colegio\/wp-content\/uploads\/sites\/2\/2020\/02\/textura_admisiones-min.jpg\u00bb background_blend=\u00bbsoft-light\u00bb custom_padding=\u00bb40px|0px|39px|0px\u00bb global_colors_info=\u00bb{}\u00bb][et_pb_row module_class=\u00bb et_pb_row_fullwidth\u00bb _builder_version=\u00bb4.16&#8243; width=\u00bb94%\u00bb width_tablet=\u00bb80%\u00bb width_phone=\u00bb\u00bb width_last_edited=\u00bbon|desktop\u00bb max_width=\u00bb94%\u00bb max_width_tablet=\u00bb80%\u00bb max_width_phone=\u00bb\u00bb max_width_last_edited=\u00bbon|desktop\u00bb custom_padding=\u00bb26.375px|0px|0px|0px\u00bb make_fullwidth=\u00bbon\u00bb global_colors_info=\u00bb{}\u00bb][et_pb_column type=\u00bb4_4&#8243; _builder_version=\u00bb4.16&#8243; custom_padding=\u00bb|||\u00bb global_colors_info=\u00bb{}\u00bb custom_padding__hover=\u00bb|||\u00bb][et_pb_blurb title=\u00bbInstalaciones\u00bb url=\u00bbhttps:\/\/granada.salesianos.edu\/colegio\/instalaciones\/\u00bb use_icon=\u00bbon\u00bb font_icon=\u00bb&#xe0ef;||divi||400&#8243; icon_color=\u00bb#d31d1d\u00bb icon_placement=\u00bbleft\u00bb image_icon_width=\u00bb120px\u00bb content_max_width=\u00bb1079px\u00bb disabled_on=\u00bboff|off|off\u00bb _builder_version=\u00bb4.16&#8243; header_level=\u00bbh2&#8243; header_font=\u00bbLato|300|||||||\u00bb header_font_size=\u00bb43px\u00bb body_font=\u00bb||||||||\u00bb body_font_size=\u00bb16px\u00bb body_line_height=\u00bb1.3em\u00bb text_orientation=\u00bbcenter\u00bb custom_margin=\u00bb|||\u00bb custom_padding=\u00bb||10px|\u00bb link_option_url=\u00bbhttps:\/\/granada.salesianos.edu\/colegio\/instalaciones\/\u00bb icon_font_size=\u00bb120px\u00bb global_colors_info=\u00bb{}\u00bb]<\/p>\n<div class=\"page\" title=\"Page 20\">\n<div class=\"section\">\n<div class=\"layoutArea\">\n<div class=\"column\">\n<p>El colegio, ubicado en el barrio del Zaid\u00edn, est\u00e1 construido en una gran parcela, lo que\u00a0permite que cada etapa cuente con su propio <strong>pabell\u00f3n y dispongamos de varios patios independientes<\/strong>. Adem\u00e1s, nos permite disponer de una gran variedad de instalaciones:<\/p>\n<\/div>\n<\/div>\n<\/div>\n<\/div>\n<p>[\/et_pb_blurb][\/et_pb_column][\/et_pb_row][et_pb_row column_structure=\u00bb1_3,1_3,1_3&#8243; custom_padding_last_edited=\u00bbon|phone\u00bb module_class=\u00bb et_pb_row_fullwidth\u00bb _builder_version=\u00bb4.16&#8243; width=\u00bb94%\u00bb width_tablet=\u00bb80%\u00bb width_phone=\u00bb\u00bb width_last_edited=\u00bbon|desktop\u00bb max_width=\u00bb94%\u00bb max_width_tablet=\u00bb80%\u00bb max_width_phone=\u00bb\u00bb max_width_last_edited=\u00bbon|desktop\u00bb custom_margin=\u00bb|||\u00bb custom_padding=\u00bb|10px||160px\u00bb custom_padding_tablet=\u00bb|0px||0px\u00bb custom_padding_phone=\u00bb|0px||0px\u00bb make_fullwidth=\u00bbon\u00bb global_colors_info=\u00bb{}\u00bb][et_pb_column type=\u00bb1_3&#8243; _builder_version=\u00bb4.16&#8243; custom_padding=\u00bb|||\u00bb global_colors_info=\u00bb{}\u00bb custom_padding__hover=\u00bb|||\u00bb][et_pb_blurb title=\u00bbTeatro\u00bb use_icon=\u00bbon\u00bb font_icon=\u00bb&#x5a;||divi||400&#8243; icon_color=\u00bb#d82020&#8243; icon_placement=\u00bbleft\u00bb _builder_version=\u00bb4.16&#8243; header_level=\u00bbh3&#8243; header_font=\u00bb|300|||||||\u00bb header_font_size=\u00bb18px\u00bb body_font=\u00bb||||||||\u00bb body_line_height=\u00bb1.3em\u00bb custom_margin=\u00bb|||\u00bb custom_padding=\u00bb|||\u00bb global_colors_info=\u00bb{}\u00bb]Con espacio para m\u00e1s de 400 personas.[\/et_pb_blurb][et_pb_blurb title=\u00bbCafeter\u00eda\u00bb use_icon=\u00bbon\u00bb font_icon=\u00bb&#x5a;||divi||400&#8243; icon_color=\u00bb#d82020&#8243; icon_placement=\u00bbleft\u00bb _builder_version=\u00bb4.16&#8243; header_level=\u00bbh3&#8243; header_font=\u00bb|300|||||||\u00bb header_font_size=\u00bb18px\u00bb body_font=\u00bb||||||||\u00bb body_line_height=\u00bb1.3em\u00bb custom_margin=\u00bb|||\u00bb custom_padding=\u00bb|||\u00bb global_colors_info=\u00bb{}\u00bb]Con servicio tanto dentro como fuera del horario escolar.[\/et_pb_blurb][et_pb_blurb title=\u00bbComedor\u00bb url=\u00bbhttps:\/\/granada.salesianos.edu\/colegio\/comedor\/\u00bb use_icon=\u00bbon\u00bb font_icon=\u00bb&#x5a;||divi||400&#8243; icon_color=\u00bb#d82020&#8243; icon_placement=\u00bbleft\u00bb _builder_version=\u00bb4.16&#8243; header_level=\u00bbh3&#8243; header_font=\u00bb|300|||||||\u00bb header_font_size=\u00bb18px\u00bb body_font=\u00bb||||||||\u00bb body_line_height=\u00bb1.3em\u00bb custom_margin=\u00bb|||\u00bb custom_padding=\u00bb|||\u00bb link_option_url=\u00bbhttps:\/\/granada.salesianos.edu\/colegio\/comedor\/\u00bb global_colors_info=\u00bb{}\u00bb]<\/p>\n<p>Separado por edades con cocina propia.<\/p>\n<p>[\/et_pb_blurb][et_pb_blurb title=\u00bb3 aulas de inform\u00e1tica\u00bb use_icon=\u00bbon\u00bb font_icon=\u00bb&#x5a;||divi||400&#8243; icon_color=\u00bb#d82020&#8243; icon_placement=\u00bbleft\u00bb _builder_version=\u00bb4.16&#8243; header_level=\u00bbh3&#8243; header_font=\u00bb|300|||||||\u00bb header_font_size=\u00bb18px\u00bb body_font=\u00bb||||||||\u00bb body_line_height=\u00bb1.3em\u00bb custom_margin=\u00bb|||\u00bb custom_padding=\u00bb|||\u00bb global_colors_info=\u00bb{}\u00bb]Con 72 ordenadores y una cuarta sala en proyecto.[\/et_pb_blurb][\/et_pb_column][et_pb_column type=\u00bb1_3&#8243; _builder_version=\u00bb4.16&#8243; custom_padding=\u00bb|||\u00bb global_colors_info=\u00bb{}\u00bb custom_padding__hover=\u00bb|||\u00bb][et_pb_blurb title=\u00bbAulas espec\u00edficas\u00bb use_icon=\u00bbon\u00bb font_icon=\u00bb&#x5a;||divi||400&#8243; icon_color=\u00bb#d82020&#8243; icon_placement=\u00bbleft\u00bb _builder_version=\u00bb4.16&#8243; header_level=\u00bbh3&#8243; header_font=\u00bb|300|||||||\u00bb header_font_size=\u00bb18px\u00bb body_font=\u00bb||||||||\u00bb body_line_height=\u00bb1.3em\u00bb custom_margin=\u00bb|||\u00bb custom_padding=\u00bb|||\u00bb global_colors_info=\u00bb{}\u00bb]<\/p>\n<p>Para las asignaturas de m\u00fasica, tecnolog\u00eda, dibujo t\u00e9cnico&#8230;<\/p>\n<p>[\/et_pb_blurb][et_pb_blurb title=\u00bbBiblioteca\u00bb use_icon=\u00bbon\u00bb font_icon=\u00bb&#x5a;||divi||400&#8243; icon_color=\u00bb#d82020&#8243; icon_placement=\u00bbleft\u00bb _builder_version=\u00bb4.16&#8243; header_level=\u00bbh3&#8243; header_font=\u00bb|300|||||||\u00bb header_font_size=\u00bb18px\u00bb body_font=\u00bb||||||||\u00bb body_line_height=\u00bb1.3em\u00bb custom_margin=\u00bb|||\u00bb custom_padding=\u00bb|||\u00bb global_colors_info=\u00bb{}\u00bb]Con 24 ordenadores.[\/et_pb_blurb][et_pb_blurb title=\u00bbLaboratorio\u00bb use_icon=\u00bbon\u00bb font_icon=\u00bb&#x5a;||divi||400&#8243; icon_color=\u00bb#d82020&#8243; icon_placement=\u00bbleft\u00bb _builder_version=\u00bb4.16&#8243; header_level=\u00bbh3&#8243; header_font=\u00bb|300|||||||\u00bb header_font_size=\u00bb18px\u00bb body_font=\u00bb||||||||\u00bb body_line_height=\u00bb1.3em\u00bb custom_margin=\u00bb|||\u00bb custom_padding=\u00bb|||\u00bb global_colors_info=\u00bb{}\u00bb]De qu\u00edmica, f\u00edsica y biolog\u00eda.[\/et_pb_blurb][et_pb_blurb title=\u00bbGimnasio\u00bb use_icon=\u00bbon\u00bb font_icon=\u00bb&#x5a;||divi||400&#8243; icon_color=\u00bb#d82020&#8243; icon_placement=\u00bbleft\u00bb _builder_version=\u00bb4.16&#8243; header_level=\u00bbh3&#8243; header_font=\u00bb|300|||||||\u00bb header_font_size=\u00bb18px\u00bb body_font=\u00bb||||||||\u00bb body_line_height=\u00bb1.3em\u00bb custom_margin=\u00bb|||\u00bb custom_padding=\u00bb|||\u00bb global_colors_info=\u00bb{}\u00bb][\/et_pb_blurb][et_pb_blurb title=\u00bbAula de psicomotricidad\u00bb use_icon=\u00bbon\u00bb font_icon=\u00bb&#x5a;||divi||400&#8243; icon_color=\u00bb#d82020&#8243; icon_placement=\u00bbleft\u00bb _builder_version=\u00bb4.16&#8243; header_level=\u00bbh3&#8243; header_font=\u00bb|300|||||||\u00bb header_font_size=\u00bb18px\u00bb body_font=\u00bb||||||||\u00bb body_line_height=\u00bb1.3em\u00bb custom_margin=\u00bb|||\u00bb custom_padding=\u00bb|||\u00bb global_colors_info=\u00bb{}\u00bb][\/et_pb_blurb][\/et_pb_column][et_pb_column type=\u00bb1_3&#8243; _builder_version=\u00bb4.16&#8243; custom_padding=\u00bb|||\u00bb global_colors_info=\u00bb{}\u00bb custom_padding__hover=\u00bb|||\u00bb][et_pb_blurb title=\u00bbIglesia de Mar\u00eda Auxiliadora\u00bb use_icon=\u00bbon\u00bb font_icon=\u00bb&#x5a;||divi||400&#8243; icon_color=\u00bb#d82020&#8243; icon_placement=\u00bbleft\u00bb _builder_version=\u00bb4.16&#8243; header_level=\u00bbh3&#8243; header_font=\u00bb|300|||||||\u00bb header_font_size=\u00bb18px\u00bb body_font=\u00bb||||||||\u00bb body_line_height=\u00bb1.3em\u00bb custom_margin=\u00bb|||\u00bb custom_padding=\u00bb|||\u00bb global_colors_info=\u00bb{}\u00bb]<\/p>\n<p>Iglesia donde tienen lugar las celebraciones.<\/p>\n<p>[\/et_pb_blurb][et_pb_blurb title=\u00bbCentro Juvenil\u00bb use_icon=\u00bbon\u00bb font_icon=\u00bb&#x5a;||divi||400&#8243; icon_color=\u00bb#d82020&#8243; icon_placement=\u00bbleft\u00bb _builder_version=\u00bb4.16&#8243; header_level=\u00bbh3&#8243; header_font=\u00bb|300|||||||\u00bb header_font_size=\u00bb18px\u00bb body_font=\u00bb||||||||\u00bb body_line_height=\u00bb1.3em\u00bb custom_margin=\u00bb|||\u00bb custom_padding=\u00bb|||\u00bb global_colors_info=\u00bb{}\u00bb][\/et_pb_blurb][et_pb_blurb title=\u00bbPistas deportivas\u00bb use_icon=\u00bbon\u00bb font_icon=\u00bb&#x5a;||divi||400&#8243; icon_color=\u00bb#d82020&#8243; icon_placement=\u00bbleft\u00bb _builder_version=\u00bb4.16&#8243; header_level=\u00bbh3&#8243; header_font=\u00bb|300|||||||\u00bb header_font_size=\u00bb18px\u00bb body_font=\u00bb||||||||\u00bb body_line_height=\u00bb1.3em\u00bb custom_margin=\u00bb|||\u00bb custom_padding=\u00bb|||\u00bb global_colors_info=\u00bb{}\u00bb]<\/p>\n<ul>\n<li>Pabell\u00f3n cubierto<\/li>\n<li>4 campos de futbito.<\/li>\n<li>4 pistas de baloncesto.<\/li>\n<li>2 pistas de volleyball.<\/li>\n<\/ul>\n<p>[\/et_pb_blurb][et_pb_blurb title=\u00bbSala de Mar\u00eda Auxiliadora\u00bb use_icon=\u00bbon\u00bb font_icon=\u00bb&#x5a;||divi||400&#8243; icon_color=\u00bb#d82020&#8243; icon_placement=\u00bbleft\u00bb _builder_version=\u00bb4.16&#8243; header_level=\u00bbh3&#8243; header_font=\u00bb|300|||||||\u00bb header_font_size=\u00bb18px\u00bb body_font=\u00bb||||||||\u00bb body_line_height=\u00bb1.3em\u00bb custom_margin=\u00bb|||\u00bb custom_padding=\u00bb|||\u00bb global_colors_info=\u00bb{}\u00bb]<\/p>\n<p>Con aforo para 80 personas.<\/p>\n<p>[\/et_pb_blurb][et_pb_blurb title=\u00bbResidencia de los Salesianos\u00bb use_icon=\u00bbon\u00bb font_icon=\u00bb&#x5a;||divi||400&#8243; icon_color=\u00bb#d82020&#8243; icon_placement=\u00bbleft\u00bb _builder_version=\u00bb4.16&#8243; header_level=\u00bbh3&#8243; header_font=\u00bb|300|||||||\u00bb header_font_size=\u00bb18px\u00bb body_font=\u00bb||||||||\u00bb body_line_height=\u00bb1.3em\u00bb custom_margin=\u00bb|||\u00bb custom_padding=\u00bb|||\u00bb global_colors_info=\u00bb{}\u00bb][\/et_pb_blurb][\/et_pb_column][\/et_pb_row][\/et_pb_section][et_pb_section fb_built=\u00bb1&#8243; fullwidth=\u00bbon\u00bb _builder_version=\u00bb4.16&#8243; background_image=\u00bbhttps:\/\/granada.salesianos.edu\/colegio\/wp-content\/uploads\/sites\/2\/2020\/12\/pistas-exteriores-salesianos-granada-3.jpg\u00bb custom_padding=\u00bb217px|0px|0px|0px\u00bb global_colors_info=\u00bb{}\u00bb][et_pb_fullwidth_header _builder_version=\u00bb4.16&#8243; background_color=\u00bbrgba(255, 255, 255, 0)\u00bb background_layout=\u00bblight\u00bb global_colors_info=\u00bb{}\u00bb button_one_text_size__hover_enabled=\u00bboff\u00bb button_two_text_size__hover_enabled=\u00bboff\u00bb button_one_text_color__hover_enabled=\u00bboff\u00bb button_two_text_color__hover_enabled=\u00bboff\u00bb button_one_border_width__hover_enabled=\u00bboff\u00bb button_two_border_width__hover_enabled=\u00bboff\u00bb button_one_border_color__hover_enabled=\u00bboff\u00bb button_two_border_color__hover_enabled=\u00bboff\u00bb button_one_border_radius__hover_enabled=\u00bboff\u00bb button_two_border_radius__hover_enabled=\u00bboff\u00bb button_one_letter_spacing__hover_enabled=\u00bboff\u00bb button_two_letter_spacing__hover_enabled=\u00bboff\u00bb button_one_bg_color__hover_enabled=\u00bboff\u00bb button_two_bg_color__hover_enabled=\u00bboff\u00bb][\/et_pb_fullwidth_header][et_pb_fullwidth_image _builder_version=\u00bb4.16&#8243; global_colors_info=\u00bb{}\u00bb][\/et_pb_fullwidth_image][\/et_pb_section][et_pb_section fb_built=\u00bb1&#8243; specialty=\u00bbon\u00bb disabled_on=\u00bbon|on|on\u00bb _builder_version=\u00bb4.16&#8243; use_background_color_gradient=\u00bbon\u00bb background_color_gradient_direction=\u00bb90deg\u00bb background_color_gradient_stops=\u00bbrgba(255,255,255,0.22) 0%|rgba(255,255,255,0.81) 54%\u00bb background_color_gradient_start=\u00bbrgba(255,255,255,0.22)\u00bb background_color_gradient_end=\u00bbrgba(255,255,255,0.81)\u00bb background_color_gradient_end_position=\u00bb54%\u00bb background_image=\u00bbhttps:\/\/granada.salesianos.edu\/colegio\/wp-content\/uploads\/sites\/2\/2020\/02\/portada_arbol_mjs-min.jpg\u00bb background_blend=\u00bbsoft-light\u00bb custom_padding=\u00bb35px|0px|50px|0px|false|false\u00bb bottom_divider_style=\u00bbwave2&#8243; bottom_divider_color=\u00bb#fc237a\u00bb disabled=\u00bbon\u00bb global_colors_info=\u00bb{}\u00bb][et_pb_column type=\u00bb1_2&#8243; _builder_version=\u00bb4.16&#8243; custom_padding=\u00bb|||\u00bb global_colors_info=\u00bb{}\u00bb custom_padding__hover=\u00bb|||\u00bb][et_pb_divider show_divider=\u00bboff\u00bb _builder_version=\u00bb4.16&#8243; global_colors_info=\u00bb{}\u00bb][\/et_pb_divider][et_pb_image src=\u00bbhttps:\/\/alicante.salesianos.edu\/wp-content\/uploads\/2017\/09\/Cartel-MJS-Alicante-16-17-min.jpg\u00bb show_in_lightbox=\u00bbon\u00bb align_tablet=\u00bbcenter\u00bb align_phone=\u00bb\u00bb align_last_edited=\u00bbon|desktop\u00bb disabled_on=\u00bboff|off|off\u00bb _builder_version=\u00bb4.16&#8243; box_shadow_style=\u00bbpreset3&#8243; box_shadow_vertical=\u00bb-10px\u00bb global_colors_info=\u00bb{}\u00bb][\/et_pb_image][et_pb_divider show_divider=\u00bboff\u00bb _builder_version=\u00bb4.16&#8243; global_colors_info=\u00bb{}\u00bb][\/et_pb_divider][et_pb_image src=\u00bbhttps:\/\/alicante.salesianos.edu\/wp-content\/uploads\/2017\/09\/mjs.png\u00bb url=\u00bbhttps:\/\/alicante.salesianos.edu\/mjs\/\u00bb align=\u00bbcenter\u00bb align_tablet=\u00bbcenter\u00bb align_phone=\u00bb\u00bb align_last_edited=\u00bbon|desktop\u00bb disabled_on=\u00bbon|on|off\u00bb _builder_version=\u00bb4.16&#8243; global_colors_info=\u00bb{}\u00bb][\/et_pb_image][\/et_pb_column][et_pb_column type=\u00bb1_2&#8243; specialty_columns=\u00bb2&#8243; _builder_version=\u00bb4.16&#8243; custom_padding=\u00bb|||\u00bb global_colors_info=\u00bb{}\u00bb custom_padding__hover=\u00bb|||\u00bb][et_pb_row_inner column_structure=\u00bbundefined\u00bb _builder_version=\u00bb4.16&#8243; global_colors_info=\u00bb{}\u00bb][et_pb_column_inner type=\u00bbundefined\u00bb saved_specialty_column_type=\u00bb1_2&#8243; _builder_version=\u00bb4.16&#8243; custom_padding=\u00bb|||\u00bb global_colors_info=\u00bb{}\u00bb parallax__hover=\u00bboff\u00bb parallax_method__hover=\u00bbon\u00bb custom_padding__hover=\u00bb|||\u00bb][et_pb_text module_class=\u00bbpagina-texto-light\u00bb _builder_version=\u00bb4.16&#8243; text_font=\u00bb|300|||||||\u00bb text_text_color=\u00bb#e02b20&#8243; text_font_size=\u00bb29px\u00bb header_font=\u00bb||||||||\u00bb header_2_font=\u00bbLato|300|||||||\u00bb header_2_text_color=\u00bb#fc235d\u00bb header_2_font_size=\u00bb32px\u00bb custom_margin=\u00bb|||\u00bb custom_padding=\u00bb|||\u00bb global_colors_info=\u00bb{}\u00bb]<\/p>\n<h2>Mucho m\u00e1s que un colegio&#8230;<\/h2>\n<p>[\/et_pb_text][et_pb_text _builder_version=\u00bb4.16&#8243; text_font=\u00bb||||||||\u00bb link_font=\u00bb||||||||\u00bb link_text_color=\u00bb#ff234b\u00bb global_colors_info=\u00bb{}\u00bb]<\/p>\n<p style=\"text-align: justify;\">El Colegio Don Bosco es solo una peque\u00f1a parte de la <strong>Obra Salesiana de Alicante<\/strong>. Y es que, cuando eliges este colegio para tus hijos, realmente est\u00e1s eligiendo mucho m\u00e1s. Est\u00e1s eligiendo <strong>un lugar lleno vida<\/strong>, que les acoge y les ayuda a crecer como personas desde <strong>m\u00faltiples ambientes<\/strong>. Esto, sin duda, confiere un <strong>valor a\u00f1adido<\/strong> a nuestra <a href=\"https:\/\/alicante.salesianos.edu\/colegio\/propuesta-educativa\/\">propuesta educativa<\/a>.<\/p>\n<p>[\/et_pb_text][et_pb_blurb title=\u00bbCentros Juveniles\u00bb url=\u00bbhttps:\/\/alicante.salesianos.edu\/centrojuvenil\/\u00bb use_icon=\u00bbon\u00bb font_icon=\u00bb&#x50;||divi||400&#8243; icon_color=\u00bb#ff234b\u00bb icon_placement=\u00bbleft\u00bb _builder_version=\u00bb4.16&#8243; header_level=\u00bbh3&#8243; header_font=\u00bb|300|||||||\u00bb header_text_color=\u00bb#ff234b\u00bb header_font_size=\u00bb18px\u00bb body_font=\u00bb||||||||\u00bb body_line_height=\u00bb1.3em\u00bb custom_margin=\u00bb|||\u00bb custom_padding=\u00bb|||\u00bb global_colors_info=\u00bb{}\u00bb]<\/p>\n<p>Contamos con 3 centros juveniles como <strong>oferta de ocio y tiempo libre<\/strong>: <a href=\"https:\/\/alicante.salesianos.edu\/centrojuvenil\/ajdb\/\"><span style=\"color: #ff234b;\">AJDB<\/span><\/a>, <a href=\"https:\/\/alicante.salesianos.edu\/centrojuvenil\/tucuman-7\/\"><span style=\"color: #ff234b;\">Tucum\u00e1n 7<\/span><\/a> y <span style=\"color: #ff234b;\"><a style=\"color: #ff234b;\" href=\"https:\/\/alicante.salesianos.edu\/centrojuvenil\/scouts-impeesa\/\">Scouts Impeesa<\/a><\/span>.<\/p>\n<p>[\/et_pb_blurb][et_pb_blurb title=\u00bbItinerario de Educaci\u00f3n en la Fe\u00bb url=\u00bbhttps:\/\/alicante.salesianos.edu\/comfya\/\u00bb use_icon=\u00bbon\u00bb font_icon=\u00bb&#x50;||divi||400&#8243; icon_color=\u00bb#ff234b\u00bb icon_placement=\u00bbleft\u00bb _builder_version=\u00bb4.16&#8243; header_level=\u00bbh3&#8243; header_font=\u00bb|300|||||||\u00bb header_text_color=\u00bb#ff234b\u00bb header_font_size=\u00bb18px\u00bb body_font=\u00bb||||||||\u00bb body_line_height=\u00bb1.3em\u00bb custom_margin=\u00bb|||\u00bb custom_padding=\u00bb|||\u00bb link_option_url=\u00bbhttps:\/\/alicante.salesianos.edu\/comfya\/\u00bb global_colors_info=\u00bb{}\u00bb]Un completo proceso de crecimiento y maduraci\u00f3n en la Fe que empieza con la <strong>catequesis de comuni\u00f3n\/confirmaci\u00f3n<\/strong> (Grupos Comfya) y contin\u00faa con una propuesta m\u00e1s madura en <strong>grupos de Fe<\/strong> (Comfya+).[\/et_pb_blurb][et_pb_blurb title=\u00bbPlataformas Sociales\u00bb url=\u00bbhttps:\/\/alicante.salesianos.edu\/social\/\u00bb use_icon=\u00bbon\u00bb font_icon=\u00bb&#x50;||divi||400&#8243; icon_color=\u00bb#ff234b\u00bb icon_placement=\u00bbleft\u00bb _builder_version=\u00bb4.16&#8243; header_level=\u00bbh3&#8243; header_font=\u00bb|300|||||||\u00bb header_text_color=\u00bb#ff234b\u00bb header_font_size=\u00bb18px\u00bb body_font=\u00bb||||||||\u00bb body_line_height=\u00bb1.3em\u00bb custom_margin=\u00bb|||\u00bb custom_padding=\u00bb|||\u00bb global_colors_info=\u00bb{}\u00bb]<strong><span style=\"color: #ff234b;\"><a style=\"color: #ff234b;\" href=\"https:\/\/alicante.salesianos.edu\/social\/piso-don-bosco\/\">Piso Don Bosco (FISAT)<\/a><\/span><\/strong>, <a style=\"color: #ff234b;\" href=\"https:\/\/jovenesydesarrollo.org\" target=\"_blank\" rel=\"noopener noreferrer\" title=\"Ir a la web de J\u00f3venes y Desarrollo\">ONGD J\u00f3venes y Desarrollo<\/a>, proyecto <span style=\"color: #ff234b;\"><a style=\"color: #ff234b;\" href=\"https:\/\/alicante.salesianos.edu\/sos-siria\/\">SOS Siria<\/a><\/span>, Gaia acogimiento familiar, experiencias de <a href=\"https:\/\/alicante.salesianos.edu\/colegio\/voluntariado\/\"><span style=\"color: #ff234b;\">voluntariado<\/span><\/a>, trabajo en red&#8230;[\/et_pb_blurb][et_pb_blurb title=\u00bbHoguera Don Bosco\u00bb use_icon=\u00bbon\u00bb font_icon=\u00bb&#x50;||divi||400&#8243; icon_color=\u00bb#ff234b\u00bb icon_placement=\u00bbleft\u00bb _builder_version=\u00bb4.16&#8243; header_level=\u00bbh3&#8243; header_font=\u00bb|300|||||||\u00bb header_text_color=\u00bb#ff234b\u00bb header_font_size=\u00bb18px\u00bb body_font=\u00bb||||||||\u00bb body_line_height=\u00bb1.3em\u00bb custom_margin=\u00bb|||\u00bb custom_padding=\u00bb|||\u00bb global_colors_info=\u00bb{}\u00bb]Si te gusta el mundo de la fiesta alicantina y quieres vivir las <strong>hogueras<\/strong> con intensidad y alegr\u00eda, este es tu sitio.[\/et_pb_blurb][et_pb_blurb title=\u00bbHermandad de la Santa Cena\u00bb use_icon=\u00bbon\u00bb font_icon=\u00bb&#x50;||divi||400&#8243; icon_color=\u00bb#ff234b\u00bb icon_placement=\u00bbleft\u00bb _builder_version=\u00bb4.16&#8243; header_level=\u00bbh3&#8243; header_font=\u00bb|300|||||||\u00bb header_text_color=\u00bb#ff234b\u00bb header_font_size=\u00bb18px\u00bb body_font=\u00bb||||||||\u00bb body_line_height=\u00bb1.3em\u00bb custom_margin=\u00bb|||\u00bb custom_padding=\u00bb|||\u00bb global_colors_info=\u00bb{}\u00bb]Cofrad\u00eda que lleva el paso m\u00e1s grande de Alicante. Para vivir la <strong>Semana Santa<\/strong> en clave Salesiana.[\/et_pb_blurb][et_pb_blurb title=\u00bbComunidad Cristiana\u00bb use_icon=\u00bbon\u00bb font_icon=\u00bb&#x50;||divi||400&#8243; icon_color=\u00bb#ff234b\u00bb icon_placement=\u00bbleft\u00bb _builder_version=\u00bb4.16&#8243; header_level=\u00bbh3&#8243; header_font=\u00bb|300|||||||\u00bb header_text_color=\u00bb#ff234b\u00bb header_font_size=\u00bb18px\u00bb body_font=\u00bb||||||||\u00bb body_line_height=\u00bb1.3em\u00bb custom_margin=\u00bb|||\u00bb custom_padding=\u00bb|||\u00bb global_colors_info=\u00bb{}\u00bb]Vive tu Fe y la de tu familia en comunidad, en el <strong>Templo Don Bosco<\/strong> o en la <strong>Parroquia M\u00aa Auxiliadora<\/strong> (C\/ Tucum\u00e1n, 7).[\/et_pb_blurb][et_pb_blurb title=\u00bbY mucho m\u00e1s&#8230;\u00bb use_icon=\u00bbon\u00bb font_icon=\u00bb&#x50;||divi||400&#8243; icon_color=\u00bb#ff234b\u00bb icon_placement=\u00bbleft\u00bb _builder_version=\u00bb4.16&#8243; header_level=\u00bbh3&#8243; header_font=\u00bb|300|||||||\u00bb header_text_color=\u00bb#ff234b\u00bb header_font_size=\u00bb18px\u00bb body_font=\u00bb||||||||\u00bb body_line_height=\u00bb1.3em\u00bb custom_margin=\u00bb|||\u00bb custom_padding=\u00bb|||\u00bb global_colors_info=\u00bb{}\u00bb][\/et_pb_blurb][et_pb_image src=\u00bbhttps:\/\/alicante.salesianos.edu\/wp-content\/uploads\/2017\/09\/Cartel-MJS-Alicante-16-17-min.jpg\u00bb show_in_lightbox=\u00bbon\u00bb align_tablet=\u00bbcenter\u00bb align_phone=\u00bb\u00bb align_last_edited=\u00bbon|desktop\u00bb disabled_on=\u00bboff|off|on\u00bb _builder_version=\u00bb4.16&#8243; custom_margin=\u00bb|||\u00bb custom_padding=\u00bb20px|||\u00bb box_shadow_style=\u00bbpreset3&#8243; box_shadow_vertical=\u00bb-10px\u00bb global_colors_info=\u00bb{}\u00bb][\/et_pb_image][\/et_pb_column_inner][\/et_pb_row_inner][\/et_pb_column][\/et_pb_section][et_pb_section fb_built=\u00bb1&#8243; specialty=\u00bbon\u00bb custom_padding_last_edited=\u00bbon|phone\u00bb next_background_color=\u00bb#fc237a\u00bb disabled_on=\u00bbon|on|on\u00bb _builder_version=\u00bb4.16&#8243; background_color=\u00bbrgba(255,255,255,0.87)\u00bb background_color_gradient_direction=\u00bb90deg\u00bb background_image=\u00bbhttps:\/\/granada.salesianos.edu\/colegio\/wp-content\/uploads\/sites\/2\/2020\/02\/portada_arbol_mjs-min.jpg\u00bb background_blend=\u00bbsoft-light\u00bb custom_padding=\u00bb35px|0px|50px|0px|false|false\u00bb custom_padding_tablet=\u00bb\u00bb custom_padding_phone=\u00bb0px|||\u00bb bottom_divider_style=\u00bbwave2&#8243; disabled=\u00bbon\u00bb global_colors_info=\u00bb{}\u00bb][et_pb_column type=\u00bb1_2&#8243; _builder_version=\u00bb4.16&#8243; custom_padding=\u00bb|||\u00bb global_colors_info=\u00bb{}\u00bb custom_padding__hover=\u00bb|||\u00bb][et_pb_divider show_divider=\u00bboff\u00bb _builder_version=\u00bb4.16&#8243; global_colors_info=\u00bb{}\u00bb][\/et_pb_divider][et_pb_image src=\u00bbhttps:\/\/alicante.salesianos.edu\/wp-content\/uploads\/2017\/09\/Cartel-MJS-Alicante-16-17-min.jpg\u00bb show_in_lightbox=\u00bbon\u00bb align_tablet=\u00bbcenter\u00bb align_phone=\u00bb\u00bb align_last_edited=\u00bbon|desktop\u00bb disabled_on=\u00bbon|on|off\u00bb _builder_version=\u00bb4.16&#8243; box_shadow_style=\u00bbpreset3&#8243; box_shadow_vertical=\u00bb-10px\u00bb global_colors_info=\u00bb{}\u00bb][\/et_pb_image][et_pb_divider show_divider=\u00bboff\u00bb _builder_version=\u00bb4.16&#8243; global_colors_info=\u00bb{}\u00bb][\/et_pb_divider][et_pb_image src=\u00bbhttps:\/\/alicante.salesianos.edu\/wp-content\/uploads\/2017\/09\/mjs.png\u00bb url=\u00bbhttps:\/\/alicante.salesianos.edu\/mjs\/\u00bb align=\u00bbcenter\u00bb align_tablet=\u00bbcenter\u00bb align_phone=\u00bb\u00bb align_last_edited=\u00bbon|desktop\u00bb disabled_on=\u00bbon|on|off\u00bb _builder_version=\u00bb4.16&#8243; global_colors_info=\u00bb{}\u00bb][\/et_pb_image][\/et_pb_column][et_pb_column type=\u00bb1_2&#8243; specialty_columns=\u00bb2&#8243; _builder_version=\u00bb4.16&#8243; custom_padding=\u00bb|||\u00bb global_colors_info=\u00bb{}\u00bb custom_padding__hover=\u00bb|||\u00bb][et_pb_row_inner column_structure=\u00bbundefined\u00bb _builder_version=\u00bb4.16&#8243; custom_padding=\u00bb0px|0px|28.890625px|0px\u00bb global_colors_info=\u00bb{}\u00bb][et_pb_column_inner type=\u00bbundefined\u00bb saved_specialty_column_type=\u00bb1_2&#8243; _builder_version=\u00bb4.16&#8243; custom_padding=\u00bb|||\u00bb global_colors_info=\u00bb{}\u00bb parallax__hover=\u00bboff\u00bb parallax_method__hover=\u00bbon\u00bb custom_padding__hover=\u00bb|||\u00bb][et_pb_text module_class=\u00bbpagina-texto-light\u00bb _builder_version=\u00bb4.16&#8243; text_font=\u00bb|300|||||||\u00bb text_text_color=\u00bb#e02b20&#8243; text_font_size=\u00bb29px\u00bb header_font=\u00bb||||||||\u00bb header_2_font=\u00bbLato|300|||||||\u00bb header_2_text_color=\u00bb#fc235d\u00bb header_2_font_size=\u00bb32px\u00bb custom_margin=\u00bb|||\u00bb custom_padding=\u00bb|||\u00bb global_colors_info=\u00bb{}\u00bb]<\/p>\n<h2>Mucho m\u00e1s que un colegio&#8230;<\/h2>\n<p>[\/et_pb_text][et_pb_text _builder_version=\u00bb4.16&#8243; text_font=\u00bb||||||||\u00bb link_font=\u00bb||||||||\u00bb link_text_color=\u00bb#ff234b\u00bb global_colors_info=\u00bb{}\u00bb]<\/p>\n<p style=\"text-align: justify;\">El Colegio Don Bosco es solo una peque\u00f1a parte de la <strong>Obra Salesiana de Alicante<\/strong>. Y es que, cuando eliges este colegio para tus hijos, realmente est\u00e1s eligiendo mucho m\u00e1s. Est\u00e1s eligiendo <strong>un lugar lleno vida<\/strong>, que les acoge y les ayuda a crecer como personas desde <strong>m\u00faltiples ambientes<\/strong>. Esto, sin duda, confiere un <strong>valor a\u00f1adido<\/strong> a nuestra <a href=\"https:\/\/alicante.salesianos.edu\/colegio\/propuesta-educativa\/\">propuesta educativa<\/a>.<\/p>\n<p>[\/et_pb_text][et_pb_blurb title=\u00bbCentros Juveniles\u00bb url=\u00bbhttps:\/\/alicante.salesianos.edu\/centrojuvenil\/\u00bb use_icon=\u00bbon\u00bb font_icon=\u00bb&#x50;||divi||400&#8243; icon_color=\u00bb#ff234b\u00bb icon_placement=\u00bbleft\u00bb _builder_version=\u00bb4.16&#8243; header_level=\u00bbh3&#8243; header_font=\u00bb|300|||||||\u00bb header_text_color=\u00bb#ff234b\u00bb header_font_size=\u00bb18px\u00bb body_font=\u00bb||||||||\u00bb body_line_height=\u00bb1.3em\u00bb custom_margin=\u00bb|||\u00bb custom_padding=\u00bb|||\u00bb global_colors_info=\u00bb{}\u00bb]<\/p>\n<p>Contamos con 3 centros juveniles como <strong>oferta de ocio y tiempo libre<\/strong>: <a href=\"https:\/\/alicante.salesianos.edu\/centrojuvenil\/ajdb\/\"><span style=\"color: #ff234b;\">AJDB<\/span><\/a>, <a href=\"https:\/\/alicante.salesianos.edu\/centrojuvenil\/tucuman-7\/\"><span style=\"color: #ff234b;\">Tucum\u00e1n 7<\/span><\/a> y <span style=\"color: #ff234b;\"><a style=\"color: #ff234b;\" href=\"https:\/\/alicante.salesianos.edu\/centrojuvenil\/scouts-impeesa\/\">Scouts Impeesa<\/a><\/span>.<\/p>\n<p>[\/et_pb_blurb][et_pb_blurb title=\u00bbItinerario de Educaci\u00f3n en la Fe\u00bb url=\u00bbhttps:\/\/alicante.salesianos.edu\/comfya\/\u00bb use_icon=\u00bbon\u00bb font_icon=\u00bb&#x50;||divi||400&#8243; icon_color=\u00bb#ff234b\u00bb icon_placement=\u00bbleft\u00bb _builder_version=\u00bb4.16&#8243; header_level=\u00bbh3&#8243; header_font=\u00bb|300|||||||\u00bb header_text_color=\u00bb#ff234b\u00bb header_font_size=\u00bb18px\u00bb body_font=\u00bb||||||||\u00bb body_line_height=\u00bb1.3em\u00bb custom_margin=\u00bb|||\u00bb custom_padding=\u00bb|||\u00bb link_option_url=\u00bbhttps:\/\/alicante.salesianos.edu\/comfya\/\u00bb global_colors_info=\u00bb{}\u00bb]Un completo proceso de crecimiento y maduraci\u00f3n en la Fe que empieza con la <strong>catequesis de comuni\u00f3n\/confirmaci\u00f3n<\/strong> (Grupos Comfya) y contin\u00faa con una propuesta m\u00e1s madura en <strong>grupos de Fe<\/strong> (Comfya+).[\/et_pb_blurb][et_pb_blurb title=\u00bbPlataformas Sociales\u00bb url=\u00bbhttps:\/\/alicante.salesianos.edu\/social\/\u00bb use_icon=\u00bbon\u00bb font_icon=\u00bb&#x50;||divi||400&#8243; icon_color=\u00bb#ff234b\u00bb icon_placement=\u00bbleft\u00bb _builder_version=\u00bb4.16&#8243; header_level=\u00bbh3&#8243; header_font=\u00bb|300|||||||\u00bb header_text_color=\u00bb#ff234b\u00bb header_font_size=\u00bb18px\u00bb body_font=\u00bb||||||||\u00bb body_line_height=\u00bb1.3em\u00bb custom_margin=\u00bb|||\u00bb custom_padding=\u00bb|||\u00bb global_colors_info=\u00bb{}\u00bb]<strong><span style=\"color: #ff234b;\"><a style=\"color: #ff234b;\" href=\"https:\/\/alicante.salesianos.edu\/social\/piso-don-bosco\/\">Piso Don Bosco (FISAT)<\/a><\/span><\/strong>, <a style=\"color: #ff234b;\" href=\"https:\/\/jovenesydesarrollo.org\" target=\"_blank\" rel=\"noopener noreferrer\" title=\"Ir a la web de J\u00f3venes y Desarrollo\">ONGD J\u00f3venes y Desarrollo<\/a>, proyecto <span style=\"color: #ff234b;\"><a style=\"color: #ff234b;\" href=\"https:\/\/alicante.salesianos.edu\/sos-siria\/\">SOS Siria<\/a><\/span>, Gaia acogimiento familiar, experiencias de <a href=\"https:\/\/alicante.salesianos.edu\/colegio\/voluntariado\/\"><span style=\"color: #ff234b;\">voluntariado<\/span><\/a>, trabajo en red&#8230;[\/et_pb_blurb][et_pb_blurb title=\u00bbHoguera Don Bosco\u00bb use_icon=\u00bbon\u00bb font_icon=\u00bb&#x50;||divi||400&#8243; icon_color=\u00bb#ff234b\u00bb icon_placement=\u00bbleft\u00bb _builder_version=\u00bb4.16&#8243; header_level=\u00bbh3&#8243; header_font=\u00bb|300|||||||\u00bb header_text_color=\u00bb#ff234b\u00bb header_font_size=\u00bb18px\u00bb body_font=\u00bb||||||||\u00bb body_line_height=\u00bb1.3em\u00bb custom_margin=\u00bb|||\u00bb custom_padding=\u00bb|||\u00bb global_colors_info=\u00bb{}\u00bb]Si te gusta el mundo de la fiesta alicantina y quieres vivir las <strong>hogueras<\/strong> con intensidad y alegr\u00eda, este es tu sitio.[\/et_pb_blurb][et_pb_blurb title=\u00bbHermandad de la Santa Cena\u00bb use_icon=\u00bbon\u00bb font_icon=\u00bb&#x50;||divi||400&#8243; icon_color=\u00bb#ff234b\u00bb icon_placement=\u00bbleft\u00bb _builder_version=\u00bb4.16&#8243; header_level=\u00bbh3&#8243; header_font=\u00bb|300|||||||\u00bb header_text_color=\u00bb#ff234b\u00bb header_font_size=\u00bb18px\u00bb body_font=\u00bb||||||||\u00bb body_line_height=\u00bb1.3em\u00bb custom_margin=\u00bb|||\u00bb custom_padding=\u00bb|||\u00bb global_colors_info=\u00bb{}\u00bb]Cofrad\u00eda que lleva el paso m\u00e1s grande de Alicante. Para vivir la <strong>Semana Santa<\/strong> en clave Salesiana.[\/et_pb_blurb][et_pb_blurb title=\u00bbComunidad Cristiana\u00bb use_icon=\u00bbon\u00bb font_icon=\u00bb&#x50;||divi||400&#8243; icon_color=\u00bb#ff234b\u00bb icon_placement=\u00bbleft\u00bb _builder_version=\u00bb4.16&#8243; header_level=\u00bbh3&#8243; header_font=\u00bb|300|||||||\u00bb header_text_color=\u00bb#ff234b\u00bb header_font_size=\u00bb18px\u00bb body_font=\u00bb||||||||\u00bb body_line_height=\u00bb1.3em\u00bb custom_margin=\u00bb|||\u00bb custom_padding=\u00bb|||\u00bb global_colors_info=\u00bb{}\u00bb]Vive tu Fe y la de tu familia en comunidad, en el <strong>Templo Don Bosco<\/strong> o en la <strong>Parroquia M\u00aa Auxiliadora<\/strong> (C\/ Tucum\u00e1n, 7).[\/et_pb_blurb][et_pb_blurb title=\u00bbY mucho m\u00e1s&#8230;\u00bb use_icon=\u00bbon\u00bb font_icon=\u00bb&#x50;||divi||400&#8243; icon_color=\u00bb#ff234b\u00bb icon_placement=\u00bbleft\u00bb _builder_version=\u00bb4.16&#8243; header_level=\u00bbh3&#8243; header_font=\u00bb|300|||||||\u00bb header_text_color=\u00bb#ff234b\u00bb header_font_size=\u00bb18px\u00bb body_font=\u00bb||||||||\u00bb body_line_height=\u00bb1.3em\u00bb custom_margin=\u00bb|||\u00bb custom_padding=\u00bb|||\u00bb global_colors_info=\u00bb{}\u00bb][\/et_pb_blurb][et_pb_image src=\u00bbhttps:\/\/alicante.salesianos.edu\/wp-content\/uploads\/2017\/09\/Cartel-MJS-Alicante-16-17-min.jpg\u00bb show_in_lightbox=\u00bbon\u00bb align_tablet=\u00bbcenter\u00bb align_phone=\u00bb\u00bb align_last_edited=\u00bbon|desktop\u00bb disabled_on=\u00bboff|off|on\u00bb _builder_version=\u00bb4.16&#8243; custom_margin=\u00bb|||\u00bb custom_padding=\u00bb25px|||\u00bb box_shadow_style=\u00bbpreset3&#8243; box_shadow_vertical=\u00bb-10px\u00bb global_colors_info=\u00bb{}\u00bb][\/et_pb_image][\/et_pb_column_inner][\/et_pb_row_inner][\/et_pb_column][\/et_pb_section][et_pb_section fb_built=\u00bb1&#8243; _builder_version=\u00bb4.16&#8243; background_color=\u00bb#fc237a\u00bb custom_padding=\u00bb0|0px|40px|0px|false|false\u00bb global_colors_info=\u00bb{}\u00bb][\/et_pb_section][et_pb_section fb_built=\u00bb1&#8243; _builder_version=\u00bb4.16&#8243; background_color=\u00bb#4f4f4f\u00bb custom_padding=\u00bb30px|0px|3px|0px\u00bb box_shadow_style=\u00bbpreset1&#8243; box_shadow_blur=\u00bb23px\u00bb box_shadow_spread=\u00bb6px\u00bb locked=\u00bboff\u00bb global_colors_info=\u00bb{}\u00bb][et_pb_row _builder_version=\u00bb4.16&#8243; custom_padding=\u00bb26.796875px|0px|0px|0px\u00bb global_colors_info=\u00bb{}\u00bb][et_pb_column type=\u00bb4_4&#8243; _builder_version=\u00bb4.16&#8243; custom_padding=\u00bb|||\u00bb global_colors_info=\u00bb{}\u00bb custom_padding__hover=\u00bb|||\u00bb][et_pb_text disabled_on=\u00bboff|off|off\u00bb module_class=\u00bbpagina-texto-light\u00bb _builder_version=\u00bb4.16&#8243; text_font=\u00bb|300|||||||\u00bb text_text_color=\u00bb#ffffff\u00bb text_font_size=\u00bb29px\u00bb header_font=\u00bb||||||||\u00bb header_text_color=\u00bb#ffffff\u00bb header_2_font=\u00bbLato|300|||||||\u00bb header_2_text_color=\u00bb#ffffff\u00bb header_2_font_size=\u00bb34px\u00bb text_orientation=\u00bbcenter\u00bb custom_margin=\u00bb|||\u00bb custom_padding=\u00bb||15px|\u00bb global_colors_info=\u00bb{}\u00bb]<\/p>\n<div class=\"et_pb_module et_pb_text et_pb_text_7 pagina-texto-light  et_pb_text_align_center et_pb_bg_layout_light\">\n<div class=\"et_pb_text_inner\">\n<h2><strong>UNA ESCUELA QUE TE VER\u00c1 CRECER<\/strong><\/h2>\n<h2><span style=\"font-family: lato, helvetiva, arial; font-size: 17px;\">Nuestra oferta educativa abarca<\/span><span style=\"font-size: 17px;\">\u00a0<\/span><strong style=\"font-family: lato, helvetiva, arial; font-size: 17px;\">desde el segundo ciclo de Educaci\u00f3n Infantil (3-6 a\u00f1os) hasta Bachillerato y Ciclos Formativos<\/strong><span style=\"font-family: lato, helvetiva, arial; font-size: 17px;\">, ofreciendo a nuestro alumnado una amplia variedad de propuestas para crecer, no solo en lo acad\u00e9mico, sino tambi\u00e9n en lo personal. <\/span><\/h2>\n<h2><span style=\"font-family: lato, helvetiva, arial; font-size: 17px;\">Pincha para saber m\u00e1s sobre cada una de las etapas.<\/span><\/h2>\n<\/div>\n<\/div>\n<p>[\/et_pb_text][\/et_pb_column][\/et_pb_row][et_pb_row column_structure=\u00bb1_5,1_5,1_5,1_5,1_5&#8243; _builder_version=\u00bb4.16&#8243; global_colors_info=\u00bb{}\u00bb][et_pb_column type=\u00bb1_5&#8243; _builder_version=\u00bb4.16&#8243; custom_padding=\u00bb|||\u00bb global_colors_info=\u00bb{}\u00bb custom_padding__hover=\u00bb|||\u00bb][et_pb_image src=\u00bbhttps:\/\/granada.salesianos.edu\/colegio\/wp-content\/uploads\/sites\/2\/2020\/02\/icono_infantil-min.png\u00bb url=\u00bbhttps:\/\/granada.salesianos.edu\/colegio\/infantil\/\u00bb url_new_window=\u00bbon\u00bb show_bottom_space=\u00bboff\u00bb align=\u00bbcenter\u00bb align_tablet=\u00bbcenter\u00bb align_phone=\u00bb\u00bb align_last_edited=\u00bbon|desktop\u00bb admin_label=\u00bbIcono app (Imagen)\u00bb _builder_version=\u00bb4.16&#8243; max_width=\u00bb200px\u00bb max_width_tablet=\u00bb200px\u00bb max_width_phone=\u00bb200px\u00bb custom_margin=\u00bb||16px|\u00bb custom_margin_tablet=\u00bb||16px|\u00bb custom_margin_phone=\u00bb||16px|\u00bb animation_style=\u00bbslide\u00bb animation_direction=\u00bbtop\u00bb animation_duration=\u00bb500ms\u00bb animation_intensity_slide=\u00bb10%\u00bb animation=\u00bbtop\u00bb sticky=\u00bbon\u00bb saved_tabs=\u00bball\u00bb global_colors_info=\u00bb{}\u00bb transform_styles__hover_enabled=\u00bbon|hover\u00bb transform_scale__hover_enabled=\u00bbon|hover\u00bb transform_translate__hover_enabled=\u00bbon|desktop\u00bb transform_rotate__hover_enabled=\u00bbon|desktop\u00bb transform_skew__hover_enabled=\u00bbon|desktop\u00bb transform_origin__hover_enabled=\u00bbon|desktop\u00bb transform_scale__hover=\u00bb115%|115%\u00bb][\/et_pb_image][\/et_pb_column][et_pb_column type=\u00bb1_5&#8243; _builder_version=\u00bb4.16&#8243; custom_padding=\u00bb|||\u00bb global_colors_info=\u00bb{}\u00bb custom_padding__hover=\u00bb|||\u00bb][et_pb_image src=\u00bbhttps:\/\/granada.salesianos.edu\/colegio\/wp-content\/uploads\/sites\/2\/2020\/02\/icono_primaria-min.png\u00bb url=\u00bbhttps:\/\/granada.salesianos.edu\/colegio\/primaria\/\u00bb url_new_window=\u00bbon\u00bb show_bottom_space=\u00bboff\u00bb align=\u00bbcenter\u00bb align_tablet=\u00bbcenter\u00bb align_phone=\u00bb\u00bb align_last_edited=\u00bbon|desktop\u00bb admin_label=\u00bbIcono app (Imagen)\u00bb _builder_version=\u00bb4.16&#8243; max_width=\u00bb200px\u00bb max_width_tablet=\u00bb200px\u00bb max_width_phone=\u00bb200px\u00bb custom_margin=\u00bb||16px|\u00bb custom_margin_tablet=\u00bb||16px|\u00bb custom_margin_phone=\u00bb||16px|\u00bb animation_style=\u00bbslide\u00bb animation_direction=\u00bbtop\u00bb animation_duration=\u00bb500ms\u00bb animation_intensity_slide=\u00bb10%\u00bb animation=\u00bbtop\u00bb sticky=\u00bbon\u00bb saved_tabs=\u00bball\u00bb global_colors_info=\u00bb{}\u00bb transform_styles__hover_enabled=\u00bbon|hover\u00bb transform_scale__hover=\u00bb115%|115%\u00bb transform_scale__hover_enabled=\u00bbon|hover\u00bb transform_translate__hover_enabled=\u00bbon|desktop\u00bb transform_rotate__hover_enabled=\u00bbon|desktop\u00bb transform_skew__hover_enabled=\u00bbon|desktop\u00bb transform_origin__hover_enabled=\u00bbon|desktop\u00bb][\/et_pb_image][\/et_pb_column][et_pb_column type=\u00bb1_5&#8243; _builder_version=\u00bb4.16&#8243; custom_padding=\u00bb|||\u00bb global_colors_info=\u00bb{}\u00bb custom_padding__hover=\u00bb|||\u00bb][et_pb_image src=\u00bbhttps:\/\/granada.salesianos.edu\/colegio\/wp-content\/uploads\/sites\/2\/2020\/02\/icono_eso-min.png\u00bb url=\u00bbhttps:\/\/granada.salesianos.edu\/colegio\/eso\/\u00bb url_new_window=\u00bbon\u00bb show_bottom_space=\u00bboff\u00bb align=\u00bbcenter\u00bb align_tablet=\u00bbcenter\u00bb align_phone=\u00bb\u00bb align_last_edited=\u00bbon|desktop\u00bb admin_label=\u00bbIcono app (Imagen)\u00bb _builder_version=\u00bb4.16&#8243; max_width=\u00bb200px\u00bb max_width_tablet=\u00bb200px\u00bb max_width_phone=\u00bb200px\u00bb custom_margin=\u00bb||16px|\u00bb custom_margin_tablet=\u00bb||16px|\u00bb custom_margin_phone=\u00bb||16px|\u00bb animation_style=\u00bbslide\u00bb animation_direction=\u00bbtop\u00bb animation_duration=\u00bb500ms\u00bb animation_intensity_slide=\u00bb10%\u00bb animation=\u00bbtop\u00bb sticky=\u00bbon\u00bb saved_tabs=\u00bball\u00bb global_colors_info=\u00bb{}\u00bb transform_styles__hover_enabled=\u00bbon|hover\u00bb transform_scale__hover=\u00bb115%|115%\u00bb transform_scale__hover_enabled=\u00bbon|hover\u00bb transform_translate__hover_enabled=\u00bbon|desktop\u00bb transform_rotate__hover_enabled=\u00bbon|desktop\u00bb transform_skew__hover_enabled=\u00bbon|desktop\u00bb transform_origin__hover_enabled=\u00bbon|desktop\u00bb][\/et_pb_image][\/et_pb_column][et_pb_column type=\u00bb1_5&#8243; _builder_version=\u00bb4.16&#8243; custom_padding=\u00bb|||\u00bb global_colors_info=\u00bb{}\u00bb custom_padding__hover=\u00bb|||\u00bb][et_pb_image src=\u00bbhttps:\/\/granada.salesianos.edu\/colegio\/wp-content\/uploads\/sites\/2\/2020\/02\/icono_bachillerato-min.png\u00bb url=\u00bbhttps:\/\/granada.salesianos.edu\/colegio\/bachillerato\/\u00bb url_new_window=\u00bbon\u00bb show_bottom_space=\u00bboff\u00bb align=\u00bbcenter\u00bb align_tablet=\u00bbcenter\u00bb align_phone=\u00bb\u00bb align_last_edited=\u00bbon|desktop\u00bb admin_label=\u00bbIcono app (Imagen)\u00bb _builder_version=\u00bb4.16&#8243; max_width=\u00bb200px\u00bb max_width_tablet=\u00bb200px\u00bb max_width_phone=\u00bb200px\u00bb custom_margin=\u00bb||16px|\u00bb custom_margin_tablet=\u00bb||16px|\u00bb custom_margin_phone=\u00bb||16px|\u00bb animation_style=\u00bbslide\u00bb animation_direction=\u00bbtop\u00bb animation_duration=\u00bb500ms\u00bb animation_intensity_slide=\u00bb10%\u00bb animation=\u00bbtop\u00bb sticky=\u00bbon\u00bb saved_tabs=\u00bball\u00bb global_colors_info=\u00bb{}\u00bb transform_styles__hover_enabled=\u00bbon|hover\u00bb transform_scale__hover=\u00bb115%|115%\u00bb transform_scale__hover_enabled=\u00bbon|hover\u00bb transform_translate__hover_enabled=\u00bbon|desktop\u00bb transform_rotate__hover_enabled=\u00bbon|desktop\u00bb transform_skew__hover_enabled=\u00bbon|desktop\u00bb transform_origin__hover_enabled=\u00bbon|desktop\u00bb][\/et_pb_image][et_pb_text admin_label=\u00bbNombre App (Texto)\u00bb _builder_version=\u00bb4.16&#8243; text_font=\u00bbLato Light||||\u00bb text_font_size=\u00bb24px\u00bb header_font=\u00bb||||\u00bb text_orientation=\u00bbcenter\u00bb max_width=\u00bb200px\u00bb max_width_tablet=\u00bb200px\u00bb max_width_phone=\u00bb200px\u00bb module_alignment=\u00bbcenter\u00bb custom_margin=\u00bb||20px|\u00bb custom_margin_tablet=\u00bb||20px|\u00bb custom_margin_phone=\u00bb||20px|\u00bb text_font_size_tablet=\u00bb24px\u00bb text_font_size_phone=\u00bb24px\u00bb text_letter_spacing_tablet=\u00bb0px\u00bb text_letter_spacing_phone=\u00bb0px\u00bb text_line_height_tablet=\u00bb1em\u00bb text_line_height_phone=\u00bb1em\u00bb header_font_size_tablet=\u00bb30px\u00bb header_font_size_phone=\u00bb30px\u00bb header_letter_spacing_tablet=\u00bb0px\u00bb header_letter_spacing_phone=\u00bb0px\u00bb header_line_height_tablet=\u00bb1em\u00bb header_line_height_phone=\u00bb1em\u00bb saved_tabs=\u00bball\u00bb global_colors_info=\u00bb{}\u00bb]<strong>\u00a0<\/strong><br \/>\n[\/et_pb_text][\/et_pb_column][et_pb_column type=\u00bb1_5&#8243; _builder_version=\u00bb4.16&#8243; custom_padding=\u00bb|||\u00bb global_colors_info=\u00bb{}\u00bb custom_padding__hover=\u00bb|||\u00bb][et_pb_image src=\u00bbhttps:\/\/granada.salesianos.edu\/colegio\/wp-content\/uploads\/sites\/2\/2021\/01\/logo-fp4.jpeg\u00bb url=\u00bbhttps:\/\/granada.salesianos.edu\/colegio\/ciclos-formativos\/\u00bb url_new_window=\u00bbon\u00bb show_bottom_space=\u00bboff\u00bb align=\u00bbcenter\u00bb align_tablet=\u00bbcenter\u00bb align_phone=\u00bb\u00bb align_last_edited=\u00bbon|desktop\u00bb disabled_on=\u00bboff|off|off\u00bb admin_label=\u00bbIcono app (Imagen)\u00bb _builder_version=\u00bb4.16&#8243; max_width=\u00bb200px\u00bb max_width_tablet=\u00bb200px\u00bb max_width_phone=\u00bb200px\u00bb custom_margin=\u00bb||16px|\u00bb custom_margin_tablet=\u00bb||16px|\u00bb custom_margin_phone=\u00bb||16px|\u00bb animation_style=\u00bbslide\u00bb animation_direction=\u00bbtop\u00bb animation_duration=\u00bb500ms\u00bb animation_intensity_slide=\u00bb10%\u00bb animation=\u00bbtop\u00bb sticky=\u00bbon\u00bb saved_tabs=\u00bball\u00bb global_colors_info=\u00bb{}\u00bb transform_styles__hover_enabled=\u00bbon|hover\u00bb transform_scale__hover=\u00bb115%|115%\u00bb transform_scale__hover_enabled=\u00bbon|hover\u00bb transform_translate__hover_enabled=\u00bbon|desktop\u00bb transform_rotate__hover_enabled=\u00bbon|desktop\u00bb transform_skew__hover_enabled=\u00bbon|desktop\u00bb transform_origin__hover_enabled=\u00bbon|desktop\u00bb][\/et_pb_image][\/et_pb_column][\/et_pb_row][\/et_pb_section][et_pb_section fb_built=\u00bb1&#8243; disabled_on=\u00bbon|on|on\u00bb _builder_version=\u00bb4.16&#8243; background_color=\u00bb#ededed\u00bb custom_padding=\u00bb50px|0px|46.546875px|0px\u00bb disabled=\u00bbon\u00bb global_colors_info=\u00bb{}\u00bb][et_pb_row _builder_version=\u00bb4.16&#8243; custom_padding=\u00bb0px|0px|0px|0px\u00bb global_colors_info=\u00bb{}\u00bb][et_pb_column type=\u00bb4_4&#8243; _builder_version=\u00bb4.16&#8243; custom_padding=\u00bb|||\u00bb global_colors_info=\u00bb{}\u00bb custom_padding__hover=\u00bb|||\u00bb][et_pb_social_media_follow module_class=\u00bbet_animated\u00bb _builder_version=\u00bb4.16&#8243; text_orientation=\u00bbcenter\u00bb animation_style=\u00bbbounce\u00bb border_radii=\u00bbon|100%|100%|100%|100%\u00bb link_shape=\u00bbcircle\u00bb global_colors_info=\u00bb{}\u00bb][et_pb_social_media_follow_network social_network=\u00bbfacebook\u00bb url=\u00bbhttps:\/\/www.facebook.com\/SalesianosALC\/\u00bb _builder_version=\u00bb4.16&#8243; background_color=\u00bb#3b5998&#8243; bg_color=\u00bb#3b5998&#8243; global_colors_info=\u00bb{}\u00bb follow_button=\u00bboff\u00bb url_new_window=\u00bbon\u00bb]facebook[\/et_pb_social_media_follow_network][et_pb_social_media_follow_network social_network=\u00bbtwitter\u00bb url=\u00bbhttps:\/\/twitter.com\/SalesianosALC\u00bb _builder_version=\u00bb4.22.2&#8243; background_color=\u00bb#000000&#8243; bg_color=\u00bb#00aced\u00bb global_colors_info=\u00bb{}\u00bb follow_button=\u00bboff\u00bb url_new_window=\u00bbon\u00bb]twitter[\/et_pb_social_media_follow_network][et_pb_social_media_follow_network social_network=\u00bbinstagram\u00bb url=\u00bbhttps:\/\/www.instagram.com\/salesianosalc\/\u00bb _builder_version=\u00bb4.16&#8243; background_color=\u00bb#517fa4&#8243; bg_color=\u00bb#517fa4&#8243; global_colors_info=\u00bb{}\u00bb follow_button=\u00bboff\u00bb url_new_window=\u00bbon\u00bb]instagram[\/et_pb_social_media_follow_network][et_pb_social_media_follow_network social_network=\u00bbyoutube\u00bb url=\u00bbhttps:\/\/www.youtube.com\/user\/SalesianosALC\u00bb _builder_version=\u00bb4.16&#8243; background_color=\u00bb#a82400&#8243; bg_color=\u00bb#a82400&#8243; global_colors_info=\u00bb{}\u00bb follow_button=\u00bboff\u00bb url_new_window=\u00bbon\u00bb]youtube[\/et_pb_social_media_follow_network][\/et_pb_social_media_follow][\/et_pb_column][\/et_pb_row][\/et_pb_section][et_pb_section fb_built=\u00bb1&#8243; disabled_on=\u00bbon|on|on\u00bb module_id=\u00bbpreguntasfrecuentes\u00bb _builder_version=\u00bb4.16&#8243; custom_padding=\u00bb77px|0px|0px|0px\u00bb disabled=\u00bbon\u00bb global_colors_info=\u00bb{}\u00bb][et_pb_row disabled_on=\u00bboff|off|off\u00bb admin_label=\u00bbPREGUNTAS FRECUNTES\u00bb _builder_version=\u00bb4.16&#8243; custom_margin=\u00bb0px|||\u00bb custom_padding=\u00bb0|0px|0px|0px|false|false\u00bb global_colors_info=\u00bb{}\u00bb][et_pb_column type=\u00bb4_4&#8243; _builder_version=\u00bb4.16&#8243; custom_padding=\u00bb|||\u00bb global_colors_info=\u00bb{}\u00bb custom_padding__hover=\u00bb|||\u00bb][et_pb_text _builder_version=\u00bb4.16&#8243; text_font=\u00bb|300|||||||\u00bb text_font_size=\u00bb36px\u00bb header_font=\u00bb||||||||\u00bb header_2_font=\u00bbLato|300|||||||\u00bb header_2_text_color=\u00bb#dc001b\u00bb header_2_font_size=\u00bb49px\u00bb header_3_font=\u00bb||||||||\u00bb text_orientation=\u00bbcenter\u00bb global_colors_info=\u00bb{}\u00bb]<\/p>\n<h2>Resolvemos tus dudas<\/h2>\n<p>[\/et_pb_text][et_pb_text _builder_version=\u00bb4.16&#8243; text_font=\u00bb||||||||\u00bb text_font_size=\u00bb16px\u00bb link_font=\u00bb||||||||\u00bb link_text_color=\u00bb#6b6b6b\u00bb header_font=\u00bb||||||||\u00bb header_2_font=\u00bb||||||||\u00bb header_3_font=\u00bb|300|||||||\u00bb header_3_font_size=\u00bb20px\u00bb background_color=\u00bb#dc001b\u00bb background_layout=\u00bbdark\u00bb custom_margin=\u00bb30px||0px|\u00bb custom_padding=\u00bb15px|40px|5px|40px\u00bb border_radii=\u00bb|20px|20px||\u00bb border_color_all=\u00bb#dddddd\u00bb border_style_all=\u00bbdashed\u00bb global_colors_info=\u00bb{}\u00bb]<\/p>\n<h3>Sobre el centro<\/h3>\n<p>[\/et_pb_text][et_pb_text _builder_version=\u00bb4.16&#8243; text_font_size=\u00bb17px\u00bb link_text_color=\u00bb#6b6b6b\u00bb header_3_font_size=\u00bb24px\u00bb background_color=\u00bb#f7f7f7&#8243; custom_margin=\u00bb0px||25px|\u00bb custom_padding=\u00bb20px|40px|10px|40px\u00bb border_radii=\u00bb|||20px|20px\u00bb border_width_all=\u00bb2px\u00bb border_color_all=\u00bb#dddddd\u00bb border_style_all=\u00bbdashed\u00bb border_width_top=\u00bb0px\u00bb global_colors_info=\u00bb{}\u00bb]<\/p>\n<ul>\n<li><a href=\"https:\/\/alicante.salesianos.edu\/colegio\/preguntas-frecuentes\/que-precio-tienen-los-servicios-que-ofrece-el-centro\/\">\u00bfQu\u00e9 precio tiene el material y los servicios complementarios que ofrece el centro?<\/a><\/li>\n<li><a href=\"se-utiliza-uniforme-escolar-donde-lo-compro\/\">\u00bfSe utiliza uniforme escolar? \u00bfD\u00f3nde lo compro?<\/a><\/li>\n<li><a href=\"https:\/\/alicante.salesianos.edu\/colegio\/preguntas-frecuentes\/como-se-trabaja-en-el-aula\/\">\u00bfC\u00f3mo se trabaja en el aula (metodolog\u00eda, libros, proyectos&#8230;)?<\/a><\/li>\n<li><a href=\"cuantos-profesores-hay-por-aula\/\">\u00bfCu\u00e1ntos profesores hay por aula?<\/a><\/li>\n<li><a href=\"https:\/\/alicante.salesianos.edu\/colegio\/preguntas-frecuentes\/el-colegio-participa-en-el-banco-de-libros\/\">\u00bfEl colegio participa en el banco de libros?<\/a><\/li>\n<li><a href=\"https:\/\/alicante.salesianos.edu\/colegio\/preguntas-frecuentes\/se-puede-hacer-uso-de-las-instalaciones-despues-de-clase\/\">\u00bfSe pueden hacer uso de las instalaciones despu\u00e9s de clase?<\/a><\/li>\n<\/ul>\n<p>[\/et_pb_text][et_pb_text _builder_version=\u00bb4.16&#8243; text_font=\u00bb||||||||\u00bb text_font_size=\u00bb16px\u00bb link_font=\u00bb||||||||\u00bb link_text_color=\u00bb#6b6b6b\u00bb header_font=\u00bb||||||||\u00bb header_2_font=\u00bb||||||||\u00bb header_3_font=\u00bb|300|||||||\u00bb header_3_font_size=\u00bb20px\u00bb background_color=\u00bb#dc001b\u00bb background_layout=\u00bbdark\u00bb custom_margin=\u00bb30px||0px|\u00bb custom_padding=\u00bb15px|40px|5px|40px\u00bb border_radii=\u00bb|20px|20px||\u00bb border_color_all=\u00bb#dddddd\u00bb border_style_all=\u00bbdashed\u00bb global_colors_info=\u00bb{}\u00bb]<\/p>\n<h3>Jornadas de Puertas Abiertas<\/h3>\n<p>[\/et_pb_text][et_pb_text _builder_version=\u00bb4.16&#8243; text_font_size=\u00bb17px\u00bb link_text_color=\u00bb#6b6b6b\u00bb header_3_font_size=\u00bb24px\u00bb background_color=\u00bb#f7f7f7&#8243; custom_margin=\u00bb0px||25px|\u00bb custom_padding=\u00bb20px|40px|10px|40px\u00bb border_radii=\u00bb|||20px|20px\u00bb border_width_all=\u00bb2px\u00bb border_color_all=\u00bb#dddddd\u00bb border_style_all=\u00bbdashed\u00bb border_width_top=\u00bb0px\u00bb global_colors_info=\u00bb{}\u00bb]<\/p>\n<ul>\n<li><a href=\"https:\/\/alicante.salesianos.edu\/colegio\/preguntas-frecuentes\/realiza-el-centro-jornada-de-puertas-abiertas\/\">\u00bfRealiza el centro Jornadas de Puertas Abiertas?<\/a><\/li>\n<li><a href=\"https:\/\/alicante.salesianos.edu\/colegio\/preguntas-frecuentes\/en-que-fechas-y-horarios-son-las-jornadas-de-puertas-abiertas\/\">\u00bfEn qu\u00e9 fechas y horarios son las Jornadas de Puertas Abiertas?<\/a><\/li>\n<li><a href=\"https:\/\/alicante.salesianos.edu\/colegio\/preguntas-frecuentes\/como-me-inscribo-a-las-jornadas-de-puertas-abiertas\/\">\u00bfC\u00f3mo me inscribo a las Jornadas de Puertas Abiertas?<\/a><\/li>\n<li><a href=\"https:\/\/alicante.salesianos.edu\/colegio\/preguntas-frecuentes\/puedo-venir-con-ninos-a-las-jornadas-de-puertas-abiertas\/\">\u00bfPuedo venir con ni\u00f1os a las Jornadas de Puertas Abiertas?<\/a><\/li>\n<li><a href=\"https:\/\/alicante.salesianos.edu\/colegio\/preguntas-frecuentes\/puede-venir-mi-hijo-a-a-la-jornada-de-puertas-abiertas-de-bachillerato\/\">\u00bfPuede venir mi hijo\/a a la Jornada de Puertas Abiertas de Bachillerato?<\/a><\/li>\n<li><a href=\"https:\/\/alicante.salesianos.edu\/colegio\/preguntas-frecuentes\/puedo-venir-en-silla-de-ruedas-a-las-jornadas-de-puertas-abiertas\/\">\u00bfPuedo venir en silla de ruedas a las Jornadas de Puertas Abiertas?<\/a><\/li>\n<\/ul>\n<p>[\/et_pb_text][et_pb_text _builder_version=\u00bb4.16&#8243; text_font=\u00bb||||||||\u00bb text_font_size=\u00bb16px\u00bb link_font=\u00bb||||||||\u00bb link_text_color=\u00bb#6b6b6b\u00bb header_font=\u00bb||||||||\u00bb header_2_font=\u00bb||||||||\u00bb header_3_font=\u00bb|300|||||||\u00bb header_3_font_size=\u00bb20px\u00bb background_color=\u00bb#dc001b\u00bb background_layout=\u00bbdark\u00bb custom_margin=\u00bb30px||0px|\u00bb custom_padding=\u00bb15px|40px|5px|40px\u00bb border_radii=\u00bb|20px|20px||\u00bb border_color_all=\u00bb#dddddd\u00bb border_style_all=\u00bbdashed\u00bb global_colors_info=\u00bb{}\u00bb]<\/p>\n<h3>Proceso de admisi\u00f3n<\/h3>\n<p>[\/et_pb_text][et_pb_text _builder_version=\u00bb4.16&#8243; text_font=\u00bb||||||||\u00bb text_font_size=\u00bb17px\u00bb link_font=\u00bb||||||||\u00bb link_text_color=\u00bb#6b6b6b\u00bb header_font=\u00bb||||||||\u00bb header_2_font=\u00bb||||||||\u00bb header_3_font=\u00bb||||||||\u00bb header_3_font_size=\u00bb24px\u00bb background_color=\u00bb#f7f7f7&#8243; custom_margin=\u00bb0px||25px|\u00bb custom_padding=\u00bb20px|40px|10px|40px\u00bb border_radii=\u00bb|||20px|20px\u00bb border_width_all=\u00bb2px\u00bb border_color_all=\u00bb#dddddd\u00bb border_style_all=\u00bbdashed\u00bb border_width_top=\u00bb0px\u00bb global_colors_info=\u00bb{}\u00bb]<\/p>\n<ul>\n<li><a href=\"cuando-empieza-el-proceso-de-admisiones-para-nuevo-alumnado\/\">\u00bfCu\u00e1ndo empieza el proceso de admisiones para nuevo alumnado (<strong>calendario de admisiones<\/strong>) y c\u00f3mo es el proceso? <\/a><\/li>\n<li><a href=\"que-documentacion-necesito-para-la-solicitud-de-admision-y-donde-la-entrego\/\">\u00bfQu\u00e9 <strong>documentaci\u00f3n<\/strong> necesito para la solicitud de admisi\u00f3n y d\u00f3nde la entrego?<\/a><\/li>\n<li><a href=\"https:\/\/alicante.salesianos.edu\/colegio\/preguntas-frecuentes\/criterios-de-baremacion\/\">\u00bfCu\u00e1les son los <strong>criterios de baremaci\u00f3n<\/strong> para la solicitud de admisi\u00f3n de nuevo alumnado?<\/a><\/li>\n<li><a href=\"zonas-de-escolarizacion\/\" title=\"Sobre las \u00e1reas de influencia o zonas de escolarizaci\u00f3n\">\u00bfCu\u00e1les son las <strong>\u00e1reas\u00a0de influencia<\/strong> o zonas de escolarizaci\u00f3n de los colegios en el municipio de Alicante?<\/a><\/li>\n<li><a href=\"los-hermanos-tienen-preferencia-en-la-admision\/\">\u00bfLos hermanos tienen preferencia en la admisi\u00f3n?<\/a><\/li>\n<li><a href=\"debo-solicitar-la-renovacion-de-plaza-cada-ano\/\">\u00bfDebo solicitar la renovaci\u00f3n de plaza cada a\u00f1o?<\/a><\/li>\n<li><a href=\"se-realizan-entrevistas-personales-durante-el-proceso-de-admision\/\">\u00bfSe hacen entrevistas personales durante el proceso de admisi\u00f3n?<\/a><\/li>\n<\/ul>\n<p>[\/et_pb_text][et_pb_button button_url=\u00bbhttps:\/\/alicante.salesianos.edu\/colegio\/preguntas-frecuentes\/\u00bb button_text=\u00bbM\u00e1s preguntas\u00bb button_alignment=\u00bbcenter\u00bb _builder_version=\u00bb4.16&#8243; custom_button=\u00bbon\u00bb button_text_color=\u00bb#ffffff\u00bb button_bg_color=\u00bb#dc001b\u00bb button_border_width=\u00bb0px\u00bb button_border_radius=\u00bb20px\u00bb button_font=\u00bb|300|||||||\u00bb button_icon=\u00bb&#x55;||divi||400&#8243; button_icon_placement=\u00bbleft\u00bb button_on_hover=\u00bboff\u00bb custom_margin=\u00bb5px||25px|\u00bb custom_padding=\u00bb|||\u00bb global_colors_info=\u00bb{}\u00bb button_text_size__hover_enabled=\u00bboff\u00bb button_one_text_size__hover_enabled=\u00bboff\u00bb button_two_text_size__hover_enabled=\u00bboff\u00bb button_text_color__hover_enabled=\u00bboff\u00bb button_one_text_color__hover_enabled=\u00bboff\u00bb button_two_text_color__hover_enabled=\u00bboff\u00bb button_border_width__hover_enabled=\u00bboff\u00bb button_one_border_width__hover_enabled=\u00bboff\u00bb button_two_border_width__hover_enabled=\u00bboff\u00bb button_border_color__hover_enabled=\u00bboff\u00bb button_one_border_color__hover_enabled=\u00bboff\u00bb button_two_border_color__hover_enabled=\u00bboff\u00bb button_border_radius__hover_enabled=\u00bboff\u00bb button_one_border_radius__hover_enabled=\u00bboff\u00bb button_two_border_radius__hover_enabled=\u00bboff\u00bb button_letter_spacing__hover_enabled=\u00bboff\u00bb button_one_letter_spacing__hover_enabled=\u00bboff\u00bb button_two_letter_spacing__hover_enabled=\u00bboff\u00bb button_bg_color__hover_enabled=\u00bboff\u00bb button_one_bg_color__hover_enabled=\u00bboff\u00bb button_two_bg_color__hover_enabled=\u00bboff\u00bb][\/et_pb_button][\/et_pb_column][\/et_pb_row][\/et_pb_section][et_pb_section fb_built=\u00bb1&#8243; disabled_on=\u00bbon|on|on\u00bb _builder_version=\u00bb4.16&#8243; max_width=\u00bb80%\u00bb max_width_tablet=\u00bb\u00bb max_width_phone=\u00bb\u00bb max_width_last_edited=\u00bbon|desktop\u00bb module_alignment=\u00bbcenter\u00bb custom_padding=\u00bb0px|0px|0|0px|false|false\u00bb disabled=\u00bbon\u00bb global_colors_info=\u00bb{}\u00bb][et_pb_row _builder_version=\u00bb4.16&#8243; custom_margin=\u00bb25px|||\u00bb custom_padding=\u00bb25px|||\u00bb global_colors_info=\u00bb{}\u00bb][et_pb_column type=\u00bb4_4&#8243; _builder_version=\u00bb4.16&#8243; custom_padding=\u00bb|||\u00bb global_colors_info=\u00bb{}\u00bb custom_padding__hover=\u00bb|||\u00bb][et_pb_contact_form email=\u00bbcomunicacion.alicante@salesianos.edu\u00bb title=\u00bb\u00bfAlguna otra pregunta? Te la resolvemos.\u00bb custom_message=\u00bb%%name%% ha enviado un mensaje solicitando informaci\u00f3n sobre el PROCESO DE ADMISI\u00d3N (alicante.salesianos.edu\/colegio\/admisiones):||et_pb_line_break_holder||||et_pb_line_break_holder||&#8212;&#8212;||et_pb_line_break_holder||%%message%%||et_pb_line_break_holder||&#8212;&#8212;||et_pb_line_break_holder||||et_pb_line_break_holder||Puedes responder a este correo directamente salvo que te lo hayan REENVIADO. En ese caso, tendr\u00e1s que redactar un NUEVO CORREO con la respuesta y enviarlo a %%email%%.||et_pb_line_break_holder||||et_pb_line_break_holder||Para cualquier problema o sugerencia sobre el sistema de formularios de la web envia un correo a comunicacion.alicante@salesianos.edu.\u00bb success_message=\u00bbGracias por interesarte en nuestro centro. Nos pondremos en contacto contigo lo antes posible.\u00bb module_id=\u00bbet_pb_contact_form_0&#8243; _builder_version=\u00bb4.16&#8243; _unique_id=\u00bb801a5cc0-8128-47e4-b6ed-e655e7dad9b5&#8243; title_level=\u00bbh2&#8243; title_font=\u00bbLato|300|||||||\u00bb title_text_color=\u00bb#dc001b\u00bb title_font_size=\u00bb30px\u00bb title_line_height=\u00bb1.2em\u00bb custom_button=\u00bbon\u00bb button_text_color=\u00bb#ffffff\u00bb button_bg_color=\u00bb#dc001b\u00bb button_border_width=\u00bb0px\u00bb button_border_color=\u00bb#e02b20&#8243; button_font=\u00bb||||||||\u00bb global_colors_info=\u00bb{}\u00bb][et_pb_contact_field field_id=\u00bbName\u00bb field_title=\u00bbNombre\u00bb _builder_version=\u00bb4.16&#8243; global_colors_info=\u00bb{}\u00bb button_text_size__hover_enabled=\u00bboff\u00bb button_one_text_size__hover_enabled=\u00bboff\u00bb button_two_text_size__hover_enabled=\u00bboff\u00bb button_text_color__hover_enabled=\u00bboff\u00bb button_one_text_color__hover_enabled=\u00bboff\u00bb button_two_text_color__hover_enabled=\u00bboff\u00bb button_border_width__hover_enabled=\u00bboff\u00bb button_one_border_width__hover_enabled=\u00bboff\u00bb button_two_border_width__hover_enabled=\u00bboff\u00bb button_border_color__hover_enabled=\u00bboff\u00bb button_one_border_color__hover_enabled=\u00bboff\u00bb button_two_border_color__hover_enabled=\u00bboff\u00bb button_border_radius__hover_enabled=\u00bboff\u00bb button_one_border_radius__hover_enabled=\u00bboff\u00bb button_two_border_radius__hover_enabled=\u00bboff\u00bb button_letter_spacing__hover_enabled=\u00bboff\u00bb button_one_letter_spacing__hover_enabled=\u00bboff\u00bb button_two_letter_spacing__hover_enabled=\u00bboff\u00bb button_bg_color__hover_enabled=\u00bboff\u00bb button_one_bg_color__hover_enabled=\u00bboff\u00bb button_two_bg_color__hover_enabled=\u00bboff\u00bb][\/et_pb_contact_field][et_pb_contact_field field_id=\u00bbEmail\u00bb field_title=\u00bbDirecci\u00f3n de correo electr\u00f3nico\u00bb field_type=\u00bbemail\u00bb _builder_version=\u00bb4.16&#8243; global_colors_info=\u00bb{}\u00bb button_text_size__hover_enabled=\u00bboff\u00bb button_one_text_size__hover_enabled=\u00bboff\u00bb button_two_text_size__hover_enabled=\u00bboff\u00bb button_text_color__hover_enabled=\u00bboff\u00bb button_one_text_color__hover_enabled=\u00bboff\u00bb button_two_text_color__hover_enabled=\u00bboff\u00bb button_border_width__hover_enabled=\u00bboff\u00bb button_one_border_width__hover_enabled=\u00bboff\u00bb button_two_border_width__hover_enabled=\u00bboff\u00bb button_border_color__hover_enabled=\u00bboff\u00bb button_one_border_color__hover_enabled=\u00bboff\u00bb button_two_border_color__hover_enabled=\u00bboff\u00bb button_border_radius__hover_enabled=\u00bboff\u00bb button_one_border_radius__hover_enabled=\u00bboff\u00bb button_two_border_radius__hover_enabled=\u00bboff\u00bb button_letter_spacing__hover_enabled=\u00bboff\u00bb button_one_letter_spacing__hover_enabled=\u00bboff\u00bb button_two_letter_spacing__hover_enabled=\u00bboff\u00bb button_bg_color__hover_enabled=\u00bboff\u00bb button_one_bg_color__hover_enabled=\u00bboff\u00bb button_two_bg_color__hover_enabled=\u00bboff\u00bb][\/et_pb_contact_field][et_pb_contact_field field_id=\u00bbMessage\u00bb field_title=\u00bbMensaje\u00bb field_type=\u00bbtext\u00bb fullwidth_field=\u00bbon\u00bb _builder_version=\u00bb4.16&#8243; global_colors_info=\u00bb{}\u00bb button_text_size__hover_enabled=\u00bboff\u00bb button_one_text_size__hover_enabled=\u00bboff\u00bb button_two_text_size__hover_enabled=\u00bboff\u00bb button_text_color__hover_enabled=\u00bboff\u00bb button_one_text_color__hover_enabled=\u00bboff\u00bb button_two_text_color__hover_enabled=\u00bboff\u00bb button_border_width__hover_enabled=\u00bboff\u00bb button_one_border_width__hover_enabled=\u00bboff\u00bb button_two_border_width__hover_enabled=\u00bboff\u00bb button_border_color__hover_enabled=\u00bboff\u00bb button_one_border_color__hover_enabled=\u00bboff\u00bb button_two_border_color__hover_enabled=\u00bboff\u00bb button_border_radius__hover_enabled=\u00bboff\u00bb button_one_border_radius__hover_enabled=\u00bboff\u00bb button_two_border_radius__hover_enabled=\u00bboff\u00bb button_letter_spacing__hover_enabled=\u00bboff\u00bb button_one_letter_spacing__hover_enabled=\u00bboff\u00bb button_two_letter_spacing__hover_enabled=\u00bboff\u00bb button_bg_color__hover_enabled=\u00bboff\u00bb button_one_bg_color__hover_enabled=\u00bboff\u00bb button_two_bg_color__hover_enabled=\u00bboff\u00bb][\/et_pb_contact_field][et_pb_contact_field field_id=\u00bbPrivacidad\u00bb field_title=\u00bb \u00bb field_type=\u00bbcheckbox\u00bb checkbox_options=\u00bb%91{%22value%22:%22 Acepto la pol\u00edtica de privacidad del sitio.%22,%22checked%22:0,%22dragID%22:-1,%22link_url%22:%22https:\/\/alicante.salesianos.edu\/politica-de-privacidad\/%22}%93&#8243; fullwidth_field=\u00bbon\u00bb _builder_version=\u00bb4.16&#8243; global_colors_info=\u00bb{}\u00bb button_text_size__hover_enabled=\u00bboff\u00bb button_one_text_size__hover_enabled=\u00bboff\u00bb button_two_text_size__hover_enabled=\u00bboff\u00bb button_text_color__hover_enabled=\u00bboff\u00bb button_one_text_color__hover_enabled=\u00bboff\u00bb button_two_text_color__hover_enabled=\u00bboff\u00bb button_border_width__hover_enabled=\u00bboff\u00bb button_one_border_width__hover_enabled=\u00bboff\u00bb button_two_border_width__hover_enabled=\u00bboff\u00bb button_border_color__hover_enabled=\u00bboff\u00bb button_one_border_color__hover_enabled=\u00bboff\u00bb button_two_border_color__hover_enabled=\u00bboff\u00bb button_border_radius__hover_enabled=\u00bboff\u00bb button_one_border_radius__hover_enabled=\u00bboff\u00bb button_two_border_radius__hover_enabled=\u00bboff\u00bb button_letter_spacing__hover_enabled=\u00bboff\u00bb button_one_letter_spacing__hover_enabled=\u00bboff\u00bb button_two_letter_spacing__hover_enabled=\u00bboff\u00bb button_bg_color__hover_enabled=\u00bboff\u00bb button_one_bg_color__hover_enabled=\u00bboff\u00bb button_two_bg_color__hover_enabled=\u00bboff\u00bb][\/et_pb_contact_field][\/et_pb_contact_form][\/et_pb_column][\/et_pb_row][\/et_pb_section][et_pb_section fb_built=\u00bb1&#8243; prev_background_color=\u00bb#ffffff\u00bb _builder_version=\u00bb4.16&#8243; background_color=\u00bb#efefef\u00bb custom_padding=\u00bb0|0px|51.1875px|0px|false|false\u00bb top_divider_style=\u00bbasymmetric2&#8243; global_colors_info=\u00bb{}\u00bb][et_pb_row _builder_version=\u00bb4.16&#8243; custom_padding=\u00bb127px|0px|27px|0px|false|false\u00bb global_colors_info=\u00bb{}\u00bb][et_pb_column type=\u00bb4_4&#8243; _builder_version=\u00bb4.16&#8243; custom_padding=\u00bb|||\u00bb global_colors_info=\u00bb{}\u00bb custom_padding__hover=\u00bb|||\u00bb][et_pb_text _builder_version=\u00bb4.16&#8243; text_font=\u00bb|300|||||||\u00bb text_font_size=\u00bb36px\u00bb header_font=\u00bb||||||||\u00bb header_2_font=\u00bbLato|300|||||||\u00bb header_2_text_color=\u00bb#dc001b\u00bb header_2_font_size=\u00bb49px\u00bb header_3_font=\u00bb||||||||\u00bb text_orientation=\u00bbcenter\u00bb global_colors_info=\u00bb{}\u00bb]<\/p>\n<h2>\u00a1Gracias por interesarte en nuestro centro!<\/h2>\n<p>[\/et_pb_text][et_pb_button button_url=\u00bbhttps:\/\/granada.salesianos.edu\/colegio\/jornada-de-puertas-abiertas\/\u00bb button_text=\u00bbInscr\u00edbete a las Jornadas de Puertas Abiertas\u00bb button_alignment=\u00bbcenter\u00bb disabled_on=\u00bbon|on|on\u00bb _builder_version=\u00bb4.16&#8243; custom_button=\u00bbon\u00bb button_text_color=\u00bb#ffffff\u00bb button_bg_color=\u00bb#dc001b\u00bb button_border_width=\u00bb0px\u00bb button_font=\u00bb||||||||\u00bb button_icon=\u00bb&#xe07e;||divi||400&#8243; button_icon_placement=\u00bbleft\u00bb button_on_hover=\u00bboff\u00bb box_shadow_style=\u00bbpreset3&#8243; disabled=\u00bbon\u00bb global_colors_info=\u00bb{}\u00bb button_bg_color__hover_enabled=\u00bbon\u00bb button_bg_color__hover=\u00bb#51626f\u00bb][\/et_pb_button][\/et_pb_column][\/et_pb_row][\/et_pb_section]<\/p>\n","protected":false},"excerpt":{"rendered":"<p>ADMISIONES 2018\/19Desde aqu\u00ed podr\u00e1s acceder a todas las novedades sobre el\u00a0proceso de admisi\u00f3n\u00a0para el curso 2018\/2019.Letra de prioridad Ya se ha publicado el resultado del sorteo p\u00fablico de la letra de prioridad para resolver los empates en el procedimiento de admisi\u00f3n del alumnado para el curso 2019\/20. Por tanto, los empates que se produzcan en [&hellip;]<\/p>\n","protected":false},"author":2,"featured_media":0,"parent":0,"menu_order":0,"comment_status":"closed","ping_status":"closed","template":"","meta":{"_et_pb_use_builder":"on","_et_pb_old_content":"","_et_gb_content_width":"","footnotes":""},"class_list":["post-9563","page","type-page","status-publish","hentry"],"yoast_head":"<!-- This site is optimized with the Yoast SEO plugin v28.4 - https:\/\/yoast.com\/product\/yoast-seo-wordpress\/ -->\n<title>Admisiones - Colegio Salesiano<\/title>\n<meta name=\"robots\" content=\"index, follow, max-snippet:-1, max-image-preview:large, max-video-preview:-1\" \/>\n<link rel=\"canonical\" href=\"https:\/\/granada.salesianos.edu\/colegio\/admisiones\/\" \/>\n<meta property=\"og:locale\" content=\"es_ES\" \/>\n<meta property=\"og:type\" content=\"article\" \/>\n<meta property=\"og:title\" content=\"Admisiones - Colegio Salesiano\" \/>\n<meta property=\"og:description\" content=\"ADMISIONES 2018\/19Desde aqu\u00ed podr\u00e1s acceder a todas las novedades sobre el\u00a0proceso de admisi\u00f3n\u00a0para el curso 2018\/2019.Letra de prioridad Ya se ha publicado el resultado del sorteo p\u00fablico de la letra de prioridad para resolver los empates en el procedimiento de admisi\u00f3n del alumnado para el curso 2019\/20. Por tanto, los empates que se produzcan en [&hellip;]\" \/>\n<meta property=\"og:url\" content=\"https:\/\/granada.salesianos.edu\/colegio\/admisiones\/\" \/>\n<meta property=\"og:site_name\" content=\"Colegio Salesiano\" \/>\n<meta property=\"article:publisher\" content=\"https:\/\/www.facebook.com\/SalesianosGR\/\" \/>\n<meta property=\"article:modified_time\" content=\"2024-01-17T21:31:12+00:00\" \/>\n<meta name=\"twitter:card\" content=\"summary_large_image\" \/>\n<meta name=\"twitter:site\" content=\"@GranadaSDB\" \/>\n<script type=\"application\/ld+json\" class=\"yoast-schema-graph\">{\"@context\":\"https:\\\/\\\/schema.org\",\"@graph\":[{\"@type\":\"WebPage\",\"@id\":\"https:\\\/\\\/granada.salesianos.edu\\\/colegio\\\/admisiones\\\/\",\"url\":\"https:\\\/\\\/granada.salesianos.edu\\\/colegio\\\/admisiones\\\/\",\"name\":\"Admisiones - Colegio Salesiano\",\"isPartOf\":{\"@id\":\"https:\\\/\\\/granada.salesianos.edu\\\/colegio\\\/#website\"},\"datePublished\":\"2021-01-27T21:35:18+00:00\",\"dateModified\":\"2024-01-17T21:31:12+00:00\",\"breadcrumb\":{\"@id\":\"https:\\\/\\\/granada.salesianos.edu\\\/colegio\\\/admisiones\\\/#breadcrumb\"},\"inLanguage\":\"es\",\"potentialAction\":[{\"@type\":\"ReadAction\",\"target\":[\"https:\\\/\\\/granada.salesianos.edu\\\/colegio\\\/admisiones\\\/\"]}]},{\"@type\":\"BreadcrumbList\",\"@id\":\"https:\\\/\\\/granada.salesianos.edu\\\/colegio\\\/admisiones\\\/#breadcrumb\",\"itemListElement\":[{\"@type\":\"ListItem\",\"position\":1,\"name\":\"Portada\",\"item\":\"https:\\\/\\\/granada.salesianos.edu\\\/colegio\\\/\"},{\"@type\":\"ListItem\",\"position\":2,\"name\":\"Admisiones\"}]},{\"@type\":\"WebSite\",\"@id\":\"https:\\\/\\\/granada.salesianos.edu\\\/colegio\\\/#website\",\"url\":\"https:\\\/\\\/granada.salesianos.edu\\\/colegio\\\/\",\"name\":\"Colegio Salesiano\",\"description\":\"P\u00e1gina oficial de Salesianos Granada San Juan Bosco\",\"publisher\":{\"@id\":\"https:\\\/\\\/granada.salesianos.edu\\\/colegio\\\/#organization\"},\"potentialAction\":[{\"@type\":\"SearchAction\",\"target\":{\"@type\":\"EntryPoint\",\"urlTemplate\":\"https:\\\/\\\/granada.salesianos.edu\\\/colegio\\\/?s={search_term_string}\"},\"query-input\":{\"@type\":\"PropertyValueSpecification\",\"valueRequired\":true,\"valueName\":\"search_term_string\"}}],\"inLanguage\":\"es\"},{\"@type\":\"Organization\",\"@id\":\"https:\\\/\\\/granada.salesianos.edu\\\/colegio\\\/#organization\",\"name\":\"Colegio Salesiano San Juan Bosco Granada\",\"url\":\"https:\\\/\\\/granada.salesianos.edu\\\/colegio\\\/\",\"logo\":{\"@type\":\"ImageObject\",\"inLanguage\":\"es\",\"@id\":\"https:\\\/\\\/granada.salesianos.edu\\\/colegio\\\/#\\\/schema\\\/logo\\\/image\\\/\",\"url\":\"https:\\\/\\\/granada.salesianos.edu\\\/colegio\\\/wp-content\\\/uploads\\\/sites\\\/2\\\/2021\\\/01\\\/GRANADAobraVN2.jpg\",\"contentUrl\":\"https:\\\/\\\/granada.salesianos.edu\\\/colegio\\\/wp-content\\\/uploads\\\/sites\\\/2\\\/2021\\\/01\\\/GRANADAobraVN2.jpg\",\"width\":2113,\"height\":1894,\"caption\":\"Colegio Salesiano San Juan Bosco Granada\"},\"image\":{\"@id\":\"https:\\\/\\\/granada.salesianos.edu\\\/colegio\\\/#\\\/schema\\\/logo\\\/image\\\/\"},\"sameAs\":[\"https:\\\/\\\/www.facebook.com\\\/SalesianosGR\\\/\",\"https:\\\/\\\/x.com\\\/GranadaSDB\",\"https:\\\/\\\/www.instagram.com\\\/salesianosgranada\\\/\",\"https:\\\/\\\/www.youtube.com\\\/channel\\\/UChkpZuhCf4Y5rYIcFT3CNxw?view_as=subscriber\"]}]}<\/script>\n<!-- \/ Yoast SEO plugin. -->","yoast_head_json":{"title":"Admisiones - Colegio Salesiano","robots":{"index":"index","follow":"follow","max-snippet":"max-snippet:-1","max-image-preview":"max-image-preview:large","max-video-preview":"max-video-preview:-1"},"canonical":"https:\/\/granada.salesianos.edu\/colegio\/admisiones\/","og_locale":"es_ES","og_type":"article","og_title":"Admisiones - Colegio Salesiano","og_description":"ADMISIONES 2018\/19Desde aqu\u00ed podr\u00e1s acceder a todas las novedades sobre el\u00a0proceso de admisi\u00f3n\u00a0para el curso 2018\/2019.Letra de prioridad Ya se ha publicado el resultado del sorteo p\u00fablico de la letra de prioridad para resolver los empates en el procedimiento de admisi\u00f3n del alumnado para el curso 2019\/20. Por tanto, los empates que se produzcan en [&hellip;]","og_url":"https:\/\/granada.salesianos.edu\/colegio\/admisiones\/","og_site_name":"Colegio Salesiano","article_publisher":"https:\/\/www.facebook.com\/SalesianosGR\/","article_modified_time":"2024-01-17T21:31:12+00:00","twitter_card":"summary_large_image","twitter_site":"@GranadaSDB","schema":{"@context":"https:\/\/schema.org","@graph":[{"@type":"WebPage","@id":"https:\/\/granada.salesianos.edu\/colegio\/admisiones\/","url":"https:\/\/granada.salesianos.edu\/colegio\/admisiones\/","name":"Admisiones - Colegio Salesiano","isPartOf":{"@id":"https:\/\/granada.salesianos.edu\/colegio\/#website"},"datePublished":"2021-01-27T21:35:18+00:00","dateModified":"2024-01-17T21:31:12+00:00","breadcrumb":{"@id":"https:\/\/granada.salesianos.edu\/colegio\/admisiones\/#breadcrumb"},"inLanguage":"es","potentialAction":[{"@type":"ReadAction","target":["https:\/\/granada.salesianos.edu\/colegio\/admisiones\/"]}]},{"@type":"BreadcrumbList","@id":"https:\/\/granada.salesianos.edu\/colegio\/admisiones\/#breadcrumb","itemListElement":[{"@type":"ListItem","position":1,"name":"Portada","item":"https:\/\/granada.salesianos.edu\/colegio\/"},{"@type":"ListItem","position":2,"name":"Admisiones"}]},{"@type":"WebSite","@id":"https:\/\/granada.salesianos.edu\/colegio\/#website","url":"https:\/\/granada.salesianos.edu\/colegio\/","name":"Colegio Salesiano","description":"P\u00e1gina oficial de Salesianos Granada San Juan Bosco","publisher":{"@id":"https:\/\/granada.salesianos.edu\/colegio\/#organization"},"potentialAction":[{"@type":"SearchAction","target":{"@type":"EntryPoint","urlTemplate":"https:\/\/granada.salesianos.edu\/colegio\/?s={search_term_string}"},"query-input":{"@type":"PropertyValueSpecification","valueRequired":true,"valueName":"search_term_string"}}],"inLanguage":"es"},{"@type":"Organization","@id":"https:\/\/granada.salesianos.edu\/colegio\/#organization","name":"Colegio Salesiano San Juan Bosco Granada","url":"https:\/\/granada.salesianos.edu\/colegio\/","logo":{"@type":"ImageObject","inLanguage":"es","@id":"https:\/\/granada.salesianos.edu\/colegio\/#\/schema\/logo\/image\/","url":"https:\/\/granada.salesianos.edu\/colegio\/wp-content\/uploads\/sites\/2\/2021\/01\/GRANADAobraVN2.jpg","contentUrl":"https:\/\/granada.salesianos.edu\/colegio\/wp-content\/uploads\/sites\/2\/2021\/01\/GRANADAobraVN2.jpg","width":2113,"height":1894,"caption":"Colegio Salesiano San Juan Bosco Granada"},"image":{"@id":"https:\/\/granada.salesianos.edu\/colegio\/#\/schema\/logo\/image\/"},"sameAs":["https:\/\/www.facebook.com\/SalesianosGR\/","https:\/\/x.com\/GranadaSDB","https:\/\/www.instagram.com\/salesianosgranada\/","https:\/\/www.youtube.com\/channel\/UChkpZuhCf4Y5rYIcFT3CNxw?view_as=subscriber"]}]}},"_links":{"self":[{"href":"https:\/\/granada.salesianos.edu\/colegio\/wp-json\/wp\/v2\/pages\/9563","targetHints":{"allow":["GET"]}}],"collection":[{"href":"https:\/\/granada.salesianos.edu\/colegio\/wp-json\/wp\/v2\/pages"}],"about":[{"href":"https:\/\/granada.salesianos.edu\/colegio\/wp-json\/wp\/v2\/types\/page"}],"author":[{"embeddable":true,"href":"https:\/\/granada.salesianos.edu\/colegio\/wp-json\/wp\/v2\/users\/2"}],"replies":[{"embeddable":true,"href":"https:\/\/granada.salesianos.edu\/colegio\/wp-json\/wp\/v2\/comments?post=9563"}],"version-history":[{"count":64,"href":"https:\/\/granada.salesianos.edu\/colegio\/wp-json\/wp\/v2\/pages\/9563\/revisions"}],"predecessor-version":[{"id":18326,"href":"https:\/\/granada.salesianos.edu\/colegio\/wp-json\/wp\/v2\/pages\/9563\/revisions\/18326"}],"wp:attachment":[{"href":"https:\/\/granada.salesianos.edu\/colegio\/wp-json\/wp\/v2\/media?parent=9563"}],"curies":[{"name":"wp","href":"https:\/\/api.w.org\/{rel}","templated":true}]}}