{"id":14801,"date":"2022-01-30T20:51:56","date_gmt":"2022-01-30T18:51:56","guid":{"rendered":"https:\/\/granada.salesianos.edu\/colegio\/?post_type=project&#038;p=14801"},"modified":"2022-02-28T19:18:39","modified_gmt":"2022-02-28T17:18:39","slug":"el-balcon-entrega-1","status":"publish","type":"project","link":"https:\/\/granada.salesianos.edu\/colegio\/project\/el-balcon-entrega-1\/","title":{"rendered":"El Balc\u00f3n. Entrega 1"},"content":{"rendered":"<div id=\"fb-root\"><\/div>\n<p>[et_pb_section fb_built=\u00bb1&#8243; admin_label=\u00bbsection\u00bb _builder_version=\u00bb3.22&#8243; global_colors_info=\u00bb{}\u00bb][et_pb_row admin_label=\u00bbrow\u00bb _builder_version=\u00bb3.25&#8243; background_size=\u00bbinitial\u00bb background_position=\u00bbtop_left\u00bb background_repeat=\u00bbrepeat\u00bb global_colors_info=\u00bb{}\u00bb][et_pb_column type=\u00bb4_4&#8243; _builder_version=\u00bb3.25&#8243; custom_padding=\u00bb|||\u00bb global_colors_info=\u00bb{}\u00bb custom_padding__hover=\u00bb|||\u00bb][et_pb_text admin_label=\u00bbEntradilla (Texto)\u00bb _builder_version=\u00bb4.2.2&#8243; text_font=\u00bb|on|||\u00bb text_text_color=\u00bb#e02b20&#8243; text_orientation=\u00bbjustified\u00bb border_style=\u00bbsolid\u00bb global_colors_info=\u00bb{}\u00bb]<\/p>\n<p><strong>Fouad es un joven alumno del Ciclo Formativo de Grado Medio de Instalaciones El\u00e9ctricas y Autom\u00e1ticas. Emigr\u00f3 de su pa\u00eds natal, Marruecos, llegando a Motril donde acab\u00f3 sus estudios de la ESO. Al finalizar, se top\u00f3 con nuestro colegio para estudiar algo que siempre le ha gustado, la electricidad. Naila, compa\u00f1era de colegio, nos cuenta su historia a trav\u00e9s de esta entrevista.\u00a0<\/strong><\/p>\n<p>&nbsp;<\/p>\n<p>[\/et_pb_text][et_pb_image src=\u00bbhttps:\/\/granada.salesianos.edu\/colegio\/wp-content\/uploads\/sites\/2\/2022\/01\/WhatsApp-Image-2022-01-30-at-17.44.33.jpeg\u00bb _builder_version=\u00bb4.2.2&#8243; global_colors_info=\u00bb{}\u00bb][\/et_pb_image][et_pb_text admin_label=\u00bbDesarrollo (Texto)\u00bb _builder_version=\u00bb4.2.2&#8243; text_orientation=\u00bbjustified\u00bb border_style=\u00bbsolid\u00bb global_colors_info=\u00bb{}\u00bb]<\/p>\n<p><b>Naila: H\u00e1blanos de ti, \u00bfc\u00f3mo llegaste al colegio y por qu\u00e9 decidiste estudiar el ciclo de electricidad?<\/b><\/p>\n<p><b>Fouad:<\/b><span style=\"font-weight: 400;\"> Soy Fouad, tengo 19 a\u00f1os y soy marroqu\u00ed. Cuando llegu\u00e9 a Granada, en primer lugar, estuve en Motril donde termin\u00e9 la ESO. Me vine a Granada para seguir estudiando y el \u00fanico colegio que me gust\u00f3, dig\u00e1moslo as\u00ed, fue Salesianos Don Bosco. Entre otros muchos motivos, por cercan\u00eda, porque me hablaron bien de \u00e9l y tambi\u00e9n porque ten\u00eda formaci\u00f3n dual. Esto fue lo que m\u00e1s me interes\u00f3.<\/span><\/p>\n<p><span style=\"font-weight: 400;\"> Me matricul\u00e9 en el Grado Medio de IEA porque\u00a0 desde chiquitito me gustaba la electricidad, de hecho, en Marruecos cuando cursaba la ESO me matricul\u00e9 en un curso donde hac\u00edamos Robots y cosas el\u00e9ctricas. Y \u00e9sta es la raz\u00f3n por la que, en su momento, eleg\u00ed este colegio exactamente.<\/span><\/p>\n<p><b>Naila:<\/b><span style=\"font-weight: 400;\"> Cu\u00e9ntame, \u00bfcu\u00e1les son tus prop\u00f3sitos presentes?\u00a0<\/span><\/p>\n<p><b>Fouad:<\/b><span style=\"font-weight: 400;\"> son sacarme el Grado Medio. Estoy en el segundo a\u00f1o y me queda muy poco. Tambi\u00e9n estoy haciendo pr\u00e1cticas en una empresa y\u00a0 me quiere contratar, as\u00ed que al acabar el curso ya he conseguido algo.\u00a0<\/span><\/p>\n<p><b>Naila:<\/b><span style=\"font-weight: 400;\"> \u00bfY tus prop\u00f3sitos futuros?\u00a0<\/span><\/p>\n<p><b>Fouad:<\/b><span style=\"font-weight: 400;\"> Mis prop\u00f3sitos futuros ser\u00edan conseguir m\u00e1s experiencia en el sector, ahorrar dinero y conocer m\u00e1s gente para poder tener un negocio propio. Si vas a trabajar, hazlo para ti.\u00a0<\/span><\/p>\n<p><b>Naila:<\/b><span style=\"font-weight: 400;\"> por supuesto, que mejor que trabajar para ti.\u00a0<\/span><\/p>\n<p><span style=\"font-weight: 400;\"> \u00bfC\u00f3mo fue tu llegada al colegio o a la Fundaci\u00f3n?\u00a0<\/span><\/p>\n<p><b>Fouad:<\/b><span style=\"font-weight: 400;\"> Cuando llegu\u00e9 al colegio, en un principio, me sent\u00eda un poco raro porque no conoc\u00eda nadie ni aqu\u00ed, ni en Granada porque ven\u00eda de Motril. Todo era un poco raro, pero despu\u00e9s, al poco tiempo me integr\u00e9 muy bien con la gente, con los profesores y con los compa\u00f1eros. Es un colegio que trata mucho el tema de cercan\u00eda, de la familia, \u2026 Estos son los Salesianos, Don Bosco.<\/span><\/p>\n<p><b>Naila:<\/b><span style=\"font-weight: 400;\"> \u00bfTe sientes Identificado en los valores del colegio?, \u00bfqu\u00e9 destacas del centro?<\/span><\/p>\n<p><b>Fouad:<\/b><span style=\"font-weight: 400;\"> Pues la verdad que s\u00ed, porque al estar aqu\u00ed los \u00abprofes\u00bb siempre te animan. Lo que m\u00e1s me ha gustado son los \u201cBuenos D\u00edas\u201d que hacen cada ma\u00f1ana. No lo hab\u00eda visto en ning\u00fan colegio.\u00a0<\/span><\/p>\n<p><b>Naila:<\/b><span style=\"font-weight: 400;\"> \u00a1S\u00ed es verdad! Es algo \u00fanico donde podemos participar.\u00a0 En mi curso, el a\u00f1o pasado, hicimos varios, uno fue contra el maltrato.<\/span><\/p>\n<p><b>Fouad:<\/b><span style=\"font-weight: 400;\"> \u00a1Cierto!, me acuerdo del v\u00eddeo. Es algo de lo que puedes reflexionar.\u00a0<\/span><\/p>\n<p><b>Naila:<\/b><span style=\"font-weight: 400;\"> \u00bfQu\u00e9 destacar\u00edas de tu paso por el colegio?\u00a0<\/span><\/p>\n<p><b>Fouad:<\/b><span style=\"font-weight: 400;\"> El tema de cercan\u00eda de familia es algo que destacar. La verdad, es que me gusta un mont\u00f3n el colegio y me gustar\u00eda seguir aqu\u00ed\u2026 Si en un futuro, el colegio tuviese un Grado Superior de electricidad, o algo as\u00ed, me gustar\u00eda seguir aqu\u00ed, volver.<\/span><\/p>\n<p><b>Naila:<\/b><span style=\"font-weight: 400;\"> \u00bft\u00fa volver\u00edas?\u00a0<\/span><\/p>\n<p><b>Fouad:<\/b><span style=\"font-weight: 400;\"> \u00a1S\u00ed!, si hay Grado Superior de Electricidad aqu\u00ed\u2026vendr\u00eda aqu\u00ed.<\/span><\/p>\n<p><b>Naila:<\/b><span style=\"font-weight: 400;\"> por mucho que te vayas\u2026<\/span><\/p>\n<p><b>Fouad:<\/b><span style=\"font-weight: 400;\"> S\u00ed, s\u00ed.<\/span><\/p>\n<p><b>Naila<\/b><span style=\"font-weight: 400;\">: Eso pensamos muchos. La verdad es que nos hacen sentir acogidos. La familia salesiana, es como decir \u00abno me quiero ir nunca\u00bb.<\/span><\/p>\n<p><b>Fouad:<\/b><span style=\"font-weight: 400;\"> Es como si estuvieras en tu casa. No siento que est\u00e9 estudiando siempre porque la actividad que hacen, el trato, la forma de hacer las cosas es muy diferente.<\/span><\/p>\n<p><b>Naila:<\/b><span style=\"font-weight: 400;\"> \u00bfAlg\u00fan profesor o materia con la que te quedas?<\/span><\/p>\n<p><b>Fouad:<\/b><span style=\"font-weight: 400;\"> Fotovoltaica. Me encanta porque tiene much\u00edsimas salidas y mucha gente lo est\u00e1 poniendo en su casa. Me interesar\u00eda m\u00e1s esta asignatura o sector.<\/span><\/p>\n<p><span style=\"font-weight: 400;\">\u00a0<\/span><b>Naila:<\/b><span style=\"font-weight: 400;\"> Dime en una palabra como definir\u00edas el paso por este colegio.<\/span><\/p>\n<p><span style=\"font-weight: 400;\">Fouad: Cercan\u00eda, familia y salir \u201cpa\u00b4lante\u201d\u00a0<\/span><\/p>\n<p><b>Naila<\/b><span style=\"font-weight: 400;\">:\u00a0 \u00bfPor qu\u00e9 has elegido estas palabras?<\/span><\/p>\n<p><b>Fouad<\/b><span style=\"font-weight: 400;\">: Porque es como trabajan muchos profesores con los alumnos.\u00a0<\/span><\/p>\n<p><b>Naila:<\/b><span style=\"font-weight: 400;\"> Muchas gracias Fouad por tus palabras<\/span><\/p>\n<p><b>Fouad:<\/b><span style=\"font-weight: 400;\"> A vosotros.<\/span><\/p>\n<p>[\/et_pb_text][et_pb_text admin_label=\u00bbAutor (Texto)\u00bb _builder_version=\u00bb4.2.2&#8243; text_font=\u00bb||on||\u00bb text_text_color=\u00bb#e02b20&#8243; text_orientation=\u00bbright\u00bb border_style=\u00bbsolid\u00bb global_colors_info=\u00bb{}\u00bb]<\/p>\n<p>Por <b>Naila Heredia Dote, alumna de 2\u00ba VDJS.<\/b><\/p>\n<p>[\/et_pb_text][\/et_pb_column][\/et_pb_row][\/et_pb_section]<\/p>\n","protected":false},"excerpt":{"rendered":"<p>\u00a1Empezamos con la primera entrega de EL BALC\u00d3N. Un espacio donde nuestro alumnado es el protagonista. Hecho por y para ellos. <\/p>\n","protected":false},"author":2,"featured_media":15085,"comment_status":"open","ping_status":"closed","template":"","meta":{"_et_pb_use_builder":"on","_et_pb_old_content":"","_et_gb_content_width":"","footnotes":""},"project_category":[],"project_tag":[],"class_list":["post-14801","project","type-project","status-publish","has-post-thumbnail","hentry"],"yoast_head":"<!-- This site is optimized with the Yoast SEO plugin v28.4 - https:\/\/yoast.com\/product\/yoast-seo-wordpress\/ -->\n<title>El Balc\u00f3n. Entrega 1 - Colegio Salesiano<\/title>\n<meta name=\"robots\" content=\"noindex, follow\" \/>\n<meta property=\"og:locale\" content=\"es_ES\" \/>\n<meta property=\"og:type\" content=\"article\" \/>\n<meta property=\"og:title\" content=\"El Balc\u00f3n. Entrega 1 - Colegio Salesiano\" \/>\n<meta property=\"og:description\" content=\"\u00a1Empezamos con la primera entrega de EL BALC\u00d3N. Un espacio donde nuestro alumnado es el protagonista. Hecho por y para ellos.\" \/>\n<meta property=\"og:url\" content=\"https:\/\/granada.salesianos.edu\/colegio\/project\/el-balcon-entrega-1\/\" \/>\n<meta property=\"og:site_name\" content=\"Colegio Salesiano\" \/>\n<meta property=\"article:publisher\" content=\"https:\/\/www.facebook.com\/SalesianosGR\/\" \/>\n<meta property=\"article:modified_time\" content=\"2022-02-28T17:18:39+00:00\" \/>\n<meta property=\"og:image\" content=\"https:\/\/granada.salesianos.edu\/colegio\/wp-content\/uploads\/sites\/2\/2022\/01\/el-balcon-2.jpg\" \/>\n\t<meta property=\"og:image:width\" content=\"1920\" \/>\n\t<meta property=\"og:image:height\" content=\"1281\" \/>\n\t<meta property=\"og:image:type\" content=\"image\/jpeg\" \/>\n<meta name=\"twitter:card\" content=\"summary_large_image\" \/>\n<meta name=\"twitter:site\" content=\"@GranadaSDB\" \/>\n<meta name=\"twitter:label1\" content=\"Tiempo de lectura\" \/>\n\t<meta name=\"twitter:data1\" content=\"4 minutos\" \/>\n<script type=\"application\/ld+json\" class=\"yoast-schema-graph\">{\"@context\":\"https:\\\/\\\/schema.org\",\"@graph\":[{\"@type\":\"WebPage\",\"@id\":\"https:\\\/\\\/granada.salesianos.edu\\\/colegio\\\/project\\\/el-balcon-entrega-1\\\/\",\"url\":\"https:\\\/\\\/granada.salesianos.edu\\\/colegio\\\/project\\\/el-balcon-entrega-1\\\/\",\"name\":\"El Balc\u00f3n. Entrega 1 - Colegio Salesiano\",\"isPartOf\":{\"@id\":\"https:\\\/\\\/granada.salesianos.edu\\\/colegio\\\/#website\"},\"primaryImageOfPage\":{\"@id\":\"https:\\\/\\\/granada.salesianos.edu\\\/colegio\\\/project\\\/el-balcon-entrega-1\\\/#primaryimage\"},\"image\":{\"@id\":\"https:\\\/\\\/granada.salesianos.edu\\\/colegio\\\/project\\\/el-balcon-entrega-1\\\/#primaryimage\"},\"thumbnailUrl\":\"https:\\\/\\\/granada.salesianos.edu\\\/colegio\\\/wp-content\\\/uploads\\\/sites\\\/2\\\/2022\\\/01\\\/el-balcon-2.jpg\",\"datePublished\":\"2022-01-30T18:51:56+00:00\",\"dateModified\":\"2022-02-28T17:18:39+00:00\",\"breadcrumb\":{\"@id\":\"https:\\\/\\\/granada.salesianos.edu\\\/colegio\\\/project\\\/el-balcon-entrega-1\\\/#breadcrumb\"},\"inLanguage\":\"es\",\"potentialAction\":[{\"@type\":\"ReadAction\",\"target\":[\"https:\\\/\\\/granada.salesianos.edu\\\/colegio\\\/project\\\/el-balcon-entrega-1\\\/\"]}]},{\"@type\":\"ImageObject\",\"inLanguage\":\"es\",\"@id\":\"https:\\\/\\\/granada.salesianos.edu\\\/colegio\\\/project\\\/el-balcon-entrega-1\\\/#primaryimage\",\"url\":\"https:\\\/\\\/granada.salesianos.edu\\\/colegio\\\/wp-content\\\/uploads\\\/sites\\\/2\\\/2022\\\/01\\\/el-balcon-2.jpg\",\"contentUrl\":\"https:\\\/\\\/granada.salesianos.edu\\\/colegio\\\/wp-content\\\/uploads\\\/sites\\\/2\\\/2022\\\/01\\\/el-balcon-2.jpg\",\"width\":1920,\"height\":1281},{\"@type\":\"BreadcrumbList\",\"@id\":\"https:\\\/\\\/granada.salesianos.edu\\\/colegio\\\/project\\\/el-balcon-entrega-1\\\/#breadcrumb\",\"itemListElement\":[{\"@type\":\"ListItem\",\"position\":1,\"name\":\"Portada\",\"item\":\"https:\\\/\\\/granada.salesianos.edu\\\/colegio\\\/\"},{\"@type\":\"ListItem\",\"position\":2,\"name\":\"Proyectos\",\"item\":\"https:\\\/\\\/granada.salesianos.edu\\\/colegio\\\/project\\\/\"},{\"@type\":\"ListItem\",\"position\":3,\"name\":\"El Balc\u00f3n. Entrega 1\"}]},{\"@type\":\"WebSite\",\"@id\":\"https:\\\/\\\/granada.salesianos.edu\\\/colegio\\\/#website\",\"url\":\"https:\\\/\\\/granada.salesianos.edu\\\/colegio\\\/\",\"name\":\"Colegio Salesiano\",\"description\":\"P\u00e1gina oficial de Salesianos Granada San Juan Bosco\",\"publisher\":{\"@id\":\"https:\\\/\\\/granada.salesianos.edu\\\/colegio\\\/#organization\"},\"potentialAction\":[{\"@type\":\"SearchAction\",\"target\":{\"@type\":\"EntryPoint\",\"urlTemplate\":\"https:\\\/\\\/granada.salesianos.edu\\\/colegio\\\/?s={search_term_string}\"},\"query-input\":{\"@type\":\"PropertyValueSpecification\",\"valueRequired\":true,\"valueName\":\"search_term_string\"}}],\"inLanguage\":\"es\"},{\"@type\":\"Organization\",\"@id\":\"https:\\\/\\\/granada.salesianos.edu\\\/colegio\\\/#organization\",\"name\":\"Colegio Salesiano San Juan Bosco Granada\",\"url\":\"https:\\\/\\\/granada.salesianos.edu\\\/colegio\\\/\",\"logo\":{\"@type\":\"ImageObject\",\"inLanguage\":\"es\",\"@id\":\"https:\\\/\\\/granada.salesianos.edu\\\/colegio\\\/#\\\/schema\\\/logo\\\/image\\\/\",\"url\":\"https:\\\/\\\/granada.salesianos.edu\\\/colegio\\\/wp-content\\\/uploads\\\/sites\\\/2\\\/2021\\\/01\\\/GRANADAobraVN2.jpg\",\"contentUrl\":\"https:\\\/\\\/granada.salesianos.edu\\\/colegio\\\/wp-content\\\/uploads\\\/sites\\\/2\\\/2021\\\/01\\\/GRANADAobraVN2.jpg\",\"width\":2113,\"height\":1894,\"caption\":\"Colegio Salesiano San Juan Bosco Granada\"},\"image\":{\"@id\":\"https:\\\/\\\/granada.salesianos.edu\\\/colegio\\\/#\\\/schema\\\/logo\\\/image\\\/\"},\"sameAs\":[\"https:\\\/\\\/www.facebook.com\\\/SalesianosGR\\\/\",\"https:\\\/\\\/x.com\\\/GranadaSDB\",\"https:\\\/\\\/www.instagram.com\\\/salesianosgranada\\\/\",\"https:\\\/\\\/www.youtube.com\\\/channel\\\/UChkpZuhCf4Y5rYIcFT3CNxw?view_as=subscriber\"]}]}<\/script>\n<!-- \/ Yoast SEO plugin. -->","yoast_head_json":{"title":"El Balc\u00f3n. Entrega 1 - Colegio Salesiano","robots":{"index":"noindex","follow":"follow"},"og_locale":"es_ES","og_type":"article","og_title":"El Balc\u00f3n. Entrega 1 - Colegio Salesiano","og_description":"\u00a1Empezamos con la primera entrega de EL BALC\u00d3N. Un espacio donde nuestro alumnado es el protagonista. Hecho por y para ellos.","og_url":"https:\/\/granada.salesianos.edu\/colegio\/project\/el-balcon-entrega-1\/","og_site_name":"Colegio Salesiano","article_publisher":"https:\/\/www.facebook.com\/SalesianosGR\/","article_modified_time":"2022-02-28T17:18:39+00:00","og_image":[{"width":1920,"height":1281,"url":"https:\/\/granada.salesianos.edu\/colegio\/wp-content\/uploads\/sites\/2\/2022\/01\/el-balcon-2.jpg","type":"image\/jpeg"}],"twitter_card":"summary_large_image","twitter_site":"@GranadaSDB","twitter_misc":{"Tiempo de lectura":"4 minutos"},"schema":{"@context":"https:\/\/schema.org","@graph":[{"@type":"WebPage","@id":"https:\/\/granada.salesianos.edu\/colegio\/project\/el-balcon-entrega-1\/","url":"https:\/\/granada.salesianos.edu\/colegio\/project\/el-balcon-entrega-1\/","name":"El Balc\u00f3n. Entrega 1 - Colegio Salesiano","isPartOf":{"@id":"https:\/\/granada.salesianos.edu\/colegio\/#website"},"primaryImageOfPage":{"@id":"https:\/\/granada.salesianos.edu\/colegio\/project\/el-balcon-entrega-1\/#primaryimage"},"image":{"@id":"https:\/\/granada.salesianos.edu\/colegio\/project\/el-balcon-entrega-1\/#primaryimage"},"thumbnailUrl":"https:\/\/granada.salesianos.edu\/colegio\/wp-content\/uploads\/sites\/2\/2022\/01\/el-balcon-2.jpg","datePublished":"2022-01-30T18:51:56+00:00","dateModified":"2022-02-28T17:18:39+00:00","breadcrumb":{"@id":"https:\/\/granada.salesianos.edu\/colegio\/project\/el-balcon-entrega-1\/#breadcrumb"},"inLanguage":"es","potentialAction":[{"@type":"ReadAction","target":["https:\/\/granada.salesianos.edu\/colegio\/project\/el-balcon-entrega-1\/"]}]},{"@type":"ImageObject","inLanguage":"es","@id":"https:\/\/granada.salesianos.edu\/colegio\/project\/el-balcon-entrega-1\/#primaryimage","url":"https:\/\/granada.salesianos.edu\/colegio\/wp-content\/uploads\/sites\/2\/2022\/01\/el-balcon-2.jpg","contentUrl":"https:\/\/granada.salesianos.edu\/colegio\/wp-content\/uploads\/sites\/2\/2022\/01\/el-balcon-2.jpg","width":1920,"height":1281},{"@type":"BreadcrumbList","@id":"https:\/\/granada.salesianos.edu\/colegio\/project\/el-balcon-entrega-1\/#breadcrumb","itemListElement":[{"@type":"ListItem","position":1,"name":"Portada","item":"https:\/\/granada.salesianos.edu\/colegio\/"},{"@type":"ListItem","position":2,"name":"Proyectos","item":"https:\/\/granada.salesianos.edu\/colegio\/project\/"},{"@type":"ListItem","position":3,"name":"El Balc\u00f3n. Entrega 1"}]},{"@type":"WebSite","@id":"https:\/\/granada.salesianos.edu\/colegio\/#website","url":"https:\/\/granada.salesianos.edu\/colegio\/","name":"Colegio Salesiano","description":"P\u00e1gina oficial de Salesianos Granada San Juan Bosco","publisher":{"@id":"https:\/\/granada.salesianos.edu\/colegio\/#organization"},"potentialAction":[{"@type":"SearchAction","target":{"@type":"EntryPoint","urlTemplate":"https:\/\/granada.salesianos.edu\/colegio\/?s={search_term_string}"},"query-input":{"@type":"PropertyValueSpecification","valueRequired":true,"valueName":"search_term_string"}}],"inLanguage":"es"},{"@type":"Organization","@id":"https:\/\/granada.salesianos.edu\/colegio\/#organization","name":"Colegio Salesiano San Juan Bosco Granada","url":"https:\/\/granada.salesianos.edu\/colegio\/","logo":{"@type":"ImageObject","inLanguage":"es","@id":"https:\/\/granada.salesianos.edu\/colegio\/#\/schema\/logo\/image\/","url":"https:\/\/granada.salesianos.edu\/colegio\/wp-content\/uploads\/sites\/2\/2021\/01\/GRANADAobraVN2.jpg","contentUrl":"https:\/\/granada.salesianos.edu\/colegio\/wp-content\/uploads\/sites\/2\/2021\/01\/GRANADAobraVN2.jpg","width":2113,"height":1894,"caption":"Colegio Salesiano San Juan Bosco Granada"},"image":{"@id":"https:\/\/granada.salesianos.edu\/colegio\/#\/schema\/logo\/image\/"},"sameAs":["https:\/\/www.facebook.com\/SalesianosGR\/","https:\/\/x.com\/GranadaSDB","https:\/\/www.instagram.com\/salesianosgranada\/","https:\/\/www.youtube.com\/channel\/UChkpZuhCf4Y5rYIcFT3CNxw?view_as=subscriber"]}]}},"_links":{"self":[{"href":"https:\/\/granada.salesianos.edu\/colegio\/wp-json\/wp\/v2\/project\/14801","targetHints":{"allow":["GET"]}}],"collection":[{"href":"https:\/\/granada.salesianos.edu\/colegio\/wp-json\/wp\/v2\/project"}],"about":[{"href":"https:\/\/granada.salesianos.edu\/colegio\/wp-json\/wp\/v2\/types\/project"}],"author":[{"embeddable":true,"href":"https:\/\/granada.salesianos.edu\/colegio\/wp-json\/wp\/v2\/users\/2"}],"replies":[{"embeddable":true,"href":"https:\/\/granada.salesianos.edu\/colegio\/wp-json\/wp\/v2\/comments?post=14801"}],"version-history":[{"count":10,"href":"https:\/\/granada.salesianos.edu\/colegio\/wp-json\/wp\/v2\/project\/14801\/revisions"}],"predecessor-version":[{"id":15086,"href":"https:\/\/granada.salesianos.edu\/colegio\/wp-json\/wp\/v2\/project\/14801\/revisions\/15086"}],"wp:featuredmedia":[{"embeddable":true,"href":"https:\/\/granada.salesianos.edu\/colegio\/wp-json\/wp\/v2\/media\/15085"}],"wp:attachment":[{"href":"https:\/\/granada.salesianos.edu\/colegio\/wp-json\/wp\/v2\/media?parent=14801"}],"wp:term":[{"taxonomy":"project_category","embeddable":true,"href":"https:\/\/granada.salesianos.edu\/colegio\/wp-json\/wp\/v2\/project_category?post=14801"},{"taxonomy":"project_tag","embeddable":true,"href":"https:\/\/granada.salesianos.edu\/colegio\/wp-json\/wp\/v2\/project_tag?post=14801"}],"curies":[{"name":"wp","href":"https:\/\/api.w.org\/{rel}","templated":true}]}}