{"id":15126,"date":"2022-02-28T20:32:45","date_gmt":"2022-02-28T18:32:45","guid":{"rendered":"https:\/\/granada.salesianos.edu\/colegio\/?post_type=project&#038;p=15126"},"modified":"2022-04-07T09:34:14","modified_gmt":"2022-04-07T07:34:14","slug":"el-balcon-entrega-2","status":"publish","type":"project","link":"https:\/\/granada.salesianos.edu\/colegio\/project\/el-balcon-entrega-2\/","title":{"rendered":"El Balc\u00f3n. Entrega 2"},"content":{"rendered":"<div id=\"fb-root\"><\/div>\n<p>[et_pb_section fb_built=\u00bb1&#8243; admin_label=\u00bbsection\u00bb _builder_version=\u00bb3.22&#8243; global_colors_info=\u00bb{}\u00bb][et_pb_row admin_label=\u00bbrow\u00bb _builder_version=\u00bb3.25&#8243; background_size=\u00bbinitial\u00bb background_position=\u00bbtop_left\u00bb background_repeat=\u00bbrepeat\u00bb global_colors_info=\u00bb{}\u00bb][et_pb_column type=\u00bb4_4&#8243; _builder_version=\u00bb3.25&#8243; custom_padding=\u00bb|||\u00bb global_colors_info=\u00bb{}\u00bb custom_padding__hover=\u00bb|||\u00bb][et_pb_text admin_label=\u00bbEntradilla (Texto)\u00bb _builder_version=\u00bb4.14.7&#8243; text_font=\u00bb|on|||\u00bb text_text_color=\u00bb#e02b20&#8243; text_orientation=\u00bbjustified\u00bb border_style=\u00bbsolid\u00bb global_colors_info=\u00bb{}\u00bb]<\/p>\n<p><b>Noelia es una de nuestras alumnas del Grado Superior de Realizaci\u00f3n de Proyectos Audiovisuales y Espect\u00e1culos. Actualmente, cursa el segundo a\u00f1o y, en breve, empezar\u00e1 sus pr\u00e1cticas formativas. Antes de finalizar sus estudios, ha querido contarnos una de sus experiencias durante el tiempo que lleva con nosotros. Hace aproximadamente un a\u00f1o que particip\u00f3 en el Programa Experiencia Tv, de Canal Sur. Lo que empez\u00f3 siendo un trabajo para una asignatura, la ha llevado a ser una de las finalistas del programa.\u00a0<\/b><\/p>\n<p>&nbsp;<\/p>\n<p>[\/et_pb_text][et_pb_text admin_label=\u00bbDesarrollo (Texto)\u00bb _builder_version=\u00bb4.14.7&#8243; text_orientation=\u00bbjustified\u00bb border_style=\u00bbsolid\u00bb global_colors_info=\u00bb{}\u00bb]<\/p>\n<p class=\"p1\">Mi nombre es Noelia. Soy una de vuestras compa\u00f1eras del Grado Superior de Realizaci\u00f3n de Proyectos Audiovisuales y Espect\u00e1culos, en la tercera planta.\u00a0 Hoy me dirijo a vosotros porque me gustar\u00eda contaros qu\u00e9 es \u00abExperiencia Tv\u00bb y c\u00f3mo particip\u00e9 en \u00e9l. Antes de continuar, me gustar\u00eda se\u00f1alar que no he sido la \u00fanica alumna en presentar un proyecto, sino que he podido participar junto a otros miles de estudiantes de audiovisuales repartidos por toda Andaluc\u00eda y de diferentes centros educativos.\u00a0 He de decir tambi\u00e9n, que he podido compartir esta experiencia con muchos de mis compa\u00f1eros de clase que tambi\u00e9n fueron seleccionados.<\/p>\n<p class=\"p1\">Experiencia Tv es un programa de televisi\u00f3n de Canal Sur que nos da la oportunidad de acercarnos a una primera experiencia como realizador\/a de reportajes. Todo esto empez\u00f3 gracias a nuestro profesor Rub\u00e9n, que nos mand\u00f3 como tarea la creaci\u00f3n de un reportaje para televisi\u00f3n, desde la idea original hasta su guion final.<\/p>\n<p>[\/et_pb_text][et_pb_image src=\u00bbhttps:\/\/granada.salesianos.edu\/colegio\/wp-content\/uploads\/sites\/2\/2022\/02\/experiencia-tv.jpg\u00bb title_text=\u00bbexperiencia tv\u00bb align=\u00bbcenter\u00bb _builder_version=\u00bb4.14.7&#8243; _module_preset=\u00bbdefault\u00bb global_colors_info=\u00bb{}\u00bb][\/et_pb_image][et_pb_text admin_label=\u00bbDesarrollo (Texto)\u00bb _builder_version=\u00bb4.14.7&#8243; text_orientation=\u00bbjustified\u00bb border_style=\u00bbsolid\u00bb global_colors_info=\u00bb{}\u00bb]<\/p>\n<p class=\"p1\">Y&#8230; \u00bfcu\u00e1l fue mi idea? Mi idea fue la de realizar un reportaje que hablara sobre los animales y su abandono. Quise, adem\u00e1s, investigar en profundidad sobre este tema. Tengo que reconocer que \u00e9sta no fue mi idea inicial. En un primer momento, pens\u00e9 en otros temas como los videojuegos o la m\u00fasica. Finalmente me decid\u00ed por el tema de los animales, pues considero que debemos darle repercusi\u00f3n por no ser un tema muy tratado. Adem\u00e1s, gracias a mi madre, que colabora en varias protectoras desde hace a\u00f1os, pod\u00eda darle una visi\u00f3n profunda y realista.<\/p>\n<p class=\"p1\">Mi idea se convirti\u00f3 en un guion para un futuro reportaje. A los meses me llamaron para comunicarme que hab\u00eda sido seleccionada y que se grabar\u00eda para luego ser emitido en el programa.\u00a0 Al igual que otros compa\u00f1eros, tuve la oportunidad de estar presente y participar en la producci\u00f3n de mi reportaje, una experiencia muy buena porque pude ver, de primera mano, como organizar el trabajo al que quiero dedicarme en un futuro. Deciros, tambi\u00e9n, que mi idea me llev\u00f3 a ser una de las finalistas de Experiencia Tv 2021.<\/p>\n<p>[\/et_pb_text][et_pb_image src=\u00bbhttps:\/\/granada.salesianos.edu\/colegio\/wp-content\/uploads\/sites\/2\/2022\/02\/premios.jpg\u00bb title_text=\u00bbpremios\u00bb _builder_version=\u00bb4.14.7&#8243; _module_preset=\u00bbdefault\u00bb global_colors_info=\u00bb{}\u00bb][\/et_pb_image][et_pb_text admin_label=\u00bbDesarrollo (Texto)\u00bb _builder_version=\u00bb4.14.7&#8243; text_orientation=\u00bbjustified\u00bb border_style=\u00bbsolid\u00bb global_colors_info=\u00bb{}\u00bb]<\/p>\n<p class=\"p1\">Aqu\u00ed os dejo el programa final\u00a0 donde podr\u00e9is ver los reportajes finalistas y, por supuesto, el m\u00edo, \u00abSin Refugio\u00bb.<\/p>\n<p>[\/et_pb_text][et_pb_video src=\u00bbhttps:\/\/www.youtube.com\/watch?v=H-7YSUWm1Qo\u00bb _builder_version=\u00bb4.14.7&#8243; _module_preset=\u00bbdefault\u00bb global_colors_info=\u00bb{}\u00bb][\/et_pb_video][et_pb_text admin_label=\u00bbDesarrollo (Texto)\u00bb _builder_version=\u00bb4.14.7&#8243; text_orientation=\u00bbjustified\u00bb border_style=\u00bbsolid\u00bb global_colors_info=\u00bb{}\u00bb]<\/p>\n<p>&nbsp;<\/p>\n<p>Adem\u00e1s, os invito a pinchad el enlace de la p\u00e1gina para que pod\u00e1is ver tambi\u00e9n algunos de los reportajes de mis compa\u00f1eros seleccionados. Espero que os guste, y ve\u00e1is qu\u00e9 quer\u00edamos transmitir y dar a conocer en cada uno de ellos.<\/p>\n<p>&nbsp;<\/p>\n<p style=\"text-align: center;\"><a href=\"https:\/\/www.canalsurmas.es\/videos\/detail\/38374-experiencia-tv-31122021\">https:\/\/www.canalsurmas.es\/videos\/detail\/38374-experiencia-tv-31122021<\/a><\/p>\n<p>[\/et_pb_text][et_pb_text admin_label=\u00bbAutor (Texto)\u00bb _builder_version=\u00bb4.14.7&#8243; text_font=\u00bb||on||\u00bb text_text_color=\u00bb#e02b20&#8243; text_orientation=\u00bbright\u00bb border_style=\u00bbsolid\u00bb global_colors_info=\u00bb{}\u00bb]<\/p>\n<p>Por <b>Noelia Valverde G\u00f3mez.<\/b><\/p>\n<p>[\/et_pb_text][\/et_pb_column][\/et_pb_row][\/et_pb_section]<\/p>\n","protected":false},"excerpt":{"rendered":"<p>Noelia es una de nuestras alumnas del Grado Superior de Realizaci\u00f3n de Proyectos Audiovisuales y Espect\u00e1culos. Actualmente, cursa el segundo a\u00f1o y, en breve, empezar\u00e1 sus pr\u00e1cticas formativas. Antes de finalizar sus estudios, ha querido contarnos una de sus experiencias durante el tiempo que lleva con nosotros. Hace aproximadamente un a\u00f1o que particip\u00f3 en el Programa Experiencia Tv, de Canal Sur.<\/p>\n","protected":false},"author":2,"featured_media":15147,"comment_status":"open","ping_status":"closed","template":"","meta":{"_et_pb_use_builder":"on","_et_pb_old_content":"","_et_gb_content_width":"","footnotes":""},"project_category":[],"project_tag":[],"class_list":["post-15126","project","type-project","status-publish","has-post-thumbnail","hentry"],"yoast_head":"<!-- This site is optimized with the Yoast SEO plugin v28.4 - https:\/\/yoast.com\/product\/yoast-seo-wordpress\/ -->\n<title>El Balc\u00f3n. Entrega 2 - Colegio Salesiano<\/title>\n<meta name=\"robots\" content=\"noindex, follow\" \/>\n<meta property=\"og:locale\" content=\"es_ES\" \/>\n<meta property=\"og:type\" content=\"article\" \/>\n<meta property=\"og:title\" content=\"El Balc\u00f3n. Entrega 2 - Colegio Salesiano\" \/>\n<meta property=\"og:description\" content=\"Noelia es una de nuestras alumnas del Grado Superior de Realizaci\u00f3n de Proyectos Audiovisuales y Espect\u00e1culos. Actualmente, cursa el segundo a\u00f1o y, en breve, empezar\u00e1 sus pr\u00e1cticas formativas. Antes de finalizar sus estudios, ha querido contarnos una de sus experiencias durante el tiempo que lleva con nosotros. Hace aproximadamente un a\u00f1o que particip\u00f3 en el Programa Experiencia Tv, de Canal Sur.\" \/>\n<meta property=\"og:url\" content=\"https:\/\/granada.salesianos.edu\/colegio\/project\/el-balcon-entrega-2\/\" \/>\n<meta property=\"og:site_name\" content=\"Colegio Salesiano\" \/>\n<meta property=\"article:publisher\" content=\"https:\/\/www.facebook.com\/SalesianosGR\/\" \/>\n<meta property=\"article:modified_time\" content=\"2022-04-07T07:34:14+00:00\" \/>\n<meta property=\"og:image\" content=\"https:\/\/granada.salesianos.edu\/colegio\/wp-content\/uploads\/sites\/2\/2022\/02\/el-balconE2.jpg\" \/>\n\t<meta property=\"og:image:width\" content=\"1920\" \/>\n\t<meta property=\"og:image:height\" content=\"1281\" \/>\n\t<meta property=\"og:image:type\" content=\"image\/jpeg\" \/>\n<meta name=\"twitter:card\" content=\"summary_large_image\" \/>\n<meta name=\"twitter:site\" content=\"@GranadaSDB\" \/>\n<meta name=\"twitter:label1\" content=\"Tiempo de lectura\" \/>\n\t<meta name=\"twitter:data1\" content=\"4 minutos\" \/>\n<script type=\"application\/ld+json\" class=\"yoast-schema-graph\">{\"@context\":\"https:\\\/\\\/schema.org\",\"@graph\":[{\"@type\":\"WebPage\",\"@id\":\"https:\\\/\\\/granada.salesianos.edu\\\/colegio\\\/project\\\/el-balcon-entrega-2\\\/\",\"url\":\"https:\\\/\\\/granada.salesianos.edu\\\/colegio\\\/project\\\/el-balcon-entrega-2\\\/\",\"name\":\"El Balc\u00f3n. Entrega 2 - Colegio Salesiano\",\"isPartOf\":{\"@id\":\"https:\\\/\\\/granada.salesianos.edu\\\/colegio\\\/#website\"},\"primaryImageOfPage\":{\"@id\":\"https:\\\/\\\/granada.salesianos.edu\\\/colegio\\\/project\\\/el-balcon-entrega-2\\\/#primaryimage\"},\"image\":{\"@id\":\"https:\\\/\\\/granada.salesianos.edu\\\/colegio\\\/project\\\/el-balcon-entrega-2\\\/#primaryimage\"},\"thumbnailUrl\":\"https:\\\/\\\/granada.salesianos.edu\\\/colegio\\\/wp-content\\\/uploads\\\/sites\\\/2\\\/2022\\\/02\\\/el-balconE2.jpg\",\"datePublished\":\"2022-02-28T18:32:45+00:00\",\"dateModified\":\"2022-04-07T07:34:14+00:00\",\"breadcrumb\":{\"@id\":\"https:\\\/\\\/granada.salesianos.edu\\\/colegio\\\/project\\\/el-balcon-entrega-2\\\/#breadcrumb\"},\"inLanguage\":\"es\",\"potentialAction\":[{\"@type\":\"ReadAction\",\"target\":[\"https:\\\/\\\/granada.salesianos.edu\\\/colegio\\\/project\\\/el-balcon-entrega-2\\\/\"]}]},{\"@type\":\"ImageObject\",\"inLanguage\":\"es\",\"@id\":\"https:\\\/\\\/granada.salesianos.edu\\\/colegio\\\/project\\\/el-balcon-entrega-2\\\/#primaryimage\",\"url\":\"https:\\\/\\\/granada.salesianos.edu\\\/colegio\\\/wp-content\\\/uploads\\\/sites\\\/2\\\/2022\\\/02\\\/el-balconE2.jpg\",\"contentUrl\":\"https:\\\/\\\/granada.salesianos.edu\\\/colegio\\\/wp-content\\\/uploads\\\/sites\\\/2\\\/2022\\\/02\\\/el-balconE2.jpg\",\"width\":1920,\"height\":1281},{\"@type\":\"BreadcrumbList\",\"@id\":\"https:\\\/\\\/granada.salesianos.edu\\\/colegio\\\/project\\\/el-balcon-entrega-2\\\/#breadcrumb\",\"itemListElement\":[{\"@type\":\"ListItem\",\"position\":1,\"name\":\"Portada\",\"item\":\"https:\\\/\\\/granada.salesianos.edu\\\/colegio\\\/\"},{\"@type\":\"ListItem\",\"position\":2,\"name\":\"Proyectos\",\"item\":\"https:\\\/\\\/granada.salesianos.edu\\\/colegio\\\/project\\\/\"},{\"@type\":\"ListItem\",\"position\":3,\"name\":\"El Balc\u00f3n. Entrega 2\"}]},{\"@type\":\"WebSite\",\"@id\":\"https:\\\/\\\/granada.salesianos.edu\\\/colegio\\\/#website\",\"url\":\"https:\\\/\\\/granada.salesianos.edu\\\/colegio\\\/\",\"name\":\"Colegio Salesiano\",\"description\":\"P\u00e1gina oficial de Salesianos Granada San Juan Bosco\",\"publisher\":{\"@id\":\"https:\\\/\\\/granada.salesianos.edu\\\/colegio\\\/#organization\"},\"potentialAction\":[{\"@type\":\"SearchAction\",\"target\":{\"@type\":\"EntryPoint\",\"urlTemplate\":\"https:\\\/\\\/granada.salesianos.edu\\\/colegio\\\/?s={search_term_string}\"},\"query-input\":{\"@type\":\"PropertyValueSpecification\",\"valueRequired\":true,\"valueName\":\"search_term_string\"}}],\"inLanguage\":\"es\"},{\"@type\":\"Organization\",\"@id\":\"https:\\\/\\\/granada.salesianos.edu\\\/colegio\\\/#organization\",\"name\":\"Colegio Salesiano San Juan Bosco Granada\",\"url\":\"https:\\\/\\\/granada.salesianos.edu\\\/colegio\\\/\",\"logo\":{\"@type\":\"ImageObject\",\"inLanguage\":\"es\",\"@id\":\"https:\\\/\\\/granada.salesianos.edu\\\/colegio\\\/#\\\/schema\\\/logo\\\/image\\\/\",\"url\":\"https:\\\/\\\/granada.salesianos.edu\\\/colegio\\\/wp-content\\\/uploads\\\/sites\\\/2\\\/2021\\\/01\\\/GRANADAobraVN2.jpg\",\"contentUrl\":\"https:\\\/\\\/granada.salesianos.edu\\\/colegio\\\/wp-content\\\/uploads\\\/sites\\\/2\\\/2021\\\/01\\\/GRANADAobraVN2.jpg\",\"width\":2113,\"height\":1894,\"caption\":\"Colegio Salesiano San Juan Bosco Granada\"},\"image\":{\"@id\":\"https:\\\/\\\/granada.salesianos.edu\\\/colegio\\\/#\\\/schema\\\/logo\\\/image\\\/\"},\"sameAs\":[\"https:\\\/\\\/www.facebook.com\\\/SalesianosGR\\\/\",\"https:\\\/\\\/x.com\\\/GranadaSDB\",\"https:\\\/\\\/www.instagram.com\\\/salesianosgranada\\\/\",\"https:\\\/\\\/www.youtube.com\\\/channel\\\/UChkpZuhCf4Y5rYIcFT3CNxw?view_as=subscriber\"]}]}<\/script>\n<!-- \/ Yoast SEO plugin. -->","yoast_head_json":{"title":"El Balc\u00f3n. Entrega 2 - Colegio Salesiano","robots":{"index":"noindex","follow":"follow"},"og_locale":"es_ES","og_type":"article","og_title":"El Balc\u00f3n. Entrega 2 - Colegio Salesiano","og_description":"Noelia es una de nuestras alumnas del Grado Superior de Realizaci\u00f3n de Proyectos Audiovisuales y Espect\u00e1culos. Actualmente, cursa el segundo a\u00f1o y, en breve, empezar\u00e1 sus pr\u00e1cticas formativas. Antes de finalizar sus estudios, ha querido contarnos una de sus experiencias durante el tiempo que lleva con nosotros. Hace aproximadamente un a\u00f1o que particip\u00f3 en el Programa Experiencia Tv, de Canal Sur.","og_url":"https:\/\/granada.salesianos.edu\/colegio\/project\/el-balcon-entrega-2\/","og_site_name":"Colegio Salesiano","article_publisher":"https:\/\/www.facebook.com\/SalesianosGR\/","article_modified_time":"2022-04-07T07:34:14+00:00","og_image":[{"width":1920,"height":1281,"url":"https:\/\/granada.salesianos.edu\/colegio\/wp-content\/uploads\/sites\/2\/2022\/02\/el-balconE2.jpg","type":"image\/jpeg"}],"twitter_card":"summary_large_image","twitter_site":"@GranadaSDB","twitter_misc":{"Tiempo de lectura":"4 minutos"},"schema":{"@context":"https:\/\/schema.org","@graph":[{"@type":"WebPage","@id":"https:\/\/granada.salesianos.edu\/colegio\/project\/el-balcon-entrega-2\/","url":"https:\/\/granada.salesianos.edu\/colegio\/project\/el-balcon-entrega-2\/","name":"El Balc\u00f3n. Entrega 2 - Colegio Salesiano","isPartOf":{"@id":"https:\/\/granada.salesianos.edu\/colegio\/#website"},"primaryImageOfPage":{"@id":"https:\/\/granada.salesianos.edu\/colegio\/project\/el-balcon-entrega-2\/#primaryimage"},"image":{"@id":"https:\/\/granada.salesianos.edu\/colegio\/project\/el-balcon-entrega-2\/#primaryimage"},"thumbnailUrl":"https:\/\/granada.salesianos.edu\/colegio\/wp-content\/uploads\/sites\/2\/2022\/02\/el-balconE2.jpg","datePublished":"2022-02-28T18:32:45+00:00","dateModified":"2022-04-07T07:34:14+00:00","breadcrumb":{"@id":"https:\/\/granada.salesianos.edu\/colegio\/project\/el-balcon-entrega-2\/#breadcrumb"},"inLanguage":"es","potentialAction":[{"@type":"ReadAction","target":["https:\/\/granada.salesianos.edu\/colegio\/project\/el-balcon-entrega-2\/"]}]},{"@type":"ImageObject","inLanguage":"es","@id":"https:\/\/granada.salesianos.edu\/colegio\/project\/el-balcon-entrega-2\/#primaryimage","url":"https:\/\/granada.salesianos.edu\/colegio\/wp-content\/uploads\/sites\/2\/2022\/02\/el-balconE2.jpg","contentUrl":"https:\/\/granada.salesianos.edu\/colegio\/wp-content\/uploads\/sites\/2\/2022\/02\/el-balconE2.jpg","width":1920,"height":1281},{"@type":"BreadcrumbList","@id":"https:\/\/granada.salesianos.edu\/colegio\/project\/el-balcon-entrega-2\/#breadcrumb","itemListElement":[{"@type":"ListItem","position":1,"name":"Portada","item":"https:\/\/granada.salesianos.edu\/colegio\/"},{"@type":"ListItem","position":2,"name":"Proyectos","item":"https:\/\/granada.salesianos.edu\/colegio\/project\/"},{"@type":"ListItem","position":3,"name":"El Balc\u00f3n. Entrega 2"}]},{"@type":"WebSite","@id":"https:\/\/granada.salesianos.edu\/colegio\/#website","url":"https:\/\/granada.salesianos.edu\/colegio\/","name":"Colegio Salesiano","description":"P\u00e1gina oficial de Salesianos Granada San Juan Bosco","publisher":{"@id":"https:\/\/granada.salesianos.edu\/colegio\/#organization"},"potentialAction":[{"@type":"SearchAction","target":{"@type":"EntryPoint","urlTemplate":"https:\/\/granada.salesianos.edu\/colegio\/?s={search_term_string}"},"query-input":{"@type":"PropertyValueSpecification","valueRequired":true,"valueName":"search_term_string"}}],"inLanguage":"es"},{"@type":"Organization","@id":"https:\/\/granada.salesianos.edu\/colegio\/#organization","name":"Colegio Salesiano San Juan Bosco Granada","url":"https:\/\/granada.salesianos.edu\/colegio\/","logo":{"@type":"ImageObject","inLanguage":"es","@id":"https:\/\/granada.salesianos.edu\/colegio\/#\/schema\/logo\/image\/","url":"https:\/\/granada.salesianos.edu\/colegio\/wp-content\/uploads\/sites\/2\/2021\/01\/GRANADAobraVN2.jpg","contentUrl":"https:\/\/granada.salesianos.edu\/colegio\/wp-content\/uploads\/sites\/2\/2021\/01\/GRANADAobraVN2.jpg","width":2113,"height":1894,"caption":"Colegio Salesiano San Juan Bosco Granada"},"image":{"@id":"https:\/\/granada.salesianos.edu\/colegio\/#\/schema\/logo\/image\/"},"sameAs":["https:\/\/www.facebook.com\/SalesianosGR\/","https:\/\/x.com\/GranadaSDB","https:\/\/www.instagram.com\/salesianosgranada\/","https:\/\/www.youtube.com\/channel\/UChkpZuhCf4Y5rYIcFT3CNxw?view_as=subscriber"]}]}},"_links":{"self":[{"href":"https:\/\/granada.salesianos.edu\/colegio\/wp-json\/wp\/v2\/project\/15126","targetHints":{"allow":["GET"]}}],"collection":[{"href":"https:\/\/granada.salesianos.edu\/colegio\/wp-json\/wp\/v2\/project"}],"about":[{"href":"https:\/\/granada.salesianos.edu\/colegio\/wp-json\/wp\/v2\/types\/project"}],"author":[{"embeddable":true,"href":"https:\/\/granada.salesianos.edu\/colegio\/wp-json\/wp\/v2\/users\/2"}],"replies":[{"embeddable":true,"href":"https:\/\/granada.salesianos.edu\/colegio\/wp-json\/wp\/v2\/comments?post=15126"}],"version-history":[{"count":13,"href":"https:\/\/granada.salesianos.edu\/colegio\/wp-json\/wp\/v2\/project\/15126\/revisions"}],"predecessor-version":[{"id":15148,"href":"https:\/\/granada.salesianos.edu\/colegio\/wp-json\/wp\/v2\/project\/15126\/revisions\/15148"}],"wp:featuredmedia":[{"embeddable":true,"href":"https:\/\/granada.salesianos.edu\/colegio\/wp-json\/wp\/v2\/media\/15147"}],"wp:attachment":[{"href":"https:\/\/granada.salesianos.edu\/colegio\/wp-json\/wp\/v2\/media?parent=15126"}],"wp:term":[{"taxonomy":"project_category","embeddable":true,"href":"https:\/\/granada.salesianos.edu\/colegio\/wp-json\/wp\/v2\/project_category?post=15126"},{"taxonomy":"project_tag","embeddable":true,"href":"https:\/\/granada.salesianos.edu\/colegio\/wp-json\/wp\/v2\/project_tag?post=15126"}],"curies":[{"name":"wp","href":"https:\/\/api.w.org\/{rel}","templated":true}]}}