{"id":20034,"date":"2025-03-31T11:05:31","date_gmt":"2025-03-31T09:05:31","guid":{"rendered":"https:\/\/granada.salesianos.edu\/colegio\/?post_type=project&#038;p=20034"},"modified":"2025-03-31T11:14:20","modified_gmt":"2025-03-31T09:14:20","slug":"el-balcon-entrevista-completa-monica-ramirez-y-daniel-pareja","status":"publish","type":"project","link":"https:\/\/granada.salesianos.edu\/colegio\/project\/el-balcon-entrevista-completa-monica-ramirez-y-daniel-pareja\/","title":{"rendered":"EL BALC\u00d3N: ENTREVISTA COMPLETA M\u00f3nica Ram\u00edrez Y Daniel Pareja"},"content":{"rendered":"<div id=\"fb-root\"><\/div>\n<p><iframe loading=\"lazy\" title=\"Entrevista M\u00f3nica Ram\u00edrez y Daniel Pareja.\" width=\"1080\" height=\"608\" src=\"https:\/\/www.youtube.com\/embed\/A6RRpHCBtkc?feature=oembed\"  allow=\"accelerometer; autoplay; clipboard-write; encrypted-media; gyroscope; picture-in-picture; web-share\" referrerpolicy=\"strict-origin-when-cross-origin\" allowfullscreen><\/iframe><\/p>\n","protected":false},"excerpt":{"rendered":"<p>En esta ocasi\u00f3n entrevistamos a M\u00f3nica y Daniel, quienes obtuvieron una gran nota en la PVAU; siendo M\u00f3nica la mejor nota de la provincia, 14. As\u00ed, nos cuentan c\u00f3mo fue su paso por el colegio y su experiencia en la Selectividad y, ahora, en sus estudios de Medicina.<\/p>\n","protected":false},"author":2,"featured_media":20045,"comment_status":"open","ping_status":"closed","template":"","meta":{"_et_pb_use_builder":"","_et_pb_old_content":"","_et_gb_content_width":"","footnotes":""},"project_category":[],"project_tag":[],"class_list":["post-20034","project","type-project","status-publish","has-post-thumbnail","hentry"],"yoast_head":"<!-- This site is optimized with the Yoast SEO plugin v28.4 - https:\/\/yoast.com\/product\/yoast-seo-wordpress\/ -->\n<title>EL BALC\u00d3N: ENTREVISTA COMPLETA M\u00f3nica Ram\u00edrez Y Daniel Pareja - Colegio Salesiano<\/title>\n<meta name=\"robots\" content=\"noindex, follow\" \/>\n<meta property=\"og:locale\" content=\"es_ES\" \/>\n<meta property=\"og:type\" content=\"article\" \/>\n<meta property=\"og:title\" content=\"EL BALC\u00d3N: ENTREVISTA COMPLETA M\u00f3nica Ram\u00edrez Y Daniel Pareja - Colegio Salesiano\" \/>\n<meta property=\"og:description\" content=\"En esta ocasi\u00f3n entrevistamos a M\u00f3nica y Daniel, quienes obtuvieron una gran nota en la PVAU; siendo M\u00f3nica la mejor nota de la provincia, 14. As\u00ed, nos cuentan c\u00f3mo fue su paso por el colegio y su experiencia en la Selectividad y, ahora, en sus estudios de Medicina.\" \/>\n<meta property=\"og:url\" content=\"https:\/\/granada.salesianos.edu\/colegio\/project\/el-balcon-entrevista-completa-monica-ramirez-y-daniel-pareja\/\" \/>\n<meta property=\"og:site_name\" content=\"Colegio Salesiano\" \/>\n<meta property=\"article:publisher\" content=\"https:\/\/www.facebook.com\/SalesianosGR\/\" \/>\n<meta property=\"article:modified_time\" content=\"2025-03-31T09:14:20+00:00\" \/>\n<meta property=\"og:image\" content=\"https:\/\/granada.salesianos.edu\/colegio\/wp-content\/uploads\/sites\/2\/2025\/03\/WhatsApp-Image-2025-03-31-at-10.04.03.jpeg\" \/>\n\t<meta property=\"og:image:width\" content=\"1600\" \/>\n\t<meta property=\"og:image:height\" content=\"1200\" \/>\n\t<meta property=\"og:image:type\" content=\"image\/jpeg\" \/>\n<meta name=\"twitter:card\" content=\"summary_large_image\" \/>\n<meta name=\"twitter:site\" content=\"@GranadaSDB\" \/>\n<script type=\"application\/ld+json\" class=\"yoast-schema-graph\">{\"@context\":\"https:\\\/\\\/schema.org\",\"@graph\":[{\"@type\":\"WebPage\",\"@id\":\"https:\\\/\\\/granada.salesianos.edu\\\/colegio\\\/project\\\/el-balcon-entrevista-completa-monica-ramirez-y-daniel-pareja\\\/\",\"url\":\"https:\\\/\\\/granada.salesianos.edu\\\/colegio\\\/project\\\/el-balcon-entrevista-completa-monica-ramirez-y-daniel-pareja\\\/\",\"name\":\"EL BALC\u00d3N: ENTREVISTA COMPLETA M\u00f3nica Ram\u00edrez Y Daniel Pareja - Colegio Salesiano\",\"isPartOf\":{\"@id\":\"https:\\\/\\\/granada.salesianos.edu\\\/colegio\\\/#website\"},\"primaryImageOfPage\":{\"@id\":\"https:\\\/\\\/granada.salesianos.edu\\\/colegio\\\/project\\\/el-balcon-entrevista-completa-monica-ramirez-y-daniel-pareja\\\/#primaryimage\"},\"image\":{\"@id\":\"https:\\\/\\\/granada.salesianos.edu\\\/colegio\\\/project\\\/el-balcon-entrevista-completa-monica-ramirez-y-daniel-pareja\\\/#primaryimage\"},\"thumbnailUrl\":\"https:\\\/\\\/granada.salesianos.edu\\\/colegio\\\/wp-content\\\/uploads\\\/sites\\\/2\\\/2025\\\/03\\\/WhatsApp-Image-2025-03-31-at-10.04.03.jpeg\",\"datePublished\":\"2025-03-31T09:05:31+00:00\",\"dateModified\":\"2025-03-31T09:14:20+00:00\",\"breadcrumb\":{\"@id\":\"https:\\\/\\\/granada.salesianos.edu\\\/colegio\\\/project\\\/el-balcon-entrevista-completa-monica-ramirez-y-daniel-pareja\\\/#breadcrumb\"},\"inLanguage\":\"es\",\"potentialAction\":[{\"@type\":\"ReadAction\",\"target\":[\"https:\\\/\\\/granada.salesianos.edu\\\/colegio\\\/project\\\/el-balcon-entrevista-completa-monica-ramirez-y-daniel-pareja\\\/\"]}]},{\"@type\":\"ImageObject\",\"inLanguage\":\"es\",\"@id\":\"https:\\\/\\\/granada.salesianos.edu\\\/colegio\\\/project\\\/el-balcon-entrevista-completa-monica-ramirez-y-daniel-pareja\\\/#primaryimage\",\"url\":\"https:\\\/\\\/granada.salesianos.edu\\\/colegio\\\/wp-content\\\/uploads\\\/sites\\\/2\\\/2025\\\/03\\\/WhatsApp-Image-2025-03-31-at-10.04.03.jpeg\",\"contentUrl\":\"https:\\\/\\\/granada.salesianos.edu\\\/colegio\\\/wp-content\\\/uploads\\\/sites\\\/2\\\/2025\\\/03\\\/WhatsApp-Image-2025-03-31-at-10.04.03.jpeg\",\"width\":1600,\"height\":1200},{\"@type\":\"BreadcrumbList\",\"@id\":\"https:\\\/\\\/granada.salesianos.edu\\\/colegio\\\/project\\\/el-balcon-entrevista-completa-monica-ramirez-y-daniel-pareja\\\/#breadcrumb\",\"itemListElement\":[{\"@type\":\"ListItem\",\"position\":1,\"name\":\"Portada\",\"item\":\"https:\\\/\\\/granada.salesianos.edu\\\/colegio\\\/\"},{\"@type\":\"ListItem\",\"position\":2,\"name\":\"Proyectos\",\"item\":\"https:\\\/\\\/granada.salesianos.edu\\\/colegio\\\/project\\\/\"},{\"@type\":\"ListItem\",\"position\":3,\"name\":\"EL BALC\u00d3N: ENTREVISTA COMPLETA M\u00f3nica Ram\u00edrez Y Daniel Pareja\"}]},{\"@type\":\"WebSite\",\"@id\":\"https:\\\/\\\/granada.salesianos.edu\\\/colegio\\\/#website\",\"url\":\"https:\\\/\\\/granada.salesianos.edu\\\/colegio\\\/\",\"name\":\"Colegio Salesiano\",\"description\":\"P\u00e1gina oficial de Salesianos Granada San Juan Bosco\",\"publisher\":{\"@id\":\"https:\\\/\\\/granada.salesianos.edu\\\/colegio\\\/#organization\"},\"potentialAction\":[{\"@type\":\"SearchAction\",\"target\":{\"@type\":\"EntryPoint\",\"urlTemplate\":\"https:\\\/\\\/granada.salesianos.edu\\\/colegio\\\/?s={search_term_string}\"},\"query-input\":{\"@type\":\"PropertyValueSpecification\",\"valueRequired\":true,\"valueName\":\"search_term_string\"}}],\"inLanguage\":\"es\"},{\"@type\":\"Organization\",\"@id\":\"https:\\\/\\\/granada.salesianos.edu\\\/colegio\\\/#organization\",\"name\":\"Colegio Salesiano San Juan Bosco Granada\",\"url\":\"https:\\\/\\\/granada.salesianos.edu\\\/colegio\\\/\",\"logo\":{\"@type\":\"ImageObject\",\"inLanguage\":\"es\",\"@id\":\"https:\\\/\\\/granada.salesianos.edu\\\/colegio\\\/#\\\/schema\\\/logo\\\/image\\\/\",\"url\":\"https:\\\/\\\/granada.salesianos.edu\\\/colegio\\\/wp-content\\\/uploads\\\/sites\\\/2\\\/2021\\\/01\\\/GRANADAobraVN2.jpg\",\"contentUrl\":\"https:\\\/\\\/granada.salesianos.edu\\\/colegio\\\/wp-content\\\/uploads\\\/sites\\\/2\\\/2021\\\/01\\\/GRANADAobraVN2.jpg\",\"width\":2113,\"height\":1894,\"caption\":\"Colegio Salesiano San Juan Bosco Granada\"},\"image\":{\"@id\":\"https:\\\/\\\/granada.salesianos.edu\\\/colegio\\\/#\\\/schema\\\/logo\\\/image\\\/\"},\"sameAs\":[\"https:\\\/\\\/www.facebook.com\\\/SalesianosGR\\\/\",\"https:\\\/\\\/x.com\\\/GranadaSDB\",\"https:\\\/\\\/www.instagram.com\\\/salesianosgranada\\\/\",\"https:\\\/\\\/www.youtube.com\\\/channel\\\/UChkpZuhCf4Y5rYIcFT3CNxw?view_as=subscriber\"]}]}<\/script>\n<!-- \/ Yoast SEO plugin. -->","yoast_head_json":{"title":"EL BALC\u00d3N: ENTREVISTA COMPLETA M\u00f3nica Ram\u00edrez Y Daniel Pareja - Colegio Salesiano","robots":{"index":"noindex","follow":"follow"},"og_locale":"es_ES","og_type":"article","og_title":"EL BALC\u00d3N: ENTREVISTA COMPLETA M\u00f3nica Ram\u00edrez Y Daniel Pareja - Colegio Salesiano","og_description":"En esta ocasi\u00f3n entrevistamos a M\u00f3nica y Daniel, quienes obtuvieron una gran nota en la PVAU; siendo M\u00f3nica la mejor nota de la provincia, 14. As\u00ed, nos cuentan c\u00f3mo fue su paso por el colegio y su experiencia en la Selectividad y, ahora, en sus estudios de Medicina.","og_url":"https:\/\/granada.salesianos.edu\/colegio\/project\/el-balcon-entrevista-completa-monica-ramirez-y-daniel-pareja\/","og_site_name":"Colegio Salesiano","article_publisher":"https:\/\/www.facebook.com\/SalesianosGR\/","article_modified_time":"2025-03-31T09:14:20+00:00","og_image":[{"width":1600,"height":1200,"url":"https:\/\/granada.salesianos.edu\/colegio\/wp-content\/uploads\/sites\/2\/2025\/03\/WhatsApp-Image-2025-03-31-at-10.04.03.jpeg","type":"image\/jpeg"}],"twitter_card":"summary_large_image","twitter_site":"@GranadaSDB","schema":{"@context":"https:\/\/schema.org","@graph":[{"@type":"WebPage","@id":"https:\/\/granada.salesianos.edu\/colegio\/project\/el-balcon-entrevista-completa-monica-ramirez-y-daniel-pareja\/","url":"https:\/\/granada.salesianos.edu\/colegio\/project\/el-balcon-entrevista-completa-monica-ramirez-y-daniel-pareja\/","name":"EL BALC\u00d3N: ENTREVISTA COMPLETA M\u00f3nica Ram\u00edrez Y Daniel Pareja - Colegio Salesiano","isPartOf":{"@id":"https:\/\/granada.salesianos.edu\/colegio\/#website"},"primaryImageOfPage":{"@id":"https:\/\/granada.salesianos.edu\/colegio\/project\/el-balcon-entrevista-completa-monica-ramirez-y-daniel-pareja\/#primaryimage"},"image":{"@id":"https:\/\/granada.salesianos.edu\/colegio\/project\/el-balcon-entrevista-completa-monica-ramirez-y-daniel-pareja\/#primaryimage"},"thumbnailUrl":"https:\/\/granada.salesianos.edu\/colegio\/wp-content\/uploads\/sites\/2\/2025\/03\/WhatsApp-Image-2025-03-31-at-10.04.03.jpeg","datePublished":"2025-03-31T09:05:31+00:00","dateModified":"2025-03-31T09:14:20+00:00","breadcrumb":{"@id":"https:\/\/granada.salesianos.edu\/colegio\/project\/el-balcon-entrevista-completa-monica-ramirez-y-daniel-pareja\/#breadcrumb"},"inLanguage":"es","potentialAction":[{"@type":"ReadAction","target":["https:\/\/granada.salesianos.edu\/colegio\/project\/el-balcon-entrevista-completa-monica-ramirez-y-daniel-pareja\/"]}]},{"@type":"ImageObject","inLanguage":"es","@id":"https:\/\/granada.salesianos.edu\/colegio\/project\/el-balcon-entrevista-completa-monica-ramirez-y-daniel-pareja\/#primaryimage","url":"https:\/\/granada.salesianos.edu\/colegio\/wp-content\/uploads\/sites\/2\/2025\/03\/WhatsApp-Image-2025-03-31-at-10.04.03.jpeg","contentUrl":"https:\/\/granada.salesianos.edu\/colegio\/wp-content\/uploads\/sites\/2\/2025\/03\/WhatsApp-Image-2025-03-31-at-10.04.03.jpeg","width":1600,"height":1200},{"@type":"BreadcrumbList","@id":"https:\/\/granada.salesianos.edu\/colegio\/project\/el-balcon-entrevista-completa-monica-ramirez-y-daniel-pareja\/#breadcrumb","itemListElement":[{"@type":"ListItem","position":1,"name":"Portada","item":"https:\/\/granada.salesianos.edu\/colegio\/"},{"@type":"ListItem","position":2,"name":"Proyectos","item":"https:\/\/granada.salesianos.edu\/colegio\/project\/"},{"@type":"ListItem","position":3,"name":"EL BALC\u00d3N: ENTREVISTA COMPLETA M\u00f3nica Ram\u00edrez Y Daniel Pareja"}]},{"@type":"WebSite","@id":"https:\/\/granada.salesianos.edu\/colegio\/#website","url":"https:\/\/granada.salesianos.edu\/colegio\/","name":"Colegio Salesiano","description":"P\u00e1gina oficial de Salesianos Granada San Juan Bosco","publisher":{"@id":"https:\/\/granada.salesianos.edu\/colegio\/#organization"},"potentialAction":[{"@type":"SearchAction","target":{"@type":"EntryPoint","urlTemplate":"https:\/\/granada.salesianos.edu\/colegio\/?s={search_term_string}"},"query-input":{"@type":"PropertyValueSpecification","valueRequired":true,"valueName":"search_term_string"}}],"inLanguage":"es"},{"@type":"Organization","@id":"https:\/\/granada.salesianos.edu\/colegio\/#organization","name":"Colegio Salesiano San Juan Bosco Granada","url":"https:\/\/granada.salesianos.edu\/colegio\/","logo":{"@type":"ImageObject","inLanguage":"es","@id":"https:\/\/granada.salesianos.edu\/colegio\/#\/schema\/logo\/image\/","url":"https:\/\/granada.salesianos.edu\/colegio\/wp-content\/uploads\/sites\/2\/2021\/01\/GRANADAobraVN2.jpg","contentUrl":"https:\/\/granada.salesianos.edu\/colegio\/wp-content\/uploads\/sites\/2\/2021\/01\/GRANADAobraVN2.jpg","width":2113,"height":1894,"caption":"Colegio Salesiano San Juan Bosco Granada"},"image":{"@id":"https:\/\/granada.salesianos.edu\/colegio\/#\/schema\/logo\/image\/"},"sameAs":["https:\/\/www.facebook.com\/SalesianosGR\/","https:\/\/x.com\/GranadaSDB","https:\/\/www.instagram.com\/salesianosgranada\/","https:\/\/www.youtube.com\/channel\/UChkpZuhCf4Y5rYIcFT3CNxw?view_as=subscriber"]}]}},"_links":{"self":[{"href":"https:\/\/granada.salesianos.edu\/colegio\/wp-json\/wp\/v2\/project\/20034","targetHints":{"allow":["GET"]}}],"collection":[{"href":"https:\/\/granada.salesianos.edu\/colegio\/wp-json\/wp\/v2\/project"}],"about":[{"href":"https:\/\/granada.salesianos.edu\/colegio\/wp-json\/wp\/v2\/types\/project"}],"author":[{"embeddable":true,"href":"https:\/\/granada.salesianos.edu\/colegio\/wp-json\/wp\/v2\/users\/2"}],"replies":[{"embeddable":true,"href":"https:\/\/granada.salesianos.edu\/colegio\/wp-json\/wp\/v2\/comments?post=20034"}],"version-history":[{"count":5,"href":"https:\/\/granada.salesianos.edu\/colegio\/wp-json\/wp\/v2\/project\/20034\/revisions"}],"predecessor-version":[{"id":20048,"href":"https:\/\/granada.salesianos.edu\/colegio\/wp-json\/wp\/v2\/project\/20034\/revisions\/20048"}],"wp:featuredmedia":[{"embeddable":true,"href":"https:\/\/granada.salesianos.edu\/colegio\/wp-json\/wp\/v2\/media\/20045"}],"wp:attachment":[{"href":"https:\/\/granada.salesianos.edu\/colegio\/wp-json\/wp\/v2\/media?parent=20034"}],"wp:term":[{"taxonomy":"project_category","embeddable":true,"href":"https:\/\/granada.salesianos.edu\/colegio\/wp-json\/wp\/v2\/project_category?post=20034"},{"taxonomy":"project_tag","embeddable":true,"href":"https:\/\/granada.salesianos.edu\/colegio\/wp-json\/wp\/v2\/project_tag?post=20034"}],"curies":[{"name":"wp","href":"https:\/\/api.w.org\/{rel}","templated":true}]}}