{"id":3653,"date":"2017-10-02T13:51:42","date_gmt":"2017-10-02T11:51:42","guid":{"rendered":"https:\/\/granada.salesianos.edu\/familiasalesiana\/?page_id=3653"},"modified":"2023-05-25T09:35:06","modified_gmt":"2023-05-25T07:35:06","slug":"inicio","status":"publish","type":"page","link":"https:\/\/granada.salesianos.edu\/familiasalesiana\/","title":{"rendered":"Inicio"},"content":{"rendered":"<div id=\"fb-root\"><\/div>\n<p>[et_pb_section fb_built=\u00bb1&#8243; fullwidth=\u00bbon\u00bb _builder_version=\u00bb4.16&#8243; global_colors_info=\u00bb{}\u00bb][et_pb_fullwidth_header module_class=\u00bbpagina-imagen-cabecera\u00bb _builder_version=\u00bb4.16&#8243; title_text_color=\u00bb#ffffff\u00bb title_font_size=\u00bb40px\u00bb background_color=\u00bbrgba(255, 255, 255, 0)\u00bb background_image=\u00bbhttps:\/\/granada.salesianos.edu\/familiasalesiana\/wp-content\/uploads\/sites\/8\/2018\/02\/somosfamilia-1.jpg\u00bb background_position=\u00bbcenter_left\u00bb background_layout=\u00bblight\u00bb text_shadow_style=\u00bbpreset5&#8243; global_colors_info=\u00bb{}\u00bb button_one_text_size__hover_enabled=\u00bboff\u00bb button_two_text_size__hover_enabled=\u00bboff\u00bb button_one_text_color__hover_enabled=\u00bboff\u00bb button_two_text_color__hover_enabled=\u00bboff\u00bb button_one_border_width__hover_enabled=\u00bboff\u00bb button_two_border_width__hover_enabled=\u00bboff\u00bb button_one_border_color__hover_enabled=\u00bboff\u00bb button_two_border_color__hover_enabled=\u00bboff\u00bb button_one_border_radius__hover_enabled=\u00bboff\u00bb button_two_border_radius__hover_enabled=\u00bboff\u00bb button_one_letter_spacing__hover_enabled=\u00bboff\u00bb button_two_letter_spacing__hover_enabled=\u00bboff\u00bb button_one_bg_color__hover_enabled=\u00bboff\u00bb button_two_bg_color__hover_enabled=\u00bboff\u00bb][\/et_pb_fullwidth_header][\/et_pb_section][et_pb_section fb_built=\u00bb1&#8243; module_class=\u00bbpagina-seccion-contenido\u00bb _builder_version=\u00bb4.16&#8243; custom_padding=\u00bb0%||49px|\u00bb global_colors_info=\u00bb{}\u00bb][et_pb_row _builder_version=\u00bb4.16&#8243; global_colors_info=\u00bb{}\u00bb][et_pb_column type=\u00bb4_4&#8243; _builder_version=\u00bb4.16&#8243; custom_padding=\u00bb|||\u00bb global_colors_info=\u00bb{}\u00bb custom_padding__hover=\u00bb|||\u00bb][et_pb_text _builder_version=\u00bb4.16&#8243; global_colors_info=\u00bb{}\u00bb]<\/p>\n<h3><span style=\"color: #808080;\"><strong>NOTICIAS DE LA FAMILIA SALESIANA DE GRANADA<\/strong><\/span><\/h3>\n<p>[\/et_pb_text][et_pb_blog fullwidth=\u00bboff\u00bb include_categories=\u00bb15&#8243; show_comments=\u00bbon\u00bb _builder_version=\u00bb4.20.2&#8243; hover_enabled=\u00bb0&#8243; pagination_font_size_tablet=\u00bb51&#8243; pagination_line_height_tablet=\u00bb2&#8243; global_colors_info=\u00bb{}\u00bb sticky_enabled=\u00bb0&#8243;][\/et_pb_blog][\/et_pb_column][\/et_pb_row][et_pb_row _builder_version=\u00bb4.16&#8243; background_size=\u00bbinitial\u00bb background_position=\u00bbtop_left\u00bb background_repeat=\u00bbrepeat\u00bb custom_margin=\u00bb25px|||\u00bb custom_padding=\u00bb25px|0px|26px|0px\u00bb global_colors_info=\u00bb{}\u00bb column_structure=\u00bb2_3,1_3&#8243;][et_pb_column type=\u00bb2_3&#8243; _builder_version=\u00bb4.16&#8243; custom_padding=\u00bb|||\u00bb global_colors_info=\u00bb{}\u00bb custom_padding__hover=\u00bb|||\u00bb][et_pb_testimonial author=\u00bbD. Pascual Ch\u00e1vez Villanueva\u00bb job_title=\u00bbRector Mayor Em\u00e9rito\u00bb portrait_url=\u00bbhttps:\/\/granada.salesianos.edu\/familiasalesiana\/wp-content\/uploads\/sites\/8\/2018\/02\/PascualChavez.jpg\u00bb _builder_version=\u00bb4.16&#8243; background_size=\u00bbinitial\u00bb background_position=\u00bbtop_left\u00bb background_repeat=\u00bbrepeat\u00bb text_orientation=\u00bbjustified\u00bb custom_margin=\u00bb|||\u00bb custom_padding=\u00bb35px|||\u00bb box_shadow_style=\u00bbpreset3&#8243; global_colors_info=\u00bb{}\u00bb]<\/p>\n<h2>\u00bfQu\u00e9 es la FAMILIA SALESIANA?<\/h2>\n<div>La Familia Salesiana de Don Bosco est\u00e1 formada por tres grupos centrales <span style=\"color: #ff0000;\">(SDB, HMA, SSCC)<\/span> \u2013 a cuya fundaci\u00f3n el santo dedic\u00f3 tiempo, energ\u00edas, esfuerzo formativo y organizativo, para que fueran el n\u00facleo b\u00e1sico de su obra \u2013 y por una constelaci\u00f3n de otros muchos grupos hasta llegar a 26. A Don Bosco se debe tambi\u00e9n el origen de la <span style=\"color: #ff0000;\">Asociaci\u00f3n de Mar\u00eda Auxiliadora.<\/span><\/div>\n<div><\/div>\n<div>Don Bosco ha dado origen a los primeros cuatro grupos de la Familia Salesiana. \u00c9l no fue simplemente el fundador de los Salesianos, de las Hijas de Mar\u00eda Auxiliadora \u2013 junto con Santa Mar\u00eda Dominica Mazzarello \u2013, de los Cooperadores y de la Asociaci\u00f3n de Mar\u00eda Auxiliadora. En efecto, creando un clima de familia que involucraba a muchos, dentro y alrededor de sus obras, no solo dio origen a un particular tipo de relaciones interpersonales y de autoridad, sino que, <span style=\"color: #ff0000;\">guiado por Dios, hizo nacer una identidad carism\u00e1tica participada y participable, que se expresa en el esp\u00edritu y en la misi\u00f3n salesiana.<\/span><\/div>\n<div><\/div>\n<div>De esta forma, la acci\u00f3n del Esp\u00edritu Santo gui\u00f3 a Don Bosco en dar vida a varias fuerzas apost\u00f3licas, primeras, pero no \u00fanicas las que \u00e9l mismo fund\u00f3. <span style=\"color: #ff0000;\">Su proyecto original, no alcanzado plenamente durante su vida, quedaba como un dinamismo por desarrollar: la Familia Salesiana con sus innumerables grupos es de ello prueba hist\u00f3rica evidente.<\/span><\/div>\n<div><\/div>\n<div>Si por un lado no se puede atribuir todo el desarrollo de la Familia Salesiana a Don Bosco, porque <span style=\"color: #ff0000;\"><strong>s<span style=\"color: #ff0000;\">u<\/span> heredad no es un \u201cmuseo\u201d sino una realidad viva<\/strong><\/span>, por el otro todas las fundaciones sucesivas en la Familia Salesiana se remontan a su genuino proyecto apost\u00f3lico, como tantas veces lo han repetido los sucesores, garantes de la autenticidad de su esp\u00edritu y misi\u00f3n.<\/div>\n<p>[\/et_pb_testimonial][\/et_pb_column][et_pb_column type=\u00bb1_3&#8243; _builder_version=\u00bb4.16&#8243; custom_padding=\u00bb|||\u00bb global_colors_info=\u00bb{}\u00bb custom_padding__hover=\u00bb|||\u00bb][et_pb_text _builder_version=\u00bb4.16&#8243; custom_margin=\u00bb|||\u00bb custom_padding=\u00bb|||\u00bb global_colors_info=\u00bb{}\u00bb]<\/p>\n<h2>Grupos de la Familia Salesiana en Granada<\/h2>\n<p>[\/et_pb_text][et_pb_text _builder_version=\u00bb4.16&#8243; background_size=\u00bbinitial\u00bb background_position=\u00bbtop_left\u00bb background_repeat=\u00bbrepeat\u00bb text_orientation=\u00bbjustified\u00bb global_colors_info=\u00bb{}\u00bb]En nuestra Obra est\u00e1n presentes los siguientes grupos:<\/p>\n<p>-Salesianos de D. Bosco <strong><span style=\"color: #ff0000;\">(SDB)<\/span><\/strong><\/p>\n<p>-Salesianos Cooperadores<span style=\"color: #ff0000;\"><strong> (SSCC)<\/strong><\/span><\/p>\n<p>-Asociaci\u00f3n de Mar\u00eda Auxiliadora <strong><span style=\"color: #ff0000;\">(ADMA)<\/span><\/strong><\/p>\n<p>-Asociaci\u00f3n de Antiguos Alumnos\/as<span style=\"color: #ff0000;\"><strong> (AA.AA.)<\/strong><\/span><br \/>\n[\/et_pb_text][et_pb_text _builder_version=\u00bb4.16&#8243; custom_margin=\u00bb|||\u00bb custom_padding=\u00bb|||\u00bb global_colors_info=\u00bb{}\u00bb]<\/p>\n<h2>Un \u00e1rbol con m\u00e1s ramas y fuertes ra\u00edces<\/h2>\n<p>[\/et_pb_text][et_pb_text _builder_version=\u00bb4.16&#8243; background_size=\u00bbinitial\u00bb background_position=\u00bbtop_left\u00bb background_repeat=\u00bbrepeat\u00bb text_orientation=\u00bbjustified\u00bb global_colors_info=\u00bb{}\u00bb]Como afirma el anterior Rector Mayor, los grupos siguen creciendo y en nuestra Obra hay otras realidades que son una <span style=\"color: #ff0000;\">propuesta aut\u00e9ntica de vida cristiana y carisma salesiano<\/span>. Todas ellas se integran en el Consejo de la Comunidad Educativo-Pastoral (Consejo de la CEP):<\/p>\n<p><span style=\"color: #ff0000;\">-Hogares D. Bosco (HdB)<\/span>, nacidos de los Salesianos Cooperadores<\/p>\n<p><span style=\"color: #ff0000;\">-Hermandad Salesiana<\/span> del Stmo. Cristo de la Redenci\u00f3n y Ntra. Sra. de la Salud<\/p>\n<p><span style=\"color: #ff0000;\">-Fundaci\u00f3n D. Bosco<\/span><br \/>\n[\/et_pb_text][et_pb_button button_url=\u00bbhttp:\/\/www.sdb.org\/es\/famiglia-salesiana\/52-los-grupos-de-la-familia-salesiana\/581-los-grupos-de-la-familia-salesiana\u00bb url_new_window=\u00bbon\u00bb button_text=\u00bbAqu\u00ed est\u00e1n todos los grupos de la Familia Salesiana\u00bb _builder_version=\u00bb4.16&#8243; custom_button=\u00bbon\u00bb button_text_color=\u00bb#ffffff\u00bb button_bg_color=\u00bb#e02b20&#8243; button_bg_blend=\u00bblighten\u00bb button_border_width=\u00bb0px\u00bb global_colors_info=\u00bb{}\u00bb button_text_size__hover_enabled=\u00bboff\u00bb button_one_text_size__hover_enabled=\u00bboff\u00bb button_two_text_size__hover_enabled=\u00bboff\u00bb button_text_color__hover_enabled=\u00bboff\u00bb button_one_text_color__hover_enabled=\u00bboff\u00bb button_two_text_color__hover_enabled=\u00bboff\u00bb button_border_width__hover_enabled=\u00bboff\u00bb button_one_border_width__hover_enabled=\u00bboff\u00bb button_two_border_width__hover_enabled=\u00bboff\u00bb button_border_color__hover_enabled=\u00bboff\u00bb button_one_border_color__hover_enabled=\u00bboff\u00bb button_two_border_color__hover_enabled=\u00bboff\u00bb button_border_radius__hover_enabled=\u00bboff\u00bb button_one_border_radius__hover_enabled=\u00bboff\u00bb button_two_border_radius__hover_enabled=\u00bboff\u00bb button_letter_spacing__hover_enabled=\u00bboff\u00bb button_one_letter_spacing__hover_enabled=\u00bboff\u00bb button_two_letter_spacing__hover_enabled=\u00bboff\u00bb button_bg_color__hover_enabled=\u00bboff\u00bb button_one_bg_color__hover_enabled=\u00bboff\u00bb button_two_bg_color__hover_enabled=\u00bboff\u00bb][\/et_pb_button][et_pb_button button_url=\u00bbhttp:\/\/granada.salesianos.edu\u00bb button_text=\u00bbVolver a PRINCIPAL\u00bb _builder_version=\u00bb4.16&#8243; global_colors_info=\u00bb{}\u00bb button_text_size__hover_enabled=\u00bboff\u00bb button_one_text_size__hover_enabled=\u00bboff\u00bb button_two_text_size__hover_enabled=\u00bboff\u00bb button_text_color__hover_enabled=\u00bboff\u00bb button_one_text_color__hover_enabled=\u00bboff\u00bb button_two_text_color__hover_enabled=\u00bboff\u00bb button_border_width__hover_enabled=\u00bboff\u00bb button_one_border_width__hover_enabled=\u00bboff\u00bb button_two_border_width__hover_enabled=\u00bboff\u00bb button_border_color__hover_enabled=\u00bboff\u00bb button_one_border_color__hover_enabled=\u00bboff\u00bb button_two_border_color__hover_enabled=\u00bboff\u00bb button_border_radius__hover_enabled=\u00bboff\u00bb button_one_border_radius__hover_enabled=\u00bboff\u00bb button_two_border_radius__hover_enabled=\u00bboff\u00bb button_letter_spacing__hover_enabled=\u00bboff\u00bb button_one_letter_spacing__hover_enabled=\u00bboff\u00bb button_two_letter_spacing__hover_enabled=\u00bboff\u00bb button_bg_color__hover_enabled=\u00bboff\u00bb button_one_bg_color__hover_enabled=\u00bboff\u00bb button_two_bg_color__hover_enabled=\u00bboff\u00bb][\/et_pb_button][\/et_pb_column][\/et_pb_row][et_pb_row _builder_version=\u00bb4.16&#8243; global_colors_info=\u00bb{}\u00bb][et_pb_column type=\u00bb4_4&#8243; _builder_version=\u00bb4.16&#8243; custom_padding=\u00bb|||\u00bb global_colors_info=\u00bb{}\u00bb custom_padding__hover=\u00bb|||\u00bb][et_pb_text _builder_version=\u00bb4.16&#8243; header_2_font=\u00bbLato|300|||||||\u00bb header_2_font_size=\u00bb30px\u00bb global_colors_info=\u00bb{}\u00bb]<\/p>\n<h2><span style=\"color: #ff0000;\"><strong>Conoce nuestros grupos&#8230;.est\u00e1s invitado\/a a formar parte de ellos<\/strong><\/span><\/h2>\n<p>[\/et_pb_text][et_pb_text _builder_version=\u00bb4.16&#8243; global_colors_info=\u00bb{}\u00bb]<span style=\"color: #ff0000;\"><strong>El carisma salesiano es un aut\u00e9ntico Don de Dios<\/strong><\/span>. \u00bfPor qu\u00e9 no puedes tu ser llamado\/a a vivir tu vida cristiana desde ese carisma? Los distintos grupos de la Familia Salesiana traducen esta vocaci\u00f3n cristiana, que se adapta a aqu\u00e9lla llamada que el Se\u00f1or no para de lanzar&#8230;\u00bfPuede estar en alguno de estos grupos la respuesta que buscabas dar? Con\u00f3cenos, no \u00fanicamente a t\u00edtulo informativo&#8230;<strong><span style=\"color: #ff0000;\">quiz\u00e1 encuentres aqu\u00ed tu vocaci\u00f3n. \u00a1VEN Y VER\u00c1S!<\/span><\/strong><br \/>\n[\/et_pb_text][\/et_pb_column][\/et_pb_row][et_pb_row _builder_version=\u00bb4.16&#8243; custom_padding=\u00bb0px|0px|23.03125px|0px\u00bb global_colors_info=\u00bb{}\u00bb column_structure=\u00bb1_3,1_3,1_3&#8243;][et_pb_column type=\u00bb1_3&#8243; _builder_version=\u00bb4.16&#8243; custom_padding=\u00bb|||\u00bb global_colors_info=\u00bb{}\u00bb custom_padding__hover=\u00bb|||\u00bb][et_pb_cta title=\u00bbSalesianos de D. Bosco (SDB)\u00bb button_url=\u00bbhttps:\/\/granada.salesianos.edu\/comunidad-salesiana-granada\/\u00bb url_new_window=\u00bbon\u00bb button_text=\u00bbsaber +\u00bb _builder_version=\u00bb4.16&#8243; header_font=\u00bbLato||||\u00bb header_font_size=\u00bb24px\u00bb header_line_height=\u00bb1.2em\u00bb body_font_size=\u00bb16px\u00bb background_color=\u00bbrgba(247,247,247,0.8)\u00bb background_image=\u00bbhttps:\/\/granada.salesianos.edu\/familiasalesiana\/wp-content\/uploads\/sites\/8\/2018\/02\/logoSalesianosWeb.png\u00bb background_blend=\u00bblighten\u00bb custom_button=\u00bbon\u00bb button_text_color=\u00bb#ffffff\u00bb button_bg_color=\u00bb#f75e56&#8243; button_border_width=\u00bb0px\u00bb text_orientation=\u00bbleft\u00bb background_layout=\u00bblight\u00bb custom_margin=\u00bb||25px|\u00bb custom_padding=\u00bb30px|30px|30px|30px\u00bb box_shadow_style=\u00bbpreset3&#8243; text_shadow_style=\u00bbpreset3&#8243; text_shadow_blur_strength=\u00bb1.01em\u00bb text_shadow_color=\u00bb#ffffff\u00bb global_colors_info=\u00bb{}\u00bb button_text_size__hover_enabled=\u00bboff\u00bb button_one_text_size__hover_enabled=\u00bboff\u00bb button_two_text_size__hover_enabled=\u00bboff\u00bb button_text_color__hover_enabled=\u00bboff\u00bb button_one_text_color__hover_enabled=\u00bboff\u00bb button_two_text_color__hover_enabled=\u00bboff\u00bb button_border_width__hover_enabled=\u00bboff\u00bb button_one_border_width__hover_enabled=\u00bboff\u00bb button_two_border_width__hover_enabled=\u00bboff\u00bb button_border_color__hover_enabled=\u00bboff\u00bb button_one_border_color__hover_enabled=\u00bboff\u00bb button_two_border_color__hover_enabled=\u00bboff\u00bb button_border_radius__hover_enabled=\u00bboff\u00bb button_one_border_radius__hover_enabled=\u00bboff\u00bb button_two_border_radius__hover_enabled=\u00bboff\u00bb button_letter_spacing__hover_enabled=\u00bboff\u00bb button_one_letter_spacing__hover_enabled=\u00bboff\u00bb button_two_letter_spacing__hover_enabled=\u00bboff\u00bb button_bg_color__hover_enabled=\u00bboff\u00bb button_one_bg_color__hover_enabled=\u00bboff\u00bb button_two_bg_color__hover_enabled=\u00bboff\u00bb]Vivimos nuestra vocaci\u00f3n al servicio de los j\u00f3venes y de la Iglesia. Vida religiosa y sacerdotal<br \/>\n[\/et_pb_cta][et_pb_cta title=\u00bbANTIGUOS ALUMNOS (AAAA)\u00bb button_url=\u00bbhttps:\/\/www.facebook.com\/SanJuanBoscoGranada\/\u00bb url_new_window=\u00bbon\u00bb button_text=\u00bbsaber +\u00bb _builder_version=\u00bb4.16&#8243; header_font=\u00bbLato||||\u00bb header_font_size=\u00bb24px\u00bb header_line_height=\u00bb1.2em\u00bb body_font_size=\u00bb16px\u00bb background_color=\u00bbrgba(247,247,247,0.8)\u00bb background_image=\u00bbhttps:\/\/granada.salesianos.edu\/familiasalesiana\/wp-content\/uploads\/sites\/8\/2018\/02\/image.jpg\u00bb background_blend=\u00bblighten\u00bb custom_button=\u00bbon\u00bb button_text_color=\u00bb#ffffff\u00bb button_bg_color=\u00bb#e0534c\u00bb button_border_width=\u00bb0px\u00bb text_orientation=\u00bbleft\u00bb background_layout=\u00bblight\u00bb custom_margin=\u00bb||25px|\u00bb custom_padding=\u00bb30px|30px|30px|30px\u00bb box_shadow_style=\u00bbpreset3&#8243; text_shadow_style=\u00bbpreset3&#8243; text_shadow_blur_strength=\u00bb1.01em\u00bb text_shadow_color=\u00bb#ffffff\u00bb global_colors_info=\u00bb{}\u00bb button_text_size__hover_enabled=\u00bboff\u00bb button_one_text_size__hover_enabled=\u00bboff\u00bb button_two_text_size__hover_enabled=\u00bboff\u00bb button_text_color__hover_enabled=\u00bboff\u00bb button_one_text_color__hover_enabled=\u00bboff\u00bb button_two_text_color__hover_enabled=\u00bboff\u00bb button_border_width__hover_enabled=\u00bboff\u00bb button_one_border_width__hover_enabled=\u00bboff\u00bb button_two_border_width__hover_enabled=\u00bboff\u00bb button_border_color__hover_enabled=\u00bboff\u00bb button_one_border_color__hover_enabled=\u00bboff\u00bb button_two_border_color__hover_enabled=\u00bboff\u00bb button_border_radius__hover_enabled=\u00bboff\u00bb button_one_border_radius__hover_enabled=\u00bboff\u00bb button_two_border_radius__hover_enabled=\u00bboff\u00bb button_letter_spacing__hover_enabled=\u00bboff\u00bb button_one_letter_spacing__hover_enabled=\u00bboff\u00bb button_two_letter_spacing__hover_enabled=\u00bboff\u00bb button_bg_color__hover_enabled=\u00bboff\u00bb button_one_bg_color__hover_enabled=\u00bboff\u00bb button_two_bg_color__hover_enabled=\u00bboff\u00bb]Vivimos el agradecimiento por la educaci\u00f3n recibida y vivimos el carisma salesiano en la vida cotidiana<br \/>\n[\/et_pb_cta][et_pb_cta title=\u00bbMOVIMIENTO JUVENIL SALESIANO (MJS)\u00bb button_url=\u00bbhttp:\/\/www.pastoraljuvenil.es\/inicio-mjs\/\u00bb url_new_window=\u00bbon\u00bb button_text=\u00bbsaber +\u00bb _builder_version=\u00bb4.16&#8243; header_font=\u00bbLato||||\u00bb header_font_size=\u00bb24px\u00bb header_line_height=\u00bb1.2em\u00bb body_font_size=\u00bb16px\u00bb background_color=\u00bbrgba(247,247,247,0.8)\u00bb background_image=\u00bbhttps:\/\/granada.salesianos.edu\/familiasalesiana\/wp-content\/uploads\/sites\/8\/2018\/02\/42ConsejoPermanente.jpg\u00bb background_blend=\u00bblighten\u00bb custom_button=\u00bbon\u00bb button_text_color=\u00bb#ffffff\u00bb button_bg_color=\u00bb#e04d45&#8243; button_border_width=\u00bb0px\u00bb text_orientation=\u00bbleft\u00bb background_layout=\u00bblight\u00bb custom_margin=\u00bb||25px|\u00bb custom_padding=\u00bb30px|30px|30px|30px\u00bb box_shadow_style=\u00bbpreset3&#8243; text_shadow_style=\u00bbpreset3&#8243; text_shadow_blur_strength=\u00bb1.01em\u00bb text_shadow_color=\u00bb#ffffff\u00bb global_colors_info=\u00bb{}\u00bb button_text_size__hover_enabled=\u00bboff\u00bb button_one_text_size__hover_enabled=\u00bboff\u00bb button_two_text_size__hover_enabled=\u00bboff\u00bb button_text_color__hover_enabled=\u00bboff\u00bb button_one_text_color__hover_enabled=\u00bboff\u00bb button_two_text_color__hover_enabled=\u00bboff\u00bb button_border_width__hover_enabled=\u00bboff\u00bb button_one_border_width__hover_enabled=\u00bboff\u00bb button_two_border_width__hover_enabled=\u00bboff\u00bb button_border_color__hover_enabled=\u00bboff\u00bb button_one_border_color__hover_enabled=\u00bboff\u00bb button_two_border_color__hover_enabled=\u00bboff\u00bb button_border_radius__hover_enabled=\u00bboff\u00bb button_one_border_radius__hover_enabled=\u00bboff\u00bb button_two_border_radius__hover_enabled=\u00bboff\u00bb button_letter_spacing__hover_enabled=\u00bboff\u00bb button_one_letter_spacing__hover_enabled=\u00bboff\u00bb button_two_letter_spacing__hover_enabled=\u00bboff\u00bb button_bg_color__hover_enabled=\u00bboff\u00bb button_one_bg_color__hover_enabled=\u00bboff\u00bb button_two_bg_color__hover_enabled=\u00bboff\u00bb]Los j\u00f3venes estamos llamados a vivir en salesiano&#8230;todas las iniciativas que nos ayudan a profundizar y llenarnos de alegr\u00eda con el Esp\u00edritu de D. Bosco.<br \/>\n[\/et_pb_cta][\/et_pb_column][et_pb_column type=\u00bb1_3&#8243; _builder_version=\u00bb4.16&#8243; custom_padding=\u00bb|||\u00bb global_colors_info=\u00bb{}\u00bb custom_padding__hover=\u00bb|||\u00bb][et_pb_cta title=\u00bbSalesianos Cooperadores (SSCC)\u00bb button_url=\u00bbhttp:\/\/cooperadores.org\/wp\/\u00bb url_new_window=\u00bbon\u00bb button_text=\u00bbsaber +\u00bb _builder_version=\u00bb4.16&#8243; header_font=\u00bbLato||||\u00bb header_font_size=\u00bb24px\u00bb header_line_height=\u00bb1.2em\u00bb body_font_size=\u00bb16px\u00bb background_color=\u00bbrgba(247,247,247,0.8)\u00bb background_image=\u00bbhttps:\/\/granada.salesianos.edu\/familiasalesiana\/wp-content\/uploads\/sites\/8\/2018\/02\/sal-sur.jpg\u00bb background_blend=\u00bblighten\u00bb custom_button=\u00bbon\u00bb button_text_color=\u00bb#ffffff\u00bb button_bg_color=\u00bb#fc4646&#8243; button_border_width=\u00bb0px\u00bb text_orientation=\u00bbleft\u00bb background_layout=\u00bblight\u00bb custom_margin=\u00bb||25px|\u00bb custom_padding=\u00bb30px|30px|30px|30px\u00bb box_shadow_style=\u00bbpreset3&#8243; text_shadow_style=\u00bbpreset3&#8243; text_shadow_blur_strength=\u00bb1.01em\u00bb text_shadow_color=\u00bb#ffffff\u00bb global_colors_info=\u00bb{}\u00bb button_text_size__hover_enabled=\u00bboff\u00bb button_one_text_size__hover_enabled=\u00bboff\u00bb button_two_text_size__hover_enabled=\u00bboff\u00bb button_text_color__hover_enabled=\u00bboff\u00bb button_one_text_color__hover_enabled=\u00bboff\u00bb button_two_text_color__hover_enabled=\u00bboff\u00bb button_border_width__hover_enabled=\u00bboff\u00bb button_one_border_width__hover_enabled=\u00bboff\u00bb button_two_border_width__hover_enabled=\u00bboff\u00bb button_border_color__hover_enabled=\u00bboff\u00bb button_one_border_color__hover_enabled=\u00bboff\u00bb button_two_border_color__hover_enabled=\u00bboff\u00bb button_border_radius__hover_enabled=\u00bboff\u00bb button_one_border_radius__hover_enabled=\u00bboff\u00bb button_two_border_radius__hover_enabled=\u00bboff\u00bb button_letter_spacing__hover_enabled=\u00bboff\u00bb button_one_letter_spacing__hover_enabled=\u00bboff\u00bb button_two_letter_spacing__hover_enabled=\u00bboff\u00bb button_bg_color__hover_enabled=\u00bboff\u00bb button_one_bg_color__hover_enabled=\u00bboff\u00bb button_two_bg_color__hover_enabled=\u00bboff\u00bb]Vivimos el carisma salesiano en la vida ordinaria, en nuestra familia y trabajo.<br \/>\n[\/et_pb_cta][et_pb_cta title=\u00bbHERMANDAD REDENCI\u00d3N Y SALUD\u00bb button_url=\u00bbhttp:\/\/www.hermandadesdegranada.com\/hermandades\/real-cofradia-de-penitencia-y-hermandad-salesiana-del-santisimo-cristo-de-la-redencion-y-nuestra-senora-de-la-salud\/\u00bb url_new_window=\u00bbon\u00bb button_text=\u00bbsaber +\u00bb _builder_version=\u00bb4.16&#8243; header_font=\u00bbLato||||\u00bb header_font_size=\u00bb24px\u00bb header_line_height=\u00bb1.2em\u00bb body_font_size=\u00bb16px\u00bb background_color=\u00bbrgba(247,247,247,0.8)\u00bb background_image=\u00bbhttps:\/\/granada.salesianos.edu\/familiasalesiana\/wp-content\/uploads\/sites\/8\/2018\/02\/esc_gr_salesianos.jpg\u00bb background_blend=\u00bblighten\u00bb custom_button=\u00bbon\u00bb button_text_color=\u00bb#ffffff\u00bb button_bg_color=\u00bb#e0554e\u00bb button_border_width=\u00bb0px\u00bb text_orientation=\u00bbleft\u00bb background_layout=\u00bblight\u00bb custom_margin=\u00bb||25px|\u00bb custom_padding=\u00bb30px|30px|30px|30px\u00bb box_shadow_style=\u00bbpreset3&#8243; text_shadow_style=\u00bbpreset3&#8243; text_shadow_blur_strength=\u00bb1.01em\u00bb text_shadow_color=\u00bb#ffffff\u00bb global_colors_info=\u00bb{}\u00bb button_text_size__hover_enabled=\u00bboff\u00bb button_one_text_size__hover_enabled=\u00bboff\u00bb button_two_text_size__hover_enabled=\u00bboff\u00bb button_text_color__hover_enabled=\u00bboff\u00bb button_one_text_color__hover_enabled=\u00bboff\u00bb button_two_text_color__hover_enabled=\u00bboff\u00bb button_border_width__hover_enabled=\u00bboff\u00bb button_one_border_width__hover_enabled=\u00bboff\u00bb button_two_border_width__hover_enabled=\u00bboff\u00bb button_border_color__hover_enabled=\u00bboff\u00bb button_one_border_color__hover_enabled=\u00bboff\u00bb button_two_border_color__hover_enabled=\u00bboff\u00bb button_border_radius__hover_enabled=\u00bboff\u00bb button_one_border_radius__hover_enabled=\u00bboff\u00bb button_two_border_radius__hover_enabled=\u00bboff\u00bb button_letter_spacing__hover_enabled=\u00bboff\u00bb button_one_letter_spacing__hover_enabled=\u00bboff\u00bb button_two_letter_spacing__hover_enabled=\u00bboff\u00bb button_bg_color__hover_enabled=\u00bboff\u00bb button_one_bg_color__hover_enabled=\u00bboff\u00bb button_two_bg_color__hover_enabled=\u00bboff\u00bb]Una vida de Hermandad, centrada en Dios, la caridad&#8230;y vivida con estilo salesiano<br \/>\n[\/et_pb_cta][\/et_pb_column][et_pb_column type=\u00bb1_3&#8243; _builder_version=\u00bb4.16&#8243; custom_padding=\u00bb|||\u00bb global_colors_info=\u00bb{}\u00bb custom_padding__hover=\u00bb|||\u00bb][et_pb_cta title=\u00bbASOCIACI\u00d3N DE MAR\u00cdA AUXILIADORA (ADMA)\u00bb button_url=\u00bbhttps:\/\/www.facebook.com\/m.auxiliadora.zaidin\/\u00bb url_new_window=\u00bbon\u00bb button_text=\u00bbsaber +\u00bb _builder_version=\u00bb4.16&#8243; header_font=\u00bbLato||||\u00bb header_font_size=\u00bb24px\u00bb header_line_height=\u00bb1.2em\u00bb body_font_size=\u00bb16px\u00bb background_color=\u00bbrgba(247,247,247,0.8)\u00bb background_image=\u00bbhttps:\/\/granada.salesianos.edu\/familiasalesiana\/wp-content\/uploads\/sites\/8\/2018\/02\/adma300.jpg\u00bb background_blend=\u00bblighten\u00bb custom_button=\u00bbon\u00bb button_text_color=\u00bb#ffffff\u00bb button_bg_color=\u00bb#e0514a\u00bb button_border_width=\u00bb0px\u00bb text_orientation=\u00bbleft\u00bb background_layout=\u00bblight\u00bb custom_margin=\u00bb||25px|\u00bb custom_padding=\u00bb30px|30px|30px|30px\u00bb box_shadow_style=\u00bbpreset3&#8243; text_shadow_style=\u00bbpreset3&#8243; text_shadow_blur_strength=\u00bb1.01em\u00bb text_shadow_color=\u00bb#ffffff\u00bb global_colors_info=\u00bb{}\u00bb button_text_size__hover_enabled=\u00bboff\u00bb button_one_text_size__hover_enabled=\u00bboff\u00bb button_two_text_size__hover_enabled=\u00bboff\u00bb button_text_color__hover_enabled=\u00bboff\u00bb button_one_text_color__hover_enabled=\u00bboff\u00bb button_two_text_color__hover_enabled=\u00bboff\u00bb button_border_width__hover_enabled=\u00bboff\u00bb button_one_border_width__hover_enabled=\u00bboff\u00bb button_two_border_width__hover_enabled=\u00bboff\u00bb button_border_color__hover_enabled=\u00bboff\u00bb button_one_border_color__hover_enabled=\u00bboff\u00bb button_two_border_color__hover_enabled=\u00bboff\u00bb button_border_radius__hover_enabled=\u00bboff\u00bb button_one_border_radius__hover_enabled=\u00bboff\u00bb button_two_border_radius__hover_enabled=\u00bboff\u00bb button_letter_spacing__hover_enabled=\u00bboff\u00bb button_one_letter_spacing__hover_enabled=\u00bboff\u00bb button_two_letter_spacing__hover_enabled=\u00bboff\u00bb button_bg_color__hover_enabled=\u00bboff\u00bb button_one_bg_color__hover_enabled=\u00bboff\u00bb button_two_bg_color__hover_enabled=\u00bboff\u00bb]Nuestra tarea fundamental, vivir y fomentar la devoci\u00f3n a Mar\u00eda Auxiliadora<br \/>\n[\/et_pb_cta][et_pb_cta title=\u00bbFUNDACI\u00d3N DON BOSCO (FDB)\u00bb button_url=\u00bbhttp:\/\/www.proyectodonbosco.com\/\u00bb url_new_window=\u00bbon\u00bb button_text=\u00bbsaber +\u00bb _builder_version=\u00bb4.16&#8243; header_font=\u00bbLato||||\u00bb header_font_size=\u00bb24px\u00bb header_line_height=\u00bb1.2em\u00bb body_font_size=\u00bb16px\u00bb background_color=\u00bbrgba(247,247,247,0.8)\u00bb background_image=\u00bbhttps:\/\/granada.salesianos.edu\/familiasalesiana\/wp-content\/uploads\/sites\/8\/2018\/02\/descarga.png\u00bb background_blend=\u00bblighten\u00bb custom_button=\u00bbon\u00bb button_text_color=\u00bb#ffffff\u00bb button_bg_color=\u00bb#e0514a\u00bb button_border_width=\u00bb0px\u00bb text_orientation=\u00bbleft\u00bb background_layout=\u00bblight\u00bb custom_margin=\u00bb||25px|\u00bb custom_padding=\u00bb30px|30px|30px|30px\u00bb box_shadow_style=\u00bbpreset3&#8243; text_shadow_style=\u00bbpreset3&#8243; text_shadow_blur_strength=\u00bb1.01em\u00bb text_shadow_color=\u00bb#ffffff\u00bb global_colors_info=\u00bb{}\u00bb button_text_size__hover_enabled=\u00bboff\u00bb button_one_text_size__hover_enabled=\u00bboff\u00bb button_two_text_size__hover_enabled=\u00bboff\u00bb button_text_color__hover_enabled=\u00bboff\u00bb button_one_text_color__hover_enabled=\u00bboff\u00bb button_two_text_color__hover_enabled=\u00bboff\u00bb button_border_width__hover_enabled=\u00bboff\u00bb button_one_border_width__hover_enabled=\u00bboff\u00bb button_two_border_width__hover_enabled=\u00bboff\u00bb button_border_color__hover_enabled=\u00bboff\u00bb button_one_border_color__hover_enabled=\u00bboff\u00bb button_two_border_color__hover_enabled=\u00bboff\u00bb button_border_radius__hover_enabled=\u00bboff\u00bb button_one_border_radius__hover_enabled=\u00bboff\u00bb button_two_border_radius__hover_enabled=\u00bboff\u00bb button_letter_spacing__hover_enabled=\u00bboff\u00bb button_one_letter_spacing__hover_enabled=\u00bboff\u00bb button_two_letter_spacing__hover_enabled=\u00bboff\u00bb button_bg_color__hover_enabled=\u00bboff\u00bb button_one_bg_color__hover_enabled=\u00bboff\u00bb button_two_bg_color__hover_enabled=\u00bboff\u00bb]Nuestra labor est\u00e1 volcada en los j\u00f3venes m\u00e1s pobres. Proyectos de b\u00fasqueda de empleo y promoci\u00f3n social, Casas de acogida&#8230; Hazte voluntario o trabaja con nosotros<br \/>\n[\/et_pb_cta][et_pb_cta title=\u00bbHOGARES DON BOSCO\u00bb button_url=\u00bbhttp:\/\/boletin-salesiano.com\/?p=6549&#8243; url_new_window=\u00bbon\u00bb button_text=\u00bbsaber +\u00bb _builder_version=\u00bb4.16&#8243; header_font=\u00bbLato||||\u00bb header_font_size=\u00bb24px\u00bb header_line_height=\u00bb1.2em\u00bb body_font_size=\u00bb16px\u00bb background_color=\u00bbrgba(247,247,247,0.8)\u00bb background_image=\u00bbhttps:\/\/granada.salesianos.edu\/familiasalesiana\/wp-content\/uploads\/sites\/8\/2018\/02\/logo-nuevo-hdb.jpg\u00bb background_blend=\u00bblighten\u00bb custom_button=\u00bbon\u00bb button_text_color=\u00bb#ffffff\u00bb button_bg_color=\u00bb#e04b43&#8243; button_border_width=\u00bb0px\u00bb text_orientation=\u00bbleft\u00bb background_layout=\u00bblight\u00bb custom_margin=\u00bb||25px|\u00bb custom_padding=\u00bb30px|30px|30px|30px\u00bb box_shadow_style=\u00bbpreset3&#8243; text_shadow_style=\u00bbpreset3&#8243; text_shadow_blur_strength=\u00bb1.01em\u00bb text_shadow_color=\u00bb#ffffff\u00bb global_colors_info=\u00bb{}\u00bb button_text_size__hover_enabled=\u00bboff\u00bb button_one_text_size__hover_enabled=\u00bboff\u00bb button_two_text_size__hover_enabled=\u00bboff\u00bb button_text_color__hover_enabled=\u00bboff\u00bb button_one_text_color__hover_enabled=\u00bboff\u00bb button_two_text_color__hover_enabled=\u00bboff\u00bb button_border_width__hover_enabled=\u00bboff\u00bb button_one_border_width__hover_enabled=\u00bboff\u00bb button_two_border_width__hover_enabled=\u00bboff\u00bb button_border_color__hover_enabled=\u00bboff\u00bb button_one_border_color__hover_enabled=\u00bboff\u00bb button_two_border_color__hover_enabled=\u00bboff\u00bb button_border_radius__hover_enabled=\u00bboff\u00bb button_one_border_radius__hover_enabled=\u00bboff\u00bb button_two_border_radius__hover_enabled=\u00bboff\u00bb button_letter_spacing__hover_enabled=\u00bboff\u00bb button_one_letter_spacing__hover_enabled=\u00bboff\u00bb button_two_letter_spacing__hover_enabled=\u00bboff\u00bb button_bg_color__hover_enabled=\u00bboff\u00bb button_one_bg_color__hover_enabled=\u00bboff\u00bb button_two_bg_color__hover_enabled=\u00bboff\u00bb]Llevamos y vivimos el don del carisma salesiano a la vida familiar y de pareja.<br \/>\n[\/et_pb_cta][\/et_pb_column][\/et_pb_row][et_pb_row _builder_version=\u00bb4.16&#8243; global_colors_info=\u00bb{}\u00bb column_structure=\u00bb1_4,3_4&#8243;][et_pb_column type=\u00bb1_4&#8243; _builder_version=\u00bb4.16&#8243; custom_padding=\u00bb|||\u00bb global_colors_info=\u00bb{}\u00bb custom_padding__hover=\u00bb|||\u00bb][et_pb_image src=\u00bbhttps:\/\/granada.salesianos.edu\/familiasalesiana\/wp-content\/uploads\/sites\/8\/2018\/07\/Portada-1807-Julio-agosto-WEB-e1530516188398.jpg\u00bb url=\u00bbhttp:\/\/boletin-salesiano.com\/\u00bb url_new_window=\u00bbon\u00bb align_tablet=\u00bbcenter\u00bb align_last_edited=\u00bbon|desktop\u00bb _builder_version=\u00bb4.16&#8243; global_colors_info=\u00bb{}\u00bb align_phone=\u00bbcenter\u00bb][\/et_pb_image][\/et_pb_column][et_pb_column type=\u00bb3_4&#8243; _builder_version=\u00bb4.16&#8243; custom_padding=\u00bb|||\u00bb global_colors_info=\u00bb{}\u00bb custom_padding__hover=\u00bb|||\u00bb][et_pb_contact_form email=\u00bbdirecciontitular.granadasjb@salesianos.edu\u00bb title=\u00bb\u00bfQuieres saber m\u00e1s? \u00a1Preg\u00fantanos!\u00bb success_message=\u00bbGracias por ponerte en contacto con nosotros. Nos pondremos en contacto contigo lo antes posible.\u00bb submit_button_text=\u00bbEnviar al Equipo\u00bb module_id=\u00bbet_pb_contact_form_0&#8243; _builder_version=\u00bb4.16&#8243; _unique_id=\u00bbb070ebe5-9f08-42e4-bde4-5ea514ecaefe\u00bb title_level=\u00bbh2&#8243; title_font=\u00bbLato|300|||||||\u00bb title_font_size=\u00bb28px\u00bb custom_button=\u00bbon\u00bb button_text_color=\u00bb#ffffff\u00bb button_bg_color=\u00bb#e02b20&#8243; button_border_width=\u00bb0px\u00bb border_radii=\u00bbon|0px|0px|0px|0px\u00bb global_colors_info=\u00bb{}\u00bb][et_pb_contact_field field_id=\u00bbName\u00bb field_title=\u00bbNombre\u00bb _builder_version=\u00bb4.16&#8243; global_colors_info=\u00bb{}\u00bb button_text_size__hover_enabled=\u00bboff\u00bb button_one_text_size__hover_enabled=\u00bboff\u00bb button_two_text_size__hover_enabled=\u00bboff\u00bb button_text_color__hover_enabled=\u00bboff\u00bb button_one_text_color__hover_enabled=\u00bboff\u00bb button_two_text_color__hover_enabled=\u00bboff\u00bb button_border_width__hover_enabled=\u00bboff\u00bb button_one_border_width__hover_enabled=\u00bboff\u00bb button_two_border_width__hover_enabled=\u00bboff\u00bb button_border_color__hover_enabled=\u00bboff\u00bb button_one_border_color__hover_enabled=\u00bboff\u00bb button_two_border_color__hover_enabled=\u00bboff\u00bb button_border_radius__hover_enabled=\u00bboff\u00bb button_one_border_radius__hover_enabled=\u00bboff\u00bb button_two_border_radius__hover_enabled=\u00bboff\u00bb button_letter_spacing__hover_enabled=\u00bboff\u00bb button_one_letter_spacing__hover_enabled=\u00bboff\u00bb button_two_letter_spacing__hover_enabled=\u00bboff\u00bb button_bg_color__hover_enabled=\u00bboff\u00bb button_one_bg_color__hover_enabled=\u00bboff\u00bb button_two_bg_color__hover_enabled=\u00bboff\u00bb][\/et_pb_contact_field][et_pb_contact_field field_id=\u00bbEmail\u00bb field_title=\u00bbDirecci\u00f3n de correo electr\u00f3nico\u00bb field_type=\u00bbemail\u00bb _builder_version=\u00bb4.16&#8243; global_colors_info=\u00bb{}\u00bb button_text_size__hover_enabled=\u00bboff\u00bb button_one_text_size__hover_enabled=\u00bboff\u00bb button_two_text_size__hover_enabled=\u00bboff\u00bb button_text_color__hover_enabled=\u00bboff\u00bb button_one_text_color__hover_enabled=\u00bboff\u00bb button_two_text_color__hover_enabled=\u00bboff\u00bb button_border_width__hover_enabled=\u00bboff\u00bb button_one_border_width__hover_enabled=\u00bboff\u00bb button_two_border_width__hover_enabled=\u00bboff\u00bb button_border_color__hover_enabled=\u00bboff\u00bb button_one_border_color__hover_enabled=\u00bboff\u00bb button_two_border_color__hover_enabled=\u00bboff\u00bb button_border_radius__hover_enabled=\u00bboff\u00bb button_one_border_radius__hover_enabled=\u00bboff\u00bb button_two_border_radius__hover_enabled=\u00bboff\u00bb button_letter_spacing__hover_enabled=\u00bboff\u00bb button_one_letter_spacing__hover_enabled=\u00bboff\u00bb button_two_letter_spacing__hover_enabled=\u00bboff\u00bb button_bg_color__hover_enabled=\u00bboff\u00bb button_one_bg_color__hover_enabled=\u00bboff\u00bb button_two_bg_color__hover_enabled=\u00bboff\u00bb][\/et_pb_contact_field][et_pb_contact_field field_id=\u00bbMessage\u00bb field_title=\u00bbMensaje\u00bb field_type=\u00bbtext\u00bb fullwidth_field=\u00bbon\u00bb _builder_version=\u00bb4.16&#8243; global_colors_info=\u00bb{}\u00bb button_text_size__hover_enabled=\u00bboff\u00bb button_one_text_size__hover_enabled=\u00bboff\u00bb button_two_text_size__hover_enabled=\u00bboff\u00bb button_text_color__hover_enabled=\u00bboff\u00bb button_one_text_color__hover_enabled=\u00bboff\u00bb button_two_text_color__hover_enabled=\u00bboff\u00bb button_border_width__hover_enabled=\u00bboff\u00bb button_one_border_width__hover_enabled=\u00bboff\u00bb button_two_border_width__hover_enabled=\u00bboff\u00bb button_border_color__hover_enabled=\u00bboff\u00bb button_one_border_color__hover_enabled=\u00bboff\u00bb button_two_border_color__hover_enabled=\u00bboff\u00bb button_border_radius__hover_enabled=\u00bboff\u00bb button_one_border_radius__hover_enabled=\u00bboff\u00bb button_two_border_radius__hover_enabled=\u00bboff\u00bb button_letter_spacing__hover_enabled=\u00bboff\u00bb button_one_letter_spacing__hover_enabled=\u00bboff\u00bb button_two_letter_spacing__hover_enabled=\u00bboff\u00bb button_bg_color__hover_enabled=\u00bboff\u00bb button_one_bg_color__hover_enabled=\u00bboff\u00bb button_two_bg_color__hover_enabled=\u00bboff\u00bb][\/et_pb_contact_field][et_pb_contact_field field_id=\u00bbPrivacidad\u00bb field_title=\u00bb \u00bb field_type=\u00bbcheckbox\u00bb checkbox_options=\u00bb%91{%22value%22:%22 Acepto la pol\u00edtica de privacidad del sitio.%22,%22checked%22:0,%22dragID%22:0}%93&#8243; fullwidth_field=\u00bbon\u00bb _builder_version=\u00bb4.16&#8243; global_colors_info=\u00bb{}\u00bb button_text_size__hover_enabled=\u00bboff\u00bb button_one_text_size__hover_enabled=\u00bboff\u00bb button_two_text_size__hover_enabled=\u00bboff\u00bb button_text_color__hover_enabled=\u00bboff\u00bb button_one_text_color__hover_enabled=\u00bboff\u00bb button_two_text_color__hover_enabled=\u00bboff\u00bb button_border_width__hover_enabled=\u00bboff\u00bb button_one_border_width__hover_enabled=\u00bboff\u00bb button_two_border_width__hover_enabled=\u00bboff\u00bb button_border_color__hover_enabled=\u00bboff\u00bb button_one_border_color__hover_enabled=\u00bboff\u00bb button_two_border_color__hover_enabled=\u00bboff\u00bb button_border_radius__hover_enabled=\u00bboff\u00bb button_one_border_radius__hover_enabled=\u00bboff\u00bb button_two_border_radius__hover_enabled=\u00bboff\u00bb button_letter_spacing__hover_enabled=\u00bboff\u00bb button_one_letter_spacing__hover_enabled=\u00bboff\u00bb button_two_letter_spacing__hover_enabled=\u00bboff\u00bb button_bg_color__hover_enabled=\u00bboff\u00bb button_one_bg_color__hover_enabled=\u00bboff\u00bb button_two_bg_color__hover_enabled=\u00bboff\u00bb][\/et_pb_contact_field][\/et_pb_contact_form][\/et_pb_column][\/et_pb_row][\/et_pb_section]<\/p>\n","protected":false},"excerpt":{"rendered":"<p>NOTICIAS DE LA FAMILIA SALESIANA DE GRANADA \u00bfQu\u00e9 es la FAMILIA SALESIANA? La Familia Salesiana de Don Bosco est\u00e1 formada por tres grupos centrales (SDB, HMA, SSCC) \u2013 a cuya fundaci\u00f3n el santo dedic\u00f3 tiempo, energ\u00edas, esfuerzo formativo y organizativo, para que fueran el n\u00facleo b\u00e1sico de su obra \u2013 y por una constelaci\u00f3n de [&hellip;]<\/p>\n","protected":false},"author":3,"featured_media":0,"parent":0,"menu_order":0,"comment_status":"closed","ping_status":"closed","template":"","meta":{"_et_pb_use_builder":"on","_et_pb_old_content":"","_et_gb_content_width":"","footnotes":""},"class_list":["post-3653","page","type-page","status-publish","hentry"],"yoast_head":"<!-- This site is optimized with the Yoast SEO plugin v28.3 - https:\/\/yoast.com\/product\/yoast-seo-wordpress\/ -->\n<title>Inicio - Familia Salesiana<\/title>\n<meta name=\"robots\" content=\"index, follow, max-snippet:-1, max-image-preview:large, max-video-preview:-1\" \/>\n<link rel=\"canonical\" href=\"https:\/\/granada.salesianos.edu\/familiasalesiana\/\" \/>\n<meta property=\"og:locale\" content=\"es_ES\" \/>\n<meta property=\"og:type\" content=\"article\" \/>\n<meta property=\"og:title\" content=\"Inicio - Familia Salesiana\" \/>\n<meta property=\"og:description\" content=\"NOTICIAS DE LA FAMILIA SALESIANA DE GRANADA \u00bfQu\u00e9 es la FAMILIA SALESIANA? La Familia Salesiana de Don Bosco est\u00e1 formada por tres grupos centrales (SDB, HMA, SSCC) \u2013 a cuya fundaci\u00f3n el santo dedic\u00f3 tiempo, energ\u00edas, esfuerzo formativo y organizativo, para que fueran el n\u00facleo b\u00e1sico de su obra \u2013 y por una constelaci\u00f3n de [&hellip;]\" \/>\n<meta property=\"og:url\" content=\"https:\/\/granada.salesianos.edu\/familiasalesiana\/\" \/>\n<meta property=\"og:site_name\" content=\"Familia Salesiana\" \/>\n<meta property=\"article:modified_time\" content=\"2023-05-25T07:35:06+00:00\" \/>\n<meta name=\"twitter:card\" content=\"summary_large_image\" \/>\n<meta name=\"twitter:label1\" content=\"Tiempo de lectura\" \/>\n\t<meta name=\"twitter:data1\" content=\"22 minutos\" \/>\n<script type=\"application\/ld+json\" class=\"yoast-schema-graph\">{\"@context\":\"https:\\\/\\\/schema.org\",\"@graph\":[{\"@type\":\"WebPage\",\"@id\":\"https:\\\/\\\/granada.salesianos.edu\\\/familiasalesiana\\\/\",\"url\":\"https:\\\/\\\/granada.salesianos.edu\\\/familiasalesiana\\\/\",\"name\":\"Inicio - Familia Salesiana\",\"isPartOf\":{\"@id\":\"https:\\\/\\\/granada.salesianos.edu\\\/familiasalesiana\\\/#website\"},\"datePublished\":\"2017-10-02T11:51:42+00:00\",\"dateModified\":\"2023-05-25T07:35:06+00:00\",\"breadcrumb\":{\"@id\":\"https:\\\/\\\/granada.salesianos.edu\\\/familiasalesiana\\\/#breadcrumb\"},\"inLanguage\":\"es\",\"potentialAction\":[{\"@type\":\"ReadAction\",\"target\":[\"https:\\\/\\\/granada.salesianos.edu\\\/familiasalesiana\\\/\"]}]},{\"@type\":\"BreadcrumbList\",\"@id\":\"https:\\\/\\\/granada.salesianos.edu\\\/familiasalesiana\\\/#breadcrumb\",\"itemListElement\":[{\"@type\":\"ListItem\",\"position\":1,\"name\":\"Portada\",\"item\":\"https:\\\/\\\/granada.salesianos.edu\\\/familiasalesiana\\\/\"},{\"@type\":\"ListItem\",\"position\":2,\"name\":\"Inicio\"}]},{\"@type\":\"WebSite\",\"@id\":\"https:\\\/\\\/granada.salesianos.edu\\\/familiasalesiana\\\/#website\",\"url\":\"https:\\\/\\\/granada.salesianos.edu\\\/familiasalesiana\\\/\",\"name\":\"Familia Salesiana\",\"description\":\"P\u00e1gina oficial de Salesianos Granada San Juan Bosco\",\"potentialAction\":[{\"@type\":\"SearchAction\",\"target\":{\"@type\":\"EntryPoint\",\"urlTemplate\":\"https:\\\/\\\/granada.salesianos.edu\\\/familiasalesiana\\\/?s={search_term_string}\"},\"query-input\":{\"@type\":\"PropertyValueSpecification\",\"valueRequired\":true,\"valueName\":\"search_term_string\"}}],\"inLanguage\":\"es\"}]}<\/script>\n<!-- \/ Yoast SEO plugin. -->","yoast_head_json":{"title":"Inicio - Familia Salesiana","robots":{"index":"index","follow":"follow","max-snippet":"max-snippet:-1","max-image-preview":"max-image-preview:large","max-video-preview":"max-video-preview:-1"},"canonical":"https:\/\/granada.salesianos.edu\/familiasalesiana\/","og_locale":"es_ES","og_type":"article","og_title":"Inicio - Familia Salesiana","og_description":"NOTICIAS DE LA FAMILIA SALESIANA DE GRANADA \u00bfQu\u00e9 es la FAMILIA SALESIANA? La Familia Salesiana de Don Bosco est\u00e1 formada por tres grupos centrales (SDB, HMA, SSCC) \u2013 a cuya fundaci\u00f3n el santo dedic\u00f3 tiempo, energ\u00edas, esfuerzo formativo y organizativo, para que fueran el n\u00facleo b\u00e1sico de su obra \u2013 y por una constelaci\u00f3n de [&hellip;]","og_url":"https:\/\/granada.salesianos.edu\/familiasalesiana\/","og_site_name":"Familia Salesiana","article_modified_time":"2023-05-25T07:35:06+00:00","twitter_card":"summary_large_image","twitter_misc":{"Tiempo de lectura":"22 minutos"},"schema":{"@context":"https:\/\/schema.org","@graph":[{"@type":"WebPage","@id":"https:\/\/granada.salesianos.edu\/familiasalesiana\/","url":"https:\/\/granada.salesianos.edu\/familiasalesiana\/","name":"Inicio - Familia Salesiana","isPartOf":{"@id":"https:\/\/granada.salesianos.edu\/familiasalesiana\/#website"},"datePublished":"2017-10-02T11:51:42+00:00","dateModified":"2023-05-25T07:35:06+00:00","breadcrumb":{"@id":"https:\/\/granada.salesianos.edu\/familiasalesiana\/#breadcrumb"},"inLanguage":"es","potentialAction":[{"@type":"ReadAction","target":["https:\/\/granada.salesianos.edu\/familiasalesiana\/"]}]},{"@type":"BreadcrumbList","@id":"https:\/\/granada.salesianos.edu\/familiasalesiana\/#breadcrumb","itemListElement":[{"@type":"ListItem","position":1,"name":"Portada","item":"https:\/\/granada.salesianos.edu\/familiasalesiana\/"},{"@type":"ListItem","position":2,"name":"Inicio"}]},{"@type":"WebSite","@id":"https:\/\/granada.salesianos.edu\/familiasalesiana\/#website","url":"https:\/\/granada.salesianos.edu\/familiasalesiana\/","name":"Familia Salesiana","description":"P\u00e1gina oficial de Salesianos Granada San Juan Bosco","potentialAction":[{"@type":"SearchAction","target":{"@type":"EntryPoint","urlTemplate":"https:\/\/granada.salesianos.edu\/familiasalesiana\/?s={search_term_string}"},"query-input":{"@type":"PropertyValueSpecification","valueRequired":true,"valueName":"search_term_string"}}],"inLanguage":"es"}]}},"_links":{"self":[{"href":"https:\/\/granada.salesianos.edu\/familiasalesiana\/wp-json\/wp\/v2\/pages\/3653","targetHints":{"allow":["GET"]}}],"collection":[{"href":"https:\/\/granada.salesianos.edu\/familiasalesiana\/wp-json\/wp\/v2\/pages"}],"about":[{"href":"https:\/\/granada.salesianos.edu\/familiasalesiana\/wp-json\/wp\/v2\/types\/page"}],"author":[{"embeddable":true,"href":"https:\/\/granada.salesianos.edu\/familiasalesiana\/wp-json\/wp\/v2\/users\/3"}],"replies":[{"embeddable":true,"href":"https:\/\/granada.salesianos.edu\/familiasalesiana\/wp-json\/wp\/v2\/comments?post=3653"}],"version-history":[{"count":103,"href":"https:\/\/granada.salesianos.edu\/familiasalesiana\/wp-json\/wp\/v2\/pages\/3653\/revisions"}],"predecessor-version":[{"id":7377,"href":"https:\/\/granada.salesianos.edu\/familiasalesiana\/wp-json\/wp\/v2\/pages\/3653\/revisions\/7377"}],"wp:attachment":[{"href":"https:\/\/granada.salesianos.edu\/familiasalesiana\/wp-json\/wp\/v2\/media?parent=3653"}],"curies":[{"name":"wp","href":"https:\/\/api.w.org\/{rel}","templated":true}]}}