{"id":3653,"date":"2017-10-02T13:51:42","date_gmt":"2017-10-02T11:51:42","guid":{"rendered":"https:\/\/granada.salesianos.edu\/iglesia\/?page_id=3653"},"modified":"2026-04-19T09:39:04","modified_gmt":"2026-04-19T07:39:04","slug":"inicio","status":"publish","type":"page","link":"https:\/\/granada.salesianos.edu\/iglesia\/","title":{"rendered":"Inicio"},"content":{"rendered":"<div id=\"fb-root\"><\/div>\n<p>[et_pb_section fb_built=\u00bb1&#8243; fullwidth=\u00bbon\u00bb _builder_version=\u00bb4.16&#8243; global_colors_info=\u00bb{}\u00bb][et_pb_fullwidth_header title=\u00bbIGLESIA DE\u00bb text_orientation=\u00bbright\u00bb disabled_on=\u00bbon|on|off\u00bb module_class=\u00bbpagina-imagen-cabecera\u00bb _builder_version=\u00bb4.16&#8243; background_color=\u00bbrgba(255, 255, 255, 0)\u00bb background_image=\u00bbhttps:\/\/granada.salesianos.edu\/iglesia\/wp-content\/uploads\/sites\/5\/2018\/01\/2018-01-28-09.53.12.jpg\u00bb background_position=\u00bbtop_left\u00bb background_layout=\u00bblight\u00bb max_width_tablet=\u00bb50px\u00bb global_colors_info=\u00bb{}\u00bb button_one_text_size__hover_enabled=\u00bboff\u00bb button_two_text_size__hover_enabled=\u00bboff\u00bb button_one_text_color__hover_enabled=\u00bboff\u00bb button_two_text_color__hover_enabled=\u00bboff\u00bb button_one_border_width__hover_enabled=\u00bboff\u00bb button_two_border_width__hover_enabled=\u00bboff\u00bb button_one_border_color__hover_enabled=\u00bboff\u00bb button_two_border_color__hover_enabled=\u00bboff\u00bb button_one_border_radius__hover_enabled=\u00bboff\u00bb button_two_border_radius__hover_enabled=\u00bboff\u00bb button_one_letter_spacing__hover_enabled=\u00bboff\u00bb button_two_letter_spacing__hover_enabled=\u00bboff\u00bb button_one_bg_color__hover_enabled=\u00bboff\u00bb button_two_bg_color__hover_enabled=\u00bboff\u00bb]<\/p>\n<h1><strong style=\"font-family: arial, helvetica; font-size: xx-large;\">MAR\u00cdA AUXILIADORA<\/strong><\/h1>\n<p>[\/et_pb_fullwidth_header][\/et_pb_section][et_pb_section fb_built=\u00bb1&#8243; fullwidth=\u00bbon\u00bb _builder_version=\u00bb4.16&#8243; global_colors_info=\u00bb{}\u00bb][et_pb_fullwidth_header title=\u00bbIGLESIA DE\u00bb text_orientation=\u00bbright\u00bb disabled_on=\u00bboff|off|on\u00bb module_class=\u00bbpagina-imagen-cabecera\u00bb _builder_version=\u00bb4.16&#8243; background_color=\u00bbrgba(255, 255, 255, 0)\u00bb background_image=\u00bbhttps:\/\/granada.salesianos.edu\/iglesia\/wp-content\/uploads\/sites\/5\/2018\/01\/DIUzgupXYAEhgmt.jpg\u00bb background_position=\u00bbtop_center\u00bb background_layout=\u00bblight\u00bb max_width_tablet=\u00bb50px\u00bb global_colors_info=\u00bb{}\u00bb button_one_text_size__hover_enabled=\u00bboff\u00bb button_two_text_size__hover_enabled=\u00bboff\u00bb button_one_text_color__hover_enabled=\u00bboff\u00bb button_two_text_color__hover_enabled=\u00bboff\u00bb button_one_border_width__hover_enabled=\u00bboff\u00bb button_two_border_width__hover_enabled=\u00bboff\u00bb button_one_border_color__hover_enabled=\u00bboff\u00bb button_two_border_color__hover_enabled=\u00bboff\u00bb button_one_border_radius__hover_enabled=\u00bboff\u00bb button_two_border_radius__hover_enabled=\u00bboff\u00bb button_one_letter_spacing__hover_enabled=\u00bboff\u00bb button_two_letter_spacing__hover_enabled=\u00bboff\u00bb button_one_bg_color__hover_enabled=\u00bboff\u00bb button_two_bg_color__hover_enabled=\u00bboff\u00bb]<\/p>\n<h1><strong style=\"font-family: arial, helvetica; font-size: xx-large;\">MAR\u00cdA AUXILIADORA<\/strong><\/h1>\n<p>[\/et_pb_fullwidth_header][\/et_pb_section][et_pb_section fb_built=\u00bb1&#8243; _builder_version=\u00bb4.16&#8243; custom_padding=\u00bb0px|0px|54px|0px\u00bb global_colors_info=\u00bb{}\u00bb][et_pb_row column_structure=\u00bb1_2,1_4,1_4&#8243; _builder_version=\u00bb4.16&#8243; custom_margin=\u00bb25px|||\u00bb custom_padding=\u00bb26px|||\u00bb global_colors_info=\u00bb{}\u00bb][et_pb_column type=\u00bb1_2&#8243; _builder_version=\u00bb4.16&#8243; background_position=\u00bbtop_left\u00bb custom_padding=\u00bb|||\u00bb global_colors_info=\u00bb{}\u00bb custom_padding__hover=\u00bb|||\u00bb][et_pb_text _builder_version=\u00bb4.16&#8243; global_colors_info=\u00bb{}\u00bb]<\/p>\n<h1>La devoci\u00f3n salesiana a Mar\u00eda Auxiliadora<\/h1>\n<p>&nbsp;<br \/>\n[\/et_pb_text][et_pb_text _builder_version=\u00bb4.16&#8243; global_colors_info=\u00bb{}\u00bb]<\/p>\n<p style=\"text-align: justify;\">Podemos afirmar que <strong>Don Bosco ha sido uno de los santos que m\u00e1s grande devoci\u00f3n ha tenido a la Sant\u00edsima Virgen<\/strong>. Desde la educaci\u00f3n de su madre y el <strong>sue\u00f1o que a los 9 a\u00f1os<\/strong> marc\u00f3 su vida y su vocaci\u00f3n, su vida queda marcada por la presencia de Mar\u00eda. Comenz\u00f3 D. Bosco su obra apost\u00f3lica con un \u00abAvemar\u00eda\u00bb, rezado \u00abcon recta intenci\u00f3n\u00bb, junto a un joven-Bartolom\u00e9 Garelli-, primera piedra juvenil de la Obra salesiana.<\/p>\n<p style=\"text-align: justify;\"><span style=\"color: #ff0000;\"><strong>En 1862 la Virgen se le apareci\u00f3 en sue\u00f1os a D. Bosco y le manifest\u00f3 el deseo de ser honrada con el t\u00edtulo de Auxiliadora<\/strong><\/span>. La construcci\u00f3n\u00a0 y la inauguraci\u00f3n en 1868 del Santuario de Mar\u00eda Auxiliadora en Tur\u00edn supondr\u00e1 para D. Bosco una experiencia mariana tan fuerte que marcar\u00e1 toda su vida. \u00abMar\u00eda se edific\u00f3 su casa\u00bb. \u00abDe aqu\u00ed saldr\u00e1 mi gloria\u00bb. \u00abElla lo ha hecho todo\u00bb.<\/p>\n<p style=\"text-align: justify;\">La Iglesia de Mar\u00eda Auxiliadora de nuestra Casa es un<strong> centro de difusi\u00f3n de esta devoci\u00f3n.\u00a0<\/strong><a href=\"https:\/\/www.facebook.com\/m.auxiliadora.zaidin\/\" target=\"_blank\" rel=\"noopener noreferrer\">Mar\u00eda Auxiliadora en el Zaid\u00edn<\/a> es presencia de Dios, garant\u00eda de continuidad de la Obra Salesiana y signo de su unidad y sentido. Es el Amor expresado en una Madre que todos los j\u00f3venes que pasan por la Casa llevan, desde que entran en ella, en el coraz\u00f3n. <span style=\"color: #ff0000;\"><strong>Es la traducci\u00f3n materna del Amor de Dios, que se encarna en el coraz\u00f3n salesiano.<\/strong><\/span><\/p>\n<p>[\/et_pb_text][\/et_pb_column][et_pb_column type=\u00bb1_4&#8243; _builder_version=\u00bb4.16&#8243; custom_padding=\u00bb|||\u00bb global_colors_info=\u00bb{}\u00bb custom_padding__hover=\u00bb|||\u00bb][et_pb_image src=\u00bbhttps:\/\/granada.salesianos.edu\/iglesia\/wp-content\/uploads\/sites\/5\/2018\/01\/DIUzgupXYAEhgmt-1.jpg\u00bb url=\u00bbhttps:\/\/www.facebook.com\/m.auxiliadora.zaidin\/\u00bb url_new_window=\u00bbon\u00bb align_tablet=\u00bbcenter\u00bb align_phone=\u00bb\u00bb align_last_edited=\u00bbon|desktop\u00bb _builder_version=\u00bb4.16&#8243; global_colors_info=\u00bb{}\u00bb][\/et_pb_image][et_pb_video src=\u00bbhttps:\/\/www.youtube.com\/watch?v=a1_XwnQCj1Q&#038;t=5s\u00bb image_src=\u00bb\/\/i.ytimg.com\/vi\/a1_XwnQCj1Q\/hqdefault.jpg\u00bb disabled_on=\u00bbon|on|on\u00bb _builder_version=\u00bb4.16&#8243; disabled=\u00bbon\u00bb global_colors_info=\u00bb{}\u00bb][\/et_pb_video][et_pb_button button_url=\u00bbhttp:\/\/granada.salesianos.edu\u00bb button_text=\u00bbVolver a Principal\u00bb _builder_version=\u00bb4.16&#8243; global_colors_info=\u00bb{}\u00bb button_text_size__hover_enabled=\u00bboff\u00bb button_one_text_size__hover_enabled=\u00bboff\u00bb button_two_text_size__hover_enabled=\u00bboff\u00bb button_text_color__hover_enabled=\u00bboff\u00bb button_one_text_color__hover_enabled=\u00bboff\u00bb button_two_text_color__hover_enabled=\u00bboff\u00bb button_border_width__hover_enabled=\u00bboff\u00bb button_one_border_width__hover_enabled=\u00bboff\u00bb button_two_border_width__hover_enabled=\u00bboff\u00bb button_border_color__hover_enabled=\u00bboff\u00bb button_one_border_color__hover_enabled=\u00bboff\u00bb button_two_border_color__hover_enabled=\u00bboff\u00bb button_border_radius__hover_enabled=\u00bboff\u00bb button_one_border_radius__hover_enabled=\u00bboff\u00bb button_two_border_radius__hover_enabled=\u00bboff\u00bb button_letter_spacing__hover_enabled=\u00bboff\u00bb button_one_letter_spacing__hover_enabled=\u00bboff\u00bb button_two_letter_spacing__hover_enabled=\u00bboff\u00bb button_bg_color__hover_enabled=\u00bboff\u00bb button_one_bg_color__hover_enabled=\u00bboff\u00bb button_two_bg_color__hover_enabled=\u00bboff\u00bb][\/et_pb_button][\/et_pb_column][et_pb_column type=\u00bb1_4&#8243; _builder_version=\u00bb4.16&#8243; custom_padding=\u00bb|||\u00bb global_colors_info=\u00bb{}\u00bb custom_padding__hover=\u00bb|||\u00bb][et_pb_image src=\u00bbhttps:\/\/granada.salesianos.edu\/iglesia\/wp-content\/uploads\/sites\/5\/2018\/01\/mediocuerpo.jpg\u00bb url=\u00bbhttps:\/\/www.facebook.com\/m.auxiliadora.zaidin\/\u00bb url_new_window=\u00bbon\u00bb align_tablet=\u00bbcenter\u00bb align_phone=\u00bb\u00bb align_last_edited=\u00bbon|desktop\u00bb _builder_version=\u00bb4.16&#8243; global_colors_info=\u00bb{}\u00bb][\/et_pb_image][et_pb_video src=\u00bbhttps:\/\/www.youtube.com\/watch?v=P8onw2SbEis&#038;index=3&#038;list=PL4C0F8221ED11B82B\u00bb image_src=\u00bb\/\/i.ytimg.com\/vi\/P8onw2SbEis\/hqdefault.jpg\u00bb disabled_on=\u00bbon|on|on\u00bb _builder_version=\u00bb4.16&#8243; disabled=\u00bbon\u00bb global_colors_info=\u00bb{}\u00bb][\/et_pb_video][\/et_pb_column][\/et_pb_row][et_pb_row column_structure=\u00bb2_3,1_3&#8243; _builder_version=\u00bb4.16&#8243; background_size=\u00bbinitial\u00bb background_position=\u00bbtop_left\u00bb background_repeat=\u00bbrepeat\u00bb global_colors_info=\u00bb{}\u00bb][et_pb_column type=\u00bb2_3&#8243; _builder_version=\u00bb4.16&#8243; custom_padding=\u00bb|||\u00bb global_colors_info=\u00bb{}\u00bb custom_padding__hover=\u00bb|||\u00bb][et_pb_testimonial author=\u00bbJuan Fuentes\u00bb job_title=\u00bbRector de la Iglesia de Mar\u00eda Auxiliadora\u00bb url=\u00bbhttps:\/\/&#8230;salesianos.edu\/saludo-director\/\u00bb portrait_url=\u00bbhttps:\/\/granada.salesianos.edu\/iglesia\/wp-content\/uploads\/sites\/5\/2018\/01\/juanfu-1.jpg\u00bb quote_icon_color=\u00bb#E02B20&#8243; quote_icon_background_color=\u00bb#FFFFFF\u00bb _builder_version=\u00bb4.20.2&#8243; body_text_color=\u00bb#494949&#8243; custom_margin=\u00bb|||\u00bb custom_padding=\u00bb40px|||\u00bb border_style=\u00bbsolid\u00bb global_colors_info=\u00bb{}\u00bb]<\/p>\n<h1>Mar\u00eda Auxiliadora, en el coraz\u00f3n de nuestro pueblo<\/h1>\n<p style=\"text-align: justify;\">Los salesianos no nos entendemos sin Mar\u00eda Auxiliadora. Y la Virgen est\u00e1 en el coraz\u00f3n de nuestro querido Barrio del Zaid\u00edn, de nuestra querida Granada. Casi 75 a\u00f1os de devoci\u00f3n, de amor a la Madre de los j\u00f3venes, a la Virgen de D. Bosco. Nuestra Iglesia irradia amor a la Eucarist\u00eda y a la Sant\u00edsima Virgen, pilares recios y firmes de la espiritualidad salesiana. \u00abElla lo ha hecho todo\u00bb, dec\u00eda nuestro Santo Fundador.. Y as\u00ed es. Mar\u00eda es la expresi\u00f3n perfecta del Amor de Dios a todas las personas, Auxiliadora nuestra y Salud de nuestra alma. Ella te espera, junto a su Hijo, para llevarte a \u00c9l. Ven a su Casa, cu\u00e9ntale lo que ronda tu coraz\u00f3n, difunde a todos el amor que recibes. Sigamos viviendo esta devoci\u00f3n y sembrando a la Sant\u00edsima Virgen en el coraz\u00f3n de nuestro pueblo.<\/p>\n<p>[\/et_pb_testimonial][\/et_pb_column][et_pb_column type=\u00bb1_3&#8243; _builder_version=\u00bb4.16&#8243; custom_padding=\u00bb|||\u00bb global_colors_info=\u00bb{}\u00bb custom_padding__hover=\u00bb|||\u00bb][et_pb_code _builder_version=\u00bb4.16&#8243; global_colors_info=\u00bb{}\u00bb]<iframe loading=\"lazy\" width=\"560\" height=\"315\" src=\"https:\/\/www.youtube.com\/embed\/5TQnrylEMrU\" frameborder=\"0\" allow=\"accelerometer; autoplay; clipboard-write; encrypted-media; gyroscope; picture-in-picture\" allowfullscreen><\/iframe>[\/et_pb_code][et_pb_contact_form email=\u00bbjuan.fuentes@salesianos.edu\u00bb title=\u00bbContacta con nosotros por email o en el 958 81 72 06&#8243; success_message=\u00bbGracias por escribirnos. Se ha enviado correctamente tu correo.\u00bb disabled_on=\u00bbon|on|on\u00bb module_id=\u00bbet_pb_contact_form_0&#8243; _builder_version=\u00bb4.16&#8243; _unique_id=\u00bb40a9715c-175b-456b-9608-d7c27ba328a2&#8243; disabled=\u00bbon\u00bb global_colors_info=\u00bb{}\u00bb][et_pb_contact_field field_id=\u00bbName\u00bb field_title=\u00bbNombre\u00bb _builder_version=\u00bb4.16&#8243; global_colors_info=\u00bb{}\u00bb button_text_size__hover_enabled=\u00bboff\u00bb button_one_text_size__hover_enabled=\u00bboff\u00bb button_two_text_size__hover_enabled=\u00bboff\u00bb button_text_color__hover_enabled=\u00bboff\u00bb button_one_text_color__hover_enabled=\u00bboff\u00bb button_two_text_color__hover_enabled=\u00bboff\u00bb button_border_width__hover_enabled=\u00bboff\u00bb button_one_border_width__hover_enabled=\u00bboff\u00bb button_two_border_width__hover_enabled=\u00bboff\u00bb button_border_color__hover_enabled=\u00bboff\u00bb button_one_border_color__hover_enabled=\u00bboff\u00bb button_two_border_color__hover_enabled=\u00bboff\u00bb button_border_radius__hover_enabled=\u00bboff\u00bb button_one_border_radius__hover_enabled=\u00bboff\u00bb button_two_border_radius__hover_enabled=\u00bboff\u00bb button_letter_spacing__hover_enabled=\u00bboff\u00bb button_one_letter_spacing__hover_enabled=\u00bboff\u00bb button_two_letter_spacing__hover_enabled=\u00bboff\u00bb button_bg_color__hover_enabled=\u00bboff\u00bb button_one_bg_color__hover_enabled=\u00bboff\u00bb button_two_bg_color__hover_enabled=\u00bboff\u00bb][\/et_pb_contact_field][et_pb_contact_field field_id=\u00bbEmail\u00bb field_title=\u00bbDirecci\u00f3n de correo electr\u00f3nico\u00bb field_type=\u00bbemail\u00bb conditional_logic=\u00bbon\u00bb conditional_logic_rules=\u00bb%91{%22field%22:%22name%22,%22condition%22:%22is%22,%22value%22:%22%22}%93&#8243; _builder_version=\u00bb4.16&#8243; global_colors_info=\u00bb{}\u00bb button_text_size__hover_enabled=\u00bboff\u00bb button_one_text_size__hover_enabled=\u00bboff\u00bb button_two_text_size__hover_enabled=\u00bboff\u00bb button_text_color__hover_enabled=\u00bboff\u00bb button_one_text_color__hover_enabled=\u00bboff\u00bb button_two_text_color__hover_enabled=\u00bboff\u00bb button_border_width__hover_enabled=\u00bboff\u00bb button_one_border_width__hover_enabled=\u00bboff\u00bb button_two_border_width__hover_enabled=\u00bboff\u00bb button_border_color__hover_enabled=\u00bboff\u00bb button_one_border_color__hover_enabled=\u00bboff\u00bb button_two_border_color__hover_enabled=\u00bboff\u00bb button_border_radius__hover_enabled=\u00bboff\u00bb button_one_border_radius__hover_enabled=\u00bboff\u00bb button_two_border_radius__hover_enabled=\u00bboff\u00bb button_letter_spacing__hover_enabled=\u00bboff\u00bb button_one_letter_spacing__hover_enabled=\u00bboff\u00bb button_two_letter_spacing__hover_enabled=\u00bboff\u00bb button_bg_color__hover_enabled=\u00bboff\u00bb button_one_bg_color__hover_enabled=\u00bboff\u00bb button_two_bg_color__hover_enabled=\u00bboff\u00bb][\/et_pb_contact_field][et_pb_contact_field field_id=\u00bbMessage\u00bb field_title=\u00bbMensaje\u00bb field_type=\u00bbtext\u00bb fullwidth_field=\u00bbon\u00bb _builder_version=\u00bb4.16&#8243; global_colors_info=\u00bb{}\u00bb button_text_size__hover_enabled=\u00bboff\u00bb button_one_text_size__hover_enabled=\u00bboff\u00bb button_two_text_size__hover_enabled=\u00bboff\u00bb button_text_color__hover_enabled=\u00bboff\u00bb button_one_text_color__hover_enabled=\u00bboff\u00bb button_two_text_color__hover_enabled=\u00bboff\u00bb button_border_width__hover_enabled=\u00bboff\u00bb button_one_border_width__hover_enabled=\u00bboff\u00bb button_two_border_width__hover_enabled=\u00bboff\u00bb button_border_color__hover_enabled=\u00bboff\u00bb button_one_border_color__hover_enabled=\u00bboff\u00bb button_two_border_color__hover_enabled=\u00bboff\u00bb button_border_radius__hover_enabled=\u00bboff\u00bb button_one_border_radius__hover_enabled=\u00bboff\u00bb button_two_border_radius__hover_enabled=\u00bboff\u00bb button_letter_spacing__hover_enabled=\u00bboff\u00bb button_one_letter_spacing__hover_enabled=\u00bboff\u00bb button_two_letter_spacing__hover_enabled=\u00bboff\u00bb button_bg_color__hover_enabled=\u00bboff\u00bb button_one_bg_color__hover_enabled=\u00bboff\u00bb button_two_bg_color__hover_enabled=\u00bboff\u00bb][\/et_pb_contact_field][\/et_pb_contact_form][\/et_pb_column][\/et_pb_row][et_pb_row _builder_version=\u00bb4.16&#8243; background_size=\u00bbinitial\u00bb background_position=\u00bbtop_left\u00bb background_repeat=\u00bbrepeat\u00bb global_colors_info=\u00bb{}\u00bb][et_pb_column type=\u00bb4_4&#8243; _builder_version=\u00bb4.16&#8243; custom_padding=\u00bb|||\u00bb global_colors_info=\u00bb{}\u00bb custom_padding__hover=\u00bb|||\u00bb][et_pb_tabs _builder_version=\u00bb4.27.6&#8243; tab_font=\u00bbAmatic SC|on|||\u00bb tab_font_size=\u00bb24&#8243; hover_enabled=\u00bb0&#8243; global_colors_info=\u00bb{}\u00bb sticky_enabled=\u00bb0&#8243;][et_pb_tab title=\u00bbHORARIO DE MISAS\u00bb _builder_version=\u00bb4.27.6&#8243; body_font=\u00bb||||\u00bb tab_font=\u00bb||||\u00bb background_size=\u00bbinitial\u00bb background_position=\u00bbtop_left\u00bb background_repeat=\u00bbrepeat\u00bb hover_enabled=\u00bb0&#8243; global_colors_info=\u00bb{}\u00bb sticky_enabled=\u00bb0&#8243;]<\/p>\n<h3><span style=\"color: #ff0000;\"><strong>MISA DIARIA:<\/strong> <\/span><span style=\"color: #000000;\">a las 13:00 hrs., en la Capilla de la Comunidad Salesiana<\/span><\/h3>\n<h3><strong><span style=\"color: #ff0000;\">S\u00c1BADOS:\u00a0<\/span><\/strong><span style=\"color: #000000;\">19:30 h. (invierno) y 20:00 h. (verano)<\/span><\/h3>\n<h3><strong><span style=\"color: #ff0000;\">DOMINGOS Y FIESTAS:<\/span><\/strong><span style=\"color: #000000;\"> 12:00 h. y 13:00 h.<\/span><\/h3>\n<h3><strong><span style=\"color: #ff0000;\">V\u00cdSPERAS DE DOMINGO, DE FESTIVOS Y MISA DEL 24 DE CADA MES:<\/span> <\/strong><span style=\"color: #000000;\">19:30 h. (invierno) y 20:00 h. (verano)<\/span><\/h3>\n<p>[\/et_pb_tab][et_pb_tab title=\u00bbESPIRITUALIDAD MARIANA\u00bb _builder_version=\u00bb4.16&#8243; tab_font=\u00bb||||||||\u00bb global_colors_info=\u00bb{}\u00bb]La devoci\u00f3n a Mar\u00eda Auxiliadora tiene cinco caracter\u00edsticas:<\/p>\n<p><strong>1.-\u00a0Una devoci\u00f3n popular<\/strong>, \u201cpegada\u201d al pueblo de Dios, a su d\u00eda a d\u00eda. Mar\u00eda, auxiliadora de nuestras vidas.<\/p>\n<p><strong>2.-\u00a0Una devoci\u00f3n eclesial<\/strong>, de honda ra\u00edz comunitaria, subrayando el car\u00e1cter comunitario de la fe y del amor al Se\u00f1or<\/p>\n<p><strong>3.-\u00a0Una devoci\u00f3n sacramental<\/strong>, unida a la celebraci\u00f3n de la Eucarist\u00eda y el amor a Jes\u00fas Sacramentado<\/p>\n<p><strong>4.-\u00a0Una devoci\u00f3n juvenil<\/strong>, ya que el joven es siempre el centro de nuestra preocupaci\u00f3n y vocaci\u00f3n<\/p>\n<p><strong>5.-\u00a0Una devoci\u00f3n comprometida<\/strong>, que sabe dar pasos de implicaci\u00f3n en la promoci\u00f3n de los m\u00e1s necesitados, empezando por los j\u00f3venes m\u00e1s pobres<br \/>\n[\/et_pb_tab][et_pb_tab title=\u00bbLA NOVENA A MAR\u00cdA AUXILIADORA\u00bb _builder_version=\u00bb4.16&#8243; tab_font=\u00bb||||||||\u00bb global_colors_info=\u00bb{}\u00bb]Cuando alguien recurr\u00eda a Don Bosco manifest\u00e1ndole sentirse necesitado de alguna gracia particular, \u00e9l le suger\u00eda encomendarse a Mar\u00eda Auxiliadora mediante una novena, rezando diariamente tres padrenuestros, avemar\u00edas y glorias y tres salves con las jaculatorias<b><i>\u00abSea alabado y reverenciado en todo momento el Sant\u00edsimo y Divin\u00edsimo Sacramento del Altar<\/i><\/b>\u00bb y\u00a0<b>\u201cMar\u00eda Auxilio de los Cristianos ruega por nosotros\u201d,<\/b>\u00a0recibiendo adem\u00e1s la Santa Comuni\u00f3n ,\u201dfuente de todas las gracias\u201d, y haciendo alguna obra de caridad, especialmente en favor de los muchachos m\u00e1s pobres y abandonados.<\/p>\n<p style=\"font-weight: 400;\">Recomendaba adem\u00e1s Don Bosco: \u201c\u2026cuando alguien se encomiende a Mar\u00eda con una novena, tenga presentes estas tres cosas:<\/p>\n<p style=\"font-weight: 400;\">1.- No\u00a0\u00a0poner ninguna esperanza en los hombres: s\u00f3lo fe en Dios.<\/p>\n<p style=\"font-weight: 400;\">2:- La petici\u00f3n debe apoyarse totalmente en Jes\u00fas Sacramentado, fuente de gracia, de bondad y de bendici\u00f3n. Que se apoye tambi\u00e9n en el poder de Mar\u00eda, a la que Dios ha querido glorificar por sobre todas las criaturas de la tierra.<\/p>\n<p style=\"font-weight: 400;\">3.- Siempre en todo caso p\u00f3ngase la condici\u00f3n de que se cumpla la voluntad de Dios para el bien del alma de aquel por quien se ruega.\u201d<\/p>\n<p>[\/et_pb_tab][\/et_pb_tabs][\/et_pb_column][\/et_pb_row][et_pb_row _builder_version=\u00bb4.16&#8243; background_size=\u00bbinitial\u00bb background_position=\u00bbtop_left\u00bb background_repeat=\u00bbrepeat\u00bb global_colors_info=\u00bb{}\u00bb][et_pb_column type=\u00bb4_4&#8243; _builder_version=\u00bb4.16&#8243; custom_padding=\u00bb|||\u00bb global_colors_info=\u00bb{}\u00bb custom_padding__hover=\u00bb|||\u00bb][et_pb_tabs _builder_version=\u00bb4.16&#8243; tab_font=\u00bbAmatic SC|on|||\u00bb tab_font_size=\u00bb24&#8243; link_option_url=\u00bbhttps:\/\/redencionysalud.com\/?fbclid=IwAR0WseklLQk2JnuX5Fccx1EdTVdduGSlM8oCQKWTpFhDt86rvI_mjXfGT_c\u00bb global_colors_info=\u00bb{}\u00bb][et_pb_tab title=\u00bbReal Cofrad\u00eda de Penitencia y Hermandad Salesiana del Sant\u00edsimo Cristo de la Redenci\u00f3n y Nuestra Se\u00f1ora de la Salud\u00bb _builder_version=\u00bb4.16&#8243; body_font=\u00bb||||\u00bb tab_font=\u00bb||||\u00bb background_size=\u00bbinitial\u00bb background_position=\u00bbtop_left\u00bb background_repeat=\u00bbrepeat\u00bb global_colors_info=\u00bb{}\u00bb]<\/p>\n<h4 style=\"text-align: justify;\"><a href=\"https:\/\/www.facebook.com\/redencionysalud\/\" target=\"_blank\" rel=\"noopener noreferrer\"><img loading=\"lazy\" decoding=\"async\" class=\"wp-image-7211 alignright size-medium\" src=\"wp-content\/uploads\/sites\/5\/2018\/01\/redencion-200x300.jpg\" alt=\"\" width=\"121\" height=\"182\" srcset=\"https:\/\/granada.salesianos.edu\/iglesia\/wp-content\/uploads\/sites\/5\/2018\/01\/redencion-200x300.jpg 200w, https:\/\/granada.salesianos.edu\/iglesia\/wp-content\/uploads\/sites\/5\/2018\/01\/redencion-768x1154.jpg 768w, https:\/\/granada.salesianos.edu\/iglesia\/wp-content\/uploads\/sites\/5\/2018\/01\/redencion-682x1024.jpg 682w, https:\/\/granada.salesianos.edu\/iglesia\/wp-content\/uploads\/sites\/5\/2018\/01\/redencion.jpg 1065w\" sizes=\"(max-width: 121px) 100vw, 121px\" \/><img loading=\"lazy\" decoding=\"async\" class=\"wp-image-7215 alignright size-medium\" src=\"wp-content\/uploads\/sites\/5\/2018\/01\/salud-perfil-201x300.jpg\" alt=\"\" width=\"119\" height=\"178\" srcset=\"https:\/\/granada.salesianos.edu\/iglesia\/wp-content\/uploads\/sites\/5\/2018\/01\/salud-perfil-201x300.jpg 201w, https:\/\/granada.salesianos.edu\/iglesia\/wp-content\/uploads\/sites\/5\/2018\/01\/salud-perfil-768x1147.jpg 768w, https:\/\/granada.salesianos.edu\/iglesia\/wp-content\/uploads\/sites\/5\/2018\/01\/salud-perfil-685x1024.jpg 685w, https:\/\/granada.salesianos.edu\/iglesia\/wp-content\/uploads\/sites\/5\/2018\/01\/salud-perfil-1080x1613.jpg 1080w\" sizes=\"(max-width: 119px) 100vw, 119px\" \/><\/a><strong><span style=\"color: #3f3f3f;\"><a href=\"https:\/\/www.facebook.com\/redencionysalud\/\" target=\"_blank\" rel=\"noopener noreferrer\">La Cofrad\u00eda<\/a> fue fundada en 1983, teniendo su embri\u00f3n en un grupo de la Asociaci\u00f3n de Antiguos Alumnos Salesianos y, posteriormente, en la cuadrilla de Mar\u00eda Auxiliadora. Tiene su sede can\u00f3nica en nuestra Casa y en esta Iglesia de Mar\u00eda\u00a0Auxiliadora se veneran las im\u00e1genes de sus Titulares.<\/span><\/strong><\/h4>\n<p>&nbsp;<\/p>\n<h4 style=\"text-align: justify;\"><span style=\"color: #3f3f3f;\">Como Hermandad Salesiana, difunde el amor a Cristo Redentor y la devoci\u00f3n a la Sant\u00edsima Virgen, Nuestra Se\u00f1ora de la Salud. El Sant\u00edsimo Cristo preside el Presbiterio, junto al Sagario y a Mar\u00eda Auxiladora y Nuestra Se\u00f1ora de la Salud es venerada en su Capilla. La Estaci\u00f3n de Penitencia la realiza la Hermandad cada Jueves Santo desde este Templo.\u00a0<\/span><\/h4>\n<h4><strong><a href=\"https:\/\/redencionysalud.com\/?fbclid=IwAR0WseklLQk2JnuX5Fccx1EdTVdduGSlM8oCQKWTpFhDt86rvI_mjXfGT_c\" target=\"_blank\" rel=\"noopener noreferrer\" title=\"Redenci\u00f3n y Salud\"><span style=\"color: #3f3f3f;\">Mas informaci\u00f3n sobre la Cofrad\u00eda.<\/span><\/a><\/strong><\/h4>\n<h2><\/h2>\n<p>[\/et_pb_tab][\/et_pb_tabs][\/et_pb_column][\/et_pb_row][et_pb_row _builder_version=\u00bb4.16&#8243; background_size=\u00bbinitial\u00bb background_position=\u00bbtop_left\u00bb background_repeat=\u00bbrepeat\u00bb custom_margin=\u00bb30px|||\u00bb custom_padding=\u00bb30px||0px|\u00bb saved_tabs=\u00bball\u00bb locked=\u00bboff\u00bb global_colors_info=\u00bb{}\u00bb][et_pb_column type=\u00bb4_4&#8243; _builder_version=\u00bb4.16&#8243; custom_padding=\u00bb|||\u00bb global_colors_info=\u00bb{}\u00bb custom_padding__hover=\u00bb|||\u00bb][et_pb_text admin_label=\u00bbNoticias de la casa (Texto)\u00bb _builder_version=\u00bb4.16&#8243; text_font=\u00bbArial||||\u00bb text_text_color=\u00bb#636a70&#8243; text_font_size=\u00bb22&#8243; text_line_height=\u00bb1.6em\u00bb header_font=\u00bbArial||||\u00bb header_text_color=\u00bb#636a70&#8243; header_font_size=\u00bb46px\u00bb background_size=\u00bbinitial\u00bb background_position=\u00bbtop_left\u00bb background_repeat=\u00bbrepeat\u00bb custom_margin=\u00bb||25px|\u00bb custom_padding=\u00bb|||\u00bb saved_tabs=\u00bball\u00bb global_colors_info=\u00bb{}\u00bb]<\/p>\n<p class=\"\"><strong>Noticias de la Casa<\/strong><strong><img loading=\"lazy\" decoding=\"async\" class=\"wp-image-1598 alignleft\" src=\"https:\/\/alicante.salesianos.edu\/wp-content\/uploads\/2017\/03\/Captura-de-pantalla-2017-05-24-a-las-13.27.09.png\" alt=\"\" width=\"29\" height=\"30\" \/><\/strong><\/p>\n<p>[\/et_pb_text][et_pb_blog fullwidth=\u00bboff\u00bb posts_number=\u00bb3&#8243; include_categories=\u00bb1,22&#8243; meta_date=\u00bbj M, Y\u00bb show_more=\u00bbon\u00bb show_author=\u00bboff\u00bb show_categories=\u00bboff\u00bb show_comments=\u00bbon\u00bb show_pagination=\u00bboff\u00bb use_overlay=\u00bbon\u00bb overlay_icon_color=\u00bb#e02b20&#8243; disabled_on=\u00bboff|on|off\u00bb admin_label=\u00bbUltimas noticias (Blog)\u00bb _builder_version=\u00bb4.16&#8243; header_font=\u00bb|on|||\u00bb header_text_color=\u00bb#c9361c\u00bb header_font_size=\u00bb16&#8243; header_line_height=\u00bb1.2em\u00bb body_font=\u00bb||||\u00bb body_font_size=\u00bb12px\u00bb body_line_height=\u00bb1.5em\u00bb meta_font=\u00bb||on||\u00bb meta_font_size=\u00bb12&#8243; meta_line_height=\u00bb1.5em\u00bb body_font_size_last_edited=\u00bboff|\u00bb pagination_font_size_tablet=\u00bb51&#8243; pagination_line_height_tablet=\u00bb2&#8243; border_width_all=\u00bb0px\u00bb border_color_all_fullwidth=\u00bb#d8d8d8&#8243; box_shadow_style=\u00bbpreset1&#8243; box_shadow_vertical=\u00bb1px\u00bb box_shadow_blur=\u00bb5px\u00bb box_shadow_color=\u00bbrgba(0,0,0,.1)\u00bb use_border_color=\u00bbon\u00bb use_dropshadow=\u00bbon\u00bb saved_tabs=\u00bball\u00bb global_colors_info=\u00bb{}\u00bb][\/et_pb_blog][et_pb_button button_url=\u00bbhttps:\/\/granada.salesianos.edu\/noticias\u00bb button_text=\u00bbVer todas las noticias\u00bb button_alignment=\u00bbright\u00bb _builder_version=\u00bb4.16&#8243; custom_button=\u00bbon\u00bb button_text_size=\u00bb19px\u00bb button_text_color=\u00bb#dc001b\u00bb button_border_width=\u00bb1px\u00bb button_border_color=\u00bb#dc001b\u00bb button_border_radius=\u00bb100px\u00bb button_icon=\u00bb&#x35;||divi||400&#8243; background_layout=\u00bbdark\u00bb global_colors_info=\u00bb{}\u00bb button_text_size__hover_enabled=\u00bboff\u00bb button_one_text_size__hover_enabled=\u00bboff\u00bb button_two_text_size__hover_enabled=\u00bboff\u00bb button_text_color__hover_enabled=\u00bboff\u00bb button_one_text_color__hover_enabled=\u00bboff\u00bb button_two_text_color__hover_enabled=\u00bboff\u00bb button_border_width__hover_enabled=\u00bboff\u00bb button_one_border_width__hover_enabled=\u00bboff\u00bb button_two_border_width__hover_enabled=\u00bboff\u00bb button_border_color__hover_enabled=\u00bboff\u00bb button_one_border_color__hover_enabled=\u00bboff\u00bb button_two_border_color__hover_enabled=\u00bboff\u00bb button_border_radius__hover_enabled=\u00bboff\u00bb button_one_border_radius__hover_enabled=\u00bboff\u00bb button_two_border_radius__hover_enabled=\u00bboff\u00bb button_letter_spacing__hover_enabled=\u00bboff\u00bb button_one_letter_spacing__hover_enabled=\u00bboff\u00bb button_two_letter_spacing__hover_enabled=\u00bboff\u00bb button_bg_color__hover_enabled=\u00bboff\u00bb button_one_bg_color__hover_enabled=\u00bboff\u00bb button_two_bg_color__hover_enabled=\u00bboff\u00bb][\/et_pb_button][\/et_pb_column][\/et_pb_row][\/et_pb_section]<\/p>\n","protected":false},"excerpt":{"rendered":"<p>MAR\u00cdA AUXILIADORA MAR\u00cdA AUXILIADORA La devoci\u00f3n salesiana a Mar\u00eda Auxiliadora &nbsp; Podemos afirmar que Don Bosco ha sido uno de los santos que m\u00e1s grande devoci\u00f3n ha tenido a la Sant\u00edsima Virgen. Desde la educaci\u00f3n de su madre y el sue\u00f1o que a los 9 a\u00f1os marc\u00f3 su vida y su vocaci\u00f3n, su vida queda [&hellip;]<\/p>\n","protected":false},"author":3,"featured_media":0,"parent":0,"menu_order":0,"comment_status":"closed","ping_status":"closed","template":"","meta":{"_et_pb_use_builder":"on","_et_pb_old_content":"","_et_gb_content_width":"","footnotes":""},"class_list":["post-3653","page","type-page","status-publish","hentry"],"yoast_head":"<!-- This site is optimized with the Yoast SEO plugin v28.3 - https:\/\/yoast.com\/product\/yoast-seo-wordpress\/ -->\n<title>Inicio - Iglesia<\/title>\n<meta name=\"robots\" content=\"index, follow, max-snippet:-1, max-image-preview:large, max-video-preview:-1\" \/>\n<link rel=\"canonical\" href=\"https:\/\/granada.salesianos.edu\/iglesia\/\" \/>\n<meta property=\"og:locale\" content=\"es_ES\" \/>\n<meta property=\"og:type\" content=\"article\" \/>\n<meta property=\"og:title\" content=\"Inicio - Iglesia\" \/>\n<meta property=\"og:description\" content=\"MAR\u00cdA AUXILIADORA MAR\u00cdA AUXILIADORA La devoci\u00f3n salesiana a Mar\u00eda Auxiliadora &nbsp; Podemos afirmar que Don Bosco ha sido uno de los santos que m\u00e1s grande devoci\u00f3n ha tenido a la Sant\u00edsima Virgen. Desde la educaci\u00f3n de su madre y el sue\u00f1o que a los 9 a\u00f1os marc\u00f3 su vida y su vocaci\u00f3n, su vida queda [&hellip;]\" \/>\n<meta property=\"og:url\" content=\"https:\/\/granada.salesianos.edu\/iglesia\/\" \/>\n<meta property=\"og:site_name\" content=\"Iglesia\" \/>\n<meta property=\"article:modified_time\" content=\"2026-04-19T07:39:04+00:00\" \/>\n<meta property=\"og:image\" content=\"https:\/\/alicante.salesianos.edu\/wp-content\/uploads\/2017\/03\/Captura-de-pantalla-2017-05-24-a-las-13.27.09.png\" \/>\n<meta name=\"twitter:card\" content=\"summary_large_image\" \/>\n<meta name=\"twitter:label1\" content=\"Tiempo de lectura\" \/>\n\t<meta name=\"twitter:data1\" content=\"7 minutos\" \/>\n<script type=\"application\/ld+json\" class=\"yoast-schema-graph\">{\"@context\":\"https:\\\/\\\/schema.org\",\"@graph\":[{\"@type\":\"WebPage\",\"@id\":\"https:\\\/\\\/granada.salesianos.edu\\\/iglesia\\\/\",\"url\":\"https:\\\/\\\/granada.salesianos.edu\\\/iglesia\\\/\",\"name\":\"Inicio - Iglesia\",\"isPartOf\":{\"@id\":\"https:\\\/\\\/granada.salesianos.edu\\\/iglesia\\\/#website\"},\"primaryImageOfPage\":{\"@id\":\"https:\\\/\\\/granada.salesianos.edu\\\/iglesia\\\/#primaryimage\"},\"image\":{\"@id\":\"https:\\\/\\\/granada.salesianos.edu\\\/iglesia\\\/#primaryimage\"},\"thumbnailUrl\":\"https:\\\/\\\/alicante.salesianos.edu\\\/wp-content\\\/uploads\\\/2017\\\/03\\\/Captura-de-pantalla-2017-05-24-a-las-13.27.09.png\",\"datePublished\":\"2017-10-02T11:51:42+00:00\",\"dateModified\":\"2026-04-19T07:39:04+00:00\",\"breadcrumb\":{\"@id\":\"https:\\\/\\\/granada.salesianos.edu\\\/iglesia\\\/#breadcrumb\"},\"inLanguage\":\"es\",\"potentialAction\":[{\"@type\":\"ReadAction\",\"target\":[\"https:\\\/\\\/granada.salesianos.edu\\\/iglesia\\\/\"]}]},{\"@type\":\"ImageObject\",\"inLanguage\":\"es\",\"@id\":\"https:\\\/\\\/granada.salesianos.edu\\\/iglesia\\\/#primaryimage\",\"url\":\"https:\\\/\\\/alicante.salesianos.edu\\\/wp-content\\\/uploads\\\/2017\\\/03\\\/Captura-de-pantalla-2017-05-24-a-las-13.27.09.png\",\"contentUrl\":\"https:\\\/\\\/alicante.salesianos.edu\\\/wp-content\\\/uploads\\\/2017\\\/03\\\/Captura-de-pantalla-2017-05-24-a-las-13.27.09.png\"},{\"@type\":\"BreadcrumbList\",\"@id\":\"https:\\\/\\\/granada.salesianos.edu\\\/iglesia\\\/#breadcrumb\",\"itemListElement\":[{\"@type\":\"ListItem\",\"position\":1,\"name\":\"Portada\",\"item\":\"https:\\\/\\\/granada.salesianos.edu\\\/iglesia\\\/\"},{\"@type\":\"ListItem\",\"position\":2,\"name\":\"Inicio\"}]},{\"@type\":\"WebSite\",\"@id\":\"https:\\\/\\\/granada.salesianos.edu\\\/iglesia\\\/#website\",\"url\":\"https:\\\/\\\/granada.salesianos.edu\\\/iglesia\\\/\",\"name\":\"Iglesia\",\"description\":\"P\u00e1gina oficial de Salesianos Granada San Juan Bosco\",\"potentialAction\":[{\"@type\":\"SearchAction\",\"target\":{\"@type\":\"EntryPoint\",\"urlTemplate\":\"https:\\\/\\\/granada.salesianos.edu\\\/iglesia\\\/?s={search_term_string}\"},\"query-input\":{\"@type\":\"PropertyValueSpecification\",\"valueRequired\":true,\"valueName\":\"search_term_string\"}}],\"inLanguage\":\"es\"}]}<\/script>\n<!-- \/ Yoast SEO plugin. -->","yoast_head_json":{"title":"Inicio - Iglesia","robots":{"index":"index","follow":"follow","max-snippet":"max-snippet:-1","max-image-preview":"max-image-preview:large","max-video-preview":"max-video-preview:-1"},"canonical":"https:\/\/granada.salesianos.edu\/iglesia\/","og_locale":"es_ES","og_type":"article","og_title":"Inicio - Iglesia","og_description":"MAR\u00cdA AUXILIADORA MAR\u00cdA AUXILIADORA La devoci\u00f3n salesiana a Mar\u00eda Auxiliadora &nbsp; Podemos afirmar que Don Bosco ha sido uno de los santos que m\u00e1s grande devoci\u00f3n ha tenido a la Sant\u00edsima Virgen. Desde la educaci\u00f3n de su madre y el sue\u00f1o que a los 9 a\u00f1os marc\u00f3 su vida y su vocaci\u00f3n, su vida queda [&hellip;]","og_url":"https:\/\/granada.salesianos.edu\/iglesia\/","og_site_name":"Iglesia","article_modified_time":"2026-04-19T07:39:04+00:00","og_image":[{"url":"https:\/\/alicante.salesianos.edu\/wp-content\/uploads\/2017\/03\/Captura-de-pantalla-2017-05-24-a-las-13.27.09.png","type":"","width":"","height":""}],"twitter_card":"summary_large_image","twitter_misc":{"Tiempo de lectura":"7 minutos"},"schema":{"@context":"https:\/\/schema.org","@graph":[{"@type":"WebPage","@id":"https:\/\/granada.salesianos.edu\/iglesia\/","url":"https:\/\/granada.salesianos.edu\/iglesia\/","name":"Inicio - Iglesia","isPartOf":{"@id":"https:\/\/granada.salesianos.edu\/iglesia\/#website"},"primaryImageOfPage":{"@id":"https:\/\/granada.salesianos.edu\/iglesia\/#primaryimage"},"image":{"@id":"https:\/\/granada.salesianos.edu\/iglesia\/#primaryimage"},"thumbnailUrl":"https:\/\/alicante.salesianos.edu\/wp-content\/uploads\/2017\/03\/Captura-de-pantalla-2017-05-24-a-las-13.27.09.png","datePublished":"2017-10-02T11:51:42+00:00","dateModified":"2026-04-19T07:39:04+00:00","breadcrumb":{"@id":"https:\/\/granada.salesianos.edu\/iglesia\/#breadcrumb"},"inLanguage":"es","potentialAction":[{"@type":"ReadAction","target":["https:\/\/granada.salesianos.edu\/iglesia\/"]}]},{"@type":"ImageObject","inLanguage":"es","@id":"https:\/\/granada.salesianos.edu\/iglesia\/#primaryimage","url":"https:\/\/alicante.salesianos.edu\/wp-content\/uploads\/2017\/03\/Captura-de-pantalla-2017-05-24-a-las-13.27.09.png","contentUrl":"https:\/\/alicante.salesianos.edu\/wp-content\/uploads\/2017\/03\/Captura-de-pantalla-2017-05-24-a-las-13.27.09.png"},{"@type":"BreadcrumbList","@id":"https:\/\/granada.salesianos.edu\/iglesia\/#breadcrumb","itemListElement":[{"@type":"ListItem","position":1,"name":"Portada","item":"https:\/\/granada.salesianos.edu\/iglesia\/"},{"@type":"ListItem","position":2,"name":"Inicio"}]},{"@type":"WebSite","@id":"https:\/\/granada.salesianos.edu\/iglesia\/#website","url":"https:\/\/granada.salesianos.edu\/iglesia\/","name":"Iglesia","description":"P\u00e1gina oficial de Salesianos Granada San Juan Bosco","potentialAction":[{"@type":"SearchAction","target":{"@type":"EntryPoint","urlTemplate":"https:\/\/granada.salesianos.edu\/iglesia\/?s={search_term_string}"},"query-input":{"@type":"PropertyValueSpecification","valueRequired":true,"valueName":"search_term_string"}}],"inLanguage":"es"}]}},"_links":{"self":[{"href":"https:\/\/granada.salesianos.edu\/iglesia\/wp-json\/wp\/v2\/pages\/3653","targetHints":{"allow":["GET"]}}],"collection":[{"href":"https:\/\/granada.salesianos.edu\/iglesia\/wp-json\/wp\/v2\/pages"}],"about":[{"href":"https:\/\/granada.salesianos.edu\/iglesia\/wp-json\/wp\/v2\/types\/page"}],"author":[{"embeddable":true,"href":"https:\/\/granada.salesianos.edu\/iglesia\/wp-json\/wp\/v2\/users\/3"}],"replies":[{"embeddable":true,"href":"https:\/\/granada.salesianos.edu\/iglesia\/wp-json\/wp\/v2\/comments?post=3653"}],"version-history":[{"count":144,"href":"https:\/\/granada.salesianos.edu\/iglesia\/wp-json\/wp\/v2\/pages\/3653\/revisions"}],"predecessor-version":[{"id":7381,"href":"https:\/\/granada.salesianos.edu\/iglesia\/wp-json\/wp\/v2\/pages\/3653\/revisions\/7381"}],"wp:attachment":[{"href":"https:\/\/granada.salesianos.edu\/iglesia\/wp-json\/wp\/v2\/media?parent=3653"}],"curies":[{"name":"wp","href":"https:\/\/api.w.org\/{rel}","templated":true}]}}